{"id":681831,"date":"2026-04-25T16:43:05","date_gmt":"2026-04-25T14:43:05","guid":{"rendered":"https:\/\/kohenavocats.com\/jurisprudences\/tribunal-darrondissement-9-juillet-2021-n-2021-02684\/"},"modified":"2026-04-25T16:43:09","modified_gmt":"2026-04-25T14:43:09","slug":"tribunal-darrondissement-9-juillet-2021-n-2021-02684","status":"publish","type":"kji_decision","link":"https:\/\/kohenavocats.com\/ru\/jurisprudences\/tribunal-darrondissement-9-juillet-2021-n-2021-02684\/","title":{"rendered":"Tribunal d&#8217;arrondissement, 9 juillet 2021, n\u00b0 2021-02684"},"content":{"rendered":"<div class=\"kji-decision\">\n<div class=\"kji-full-text\">\n<p>No. r\u00f4le:TAL-2021-02684 No.2025TALREFO\/00365 du 9 juillet 2021 Audience publique extraordinaire des r\u00e9f\u00e9r\u00e9s du vendredi, 9 juillet 2021, tenue par Nous Fr\u00e9d\u00e9ric MERSCH, Vice-Pr\u00e9sident au Tribunald&#039;arrondissement de et \u00e0 Luxembourg, si\u00e9geant comme juge des r\u00e9f\u00e9r\u00e9s, en remplacement de Monsieur le Pr\u00e9sident du Tribunal d&#039;arrondissement de et \u00e0 Luxembourg, assist\u00e9 du greffier Lo\u00efc PAVANT. DANS LA CAUSE E N T R E PERSONNE1.)veuve(&#8230;), demeurant \u00e0 L-ADRESSE1.), \u00e9lisant domicile en l&#039;\u00e9tude de Ma\u00eetre Jean KAUFFMAN, avocat, demeurant \u00e0 Luxembourg, partie demanderessecomparant par Ma\u00eetreBenjamin ECHTER, avocat, en remplacement de Ma\u00eetreJean KAUFFMAN, avocat, les deux demeurant \u00e0Luxembourg, E T 1)la soci\u00e9t\u00e9 anonymeSOCIETE1.)S.A., \u00e9tablie et ayant son si\u00e8ge social \u00e0 L- ADRESSE2.), inscrite au registre de commerce et des soci\u00e9t\u00e9s de Luxembourg sous le num\u00e9roNUMERO1.), repr\u00e9sent\u00e9e par son conseil d\u2019administration actuellement en fonctions, 2)la soci\u00e9t\u00e9 \u00e0 responsabilit\u00e9 limit\u00e9eSOCIETE2.)S.\u00e0r.l., \u00e9tablie et ayant son si\u00e8ge social \u00e0 L-ADRESSE3.), inscrite au registre de commerce et des soci\u00e9t\u00e9s de Luxembourg sous le num\u00e9roNUMERO2.), repr\u00e9sent\u00e9e par son (ses) g\u00e9rant(s) actuellement en fonctions, 3)la soci\u00e9t\u00e9 anonymeSOCIETE3.)S.A., \u00e9tablie et ayant son si\u00e8ge social \u00e0 L- ADRESSE4.), inscrite au registre de commerce et des soci\u00e9t\u00e9s de Luxembourg sous le num\u00e9roNUMERO3.), repr\u00e9sent\u00e9e par son conseil d\u2019administration actuellement en fonctions,<\/p>\n<p>partie d\u00e9fenderesse sub1)comparant par Ma\u00eetre Julie SIMON, avocat, en remplacement de Ma\u00eetreMarianne GOEBEL, avocat, les deux demeurant \u00e0 Luxembourg, partie d\u00e9fenderesse sub2)comparant par Ma\u00eetreJessica PACHECO, avocat, en remplacement de Ma\u00eetre Ars\u00e8ne KRONSHAGEN, avocat, les deux demeurant \u00e0 Luxembourg, partie d\u00e9fenderesse sub3)comparant par Ma\u00eetre Alice SYMONDS, avocat, en remplacement de Ma\u00eetre Charles MULLER, avocat, les deux demeurant \u00e0 Luxembourg, F A I T S :<\/p>\n<p>A l&#039;appel de la cause \u00e0 l&#039;audience publique ordinaire des r\u00e9f\u00e9r\u00e9s du lundiapr\u00e8s-midi, 14 juin 2021,Ma\u00eetre Benjamin ECHTERdonna lecture de l\u2019assignation ci-avant transcrite et exposa ses moyens. Ma\u00eetreJulie SIMON,Ma\u00eetre Jessica PACHECOetMa\u00eetreAlice SYMONDSr\u00e9pliqu\u00e8rent. Sur ce le juge des r\u00e9f\u00e9r\u00e9s prit l&#039;affaire en d\u00e9lib\u00e9r\u00e9 et rendit \u00e0 l&#039;audience publique extraordinaire des r\u00e9f\u00e9r\u00e9s de ce jour l&#039; O R D O N N A N C E qui suit: Par exploit d\u2019huissier des 15 et 16 mars 2021PERSONNE1.)a fait assigner la soci\u00e9t\u00e9 anonyme SOCIETE1.)S.A., la soci\u00e9t\u00e9 \u00e0 responsabilit\u00e9 limit\u00e9eSOCIETE2.)SARL etla soci\u00e9t\u00e9 anonyme SOCIETE3.)S.A.pour voir ordonner une mesure d\u2019instruction portant sur de pr\u00e9tendus probl\u00e8mes de refoulement d\u2019eau affectant depuis fin 2020 respectivement 2021 cinq maisons d\u2019habitation enbandesises\u00e0ADRESSE5.)etconstruites par les parties d\u00e9fenderesses sub 1 et 2 pour le compte de la demanderesse. Contrairement aux conclusions de la soci\u00e9t\u00e9SOCIETE2.)SARL,PERSONNE1.)a suffisamment pr\u00e9cis\u00e9 la cause de sa demande en faisant \u00e9tat de probl\u00e8mes de refoulement d\u2019eau qui se manifestent dans les immeubles pr\u00e9d\u00e9crits ; ayant, par ailleurs, clairement indiqu\u00e9 l\u2019objet de sa demande , en l\u2019occurrence l\u2019institution d\u2019une expertise, celle-ci est \u00e0 consid\u00e9rer comme valablement introduite au regard des prescriptions de l\u2019article 154 du NCPC et partant \u00e0 d\u00e9clarer recevable sous ce rapport . Au vu des \u00e9l\u00e9ments du dossierPERSONNE1.)justifie d\u2019un int\u00e9r\u00eat probatoire l\u00e9gitime au sens de l\u2019article 350 du NCPC de sorte qu\u2019il y a lieu de faire droit \u00e0 sa demande sur base de cet article , demande \u00e0 laquelle les soci\u00e9t\u00e9sSOCIETE1.)S.A. etSOCIETE3.)S.A. ne se sont d\u2019ailleurs pas autrement oppos\u00e9es . Il y a partant lieu de nommer un homme de l\u2019art avec la mission telleque libell\u00e9e au dispositif de la pr\u00e9sente ordonnance. Acte est donn\u00e9 \u00e0la soci\u00e9t\u00e9 anonymeSOCIETE1.)S.A., la soci\u00e9t\u00e9 \u00e0 responsabilit\u00e9 limit\u00e9e SOCIETE2.)SARL et la soci\u00e9t\u00e9 anonymeSOCIETE3.)S.A.de cequ\u2019elles assisteront aux op\u00e9rations d\u2019expertise \u00e0 intervenir sous toutes r\u00e9serveset sans reconnaissance de responsabilit\u00e9 pr\u00e9judiciable dans leurs chefs. P A R C E S M O T I F S Nous Fr\u00e9d\u00e9ric MERSCH, Vice-Pr\u00e9sident au Tribunal d\u2019arrondissement de et \u00e0 Luxembourg, si\u00e9geant comme juge des r\u00e9f\u00e9r\u00e9s, en remplacement du Pr\u00e9sident du Tribunal d\u2019arrondissement de et \u00e0 Luxembourg, statuantcontradictoirement;<\/p>\n<p>auprincipal renvoyons les parties \u00e0 se pourvoir devant qui de droit, mais d\u00e8s \u00e0 pr\u00e9sent et par provision ; vu l\u2019article 350 du Nouveau Code de Proc\u00e9dure Civile; ordonnons une expertise et commettons pour y proc\u00e9der l\u2019expertMatthieu ZEIMET, demeurant \u00e0L-1941 LUXEMBOURG ,359, route de Longwy; avec la mission de concilier les parties si faire se peut sinon dans un rapport \u00e9crit d\u00e9taill\u00e9 et motiv\u00e9 de : 1.se prononcer sur la situation actuelle avec les non-conformit\u00e9s, d\u00e9sordres, malfa\u00e7ons et inach\u00e8vement affectant la canalisation des 5 maisons situ\u00e9es \u00e0 L-ADRESSE5.), et leur raccordement avec un syst\u00e8me s\u00e9paratif aux r\u00e9seaux publicsl, 2.se prononcer sur les causes et origines des non-conformit\u00e9s, d\u00e9sordres, malfa\u00e7ons et inach\u00e8vement affectant la canalisation des 5 maisons situ\u00e9es \u00e0 L-ADRESSE5.), notamment par rapport au probl\u00e8me de refoulement d\u2019eau, 3.v\u00e9rifier si la canalisation a \u00e9t\u00e9 install\u00e9e de telle fa\u00e7on de pr\u00e9voir un syst\u00e8me s\u00e9par\u00e9 pour les eaux us\u00e9es et des eaux pluviales, 4.proposer les moyens pour rem\u00e9dier aux non-conformit\u00e9s, d\u00e9sordres, malfa\u00e7ons et inach\u00e8vement existants respectivement \u00e0 venir et se prononcer sur le co\u00fbt de la remise en \u00e9tat; disonsque l&#039;expert pourra s&#039;entourer de tous renseignements utiles \u00e0 l&#039;accomplissement de la mission lui confi\u00e9e et entendre m\u00eame des tierces personnes; disons qu\u2019en cas de difficult\u00e9 d\u2019ex\u00e9cution de la mission d\u2019expertise, il Nous en sera fait rapport; ordonnons\u00e0 la partie demanderessede payer \u00e0 l&#039;expert la somme de2.000 eurosau plus tard le9 ao\u00fbt 2021\u00e0 titre de provision \u00e0 faire valoir sur la r\u00e9mun\u00e9ration del&#039;expertou \u00e0 un \u00e9tablissement de cr\u00e9dit \u00e0 convenir entre parties au litige, et d&#039;en justifier au greffe du tribunal; disons que si ses honoraires devaient d\u00e9passer le montant de la provision vers\u00e9e,l&#039;expertdevra Nous en avertir; disons qu\u2019en cas d\u2019emp\u00eachement de l\u2019expert commis, il sera proc\u00e9d\u00e9 \u00e0 son remplacement par simple ordonnance prise en Notre cabinet; disons que l&#039;expert devra d\u00e9poser son rapport au greffe du tribunal le9 mars 2022au plus tard; donnons acteaux parties d\u00e9fenderesses qu\u2019elles assisterontaux op\u00e9rations d\u2019expertise sous toutes r\u00e9serves et sans reconnaissance de responsabilit\u00e9 pr\u00e9judiciable dansleurs chefs; ordonnons l&#039;ex\u00e9cution provisoire de la pr\u00e9sente ordonnance nonobstant appel et sans caution ; r\u00e9servonsles droits des parties et les d\u00e9pens, ainsi que les frais d\u2019instance.<\/p>\n<\/div>\n<hr class=\"kji-sep\" \/>\n<p class=\"kji-source-links\"><strong>Sources officielles :<\/strong> <a class=\"kji-source-link\" href=\"https:\/\/data.public.lu\/fr\/datasets\/tribunal-darrondissement-luxembourg-refere\/\" target=\"_blank\" rel=\"noopener noreferrer\">consulter la page source<\/a> &middot; <a class=\"kji-pdf-link\" href=\"https:\/\/download.data.public.lu\/resources\/tribunal-darrondissement-luxembourg-refere\/20250602-011533\/20210709-talref-tal-2021-02684-pseudonymise-accessible.pdf\" target=\"_blank\" rel=\"noopener noreferrer\">PDF officiel<\/a><\/p>\n<p class=\"kji-license-note\"><em>Licence CC BY-ND 4.0 (Administration judiciaire, data.public.lu). Republication autorisee avec attribution, sans modification editoriale du texte integral.<\/em><\/p>\n<\/div>\n","protected":false},"excerpt":{"rendered":"<p>No. r\u00f4le:TAL-2021-02684 No.2025TALREFO\/00365 du 9 juillet 2021 Audience publique extraordinaire des r\u00e9f\u00e9r\u00e9s du vendredi, 9 juillet 2021, tenue par Nous Fr\u00e9d\u00e9ric MERSCH, Vice-Pr\u00e9sident au Tribunald&#8217;arrondissement de et \u00e0 Luxembourg, si\u00e9geant comme juge des r\u00e9f\u00e9r\u00e9s, en remplacement de Monsieur le Pr\u00e9sident du Tribunal d&#8217;arrondissement de et\u2026<\/p>\n","protected":false},"featured_media":0,"template":"","meta":{"_crdt_document":""},"kji_country":[8418],"kji_court":[23583],"kji_chamber":[18768],"kji_year":[36297],"kji_subject":[7646],"kji_keyword":[23584,8600,7636],"kji_language":[7733],"class_list":["post-681831","kji_decision","type-kji_decision","status-publish","hentry","kji_country-luxembourg","kji_court-tribunal-darrondissement","kji_chamber-refere","kji_year-36297","kji_subject-divers","kji_keyword-arrondissement","kji_keyword-juillet","kji_keyword-tribunal","kji_language-francais"],"yoast_head":"<!-- This site is optimized with the Yoast SEO Premium plugin v27.5 (Yoast SEO v27.5) - https:\/\/yoast.com\/product\/yoast-seo-premium-wordpress\/ -->\n<title>Tribunal d&#039;arrondissement, 9 juillet 2021, n\u00b0 2021-02684 - Ma\u00eetre Hassan Kohen, avocat en droit p\u00e9nal \u00e0 Paris<\/title>\n<meta name=\"robots\" content=\"index, follow, max-snippet:-1, max-image-preview:large, max-video-preview:-1\" \/>\n<link rel=\"canonical\" href=\"https:\/\/kohenavocats.com\/ru\/jurisprudences\/tribunal-darrondissement-9-juillet-2021-n-2021-02684\/\" \/>\n<meta property=\"og:locale\" content=\"ru_RU\" \/>\n<meta property=\"og:type\" content=\"article\" \/>\n<meta property=\"og:title\" content=\"Tribunal d&#039;arrondissement, 9 juillet 2021, n\u00b0 2021-02684\" \/>\n<meta property=\"og:description\" content=\"No. r\u00f4le:TAL-2021-02684 No.2025TALREFO\/00365 du 9 juillet 2021 Audience publique extraordinaire des r\u00e9f\u00e9r\u00e9s du vendredi, 9 juillet 2021, tenue par Nous Fr\u00e9d\u00e9ric MERSCH, Vice-Pr\u00e9sident au Tribunald&#039;arrondissement de et \u00e0 Luxembourg, si\u00e9geant comme juge des r\u00e9f\u00e9r\u00e9s, en remplacement de Monsieur le Pr\u00e9sident du Tribunal d&#039;arrondissement de et\u2026\" \/>\n<meta property=\"og:url\" content=\"https:\/\/kohenavocats.com\/ru\/jurisprudences\/tribunal-darrondissement-9-juillet-2021-n-2021-02684\/\" \/>\n<meta property=\"og:site_name\" content=\"Ma\u00eetre Hassan Kohen, avocat en droit p\u00e9nal \u00e0 Paris\" \/>\n<meta property=\"article:modified_time\" content=\"2026-04-25T14:43:09+00:00\" \/>\n<meta name=\"twitter:card\" content=\"summary_large_image\" \/>\n<meta name=\"twitter:label1\" content=\"\u041f\u0440\u0438\u043c\u0435\u0440\u043d\u043e\u0435 \u0432\u0440\u0435\u043c\u044f \u0434\u043b\u044f \u0447\u0442\u0435\u043d\u0438\u044f\" \/>\n\t<meta name=\"twitter:data1\" content=\"6 \u043c\u0438\u043d\u0443\u0442\" \/>\n<script type=\"application\/ld+json\" class=\"yoast-schema-graph\">{\"@context\":\"https:\\\/\\\/schema.org\",\"@graph\":[{\"@type\":\"WebPage\",\"@id\":\"https:\\\/\\\/kohenavocats.com\\\/ru\\\/jurisprudences\\\/tribunal-darrondissement-9-juillet-2021-n-2021-02684\\\/\",\"url\":\"https:\\\/\\\/kohenavocats.com\\\/ru\\\/jurisprudences\\\/tribunal-darrondissement-9-juillet-2021-n-2021-02684\\\/\",\"name\":\"Tribunal d'arrondissement, 9 juillet 2021, n\u00b0 2021-02684 - Ma\u00eetre Hassan Kohen, avocat en droit p\u00e9nal \u00e0 Paris\",\"isPartOf\":{\"@id\":\"https:\\\/\\\/kohenavocats.com\\\/ru\\\/#website\"},\"datePublished\":\"2026-04-25T14:43:05+00:00\",\"dateModified\":\"2026-04-25T14:43:09+00:00\",\"breadcrumb\":{\"@id\":\"https:\\\/\\\/kohenavocats.com\\\/ru\\\/jurisprudences\\\/tribunal-darrondissement-9-juillet-2021-n-2021-02684\\\/#breadcrumb\"},\"inLanguage\":\"ru-RU\",\"potentialAction\":[{\"@type\":\"ReadAction\",\"target\":[\"https:\\\/\\\/kohenavocats.com\\\/ru\\\/jurisprudences\\\/tribunal-darrondissement-9-juillet-2021-n-2021-02684\\\/\"]}]},{\"@type\":\"BreadcrumbList\",\"@id\":\"https:\\\/\\\/kohenavocats.com\\\/ru\\\/jurisprudences\\\/tribunal-darrondissement-9-juillet-2021-n-2021-02684\\\/#breadcrumb\",\"itemListElement\":[{\"@type\":\"ListItem\",\"position\":1,\"name\":\"Home\",\"item\":\"https:\\\/\\\/kohenavocats.com\\\/ru\\\/avocats-en-droit-penal-a-paris-conseil-et-defense-strategique\\\/\"},{\"@type\":\"ListItem\",\"position\":2,\"name\":\"Jurisprudences\",\"item\":\"https:\\\/\\\/kohenavocats.com\\\/ru\\\/jurisprudences\\\/\"},{\"@type\":\"ListItem\",\"position\":3,\"name\":\"Tribunal d&rsquo;arrondissement, 9 juillet 2021, n\u00b0 2021-02684\"}]},{\"@type\":\"WebSite\",\"@id\":\"https:\\\/\\\/kohenavocats.com\\\/ru\\\/#website\",\"url\":\"https:\\\/\\\/kohenavocats.com\\\/ru\\\/\",\"name\":\"Kohen Avocats\",\"description\":\"Ma\u00eetre Hassan Kohen, avocat p\u00e9naliste \u00e0 Paris, intervient exclusivement en droit p\u00e9nal pour la d\u00e9fense des particuliers, notamment en mati\u00e8re d\u2019accusations de viol. Il assure un accompagnement rigoureux d\u00e8s la garde \u00e0 vue jusqu\u2019\u00e0 la Cour d\u2019assises, veillant au strict respect des garanties proc\u00e9durales.\",\"publisher\":{\"@id\":\"https:\\\/\\\/kohenavocats.com\\\/ru\\\/#organization\"},\"potentialAction\":[{\"@type\":\"SearchAction\",\"target\":{\"@type\":\"EntryPoint\",\"urlTemplate\":\"https:\\\/\\\/kohenavocats.com\\\/ru\\\/?s={search_term_string}\"},\"query-input\":{\"@type\":\"PropertyValueSpecification\",\"valueRequired\":true,\"valueName\":\"search_term_string\"}}],\"inLanguage\":\"ru-RU\"},{\"@type\":\"Organization\",\"@id\":\"https:\\\/\\\/kohenavocats.com\\\/ru\\\/#organization\",\"name\":\"Kohen Avocats\",\"url\":\"https:\\\/\\\/kohenavocats.com\\\/ru\\\/\",\"logo\":{\"@type\":\"ImageObject\",\"inLanguage\":\"ru-RU\",\"@id\":\"https:\\\/\\\/kohenavocats.com\\\/ru\\\/#\\\/schema\\\/logo\\\/image\\\/\",\"url\":\"https:\\\/\\\/kohenavocats.com\\\/wp-content\\\/uploads\\\/2026\\\/01\\\/Logo-2-1.webp\",\"contentUrl\":\"https:\\\/\\\/kohenavocats.com\\\/wp-content\\\/uploads\\\/2026\\\/01\\\/Logo-2-1.webp\",\"width\":2114,\"height\":1253,\"caption\":\"Kohen Avocats\"},\"image\":{\"@id\":\"https:\\\/\\\/kohenavocats.com\\\/ru\\\/#\\\/schema\\\/logo\\\/image\\\/\"}}]}<\/script>\n<!-- \/ Yoast SEO Premium plugin. -->","yoast_head_json":{"title":"Tribunal d'arrondissement, 9 juillet 2021, n\u00b0 2021-02684 - Ma\u00eetre Hassan Kohen, avocat en droit p\u00e9nal \u00e0 Paris","robots":{"index":"index","follow":"follow","max-snippet":"max-snippet:-1","max-image-preview":"max-image-preview:large","max-video-preview":"max-video-preview:-1"},"canonical":"https:\/\/kohenavocats.com\/ru\/jurisprudences\/tribunal-darrondissement-9-juillet-2021-n-2021-02684\/","og_locale":"ru_RU","og_type":"article","og_title":"Tribunal d'arrondissement, 9 juillet 2021, n\u00b0 2021-02684","og_description":"No. r\u00f4le:TAL-2021-02684 No.2025TALREFO\/00365 du 9 juillet 2021 Audience publique extraordinaire des r\u00e9f\u00e9r\u00e9s du vendredi, 9 juillet 2021, tenue par Nous Fr\u00e9d\u00e9ric MERSCH, Vice-Pr\u00e9sident au Tribunald'arrondissement de et \u00e0 Luxembourg, si\u00e9geant comme juge des r\u00e9f\u00e9r\u00e9s, en remplacement de Monsieur le Pr\u00e9sident du Tribunal d'arrondissement de et\u2026","og_url":"https:\/\/kohenavocats.com\/ru\/jurisprudences\/tribunal-darrondissement-9-juillet-2021-n-2021-02684\/","og_site_name":"Ma\u00eetre Hassan Kohen, avocat en droit p\u00e9nal \u00e0 Paris","article_modified_time":"2026-04-25T14:43:09+00:00","twitter_card":"summary_large_image","twitter_misc":{"\u041f\u0440\u0438\u043c\u0435\u0440\u043d\u043e\u0435 \u0432\u0440\u0435\u043c\u044f \u0434\u043b\u044f \u0447\u0442\u0435\u043d\u0438\u044f":"6 \u043c\u0438\u043d\u0443\u0442"},"schema":{"@context":"https:\/\/schema.org","@graph":[{"@type":"WebPage","@id":"https:\/\/kohenavocats.com\/ru\/jurisprudences\/tribunal-darrondissement-9-juillet-2021-n-2021-02684\/","url":"https:\/\/kohenavocats.com\/ru\/jurisprudences\/tribunal-darrondissement-9-juillet-2021-n-2021-02684\/","name":"Tribunal d'arrondissement, 9 juillet 2021, n\u00b0 2021-02684 - Ma\u00eetre Hassan Kohen, avocat en droit p\u00e9nal \u00e0 Paris","isPartOf":{"@id":"https:\/\/kohenavocats.com\/ru\/#website"},"datePublished":"2026-04-25T14:43:05+00:00","dateModified":"2026-04-25T14:43:09+00:00","breadcrumb":{"@id":"https:\/\/kohenavocats.com\/ru\/jurisprudences\/tribunal-darrondissement-9-juillet-2021-n-2021-02684\/#breadcrumb"},"inLanguage":"ru-RU","potentialAction":[{"@type":"ReadAction","target":["https:\/\/kohenavocats.com\/ru\/jurisprudences\/tribunal-darrondissement-9-juillet-2021-n-2021-02684\/"]}]},{"@type":"BreadcrumbList","@id":"https:\/\/kohenavocats.com\/ru\/jurisprudences\/tribunal-darrondissement-9-juillet-2021-n-2021-02684\/#breadcrumb","itemListElement":[{"@type":"ListItem","position":1,"name":"Home","item":"https:\/\/kohenavocats.com\/ru\/avocats-en-droit-penal-a-paris-conseil-et-defense-strategique\/"},{"@type":"ListItem","position":2,"name":"Jurisprudences","item":"https:\/\/kohenavocats.com\/ru\/jurisprudences\/"},{"@type":"ListItem","position":3,"name":"Tribunal d&rsquo;arrondissement, 9 juillet 2021, n\u00b0 2021-02684"}]},{"@type":"WebSite","@id":"https:\/\/kohenavocats.com\/ru\/#website","url":"https:\/\/kohenavocats.com\/ru\/","name":"Kohen Avocats","description":"Ma\u00eetre Hassan Kohen, avocat p\u00e9naliste \u00e0 Paris, intervient exclusivement en droit p\u00e9nal pour la d\u00e9fense des particuliers, notamment en mati\u00e8re d\u2019accusations de viol. Il assure un accompagnement rigoureux d\u00e8s la garde \u00e0 vue jusqu\u2019\u00e0 la Cour d\u2019assises, veillant au strict respect des garanties proc\u00e9durales.","publisher":{"@id":"https:\/\/kohenavocats.com\/ru\/#organization"},"potentialAction":[{"@type":"SearchAction","target":{"@type":"EntryPoint","urlTemplate":"https:\/\/kohenavocats.com\/ru\/?s={search_term_string}"},"query-input":{"@type":"PropertyValueSpecification","valueRequired":true,"valueName":"search_term_string"}}],"inLanguage":"ru-RU"},{"@type":"Organization","@id":"https:\/\/kohenavocats.com\/ru\/#organization","name":"Kohen Avocats","url":"https:\/\/kohenavocats.com\/ru\/","logo":{"@type":"ImageObject","inLanguage":"ru-RU","@id":"https:\/\/kohenavocats.com\/ru\/#\/schema\/logo\/image\/","url":"https:\/\/kohenavocats.com\/wp-content\/uploads\/2026\/01\/Logo-2-1.webp","contentUrl":"https:\/\/kohenavocats.com\/wp-content\/uploads\/2026\/01\/Logo-2-1.webp","width":2114,"height":1253,"caption":"Kohen Avocats"},"image":{"@id":"https:\/\/kohenavocats.com\/ru\/#\/schema\/logo\/image\/"}}]}},"jetpack_likes_enabled":false,"jetpack_sharing_enabled":true,"_links":{"self":[{"href":"https:\/\/kohenavocats.com\/ru\/wp-json\/wp\/v2\/kji_decision\/681831","targetHints":{"allow":["GET"]}}],"collection":[{"href":"https:\/\/kohenavocats.com\/ru\/wp-json\/wp\/v2\/kji_decision"}],"about":[{"href":"https:\/\/kohenavocats.com\/ru\/wp-json\/wp\/v2\/types\/kji_decision"}],"wp:attachment":[{"href":"https:\/\/kohenavocats.com\/ru\/wp-json\/wp\/v2\/media?parent=681831"}],"wp:term":[{"taxonomy":"kji_country","embeddable":true,"href":"https:\/\/kohenavocats.com\/ru\/wp-json\/wp\/v2\/kji_country?post=681831"},{"taxonomy":"kji_court","embeddable":true,"href":"https:\/\/kohenavocats.com\/ru\/wp-json\/wp\/v2\/kji_court?post=681831"},{"taxonomy":"kji_chamber","embeddable":true,"href":"https:\/\/kohenavocats.com\/ru\/wp-json\/wp\/v2\/kji_chamber?post=681831"},{"taxonomy":"kji_year","embeddable":true,"href":"https:\/\/kohenavocats.com\/ru\/wp-json\/wp\/v2\/kji_year?post=681831"},{"taxonomy":"kji_subject","embeddable":true,"href":"https:\/\/kohenavocats.com\/ru\/wp-json\/wp\/v2\/kji_subject?post=681831"},{"taxonomy":"kji_keyword","embeddable":true,"href":"https:\/\/kohenavocats.com\/ru\/wp-json\/wp\/v2\/kji_keyword?post=681831"},{"taxonomy":"kji_language","embeddable":true,"href":"https:\/\/kohenavocats.com\/ru\/wp-json\/wp\/v2\/kji_language?post=681831"}],"curies":[{"name":"wp","href":"https:\/\/api.w.org\/{rel}","templated":true}]}}