{"id":681874,"date":"2026-04-25T16:45:14","date_gmt":"2026-04-25T14:45:14","guid":{"rendered":"https:\/\/kohenavocats.com\/jurisprudences\/cour-de-cassation-8-juillet-2021-n-2020-00117\/"},"modified":"2026-04-25T16:45:17","modified_gmt":"2026-04-25T14:45:17","slug":"cour-de-cassation-8-juillet-2021-n-2020-00117","status":"publish","type":"kji_decision","link":"https:\/\/kohenavocats.com\/ru\/jurisprudences\/cour-de-cassation-8-juillet-2021-n-2020-00117\/","title":{"rendered":"Cour de cassation, 8 juillet 2021, n\u00b0 2020-00117"},"content":{"rendered":"<div class=\"kji-decision\">\n<div class=\"kji-full-text\">\n<p>N\u00b0 112 \/ 2021 p\u00e9nal du 08.07.2021 Not. 1276\/1 9\/XD Num\u00e9ro CAS -2020-00117 du registre<\/p>\n<p>La Cour de cassation du Grand- Duch\u00e9 de Luxembourg a rendu en son audience publique du jeudi, huit juillet deux mille vingt -et-un,<\/p>\n<p>sur le pourvoi de :<\/p>\n<p>B),<\/p>\n<p>pr\u00e9venu,<\/p>\n<p>demandeur en cassation,<\/p>\n<p>comparant par Ma\u00eetre Daniel BAULISCH , avocat \u00e0 la Cour, en l\u2019\u00e9tude duquel domicile est \u00e9lu,<\/p>\n<p>en pr\u00e9sence du Minist\u00e8re public,<\/p>\n<p>l\u2019arr\u00eat qui suit :<\/p>\n<p>Vu l\u2019arr\u00eat attaqu\u00e9, rendu le 11 ao\u00fbt 2020 sous le num\u00e9ro 303\/ 20 par la Cour d\u2019appel du Grand-Duch\u00e9 de Luxembourg, chambre des vacations, si\u00e9geant en mati\u00e8re correctionnelle ; Vu le pourvoi en cassation form\u00e9 par Ma\u00eetre Daniel BAULISCH, avocat \u00e0 la Cour, au nom de B), suivant d\u00e9claration du 2 septembre 2020 au greffe de la Cour sup\u00e9rieure de justice ; Vu le m\u00e9moire en cassation d\u00e9pos\u00e9 le 2 octobre 2020 au greffe de la Cour ; Sur le rapport du conseiller Th\u00e9a HARLES-WALCH et les conclusions de l\u2019avocat g\u00e9n\u00e9ral Elisabeth EWERT ;<\/p>\n<p>Sur les faits<\/p>\n<p>Selon l\u2019arr\u00eat attaqu\u00e9, le tribunal d\u2019arrondissement de Diekirch, si\u00e9geant en mati\u00e8re correctionnelle, avait r\u00e9voqu\u00e9 le sursis probatoire accord\u00e9 \u00e0 B) et ordonn\u00e9 l\u2019ex\u00e9cution de la condamnation \u00e0 la peine d\u2019emprisonnement prononc\u00e9e \u00e0 son encontre. La Cour d\u2019appel a confirm\u00e9 ce jugement.<\/p>\n<p>Sur l\u2019unique moyen de cassation<\/p>\n<p>Enonc\u00e9 du moyen<\/p>\n<p>\u00ab Tir\u00e9 de la violation de l&#039;article 89 de la Constitution, en ce que l&#039;arr\u00eat attaqu\u00e9 est mal motiv\u00e9, respectivement pas motiv\u00e9 du tout, respectivement pr\u00e9sente des motifs contradictoires, alors que selon l&#039;article 89 de la Constitution, tout jugement est motiv\u00e9, et q ue face aux contestations du pr\u00e9venu, \u00e0 ses arguments et moyens de d\u00e9fense les juges d&#039;appel auraient d\u00fb motiver plus scrupuleusement et amplement leur d\u00e9cision<\/p>\n<p>Tir\u00e9 de la violation de l&#039;article 89 de la Constitution et de l&#039;article 195 du Code de proc\u00e9dure p\u00e9nale.<\/p>\n<p>Aux termes de l&#039;article 89 de la Constitution : &lt;&lt; Tout jugement est motiv\u00e9. Il est prononc\u00e9 en audience publique &gt;&gt;.<\/p>\n<p>L&#039;article 195 du Code de proc\u00e9dure p\u00e9nale dispose que &lt;&lt; tout jugement d\u00e9finitif de condamnation sera motiv\u00e9. Il d\u00e9terminera les circonstances constitutives de l&#039;infraction et citera les articles de la loi dont il fait application sans en reproduire les termes &gt;&gt;.<\/p>\n<p>Or en l&#039;esp\u00e8ce, la Cour n&#039;a pas motiv\u00e9 sa d\u00e9cision en statuant sur la culpabilit\u00e9 de Monsieur B) .<\/p>\n<p>Au vu des \u00e9l\u00e9ments qui pr\u00e9c\u00e8dent, il en ressort que la Cour d&#039;appel n&#039;a pas motiv\u00e9 sa d\u00e9cision ou sinon la motivation est \u00e0 tel point lacunaire qu&#039;elle \u00e9quivaut \u00e0 une d\u00e9cision non motiv\u00e9e et partant elle ne satisfait pas les conditions exig\u00e9es par l&#039;article 89 de la Constitution et de l&#039;article 195 du Code de proc\u00e9dure p\u00e9nale.<\/p>\n<p>Par cons\u00e9quent, l&#039;arr\u00eat attaqu\u00e9 doit encourir la cassation.<\/p>\n<p>En tant que tir\u00e9 de la violation des articles 89 de la Constitution et 195 du Code de proc\u00e9dure p\u00e9nale, le moyen vise le d\u00e9faut de motifs qui est un vice de forme.<\/p>\n<p>Il y a d\u00e8s lieu de casser et d&#039;annuler l&#039;arr\u00eat attaqu\u00e9 et de le d\u00e9clarer de nul effet. \u00bb.<\/p>\n<p>R\u00e9ponse de la Cour<\/p>\n<p>En tant que tir\u00e9 de la violation des articles 89 de la Constitution et 195 du Code de proc\u00e9dure p\u00e9nale, le moyen vise le d\u00e9faut de motifs qui est un vice de forme.<\/p>\n<p>Une d\u00e9cision judiciaire est r\u00e9guli\u00e8re en la forme d\u00e8s qu\u2019elle comporte une motivation, expresse ou implicite, sur le point consid\u00e9r\u00e9.<\/p>\n<p>3 En constatant que B) n\u2019avait pr\u00e9sent\u00e9 aucun motif valable pour justifier le non-respect des conditions du sursis probatoire lui impos\u00e9es, les juges d\u2019appel ont motiv\u00e9 leur d\u00e9cision sur le point consid\u00e9r\u00e9.<\/p>\n<p>Il en suit que le moyen n\u2019est pas fond\u00e9.<\/p>\n<p>PAR CES MOTIFS,<\/p>\n<p>la Cour de cassation :<\/p>\n<p>rejette le pourvoi ;<\/p>\n<p>condamne le demandeur en cassation aux frais de l\u2019instance en cassation, ceux expos\u00e9s par le Minist\u00e8re public \u00e9tant liquid\u00e9s \u00e0 5,25 euros.<\/p>\n<p>Ainsi jug\u00e9 par la Cour de cassation du Grand -Duch\u00e9 de Luxembourg en son audience publique du jeudi, huit juillet deux mille vingt-et-un, \u00e0 la Cit\u00e9 Judiciaire, B\u00e2timent CR, Plateau du St. Esprit, compos\u00e9e de :<\/p>\n<p>Roger LINDEN, pr\u00e9sident de la Cour, Lotty PRUSSEN, conseiller \u00e0 la Cour de cassation, Th\u00e9a HARLES-WALCH, conseiller \u00e0 la Cour de cassation, Anne-Fran\u00e7oise GREMLING, conseiller \u00e0 la Cour d\u2019appel, St\u00e9phane PISANI, conseiller \u00e0 la Cour d\u2019appel,<\/p>\n<p>qui ont sign\u00e9 le pr\u00e9sent arr\u00eat avec le greffier \u00e0 la Cour Daniel SCHROEDER .<\/p>\n<p>La lecture du pr\u00e9sent arr\u00eat a \u00e9t\u00e9 faite en la susdite audience publique par le pr\u00e9sident Roger LINDEN en pr\u00e9sence du premier avocat g\u00e9n\u00e9ral Simone FLAMMANG et du greffier Daniel SCHROEDER .<\/p>\n<p>PARQUET GENERAL Luxembourg, le 25 mars 2021 DU GRAND-DUCHE DE LUXEMBOURG<\/p>\n<p>Conclusions du Parquet G\u00e9n\u00e9ral dans l\u2019affaire de cassation B) c.\/ Minist\u00e8re Public<\/p>\n<p>Affaire n\u00b0 CAS-2020-00117 du registre<\/p>\n<p>Par d\u00e9claration faite le 2 septembre 2020 au greffe de la Cour Sup\u00e9rieure de Justice, Ma\u00eetre Daniel BAULISCH, avocat \u00e0 la Cour, demeurant \u00e0 Diekirch, forma au nom et pour le compte de B) un recours en cassation au p\u00e9nal contre l\u2019arr\u00eat n\u00b0 303\/20 rendu le 11 ao\u00fbt 2020 par la Cour d\u2019appel, chambre des vacations, si\u00e9geant en mati\u00e8re correctionnelle.<\/p>\n<p>Cette d\u00e9claration de recours a \u00e9t\u00e9 suivie en date du 2 octobre 2020 du d\u00e9p\u00f4t au greffe de la Cour sup\u00e9rieure de justice d\u2019un m\u00e9moire en cassation, sign\u00e9 par Ma\u00eetre Daniel BAULISCH, avocat \u00e0 la Cour, demeurant \u00e0 Diekirch, au nom et pour le compte de B).<\/p>\n<p>Le pourvoi respectant les conditions de recevabilit\u00e9 d\u00e9finies par les articles 41 et 43 de la loi modifi\u00e9e du 18 f\u00e9vrier 1885 sur les pourvois et la proc\u00e9dure en cassation, il est recevable en la pure forme.<\/p>\n<p>Quant aux faits et r\u00e9troactes :<\/p>\n<p>Par jugement sur opposition n\u00b0 185\/2020 rendu contradictoirement le 30 avril 2020 \u00e0 l\u2019encontre de B), le Tribunal d\u2019arrondissement de et \u00e0 Diekirch, si\u00e9geant en mati\u00e8re correctionnelle, a r\u00e9voqu\u00e9 le sursis probatoire accord\u00e9 \u00e0 B) par jugement n\u00b0 53\/2015 rendu le 22 janvier 2015 par le Tribunal d\u2019arrondissement de et \u00e0 Diekirch et a ordonn\u00e9 l\u2019ex\u00e9cution de la condamnation de B) \u00e0 la peine d\u2019emprisonnement de 12 mois prononc\u00e9e par ce jugement.<\/p>\n<p>B) releva appel de ce jugement.<\/p>\n<p>Par arr\u00eat n\u00b0 303\/20 rendu le 11 ao\u00fbt 2020, la Cour d\u2019appel confirma le jugement de premi\u00e8re instance.<\/p>\n<p>Le pourvoi en cassation est dirig\u00e9 contre cet arr\u00eat.<\/p>\n<p>Quant \u00e0 l\u2019unique moyen de cassation :<\/p>\n<p>Le moyen de cassation est tir\u00e9 de la \u00ab violation de l\u2019article 89 de la Constitution \u00bb en ce que \u00ab l\u2019arr\u00eat attaqu\u00e9 est mal motiv\u00e9, respectivement pas motiv\u00e9 du tout, respectivement pr\u00e9sente des motifs contradictoires, alors que selon l\u2019article 89 de la Constitution, tout jugement est motiv\u00e9, et que face aux contestations du pr\u00e9venu, \u00e0 ses arguments et moyens de d\u00e9fense les juges d\u2019appel auraient d\u00fb motiver plus scrupuleusement et amplement leur d\u00e9cision \u00bb.<\/p>\n<p>Le demandeur en cassation affirme, sans autre pr\u00e9cision, que la Cour d\u2019appel n\u2019a pas motiv\u00e9 sa d\u00e9cision en statuant sur la culpabilit\u00e9 de B).<\/p>\n<p>La soussign\u00e9e constate que le demandeur en cassation ne pr\u00e9cise pas les arguments et moyens de d\u00e9fense auxquels les juges d\u2019appel auraient omis de r\u00e9pondre ni en quoi la d\u00e9cision attaqu\u00e9e encourt le reproche all\u00e9gu\u00e9.<\/p>\n<p>Il en suit que le moyen est irrecevable. A titre subsidiaire, le moyen est \u00e0 d\u00e9clarer non fond\u00e9 . Votre Cour retient de mani\u00e8re constante qu\u2019une d\u00e9cision judiciaire est r\u00e9guli\u00e8re en la forme d\u00e8s qu\u2019elle comporte une motivation expresse ou implicite, f\u00fbt-elle incompl\u00e8te ou vici\u00e9e, sur le point consid\u00e9r\u00e9 1 .<\/p>\n<p>Il r\u00e9sulte de l\u2019arr\u00eat attaqu\u00e9 que les juges d\u2019appel ont retenu que :<\/p>\n<p>\u00ab Les juges de premi\u00e8re instance ont fourni une relation correcte et compl\u00e8te des efforts fournis par le SCAS et du comportement du pr\u00e9venu dans le cadre de la probation.<\/p>\n<p>Le fait que le pr\u00e9venu a entretemps consult\u00e9 l\u2019asbl X pour demander de participer \u00e0 une th\u00e9rapie anti-agression et effectu\u00e9 le 21 juillet 2020 un paiement d\u2019un montant de 8.500 euros, n\u2019est pas de nature \u00e0 \u00e9tablir sa bonne foi, eu \u00e9gard \u00e0 son inaction injustifi\u00e9e pendant quatre ans.<\/p>\n<p>Eu \u00e9gard aux manquements flagrants aux deux conditions du sursis probatoire jusqu\u2019au d\u00e9but de l\u2019ann\u00e9e 2020, il n\u2019y a pas lieu de refixer l\u2019affaire.<\/p>\n<p>Pour les m\u00eames raisons, il n\u2019y a pas lieu de faire application des dispositions de l\u2019article 631-3, dernier alin\u00e9a, du Code de proc\u00e9dure p\u00e9nale et d\u2019assortir le sursis de nouvelles conditions.<\/p>\n<p>1 Cass. du 29 mars 2018, n\u00b0 19\/2018 p\u00e9nal, num\u00e9ro 3955 du registre ; Cass. du 17 janvier 2019, n\u00b0 07\/2019 p\u00e9nal, num\u00e9ro 4070 du registre<\/p>\n<p>6 C\u2019est par cons\u00e9quent \u00e0 bon droit que le sursis probatoire ordonn\u00e9 par le jugement num\u00e9ro 53\/2015 du 22 janvier 2015 a \u00e9t\u00e9 r\u00e9voqu\u00e9 et le jugement entrepris du 30 avril 2020 est \u00e0 confirmer.\u00bb 2 .<\/p>\n<p>Les juges d\u2019appel ont partant \u00e0 suffisance, et sans aucune contradiction, motiv\u00e9 leur d\u00e9cision de retenir que B) avait manqu\u00e9 \u00e0 ses obligations d\u00e9coulant du sursis probatoire lui accord\u00e9 par jugement du 22 janvier 2015 et partant leur d\u00e9cision de confirmer la r\u00e9vocation de son sursis probatoire.<\/p>\n<p>Le premier moyen de cassation est partant irrecevable sinon non fond\u00e9.<\/p>\n<p>Conclusion :<\/p>\n<p>&#8212; Le pourvoi est recevable mais il est \u00e0 rejeter.<\/p>\n<p>Pour le Procureur g\u00e9n\u00e9ral d\u2019Etat, l\u2019avocat g\u00e9n\u00e9ral,<\/p>\n<p>Elisabeth EWERT<\/p>\n<p>2 Cour d\u2019appel, arr\u00eat n\u00b0303 \/20 du 11 ao\u00fbt 2020, p.18<\/p>\n<\/div>\n<hr class=\"kji-sep\" \/>\n<p class=\"kji-source-links\"><strong>Sources officielles :<\/strong> <a class=\"kji-source-link\" href=\"https:\/\/data.public.lu\/fr\/datasets\/cour-de-cassation\/\" target=\"_blank\" rel=\"noopener noreferrer\">consulter la page source<\/a> &middot; <a class=\"kji-pdf-link\" href=\"https:\/\/download.data.public.lu\/resources\/cour-de-cassation\/20240806-153511\/20210708-cas-2020-00117-112a-accessible.pdf\" target=\"_blank\" rel=\"noopener noreferrer\">PDF officiel<\/a><\/p>\n<p class=\"kji-license-note\"><em>Licence CC BY-ND 4.0 (Administration judiciaire, data.public.lu). Republication autorisee avec attribution, sans modification editoriale du texte integral.<\/em><\/p>\n<\/div>\n","protected":false},"excerpt":{"rendered":"<p>N\u00b0 112 \/ 2021 p\u00e9nal du 08.07.2021 Not. 1276\/1 9\/XD Num\u00e9ro CAS -2020-00117 du registre La Cour de cassation du Grand- Duch\u00e9 de Luxembourg a rendu en son audience publique du jeudi, huit juillet deux mille vingt -et-un, sur le pourvoi de : B), pr\u00e9venu,\u2026<\/p>\n","protected":false},"featured_media":0,"template":"","meta":{"_crdt_document":""},"kji_country":[8418],"kji_court":[8423],"kji_chamber":[],"kji_year":[36297],"kji_subject":[7724],"kji_keyword":[8424,8600,8425],"kji_language":[7733],"class_list":["post-681874","kji_decision","type-kji_decision","status-publish","hentry","kji_country-luxembourg","kji_court-cour-de-cassation","kji_year-36297","kji_subject-civil","kji_keyword-cassation","kji_keyword-juillet","kji_keyword-penal","kji_language-francais"],"yoast_head":"<!-- This site is optimized with the Yoast SEO Premium plugin v27.5 (Yoast SEO v27.5) - https:\/\/yoast.com\/product\/yoast-seo-premium-wordpress\/ -->\n<title>Cour de cassation, 8 juillet 2021, n\u00b0 2020-00117 - Ma\u00eetre Hassan Kohen, avocat en droit p\u00e9nal \u00e0 Paris<\/title>\n<meta name=\"robots\" content=\"index, follow, max-snippet:-1, max-image-preview:large, max-video-preview:-1\" \/>\n<link rel=\"canonical\" href=\"https:\/\/kohenavocats.com\/ru\/jurisprudences\/cour-de-cassation-8-juillet-2021-n-2020-00117\/\" \/>\n<meta property=\"og:locale\" content=\"ru_RU\" \/>\n<meta property=\"og:type\" content=\"article\" \/>\n<meta property=\"og:title\" content=\"Cour de cassation, 8 juillet 2021, n\u00b0 2020-00117\" \/>\n<meta property=\"og:description\" content=\"N\u00b0 112 \/ 2021 p\u00e9nal du 08.07.2021 Not. 1276\/1 9\/XD Num\u00e9ro CAS -2020-00117 du registre La Cour de cassation du Grand- Duch\u00e9 de Luxembourg a rendu en son audience publique du jeudi, huit juillet deux mille vingt -et-un, sur le pourvoi de : B), pr\u00e9venu,\u2026\" \/>\n<meta property=\"og:url\" content=\"https:\/\/kohenavocats.com\/ru\/jurisprudences\/cour-de-cassation-8-juillet-2021-n-2020-00117\/\" \/>\n<meta property=\"og:site_name\" content=\"Ma\u00eetre Hassan Kohen, avocat en droit p\u00e9nal \u00e0 Paris\" \/>\n<meta property=\"article:modified_time\" content=\"2026-04-25T14:45:17+00:00\" \/>\n<meta name=\"twitter:card\" content=\"summary_large_image\" \/>\n<meta name=\"twitter:label1\" content=\"\u041f\u0440\u0438\u043c\u0435\u0440\u043d\u043e\u0435 \u0432\u0440\u0435\u043c\u044f \u0434\u043b\u044f \u0447\u0442\u0435\u043d\u0438\u044f\" \/>\n\t<meta name=\"twitter:data1\" content=\"8 \u043c\u0438\u043d\u0443\u0442\" \/>\n<script type=\"application\/ld+json\" class=\"yoast-schema-graph\">{\"@context\":\"https:\\\/\\\/schema.org\",\"@graph\":[{\"@type\":\"WebPage\",\"@id\":\"https:\\\/\\\/kohenavocats.com\\\/ru\\\/jurisprudences\\\/cour-de-cassation-8-juillet-2021-n-2020-00117\\\/\",\"url\":\"https:\\\/\\\/kohenavocats.com\\\/ru\\\/jurisprudences\\\/cour-de-cassation-8-juillet-2021-n-2020-00117\\\/\",\"name\":\"Cour de cassation, 8 juillet 2021, n\u00b0 2020-00117 - Ma\u00eetre Hassan Kohen, avocat en droit p\u00e9nal \u00e0 Paris\",\"isPartOf\":{\"@id\":\"https:\\\/\\\/kohenavocats.com\\\/ru\\\/#website\"},\"datePublished\":\"2026-04-25T14:45:14+00:00\",\"dateModified\":\"2026-04-25T14:45:17+00:00\",\"breadcrumb\":{\"@id\":\"https:\\\/\\\/kohenavocats.com\\\/ru\\\/jurisprudences\\\/cour-de-cassation-8-juillet-2021-n-2020-00117\\\/#breadcrumb\"},\"inLanguage\":\"ru-RU\",\"potentialAction\":[{\"@type\":\"ReadAction\",\"target\":[\"https:\\\/\\\/kohenavocats.com\\\/ru\\\/jurisprudences\\\/cour-de-cassation-8-juillet-2021-n-2020-00117\\\/\"]}]},{\"@type\":\"BreadcrumbList\",\"@id\":\"https:\\\/\\\/kohenavocats.com\\\/ru\\\/jurisprudences\\\/cour-de-cassation-8-juillet-2021-n-2020-00117\\\/#breadcrumb\",\"itemListElement\":[{\"@type\":\"ListItem\",\"position\":1,\"name\":\"Home\",\"item\":\"https:\\\/\\\/kohenavocats.com\\\/ru\\\/avocats-en-droit-penal-a-paris-conseil-et-defense-strategique\\\/\"},{\"@type\":\"ListItem\",\"position\":2,\"name\":\"Jurisprudences\",\"item\":\"https:\\\/\\\/kohenavocats.com\\\/ru\\\/jurisprudences\\\/\"},{\"@type\":\"ListItem\",\"position\":3,\"name\":\"Cour de cassation, 8 juillet 2021, n\u00b0 2020-00117\"}]},{\"@type\":\"WebSite\",\"@id\":\"https:\\\/\\\/kohenavocats.com\\\/ru\\\/#website\",\"url\":\"https:\\\/\\\/kohenavocats.com\\\/ru\\\/\",\"name\":\"Kohen Avocats\",\"description\":\"Ma\u00eetre Hassan Kohen, avocat p\u00e9naliste \u00e0 Paris, intervient exclusivement en droit p\u00e9nal pour la d\u00e9fense des particuliers, notamment en mati\u00e8re d\u2019accusations de viol. Il assure un accompagnement rigoureux d\u00e8s la garde \u00e0 vue jusqu\u2019\u00e0 la Cour d\u2019assises, veillant au strict respect des garanties proc\u00e9durales.\",\"publisher\":{\"@id\":\"https:\\\/\\\/kohenavocats.com\\\/ru\\\/#organization\"},\"potentialAction\":[{\"@type\":\"SearchAction\",\"target\":{\"@type\":\"EntryPoint\",\"urlTemplate\":\"https:\\\/\\\/kohenavocats.com\\\/ru\\\/?s={search_term_string}\"},\"query-input\":{\"@type\":\"PropertyValueSpecification\",\"valueRequired\":true,\"valueName\":\"search_term_string\"}}],\"inLanguage\":\"ru-RU\"},{\"@type\":\"Organization\",\"@id\":\"https:\\\/\\\/kohenavocats.com\\\/ru\\\/#organization\",\"name\":\"Kohen Avocats\",\"url\":\"https:\\\/\\\/kohenavocats.com\\\/ru\\\/\",\"logo\":{\"@type\":\"ImageObject\",\"inLanguage\":\"ru-RU\",\"@id\":\"https:\\\/\\\/kohenavocats.com\\\/ru\\\/#\\\/schema\\\/logo\\\/image\\\/\",\"url\":\"https:\\\/\\\/kohenavocats.com\\\/wp-content\\\/uploads\\\/2026\\\/01\\\/Logo-2-1.webp\",\"contentUrl\":\"https:\\\/\\\/kohenavocats.com\\\/wp-content\\\/uploads\\\/2026\\\/01\\\/Logo-2-1.webp\",\"width\":2114,\"height\":1253,\"caption\":\"Kohen Avocats\"},\"image\":{\"@id\":\"https:\\\/\\\/kohenavocats.com\\\/ru\\\/#\\\/schema\\\/logo\\\/image\\\/\"}}]}<\/script>\n<!-- \/ Yoast SEO Premium plugin. -->","yoast_head_json":{"title":"Cour de cassation, 8 juillet 2021, n\u00b0 2020-00117 - Ma\u00eetre Hassan Kohen, avocat en droit p\u00e9nal \u00e0 Paris","robots":{"index":"index","follow":"follow","max-snippet":"max-snippet:-1","max-image-preview":"max-image-preview:large","max-video-preview":"max-video-preview:-1"},"canonical":"https:\/\/kohenavocats.com\/ru\/jurisprudences\/cour-de-cassation-8-juillet-2021-n-2020-00117\/","og_locale":"ru_RU","og_type":"article","og_title":"Cour de cassation, 8 juillet 2021, n\u00b0 2020-00117","og_description":"N\u00b0 112 \/ 2021 p\u00e9nal du 08.07.2021 Not. 1276\/1 9\/XD Num\u00e9ro CAS -2020-00117 du registre La Cour de cassation du Grand- Duch\u00e9 de Luxembourg a rendu en son audience publique du jeudi, huit juillet deux mille vingt -et-un, sur le pourvoi de : B), pr\u00e9venu,\u2026","og_url":"https:\/\/kohenavocats.com\/ru\/jurisprudences\/cour-de-cassation-8-juillet-2021-n-2020-00117\/","og_site_name":"Ma\u00eetre Hassan Kohen, avocat en droit p\u00e9nal \u00e0 Paris","article_modified_time":"2026-04-25T14:45:17+00:00","twitter_card":"summary_large_image","twitter_misc":{"\u041f\u0440\u0438\u043c\u0435\u0440\u043d\u043e\u0435 \u0432\u0440\u0435\u043c\u044f \u0434\u043b\u044f \u0447\u0442\u0435\u043d\u0438\u044f":"8 \u043c\u0438\u043d\u0443\u0442"},"schema":{"@context":"https:\/\/schema.org","@graph":[{"@type":"WebPage","@id":"https:\/\/kohenavocats.com\/ru\/jurisprudences\/cour-de-cassation-8-juillet-2021-n-2020-00117\/","url":"https:\/\/kohenavocats.com\/ru\/jurisprudences\/cour-de-cassation-8-juillet-2021-n-2020-00117\/","name":"Cour de cassation, 8 juillet 2021, n\u00b0 2020-00117 - Ma\u00eetre Hassan Kohen, avocat en droit p\u00e9nal \u00e0 Paris","isPartOf":{"@id":"https:\/\/kohenavocats.com\/ru\/#website"},"datePublished":"2026-04-25T14:45:14+00:00","dateModified":"2026-04-25T14:45:17+00:00","breadcrumb":{"@id":"https:\/\/kohenavocats.com\/ru\/jurisprudences\/cour-de-cassation-8-juillet-2021-n-2020-00117\/#breadcrumb"},"inLanguage":"ru-RU","potentialAction":[{"@type":"ReadAction","target":["https:\/\/kohenavocats.com\/ru\/jurisprudences\/cour-de-cassation-8-juillet-2021-n-2020-00117\/"]}]},{"@type":"BreadcrumbList","@id":"https:\/\/kohenavocats.com\/ru\/jurisprudences\/cour-de-cassation-8-juillet-2021-n-2020-00117\/#breadcrumb","itemListElement":[{"@type":"ListItem","position":1,"name":"Home","item":"https:\/\/kohenavocats.com\/ru\/avocats-en-droit-penal-a-paris-conseil-et-defense-strategique\/"},{"@type":"ListItem","position":2,"name":"Jurisprudences","item":"https:\/\/kohenavocats.com\/ru\/jurisprudences\/"},{"@type":"ListItem","position":3,"name":"Cour de cassation, 8 juillet 2021, n\u00b0 2020-00117"}]},{"@type":"WebSite","@id":"https:\/\/kohenavocats.com\/ru\/#website","url":"https:\/\/kohenavocats.com\/ru\/","name":"Kohen Avocats","description":"Ma\u00eetre Hassan Kohen, avocat p\u00e9naliste \u00e0 Paris, intervient exclusivement en droit p\u00e9nal pour la d\u00e9fense des particuliers, notamment en mati\u00e8re d\u2019accusations de viol. Il assure un accompagnement rigoureux d\u00e8s la garde \u00e0 vue jusqu\u2019\u00e0 la Cour d\u2019assises, veillant au strict respect des garanties proc\u00e9durales.","publisher":{"@id":"https:\/\/kohenavocats.com\/ru\/#organization"},"potentialAction":[{"@type":"SearchAction","target":{"@type":"EntryPoint","urlTemplate":"https:\/\/kohenavocats.com\/ru\/?s={search_term_string}"},"query-input":{"@type":"PropertyValueSpecification","valueRequired":true,"valueName":"search_term_string"}}],"inLanguage":"ru-RU"},{"@type":"Organization","@id":"https:\/\/kohenavocats.com\/ru\/#organization","name":"Kohen Avocats","url":"https:\/\/kohenavocats.com\/ru\/","logo":{"@type":"ImageObject","inLanguage":"ru-RU","@id":"https:\/\/kohenavocats.com\/ru\/#\/schema\/logo\/image\/","url":"https:\/\/kohenavocats.com\/wp-content\/uploads\/2026\/01\/Logo-2-1.webp","contentUrl":"https:\/\/kohenavocats.com\/wp-content\/uploads\/2026\/01\/Logo-2-1.webp","width":2114,"height":1253,"caption":"Kohen Avocats"},"image":{"@id":"https:\/\/kohenavocats.com\/ru\/#\/schema\/logo\/image\/"}}]}},"jetpack_likes_enabled":false,"jetpack_sharing_enabled":true,"_links":{"self":[{"href":"https:\/\/kohenavocats.com\/ru\/wp-json\/wp\/v2\/kji_decision\/681874","targetHints":{"allow":["GET"]}}],"collection":[{"href":"https:\/\/kohenavocats.com\/ru\/wp-json\/wp\/v2\/kji_decision"}],"about":[{"href":"https:\/\/kohenavocats.com\/ru\/wp-json\/wp\/v2\/types\/kji_decision"}],"wp:attachment":[{"href":"https:\/\/kohenavocats.com\/ru\/wp-json\/wp\/v2\/media?parent=681874"}],"wp:term":[{"taxonomy":"kji_country","embeddable":true,"href":"https:\/\/kohenavocats.com\/ru\/wp-json\/wp\/v2\/kji_country?post=681874"},{"taxonomy":"kji_court","embeddable":true,"href":"https:\/\/kohenavocats.com\/ru\/wp-json\/wp\/v2\/kji_court?post=681874"},{"taxonomy":"kji_chamber","embeddable":true,"href":"https:\/\/kohenavocats.com\/ru\/wp-json\/wp\/v2\/kji_chamber?post=681874"},{"taxonomy":"kji_year","embeddable":true,"href":"https:\/\/kohenavocats.com\/ru\/wp-json\/wp\/v2\/kji_year?post=681874"},{"taxonomy":"kji_subject","embeddable":true,"href":"https:\/\/kohenavocats.com\/ru\/wp-json\/wp\/v2\/kji_subject?post=681874"},{"taxonomy":"kji_keyword","embeddable":true,"href":"https:\/\/kohenavocats.com\/ru\/wp-json\/wp\/v2\/kji_keyword?post=681874"},{"taxonomy":"kji_language","embeddable":true,"href":"https:\/\/kohenavocats.com\/ru\/wp-json\/wp\/v2\/kji_language?post=681874"}],"curies":[{"name":"wp","href":"https:\/\/api.w.org\/{rel}","templated":true}]}}