{"id":682629,"date":"2026-04-25T17:46:46","date_gmt":"2026-04-25T15:46:46","guid":{"rendered":"https:\/\/kohenavocats.com\/jurisprudences\/eclinlrbams20253728-rechtbank-amsterdam-28-05-2025-768975\/"},"modified":"2026-04-25T17:46:46","modified_gmt":"2026-04-25T15:46:46","slug":"eclinlrbams20253728-rechtbank-amsterdam-28-05-2025-768975","status":"publish","type":"kji_decision","link":"https:\/\/kohenavocats.com\/ru\/jurisprudences\/eclinlrbams20253728-rechtbank-amsterdam-28-05-2025-768975\/","title":{"rendered":"ECLI:NL:RBAMS:2025:3728 Rechtbank Amsterdam , 28-05-2025 \/ 768975"},"content":{"rendered":"<div class=\"kji-decision\">\n<div class=\"kji-full-text\">\n<p><strong>Inhoudsindicatie.<\/strong> Voorzieningenrechter acht zich niet bevoegd om kennis te nemen van de vorderingen, nu partijen zijn overeengekomen dat zij geschillen voorleggen aan de ICC. De arbeidsovereenkomst op grond waarvan de rechtbank Amsterdam bevoegd is en waarop eiser zich beroept, is na oprichting niet bekrachtigd en betalingen vonden ook niet plaats op grond van die arbeidsovereenkomst.<\/p>\n<h3>RECHTBANK Amsterdam<\/h3>\n<p>Afdeling privaatrecht, voorzieningenrechter civiel<\/p>\n<p>Zaaknummer: C\/13\/768975 \/ KG ZA 25-349 VVV\/KH<\/p>\n<p>Proces-verbaal van de mondelinge uitspraak in kort geding van 28 mei 2025<\/p>\n<p>in de zaak van<\/p>\n<h3>1 [eiser] ,<\/h3>\n<p>wonende te [woonplaats] (Zwitserland),<br \/>\n2. De vennootschap naar Zwitsers recht<\/p>\n<p>DIPLAST GMBH,<\/p>\n<p>gevestigd te Bremgarten (Zwitserland),<\/p>\n<p>eisers bij dagvaarding van 19 mei 2025,<\/p>\n<p>advocaat: mr. E.H.J. van Gerven te Someren,<\/p>\n<p>tegen<\/p>\n<p>de besloten vennootschap met beperkte aansprakelijkheid<\/p>\n<p>FEITENG COMPOSITES (EUROPE) B.V.,<\/p>\n<p>gevestigd te Venray,<\/p>\n<p>gedaagde,<\/p>\n<p>advocaten: mr. D. van Gerven en mr. A.J.A. Leemans te Rotterdam.<\/p>\n<p>Het kort geding wordt gehouden in de rechtbank Amsterdam.<\/p>\n<p>De zaak wordt behandeld door mr. T.H. van Voorst Vader, voorzieningenrechter, en mr. K. Hogeman als griffier.<\/p>\n<p>Na uitroeping van de zaak verschijnen:<\/p>\n<p>&#8212; aan de zijde van eisers: [eiser] (eiser sub 1) met zijn advocaat<\/p>\n<p>&#8212; aan de zijde van gedaagde: [naam] ( [naam functie] ) met zijn advocaten.<\/p>\n<h3>1De procedure<\/h3>\n<p>Tijdens de mondelinge behandeling op 28 mei 2025 hebben eisers de dagvaarding toegelicht voor zover dat betrekking heeft op de bevoegdheid van de voorzieningenrechter. Gedaagde heeft op dat punt verweer gevoerd. Beide partijen hebben producties in het geding gebracht. Eisers hebben daarnaast pleitaantekeningen ingebracht. De behandeling van de zaak is gesloten en de voorzieningenrechter heeft op de zitting in aanwezigheid van partijen mondeling uitspraak gedaan. Daarvan is ingevolge artikel 29a lid 3 Wetboek van Burgerlijke Rechtsvordering dit proces-verbaal opgemaakt, dat op 30 mei 2025 aan partijen wordt afgegeven.<\/p>\n<h3>2De beoordeling<\/h3>\n<p>De voorzieningenrechter acht zich niet bevoegd. De vorderingen van eisers zijn gebaseerd op een arbeidsovereenkomst tussen [eiser] (eiser sub 1) en gedaagde, die getekend is op 22 augustus 2023.<\/p>\n<p>Gedaagde is opgericht op 23 oktober 2023. Gedaagde stelt dat de arbeidsovereenkomst na haar oprichting niet is bekrachtigd en derhalve niet geldt en dat de diensten laatstelijk verleend werden op grond van de wel geldende service agreement van 25 november 2023 tussen Diplast GmbH en Zhangjiagang Feiteng New Composite Materials Co. Ltd (hierna: de Service Agreement). De Service Agreement bevat een ruim geformuleerd arbitragebeding op grond waarvan alle conflicten met betrekking tot de relatie tussen de partijen bij de Service Agreement onderworpen worden aan arbitrage bij het ICC.<\/p>\n<p>Nu gedaagde is opgericht op 23 oktober 2023 kan de nadien gesloten arbeidsovereenkomst haar slechts binden indien zij na oprichting bekrachtigd is. [eiser] heeft aangevoerd dat hij bij de oprichting benoemd is tot directeur en dat dat moet zijn gebeurd uit hoofde van die arbeidsovereenkomst, die daardoor zou zijn bekrachtigd. Bovendien blijkt uit notulen van een vergadering van 2024 dat is gesproken over het toevoegen van een aanvullende overeenkomst aan de bestaande \u201cDirector Employment Agreement\u201d tussen FT-CN\/FT-EU en [eiser] .<\/p>\n<p>Tussen partijen staat vast dat loonbetalingen aan [eiser] nooit hebben plaatsgevonden. Vergoedingen zijn uitsluitend ontvangen op basis van facturatie door [eiser] (in het begin) en (later door) Diplast GmbH. Er is bovendien correspondentie uit 2024 waarin [eiser] aangeeft dat hij geen werknemer van gedaagde was.<\/p>\n<p>De beide door [eiser] aangevoerde omstandigheden betekenen niet dat vastgesteld kan worden dat de arbeidsovereenkomst overeenkomstig artikel 2:203 lid 1 Burgerlijk Wetboek bekrachtigd is. Een uitdrukkelijke bekrachtiging ontbreekt in elk geval. De directeursbenoeming kan ook haar grond vinden in de Service Agreement en aannemelijk is dat de werkzaamheden op die grond werden geleverd omdat betalingen plaatsvonden overeenkomstig die overeenkomst. En uit de passage in de vergadernotulen kan onvoldoende afgeleid worden dat daar de v\u00f3\u00f3r de oprichting gesloten arbeidsovereenkomst bedoeld is. Stilzwijgende bekrachtiging door bij voorbeeld loonbetaling heeft niet plaatsgevonden. Uit het voorgaande volgt dat gedaagde niet gebonden is door de arbeidsovereenkomst, zodat op basis van de forumkeuze die daarin is opgenomen de rechtbank geen bevoegdheid toekomt. De Service Agreement voorziet in arbitrage bij het ICC. Het reglement daarvan voorziet in de mogelijkheid van een spoedprocedure. Het conflict is een conflict tussen de Zwitserse vennootschap (Diplast GmbH) en een Chinese vennootschap (Zhangjiagang Feiteng New Composite Materials Co. Ltd.) over vergoeding inzake de be\u00ebindiging van een service agreement. Er is onvoldoende gesteld om de bevoegdheid van de voorzieningenrechter aan te nemen voor het treffen van spoedeisende maatregelen.<\/p>\n<p>De conclusie van het bovenstaande is dat de voorzieningenrechter zich onbevoegd verklaart om kennis te nemen van de vorderingen van eisers. Omdat eisers in het ongelijk zijn gesteld moeten zij de proceskosten (inclusief nakosten) betalen. De proceskosten van gedaagde worden begroot op:<\/p>\n<p>&#8212; griffierecht<\/p>\n<p>\u20ac<\/p>\n<p>6.861,00<\/p>\n<p>&#8212; salaris advocaat<\/p>\n<p>\u20ac<\/p>\n<p>1.107,00<\/p>\n<p>&#8212; nakosten<\/p>\n<p>\u20ac<\/p>\n<p>178,00<\/p>\n<p>(plus de verhoging zoals vermeld in de beslissing)<\/p>\n<p>Totaal<\/p>\n<p>\u20ac<\/p>\n<p>8.146,00<\/p>\n<p>De gevorderde wettelijke rente over de proceskosten wordt toegewezen zoals vermeld in de beslissing.<\/p>\n<h3>3De beslissing<\/h3>\n<p>De voorzieningenrechter<\/p>\n<p>verklaart zich onbevoegd om kennis te nemen van de vorderingen van eisers,<\/p>\n<p>veroordeelt eisers in de proceskosten van \u20ac 8.146,00, te betalen binnen veertien dagen na aanschrijving daartoe, te vermeerderen met \u2013 indien het vonnis wordt betekend \u2013 \u20ac 92,00 plus de kosten van betekening,<\/p>\n<p>veroordeelt eisers tot betaling van de wettelijke rente als bedoeld in artikel 6:119 Burgerlijk Wetboek over de proceskosten als deze niet binnen veertien dagen na aanschrijving zijn betaald,<\/p>\n<p>verklaart deze kostenveroordelingen uitvoerbaar bij voorraad.<\/p>\n<p>Deze mondelinge uitspraak is gewezen door mr. T.H. van Voorst Vader en in het openbaar uitgesproken in aanwezigheid van de griffier, mr. K. Hogeman.<\/p>\n<p>Hiervan is dit proces-verbaal opgemaakt.<\/p>\n<p>Type: KH<\/p>\n<p>Coll: MAH<\/p>\n<\/div>\n<hr class=\"kji-sep\" \/>\n<p class=\"kji-source-links\"><strong>Sources officielles :<\/strong> <a class=\"kji-source-link\" href=\"http:\/\/deeplink.rechtspraak.nl\/uitspraak?id=ECLI:NL:RBAMS:2025:3728\" target=\"_blank\" rel=\"noopener noreferrer\">consulter la page source<\/a><\/p>\n<p class=\"kji-license-note\"><em>Rechtspraak.nl open data, Creative Commons Zero. Volume cible 1.8M decisions.<\/em><\/p>\n<\/div>\n","protected":false},"excerpt":{"rendered":"<p>Voorzieningenrechter acht zich niet bevoegd om kennis te nemen van de vorderingen, nu partijen zijn overeengekomen dat zij geschillen voorleggen aan de ICC. De arbeidsovereenkomst op grond waarvan de rechtbank Amsterdam bevoegd is en waarop eiser zich beroept, is na oprichting niet bekrachtigd en betalingen vonden ook niet plaats op grond van die arbeidsovereenkomst.<\/p>\n","protected":false},"featured_media":0,"template":"","meta":{"_crdt_document":""},"kji_country":[7669],"kji_court":[7998],"kji_chamber":[],"kji_year":[8463],"kji_subject":[7712],"kji_keyword":[8000,8660,11470,9626,7675],"kji_language":[7671],"class_list":["post-682629","kji_decision","type-kji_decision","status-publish","hentry","kji_country-pays-bas","kji_court-rechtbank-amsterdam","kji_year-8463","kji_subject-social","kji_keyword-amsterdam","kji_keyword-arbeidsovereenkomst","kji_keyword-bevoegd","kji_keyword-grond","kji_keyword-rechtbank","kji_language-nl"],"yoast_head":"<!-- This site is optimized with the Yoast SEO Premium plugin v27.5 (Yoast SEO v27.5) - https:\/\/yoast.com\/product\/yoast-seo-premium-wordpress\/ -->\n<title>ECLI:NL:RBAMS:2025:3728 Rechtbank Amsterdam , 28-05-2025 \/ 768975 - Ma\u00eetre Hassan Kohen, avocat en droit p\u00e9nal \u00e0 Paris<\/title>\n<meta name=\"robots\" content=\"index, follow, max-snippet:-1, max-image-preview:large, max-video-preview:-1\" \/>\n<link rel=\"canonical\" href=\"https:\/\/kohenavocats.com\/ru\/jurisprudences\/eclinlrbams20253728-rechtbank-amsterdam-28-05-2025-768975\/\" \/>\n<meta property=\"og:locale\" content=\"ru_RU\" \/>\n<meta property=\"og:type\" content=\"article\" \/>\n<meta property=\"og:title\" content=\"ECLI:NL:RBAMS:2025:3728 Rechtbank Amsterdam , 28-05-2025 \/ 768975\" \/>\n<meta property=\"og:description\" content=\"Voorzieningenrechter acht zich niet bevoegd om kennis te nemen van de vorderingen, nu partijen zijn overeengekomen dat zij geschillen voorleggen aan de ICC. De arbeidsovereenkomst op grond waarvan de rechtbank Amsterdam bevoegd is en waarop eiser zich beroept, is na oprichting niet bekrachtigd en betalingen vonden ook niet plaats op grond van die arbeidsovereenkomst.\" \/>\n<meta property=\"og:url\" content=\"https:\/\/kohenavocats.com\/ru\/jurisprudences\/eclinlrbams20253728-rechtbank-amsterdam-28-05-2025-768975\/\" \/>\n<meta property=\"og:site_name\" content=\"Ma\u00eetre Hassan Kohen, avocat en droit p\u00e9nal \u00e0 Paris\" \/>\n<meta name=\"twitter:card\" content=\"summary_large_image\" \/>\n<meta name=\"twitter:label1\" content=\"\u041f\u0440\u0438\u043c\u0435\u0440\u043d\u043e\u0435 \u0432\u0440\u0435\u043c\u044f \u0434\u043b\u044f \u0447\u0442\u0435\u043d\u0438\u044f\" \/>\n\t<meta name=\"twitter:data1\" content=\"4 \u043c\u0438\u043d\u0443\u0442\u044b\" \/>\n<script type=\"application\/ld+json\" class=\"yoast-schema-graph\">{\"@context\":\"https:\\\/\\\/schema.org\",\"@graph\":[{\"@type\":\"WebPage\",\"@id\":\"https:\\\/\\\/kohenavocats.com\\\/ru\\\/jurisprudences\\\/eclinlrbams20253728-rechtbank-amsterdam-28-05-2025-768975\\\/\",\"url\":\"https:\\\/\\\/kohenavocats.com\\\/ru\\\/jurisprudences\\\/eclinlrbams20253728-rechtbank-amsterdam-28-05-2025-768975\\\/\",\"name\":\"ECLI:NL:RBAMS:2025:3728 Rechtbank Amsterdam , 28-05-2025 \\\/ 768975 - Ma\u00eetre Hassan Kohen, avocat en droit p\u00e9nal \u00e0 Paris\",\"isPartOf\":{\"@id\":\"https:\\\/\\\/kohenavocats.com\\\/ru\\\/#website\"},\"datePublished\":\"2026-04-25T15:46:46+00:00\",\"breadcrumb\":{\"@id\":\"https:\\\/\\\/kohenavocats.com\\\/ru\\\/jurisprudences\\\/eclinlrbams20253728-rechtbank-amsterdam-28-05-2025-768975\\\/#breadcrumb\"},\"inLanguage\":\"ru-RU\",\"potentialAction\":[{\"@type\":\"ReadAction\",\"target\":[\"https:\\\/\\\/kohenavocats.com\\\/ru\\\/jurisprudences\\\/eclinlrbams20253728-rechtbank-amsterdam-28-05-2025-768975\\\/\"]}]},{\"@type\":\"BreadcrumbList\",\"@id\":\"https:\\\/\\\/kohenavocats.com\\\/ru\\\/jurisprudences\\\/eclinlrbams20253728-rechtbank-amsterdam-28-05-2025-768975\\\/#breadcrumb\",\"itemListElement\":[{\"@type\":\"ListItem\",\"position\":1,\"name\":\"Home\",\"item\":\"https:\\\/\\\/kohenavocats.com\\\/ru\\\/avocats-en-droit-penal-a-paris-conseil-et-defense-strategique\\\/\"},{\"@type\":\"ListItem\",\"position\":2,\"name\":\"Jurisprudences\",\"item\":\"https:\\\/\\\/kohenavocats.com\\\/ru\\\/jurisprudences\\\/\"},{\"@type\":\"ListItem\",\"position\":3,\"name\":\"ECLI:NL:RBAMS:2025:3728 Rechtbank Amsterdam , 28-05-2025 \\\/ 768975\"}]},{\"@type\":\"WebSite\",\"@id\":\"https:\\\/\\\/kohenavocats.com\\\/ru\\\/#website\",\"url\":\"https:\\\/\\\/kohenavocats.com\\\/ru\\\/\",\"name\":\"Kohen Avocats\",\"description\":\"Ma\u00eetre Hassan Kohen, avocat p\u00e9naliste \u00e0 Paris, intervient exclusivement en droit p\u00e9nal pour la d\u00e9fense des particuliers, notamment en mati\u00e8re d\u2019accusations de viol. Il assure un accompagnement rigoureux d\u00e8s la garde \u00e0 vue jusqu\u2019\u00e0 la Cour d\u2019assises, veillant au strict respect des garanties proc\u00e9durales.\",\"publisher\":{\"@id\":\"https:\\\/\\\/kohenavocats.com\\\/ru\\\/#organization\"},\"potentialAction\":[{\"@type\":\"SearchAction\",\"target\":{\"@type\":\"EntryPoint\",\"urlTemplate\":\"https:\\\/\\\/kohenavocats.com\\\/ru\\\/?s={search_term_string}\"},\"query-input\":{\"@type\":\"PropertyValueSpecification\",\"valueRequired\":true,\"valueName\":\"search_term_string\"}}],\"inLanguage\":\"ru-RU\"},{\"@type\":\"Organization\",\"@id\":\"https:\\\/\\\/kohenavocats.com\\\/ru\\\/#organization\",\"name\":\"Kohen Avocats\",\"url\":\"https:\\\/\\\/kohenavocats.com\\\/ru\\\/\",\"logo\":{\"@type\":\"ImageObject\",\"inLanguage\":\"ru-RU\",\"@id\":\"https:\\\/\\\/kohenavocats.com\\\/ru\\\/#\\\/schema\\\/logo\\\/image\\\/\",\"url\":\"https:\\\/\\\/kohenavocats.com\\\/wp-content\\\/uploads\\\/2026\\\/01\\\/Logo-2-1.webp\",\"contentUrl\":\"https:\\\/\\\/kohenavocats.com\\\/wp-content\\\/uploads\\\/2026\\\/01\\\/Logo-2-1.webp\",\"width\":2114,\"height\":1253,\"caption\":\"Kohen Avocats\"},\"image\":{\"@id\":\"https:\\\/\\\/kohenavocats.com\\\/ru\\\/#\\\/schema\\\/logo\\\/image\\\/\"}}]}<\/script>\n<!-- \/ Yoast SEO Premium plugin. -->","yoast_head_json":{"title":"ECLI:NL:RBAMS:2025:3728 Rechtbank Amsterdam , 28-05-2025 \/ 768975 - Ma\u00eetre Hassan Kohen, avocat en droit p\u00e9nal \u00e0 Paris","robots":{"index":"index","follow":"follow","max-snippet":"max-snippet:-1","max-image-preview":"max-image-preview:large","max-video-preview":"max-video-preview:-1"},"canonical":"https:\/\/kohenavocats.com\/ru\/jurisprudences\/eclinlrbams20253728-rechtbank-amsterdam-28-05-2025-768975\/","og_locale":"ru_RU","og_type":"article","og_title":"ECLI:NL:RBAMS:2025:3728 Rechtbank Amsterdam , 28-05-2025 \/ 768975","og_description":"Voorzieningenrechter acht zich niet bevoegd om kennis te nemen van de vorderingen, nu partijen zijn overeengekomen dat zij geschillen voorleggen aan de ICC. De arbeidsovereenkomst op grond waarvan de rechtbank Amsterdam bevoegd is en waarop eiser zich beroept, is na oprichting niet bekrachtigd en betalingen vonden ook niet plaats op grond van die arbeidsovereenkomst.","og_url":"https:\/\/kohenavocats.com\/ru\/jurisprudences\/eclinlrbams20253728-rechtbank-amsterdam-28-05-2025-768975\/","og_site_name":"Ma\u00eetre Hassan Kohen, avocat en droit p\u00e9nal \u00e0 Paris","twitter_card":"summary_large_image","twitter_misc":{"\u041f\u0440\u0438\u043c\u0435\u0440\u043d\u043e\u0435 \u0432\u0440\u0435\u043c\u044f \u0434\u043b\u044f \u0447\u0442\u0435\u043d\u0438\u044f":"4 \u043c\u0438\u043d\u0443\u0442\u044b"},"schema":{"@context":"https:\/\/schema.org","@graph":[{"@type":"WebPage","@id":"https:\/\/kohenavocats.com\/ru\/jurisprudences\/eclinlrbams20253728-rechtbank-amsterdam-28-05-2025-768975\/","url":"https:\/\/kohenavocats.com\/ru\/jurisprudences\/eclinlrbams20253728-rechtbank-amsterdam-28-05-2025-768975\/","name":"ECLI:NL:RBAMS:2025:3728 Rechtbank Amsterdam , 28-05-2025 \/ 768975 - Ma\u00eetre Hassan Kohen, avocat en droit p\u00e9nal \u00e0 Paris","isPartOf":{"@id":"https:\/\/kohenavocats.com\/ru\/#website"},"datePublished":"2026-04-25T15:46:46+00:00","breadcrumb":{"@id":"https:\/\/kohenavocats.com\/ru\/jurisprudences\/eclinlrbams20253728-rechtbank-amsterdam-28-05-2025-768975\/#breadcrumb"},"inLanguage":"ru-RU","potentialAction":[{"@type":"ReadAction","target":["https:\/\/kohenavocats.com\/ru\/jurisprudences\/eclinlrbams20253728-rechtbank-amsterdam-28-05-2025-768975\/"]}]},{"@type":"BreadcrumbList","@id":"https:\/\/kohenavocats.com\/ru\/jurisprudences\/eclinlrbams20253728-rechtbank-amsterdam-28-05-2025-768975\/#breadcrumb","itemListElement":[{"@type":"ListItem","position":1,"name":"Home","item":"https:\/\/kohenavocats.com\/ru\/avocats-en-droit-penal-a-paris-conseil-et-defense-strategique\/"},{"@type":"ListItem","position":2,"name":"Jurisprudences","item":"https:\/\/kohenavocats.com\/ru\/jurisprudences\/"},{"@type":"ListItem","position":3,"name":"ECLI:NL:RBAMS:2025:3728 Rechtbank Amsterdam , 28-05-2025 \/ 768975"}]},{"@type":"WebSite","@id":"https:\/\/kohenavocats.com\/ru\/#website","url":"https:\/\/kohenavocats.com\/ru\/","name":"Kohen Avocats","description":"Ma\u00eetre Hassan Kohen, avocat p\u00e9naliste \u00e0 Paris, intervient exclusivement en droit p\u00e9nal pour la d\u00e9fense des particuliers, notamment en mati\u00e8re d\u2019accusations de viol. Il assure un accompagnement rigoureux d\u00e8s la garde \u00e0 vue jusqu\u2019\u00e0 la Cour d\u2019assises, veillant au strict respect des garanties proc\u00e9durales.","publisher":{"@id":"https:\/\/kohenavocats.com\/ru\/#organization"},"potentialAction":[{"@type":"SearchAction","target":{"@type":"EntryPoint","urlTemplate":"https:\/\/kohenavocats.com\/ru\/?s={search_term_string}"},"query-input":{"@type":"PropertyValueSpecification","valueRequired":true,"valueName":"search_term_string"}}],"inLanguage":"ru-RU"},{"@type":"Organization","@id":"https:\/\/kohenavocats.com\/ru\/#organization","name":"Kohen Avocats","url":"https:\/\/kohenavocats.com\/ru\/","logo":{"@type":"ImageObject","inLanguage":"ru-RU","@id":"https:\/\/kohenavocats.com\/ru\/#\/schema\/logo\/image\/","url":"https:\/\/kohenavocats.com\/wp-content\/uploads\/2026\/01\/Logo-2-1.webp","contentUrl":"https:\/\/kohenavocats.com\/wp-content\/uploads\/2026\/01\/Logo-2-1.webp","width":2114,"height":1253,"caption":"Kohen Avocats"},"image":{"@id":"https:\/\/kohenavocats.com\/ru\/#\/schema\/logo\/image\/"}}]}},"jetpack_likes_enabled":false,"jetpack_sharing_enabled":true,"_links":{"self":[{"href":"https:\/\/kohenavocats.com\/ru\/wp-json\/wp\/v2\/kji_decision\/682629","targetHints":{"allow":["GET"]}}],"collection":[{"href":"https:\/\/kohenavocats.com\/ru\/wp-json\/wp\/v2\/kji_decision"}],"about":[{"href":"https:\/\/kohenavocats.com\/ru\/wp-json\/wp\/v2\/types\/kji_decision"}],"wp:attachment":[{"href":"https:\/\/kohenavocats.com\/ru\/wp-json\/wp\/v2\/media?parent=682629"}],"wp:term":[{"taxonomy":"kji_country","embeddable":true,"href":"https:\/\/kohenavocats.com\/ru\/wp-json\/wp\/v2\/kji_country?post=682629"},{"taxonomy":"kji_court","embeddable":true,"href":"https:\/\/kohenavocats.com\/ru\/wp-json\/wp\/v2\/kji_court?post=682629"},{"taxonomy":"kji_chamber","embeddable":true,"href":"https:\/\/kohenavocats.com\/ru\/wp-json\/wp\/v2\/kji_chamber?post=682629"},{"taxonomy":"kji_year","embeddable":true,"href":"https:\/\/kohenavocats.com\/ru\/wp-json\/wp\/v2\/kji_year?post=682629"},{"taxonomy":"kji_subject","embeddable":true,"href":"https:\/\/kohenavocats.com\/ru\/wp-json\/wp\/v2\/kji_subject?post=682629"},{"taxonomy":"kji_keyword","embeddable":true,"href":"https:\/\/kohenavocats.com\/ru\/wp-json\/wp\/v2\/kji_keyword?post=682629"},{"taxonomy":"kji_language","embeddable":true,"href":"https:\/\/kohenavocats.com\/ru\/wp-json\/wp\/v2\/kji_language?post=682629"}],"curies":[{"name":"wp","href":"https:\/\/api.w.org\/{rel}","templated":true}]}}