{"id":684362,"date":"2026-04-25T19:35:48","date_gmt":"2026-04-25T17:35:48","guid":{"rendered":"https:\/\/kohenavocats.com\/jurisprudences\/eclinlrvs20252408-raad-van-state-27-05-2025-202304845-1-v2-2\/"},"modified":"2026-04-25T19:35:48","modified_gmt":"2026-04-25T17:35:48","slug":"eclinlrvs20252408-raad-van-state-27-05-2025-202304845-1-v2-2","status":"publish","type":"kji_decision","link":"https:\/\/kohenavocats.com\/ru\/jurisprudences\/eclinlrvs20252408-raad-van-state-27-05-2025-202304845-1-v2-2\/","title":{"rendered":"ECLI:NL:RVS:2025:2408 Raad van State , 27-05-2025 \/ 202304845\/1\/V2"},"content":{"rendered":"<div class=\"kji-decision\">\n<div class=\"kji-full-text\">\n<p><strong>Inhoudsindicatie.<\/strong> Bij besluit van 26 januari 2022 heeft de staatssecretaris van Justitie en Veiligheid aanvragen om betrokkenen een machtiging tot voorlopig verblijf te verlenen, afgewezen.<\/p>\n<p>202304845\/1\/V2.<\/p>\n<p>Datum uitspraak: 27 mei 2025<\/p>\n<p>AFDELING<\/p>\n<p>BESTUURSRECHTSPRAAK<\/p>\n<p>Uitspraak met toepassing van artikel 8:54, eerste lid, van de Algemene wet bestuursrecht op het hoger beroep van:<\/p>\n<p>de minister van Asiel en Migratie,<\/p>\n<p>appellant,<\/p>\n<p>tegen de uitspraak van de rechtbank Den Haag, zittingsplaats Middelburg, van 4 juli 2023 in zaken nrs. NL23.9478, NL23.9479, NL23.9480, NL23.9481, NL23.9482 en NL23.9483 in het geding tussen:<\/p>\n<p>[betrokkene 1] en [betrokkene 2],<\/p>\n<p>en<\/p>\n<p>de minister.<\/p>\n<p>Procesverloop<\/p>\n<p>Bij besluit van 26 januari 2022 heeft de staatssecretaris van Justitie en Veiligheid aanvragen om betrokkenen een machtiging tot voorlopig verblijf te verlenen, afgewezen.<\/p>\n<p>Bij besluiten van 6 maart 2023 heeft de staatssecretaris het daartegen door betrokkenen gemaakte bezwaar ongegrond verklaard.<\/p>\n<p>Bij uitspraak van 4 juli 2023 heeft de rechtbank de daartegen door betrokkenen ingestelde beroepen gegrond verklaard, die besluiten vernietigd en bepaald dat de staatssecretaris een nieuw besluit op de gemaakte bezwaren neemt met inachtneming van de uitspraak.<\/p>\n<p>Tegen deze uitspraak heeft de staatssecretaris hoger beroep ingesteld.<\/p>\n<p>Betrokkenen, vertegenwoordigd door mr. A.W.J. van der Meer, advocaat in Dordrecht, hebben een schriftelijke uiteenzetting gegeven en voorwaardelijk incidenteel hoger beroep ingesteld.<\/p>\n<p>Overwegingen<\/p>\n<p>De eerste grief<\/p>\n<p>1. Wat de minister in haar eerste grief heeft aangevoerd tegen het oordeel van de rechtbank dat zij ondeugdelijk heeft gemotiveerd dat geen sprake is van bijkomende elementen van afhankelijkheid, leidt niet tot vernietiging van de uitspraak van de rechtbank. Dit oordeel hoeft niet verder te worden gemotiveerd. De reden daarvoor is dat de grief geen vragen bevat die in het belang van de rechtseenheid, de rechtsontwikkeling of de rechtsbescherming in algemene zin beantwoord moeten worden (artikel 91, tweede lid, van de Vw 2000).<\/p>\n<p>1.1. De rechtbank heeft namelijk een zorgvuldigheids- of motiveringsgebrek geconstateerd. De minister komt daartegen in hoger beroep op terwijl dat gebrek zich (los van de vraag wat de uitkomst van de nieuwe besluitvorming moet zijn) eenvoudig laat herstellen.<\/p>\n<p>De tweede grief<\/p>\n<p>2. Wat de minister in haar tweede grief heeft aangevoerd over de onjuiste toetsingsintensiteit, die de rechtbank heeft toegepast in de toetsing van de belangenafweging, is terecht voorgedragen. De rechtbank heeft overwogen dat de minister ten onrechte de belangenafweging in het nadeel van betrokkenen heeft laten uitvallen en een te groot gewicht heeft toegekend aan het Nederlands economisch belang. Hierdoor heeft de rechtbank in plaats van de vereiste mate van terughoudendheid te betrachten, een zelfstandige belangenafweging verricht en ten onrechte haar eigen oordeel over de belangenafweging in de plaats gesteld van dat van de minister.<\/p>\n<p>2.1. Hoewel de klacht in de tweede grief terecht is voorgedragen, kan deze grief niet leiden tot vernietiging van de uitspraak van de rechtbank, omdat de minister wegens het onder 1 en 1.1 bedoelde motiveringsgebrek hoe dan ook een nieuw besluit moet nemen. Bij het nemen van een nieuw besluit hoeft de minister evenwel geen uitvoering te geven aan de opdracht van de rechtbank voor zover die gaat over de belangenafweging. Als zij daaraan toekomt, moet zij wel alsnog een nieuwe belangenafweging maken met inachtneming van alle feiten en omstandigheden zoals die bestaan ten tijde van het nemen van dat besluit.<\/p>\n<p>Conclusie<\/p>\n<p>3. Het hoger beroep van de minister is ongegrond. Het voorwaardelijk incidenteel hoger beroep van betrokkenen is daarmee vervallen. De Afdeling bevestigt de uitspraak van de rechtbank met verbetering van de gronden waarop zij rust. De minister moet de proceskosten vergoeden.<\/p>\n<p>Beslissing<\/p>\n<p>De Afdeling bestuursrechtspraak van de Raad van State:<\/p>\n<p>I. bevestigt de aangevallen uitspraak;<\/p>\n<p>II. veroordeelt de minister van Asiel en Migratie tot vergoeding van bij betrokkenen in verband met de behandeling van het hoger beroep opgekomen proceskosten tot een bedrag van \u20ac 907,00, geheel toe te rekenen aan door een derde beroepsmatig verleende rechtsbijstand;<\/p>\n<p>III. bepaalt dat van de minister van Asiel en Migratie een griffierecht van \u20ac 548,00 wordt geheven.<\/p>\n<p>Aldus vastgesteld door mr. C.M. Wissels, voorzitter, en mr. C.C.W. Lange en mr. M. den Heyer, leden, in tegenwoordigheid van mr. P.A.M.J. Graat, griffier.<\/p>\n<p>w.g. Wissels<\/p>\n<p>voorzitter<\/p>\n<p>w.g. Graat<\/p>\n<p>griffier<\/p>\n<p>Uitgesproken in het openbaar op 27 mei 2025<\/p>\n<p>307-1127<\/p>\n<\/div>\n<hr class=\"kji-sep\" \/>\n<p class=\"kji-source-links\"><strong>Sources officielles :<\/strong> <a class=\"kji-source-link\" href=\"http:\/\/deeplink.rechtspraak.nl\/uitspraak?id=ECLI:NL:RVS:2025:2408\" target=\"_blank\" rel=\"noopener noreferrer\">consulter la page source<\/a><\/p>\n<p class=\"kji-license-note\"><em>Rechtspraak.nl open data, Creative Commons Zero. Volume cible 1.8M decisions.<\/em><\/p>\n<\/div>\n","protected":false},"excerpt":{"rendered":"<p>Bij besluit van 26 januari 2022 heeft de staatssecretaris van Justitie en Veiligheid aanvragen om betrokkenen een machtiging tot voorlopig verblijf te verlenen, afgewezen.<\/p>\n","protected":false},"featured_media":0,"template":"","meta":{"_crdt_document":""},"kji_country":[7669],"kji_court":[8622],"kji_chamber":[],"kji_year":[8463],"kji_subject":[7646],"kji_keyword":[7680,7673,12528,8624,7976],"kji_language":[7671],"class_list":["post-684362","kji_decision","type-kji_decision","status-publish","hentry","kji_country-pays-bas","kji_court-raad-van-state","kji_year-8463","kji_subject-divers","kji_keyword-besluit","kji_keyword-heeft","kji_keyword-januari","kji_keyword-staatssecretaris","kji_keyword-state","kji_language-nl"],"yoast_head":"<!-- This site is optimized with the Yoast SEO Premium plugin v27.5 (Yoast SEO v27.5) - https:\/\/yoast.com\/product\/yoast-seo-premium-wordpress\/ -->\n<title>ECLI:NL:RVS:2025:2408 Raad van State , 27-05-2025 \/ 202304845\/1\/V2 - Ma\u00eetre Hassan Kohen, avocat en droit p\u00e9nal \u00e0 Paris<\/title>\n<meta name=\"robots\" content=\"index, follow, max-snippet:-1, max-image-preview:large, max-video-preview:-1\" \/>\n<link rel=\"canonical\" href=\"https:\/\/kohenavocats.com\/ru\/jurisprudences\/eclinlrvs20252408-raad-van-state-27-05-2025-202304845-1-v2-2\/\" \/>\n<meta property=\"og:locale\" content=\"ru_RU\" \/>\n<meta property=\"og:type\" content=\"article\" \/>\n<meta property=\"og:title\" content=\"ECLI:NL:RVS:2025:2408 Raad van State , 27-05-2025 \/ 202304845\/1\/V2\" \/>\n<meta property=\"og:description\" content=\"Bij besluit van 26 januari 2022 heeft de staatssecretaris van Justitie en Veiligheid aanvragen om betrokkenen een machtiging tot voorlopig verblijf te verlenen, afgewezen.\" \/>\n<meta property=\"og:url\" content=\"https:\/\/kohenavocats.com\/ru\/jurisprudences\/eclinlrvs20252408-raad-van-state-27-05-2025-202304845-1-v2-2\/\" \/>\n<meta property=\"og:site_name\" content=\"Ma\u00eetre Hassan Kohen, avocat en droit p\u00e9nal \u00e0 Paris\" \/>\n<meta name=\"twitter:card\" content=\"summary_large_image\" \/>\n<meta name=\"twitter:label1\" content=\"\u041f\u0440\u0438\u043c\u0435\u0440\u043d\u043e\u0435 \u0432\u0440\u0435\u043c\u044f \u0434\u043b\u044f \u0447\u0442\u0435\u043d\u0438\u044f\" \/>\n\t<meta name=\"twitter:data1\" content=\"3 \u043c\u0438\u043d\u0443\u0442\u044b\" \/>\n<script type=\"application\/ld+json\" class=\"yoast-schema-graph\">{\"@context\":\"https:\\\/\\\/schema.org\",\"@graph\":[{\"@type\":\"WebPage\",\"@id\":\"https:\\\/\\\/kohenavocats.com\\\/ru\\\/jurisprudences\\\/eclinlrvs20252408-raad-van-state-27-05-2025-202304845-1-v2-2\\\/\",\"url\":\"https:\\\/\\\/kohenavocats.com\\\/ru\\\/jurisprudences\\\/eclinlrvs20252408-raad-van-state-27-05-2025-202304845-1-v2-2\\\/\",\"name\":\"ECLI:NL:RVS:2025:2408 Raad van State , 27-05-2025 \\\/ 202304845\\\/1\\\/V2 - Ma\u00eetre Hassan Kohen, avocat en droit p\u00e9nal \u00e0 Paris\",\"isPartOf\":{\"@id\":\"https:\\\/\\\/kohenavocats.com\\\/ru\\\/#website\"},\"datePublished\":\"2026-04-25T17:35:48+00:00\",\"breadcrumb\":{\"@id\":\"https:\\\/\\\/kohenavocats.com\\\/ru\\\/jurisprudences\\\/eclinlrvs20252408-raad-van-state-27-05-2025-202304845-1-v2-2\\\/#breadcrumb\"},\"inLanguage\":\"ru-RU\",\"potentialAction\":[{\"@type\":\"ReadAction\",\"target\":[\"https:\\\/\\\/kohenavocats.com\\\/ru\\\/jurisprudences\\\/eclinlrvs20252408-raad-van-state-27-05-2025-202304845-1-v2-2\\\/\"]}]},{\"@type\":\"BreadcrumbList\",\"@id\":\"https:\\\/\\\/kohenavocats.com\\\/ru\\\/jurisprudences\\\/eclinlrvs20252408-raad-van-state-27-05-2025-202304845-1-v2-2\\\/#breadcrumb\",\"itemListElement\":[{\"@type\":\"ListItem\",\"position\":1,\"name\":\"Home\",\"item\":\"https:\\\/\\\/kohenavocats.com\\\/ru\\\/avocats-en-droit-penal-a-paris-conseil-et-defense-strategique\\\/\"},{\"@type\":\"ListItem\",\"position\":2,\"name\":\"Jurisprudences\",\"item\":\"https:\\\/\\\/kohenavocats.com\\\/ru\\\/jurisprudences\\\/\"},{\"@type\":\"ListItem\",\"position\":3,\"name\":\"ECLI:NL:RVS:2025:2408 Raad van State , 27-05-2025 \\\/ 202304845\\\/1\\\/V2\"}]},{\"@type\":\"WebSite\",\"@id\":\"https:\\\/\\\/kohenavocats.com\\\/ru\\\/#website\",\"url\":\"https:\\\/\\\/kohenavocats.com\\\/ru\\\/\",\"name\":\"Kohen Avocats\",\"description\":\"Ma\u00eetre Hassan Kohen, avocat p\u00e9naliste \u00e0 Paris, intervient exclusivement en droit p\u00e9nal pour la d\u00e9fense des particuliers, notamment en mati\u00e8re d\u2019accusations de viol. Il assure un accompagnement rigoureux d\u00e8s la garde \u00e0 vue jusqu\u2019\u00e0 la Cour d\u2019assises, veillant au strict respect des garanties proc\u00e9durales.\",\"publisher\":{\"@id\":\"https:\\\/\\\/kohenavocats.com\\\/ru\\\/#organization\"},\"potentialAction\":[{\"@type\":\"SearchAction\",\"target\":{\"@type\":\"EntryPoint\",\"urlTemplate\":\"https:\\\/\\\/kohenavocats.com\\\/ru\\\/?s={search_term_string}\"},\"query-input\":{\"@type\":\"PropertyValueSpecification\",\"valueRequired\":true,\"valueName\":\"search_term_string\"}}],\"inLanguage\":\"ru-RU\"},{\"@type\":\"Organization\",\"@id\":\"https:\\\/\\\/kohenavocats.com\\\/ru\\\/#organization\",\"name\":\"Kohen Avocats\",\"url\":\"https:\\\/\\\/kohenavocats.com\\\/ru\\\/\",\"logo\":{\"@type\":\"ImageObject\",\"inLanguage\":\"ru-RU\",\"@id\":\"https:\\\/\\\/kohenavocats.com\\\/ru\\\/#\\\/schema\\\/logo\\\/image\\\/\",\"url\":\"https:\\\/\\\/kohenavocats.com\\\/wp-content\\\/uploads\\\/2026\\\/01\\\/Logo-2-1.webp\",\"contentUrl\":\"https:\\\/\\\/kohenavocats.com\\\/wp-content\\\/uploads\\\/2026\\\/01\\\/Logo-2-1.webp\",\"width\":2114,\"height\":1253,\"caption\":\"Kohen Avocats\"},\"image\":{\"@id\":\"https:\\\/\\\/kohenavocats.com\\\/ru\\\/#\\\/schema\\\/logo\\\/image\\\/\"}}]}<\/script>\n<!-- \/ Yoast SEO Premium plugin. -->","yoast_head_json":{"title":"ECLI:NL:RVS:2025:2408 Raad van State , 27-05-2025 \/ 202304845\/1\/V2 - Ma\u00eetre Hassan Kohen, avocat en droit p\u00e9nal \u00e0 Paris","robots":{"index":"index","follow":"follow","max-snippet":"max-snippet:-1","max-image-preview":"max-image-preview:large","max-video-preview":"max-video-preview:-1"},"canonical":"https:\/\/kohenavocats.com\/ru\/jurisprudences\/eclinlrvs20252408-raad-van-state-27-05-2025-202304845-1-v2-2\/","og_locale":"ru_RU","og_type":"article","og_title":"ECLI:NL:RVS:2025:2408 Raad van State , 27-05-2025 \/ 202304845\/1\/V2","og_description":"Bij besluit van 26 januari 2022 heeft de staatssecretaris van Justitie en Veiligheid aanvragen om betrokkenen een machtiging tot voorlopig verblijf te verlenen, afgewezen.","og_url":"https:\/\/kohenavocats.com\/ru\/jurisprudences\/eclinlrvs20252408-raad-van-state-27-05-2025-202304845-1-v2-2\/","og_site_name":"Ma\u00eetre Hassan Kohen, avocat en droit p\u00e9nal \u00e0 Paris","twitter_card":"summary_large_image","twitter_misc":{"\u041f\u0440\u0438\u043c\u0435\u0440\u043d\u043e\u0435 \u0432\u0440\u0435\u043c\u044f \u0434\u043b\u044f \u0447\u0442\u0435\u043d\u0438\u044f":"3 \u043c\u0438\u043d\u0443\u0442\u044b"},"schema":{"@context":"https:\/\/schema.org","@graph":[{"@type":"WebPage","@id":"https:\/\/kohenavocats.com\/ru\/jurisprudences\/eclinlrvs20252408-raad-van-state-27-05-2025-202304845-1-v2-2\/","url":"https:\/\/kohenavocats.com\/ru\/jurisprudences\/eclinlrvs20252408-raad-van-state-27-05-2025-202304845-1-v2-2\/","name":"ECLI:NL:RVS:2025:2408 Raad van State , 27-05-2025 \/ 202304845\/1\/V2 - Ma\u00eetre Hassan Kohen, avocat en droit p\u00e9nal \u00e0 Paris","isPartOf":{"@id":"https:\/\/kohenavocats.com\/ru\/#website"},"datePublished":"2026-04-25T17:35:48+00:00","breadcrumb":{"@id":"https:\/\/kohenavocats.com\/ru\/jurisprudences\/eclinlrvs20252408-raad-van-state-27-05-2025-202304845-1-v2-2\/#breadcrumb"},"inLanguage":"ru-RU","potentialAction":[{"@type":"ReadAction","target":["https:\/\/kohenavocats.com\/ru\/jurisprudences\/eclinlrvs20252408-raad-van-state-27-05-2025-202304845-1-v2-2\/"]}]},{"@type":"BreadcrumbList","@id":"https:\/\/kohenavocats.com\/ru\/jurisprudences\/eclinlrvs20252408-raad-van-state-27-05-2025-202304845-1-v2-2\/#breadcrumb","itemListElement":[{"@type":"ListItem","position":1,"name":"Home","item":"https:\/\/kohenavocats.com\/ru\/avocats-en-droit-penal-a-paris-conseil-et-defense-strategique\/"},{"@type":"ListItem","position":2,"name":"Jurisprudences","item":"https:\/\/kohenavocats.com\/ru\/jurisprudences\/"},{"@type":"ListItem","position":3,"name":"ECLI:NL:RVS:2025:2408 Raad van State , 27-05-2025 \/ 202304845\/1\/V2"}]},{"@type":"WebSite","@id":"https:\/\/kohenavocats.com\/ru\/#website","url":"https:\/\/kohenavocats.com\/ru\/","name":"Kohen Avocats","description":"Ma\u00eetre Hassan Kohen, avocat p\u00e9naliste \u00e0 Paris, intervient exclusivement en droit p\u00e9nal pour la d\u00e9fense des particuliers, notamment en mati\u00e8re d\u2019accusations de viol. Il assure un accompagnement rigoureux d\u00e8s la garde \u00e0 vue jusqu\u2019\u00e0 la Cour d\u2019assises, veillant au strict respect des garanties proc\u00e9durales.","publisher":{"@id":"https:\/\/kohenavocats.com\/ru\/#organization"},"potentialAction":[{"@type":"SearchAction","target":{"@type":"EntryPoint","urlTemplate":"https:\/\/kohenavocats.com\/ru\/?s={search_term_string}"},"query-input":{"@type":"PropertyValueSpecification","valueRequired":true,"valueName":"search_term_string"}}],"inLanguage":"ru-RU"},{"@type":"Organization","@id":"https:\/\/kohenavocats.com\/ru\/#organization","name":"Kohen Avocats","url":"https:\/\/kohenavocats.com\/ru\/","logo":{"@type":"ImageObject","inLanguage":"ru-RU","@id":"https:\/\/kohenavocats.com\/ru\/#\/schema\/logo\/image\/","url":"https:\/\/kohenavocats.com\/wp-content\/uploads\/2026\/01\/Logo-2-1.webp","contentUrl":"https:\/\/kohenavocats.com\/wp-content\/uploads\/2026\/01\/Logo-2-1.webp","width":2114,"height":1253,"caption":"Kohen Avocats"},"image":{"@id":"https:\/\/kohenavocats.com\/ru\/#\/schema\/logo\/image\/"}}]}},"jetpack_likes_enabled":false,"jetpack_sharing_enabled":true,"_links":{"self":[{"href":"https:\/\/kohenavocats.com\/ru\/wp-json\/wp\/v2\/kji_decision\/684362","targetHints":{"allow":["GET"]}}],"collection":[{"href":"https:\/\/kohenavocats.com\/ru\/wp-json\/wp\/v2\/kji_decision"}],"about":[{"href":"https:\/\/kohenavocats.com\/ru\/wp-json\/wp\/v2\/types\/kji_decision"}],"wp:attachment":[{"href":"https:\/\/kohenavocats.com\/ru\/wp-json\/wp\/v2\/media?parent=684362"}],"wp:term":[{"taxonomy":"kji_country","embeddable":true,"href":"https:\/\/kohenavocats.com\/ru\/wp-json\/wp\/v2\/kji_country?post=684362"},{"taxonomy":"kji_court","embeddable":true,"href":"https:\/\/kohenavocats.com\/ru\/wp-json\/wp\/v2\/kji_court?post=684362"},{"taxonomy":"kji_chamber","embeddable":true,"href":"https:\/\/kohenavocats.com\/ru\/wp-json\/wp\/v2\/kji_chamber?post=684362"},{"taxonomy":"kji_year","embeddable":true,"href":"https:\/\/kohenavocats.com\/ru\/wp-json\/wp\/v2\/kji_year?post=684362"},{"taxonomy":"kji_subject","embeddable":true,"href":"https:\/\/kohenavocats.com\/ru\/wp-json\/wp\/v2\/kji_subject?post=684362"},{"taxonomy":"kji_keyword","embeddable":true,"href":"https:\/\/kohenavocats.com\/ru\/wp-json\/wp\/v2\/kji_keyword?post=684362"},{"taxonomy":"kji_language","embeddable":true,"href":"https:\/\/kohenavocats.com\/ru\/wp-json\/wp\/v2\/kji_language?post=684362"}],"curies":[{"name":"wp","href":"https:\/\/api.w.org\/{rel}","templated":true}]}}