{"id":688094,"date":"2026-04-26T00:14:28","date_gmt":"2026-04-25T22:14:28","guid":{"rendered":"https:\/\/kohenavocats.com\/jurisprudences\/acordao-supremo-tribunal-de-justica-processo-931-14-0t8lou-p2-a-s1-2021-07-01\/"},"modified":"2026-04-26T00:14:28","modified_gmt":"2026-04-25T22:14:28","slug":"acordao-supremo-tribunal-de-justica-processo-931-14-0t8lou-p2-a-s1-2021-07-01","status":"publish","type":"kji_decision","link":"https:\/\/kohenavocats.com\/ru\/jurisprudences\/acordao-supremo-tribunal-de-justica-processo-931-14-0t8lou-p2-a-s1-2021-07-01\/","title":{"rendered":"Ac\u00f3rd\u00e3o Supremo Tribunal de Justi\u00e7a \u2013 Processo 931\/14.0T8LOU.P2-A.S1 \u2013 2021-07-01"},"content":{"rendered":"<div class=\"kji-decision\">\n<p class=\"kji-summary\">Relator: ROSA TCHING. I. A esp?cie de a??o executiva deve ser aferida em fun??o da natureza da obriga??o tal como consta do t?tulo executivo. II. Sendo t?tulo executivo uma senten?a, transitada em julgado, que condenou os ???executados a entregar aos exequentes as duas parcelas de terreno por eles ocupadas, ?no estado imediatamente anterior aos atos de ocupa??o?, a pretens?o ou provid?ncia executiva a deduzir, com vista ? realiza??o coativa desta obriga??o, n?o ? a execu??o para presta??o de facto, mas, antes, a execu??o para entrega de coisa certa, pois, neste caso, a obriga??o de ?pr?via reposi??o do estado antecedente aos atos de ocupa??o, n?o reveste autonomia em rela??o ? presta??o de entrega da coisa e, por isso, n?o faz transmutar, por si s?, a presta??o de dare em presta??o de facere. III. Se, com a entrega da coisa por via coerciva, a presta??o for satisfeita com atraso ou com a coisa em estado diferente do devido, assistir? ent?o ao credor o direito a ser indemnizado, cumulativamente, pelo preju?zo sofrido mediante aplica??o subsidi?ria, com as necess?rias aplica??es, do disposto no artigo 867?, do C?digo de Processo Civil.?? IV. A san??o pecuni?ria compuls?ria prevista no n? 1 do artigo 829?-A, do C?digo Civil, na medida em que se destina a compelir o devedor ao cumprimento em esp?cie de uma presta??o de facto infung?vel, n?o contempla as situa??es de mera falta de cumprimento atempado ou integral de presta??o de entrega da coisa, cuja san??o dever? ser obtida por via de indemniza??o complementar, como decorre do artigo 867?, do C?digo de Processo Civil. V. Tendo os exequentes instaurado a??o executiva para presta??o de facto com? pedido de? aplica??o de san??o pecuni?ria compuls?ria pelo per?odo de tempo de incumprimento dos executados e n?o correspondendo esta pretens?o ou provid?ncia executiva ? natureza da presta??o constante do t?tulo dado ? execu??o, estamos perante uma situa??o de inexist?ncia de t?tulo executivo, suscet?vel de ser conhecida, oficiosamente, e de acarretar a anula??o de todo o processado posterior ao requerimento executivo.<\/p>\n<hr class=\"kji-sep\" \/>\n<p class=\"kji-source-links\"><strong>Sources officielles :<\/strong> <a class=\"kji-source-link\" href=\"https:\/\/www.dgsi.pt\/jstj.nsf\/954f0ce6ad9dd8b980256b5f003fa814\/ae43dd518df6ef9180258706005cba8c?OpenDocument&#038;ExpandSection=1\" target=\"_blank\" rel=\"noopener noreferrer\">consulter la page source<\/a><\/p>\n<p class=\"kji-license-note\"><em>Portails officiels portugais (DGSI \/ Tribunal Constitucional). Republication en metadata_only par prudence licencielle ; consulter la source officielle pour le texte authentique.<\/em><\/p>\n<\/div>\n","protected":false},"excerpt":{"rendered":"<p>Relator: ROSA TCHING. I. A esp?cie de a??o executiva deve ser aferida em fun??o da natureza da obriga??o tal como consta do t?tulo executivo. II. Sendo t?tulo executivo uma senten?a, transitada em julgado, que condenou os ???executados a entregar aos exequentes as duas parcelas de terreno por eles ocupadas, ?no estado imediatamente anterior aos atos de ocupa??o?, a pretens?o ou provid?ncia executiva a deduzir, com vista ? realiza??o coativa desta obriga??o, n?o ? a execu??o para presta??o de facto, mas, antes, a execu??o para entrega de coisa certa, pois, neste caso, a obriga??o de ?pr?via reposi??o do estado antecedente aos atos de ocupa??o, n?o reveste autonomia em rela??o ? presta??o de entrega da coisa e, por isso, n?o faz transmutar, por si s?, a presta??o de dare em presta??o de facere. III. Se, com a entrega da coisa por via coerciva, a presta??o for satisfeita com atraso ou com a coisa em estado diferente do devido, assistir? ent?o ao credor o direito a ser indemnizado, cumulativamente, pelo preju?zo sofrido mediante aplica??o subsidi?ria, com as necess?rias aplica??es, do disposto no artigo 867?, do C?digo de Processo Civil.?? IV. A san??o pecuni?ria compuls?ria prevista no n? 1 do artigo 829?-A, do C?digo Civil, na medida em que se destina a compelir o devedor ao cumprimento em esp?cie de uma presta??o de facto infung?vel, n?o contempla as situa??es de mera falta de cumprimento atempado ou integral de presta??o de entrega da coisa, cuja san??o dever? ser obtida por via de indemniza??o complementar, como decorre do artigo 867?, do C?digo de Processo Civil. V. Tendo os exequentes instaurado a??o executiva para presta??o de facto com? pedido de? aplica??o de san??o pecuni?ria compuls?ria pelo per?odo de tempo de incumprimento dos executados e n?o correspondendo esta pretens?o ou provid?ncia executiva ? natureza da presta??o constante do t?tulo dado ? execu??o, estamos perante uma situa??o de inexist?ncia de t?tulo executivo, suscet?vel de ser conhecida, oficiosamente, e de acarretar a anula??o de todo o processado posterior ao requerimento executivo.<\/p>\n","protected":false},"featured_media":0,"template":"","meta":{"_crdt_document":""},"kji_country":[7762],"kji_court":[7763],"kji_chamber":[8784],"kji_year":[36297],"kji_subject":[7724],"kji_keyword":[7772,7774,7771,7773,7636],"kji_language":[7770],"class_list":["post-688094","kji_decision","type-kji_decision","status-publish","hentry","kji_country-portugal","kji_court-supremo-tribunal-de-justica","kji_chamber-2-seco","kji_year-36297","kji_subject-civil","kji_keyword-acordao","kji_keyword-justica","kji_keyword-processo","kji_keyword-supremo","kji_keyword-tribunal","kji_language-pt"],"yoast_head":"<!-- This site is optimized with the Yoast SEO Premium plugin v27.4 (Yoast SEO v27.4) - https:\/\/yoast.com\/product\/yoast-seo-premium-wordpress\/ -->\n<title>Ac\u00f3rd\u00e3o Supremo Tribunal de Justi\u00e7a \u2013 Processo 931\/14.0T8LOU.P2-A.S1 \u2013 2021-07-01 - Ma\u00eetre Hassan Kohen, avocat en droit p\u00e9nal \u00e0 Paris<\/title>\n<meta name=\"robots\" content=\"index, follow, max-snippet:-1, max-image-preview:large, max-video-preview:-1\" \/>\n<link rel=\"canonical\" href=\"https:\/\/kohenavocats.com\/ru\/jurisprudences\/acordao-supremo-tribunal-de-justica-processo-931-14-0t8lou-p2-a-s1-2021-07-01\/\" \/>\n<meta property=\"og:locale\" content=\"ru_RU\" \/>\n<meta property=\"og:type\" content=\"article\" \/>\n<meta property=\"og:title\" content=\"Ac\u00f3rd\u00e3o Supremo Tribunal de Justi\u00e7a \u2013 Processo 931\/14.0T8LOU.P2-A.S1 \u2013 2021-07-01\" \/>\n<meta property=\"og:description\" content=\"Relator: ROSA TCHING. I. A esp?cie de a??o executiva deve ser aferida em fun??o da natureza da obriga??o tal como consta do t?tulo executivo. II. Sendo t?tulo executivo uma senten?a, transitada em julgado, que condenou os ???executados a entregar aos exequentes as duas parcelas de terreno por eles ocupadas, ?no estado imediatamente anterior aos atos de ocupa??o?, a pretens?o ou provid?ncia executiva a deduzir, com vista ? realiza??o coativa desta obriga??o, n?o ? a execu??o para presta??o de facto, mas, antes, a execu??o para entrega de coisa certa, pois, neste caso, a obriga??o de ?pr?via reposi??o do estado antecedente aos atos de ocupa??o, n?o reveste autonomia em rela??o ? presta??o de entrega da coisa e, por isso, n?o faz transmutar, por si s?, a presta??o de dare em presta??o de facere. III. Se, com a entrega da coisa por via coerciva, a presta??o for satisfeita com atraso ou com a coisa em estado diferente do devido, assistir? ent?o ao credor o direito a ser indemnizado, cumulativamente, pelo preju?zo sofrido mediante aplica??o subsidi?ria, com as necess?rias aplica??es, do disposto no artigo 867?, do C?digo de Processo Civil.?? IV. A san??o pecuni?ria compuls?ria prevista no n? 1 do artigo 829?-A, do C?digo Civil, na medida em que se destina a compelir o devedor ao cumprimento em esp?cie de uma presta??o de facto infung?vel, n?o contempla as situa??es de mera falta de cumprimento atempado ou integral de presta??o de entrega da coisa, cuja san??o dever? ser obtida por via de indemniza??o complementar, como decorre do artigo 867?, do C?digo de Processo Civil. V. Tendo os exequentes instaurado a??o executiva para presta??o de facto com? pedido de? aplica??o de san??o pecuni?ria compuls?ria pelo per?odo de tempo de incumprimento dos executados e n?o correspondendo esta pretens?o ou provid?ncia executiva ? natureza da presta??o constante do t?tulo dado ? execu??o, estamos perante uma situa??o de inexist?ncia de t?tulo executivo, suscet?vel de ser conhecida, oficiosamente, e de acarretar a anula??o de todo o processado posterior ao requerimento executivo.\" \/>\n<meta property=\"og:url\" content=\"https:\/\/kohenavocats.com\/ru\/jurisprudences\/acordao-supremo-tribunal-de-justica-processo-931-14-0t8lou-p2-a-s1-2021-07-01\/\" \/>\n<meta property=\"og:site_name\" content=\"Ma\u00eetre Hassan Kohen, avocat en droit p\u00e9nal \u00e0 Paris\" \/>\n<meta name=\"twitter:card\" content=\"summary_large_image\" \/>\n<meta name=\"twitter:label1\" content=\"\u041f\u0440\u0438\u043c\u0435\u0440\u043d\u043e\u0435 \u0432\u0440\u0435\u043c\u044f \u0434\u043b\u044f \u0447\u0442\u0435\u043d\u0438\u044f\" \/>\n\t<meta name=\"twitter:data1\" content=\"2 \u043c\u0438\u043d\u0443\u0442\u044b\" \/>\n<script type=\"application\/ld+json\" class=\"yoast-schema-graph\">{\"@context\":\"https:\\\/\\\/schema.org\",\"@graph\":[{\"@type\":\"WebPage\",\"@id\":\"https:\\\/\\\/kohenavocats.com\\\/ru\\\/jurisprudences\\\/acordao-supremo-tribunal-de-justica-processo-931-14-0t8lou-p2-a-s1-2021-07-01\\\/\",\"url\":\"https:\\\/\\\/kohenavocats.com\\\/ru\\\/jurisprudences\\\/acordao-supremo-tribunal-de-justica-processo-931-14-0t8lou-p2-a-s1-2021-07-01\\\/\",\"name\":\"Ac\u00f3rd\u00e3o Supremo Tribunal de Justi\u00e7a \u2013 Processo 931\\\/14.0T8LOU.P2-A.S1 \u2013 2021-07-01 - Ma\u00eetre Hassan Kohen, avocat en droit p\u00e9nal \u00e0 Paris\",\"isPartOf\":{\"@id\":\"https:\\\/\\\/kohenavocats.com\\\/ru\\\/#website\"},\"datePublished\":\"2026-04-25T22:14:28+00:00\",\"breadcrumb\":{\"@id\":\"https:\\\/\\\/kohenavocats.com\\\/ru\\\/jurisprudences\\\/acordao-supremo-tribunal-de-justica-processo-931-14-0t8lou-p2-a-s1-2021-07-01\\\/#breadcrumb\"},\"inLanguage\":\"ru-RU\",\"potentialAction\":[{\"@type\":\"ReadAction\",\"target\":[\"https:\\\/\\\/kohenavocats.com\\\/ru\\\/jurisprudences\\\/acordao-supremo-tribunal-de-justica-processo-931-14-0t8lou-p2-a-s1-2021-07-01\\\/\"]}]},{\"@type\":\"BreadcrumbList\",\"@id\":\"https:\\\/\\\/kohenavocats.com\\\/ru\\\/jurisprudences\\\/acordao-supremo-tribunal-de-justica-processo-931-14-0t8lou-p2-a-s1-2021-07-01\\\/#breadcrumb\",\"itemListElement\":[{\"@type\":\"ListItem\",\"position\":1,\"name\":\"Home\",\"item\":\"https:\\\/\\\/kohenavocats.com\\\/ru\\\/avocats-en-droit-penal-a-paris-conseil-et-defense-strategique\\\/\"},{\"@type\":\"ListItem\",\"position\":2,\"name\":\"Jurisprudences\",\"item\":\"https:\\\/\\\/kohenavocats.com\\\/ru\\\/jurisprudences\\\/\"},{\"@type\":\"ListItem\",\"position\":3,\"name\":\"Ac\u00f3rd\u00e3o Supremo Tribunal de Justi\u00e7a \u2013 Processo 931\\\/14.0T8LOU.P2-A.S1 \u2013 2021-07-01\"}]},{\"@type\":\"WebSite\",\"@id\":\"https:\\\/\\\/kohenavocats.com\\\/ru\\\/#website\",\"url\":\"https:\\\/\\\/kohenavocats.com\\\/ru\\\/\",\"name\":\"Kohen Avocats\",\"description\":\"Ma\u00eetre Hassan Kohen, avocat p\u00e9naliste \u00e0 Paris, intervient exclusivement en droit p\u00e9nal pour la d\u00e9fense des particuliers, notamment en mati\u00e8re d\u2019accusations de viol. Il assure un accompagnement rigoureux d\u00e8s la garde \u00e0 vue jusqu\u2019\u00e0 la Cour d\u2019assises, veillant au strict respect des garanties proc\u00e9durales.\",\"publisher\":{\"@id\":\"https:\\\/\\\/kohenavocats.com\\\/ru\\\/#organization\"},\"potentialAction\":[{\"@type\":\"SearchAction\",\"target\":{\"@type\":\"EntryPoint\",\"urlTemplate\":\"https:\\\/\\\/kohenavocats.com\\\/ru\\\/?s={search_term_string}\"},\"query-input\":{\"@type\":\"PropertyValueSpecification\",\"valueRequired\":true,\"valueName\":\"search_term_string\"}}],\"inLanguage\":\"ru-RU\"},{\"@type\":\"Organization\",\"@id\":\"https:\\\/\\\/kohenavocats.com\\\/ru\\\/#organization\",\"name\":\"Kohen Avocats\",\"url\":\"https:\\\/\\\/kohenavocats.com\\\/ru\\\/\",\"logo\":{\"@type\":\"ImageObject\",\"inLanguage\":\"ru-RU\",\"@id\":\"https:\\\/\\\/kohenavocats.com\\\/ru\\\/#\\\/schema\\\/logo\\\/image\\\/\",\"url\":\"https:\\\/\\\/kohenavocats.com\\\/wp-content\\\/uploads\\\/2026\\\/01\\\/Logo-2-1.webp\",\"contentUrl\":\"https:\\\/\\\/kohenavocats.com\\\/wp-content\\\/uploads\\\/2026\\\/01\\\/Logo-2-1.webp\",\"width\":2114,\"height\":1253,\"caption\":\"Kohen Avocats\"},\"image\":{\"@id\":\"https:\\\/\\\/kohenavocats.com\\\/ru\\\/#\\\/schema\\\/logo\\\/image\\\/\"}}]}<\/script>\n<!-- \/ Yoast SEO Premium plugin. -->","yoast_head_json":{"title":"Ac\u00f3rd\u00e3o Supremo Tribunal de Justi\u00e7a \u2013 Processo 931\/14.0T8LOU.P2-A.S1 \u2013 2021-07-01 - Ma\u00eetre Hassan Kohen, avocat en droit p\u00e9nal \u00e0 Paris","robots":{"index":"index","follow":"follow","max-snippet":"max-snippet:-1","max-image-preview":"max-image-preview:large","max-video-preview":"max-video-preview:-1"},"canonical":"https:\/\/kohenavocats.com\/ru\/jurisprudences\/acordao-supremo-tribunal-de-justica-processo-931-14-0t8lou-p2-a-s1-2021-07-01\/","og_locale":"ru_RU","og_type":"article","og_title":"Ac\u00f3rd\u00e3o Supremo Tribunal de Justi\u00e7a \u2013 Processo 931\/14.0T8LOU.P2-A.S1 \u2013 2021-07-01","og_description":"Relator: ROSA TCHING. I. A esp?cie de a??o executiva deve ser aferida em fun??o da natureza da obriga??o tal como consta do t?tulo executivo. II. Sendo t?tulo executivo uma senten?a, transitada em julgado, que condenou os ???executados a entregar aos exequentes as duas parcelas de terreno por eles ocupadas, ?no estado imediatamente anterior aos atos de ocupa??o?, a pretens?o ou provid?ncia executiva a deduzir, com vista ? realiza??o coativa desta obriga??o, n?o ? a execu??o para presta??o de facto, mas, antes, a execu??o para entrega de coisa certa, pois, neste caso, a obriga??o de ?pr?via reposi??o do estado antecedente aos atos de ocupa??o, n?o reveste autonomia em rela??o ? presta??o de entrega da coisa e, por isso, n?o faz transmutar, por si s?, a presta??o de dare em presta??o de facere. III. Se, com a entrega da coisa por via coerciva, a presta??o for satisfeita com atraso ou com a coisa em estado diferente do devido, assistir? ent?o ao credor o direito a ser indemnizado, cumulativamente, pelo preju?zo sofrido mediante aplica??o subsidi?ria, com as necess?rias aplica??es, do disposto no artigo 867?, do C?digo de Processo Civil.?? IV. A san??o pecuni?ria compuls?ria prevista no n? 1 do artigo 829?-A, do C?digo Civil, na medida em que se destina a compelir o devedor ao cumprimento em esp?cie de uma presta??o de facto infung?vel, n?o contempla as situa??es de mera falta de cumprimento atempado ou integral de presta??o de entrega da coisa, cuja san??o dever? ser obtida por via de indemniza??o complementar, como decorre do artigo 867?, do C?digo de Processo Civil. V. Tendo os exequentes instaurado a??o executiva para presta??o de facto com? pedido de? aplica??o de san??o pecuni?ria compuls?ria pelo per?odo de tempo de incumprimento dos executados e n?o correspondendo esta pretens?o ou provid?ncia executiva ? natureza da presta??o constante do t?tulo dado ? execu??o, estamos perante uma situa??o de inexist?ncia de t?tulo executivo, suscet?vel de ser conhecida, oficiosamente, e de acarretar a anula??o de todo o processado posterior ao requerimento executivo.","og_url":"https:\/\/kohenavocats.com\/ru\/jurisprudences\/acordao-supremo-tribunal-de-justica-processo-931-14-0t8lou-p2-a-s1-2021-07-01\/","og_site_name":"Ma\u00eetre Hassan Kohen, avocat en droit p\u00e9nal \u00e0 Paris","twitter_card":"summary_large_image","twitter_misc":{"\u041f\u0440\u0438\u043c\u0435\u0440\u043d\u043e\u0435 \u0432\u0440\u0435\u043c\u044f \u0434\u043b\u044f \u0447\u0442\u0435\u043d\u0438\u044f":"2 \u043c\u0438\u043d\u0443\u0442\u044b"},"schema":{"@context":"https:\/\/schema.org","@graph":[{"@type":"WebPage","@id":"https:\/\/kohenavocats.com\/ru\/jurisprudences\/acordao-supremo-tribunal-de-justica-processo-931-14-0t8lou-p2-a-s1-2021-07-01\/","url":"https:\/\/kohenavocats.com\/ru\/jurisprudences\/acordao-supremo-tribunal-de-justica-processo-931-14-0t8lou-p2-a-s1-2021-07-01\/","name":"Ac\u00f3rd\u00e3o Supremo Tribunal de Justi\u00e7a \u2013 Processo 931\/14.0T8LOU.P2-A.S1 \u2013 2021-07-01 - Ma\u00eetre Hassan Kohen, avocat en droit p\u00e9nal \u00e0 Paris","isPartOf":{"@id":"https:\/\/kohenavocats.com\/ru\/#website"},"datePublished":"2026-04-25T22:14:28+00:00","breadcrumb":{"@id":"https:\/\/kohenavocats.com\/ru\/jurisprudences\/acordao-supremo-tribunal-de-justica-processo-931-14-0t8lou-p2-a-s1-2021-07-01\/#breadcrumb"},"inLanguage":"ru-RU","potentialAction":[{"@type":"ReadAction","target":["https:\/\/kohenavocats.com\/ru\/jurisprudences\/acordao-supremo-tribunal-de-justica-processo-931-14-0t8lou-p2-a-s1-2021-07-01\/"]}]},{"@type":"BreadcrumbList","@id":"https:\/\/kohenavocats.com\/ru\/jurisprudences\/acordao-supremo-tribunal-de-justica-processo-931-14-0t8lou-p2-a-s1-2021-07-01\/#breadcrumb","itemListElement":[{"@type":"ListItem","position":1,"name":"Home","item":"https:\/\/kohenavocats.com\/ru\/avocats-en-droit-penal-a-paris-conseil-et-defense-strategique\/"},{"@type":"ListItem","position":2,"name":"Jurisprudences","item":"https:\/\/kohenavocats.com\/ru\/jurisprudences\/"},{"@type":"ListItem","position":3,"name":"Ac\u00f3rd\u00e3o Supremo Tribunal de Justi\u00e7a \u2013 Processo 931\/14.0T8LOU.P2-A.S1 \u2013 2021-07-01"}]},{"@type":"WebSite","@id":"https:\/\/kohenavocats.com\/ru\/#website","url":"https:\/\/kohenavocats.com\/ru\/","name":"Kohen Avocats","description":"Ma\u00eetre Hassan Kohen, avocat p\u00e9naliste \u00e0 Paris, intervient exclusivement en droit p\u00e9nal pour la d\u00e9fense des particuliers, notamment en mati\u00e8re d\u2019accusations de viol. Il assure un accompagnement rigoureux d\u00e8s la garde \u00e0 vue jusqu\u2019\u00e0 la Cour d\u2019assises, veillant au strict respect des garanties proc\u00e9durales.","publisher":{"@id":"https:\/\/kohenavocats.com\/ru\/#organization"},"potentialAction":[{"@type":"SearchAction","target":{"@type":"EntryPoint","urlTemplate":"https:\/\/kohenavocats.com\/ru\/?s={search_term_string}"},"query-input":{"@type":"PropertyValueSpecification","valueRequired":true,"valueName":"search_term_string"}}],"inLanguage":"ru-RU"},{"@type":"Organization","@id":"https:\/\/kohenavocats.com\/ru\/#organization","name":"Kohen Avocats","url":"https:\/\/kohenavocats.com\/ru\/","logo":{"@type":"ImageObject","inLanguage":"ru-RU","@id":"https:\/\/kohenavocats.com\/ru\/#\/schema\/logo\/image\/","url":"https:\/\/kohenavocats.com\/wp-content\/uploads\/2026\/01\/Logo-2-1.webp","contentUrl":"https:\/\/kohenavocats.com\/wp-content\/uploads\/2026\/01\/Logo-2-1.webp","width":2114,"height":1253,"caption":"Kohen Avocats"},"image":{"@id":"https:\/\/kohenavocats.com\/ru\/#\/schema\/logo\/image\/"}}]}},"jetpack_likes_enabled":false,"jetpack_sharing_enabled":true,"_links":{"self":[{"href":"https:\/\/kohenavocats.com\/ru\/wp-json\/wp\/v2\/kji_decision\/688094","targetHints":{"allow":["GET"]}}],"collection":[{"href":"https:\/\/kohenavocats.com\/ru\/wp-json\/wp\/v2\/kji_decision"}],"about":[{"href":"https:\/\/kohenavocats.com\/ru\/wp-json\/wp\/v2\/types\/kji_decision"}],"wp:attachment":[{"href":"https:\/\/kohenavocats.com\/ru\/wp-json\/wp\/v2\/media?parent=688094"}],"wp:term":[{"taxonomy":"kji_country","embeddable":true,"href":"https:\/\/kohenavocats.com\/ru\/wp-json\/wp\/v2\/kji_country?post=688094"},{"taxonomy":"kji_court","embeddable":true,"href":"https:\/\/kohenavocats.com\/ru\/wp-json\/wp\/v2\/kji_court?post=688094"},{"taxonomy":"kji_chamber","embeddable":true,"href":"https:\/\/kohenavocats.com\/ru\/wp-json\/wp\/v2\/kji_chamber?post=688094"},{"taxonomy":"kji_year","embeddable":true,"href":"https:\/\/kohenavocats.com\/ru\/wp-json\/wp\/v2\/kji_year?post=688094"},{"taxonomy":"kji_subject","embeddable":true,"href":"https:\/\/kohenavocats.com\/ru\/wp-json\/wp\/v2\/kji_subject?post=688094"},{"taxonomy":"kji_keyword","embeddable":true,"href":"https:\/\/kohenavocats.com\/ru\/wp-json\/wp\/v2\/kji_keyword?post=688094"},{"taxonomy":"kji_language","embeddable":true,"href":"https:\/\/kohenavocats.com\/ru\/wp-json\/wp\/v2\/kji_language?post=688094"}],"curies":[{"name":"wp","href":"https:\/\/api.w.org\/{rel}","templated":true}]}}