{"id":691897,"date":"2026-04-26T11:52:37","date_gmt":"2026-04-26T09:52:37","guid":{"rendered":"https:\/\/kohenavocats.com\/jurisprudences\/tribunal-federal-suisse-14-mai-2021-n-5a-357-2021\/"},"modified":"2026-04-26T11:52:37","modified_gmt":"2026-04-26T09:52:37","slug":"tribunal-federal-suisse-14-mai-2021-n-5a-357-2021","status":"publish","type":"kji_decision","link":"https:\/\/kohenavocats.com\/ru\/jurisprudences\/tribunal-federal-suisse-14-mai-2021-n-5a-357-2021\/","title":{"rendered":"Tribunal f\u00e9d\u00e9ral suisse, 14 mai 2021, n\u00b0 5A 357-2021"},"content":{"rendered":"<div class=\"kji-decision\">\n<div class=\"kji-full-text\">\n<p>Bundesgericht<\/p>\n<p>Tribunal f\u00e9d\u00e9ral<\/p>\n<p>Tribunale federale<\/p>\n<p>Tribunal federal<\/p>\n<p>5A_357\/2021<\/p>\n<p>Arr\u00eat du 14 mai 2021<\/p>\n<p>IIe Cour de droit civil<\/p>\n<p>Composition<\/p>\n<p>M. le Juge f\u00e9d\u00e9ral Herrmann, Pr\u00e9sident.<\/p>\n<p>Greffi\u00e8re : Mme Gauron-Carlin.<\/p>\n<p>Participants \u00e0 la proc\u00e9dure<\/p>\n<p>A.________,<\/p>\n<p>recourant,<\/p>\n<p>contre<\/p>\n<p>Office des poursuites de la Broye,<\/p>\n<p>rue St-Laurent 5, 1470 Estavayer-le-Lac.<\/p>\n<p>Objet<\/p>\n<p>for de la poursuite et minimum vital (plainte LP),<\/p>\n<p>recours contre l&#039;arr\u00eat de la Chambre des poursuites et faillites du Tribunal cantonal de l&#039;\u00c9tat de Fribourg du 9 avril 2021 (105 2021 9).<\/p>\n<p>Consid\u00e9rant en fait et en droit :<\/p>\n<p>1.<\/p>\n<p>Par arr\u00eat du 9 avril 2021, la Chambre des poursuites et faillites du Tribunal cantonal de l&#039;\u00c9tat de Fribourg a rejet\u00e9 la plainte form\u00e9e le 20 janvier 2021 par A.________ contre la d\u00e9cision de saisie de salaire rendue par l&#039;Office des poursuites de la Broye, contestant la comp\u00e9tence de cette autorit\u00e9 et en cons\u00e9quence la validit\u00e9 de ses actes de poursuites, ainsi que l&#039;\u00e9tablissement de son minimum vital.<\/p>\n<p>2.<\/p>\n<p>Par acte remis \u00e0 la Poste suisse le 3 mai 2021 \u00e0 l&#039;adresse du Tribunal cantonal de l&#039;\u00c9tat de Fribourg et transmis par cette autorit\u00e9 au Tribunal f\u00e9d\u00e9ral comme objet de sa comp\u00e9tence, A.________ exerce un recours, r\u00e9it\u00e9rant ne pas \u00eatre domicili\u00e9 \u00e0 U.________, en sorte que l&#039;Office des poursuites de la Broye n&#039;est pas comp\u00e9tent. Il requiert la d\u00e9signation d&#039;un avocat d&#039;office pour le repr\u00e9senter pour la proc\u00e9dure f\u00e9d\u00e9rale.<\/p>\n<p>3.<\/p>\n<p>Aux termes de l&#039;art. 42 LTF, le recours doit exposer succinctement en quoi l&#039;acte attaqu\u00e9 est contraire au droit (al. 2); \u00e0 d\u00e9faut, le recours est irrecevable. Le recourant doit par cons\u00e9quent discuter les motifs de la d\u00e9cision entreprise et indiquer pr\u00e9cis\u00e9ment en quoi il estime que l&#039;autorit\u00e9 pr\u00e9c\u00e9dente a m\u00e9connu le droit (ATF 142 I 99 consid. 1.7.1; 142 III 364 consid. 2.4 et la r\u00e9f\u00e9rence).<\/p>\n<p>En l&#039;occurrence, le recourant se limite \u00e0 r\u00e9affirmer qu&#039;il ne serait pas domicili\u00e9 \u00e0 U.________, sans discuter &#8212; m\u00eame bri\u00e8vement &#8212; les consid\u00e9rants de l&#039;arr\u00eat entrepris. Ce faisant, il n&#039;expose nullement en quoi la cour cantonale aurait viol\u00e9 le droit ou la Constitution. L&#039;argumentation ne satisfait donc manifestement pas aux exigences minimales de motivation, de sorte que le recours est d&#039;embl\u00e9e irrecevable (cf. art. 42 al. 2 LTF).<\/p>\n<p>4.<\/p>\n<p>La requ\u00eate tendant \u00e0 la d\u00e9signation d&#039;un avocat comme conseil d&#039;office pour d\u00e9fendre ses int\u00e9r\u00eats devant le Tribunal f\u00e9d\u00e9ral est vaine, d\u00e8s lors que le d\u00e9lai de recours est \u00e9chu et n&#039;est pas susceptible d&#039;\u00eatre prolong\u00e9 (art. 100 al. 1 LTF), en sorte qu&#039;un \u00e9ventuel mandataire ne serait plus en mesure de d\u00e9poser un acte formellement recevable.<\/p>\n<p>5.<\/p>\n<p>En d\u00e9finitive, le recours doit \u00eatre d\u00e9clar\u00e9 d&#039;embl\u00e9e irrecevable selon la proc\u00e9dure simplifi\u00e9e de l&#039;art. 108 al. 1 let. b LTF.<\/p>\n<p>Les frais judiciaires, arr\u00eat\u00e9s \u00e0 500 fr., sont mis \u00e0 la charge du recourant qui succombe (art. 66 al. 1 LTF).<\/p>\n<p>Par ces motifs, le Pr\u00e9sident prononce :<\/p>\n<p>1.<\/p>\n<p>Le recours est irrecevable.<\/p>\n<p>2.<\/p>\n<p>La requ\u00eate tendant \u00e0 la d\u00e9signation d&#039;un avocat d&#039;office est rejet\u00e9e.<\/p>\n<p>3.<\/p>\n<p>Les frais judiciaires, arr\u00eat\u00e9s \u00e0 500 fr., sont mis \u00e0 la charge du recourant.<\/p>\n<p>4.<\/p>\n<p>Le pr\u00e9sent arr\u00eat est communiqu\u00e9 au recourant, \u00e0 l&#039;Office des poursuites de la Broye et \u00e0 la Chambre des poursuites et faillites du Tribunal cantonal de l&#039;Etat de Fribourg.<\/p>\n<p>Lausanne, le 14 mai 2021<\/p>\n<p>Au nom de la IIe Cour de droit civil<\/p>\n<p>du Tribunal f\u00e9d\u00e9ral suisse<\/p>\n<p>Le Pr\u00e9sident : Herrmann<\/p>\n<p>La Greffi\u00e8re : Gauron-Carlin<\/p>\n<\/div>\n<hr class=\"kji-sep\" \/>\n<p class=\"kji-source-links\"><strong>Sources officielles :<\/strong> <a class=\"kji-source-link\" href=\"https:\/\/search.bger.ch\/ext\/eurospider\/live\/fr\/php\/aza\/http\/index.php?lang=fr&#038;type=highlight_simple_query&#038;page=5&#038;from_date=&#038;to_date=&#038;sort=relevance&#038;insertion_date=&#038;top_subcollection_aza=all&#038;query_words=poursuite&#038;rank=44&#038;azaclir=aza&#038;highlight_docid=aza%3A%2F%2F14-05-2021-5A_357-2021&#038;number_of_ranks=9677\" target=\"_blank\" rel=\"noopener noreferrer\">consulter la page source<\/a><\/p>\n<p class=\"kji-license-note\"><em>Source officielle Tribunal federal suisse. Contenu HTML public, PDF non garanti en version gratuite.<\/em><\/p>\n<\/div>\n","protected":false},"excerpt":{"rendered":"<p>Bundesgericht Tribunal f\u00e9d\u00e9ral Tribunale federale Tribunal federal 5A_357\/2021 Arr\u00eat du 14 mai 2021 IIe Cour de droit civil Composition M. le Juge f\u00e9d\u00e9ral Herrmann, Pr\u00e9sident. Greffi\u00e8re : Mme Gauron-Carlin. Participants \u00e0 la proc\u00e9dure A.________, recourant, contre Office des poursuites de la Broye, rue St-Laurent 5, 1470 Estavayer-le-Lac. Objet for de la poursuite et minimum vital&#8230;<\/p>\n","protected":false},"featured_media":0,"template":"","meta":{"_crdt_document":""},"kji_country":[9676],"kji_court":[9677],"kji_chamber":[9798],"kji_year":[36297],"kji_subject":[7724],"kji_keyword":[9799,9679,9680,7636],"kji_language":[7733],"class_list":["post-691897","kji_decision","type-kji_decision","status-publish","hentry","kji_country-suisse","kji_court-tribunal-federal-suisse","kji_chamber-cour-de-droit-civil","kji_year-36297","kji_subject-civil","kji_keyword-bundesgericht","kji_keyword-federal","kji_keyword-suisse","kji_keyword-tribunal","kji_language-francais"],"yoast_head":"<!-- This site is optimized with the Yoast SEO Premium plugin v27.5 (Yoast SEO v27.5) - https:\/\/yoast.com\/product\/yoast-seo-premium-wordpress\/ -->\n<title>Tribunal f\u00e9d\u00e9ral suisse, 14 mai 2021, n\u00b0 5A 357-2021 - Ma\u00eetre Hassan Kohen, avocat en droit p\u00e9nal \u00e0 Paris<\/title>\n<meta name=\"robots\" content=\"index, follow, max-snippet:-1, max-image-preview:large, max-video-preview:-1\" \/>\n<link rel=\"canonical\" href=\"https:\/\/kohenavocats.com\/ru\/jurisprudences\/tribunal-federal-suisse-14-mai-2021-n-5a-357-2021\/\" \/>\n<meta property=\"og:locale\" content=\"ru_RU\" \/>\n<meta property=\"og:type\" content=\"article\" \/>\n<meta property=\"og:title\" content=\"Tribunal f\u00e9d\u00e9ral suisse, 14 mai 2021, n\u00b0 5A 357-2021\" \/>\n<meta property=\"og:description\" content=\"Bundesgericht Tribunal f\u00e9d\u00e9ral Tribunale federale Tribunal federal 5A_357\/2021 Arr\u00eat du 14 mai 2021 IIe Cour de droit civil Composition M. le Juge f\u00e9d\u00e9ral Herrmann, Pr\u00e9sident. Greffi\u00e8re : Mme Gauron-Carlin. Participants \u00e0 la proc\u00e9dure A.________, recourant, contre Office des poursuites de la Broye, rue St-Laurent 5, 1470 Estavayer-le-Lac. Objet for de la poursuite et minimum vital...\" \/>\n<meta property=\"og:url\" content=\"https:\/\/kohenavocats.com\/ru\/jurisprudences\/tribunal-federal-suisse-14-mai-2021-n-5a-357-2021\/\" \/>\n<meta property=\"og:site_name\" content=\"Ma\u00eetre Hassan Kohen, avocat en droit p\u00e9nal \u00e0 Paris\" \/>\n<meta name=\"twitter:card\" content=\"summary_large_image\" \/>\n<meta name=\"twitter:label1\" content=\"\u041f\u0440\u0438\u043c\u0435\u0440\u043d\u043e\u0435 \u0432\u0440\u0435\u043c\u044f \u0434\u043b\u044f \u0447\u0442\u0435\u043d\u0438\u044f\" \/>\n\t<meta name=\"twitter:data1\" content=\"3 \u043c\u0438\u043d\u0443\u0442\u044b\" \/>\n<script type=\"application\/ld+json\" class=\"yoast-schema-graph\">{\"@context\":\"https:\\\/\\\/schema.org\",\"@graph\":[{\"@type\":\"WebPage\",\"@id\":\"https:\\\/\\\/kohenavocats.com\\\/ru\\\/jurisprudences\\\/tribunal-federal-suisse-14-mai-2021-n-5a-357-2021\\\/\",\"url\":\"https:\\\/\\\/kohenavocats.com\\\/ru\\\/jurisprudences\\\/tribunal-federal-suisse-14-mai-2021-n-5a-357-2021\\\/\",\"name\":\"Tribunal f\u00e9d\u00e9ral suisse, 14 mai 2021, n\u00b0 5A 357-2021 - Ma\u00eetre Hassan Kohen, avocat en droit p\u00e9nal \u00e0 Paris\",\"isPartOf\":{\"@id\":\"https:\\\/\\\/kohenavocats.com\\\/ru\\\/#website\"},\"datePublished\":\"2026-04-26T09:52:37+00:00\",\"breadcrumb\":{\"@id\":\"https:\\\/\\\/kohenavocats.com\\\/ru\\\/jurisprudences\\\/tribunal-federal-suisse-14-mai-2021-n-5a-357-2021\\\/#breadcrumb\"},\"inLanguage\":\"ru-RU\",\"potentialAction\":[{\"@type\":\"ReadAction\",\"target\":[\"https:\\\/\\\/kohenavocats.com\\\/ru\\\/jurisprudences\\\/tribunal-federal-suisse-14-mai-2021-n-5a-357-2021\\\/\"]}]},{\"@type\":\"BreadcrumbList\",\"@id\":\"https:\\\/\\\/kohenavocats.com\\\/ru\\\/jurisprudences\\\/tribunal-federal-suisse-14-mai-2021-n-5a-357-2021\\\/#breadcrumb\",\"itemListElement\":[{\"@type\":\"ListItem\",\"position\":1,\"name\":\"Home\",\"item\":\"https:\\\/\\\/kohenavocats.com\\\/ru\\\/avocats-en-droit-penal-a-paris-conseil-et-defense-strategique\\\/\"},{\"@type\":\"ListItem\",\"position\":2,\"name\":\"Jurisprudences\",\"item\":\"https:\\\/\\\/kohenavocats.com\\\/ru\\\/jurisprudences\\\/\"},{\"@type\":\"ListItem\",\"position\":3,\"name\":\"Tribunal f\u00e9d\u00e9ral suisse, 14 mai 2021, n\u00b0 5A 357-2021\"}]},{\"@type\":\"WebSite\",\"@id\":\"https:\\\/\\\/kohenavocats.com\\\/ru\\\/#website\",\"url\":\"https:\\\/\\\/kohenavocats.com\\\/ru\\\/\",\"name\":\"Kohen Avocats\",\"description\":\"Ma\u00eetre Hassan Kohen, avocat p\u00e9naliste \u00e0 Paris, intervient exclusivement en droit p\u00e9nal pour la d\u00e9fense des particuliers, notamment en mati\u00e8re d\u2019accusations de viol. Il assure un accompagnement rigoureux d\u00e8s la garde \u00e0 vue jusqu\u2019\u00e0 la Cour d\u2019assises, veillant au strict respect des garanties proc\u00e9durales.\",\"publisher\":{\"@id\":\"https:\\\/\\\/kohenavocats.com\\\/ru\\\/#organization\"},\"potentialAction\":[{\"@type\":\"SearchAction\",\"target\":{\"@type\":\"EntryPoint\",\"urlTemplate\":\"https:\\\/\\\/kohenavocats.com\\\/ru\\\/?s={search_term_string}\"},\"query-input\":{\"@type\":\"PropertyValueSpecification\",\"valueRequired\":true,\"valueName\":\"search_term_string\"}}],\"inLanguage\":\"ru-RU\"},{\"@type\":\"Organization\",\"@id\":\"https:\\\/\\\/kohenavocats.com\\\/ru\\\/#organization\",\"name\":\"Kohen Avocats\",\"url\":\"https:\\\/\\\/kohenavocats.com\\\/ru\\\/\",\"logo\":{\"@type\":\"ImageObject\",\"inLanguage\":\"ru-RU\",\"@id\":\"https:\\\/\\\/kohenavocats.com\\\/ru\\\/#\\\/schema\\\/logo\\\/image\\\/\",\"url\":\"https:\\\/\\\/kohenavocats.com\\\/wp-content\\\/uploads\\\/2026\\\/01\\\/Logo-2-1.webp\",\"contentUrl\":\"https:\\\/\\\/kohenavocats.com\\\/wp-content\\\/uploads\\\/2026\\\/01\\\/Logo-2-1.webp\",\"width\":2114,\"height\":1253,\"caption\":\"Kohen Avocats\"},\"image\":{\"@id\":\"https:\\\/\\\/kohenavocats.com\\\/ru\\\/#\\\/schema\\\/logo\\\/image\\\/\"}}]}<\/script>\n<!-- \/ Yoast SEO Premium plugin. -->","yoast_head_json":{"title":"Tribunal f\u00e9d\u00e9ral suisse, 14 mai 2021, n\u00b0 5A 357-2021 - Ma\u00eetre Hassan Kohen, avocat en droit p\u00e9nal \u00e0 Paris","robots":{"index":"index","follow":"follow","max-snippet":"max-snippet:-1","max-image-preview":"max-image-preview:large","max-video-preview":"max-video-preview:-1"},"canonical":"https:\/\/kohenavocats.com\/ru\/jurisprudences\/tribunal-federal-suisse-14-mai-2021-n-5a-357-2021\/","og_locale":"ru_RU","og_type":"article","og_title":"Tribunal f\u00e9d\u00e9ral suisse, 14 mai 2021, n\u00b0 5A 357-2021","og_description":"Bundesgericht Tribunal f\u00e9d\u00e9ral Tribunale federale Tribunal federal 5A_357\/2021 Arr\u00eat du 14 mai 2021 IIe Cour de droit civil Composition M. le Juge f\u00e9d\u00e9ral Herrmann, Pr\u00e9sident. Greffi\u00e8re : Mme Gauron-Carlin. Participants \u00e0 la proc\u00e9dure A.________, recourant, contre Office des poursuites de la Broye, rue St-Laurent 5, 1470 Estavayer-le-Lac. Objet for de la poursuite et minimum vital...","og_url":"https:\/\/kohenavocats.com\/ru\/jurisprudences\/tribunal-federal-suisse-14-mai-2021-n-5a-357-2021\/","og_site_name":"Ma\u00eetre Hassan Kohen, avocat en droit p\u00e9nal \u00e0 Paris","twitter_card":"summary_large_image","twitter_misc":{"\u041f\u0440\u0438\u043c\u0435\u0440\u043d\u043e\u0435 \u0432\u0440\u0435\u043c\u044f \u0434\u043b\u044f \u0447\u0442\u0435\u043d\u0438\u044f":"3 \u043c\u0438\u043d\u0443\u0442\u044b"},"schema":{"@context":"https:\/\/schema.org","@graph":[{"@type":"WebPage","@id":"https:\/\/kohenavocats.com\/ru\/jurisprudences\/tribunal-federal-suisse-14-mai-2021-n-5a-357-2021\/","url":"https:\/\/kohenavocats.com\/ru\/jurisprudences\/tribunal-federal-suisse-14-mai-2021-n-5a-357-2021\/","name":"Tribunal f\u00e9d\u00e9ral suisse, 14 mai 2021, n\u00b0 5A 357-2021 - Ma\u00eetre Hassan Kohen, avocat en droit p\u00e9nal \u00e0 Paris","isPartOf":{"@id":"https:\/\/kohenavocats.com\/ru\/#website"},"datePublished":"2026-04-26T09:52:37+00:00","breadcrumb":{"@id":"https:\/\/kohenavocats.com\/ru\/jurisprudences\/tribunal-federal-suisse-14-mai-2021-n-5a-357-2021\/#breadcrumb"},"inLanguage":"ru-RU","potentialAction":[{"@type":"ReadAction","target":["https:\/\/kohenavocats.com\/ru\/jurisprudences\/tribunal-federal-suisse-14-mai-2021-n-5a-357-2021\/"]}]},{"@type":"BreadcrumbList","@id":"https:\/\/kohenavocats.com\/ru\/jurisprudences\/tribunal-federal-suisse-14-mai-2021-n-5a-357-2021\/#breadcrumb","itemListElement":[{"@type":"ListItem","position":1,"name":"Home","item":"https:\/\/kohenavocats.com\/ru\/avocats-en-droit-penal-a-paris-conseil-et-defense-strategique\/"},{"@type":"ListItem","position":2,"name":"Jurisprudences","item":"https:\/\/kohenavocats.com\/ru\/jurisprudences\/"},{"@type":"ListItem","position":3,"name":"Tribunal f\u00e9d\u00e9ral suisse, 14 mai 2021, n\u00b0 5A 357-2021"}]},{"@type":"WebSite","@id":"https:\/\/kohenavocats.com\/ru\/#website","url":"https:\/\/kohenavocats.com\/ru\/","name":"Kohen Avocats","description":"Ma\u00eetre Hassan Kohen, avocat p\u00e9naliste \u00e0 Paris, intervient exclusivement en droit p\u00e9nal pour la d\u00e9fense des particuliers, notamment en mati\u00e8re d\u2019accusations de viol. Il assure un accompagnement rigoureux d\u00e8s la garde \u00e0 vue jusqu\u2019\u00e0 la Cour d\u2019assises, veillant au strict respect des garanties proc\u00e9durales.","publisher":{"@id":"https:\/\/kohenavocats.com\/ru\/#organization"},"potentialAction":[{"@type":"SearchAction","target":{"@type":"EntryPoint","urlTemplate":"https:\/\/kohenavocats.com\/ru\/?s={search_term_string}"},"query-input":{"@type":"PropertyValueSpecification","valueRequired":true,"valueName":"search_term_string"}}],"inLanguage":"ru-RU"},{"@type":"Organization","@id":"https:\/\/kohenavocats.com\/ru\/#organization","name":"Kohen Avocats","url":"https:\/\/kohenavocats.com\/ru\/","logo":{"@type":"ImageObject","inLanguage":"ru-RU","@id":"https:\/\/kohenavocats.com\/ru\/#\/schema\/logo\/image\/","url":"https:\/\/kohenavocats.com\/wp-content\/uploads\/2026\/01\/Logo-2-1.webp","contentUrl":"https:\/\/kohenavocats.com\/wp-content\/uploads\/2026\/01\/Logo-2-1.webp","width":2114,"height":1253,"caption":"Kohen Avocats"},"image":{"@id":"https:\/\/kohenavocats.com\/ru\/#\/schema\/logo\/image\/"}}]}},"jetpack_likes_enabled":false,"jetpack_sharing_enabled":true,"_links":{"self":[{"href":"https:\/\/kohenavocats.com\/ru\/wp-json\/wp\/v2\/kji_decision\/691897","targetHints":{"allow":["GET"]}}],"collection":[{"href":"https:\/\/kohenavocats.com\/ru\/wp-json\/wp\/v2\/kji_decision"}],"about":[{"href":"https:\/\/kohenavocats.com\/ru\/wp-json\/wp\/v2\/types\/kji_decision"}],"wp:attachment":[{"href":"https:\/\/kohenavocats.com\/ru\/wp-json\/wp\/v2\/media?parent=691897"}],"wp:term":[{"taxonomy":"kji_country","embeddable":true,"href":"https:\/\/kohenavocats.com\/ru\/wp-json\/wp\/v2\/kji_country?post=691897"},{"taxonomy":"kji_court","embeddable":true,"href":"https:\/\/kohenavocats.com\/ru\/wp-json\/wp\/v2\/kji_court?post=691897"},{"taxonomy":"kji_chamber","embeddable":true,"href":"https:\/\/kohenavocats.com\/ru\/wp-json\/wp\/v2\/kji_chamber?post=691897"},{"taxonomy":"kji_year","embeddable":true,"href":"https:\/\/kohenavocats.com\/ru\/wp-json\/wp\/v2\/kji_year?post=691897"},{"taxonomy":"kji_subject","embeddable":true,"href":"https:\/\/kohenavocats.com\/ru\/wp-json\/wp\/v2\/kji_subject?post=691897"},{"taxonomy":"kji_keyword","embeddable":true,"href":"https:\/\/kohenavocats.com\/ru\/wp-json\/wp\/v2\/kji_keyword?post=691897"},{"taxonomy":"kji_language","embeddable":true,"href":"https:\/\/kohenavocats.com\/ru\/wp-json\/wp\/v2\/kji_language?post=691897"}],"curies":[{"name":"wp","href":"https:\/\/api.w.org\/{rel}","templated":true}]}}