{"id":697989,"date":"2026-04-26T21:23:37","date_gmt":"2026-04-26T19:23:37","guid":{"rendered":"https:\/\/kohenavocats.com\/jurisprudences\/eclinlrvs20255220-raad-van-state-31-10-2025-brs-25-000495\/"},"modified":"2026-04-26T21:23:37","modified_gmt":"2026-04-26T19:23:37","slug":"eclinlrvs20255220-raad-van-state-31-10-2025-brs-25-000495","status":"publish","type":"kji_decision","link":"https:\/\/kohenavocats.com\/ru\/jurisprudences\/eclinlrvs20255220-raad-van-state-31-10-2025-brs-25-000495\/","title":{"rendered":"ECLI:NL:RVS:2025:5220 Raad van State , 31-10-2025 \/ BRS.25.000495"},"content":{"rendered":"<div class=\"kji-decision\">\n<div class=\"kji-full-text\">\n<p><strong>Inhoudsindicatie.<\/strong> Bij besluit van 6 oktober 2023 heeft de staatssecretaris van Justitie en Veiligheid een aanvraag van appellant om hem een verblijfsvergunning asiel voor bepaalde tijd te verlenen, ingewilligd.<\/p>\n<p>BRS.25.000495<\/p>\n<p>ECLI:NL:RVS:2025:5220<\/p>\n<p>Datum uitspraak: 31 oktober 2025<\/p>\n<p>AFDELING<\/p>\n<p>BESTUURSRECHTSPRAAK<\/p>\n<p>Uitspraak met toepassing van artikel 8:54, eerste lid, van de Algemene wet bestuursrecht op het hoger beroep van:<\/p>\n<p>[appellant],<\/p>\n<p>appellant,<\/p>\n<p>tegen de uitspraak van de rechtbank Den Haag, zittingsplaats &#039;s-Hertogenbosch, van 4 april 2025 in zaak nr. NL23.34684 in het geding tussen:<\/p>\n<p>[appellant]<\/p>\n<p>en<\/p>\n<p>de minister van Asiel en Migratie.<\/p>\n<p>Procesverloop<\/p>\n<p>Bij besluit van 6 oktober 2023 heeft de staatssecretaris van Justitie en Veiligheid een aanvraag van appellant om hem een verblijfsvergunning asiel voor bepaalde tijd te verlenen, ingewilligd.<\/p>\n<p>Tegen dat besluit heeft appellant beroep ingesteld.<\/p>\n<p>Bij besluit van 19 augustus 2024 heeft de staatssecretaris de ingangsdatum van de aan appellant verleende verblijfsvergunning asiel gewijzigd in 11 juni 2019.<\/p>\n<p>Appellant heeft te kennen gegeven het niet eens te zijn met dit besluit en het beroep te handhaven.<\/p>\n<p>Bij uitspraak van 4 april 2025 heeft de rechtbank het door appellant ingestelde beroep gegrond verklaard, dat besluit vernietigd voor zover dat gaat over de ingangsdatum van de verblijfsvergunning, bepaald dat de verblijfsvergunning wordt verleend met ingang van 10 juni 2019 en bepaald dat de uitspraak in de plaats treedt van het vernietigde deel van het besluit.<\/p>\n<p>Tegen deze uitspraak heeft appellant, vertegenwoordigd door mr. A. Habib-Portier, advocaat in Oss, hoger beroep ingesteld.<\/p>\n<p>Overwegingen<\/p>\n<p>1. In zijn enige grief klaagt appellant terecht dat de rechtbank in haar proceskostenveroordeling ten onrechte geen punten heeft toegekend voor de schriftelijke reactie die hij op verzoek van de rechtbank heeft ingediend op het standpunt van de minister over de uitspraak van de Afdeling van 20 januari 2025, ECLI:NL:RVS:2025:159. Gelet op de bijlage bij het Besluit proceskosten bestuursrecht, onder A1, diende de rechtbank appellant hier een half punt voor toe te kennen.<\/p>\n<p>1.1. De grief slaagt.<\/p>\n<p>2. Het hoger beroep is gegrond. De Afdeling vernietigt de uitspraak van de rechtbank voor zover de rechtbank appellant een te lage proceskostenvergoeding heeft toegekend. De Afdeling zal de minister voor de proceskosten in beroep veroordelen tot een vergoeding van een bedrag van \u20ac 2.267,50.<\/p>\n<p>3. De minister moet ook de proceskosten in hoger beroep vergoeden. De Afdeling past daarbij de wegingsfactor 0,5 toe, omdat het hoger beroep uitsluitend is gericht tegen de beslissing van de rechtbank over de hoogte van de proceskostenvergoeding.<\/p>\n<p>Beslissing<\/p>\n<p>De Afdeling bestuursrechtspraak van de Raad van State:<\/p>\n<p>I. verklaart het hoger beroep gegrond;<\/p>\n<p>II. vernietigt de uitspraak van de rechtbank Den Haag, zittingsplaats &#039;s\u00adHertogenbosch, van 4 april 2025 in zaak nr. NL23.34684, voor zover de rechtbank de minister van Asiel en Migratie heeft veroordeeld in de proceskosten tot een bedrag van \u20ac 1.814,00;<\/p>\n<p>III. veroordeelt de minister van Asiel en Migratie tot vergoeding van bij appellant in verband met de behandeling van het beroep en het hoger beroep opgekomen proceskosten tot een bedrag van \u20ac 2.721,00 (\u20ac 2.267,50 voor het beroep en \u20ac 453,50 voor het hoger beroep), geheel toe te rekenen aan door een derde beroepsmatig verleende rechtsbijstand.<\/p>\n<p>Aldus vastgesteld door mr. M.J.M. Ristra-Peeters, lid van de enkelvoudige kamer, in tegenwoordigheid van mr. P.A.M.J. Graat, griffier.<\/p>\n<p>w.g. Ristra-Peeters<\/p>\n<p>lid van de enkelvoudige kamer<\/p>\n<p>w.g. Graat<\/p>\n<p>griffier<\/p>\n<p>Uitgesproken in het openbaar op 31 oktober 2025<\/p>\n<p>307-1170<\/p>\n<\/div>\n<hr class=\"kji-sep\" \/>\n<p class=\"kji-source-links\"><strong>Sources officielles :<\/strong> <a class=\"kji-source-link\" href=\"http:\/\/deeplink.rechtspraak.nl\/uitspraak?id=ECLI:NL:RVS:2025:5220\" target=\"_blank\" rel=\"noopener noreferrer\">consulter la page source<\/a><\/p>\n<p class=\"kji-license-note\"><em>Rechtspraak.nl open data, Creative Commons Zero. Volume cible 1.8M decisions.<\/em><\/p>\n<\/div>\n","protected":false},"excerpt":{"rendered":"<p>Bij besluit van 6 oktober 2023 heeft de staatssecretaris van Justitie en Veiligheid een aanvraag van appellant om hem een verblijfsvergunning asiel voor bepaalde tijd te verlenen, ingewilligd.<\/p>\n","protected":false},"featured_media":0,"template":"","meta":{"_crdt_document":""},"kji_country":[7669],"kji_court":[8622],"kji_chamber":[],"kji_year":[8463],"kji_subject":[7646],"kji_keyword":[7680,7673,12529,8624,7976],"kji_language":[7671],"class_list":["post-697989","kji_decision","type-kji_decision","status-publish","hentry","kji_country-pays-bas","kji_court-raad-van-state","kji_year-8463","kji_subject-divers","kji_keyword-besluit","kji_keyword-heeft","kji_keyword-oktober","kji_keyword-staatssecretaris","kji_keyword-state","kji_language-nl"],"yoast_head":"<!-- This site is optimized with the Yoast SEO Premium plugin v27.5 (Yoast SEO v27.5) - https:\/\/yoast.com\/product\/yoast-seo-premium-wordpress\/ -->\n<title>ECLI:NL:RVS:2025:5220 Raad van State , 31-10-2025 \/ BRS.25.000495 - Ma\u00eetre Hassan Kohen, avocat en droit p\u00e9nal \u00e0 Paris<\/title>\n<meta name=\"robots\" content=\"index, follow, max-snippet:-1, max-image-preview:large, max-video-preview:-1\" \/>\n<link rel=\"canonical\" href=\"https:\/\/kohenavocats.com\/ru\/jurisprudences\/eclinlrvs20255220-raad-van-state-31-10-2025-brs-25-000495\/\" \/>\n<meta property=\"og:locale\" content=\"ru_RU\" \/>\n<meta property=\"og:type\" content=\"article\" \/>\n<meta property=\"og:title\" content=\"ECLI:NL:RVS:2025:5220 Raad van State , 31-10-2025 \/ BRS.25.000495\" \/>\n<meta property=\"og:description\" content=\"Bij besluit van 6 oktober 2023 heeft de staatssecretaris van Justitie en Veiligheid een aanvraag van appellant om hem een verblijfsvergunning asiel voor bepaalde tijd te verlenen, ingewilligd.\" \/>\n<meta property=\"og:url\" content=\"https:\/\/kohenavocats.com\/ru\/jurisprudences\/eclinlrvs20255220-raad-van-state-31-10-2025-brs-25-000495\/\" \/>\n<meta property=\"og:site_name\" content=\"Ma\u00eetre Hassan Kohen, avocat en droit p\u00e9nal \u00e0 Paris\" \/>\n<meta name=\"twitter:card\" content=\"summary_large_image\" \/>\n<meta name=\"twitter:label1\" content=\"\u041f\u0440\u0438\u043c\u0435\u0440\u043d\u043e\u0435 \u0432\u0440\u0435\u043c\u044f \u0434\u043b\u044f \u0447\u0442\u0435\u043d\u0438\u044f\" \/>\n\t<meta name=\"twitter:data1\" content=\"3 \u043c\u0438\u043d\u0443\u0442\u044b\" \/>\n<script type=\"application\/ld+json\" class=\"yoast-schema-graph\">{\"@context\":\"https:\\\/\\\/schema.org\",\"@graph\":[{\"@type\":\"WebPage\",\"@id\":\"https:\\\/\\\/kohenavocats.com\\\/ru\\\/jurisprudences\\\/eclinlrvs20255220-raad-van-state-31-10-2025-brs-25-000495\\\/\",\"url\":\"https:\\\/\\\/kohenavocats.com\\\/ru\\\/jurisprudences\\\/eclinlrvs20255220-raad-van-state-31-10-2025-brs-25-000495\\\/\",\"name\":\"ECLI:NL:RVS:2025:5220 Raad van State , 31-10-2025 \\\/ BRS.25.000495 - Ma\u00eetre Hassan Kohen, avocat en droit p\u00e9nal \u00e0 Paris\",\"isPartOf\":{\"@id\":\"https:\\\/\\\/kohenavocats.com\\\/ru\\\/#website\"},\"datePublished\":\"2026-04-26T19:23:37+00:00\",\"breadcrumb\":{\"@id\":\"https:\\\/\\\/kohenavocats.com\\\/ru\\\/jurisprudences\\\/eclinlrvs20255220-raad-van-state-31-10-2025-brs-25-000495\\\/#breadcrumb\"},\"inLanguage\":\"ru-RU\",\"potentialAction\":[{\"@type\":\"ReadAction\",\"target\":[\"https:\\\/\\\/kohenavocats.com\\\/ru\\\/jurisprudences\\\/eclinlrvs20255220-raad-van-state-31-10-2025-brs-25-000495\\\/\"]}]},{\"@type\":\"BreadcrumbList\",\"@id\":\"https:\\\/\\\/kohenavocats.com\\\/ru\\\/jurisprudences\\\/eclinlrvs20255220-raad-van-state-31-10-2025-brs-25-000495\\\/#breadcrumb\",\"itemListElement\":[{\"@type\":\"ListItem\",\"position\":1,\"name\":\"Home\",\"item\":\"https:\\\/\\\/kohenavocats.com\\\/ru\\\/avocats-en-droit-penal-a-paris-conseil-et-defense-strategique\\\/\"},{\"@type\":\"ListItem\",\"position\":2,\"name\":\"Jurisprudences\",\"item\":\"https:\\\/\\\/kohenavocats.com\\\/ru\\\/jurisprudences\\\/\"},{\"@type\":\"ListItem\",\"position\":3,\"name\":\"ECLI:NL:RVS:2025:5220 Raad van State , 31-10-2025 \\\/ BRS.25.000495\"}]},{\"@type\":\"WebSite\",\"@id\":\"https:\\\/\\\/kohenavocats.com\\\/ru\\\/#website\",\"url\":\"https:\\\/\\\/kohenavocats.com\\\/ru\\\/\",\"name\":\"Kohen Avocats\",\"description\":\"Ma\u00eetre Hassan Kohen, avocat p\u00e9naliste \u00e0 Paris, intervient exclusivement en droit p\u00e9nal pour la d\u00e9fense des particuliers, notamment en mati\u00e8re d\u2019accusations de viol. Il assure un accompagnement rigoureux d\u00e8s la garde \u00e0 vue jusqu\u2019\u00e0 la Cour d\u2019assises, veillant au strict respect des garanties proc\u00e9durales.\",\"publisher\":{\"@id\":\"https:\\\/\\\/kohenavocats.com\\\/ru\\\/#organization\"},\"potentialAction\":[{\"@type\":\"SearchAction\",\"target\":{\"@type\":\"EntryPoint\",\"urlTemplate\":\"https:\\\/\\\/kohenavocats.com\\\/ru\\\/?s={search_term_string}\"},\"query-input\":{\"@type\":\"PropertyValueSpecification\",\"valueRequired\":true,\"valueName\":\"search_term_string\"}}],\"inLanguage\":\"ru-RU\"},{\"@type\":\"Organization\",\"@id\":\"https:\\\/\\\/kohenavocats.com\\\/ru\\\/#organization\",\"name\":\"Kohen Avocats\",\"url\":\"https:\\\/\\\/kohenavocats.com\\\/ru\\\/\",\"logo\":{\"@type\":\"ImageObject\",\"inLanguage\":\"ru-RU\",\"@id\":\"https:\\\/\\\/kohenavocats.com\\\/ru\\\/#\\\/schema\\\/logo\\\/image\\\/\",\"url\":\"https:\\\/\\\/kohenavocats.com\\\/wp-content\\\/uploads\\\/2026\\\/01\\\/Logo-2-1.webp\",\"contentUrl\":\"https:\\\/\\\/kohenavocats.com\\\/wp-content\\\/uploads\\\/2026\\\/01\\\/Logo-2-1.webp\",\"width\":2114,\"height\":1253,\"caption\":\"Kohen Avocats\"},\"image\":{\"@id\":\"https:\\\/\\\/kohenavocats.com\\\/ru\\\/#\\\/schema\\\/logo\\\/image\\\/\"}}]}<\/script>\n<!-- \/ Yoast SEO Premium plugin. -->","yoast_head_json":{"title":"ECLI:NL:RVS:2025:5220 Raad van State , 31-10-2025 \/ BRS.25.000495 - Ma\u00eetre Hassan Kohen, avocat en droit p\u00e9nal \u00e0 Paris","robots":{"index":"index","follow":"follow","max-snippet":"max-snippet:-1","max-image-preview":"max-image-preview:large","max-video-preview":"max-video-preview:-1"},"canonical":"https:\/\/kohenavocats.com\/ru\/jurisprudences\/eclinlrvs20255220-raad-van-state-31-10-2025-brs-25-000495\/","og_locale":"ru_RU","og_type":"article","og_title":"ECLI:NL:RVS:2025:5220 Raad van State , 31-10-2025 \/ BRS.25.000495","og_description":"Bij besluit van 6 oktober 2023 heeft de staatssecretaris van Justitie en Veiligheid een aanvraag van appellant om hem een verblijfsvergunning asiel voor bepaalde tijd te verlenen, ingewilligd.","og_url":"https:\/\/kohenavocats.com\/ru\/jurisprudences\/eclinlrvs20255220-raad-van-state-31-10-2025-brs-25-000495\/","og_site_name":"Ma\u00eetre Hassan Kohen, avocat en droit p\u00e9nal \u00e0 Paris","twitter_card":"summary_large_image","twitter_misc":{"\u041f\u0440\u0438\u043c\u0435\u0440\u043d\u043e\u0435 \u0432\u0440\u0435\u043c\u044f \u0434\u043b\u044f \u0447\u0442\u0435\u043d\u0438\u044f":"3 \u043c\u0438\u043d\u0443\u0442\u044b"},"schema":{"@context":"https:\/\/schema.org","@graph":[{"@type":"WebPage","@id":"https:\/\/kohenavocats.com\/ru\/jurisprudences\/eclinlrvs20255220-raad-van-state-31-10-2025-brs-25-000495\/","url":"https:\/\/kohenavocats.com\/ru\/jurisprudences\/eclinlrvs20255220-raad-van-state-31-10-2025-brs-25-000495\/","name":"ECLI:NL:RVS:2025:5220 Raad van State , 31-10-2025 \/ BRS.25.000495 - Ma\u00eetre Hassan Kohen, avocat en droit p\u00e9nal \u00e0 Paris","isPartOf":{"@id":"https:\/\/kohenavocats.com\/ru\/#website"},"datePublished":"2026-04-26T19:23:37+00:00","breadcrumb":{"@id":"https:\/\/kohenavocats.com\/ru\/jurisprudences\/eclinlrvs20255220-raad-van-state-31-10-2025-brs-25-000495\/#breadcrumb"},"inLanguage":"ru-RU","potentialAction":[{"@type":"ReadAction","target":["https:\/\/kohenavocats.com\/ru\/jurisprudences\/eclinlrvs20255220-raad-van-state-31-10-2025-brs-25-000495\/"]}]},{"@type":"BreadcrumbList","@id":"https:\/\/kohenavocats.com\/ru\/jurisprudences\/eclinlrvs20255220-raad-van-state-31-10-2025-brs-25-000495\/#breadcrumb","itemListElement":[{"@type":"ListItem","position":1,"name":"Home","item":"https:\/\/kohenavocats.com\/ru\/avocats-en-droit-penal-a-paris-conseil-et-defense-strategique\/"},{"@type":"ListItem","position":2,"name":"Jurisprudences","item":"https:\/\/kohenavocats.com\/ru\/jurisprudences\/"},{"@type":"ListItem","position":3,"name":"ECLI:NL:RVS:2025:5220 Raad van State , 31-10-2025 \/ BRS.25.000495"}]},{"@type":"WebSite","@id":"https:\/\/kohenavocats.com\/ru\/#website","url":"https:\/\/kohenavocats.com\/ru\/","name":"Kohen Avocats","description":"Ma\u00eetre Hassan Kohen, avocat p\u00e9naliste \u00e0 Paris, intervient exclusivement en droit p\u00e9nal pour la d\u00e9fense des particuliers, notamment en mati\u00e8re d\u2019accusations de viol. Il assure un accompagnement rigoureux d\u00e8s la garde \u00e0 vue jusqu\u2019\u00e0 la Cour d\u2019assises, veillant au strict respect des garanties proc\u00e9durales.","publisher":{"@id":"https:\/\/kohenavocats.com\/ru\/#organization"},"potentialAction":[{"@type":"SearchAction","target":{"@type":"EntryPoint","urlTemplate":"https:\/\/kohenavocats.com\/ru\/?s={search_term_string}"},"query-input":{"@type":"PropertyValueSpecification","valueRequired":true,"valueName":"search_term_string"}}],"inLanguage":"ru-RU"},{"@type":"Organization","@id":"https:\/\/kohenavocats.com\/ru\/#organization","name":"Kohen Avocats","url":"https:\/\/kohenavocats.com\/ru\/","logo":{"@type":"ImageObject","inLanguage":"ru-RU","@id":"https:\/\/kohenavocats.com\/ru\/#\/schema\/logo\/image\/","url":"https:\/\/kohenavocats.com\/wp-content\/uploads\/2026\/01\/Logo-2-1.webp","contentUrl":"https:\/\/kohenavocats.com\/wp-content\/uploads\/2026\/01\/Logo-2-1.webp","width":2114,"height":1253,"caption":"Kohen Avocats"},"image":{"@id":"https:\/\/kohenavocats.com\/ru\/#\/schema\/logo\/image\/"}}]}},"jetpack_likes_enabled":false,"jetpack_sharing_enabled":true,"_links":{"self":[{"href":"https:\/\/kohenavocats.com\/ru\/wp-json\/wp\/v2\/kji_decision\/697989","targetHints":{"allow":["GET"]}}],"collection":[{"href":"https:\/\/kohenavocats.com\/ru\/wp-json\/wp\/v2\/kji_decision"}],"about":[{"href":"https:\/\/kohenavocats.com\/ru\/wp-json\/wp\/v2\/types\/kji_decision"}],"wp:attachment":[{"href":"https:\/\/kohenavocats.com\/ru\/wp-json\/wp\/v2\/media?parent=697989"}],"wp:term":[{"taxonomy":"kji_country","embeddable":true,"href":"https:\/\/kohenavocats.com\/ru\/wp-json\/wp\/v2\/kji_country?post=697989"},{"taxonomy":"kji_court","embeddable":true,"href":"https:\/\/kohenavocats.com\/ru\/wp-json\/wp\/v2\/kji_court?post=697989"},{"taxonomy":"kji_chamber","embeddable":true,"href":"https:\/\/kohenavocats.com\/ru\/wp-json\/wp\/v2\/kji_chamber?post=697989"},{"taxonomy":"kji_year","embeddable":true,"href":"https:\/\/kohenavocats.com\/ru\/wp-json\/wp\/v2\/kji_year?post=697989"},{"taxonomy":"kji_subject","embeddable":true,"href":"https:\/\/kohenavocats.com\/ru\/wp-json\/wp\/v2\/kji_subject?post=697989"},{"taxonomy":"kji_keyword","embeddable":true,"href":"https:\/\/kohenavocats.com\/ru\/wp-json\/wp\/v2\/kji_keyword?post=697989"},{"taxonomy":"kji_language","embeddable":true,"href":"https:\/\/kohenavocats.com\/ru\/wp-json\/wp\/v2\/kji_language?post=697989"}],"curies":[{"name":"wp","href":"https:\/\/api.w.org\/{rel}","templated":true}]}}