{"id":699107,"date":"2026-04-26T23:42:47","date_gmt":"2026-04-26T21:42:47","guid":{"rendered":"https:\/\/kohenavocats.com\/jurisprudences\/eclinlghams20251793-gerechtshof-amsterdam-24-06-2025-200-341-996-01-ok\/"},"modified":"2026-04-26T23:42:47","modified_gmt":"2026-04-26T21:42:47","slug":"eclinlghams20251793-gerechtshof-amsterdam-24-06-2025-200-341-996-01-ok","status":"publish","type":"kji_decision","link":"https:\/\/kohenavocats.com\/ru\/jurisprudences\/eclinlghams20251793-gerechtshof-amsterdam-24-06-2025-200-341-996-01-ok\/","title":{"rendered":"ECLI:NL:GHAMS:2025:1793 Gerechtshof Amsterdam , 24-06-2025 \/ 200.341.996\/01 OK"},"content":{"rendered":"<div class=\"kji-decision\">\n<div class=\"kji-full-text\">\n<p><strong>Inhoudsindicatie.<\/strong> OK; enqu\u00eate; be\u00ebindiging procedure.<\/p>\n<p>beschikking<\/p>\n<p>___________________________________________________________________<\/p>\n<p>GERECHTSHOF AMSTERDAM<\/p>\n<p>ONDERNEMINGSKAMER<\/p>\n<p>zaaknummer: 200.341.996\/01 OK<\/p>\n<p>beschikking van de Ondernemingskamer van 24 juni 2025<\/p>\n<p>inzake<\/p>\n<p>1. HET STATUTAIRE BESTUUR VAN KANTEEL BEHEER B.V. en de RAAD VAN COMMISSARISSEN VAN KANTEEL BEHEER B.V.<\/p>\n<p>beiden namens de besloten vennootschap met beperkte aansprakelijkheid van KANTEEL BEHEER B.V.,<\/p>\n<p>gevestigd te \u2018s-Hertogenbosch,<\/p>\n<p>2. DE ONDERNEMINGSRAAD VAN KANTEEL BEHEER B.V.,<\/p>\n<p>gevestigd te \u2018s-Hertogenbosch,<\/p>\n<p>VERZOEKERS,<\/p>\n<p>advocaten: mrs. M.V.A. Heuten, A.R.T. Kroon en V.M. van Erpers Roijaards, allen kantoorhoudende te Amsterdam,<\/p>\n<p>t e g e n<\/p>\n<p>de besloten vennootschap met beperkte aansprakelijkheid<\/p>\n<p>KANTEEL BEHEER B.V.,<\/p>\n<p>gevestigd te \u2018s-Hertogenbosch,<\/p>\n<p>VERWEERSTER,<\/p>\n<p>e n<\/p>\n<p>1. de stichting<\/p>\n<p>STICHTING KANTEEL,<\/p>\n<p>gevestigd te \u2019s-Hertogenbosch,<\/p>\n<p>advocaat: mr. J.F.M. Heuvelmans, kantoorhoudende te \u2019s-Hertogenbosch,<\/p>\n<p>2. DE CENTRALE OUDERRAAD VAN KANTEEL BEHEER,<\/p>\n<p>gevestigd te \u2019s-Hertogenbosch,<\/p>\n<p>niet verschenen,<\/p>\n<p>BELANGHEBBENDEN.<\/p>\n<p>Hierna zullen partijen en andere (rechts)personen (ook) als volgt worden aangeduid:<\/p>\n<p>verzoeker 1 als het bestuur en de RvC;<\/p>\n<p>verzoeker 2 als de OR;<\/p>\n<p>verweerster als Kanteel Beheer;<\/p>\n<p>belanghebbenden ieder afzonderlijk als Stichting Kanteel en de Centrale Ouderraad.<\/p>\n<h3>1Het verloop van het geding<\/h3>\n<p>Het bestuur, de RvC en de OR hebben bij verzoekschrift van 4 juni 2024, kort gezegd, de Ondernemingskamer verzocht een onderzoek te bevelen naar het beleid en de gang van zaken van Kanteel Beheer en verzocht bepaalde onmiddellijke voorzieningen te treffen.<\/p>\n<p>Bij verweerschrift van 5 september 2024 heeft Stichting Kanteel de Ondernemingskamer, kort gezegd, verzocht het bestuur, de RvC en de OR niet-ontvankelijk te verklaren in hun verzoeken, althans de verzoeken af te wijzen.<\/p>\n<p>De verzoeken zijn behandeld op de zitting van de Ondernemingskamer van 26 september 2024. Partijen hebben tijdens de mondelinge behandeling hun standpunten nader toegelicht en vragen van de Ondernemingskamer beantwoord. Daarna zijn partijen overeengekomen de procedure aan te houden en de Ondernemingskamer te verzoeken een deskundige voor te stellen, die met partijen de mogelijkheden zal verkennen om een minnelijke regeling te treffen. De Ondernemingskamer heeft daarop een deskundige aan partijen voorgesteld.<\/p>\n<p>Bij e-mail van 8 april 2025 heeft mr. Van Erpers Roijaards namens het bestuur, de RvC en de OR van Kanteel Beheer medegedeeld dat partijen een minnelijke regeling hebben getroffen en verzocht de enqu\u00eateprocedure te be\u00ebindigen.<\/p>\n<p>Bij e-mail van 9 juni 2025 heeft de Ondernemingskamer mr. Heuvelmans verzocht zich namens Stichting Kanteel over het verzoek tot be\u00ebindiging van de enqu\u00eateprocedure uit te laten.<\/p>\n<p>Bij e-mail van diezelfde dag heeft mr. Heuvelmans bevestigd dat partijen een minnelijke regeling hebben bereikt en ingestemd met be\u00ebindiging van de enqu\u00eateprocedure.<\/p>\n<h3>2De gronden van de beslissing<\/h3>\n<p>Gelet op de overeenstemming die partijen hebben bereikt over een minnelijke regeling bestaat geen belang meer bij beoordeling van en beslissing op het verzoek, zodat het bestuur, de RvC en de OR van Kanteel Beheer in hun verzoek niet ontvankelijk zijn.<\/p>\n<p>Gelet op de inhoud van de getroffen schikking is er geen aanleiding om een proceskostenveroordeling uit te spreken.<\/p>\n<h3>3De beslissing<\/h3>\n<p>De Ondernemingskamer:<\/p>\n<p>verklaart het bestuur, de raad van commissarissen en de ondernemingsraad van Kanteel Beheer B.V. niet-ontvankelijk in hun verzoek.<\/p>\n<p>Deze beschikking is gegeven door mr. C.C. Meijer, voorzitter, mr. A.W.H. Vink en mr. A.P. Wessels, raadsheren, en prof. dr. M.N. Hoogendoorn RA en dr. M.J.R. Broekema RV, raden, in tegenwoordigheid van mr. J.K.G. Meijer, griffier, en in het openbaar uitgesproken op 24 juni 2025.<\/p>\n<\/div>\n<hr class=\"kji-sep\" \/>\n<p class=\"kji-source-links\"><strong>Sources officielles :<\/strong> <a class=\"kji-source-link\" href=\"http:\/\/deeplink.rechtspraak.nl\/uitspraak?id=ECLI:NL:GHAMS:2025:1793\" target=\"_blank\" rel=\"noopener noreferrer\">consulter la page source<\/a><\/p>\n<p class=\"kji-license-note\"><em>Rechtspraak.nl open data, Creative Commons Zero. Volume cible 1.8M decisions.<\/em><\/p>\n<\/div>\n","protected":false},"excerpt":{"rendered":"<p>OK; enqu\u00eate; be\u00ebindiging procedure.<\/p>\n","protected":false},"featured_media":0,"template":"","meta":{"_crdt_document":""},"kji_country":[7669],"kji_court":[8385],"kji_chamber":[],"kji_year":[8463],"kji_subject":[7646],"kji_keyword":[8000,10141,14976,8136,8388],"kji_language":[7671],"class_list":["post-699107","kji_decision","type-kji_decision","status-publish","hentry","kji_country-pays-bas","kji_court-gerechtshof-amsterdam","kji_year-8463","kji_subject-divers","kji_keyword-amsterdam","kji_keyword-beeindiging","kji_keyword-enquete","kji_keyword-gerechtshof","kji_keyword-ghams","kji_language-nl"],"yoast_head":"<!-- This site is optimized with the Yoast SEO Premium plugin v27.5 (Yoast SEO v27.5) - https:\/\/yoast.com\/product\/yoast-seo-premium-wordpress\/ -->\n<title>ECLI:NL:GHAMS:2025:1793 Gerechtshof Amsterdam , 24-06-2025 \/ 200.341.996\/01 OK - Ma\u00eetre Hassan Kohen, avocat en droit p\u00e9nal \u00e0 Paris<\/title>\n<meta name=\"robots\" content=\"index, follow, max-snippet:-1, max-image-preview:large, max-video-preview:-1\" \/>\n<link rel=\"canonical\" href=\"https:\/\/kohenavocats.com\/ru\/jurisprudences\/eclinlghams20251793-gerechtshof-amsterdam-24-06-2025-200-341-996-01-ok\/\" \/>\n<meta property=\"og:locale\" content=\"ru_RU\" \/>\n<meta property=\"og:type\" content=\"article\" \/>\n<meta property=\"og:title\" content=\"ECLI:NL:GHAMS:2025:1793 Gerechtshof Amsterdam , 24-06-2025 \/ 200.341.996\/01 OK\" \/>\n<meta property=\"og:description\" content=\"OK; enqu\u00eate; be\u00ebindiging procedure.\" \/>\n<meta property=\"og:url\" content=\"https:\/\/kohenavocats.com\/ru\/jurisprudences\/eclinlghams20251793-gerechtshof-amsterdam-24-06-2025-200-341-996-01-ok\/\" \/>\n<meta property=\"og:site_name\" content=\"Ma\u00eetre Hassan Kohen, avocat en droit p\u00e9nal \u00e0 Paris\" \/>\n<meta name=\"twitter:card\" content=\"summary_large_image\" \/>\n<meta name=\"twitter:label1\" content=\"\u041f\u0440\u0438\u043c\u0435\u0440\u043d\u043e\u0435 \u0432\u0440\u0435\u043c\u044f \u0434\u043b\u044f \u0447\u0442\u0435\u043d\u0438\u044f\" \/>\n\t<meta name=\"twitter:data1\" content=\"3 \u043c\u0438\u043d\u0443\u0442\u044b\" \/>\n<script type=\"application\/ld+json\" class=\"yoast-schema-graph\">{\"@context\":\"https:\\\/\\\/schema.org\",\"@graph\":[{\"@type\":\"WebPage\",\"@id\":\"https:\\\/\\\/kohenavocats.com\\\/ru\\\/jurisprudences\\\/eclinlghams20251793-gerechtshof-amsterdam-24-06-2025-200-341-996-01-ok\\\/\",\"url\":\"https:\\\/\\\/kohenavocats.com\\\/ru\\\/jurisprudences\\\/eclinlghams20251793-gerechtshof-amsterdam-24-06-2025-200-341-996-01-ok\\\/\",\"name\":\"ECLI:NL:GHAMS:2025:1793 Gerechtshof Amsterdam , 24-06-2025 \\\/ 200.341.996\\\/01 OK - Ma\u00eetre Hassan Kohen, avocat en droit p\u00e9nal \u00e0 Paris\",\"isPartOf\":{\"@id\":\"https:\\\/\\\/kohenavocats.com\\\/ru\\\/#website\"},\"datePublished\":\"2026-04-26T21:42:47+00:00\",\"breadcrumb\":{\"@id\":\"https:\\\/\\\/kohenavocats.com\\\/ru\\\/jurisprudences\\\/eclinlghams20251793-gerechtshof-amsterdam-24-06-2025-200-341-996-01-ok\\\/#breadcrumb\"},\"inLanguage\":\"ru-RU\",\"potentialAction\":[{\"@type\":\"ReadAction\",\"target\":[\"https:\\\/\\\/kohenavocats.com\\\/ru\\\/jurisprudences\\\/eclinlghams20251793-gerechtshof-amsterdam-24-06-2025-200-341-996-01-ok\\\/\"]}]},{\"@type\":\"BreadcrumbList\",\"@id\":\"https:\\\/\\\/kohenavocats.com\\\/ru\\\/jurisprudences\\\/eclinlghams20251793-gerechtshof-amsterdam-24-06-2025-200-341-996-01-ok\\\/#breadcrumb\",\"itemListElement\":[{\"@type\":\"ListItem\",\"position\":1,\"name\":\"Home\",\"item\":\"https:\\\/\\\/kohenavocats.com\\\/ru\\\/avocats-en-droit-penal-a-paris-conseil-et-defense-strategique\\\/\"},{\"@type\":\"ListItem\",\"position\":2,\"name\":\"Jurisprudences\",\"item\":\"https:\\\/\\\/kohenavocats.com\\\/ru\\\/jurisprudences\\\/\"},{\"@type\":\"ListItem\",\"position\":3,\"name\":\"ECLI:NL:GHAMS:2025:1793 Gerechtshof Amsterdam , 24-06-2025 \\\/ 200.341.996\\\/01 OK\"}]},{\"@type\":\"WebSite\",\"@id\":\"https:\\\/\\\/kohenavocats.com\\\/ru\\\/#website\",\"url\":\"https:\\\/\\\/kohenavocats.com\\\/ru\\\/\",\"name\":\"Kohen Avocats\",\"description\":\"Ma\u00eetre Hassan Kohen, avocat p\u00e9naliste \u00e0 Paris, intervient exclusivement en droit p\u00e9nal pour la d\u00e9fense des particuliers, notamment en mati\u00e8re d\u2019accusations de viol. Il assure un accompagnement rigoureux d\u00e8s la garde \u00e0 vue jusqu\u2019\u00e0 la Cour d\u2019assises, veillant au strict respect des garanties proc\u00e9durales.\",\"publisher\":{\"@id\":\"https:\\\/\\\/kohenavocats.com\\\/ru\\\/#organization\"},\"potentialAction\":[{\"@type\":\"SearchAction\",\"target\":{\"@type\":\"EntryPoint\",\"urlTemplate\":\"https:\\\/\\\/kohenavocats.com\\\/ru\\\/?s={search_term_string}\"},\"query-input\":{\"@type\":\"PropertyValueSpecification\",\"valueRequired\":true,\"valueName\":\"search_term_string\"}}],\"inLanguage\":\"ru-RU\"},{\"@type\":\"Organization\",\"@id\":\"https:\\\/\\\/kohenavocats.com\\\/ru\\\/#organization\",\"name\":\"Kohen Avocats\",\"url\":\"https:\\\/\\\/kohenavocats.com\\\/ru\\\/\",\"logo\":{\"@type\":\"ImageObject\",\"inLanguage\":\"ru-RU\",\"@id\":\"https:\\\/\\\/kohenavocats.com\\\/ru\\\/#\\\/schema\\\/logo\\\/image\\\/\",\"url\":\"https:\\\/\\\/kohenavocats.com\\\/wp-content\\\/uploads\\\/2026\\\/01\\\/Logo-2-1.webp\",\"contentUrl\":\"https:\\\/\\\/kohenavocats.com\\\/wp-content\\\/uploads\\\/2026\\\/01\\\/Logo-2-1.webp\",\"width\":2114,\"height\":1253,\"caption\":\"Kohen Avocats\"},\"image\":{\"@id\":\"https:\\\/\\\/kohenavocats.com\\\/ru\\\/#\\\/schema\\\/logo\\\/image\\\/\"}}]}<\/script>\n<!-- \/ Yoast SEO Premium plugin. -->","yoast_head_json":{"title":"ECLI:NL:GHAMS:2025:1793 Gerechtshof Amsterdam , 24-06-2025 \/ 200.341.996\/01 OK - Ma\u00eetre Hassan Kohen, avocat en droit p\u00e9nal \u00e0 Paris","robots":{"index":"index","follow":"follow","max-snippet":"max-snippet:-1","max-image-preview":"max-image-preview:large","max-video-preview":"max-video-preview:-1"},"canonical":"https:\/\/kohenavocats.com\/ru\/jurisprudences\/eclinlghams20251793-gerechtshof-amsterdam-24-06-2025-200-341-996-01-ok\/","og_locale":"ru_RU","og_type":"article","og_title":"ECLI:NL:GHAMS:2025:1793 Gerechtshof Amsterdam , 24-06-2025 \/ 200.341.996\/01 OK","og_description":"OK; enqu\u00eate; be\u00ebindiging procedure.","og_url":"https:\/\/kohenavocats.com\/ru\/jurisprudences\/eclinlghams20251793-gerechtshof-amsterdam-24-06-2025-200-341-996-01-ok\/","og_site_name":"Ma\u00eetre Hassan Kohen, avocat en droit p\u00e9nal \u00e0 Paris","twitter_card":"summary_large_image","twitter_misc":{"\u041f\u0440\u0438\u043c\u0435\u0440\u043d\u043e\u0435 \u0432\u0440\u0435\u043c\u044f \u0434\u043b\u044f \u0447\u0442\u0435\u043d\u0438\u044f":"3 \u043c\u0438\u043d\u0443\u0442\u044b"},"schema":{"@context":"https:\/\/schema.org","@graph":[{"@type":"WebPage","@id":"https:\/\/kohenavocats.com\/ru\/jurisprudences\/eclinlghams20251793-gerechtshof-amsterdam-24-06-2025-200-341-996-01-ok\/","url":"https:\/\/kohenavocats.com\/ru\/jurisprudences\/eclinlghams20251793-gerechtshof-amsterdam-24-06-2025-200-341-996-01-ok\/","name":"ECLI:NL:GHAMS:2025:1793 Gerechtshof Amsterdam , 24-06-2025 \/ 200.341.996\/01 OK - Ma\u00eetre Hassan Kohen, avocat en droit p\u00e9nal \u00e0 Paris","isPartOf":{"@id":"https:\/\/kohenavocats.com\/ru\/#website"},"datePublished":"2026-04-26T21:42:47+00:00","breadcrumb":{"@id":"https:\/\/kohenavocats.com\/ru\/jurisprudences\/eclinlghams20251793-gerechtshof-amsterdam-24-06-2025-200-341-996-01-ok\/#breadcrumb"},"inLanguage":"ru-RU","potentialAction":[{"@type":"ReadAction","target":["https:\/\/kohenavocats.com\/ru\/jurisprudences\/eclinlghams20251793-gerechtshof-amsterdam-24-06-2025-200-341-996-01-ok\/"]}]},{"@type":"BreadcrumbList","@id":"https:\/\/kohenavocats.com\/ru\/jurisprudences\/eclinlghams20251793-gerechtshof-amsterdam-24-06-2025-200-341-996-01-ok\/#breadcrumb","itemListElement":[{"@type":"ListItem","position":1,"name":"Home","item":"https:\/\/kohenavocats.com\/ru\/avocats-en-droit-penal-a-paris-conseil-et-defense-strategique\/"},{"@type":"ListItem","position":2,"name":"Jurisprudences","item":"https:\/\/kohenavocats.com\/ru\/jurisprudences\/"},{"@type":"ListItem","position":3,"name":"ECLI:NL:GHAMS:2025:1793 Gerechtshof Amsterdam , 24-06-2025 \/ 200.341.996\/01 OK"}]},{"@type":"WebSite","@id":"https:\/\/kohenavocats.com\/ru\/#website","url":"https:\/\/kohenavocats.com\/ru\/","name":"Kohen Avocats","description":"Ma\u00eetre Hassan Kohen, avocat p\u00e9naliste \u00e0 Paris, intervient exclusivement en droit p\u00e9nal pour la d\u00e9fense des particuliers, notamment en mati\u00e8re d\u2019accusations de viol. Il assure un accompagnement rigoureux d\u00e8s la garde \u00e0 vue jusqu\u2019\u00e0 la Cour d\u2019assises, veillant au strict respect des garanties proc\u00e9durales.","publisher":{"@id":"https:\/\/kohenavocats.com\/ru\/#organization"},"potentialAction":[{"@type":"SearchAction","target":{"@type":"EntryPoint","urlTemplate":"https:\/\/kohenavocats.com\/ru\/?s={search_term_string}"},"query-input":{"@type":"PropertyValueSpecification","valueRequired":true,"valueName":"search_term_string"}}],"inLanguage":"ru-RU"},{"@type":"Organization","@id":"https:\/\/kohenavocats.com\/ru\/#organization","name":"Kohen Avocats","url":"https:\/\/kohenavocats.com\/ru\/","logo":{"@type":"ImageObject","inLanguage":"ru-RU","@id":"https:\/\/kohenavocats.com\/ru\/#\/schema\/logo\/image\/","url":"https:\/\/kohenavocats.com\/wp-content\/uploads\/2026\/01\/Logo-2-1.webp","contentUrl":"https:\/\/kohenavocats.com\/wp-content\/uploads\/2026\/01\/Logo-2-1.webp","width":2114,"height":1253,"caption":"Kohen Avocats"},"image":{"@id":"https:\/\/kohenavocats.com\/ru\/#\/schema\/logo\/image\/"}}]}},"jetpack_likes_enabled":false,"jetpack_sharing_enabled":true,"_links":{"self":[{"href":"https:\/\/kohenavocats.com\/ru\/wp-json\/wp\/v2\/kji_decision\/699107","targetHints":{"allow":["GET"]}}],"collection":[{"href":"https:\/\/kohenavocats.com\/ru\/wp-json\/wp\/v2\/kji_decision"}],"about":[{"href":"https:\/\/kohenavocats.com\/ru\/wp-json\/wp\/v2\/types\/kji_decision"}],"wp:attachment":[{"href":"https:\/\/kohenavocats.com\/ru\/wp-json\/wp\/v2\/media?parent=699107"}],"wp:term":[{"taxonomy":"kji_country","embeddable":true,"href":"https:\/\/kohenavocats.com\/ru\/wp-json\/wp\/v2\/kji_country?post=699107"},{"taxonomy":"kji_court","embeddable":true,"href":"https:\/\/kohenavocats.com\/ru\/wp-json\/wp\/v2\/kji_court?post=699107"},{"taxonomy":"kji_chamber","embeddable":true,"href":"https:\/\/kohenavocats.com\/ru\/wp-json\/wp\/v2\/kji_chamber?post=699107"},{"taxonomy":"kji_year","embeddable":true,"href":"https:\/\/kohenavocats.com\/ru\/wp-json\/wp\/v2\/kji_year?post=699107"},{"taxonomy":"kji_subject","embeddable":true,"href":"https:\/\/kohenavocats.com\/ru\/wp-json\/wp\/v2\/kji_subject?post=699107"},{"taxonomy":"kji_keyword","embeddable":true,"href":"https:\/\/kohenavocats.com\/ru\/wp-json\/wp\/v2\/kji_keyword?post=699107"},{"taxonomy":"kji_language","embeddable":true,"href":"https:\/\/kohenavocats.com\/ru\/wp-json\/wp\/v2\/kji_language?post=699107"}],"curies":[{"name":"wp","href":"https:\/\/api.w.org\/{rel}","templated":true}]}}