{"id":699178,"date":"2026-04-26T23:57:45","date_gmt":"2026-04-26T21:57:45","guid":{"rendered":"https:\/\/kohenavocats.com\/jurisprudences\/eclinlrvs20254095-raad-van-state-27-08-2025-202306816-1-r3\/"},"modified":"2026-04-26T23:57:45","modified_gmt":"2026-04-26T21:57:45","slug":"eclinlrvs20254095-raad-van-state-27-08-2025-202306816-1-r3","status":"publish","type":"kji_decision","link":"https:\/\/kohenavocats.com\/ru\/jurisprudences\/eclinlrvs20254095-raad-van-state-27-08-2025-202306816-1-r3\/","title":{"rendered":"ECLI:NL:RVS:2025:4095 Raad van State , 27-08-2025 \/ 202306816\/1\/R3"},"content":{"rendered":"<div class=\"kji-decision\">\n<div class=\"kji-full-text\">\n<p><strong>Inhoudsindicatie.<\/strong> Bij besluit van 20 september 2023 heeft de raad van de gemeente De Fryske Marren het bestemmingsplan &quot;Tjerkgaast &#8212; [locatie A]&quot; vastgesteld. Het bestemmingsplan &quot;Tjerkgaast &#8212; [locatie A]&quot; (hierna: het bestemmingsplan) voorziet in een woonbestemming op het perceel met het adres [locatie A]. Op grond van het voorheen geldende bestemmingsplan &quot;Buitengebied &#8212; Noord 2017&quot; had het perceel de bestemming &quot;Agrarisch&quot;, waarbij wonen als ondergeschikte functie aan een agrarisch bedrijf was toegestaan. Aangezien de eigenaren van het perceel in het plangebied niet langer een agrarisch bedrijf voeren, is met het bestemmingsplan aan het perceel deels de bestemming &quot;Wonen &#8212; Voormalig boerderij&quot; toegekend. Aan het overige deel van het perceel is de bestemming &quot;Agrarisch&quot; toegekend. [appellant] woont in de woning naast het plangebied op het perceel met het adres [locatie B]. Hij kan zich niet met het plan verenigen, omdat de planregels volgens hem onvoldoende rechtszeker zijn en het bestemmingsplan de door de raad beoogde mogelijkheden niet toelaat. Daarnaast vreest hij dat de met het plan beoogde activiteiten leiden tot aantasting van zijn woon- en leefklimaat.<\/p>\n<p>202306816\/1\/R3.<\/p>\n<p>Datum uitspraak: 27 augustus 2025<\/p>\n<p>AFDELING<\/p>\n<p>BESTUURSRECHTSPRAAK<\/p>\n<p>Uitspraak in het geding tussen:<\/p>\n<p>[appellant A] en [appellant B] (hierna samen en in enkelvoud: [appellant]), wonend in Tjerkgaast, gemeente De Fryske Marren,<\/p>\n<p>appellanten,<\/p>\n<p>en<\/p>\n<p>de raad van de gemeente De Fryske Marren,<\/p>\n<p>verweerder.<\/p>\n<p>Procesverloop<\/p>\n<p>Bij besluit van 20 september 2023 heeft de raad het bestemmingsplan &quot;Tjerkgaast &#8212; [locatie A]&quot; vastgesteld.<\/p>\n<p>Tegen dit besluit heeft [appellant] beroep ingesteld.<\/p>\n<p>De raad heeft een verweerschrift ingediend.<\/p>\n<p>De Afdeling heeft de zaak op een zitting behandeld op 14 mei 2025, waar [appellant A] en [appellant B], en de raad, vertegenwoordigd door T.G. Dolfijn en L. Hijlkema, zijn verschenen. Voorts zijn ter zitting [belanghebbenden] als partij gehoord.<\/p>\n<p>Overwegingen<\/p>\n<p>Overgangsrecht inwerkingtreding Omgevingswet<\/p>\n<p>1. Op 1 januari 2024 zijn de Omgevingswet en de Invoeringswet Omgevingswet in werking getreden. Op grond van artikel 4.6, derde lid, van de Invoeringswet Omgevingswet blijft op een beroep tegen een besluit tot vaststelling van een bestemmingsplan waarvan het ontwerp v\u00f3\u00f3r het tijdstip van inwerkingtreding van de Omgevingswet ter inzage is gelegd het recht zoals dat gold onmiddellijk v\u00f3\u00f3r dat tijdstip van toepassing tot het bestemmingsplan onherroepelijk is.<\/p>\n<p>Het ontwerpplan is op 9 juni 2023 ter inzage gelegd. Dat betekent dat op deze beroepsprocedure het recht, waaronder de Wet ruimtelijke ordening, zoals dat gold v\u00f3\u00f3r 1 januari 2024 van toepassing blijft.<\/p>\n<p>Inleiding<\/p>\n<p>2. Het bestemmingsplan &quot;Tjerkgaast &#8212; [locatie A]&quot; (hierna: het bestemmingsplan) voorziet in een woonbestemming op het perceel met het adres [locatie A] (hierna: het perceel). Op grond van het voorheen geldende bestemmingsplan &quot;Buitengebied &#8212; Noord 2017&quot; had het perceel de bestemming &quot;Agrarisch&quot;, waarbij wonen als ondergeschikte functie aan een agrarisch bedrijf was toegestaan. Aangezien de eigenaren van het perceel in het plangebied niet langer een agrarisch bedrijf voeren, is met het bestemmingsplan aan het perceel deels de bestemming &quot;Wonen &#8212; Voormalig boerderij&quot; toegekend. Aan het overige deel van het perceel is de bestemming &quot;Agrarisch&quot; toegekend.<\/p>\n<p>3. De raad heeft beoogd met het bestemmingsplan naast een woonbestemming een aantal ondergeschikte nevenactiviteiten op het perceel toe te staan, waaronder een kampeerterrein met sanitaire voorzieningen, een &quot;B\u00ead &amp; Brochje&quot; met drie logiesruimtes en een theetuin met terras.<\/p>\n<p>4. [appellant] woont in de woning naast het plangebied op het perceel met het adres [locatie B]. Hij kan zich niet met het plan verenigen, omdat de planregels volgens hem onvoldoende rechtszeker zijn en het bestemmingsplan de door de raad beoogde mogelijkheden niet toelaat. Daarnaast vreest hij dat de met het plan beoogde activiteiten leiden tot aantasting van zijn woon- en leefklimaat.<\/p>\n<p>5. De relevante wettelijke bepalingen zijn opgenomen in de bijlage die deel uitmaakt van deze uitspraak.<\/p>\n<p>Toetsingskader<\/p>\n<p>6. Bij de vaststelling van een bestemmingsplan moet de raad bestemmingen aanwijzen en regels geven die de raad uit het oogpunt van een goede ruimtelijke ordening nodig acht. De raad heeft daarbij beleidsruimte en moet de betrokken belangen afwegen. De Afdeling oordeelt niet zelf of het plan in overeenstemming is met een goede ruimtelijke ordening. De Afdeling beoordeelt aan de hand van de beroepsgronden of het besluit tot vaststelling van het bestemmingsplan in overeenstemming is met het recht. Daarbij kan aan de orde komen of de nadelige gevolgen van het plan onevenredig zijn in verhouding tot de met het plan te dienen doelen.<\/p>\n<p>Beroepsgronden<\/p>\n<p>Gebruiksmogelijkheden<\/p>\n<p>7. [appellant] betoogt dat het bestemmingsplan &quot;Tjerkgaast \u2013 [locatie A]&quot;, anders dan de raad stelt, geen kleinschalig kampeerterrein op het perceel van het plangebied toestaat. Hij voert daartoe aan dat in de doeleindenomschrijving van artikel 4.1 van de planregels verschillende functies zijn opgenomen voor de gronden die aangewezen zijn voor de bestemming &quot;Wonen &#8212; Voormalig boerderij&quot;. Een kleinschalig kampeerterrein wordt daar niet als functie genoemd en is om die reden op de gronden met die bestemming niet toegestaan. In artikel 4.5.1 van de planregels worden de onder artikel 4.1 genoemde functies weliswaar nader uitgewerkt. Daar wordt kleinschalig kamperen wel als toegestaan gebruik genoemd. Volgens [appellant] betekent dit echter niet dat kleinschalig kamperen is toegestaan omdat dit gebruik niet in artikel 4.1 van de planregels wordt genoemd. Om die reden is een kleinschalig kampeerterrein op de gronden met de bestemming &quot;Wonen &#8212; Voormalig boerderij&quot; niet toegestaan.<\/p>\n<p>Daarnaast betoogt [appellant] dat om diezelfde reden ook artikel 4.5.2, onder c, van de planregels geen kleinschalig kampeerterrein mogelijk kan maken. [appellant] begrijpt dat de raad een bepaalde bedoeling heeft gehad met dit bestemmingsplan, maar stelt dat de regels van het bestemmingsplan die bedoeling niet toelaten en deze regels leidend zijn.<\/p>\n<p>7.1. Uit artikel 2, eerste lid, aanhef en onder a, van de Regeling standaarden ruimtelijke ordening 2012 (hierna: de Regeling), in samenhang gelezen met artikel 1.2.6 van het Besluit ruimtelijke ordening (hierna: het Bro), volgt dat de raad een bestemmingsplan dient vorm te geven, in te richten en beschikbaar te stellen overeenkomstig de SVBP 2012. Uit paragraaf 6.2 van de SVBP 2012 volgt dat in een bestemmingsregel wordt aangegeven waarvoor en hoe de betreffende gronden mogen worden gebruikt, waarbij in de bestemmingsomschrijving wordt aangegeven welke functies toelaatbaar zijn. Een vaste indeling van de bestemmingsregels is een vereiste.<\/p>\n<p>7.2. De Afdeling stelt vast dat het grootste deel van de gronden binnen het plangebied de bestemming &quot;Wonen &#8212; Voormalig boerderij&quot; toegekend heeft gekregen. De Afdeling stelt daarnaast vast dat in de bestemmingsomschrijving in artikel 4.1 van de planregels kleinschalig kamperen niet is aangemerkt als een toelaatbare functie. Ook in de in artikel 4.1, onder a, onder 1, van de planregels genoemde bijlage met daarin een lijst met toelaatbare bedrijven en beroepen aan huis, wordt geen kleinschalig kampeerterrein genoemd. Artikel 4.5 bevat de specifieke gebruiksregels. In artikel 4.5.1, onder d, is bepaald dat het gebruik van de gronden voor kleinschalig kamperen is toegestaan, onder de in deze bepaling opgenomen voorwaarden. Met deze bepaling worden de toelaatbare functies die in de bestemmingsomschrijving (en dus in dit geval in artikel 4.1) worden genoemd, uitgebreid met de functie kleinschalig kamperen.<\/p>\n<p>Op grond van de SVBP 2012 moeten de toelaatbare functies voor een bestemming zijn aangegeven in de bestemmingsomschrijving en kunnen deze niet worden genoemd in specifieke gebruiksregels. Nu kleinschalig kamperen in het bestemmingsplan alleen is toegestaan in de specifieke gebruiksregels van artikel 4.5 van het bestemmingsplan, is de wijze waarop het kleinschalig kampeerterrein in de gebruiksregels is toegestaan in strijd met artikel 2, eerste lid, aanhef en onder a, van de Regeling, in samenhang gelezen met artikel 1.2.6 van het Bro, zoals uitgewerkt in de SVBP 2012. Dat betekent ook dat in artikel 4.5.2, onder c, van de planregels, niet kan worden bepaald dat het gebruik van gronden voor kleinschalige kampeerterreinen niet onder strijdig gebruik met de bestemming wordt begrepen.<\/p>\n<p>Op grond van artikel 4.6.2 van de planregels kan het college een omgevingsvergunning verlenen om af te wijken van artikel 4.5.1, onder d, van de planregels. Aangezien artikel 4.5.1, onder d, van de planregels in strijd is met artikel 2, eerste lid, aanhef en onder a, van de Regeling, in samenhang gelezen met artikel 1.2.6 van het Bro, zoals uitgewerkt in de SVBP 2012, kan artikel 4.6.2 van de planregels evenmin in stand blijven.<\/p>\n<p>Het betoog slaagt.<\/p>\n<p>7.3. Omdat [appellant] op de zitting heeft aangegeven dat zijn overige beroepsgronden alle betrekking hebben op de gevolgen van het beoogde kleinschalig kampeerterrein en hiervoor is vastgesteld dat de gebruiksregels die dit kampeerterrein beogen mogelijk te maken in strijd met artikel 2, eerste lid, aanhef en onder a, van de Regeling, in samenhang gelezen met artikel 1.2.6 van het Bro, zoals uitgewerkt in de SVBP 2012 zijn, behoeven die beroepsgronden geen bespreking meer.<\/p>\n<p>Conclusie<\/p>\n<p>8. Gelet op wat [appellant] heeft aangevoerd ziet de Afdeling aanleiding voor het oordeel dat het bestreden besluit voor zover dat gaat over de vaststelling van artikel 4.5.1, onder d, artikel 4.5.2, onder c, voor zover het de woorden &quot;en d&quot; en &quot;en kleinschalige kampeerterreinen&quot; bevat, en artikel 4.6.2 van de planregels, is genomen in strijd met artikel 2, eerste lid, aanhef en onder a, van de Regeling, in samenhang gelezen met artikel 1.2.6 van het Bro, zoals uitgewerkt in de SVPB 2012. Het beroep is gegrond, zodat het bestreden besluit in zoverre moet worden vernietigd.<\/p>\n<p>9. De Afdeling ziet aanleiding de raad op te dragen het hierna in de beslissing nader aangeduide onderdeel van deze uitspraak binnen vier weken na verzending van de uitspraak te verwerken in het elektronisch vastgestelde plan dat te raadplegen is op de landelijke voorziening.<\/p>\n<p>10. De raad hoeft geen proceskosten te vergoeden.<\/p>\n<p>Beslissing<\/p>\n<p>De Afdeling bestuursrechtspraak van de Raad van State:<\/p>\n<p>I. verklaart het beroep gegrond;<\/p>\n<p>II. vernietigt het besluit van 20 september 2023 van de raad van de gemeente De Fryske Marren tot vaststelling van het bestemmingsplan &quot;Tjerkgaast &#8212; [locatie A]&quot; voor zover het de volgende planregels betreft:<\/p>\n<p>&#8212; artikel 4.5.1, onder d;<\/p>\n<p>&#8212; artikel 4.5.2, onder c, alleen voor zover het de woorden &quot;en d&quot; en &quot;en kleinschalige kampeerterreinen&quot; betreft en<\/p>\n<p>&#8212; artikel 4.6.2;<\/p>\n<p>III. draagt de raad van de gemeente De Fryske Marren op om binnen vier weken na verzending van deze uitspraak ervoor zorg te dragen dat het hiervoor vermelde onderdeel II., wordt verwerkt in het elektronisch vastgestelde plan dat te raadplegen is op de landelijke voorziening;<\/p>\n<p>V. gelast dat de raad van de gemeente De Fryske Marren aan [appellant A] en [appellant B] het door hen voor de behandeling van het beroep betaalde griffierecht ten bedrage van \u20ac 184,00 vergoedt.<\/p>\n<p>Aldus vastgesteld door mr. M.M. Kaajan, lid van de enkelvoudige kamer, in tegenwoordigheid van mr. R.I.Y. Lap, griffier.<\/p>\n<p>w.g. Kaajan<\/p>\n<p>lid van de enkelvoudige kamer<\/p>\n<p>w.g. Lap<\/p>\n<p>griffier<\/p>\n<p>Uitgesproken in het openbaar op 27 augustus 2025<\/p>\n<p>288-1157<\/p>\n<p>Bijlage<\/p>\n<p>Planregels<\/p>\n<p>4.1 Bestemmingsomschrijving<\/p>\n<p>De voor &#039;Wonen &#8212; Voormalig boerderij&#039; aangewezen gronden zijn bestemd voor:<\/p>\n<p>a. wonen, al dan niet in combinatie met:<\/p>\n<p>1. een aan huis verbonden beroep of kleinschalige bedrijfsmatige activiteit zoals genoemd in Bijlage 2 Lijst met toelaatbare bedrijven en beroepen;<\/p>\n<p>2. mantelzorg;<\/p>\n<p>3. ondergeschikte agrarische hobbyactiviteiten;<\/p>\n<p>4. stalling van campers, caravans en boten;<\/p>\n<p>met de daarbij behorende:<\/p>\n<p>b. gebouwen;<\/p>\n<p>c. tuinen en erven, parkeervoorzieningen, (\u2026)<\/p>\n<p>4.5 Specifieke gebruiksregels<\/p>\n<p>4.5.1 Toegestaan gebruik<\/p>\n<p>d Kleinschalig kamperen<\/p>\n<p>&quot;Het gebruik van de gronden voor kleinschalig kamperen ter plaatse is toegestaan, mits: (\u2026)<\/p>\n<p>4.5.2 Strijdig gebruik<\/p>\n<p>Onder strijdig gebruik met deze bestemming wordt begrepen het gebruik dat afwijkt van de bestemmingsomschrijving, waaronder in ieder geval wordt begrepen:<\/p>\n<p>a. (\u2026)<\/p>\n<p>c. het gebruik van gronden en gebouwen (\u2026) met uitzondering van de (\u2026) in lid 4.5.1, sub (\u2026) d genoemde (\u2026) kleinschalige kampeerterreinen.<\/p>\n<p>4.6 Afwijken van de gebruiksregels<\/p>\n<p>4.6.2 Kleinschalig kampeerterrein met maximaal 25 standplaatsen<\/p>\n<p>Het college (\u2026) kan bij een omgevingsvergunning afwijken van het bepaalde in lid 4.5.1, sub d voor het gebruik van gronden en bouwwerken voor kleinschalig kamperen (\u2026)<\/p>\n<p>Besluit ruimtelijke ordening<\/p>\n<p>Artikel 1.2.6, eerste lid, van het Besluit ruimtelijke ordening luidde ten tijde van de vaststelling van het bestemmingsplan als volgt:<\/p>\n<p>&quot;Bij ministeri\u00eble regeling kunnen regels worden gesteld omtrent de vormgeving en inrichting van de in artikel 1.2.1, eerste lid, bedoelde (\u2026) plannen (\u2026)&quot;<\/p>\n<p>Regeling standaarden ruimtelijke ordening 2012<\/p>\n<p>Artikel 2 van de Regeling standaarden ruimtelijke ordening 2012 luidde ten tijde van de vaststelling van het bestemmingsplan als volgt:<\/p>\n<p>&quot;1. De vormgeving, inrichting en elektronische beschikbaarstelling van een (\u2026) plan (\u2026) vinden plaats overeenkomstig de standaarden (\u2026) SVBP2012 (\u2026), met dien verstande dat:<\/p>\n<p>a. de standaard SVBP2012 alleen van toepassing is op bestemmingsplannen, (\u2026).&quot;<\/p>\n<p>De SVBP 2012 maakt als bijlage 5 deel uit van de Regeling.<\/p>\n<p>SVBP 2012<\/p>\n<p>6.2 Indeling bestemmingsregels<\/p>\n<p>In een bestemmingsregel wordt aangegeven waarvoor en, zo nodig, hoe de betreffende gronden mogen worden gebruikt en bebouwd. Bij de bestemmingen moet in de bestemmingsomschrijving aangegeven zijn welke functies toelaatbaar zijn. Een vast indeling van de bestemmingsregels is een vereiste. Voor zover voor het betrokken bestemmingsplan van toepassing, geldt dit voor alle soorten bestemmingen: bestemmingen, voorlopige bestemmingen, uit te werken bestemmingen en dubbelbestemmingen.<\/p>\n<p>Bestemming<\/p>\n<p>De regels van een bestemmingsartikel worden als volgt opgebouwd en benoemd:<\/p>\n<p>\u2981 Bestemmingsomschrijving;<\/p>\n<p>\u2981 Bouwregels;<\/p>\n<p>\u2981 Nadere eisen;<\/p>\n<p>\u2981 Afwijken van de bouwregels;<\/p>\n<p>\u2981 Specifieke gebruiksregels;<\/p>\n<p>\u2981 Afwijken van de gebruiksregels;<\/p>\n<p>\u2981 Omgevingsvergunning voor het uitvoeren van een werk, geen bouwwerk zijnde, of van werkzaamheden;<\/p>\n<p>\u2981 Omgevingsvergunning voor het slopen van een bouwwerk;<\/p>\n<p>\u2981 Wijzigingsbevoegdheid.<\/p>\n<\/div>\n<hr class=\"kji-sep\" \/>\n<p class=\"kji-source-links\"><strong>Sources officielles :<\/strong> <a class=\"kji-source-link\" href=\"http:\/\/deeplink.rechtspraak.nl\/uitspraak?id=ECLI:NL:RVS:2025:4095\" target=\"_blank\" rel=\"noopener noreferrer\">consulter la page source<\/a><\/p>\n<p class=\"kji-license-note\"><em>Rechtspraak.nl open data, Creative Commons Zero. Volume cible 1.8M decisions.<\/em><\/p>\n<\/div>\n","protected":false},"excerpt":{"rendered":"<p>Bij besluit van 20 september 2023 heeft de raad van de gemeente De Fryske Marren het bestemmingsplan &#171;Tjerkgaast &#8212; [locatie A]&#187; vastgesteld. Het bestemmingsplan &#171;Tjerkgaast &#8212; [locatie A]&#187; (hierna: het bestemmingsplan) voorziet in een woonbestemming op het perceel met het adres [locatie A]. Op grond van het voorheen geldende bestemmingsplan &#171;Buitengebied &#8212; Noord 2017&#187; had het perceel de bestemmi&#8230;<\/p>\n","protected":false},"featured_media":0,"template":"","meta":{"_crdt_document":""},"kji_country":[7669],"kji_court":[8622],"kji_chamber":[],"kji_year":[8463],"kji_subject":[7646],"kji_keyword":[24567,9845,10630,11297,10598],"kji_language":[7671],"class_list":["post-699178","kji_decision","type-kji_decision","status-publish","hentry","kji_country-pays-bas","kji_court-raad-van-state","kji_year-8463","kji_subject-divers","kji_keyword-agrarisch","kji_keyword-bestemming","kji_keyword-bestemmingsplan","kji_keyword-locatie","kji_keyword-perceel","kji_language-nl"],"yoast_head":"<!-- This site is optimized with the Yoast SEO Premium plugin v27.5 (Yoast SEO v27.5) - https:\/\/yoast.com\/product\/yoast-seo-premium-wordpress\/ -->\n<title>ECLI:NL:RVS:2025:4095 Raad van State , 27-08-2025 \/ 202306816\/1\/R3 - Ma\u00eetre Hassan Kohen, avocat en droit p\u00e9nal \u00e0 Paris<\/title>\n<meta name=\"robots\" content=\"index, follow, max-snippet:-1, max-image-preview:large, max-video-preview:-1\" \/>\n<link rel=\"canonical\" href=\"https:\/\/kohenavocats.com\/ru\/jurisprudences\/eclinlrvs20254095-raad-van-state-27-08-2025-202306816-1-r3\/\" \/>\n<meta property=\"og:locale\" content=\"ru_RU\" \/>\n<meta property=\"og:type\" content=\"article\" \/>\n<meta property=\"og:title\" content=\"ECLI:NL:RVS:2025:4095 Raad van State , 27-08-2025 \/ 202306816\/1\/R3\" \/>\n<meta property=\"og:description\" content=\"Bij besluit van 20 september 2023 heeft de raad van de gemeente De Fryske Marren het bestemmingsplan &quot;Tjerkgaast - [locatie A]&quot; vastgesteld. Het bestemmingsplan &quot;Tjerkgaast - [locatie A]&quot; (hierna: het bestemmingsplan) voorziet in een woonbestemming op het perceel met het adres [locatie A]. Op grond van het voorheen geldende bestemmingsplan &quot;Buitengebied - Noord 2017&quot; had het perceel de bestemmi...\" \/>\n<meta property=\"og:url\" content=\"https:\/\/kohenavocats.com\/ru\/jurisprudences\/eclinlrvs20254095-raad-van-state-27-08-2025-202306816-1-r3\/\" \/>\n<meta property=\"og:site_name\" content=\"Ma\u00eetre Hassan Kohen, avocat en droit p\u00e9nal \u00e0 Paris\" \/>\n<meta name=\"twitter:card\" content=\"summary_large_image\" \/>\n<meta name=\"twitter:label1\" content=\"\u041f\u0440\u0438\u043c\u0435\u0440\u043d\u043e\u0435 \u0432\u0440\u0435\u043c\u044f \u0434\u043b\u044f \u0447\u0442\u0435\u043d\u0438\u044f\" \/>\n\t<meta name=\"twitter:data1\" content=\"11 \u043c\u0438\u043d\u0443\u0442\" \/>\n<script type=\"application\/ld+json\" class=\"yoast-schema-graph\">{\"@context\":\"https:\\\/\\\/schema.org\",\"@graph\":[{\"@type\":\"WebPage\",\"@id\":\"https:\\\/\\\/kohenavocats.com\\\/ru\\\/jurisprudences\\\/eclinlrvs20254095-raad-van-state-27-08-2025-202306816-1-r3\\\/\",\"url\":\"https:\\\/\\\/kohenavocats.com\\\/ru\\\/jurisprudences\\\/eclinlrvs20254095-raad-van-state-27-08-2025-202306816-1-r3\\\/\",\"name\":\"ECLI:NL:RVS:2025:4095 Raad van State , 27-08-2025 \\\/ 202306816\\\/1\\\/R3 - Ma\u00eetre Hassan Kohen, avocat en droit p\u00e9nal \u00e0 Paris\",\"isPartOf\":{\"@id\":\"https:\\\/\\\/kohenavocats.com\\\/ru\\\/#website\"},\"datePublished\":\"2026-04-26T21:57:45+00:00\",\"breadcrumb\":{\"@id\":\"https:\\\/\\\/kohenavocats.com\\\/ru\\\/jurisprudences\\\/eclinlrvs20254095-raad-van-state-27-08-2025-202306816-1-r3\\\/#breadcrumb\"},\"inLanguage\":\"ru-RU\",\"potentialAction\":[{\"@type\":\"ReadAction\",\"target\":[\"https:\\\/\\\/kohenavocats.com\\\/ru\\\/jurisprudences\\\/eclinlrvs20254095-raad-van-state-27-08-2025-202306816-1-r3\\\/\"]}]},{\"@type\":\"BreadcrumbList\",\"@id\":\"https:\\\/\\\/kohenavocats.com\\\/ru\\\/jurisprudences\\\/eclinlrvs20254095-raad-van-state-27-08-2025-202306816-1-r3\\\/#breadcrumb\",\"itemListElement\":[{\"@type\":\"ListItem\",\"position\":1,\"name\":\"Home\",\"item\":\"https:\\\/\\\/kohenavocats.com\\\/ru\\\/avocats-en-droit-penal-a-paris-conseil-et-defense-strategique\\\/\"},{\"@type\":\"ListItem\",\"position\":2,\"name\":\"Jurisprudences\",\"item\":\"https:\\\/\\\/kohenavocats.com\\\/ru\\\/jurisprudences\\\/\"},{\"@type\":\"ListItem\",\"position\":3,\"name\":\"ECLI:NL:RVS:2025:4095 Raad van State , 27-08-2025 \\\/ 202306816\\\/1\\\/R3\"}]},{\"@type\":\"WebSite\",\"@id\":\"https:\\\/\\\/kohenavocats.com\\\/ru\\\/#website\",\"url\":\"https:\\\/\\\/kohenavocats.com\\\/ru\\\/\",\"name\":\"Kohen Avocats\",\"description\":\"Ma\u00eetre Hassan Kohen, avocat p\u00e9naliste \u00e0 Paris, intervient exclusivement en droit p\u00e9nal pour la d\u00e9fense des particuliers, notamment en mati\u00e8re d\u2019accusations de viol. Il assure un accompagnement rigoureux d\u00e8s la garde \u00e0 vue jusqu\u2019\u00e0 la Cour d\u2019assises, veillant au strict respect des garanties proc\u00e9durales.\",\"publisher\":{\"@id\":\"https:\\\/\\\/kohenavocats.com\\\/ru\\\/#organization\"},\"potentialAction\":[{\"@type\":\"SearchAction\",\"target\":{\"@type\":\"EntryPoint\",\"urlTemplate\":\"https:\\\/\\\/kohenavocats.com\\\/ru\\\/?s={search_term_string}\"},\"query-input\":{\"@type\":\"PropertyValueSpecification\",\"valueRequired\":true,\"valueName\":\"search_term_string\"}}],\"inLanguage\":\"ru-RU\"},{\"@type\":\"Organization\",\"@id\":\"https:\\\/\\\/kohenavocats.com\\\/ru\\\/#organization\",\"name\":\"Kohen Avocats\",\"url\":\"https:\\\/\\\/kohenavocats.com\\\/ru\\\/\",\"logo\":{\"@type\":\"ImageObject\",\"inLanguage\":\"ru-RU\",\"@id\":\"https:\\\/\\\/kohenavocats.com\\\/ru\\\/#\\\/schema\\\/logo\\\/image\\\/\",\"url\":\"https:\\\/\\\/kohenavocats.com\\\/wp-content\\\/uploads\\\/2026\\\/01\\\/Logo-2-1.webp\",\"contentUrl\":\"https:\\\/\\\/kohenavocats.com\\\/wp-content\\\/uploads\\\/2026\\\/01\\\/Logo-2-1.webp\",\"width\":2114,\"height\":1253,\"caption\":\"Kohen Avocats\"},\"image\":{\"@id\":\"https:\\\/\\\/kohenavocats.com\\\/ru\\\/#\\\/schema\\\/logo\\\/image\\\/\"}}]}<\/script>\n<!-- \/ Yoast SEO Premium plugin. -->","yoast_head_json":{"title":"ECLI:NL:RVS:2025:4095 Raad van State , 27-08-2025 \/ 202306816\/1\/R3 - Ma\u00eetre Hassan Kohen, avocat en droit p\u00e9nal \u00e0 Paris","robots":{"index":"index","follow":"follow","max-snippet":"max-snippet:-1","max-image-preview":"max-image-preview:large","max-video-preview":"max-video-preview:-1"},"canonical":"https:\/\/kohenavocats.com\/ru\/jurisprudences\/eclinlrvs20254095-raad-van-state-27-08-2025-202306816-1-r3\/","og_locale":"ru_RU","og_type":"article","og_title":"ECLI:NL:RVS:2025:4095 Raad van State , 27-08-2025 \/ 202306816\/1\/R3","og_description":"Bij besluit van 20 september 2023 heeft de raad van de gemeente De Fryske Marren het bestemmingsplan \"Tjerkgaast - [locatie A]\" vastgesteld. Het bestemmingsplan \"Tjerkgaast - [locatie A]\" (hierna: het bestemmingsplan) voorziet in een woonbestemming op het perceel met het adres [locatie A]. Op grond van het voorheen geldende bestemmingsplan \"Buitengebied - Noord 2017\" had het perceel de bestemmi...","og_url":"https:\/\/kohenavocats.com\/ru\/jurisprudences\/eclinlrvs20254095-raad-van-state-27-08-2025-202306816-1-r3\/","og_site_name":"Ma\u00eetre Hassan Kohen, avocat en droit p\u00e9nal \u00e0 Paris","twitter_card":"summary_large_image","twitter_misc":{"\u041f\u0440\u0438\u043c\u0435\u0440\u043d\u043e\u0435 \u0432\u0440\u0435\u043c\u044f \u0434\u043b\u044f \u0447\u0442\u0435\u043d\u0438\u044f":"11 \u043c\u0438\u043d\u0443\u0442"},"schema":{"@context":"https:\/\/schema.org","@graph":[{"@type":"WebPage","@id":"https:\/\/kohenavocats.com\/ru\/jurisprudences\/eclinlrvs20254095-raad-van-state-27-08-2025-202306816-1-r3\/","url":"https:\/\/kohenavocats.com\/ru\/jurisprudences\/eclinlrvs20254095-raad-van-state-27-08-2025-202306816-1-r3\/","name":"ECLI:NL:RVS:2025:4095 Raad van State , 27-08-2025 \/ 202306816\/1\/R3 - Ma\u00eetre Hassan Kohen, avocat en droit p\u00e9nal \u00e0 Paris","isPartOf":{"@id":"https:\/\/kohenavocats.com\/ru\/#website"},"datePublished":"2026-04-26T21:57:45+00:00","breadcrumb":{"@id":"https:\/\/kohenavocats.com\/ru\/jurisprudences\/eclinlrvs20254095-raad-van-state-27-08-2025-202306816-1-r3\/#breadcrumb"},"inLanguage":"ru-RU","potentialAction":[{"@type":"ReadAction","target":["https:\/\/kohenavocats.com\/ru\/jurisprudences\/eclinlrvs20254095-raad-van-state-27-08-2025-202306816-1-r3\/"]}]},{"@type":"BreadcrumbList","@id":"https:\/\/kohenavocats.com\/ru\/jurisprudences\/eclinlrvs20254095-raad-van-state-27-08-2025-202306816-1-r3\/#breadcrumb","itemListElement":[{"@type":"ListItem","position":1,"name":"Home","item":"https:\/\/kohenavocats.com\/ru\/avocats-en-droit-penal-a-paris-conseil-et-defense-strategique\/"},{"@type":"ListItem","position":2,"name":"Jurisprudences","item":"https:\/\/kohenavocats.com\/ru\/jurisprudences\/"},{"@type":"ListItem","position":3,"name":"ECLI:NL:RVS:2025:4095 Raad van State , 27-08-2025 \/ 202306816\/1\/R3"}]},{"@type":"WebSite","@id":"https:\/\/kohenavocats.com\/ru\/#website","url":"https:\/\/kohenavocats.com\/ru\/","name":"Kohen Avocats","description":"Ma\u00eetre Hassan Kohen, avocat p\u00e9naliste \u00e0 Paris, intervient exclusivement en droit p\u00e9nal pour la d\u00e9fense des particuliers, notamment en mati\u00e8re d\u2019accusations de viol. Il assure un accompagnement rigoureux d\u00e8s la garde \u00e0 vue jusqu\u2019\u00e0 la Cour d\u2019assises, veillant au strict respect des garanties proc\u00e9durales.","publisher":{"@id":"https:\/\/kohenavocats.com\/ru\/#organization"},"potentialAction":[{"@type":"SearchAction","target":{"@type":"EntryPoint","urlTemplate":"https:\/\/kohenavocats.com\/ru\/?s={search_term_string}"},"query-input":{"@type":"PropertyValueSpecification","valueRequired":true,"valueName":"search_term_string"}}],"inLanguage":"ru-RU"},{"@type":"Organization","@id":"https:\/\/kohenavocats.com\/ru\/#organization","name":"Kohen Avocats","url":"https:\/\/kohenavocats.com\/ru\/","logo":{"@type":"ImageObject","inLanguage":"ru-RU","@id":"https:\/\/kohenavocats.com\/ru\/#\/schema\/logo\/image\/","url":"https:\/\/kohenavocats.com\/wp-content\/uploads\/2026\/01\/Logo-2-1.webp","contentUrl":"https:\/\/kohenavocats.com\/wp-content\/uploads\/2026\/01\/Logo-2-1.webp","width":2114,"height":1253,"caption":"Kohen Avocats"},"image":{"@id":"https:\/\/kohenavocats.com\/ru\/#\/schema\/logo\/image\/"}}]}},"jetpack_likes_enabled":false,"jetpack_sharing_enabled":true,"_links":{"self":[{"href":"https:\/\/kohenavocats.com\/ru\/wp-json\/wp\/v2\/kji_decision\/699178","targetHints":{"allow":["GET"]}}],"collection":[{"href":"https:\/\/kohenavocats.com\/ru\/wp-json\/wp\/v2\/kji_decision"}],"about":[{"href":"https:\/\/kohenavocats.com\/ru\/wp-json\/wp\/v2\/types\/kji_decision"}],"wp:attachment":[{"href":"https:\/\/kohenavocats.com\/ru\/wp-json\/wp\/v2\/media?parent=699178"}],"wp:term":[{"taxonomy":"kji_country","embeddable":true,"href":"https:\/\/kohenavocats.com\/ru\/wp-json\/wp\/v2\/kji_country?post=699178"},{"taxonomy":"kji_court","embeddable":true,"href":"https:\/\/kohenavocats.com\/ru\/wp-json\/wp\/v2\/kji_court?post=699178"},{"taxonomy":"kji_chamber","embeddable":true,"href":"https:\/\/kohenavocats.com\/ru\/wp-json\/wp\/v2\/kji_chamber?post=699178"},{"taxonomy":"kji_year","embeddable":true,"href":"https:\/\/kohenavocats.com\/ru\/wp-json\/wp\/v2\/kji_year?post=699178"},{"taxonomy":"kji_subject","embeddable":true,"href":"https:\/\/kohenavocats.com\/ru\/wp-json\/wp\/v2\/kji_subject?post=699178"},{"taxonomy":"kji_keyword","embeddable":true,"href":"https:\/\/kohenavocats.com\/ru\/wp-json\/wp\/v2\/kji_keyword?post=699178"},{"taxonomy":"kji_language","embeddable":true,"href":"https:\/\/kohenavocats.com\/ru\/wp-json\/wp\/v2\/kji_language?post=699178"}],"curies":[{"name":"wp","href":"https:\/\/api.w.org\/{rel}","templated":true}]}}