{"id":700145,"date":"2026-04-27T02:42:48","date_gmt":"2026-04-27T00:42:48","guid":{"rendered":"https:\/\/kohenavocats.com\/jurisprudences\/tribunal-federal-suisse-25-mars-2021-n-5a-485-2020\/"},"modified":"2026-04-27T02:42:48","modified_gmt":"2026-04-27T00:42:48","slug":"tribunal-federal-suisse-25-mars-2021-n-5a-485-2020","status":"publish","type":"kji_decision","link":"https:\/\/kohenavocats.com\/ru\/jurisprudences\/tribunal-federal-suisse-25-mars-2021-n-5a-485-2020\/","title":{"rendered":"Tribunal f\u00e9d\u00e9ral suisse, 25 mars 2021, n\u00b0 5A 485-2020"},"content":{"rendered":"<div class=\"kji-decision\">\n<div class=\"kji-full-text\">\n<p>Bundesgericht<\/p>\n<p>Tribunal f\u00e9d\u00e9ral<\/p>\n<p>Tribunale federale<\/p>\n<p>Tribunal federal<\/p>\n<p>5A_485\/2020<\/p>\n<p>Arr\u00eat du 25 mars 2021<\/p>\n<p>IIe Cour de droit civil<\/p>\n<p>Composition<\/p>\n<p>MM. les Juges f\u00e9d\u00e9raux Herrmann, Pr\u00e9sident,<\/p>\n<p>Marazzi, von Werdt, Sch\u00f6bi et Bovey.<\/p>\n<p>Greffi\u00e8re : Mme Achtari.<\/p>\n<p>Participants \u00e0 la proc\u00e9dure<\/p>\n<p>A.________,<\/p>\n<p>repr\u00e9sent\u00e9 par Mes Charles Poncet et Maxence Carron,<\/p>\n<p>recourant,<\/p>\n<p>contre<\/p>\n<p>B.________,<\/p>\n<p>repr\u00e9sent\u00e9e par Me Eric Hess,<\/p>\n<p>intim\u00e9e.<\/p>\n<p>Objet<\/p>\n<p>inventaire civil de la succession (capacit\u00e9 de postuler de l&#039;avocat),<\/p>\n<p>recours contre l&#039;arr\u00eat de la Cour de justice du canton de Gen\u00e8ve, Chambre civile, du 7 mai 2020 (C\/26978\/2019 DAS\/72\/2020).<\/p>\n<p>Faits :<\/p>\n<p>A.<\/p>\n<p>Par testament public instrument\u00e9 le 28 septembre 2012, C.________, d\u00e9c\u00e9d\u00e9 le 26 novembre 2019 \u00e0 Gen\u00e8ve, a institu\u00e9 h\u00e9ritiers ses deux enfants, B.________ et A.________, et attribu\u00e9 plusieurs legs \u00e0 son \u00e9pouse D.________.<\/p>\n<p>B.<\/p>\n<p>B.a. Par d\u00e9cision du 27 janvier 2020, la Justice de paix du canton de Gen\u00e8ve (ci-apr\u00e8s: justice de paix) a nomm\u00e9 la notaire E.________ pour proc\u00e9der \u00e0 l&#039;inventaire civil de la succession de feu C.________.<\/p>\n<p>B.b.<\/p>\n<p>B.b.a. Par acte exp\u00e9di\u00e9 le 10 f\u00e9vrier 2020 au greffe de la Cour de justice du canton de Gen\u00e8ve (ci-apr\u00e8s: cour de justice), B.________, repr\u00e9sent\u00e9e par l&#039;avocat Eric Hess, a form\u00e9 appel contre cette d\u00e9cision et a sollicit\u00e9 la nomination d&#039;un autre notaire n&#039;officiant pas au sein de l&#039;Etude F.________ aux fins de proc\u00e9der \u00e0 l&#039;inventaire civil de la succession de feu son p\u00e8re.<\/p>\n<p>B.b.b. Dans sa r\u00e9ponse, A.________ a form\u00e9 une requ\u00eate pr\u00e9alable tendant \u00e0 faire interdiction \u00e0 Eric Hess de postuler, un nouveau d\u00e9lai devant \u00eatre fix\u00e9 \u00e0 B.________ pour former appel contre la d\u00e9cision de la Justice de paix, et a conclu, sur le fond, au rejet de l&#039;appel.<\/p>\n<p>Il a all\u00e9gu\u00e9 que l&#039;activit\u00e9 d&#039;un avocat, d\u00e9ploy\u00e9e en lien avec la fortune personnelle des parties ainsi que du d\u00e9funt et dans le cadre des successions de l&#039;oncle et la tante par alliance des parties, qui avait rejoint l&#039;\u00e9tude dans laquelle exer\u00e7ait Eric Hess, engendrait un conflit d&#039;int\u00e9r\u00eats. Par courrier du 12 f\u00e9vrier 2020, il avait requis d&#039;Eric Hess la cessation imm\u00e9diate de son mandat dans la pr\u00e9sente proc\u00e9dure, ainsi que dans celles relatives aux successions de l&#039;oncle et la tante des parties, dans le cadre desquelles celles-ci \u00e9taient \u00e9galement en litige. Eric Hess avait refus\u00e9 de donner suite \u00e0 ces injonctions.<\/p>\n<p>B.b.c. B.________ a conclu, principalement, \u00e0 l&#039;irrecevabilit\u00e9 de la requ\u00eate pr\u00e9alable en interdiction de postuler de son conseil, subsidiairement, au d\u00e9boutement de A.________ de toutes ses conclusions et, plus subsidiairement encore, au renvoi de la cause \u00e0 la Commission du barreau du canton de Gen\u00e8ve pour statuer sur le conflit d&#039;int\u00e9r\u00eats all\u00e9gu\u00e9.<\/p>\n<p>Entre autres arguments, elle a contest\u00e9 la comp\u00e9tence de la cour de justice pour statuer sur l&#039;incapacit\u00e9 de postuler de son conseil, celle-ci \u00e9tant du ressort de la Commission du barreau.<\/p>\n<p>B.b.d. Dans leurs r\u00e9plique et duplique, les parties ont persist\u00e9 dans leurs conclusions. En particulier, A.________ a fait valoir que la cour de justice \u00e9tait comp\u00e9tente pour statuer sur la capacit\u00e9 de postuler d&#039;Eric Hess, d\u00e8s lors qu&#039;il s&#039;agissait d&#039;une question de recevabilit\u00e9 au sens de l&#039;art. 59 CPC.<\/p>\n<p>B.b.e. Par arr\u00eat du 7 mai 2020, la cour de justice a d\u00e9clar\u00e9 recevable l&#039;appel interjet\u00e9 le 10 f\u00e9vrier 2020 par B.________ contre la d\u00e9cision du 27 janvier 2020 et d\u00e9clar\u00e9 irrecevable la requ\u00eate pr\u00e9alable form\u00e9e le 2 mars 2020 par A.________ dans cette cause. Elle a ensuite r\u00e9serv\u00e9 la suite de la proc\u00e9dure au fond.<\/p>\n<p>C.<\/p>\n<p>Par acte post\u00e9 le 9 juin 2020, A.________ interjette un recours en mati\u00e8re civile contre cet arr\u00eat. Il conclut \u00e0 son annulation et au renvoi de la cause \u00e0 l&#039;autorit\u00e9 cantonale pour nouvelle d\u00e9cision au sens des consid\u00e9rants.<\/p>\n<p>Invit\u00e9es \u00e0 d\u00e9poser leurs observations, l&#039;autorit\u00e9 cantonale s&#039;est r\u00e9f\u00e9r\u00e9e \u00e0 son arr\u00eat et l&#039;intim\u00e9e s&#039;en est rapport\u00e9e \u00e0 justice, par courriers post\u00e9s les 18 novembre et 7 d\u00e9cembre 2020.<\/p>\n<p>L&#039;affaire a \u00e9t\u00e9 d\u00e9lib\u00e9r\u00e9e en s\u00e9ance publique le 25 mars 2021.<\/p>\n<p>Consid\u00e9rant en droit :<\/p>\n<p>1.<\/p>\n<p>Le Tribunal f\u00e9d\u00e9ral examine d&#039;office la recevabilit\u00e9 des recours qui lui sont soumis (ATF 145 II 168 consid. 1).<\/p>\n<p>1.1. La d\u00e9cision attaqu\u00e9e se prononce sur la comp\u00e9tence de l&#039;autorit\u00e9 cantonale pour statuer sur la requ\u00eate visant \u00e0 l&#039;interdiction de postuler signifi\u00e9e \u00e0 un avocat.<\/p>\n<p>1.2. Le Tribunal f\u00e9d\u00e9ral examine la d\u00e9cision sur la capacit\u00e9 de postuler de l&#039;avocat dans le cadre de la voie de recours ouverte dans la mati\u00e8re en cause (arr\u00eats 2C_642\/2011 du 20 f\u00e9vrier 2012 consid. 1.2, non publi\u00e9 aux ATF 138 II 162, publi\u00e9 in Pra 2012 p. 743; 1B_434\/2010 et 1B_566\/2011 du 14 novembre 2011 consid. 3; cf. aussi arr\u00eats 4A_349\/2015 du 5 janvier 2016 consid. 1.1; 4D_58\/2014 du 17 octobre 2014 consid. 1.2). D\u00e8s lors qu&#039;il s&#039;agit en l&#039;esp\u00e8ce d&#039;une proc\u00e9dure civile, c&#039;est la voie du recours en mati\u00e8re civile qui est ouverte, en application des art. 72 ss LTF.<\/p>\n<p>1.3.<\/p>\n<p>1.3.1. Le recours en mati\u00e8re civile est recevable contre les d\u00e9cisions qui mettent fin \u00e0 la proc\u00e9dure (art. 90 LTF), les d\u00e9cisions partielles (art. 91 LTF) ainsi que les d\u00e9cisions pr\u00e9judicielles et incidentes qui sont notifi\u00e9es s\u00e9par\u00e9ment et qui portent sur la comp\u00e9tence ou sur une demande de r\u00e9cusation (art. 92 al. 1 LTF). Les autres d\u00e9cisions pr\u00e9judicielles et incidentes notifi\u00e9es s\u00e9par\u00e9ment peuvent faire l&#039;objet d&#039;un recours si elles peuvent causer un pr\u00e9judice irr\u00e9parable (art. 93 al. 1 let. a LTF) ou si l&#039;admission du recours peut conduire imm\u00e9diatement \u00e0 une d\u00e9cision finale qui permet d&#039;\u00e9viter une proc\u00e9dure probatoire longue et co\u00fbteuse (art. 93 al. 1 let. b LTF).<\/p>\n<p>1.3.2. A teneur de l&#039;art. 92 al. 1 LTF, les d\u00e9cisions pr\u00e9judicielles et incidentes qui sont notifi\u00e9es s\u00e9par\u00e9ment et qui portent sur la comp\u00e9tence peuvent faire l&#039;objet d&#039;un recours.<\/p>\n<p>La loi requiert que la d\u00e9cision soit notifi\u00e9e s\u00e9par\u00e9ment, et donc ind\u00e9pendamment du jugement au fond. Pour qu&#039;une d\u00e9cision puisse \u00eatre qualifi\u00e9e de d\u00e9cision incidente sur la comp\u00e9tence au sens de l&#039;art. 92 al. 1 LTF, il faut que la question de la comp\u00e9tence soit effectivement et d\u00e9finitivement tranch\u00e9e (ATF 144 III 475 consid. 1.1.2; arr\u00eat 4A_264\/2018 du 7 juin 2018 consid. 2.1 et les r\u00e9f\u00e9rences).<\/p>\n<p>Tel n&#039;est pas le cas de la d\u00e9cision par laquelle un tribunal rejette une demande tendant \u00e0 limiter la proc\u00e9dure \u00e0 la question de sa comp\u00e9tence, m\u00eame si le refus repose sur la th\u00e9orie des faits doublement pertinents (arr\u00eat 4A_619\/2020 du 17 f\u00e9vrier 2021 consid. 3, destin\u00e9 \u00e0 la publication). Tel ne l&#039;est pas non plus de la d\u00e9cision rendue dans une proc\u00e9dure de mesures provisionnelles d\u00e9pendante, par laquelle le juge saisi de la requ\u00eate refuse d&#039;entrer en mati\u00e8re faute de comp\u00e9tence. En effet, dans cette situation, le tribunal peut revoir sa d\u00e9cision sur la comp\u00e9tence dans le cadre de la proc\u00e9dure au fond et le demandeur se trouve dans la m\u00eame situation que celui dont la requ\u00eate est rejet\u00e9e, en ce sens que la mesure provisionnelle n&#039;est pas ordonn\u00e9e (ATF 144 III 475 consid. 1.1). Il s&#039;agit donc l\u00e0 de d\u00e9cisions incidentes au sens de l&#039;art. 93 LTF, et non de l&#039;art. 92 LTF.<\/p>\n<p>1.3.3. En l&#039;esp\u00e8ce, l&#039;autorit\u00e9 cantonale est entr\u00e9e en mati\u00e8re sur la requ\u00eate pr\u00e9alable du recourant tendant \u00e0 l&#039;interdiction de postuler de l&#039;avocat de l&#039;intim\u00e9e. Elle a rendu une d\u00e9cision d&#039;irrecevabilit\u00e9, en vertu de laquelle elle a tranch\u00e9 effectivement et d\u00e9finitivement sa comp\u00e9tence sur ce point du litige. En effet, les questions dont elle est encore saisie relativement \u00e0 l&#039;inventaire civil de la succession ne l&#039;am\u00e8neront plus \u00e0 se pencher sur celle de sa comp\u00e9tence pour statuer sur la capacit\u00e9 de postuler de l&#039;avocat. Il s&#039;agit donc d&#039;une d\u00e9cision incidente au sens de l&#039;art. 92 LTF, susceptible d&#039;un recours imm\u00e9diat.<\/p>\n<p>1.4. Les autres conditions de recevabilit\u00e9 \u00e9tant remplies, il y a lieu d&#039;entrer en mati\u00e8re sur le recours.<\/p>\n<p>2.<\/p>\n<p>2.1. D\u00e8s lors que la d\u00e9cision incidente attaqu\u00e9e s&#039;ins\u00e8re dans une proc\u00e9dure au fond portant sur un inventaire civil de la succession, plus particuli\u00e8rement sur la nomination d&#039;un notaire pour y proc\u00e9der, elle constitue une d\u00e9cision de mesures provisionnelles au sens de l&#039;art. 98 LTF. En cons\u00e9quence, seule peut \u00eatre d\u00e9nonc\u00e9e la violation de droits constitutionnels (arr\u00eats 5D_159\/2017 du 6 septembre 2017 consid. 3; 5A_610\/2013 du 1er novembre 2013 consid. 1.2; 5A_434\/2012 du 18 d\u00e9cembre 2012 consid. 1.2, publi\u00e9 in PJA 2013 p. 1534).<\/p>\n<p>2.2. Dans les recours form\u00e9s contre des d\u00e9cisions portant sur des mesures provisionnelles (art. 98 LTF), le Tribunal f\u00e9d\u00e9ral n&#039;examine que les griefs express\u00e9ment soulev\u00e9s et motiv\u00e9s conform\u00e9ment au principe d&#039;all\u00e9gation (art. 106 al. 2 LTF). Le recourant doit indiquer quel droit ou principe constitutionnel a \u00e9t\u00e9 viol\u00e9 par l&#039;autorit\u00e9 pr\u00e9c\u00e9dente et dans quelle mesure, en pr\u00e9sentant une argumentation claire et circonstanci\u00e9e; des critiques purement appellatoires ne sont pas admissibles (ATF 143 II 283 consid. 1.2.2; 142 III 364 consid. 2.4; 139 I 229 consid. 2.2; 134 II 244 consid. 2.2). En particulier, pour qu&#039;une d\u00e9cision soit consid\u00e9r\u00e9e comme arbitraire au sens de l&#039;art. 9 Cst., il faut qu&#039;elle soit manifestement insoutenable, m\u00e9connaisse gravement une norme ou un principe juridique clair et indiscut\u00e9, ou heurte de mani\u00e8re choquante le sentiment de la justice et de l&#039;\u00e9quit\u00e9, cela non seulement dans sa motivation mais aussi dans son r\u00e9sultat. Elle ne l&#039;est en revanche pas du seul fait qu&#039;elle appara\u00eet discutable ou m\u00eame critiquable (ATF 143 IV 500 consid. 1.1; 142 II 369 consid. 4.3).<\/p>\n<p>3.<\/p>\n<p>Pour d\u00e9terminer si elle \u00e9tait comp\u00e9tente pour statuer sur une requ\u00eate visant \u00e0 interdire au conseil d&#039;une partie de postuler, la cour de justice a examin\u00e9 la norme constitutionnelle et les dispositions l\u00e9gales pertinentes (art. 49 al. 1 Cst.; 59 CPC; 12 et 34 al. 1 LLCA; 43 de la loi genevoise sur la profession d&#039;avocat [RS\/GE E 6 10; ci-apr\u00e8s: LPAv\/GE]), la jurisprudence f\u00e9d\u00e9rale et cantonale ainsi que la doctrine. Se fondant sur les arr\u00eats publi\u00e9s aux ATF 138 II 162 et 135 II 145, ainsi que sur l&#039;arr\u00eat 2C_755\/2010 du 10 d\u00e9cembre 2010 et diff\u00e9rents auteurs, elle a consid\u00e9r\u00e9 que, en l&#039;absence d&#039;une disposition du CPC exhaustive et univoque \u00e0 cet \u00e9gard, les cantons demeuraient habilit\u00e9s \u00e0 l\u00e9gif\u00e9rer sur la comp\u00e9tence des autorit\u00e9s de surveillance des avocats pour statuer sur les situations de conflit d&#039;int\u00e9r\u00eats et \u00e0 prononcer une \u00e9ventuelle interdiction de postuler. Elle a alors jug\u00e9 que l&#039;art. 43 al. 3 LPAv attribuait \u00e0 la Commission du barreau le pouvoir de prononcer des injonctions destin\u00e9es \u00e0 imposer \u00e0 l&#039;avocat le respect des usages professionnels, parmi lesquelles figurait le respect de l&#039;interdiction d&#039;agir en cas d&#039;existence d&#039;un conflit d&#039;int\u00e9r\u00eats, de sorte que cette commission \u00e9tait comp\u00e9tente pour se prononcer sur la capacit\u00e9 de postuler de l&#039;avocat. La requ\u00eate pr\u00e9alable du recourant \u00e9tait par cons\u00e9quent irrecevable.<\/p>\n<p>4.<\/p>\n<p>Le recourant se plaint tout d&#039;abord de la violation arbitraire de l&#039;art. 118a de la loi genevoise sur l&#039;organisation judiciaire (RS\/GE E 2 05; ci-apr\u00e8s: LOJ\/GE).<\/p>\n<p>4.1. Il reproche \u00e0 l&#039;autorit\u00e9 cantonale de n&#039;avoir pas proc\u00e9d\u00e9 \u00e0 un \u00e9change de vues avec la Chambre administrative de la cour de justice avant de rendre l&#039;arr\u00eat attaqu\u00e9, alors que celui-ci s&#039;\u00e9carte de la jurisprudence de cette chambre.<\/p>\n<p>4.2. En l&#039;esp\u00e8ce, la norme cantonale invoqu\u00e9e instaure un m\u00e9canisme pour assurer la constance et l&#039;unit\u00e9 de la jurisprudence. En revanche, elle ne conf\u00e8re aucun droit au justiciable, de sorte que le recourant ne peut pas s&#039;en pr\u00e9valoir.<\/p>\n<p>Le grief doit donc \u00eatre rejet\u00e9, de m\u00eame que, pour autant que recevable, celui de violation de l&#039;art. 9 Cst. dans l&#039;\u00e9tablissement des faits que le recourant soul\u00e8ve \u00e9galement en lien avec cette critique.<\/p>\n<p>5.<\/p>\n<p>Le recourant se plaint de la violation des art. 30 Cst. et 49 al. 1 Cst. (en lien avec les art. 122 Cst. et 4, 59 al. 2 let. c, 60 et 124 CPC), ainsi que d&#039;arbitraire (art. 9 Cst.) dans l&#039;application des art. 12, 14, 17 et 34 al. 1 LLCA. Il soutient que la capacit\u00e9 de postuler de l&#039;avocat est une question relevant de la recevabilit\u00e9 qui doit \u00eatre tranch\u00e9e par l&#039;autorit\u00e9 saisie du fond du litige, sans possibilit\u00e9 de d\u00e9l\u00e9gation \u00e0 une autre autorit\u00e9 (art. 59 al. 2 let. c et 60 CPC). S&#039;appuyant \u00e0 son tour sur plusieurs auteurs, il affirme ensuite que la position de l&#039;autorit\u00e9 cantonale rel\u00e8ve d&#039;une doctrine minoritaire.<\/p>\n<p>6.<\/p>\n<p>La question qui se pose est de savoir si l&#039;interpr\u00e9tation selon laquelle l&#039;art. 43 al. 3 LPav\/GE fonde la comp\u00e9tence de la Commission du barreau pour se prononcer sur la capacit\u00e9 de postuler d&#039;un avocat dans une proc\u00e9dure civile pendante viole l&#039;art. 49 al. 1 Cst.<\/p>\n<p>6.1.<\/p>\n<p>6.1.1. Selon l&#039;art. 49 al. 1 Cst., le droit f\u00e9d\u00e9ral prime le droit cantonal qui lui est contraire. Ce principe de la primaut\u00e9 du droit f\u00e9d\u00e9ral fait obstacle \u00e0 l&#039;adoption ou \u00e0 l&#039;application de r\u00e8gles cantonales qui \u00e9ludent des prescriptions de droit f\u00e9d\u00e9ral ou qui en contredisent le sens ou l&#039;esprit, notamment par leur but ou par les moyens qu&#039;elles mettent en oeuvre, ou qui empi\u00e8tent sur des mati\u00e8res que le l\u00e9gislateur f\u00e9d\u00e9ral a r\u00e9glement\u00e9es de fa\u00e7on exhaustive (ATF 143 I 109 consid. 4.2.2; arr\u00eat 2C_425\/2019 du 26 f\u00e9vrier 2020 consid. 4.1).<\/p>\n<p>Le Tribunal f\u00e9d\u00e9ral examine librement la conformit\u00e9 d&#039;une r\u00e8gle de droit cantonal au droit f\u00e9d\u00e9ral lorsqu&#039;il est appel\u00e9 \u00e0 examiner cette question au regard du grief de violation de l&#039;art. 49 al. 1 Cst. (ATF 143 I 352 consid. 2.2; 131 I 394 consid. 3.2).<\/p>\n<p>6.1.2. L&#039;art. 122 Cst., tout en posant \u00e0 son alin\u00e9a 1 que la l\u00e9gislation en mati\u00e8re de droit civil et de proc\u00e9dure civile rel\u00e8ve de la comp\u00e9tence de la Conf\u00e9d\u00e9ration, r\u00e9serve express\u00e9ment, \u00e0 son alin\u00e9a 2, la comp\u00e9tence des cantons dans le domaine de l&#039;organisation judiciaire et de l&#039;administration de la justice en mati\u00e8re de droit civil sauf disposition contraire de la loi. Cette r\u00e9serve implique que l&#039;on ne peut parler d&#039;une v\u00e9ritable autonomie des cantons, mais plut\u00f4t de comp\u00e9tences parall\u00e8les; les cantons demeurent souverains tant que le droit f\u00e9d\u00e9ral n&#039;a pas r\u00e9gl\u00e9 la question de mani\u00e8re exhaustive. Il n&#039;en demeure pas moins que, lorsque le droit f\u00e9d\u00e9ral comporte des r\u00e8gles qui portent atteinte \u00e0 la comp\u00e9tence cantonale en mati\u00e8re d&#039;organisation judiciaire, il doit \u00eatre interpr\u00e9t\u00e9 restrictivement et se limiter \u00e0 ce qui est n\u00e9cessaire, en particulier s&#039;agissant de l&#039;application du droit de proc\u00e9dure civile (ATF 141 II 280 consid. 7.2).<\/p>\n<p>6.1.3. Aux termes de l&#039;art. 12 let. c LLCA, l&#039;avocat \u00e9vite tout conflit entre les int\u00e9r\u00eats de son client et ceux des personnes avec lesquelles il est en relation sur le plan professionnel ou priv\u00e9. Celui qui, en violation de cette obligation, accepte ou poursuit la d\u00e9fense d&#039;int\u00e9r\u00eats contradictoires doit se voir d\u00e9nier par l&#039;autorit\u00e9 la capacit\u00e9 de postuler. L&#039;interdiction de plaider est, en effet, la cons\u00e9quence logique du constat de l&#039;existence d&#039;un tel conflit (ATF 138 II 162 consid. 2.5.1).<\/p>\n<p>La LLCA ne d\u00e9signe pas l&#039;autorit\u00e9 comp\u00e9tente habilit\u00e9e \u00e0 emp\u00eacher de plaider l&#039;avocat confront\u00e9 \u00e0 un conflit d&#039;int\u00e9r\u00eats, lorsqu&#039;une proc\u00e9dure est en cours. L&#039;art. 34 al. 1 LLCA pr\u00e9voit au contraire que les cantons r\u00e8glent la proc\u00e9dure. Selon les cantons, la d\u00e9cision initiale \u00e0 ce sujet peut \u00e9maner soit de l&#039;autorit\u00e9 disciplinaire comp\u00e9tente, soit de l&#039;autorit\u00e9 judiciaire saisie du fond (ATF 138 II 162 consid. 2.5.1). Le l\u00e9gislateur genevois a confi\u00e9 les comp\u00e9tences d\u00e9volues \u00e0 l&#039;autorit\u00e9 de surveillance par la loi sur les avocats \u00e0 la Commission du barreau (art. 14 LPAv\/GE).<\/p>\n<p>6.2. Si la LLCA laisse aux cantons le droit de r\u00e9gler la proc\u00e9dure, il reste \u00e0 examiner si le CPC leur impose en revanche des r\u00e8gles sur la comp\u00e9tence pour statuer sur la capacit\u00e9 de postuler de l&#039;avocat dans une proc\u00e9dure pendante.<\/p>\n<p>6.2.1. En proc\u00e9dure civile, le Tribunal f\u00e9d\u00e9ral ne s&#039;est pas encore prononc\u00e9 sur la nature de la capacit\u00e9 de postuler de l&#039;avocat, ni sur l&#039;autorit\u00e9 comp\u00e9tente pour en juger. Il a n\u00e9anmoins d\u00e9j\u00e0 eu l&#039;occasion de relever que la capacit\u00e9 de postuler en g\u00e9n\u00e9ral, soit la facult\u00e9 d&#039;accomplir des actes de proc\u00e9dure en la forme juridique pertinente, fait partie des conditions de recevabilit\u00e9, au sens de l&#039;art. 59 CPC (arr\u00eats 5A_469\/2019 du 17 novembre 2020 consid. 3.2; 5A_618\/2012 du 27 mai 2013 consid. 3.1; 4A_410\/2017 du 24 ao\u00fbt 2017; sur la notion: BOHNET, Les parties et leur capacit\u00e9 (d&#039;\u00eatre partie, d&#039;ester et de postuler) en proc\u00e9dure civile suisse, in RSPC 1\/2018 p. 69 ss [78]). Il a \u00e9galement pr\u00e9cis\u00e9 que, faute de capacit\u00e9 de postuler du repr\u00e9sentant, le tribunal ou le juge d\u00e9l\u00e9gu\u00e9 \u00e0 l&#039;instruction doit fixer un d\u00e9lai \u00e0 la partie pour qu&#039;elle d\u00e9signe un repr\u00e9sentant satisfaisant aux conditions l\u00e9gales (arr\u00eat 4A_87\/2012 du 10 avril 2012 consid. 3.2.3, publi\u00e9 in SJ 2012 I p. 443). En effet, la nature de la capacit\u00e9 de postuler, purement technique et portant sur l&#039;accomplissement formel des actes de proc\u00e9dure (BOHNET, op. cit., loc cit.), induit l&#039;octroi d&#039;un tel d\u00e9lai.<\/p>\n<p>6.2.2. Dans un arr\u00eat publi\u00e9 aux ATF 138 II 162, le Tribunal f\u00e9d\u00e9ral a jug\u00e9 que l&#039;interdiction de postuler dans un cas concret ne rel\u00e8ve en principe pas du droit disciplinaire, mais du contr\u00f4le du pouvoir de postuler de l&#039;avocat. S&#039;agissant de la comp\u00e9tence pour statuer, il a certes r\u00e9affirm\u00e9 le principe selon lequel, la LLCA ne d\u00e9signant pas l&#039;autorit\u00e9 comp\u00e9tente habilit\u00e9e \u00e0 emp\u00eacher de plaider l&#039;avocat confront\u00e9 \u00e0 un conflit d&#039;int\u00e9r\u00eats, les cantons sont comp\u00e9tents pour le faire. N\u00e9anmoins, il a \u00e9mis l&#039;hypoth\u00e8se que, en proc\u00e9dure p\u00e9nale, \u00e9tant donn\u00e9 que l&#039;art. 62 CPP confie les mesures n\u00e9cessaires au bon d\u00e9roulement et \u00e0 la l\u00e9galit\u00e9 de la proc\u00e9dure \u00e0 l&#039;autorit\u00e9 investie de la direction de la proc\u00e9dure (cf. art. 61 CPP), l&#039;ordre consistant en l&#039;interdiction de plaider pourrait ne plus pouvoir revenir \u00e0 l&#039;autorit\u00e9 de surveillance.<\/p>\n<p>Par la suite, le Tribunal f\u00e9d\u00e9ral a affirm\u00e9 qu&#039;en proc\u00e9dure p\u00e9nale, il appartenait \u00e0 l&#039;autorit\u00e9 en charge de la proc\u00e9dure de statuer d&#039;office et en tout temps sur la capacit\u00e9 de postuler d&#039;un mandataire professionnel au motif que l&#039;hypoth\u00e8se d&#039;un conflit d&#039;int\u00e9r\u00eats peut survenir au cours de la proc\u00e9dure, notamment en raison de son \u00e9volution ou d&#039;un changement de circonstances, et que l&#039;autorit\u00e9 doit pouvoir agir (ATF 141 IV 257 consid. 2.2; arr\u00eats 1B_191\/2020 du 26 ao\u00fbt 2020 consid. 4.1.2; 1B_582\/2019 du 20 mars 2020 consid. 4 et 5.1).<\/p>\n<p>6.2.3. En doctrine, certains auteurs estiment que, en proc\u00e9dure civile, m\u00eame apr\u00e8s l&#039;entr\u00e9e en vigueur du CPC le 1er janvier 2011, les cantons restent libres d&#039;octroyer la comp\u00e9tence de traiter de l&#039;interdiction de postuler aux autorit\u00e9s de surveillance des avocats (CHAPPUIS\/PELLATON, Conflit d&#039;int\u00e9r\u00eats: autorit\u00e9 comp\u00e9tente pour en juger et voies de recours, in Revue de l&#039;avocat 2012 p. 316 ss [320 s.]; CHAPPUIS, in La profession d&#039;avocat, tome I, 2\u00e8me \u00e9d., 2016, p. 151 s.; JORDAN, Conflit d&#039;int\u00e9r\u00eats de l&#039;avocat et comp\u00e9tence, in Plaidoyer 2018\/6 p. 38 ss; REISER\/VALTICOS, Il faut sauver l&#039;art. 43 al. 3 LPAv\/GE! Les conflits d&#039;int\u00e9r\u00eats et la commission du barreau, in La lettre du Conseil, 66\/2018 p. 56 ss; moins affirmatif, JEQUIER, La d\u00e9l\u00e9gation de la conduite du proc\u00e8s civil \u00e0 une autre autorit\u00e9, sp\u00e9cialement en mati\u00e8re de capacit\u00e9 de postuler de l&#039;avocat, in RSPC 2\/2019 p. 203 ss [203]). Ils avancent les arguments suivants: la capacit\u00e9 de postuler rel\u00e8ve de la mise en oeuvre des r\u00e8gles de la profession d&#039;avocat institu\u00e9e par la LLCA dont le CPC ne r\u00e8gle pas l&#039;application; le CPC ne r\u00e8gle pas exhaustivement toutes les questions de proc\u00e9dure, notamment \u00e0 l&#039;art. 59 CPC; il ressort de l&#039;ATF 141 II 280 consid. 7.2, que la capacit\u00e9 de repr\u00e9senter les parties touche \u00e9galement \u00e0 l&#039;organisation judiciaire cantonale, de sorte qu&#039;une comp\u00e9tence parall\u00e8le des cantons doit \u00eatre reconnue; \u00e0 l&#039;arr\u00eat 5A_710\/2016 du 2 mars 2017, le Tribunal f\u00e9d\u00e9ral a admis une d\u00e9l\u00e9gation \u00e0 une autorit\u00e9 fonctionnellement diff\u00e9rente de celle charg\u00e9e de se prononcer sur la d\u00e9cision au fond; la composition de l&#039;autorit\u00e9 de surveillance permet plus de distance et d&#039;ind\u00e9pendance que le magistrat charg\u00e9 de la proc\u00e9dure, elle garantit plus d&#039;uniformit\u00e9 dans le domaine, elle peut intervenir de mani\u00e8re pr\u00e9ventive et peut statuer en connaissance de faits couverts par le secret professionnel.<\/p>\n<p>D&#039;autres, en revanche, consid\u00e8rent que cette comp\u00e9tence doit \u00eatre exerc\u00e9e par le tribunal charg\u00e9 de l&#039;affaire au fond (BOHNET, Conflits d&#039;int\u00e9r\u00eats de l&#039;avocat et qualit\u00e9 pour recourir du client et de son adversaire: derniers d\u00e9veloppements, in RSJ 110\/2014 p. 234 ss [236]; FELLMANN, Anwaltsrecht, 2\u00e8me \u00e9d. 2017, n\u00b0 691; FELLMANN\/BURGER, Das Verbot von Interessenkollisionen und seine Durchsetzung im Prozess, in Anwaltsrevue 2020 p. 14 ss [17]; GRODECKI\/JEANDIN, Approche critique de l&#039;interdiction de postuler chez l&#039;avocat aux prises avec un conflit d&#039;int\u00e9r\u00eats, in SJ 2015 II p. 107 ss [131 s.]). Ils avancent comme argument que le CPC r\u00e8gle exhaustivement la proc\u00e9dure civile et que le contr\u00f4le de la capacit\u00e9 de postuler de l&#039;avocat est un examen proc\u00e9dural r\u00e9gl\u00e9 pour les uns \u00e0 l&#039;art. 59 CPC, pour les autres \u00e0 l&#039;art. 124 CPC, de sorte que les cantons ne peuvent plus adopter de r\u00e8gles particuli\u00e8res en mati\u00e8re d&#039;autorit\u00e9 comp\u00e9tente.<\/p>\n<p>6.3. Au vu de la jurisprudence pr\u00e9cit\u00e9e, il faut retenir que, en proc\u00e9dure civile, la d\u00e9cision sur la capacit\u00e9 de postuler de l&#039;avocat vise \u00e0 garantir la bonne marche du proc\u00e8s. Elle entre donc dans la cat\u00e9gorie des d\u00e9cisions relatives \u00e0 la conduite du proc\u00e8s, au sens de l&#039;art. 124 al. 1 CPC (cp. art. 62 CPP). Pour l&#039;acte introductif d&#039;instance, la capacit\u00e9 de postuler est en outre une condition de recevabilit\u00e9 de la demande (art. 59 al. 1 CPC). Partant, si la capacit\u00e9 de postuler est d\u00e9ni\u00e9e \u00e0 l&#039;avocat, un d\u00e9lai doit \u00eatre fix\u00e9 \u00e0 la partie concern\u00e9e pour rem\u00e9dier \u00e0 l&#039;irr\u00e9gularit\u00e9 (art. 132 CPC par analogie; cf. supra 6.2.1: arr\u00eat 4A_87\/2012 du 10 avril 2012 consid. 3.2.3). Il s&#039;ensuit que, dans une proc\u00e9dure pendante, l&#039;autorit\u00e9 qui doit statuer sur la capacit\u00e9 de postuler de l&#039;avocat est le tribunal comp\u00e9tent sur le fond de la cause ou, sur d\u00e9l\u00e9gation, un membre de ce m\u00eame tribunal (art. 124 al. 2 CPC), \u00e0 l&#039;exclusion de l&#039;autorit\u00e9 de surveillance.<\/p>\n<p>Les arguments de la doctrine qui pr\u00f4ne la comp\u00e9tence de l&#039;autorit\u00e9 de surveillance ne convainquent pas. L&#039;exclusion de l&#039;avocat des d\u00e9bats rel\u00e8ve du contr\u00f4le de la capacit\u00e9 de postuler de celui-ci, soit d&#039;une question de proc\u00e9dure. Or, \u00e0 ses art. 124 et 59, le CPC r\u00e8gle exhaustivement la question et fonde la comp\u00e9tence du tribunal qui conduit le proc\u00e8s au fond ou, sur d\u00e9l\u00e9gation, d&#039;un de ses membres. En cons\u00e9quence, la primaut\u00e9 du droit f\u00e9d\u00e9ral interdit aux cantons de consacrer la comp\u00e9tence d&#039;une autre autorit\u00e9. A l&#039;ATF 141 II 280, le Tribunal f\u00e9d\u00e9ral a trait\u00e9 de la question de la repr\u00e9sentation professionnelle des avocats, qui ne se recoupe pas avec celle de l&#039;interdiction de postuler en raison d&#039;un conflit d&#039;int\u00e9r\u00eats. En outre, retenir de l&#039;arr\u00eat 5A_710\/2016 du 2 mars 2017 que le Tribunal f\u00e9d\u00e9ral aurait admis, en application de l&#039;art. 124 al. 2 CPC, une d\u00e9l\u00e9gation \u00e0 une autorit\u00e9 fonctionnellement diff\u00e9rente de celle charg\u00e9e de se prononcer sur la d\u00e9cision au fond proc\u00e8de d&#039;une lecture erron\u00e9e de cette d\u00e9cision. Dans cette affaire, il a jug\u00e9 que le terme de &quot; tribunal &quot; figurant \u00e0 l&#039;art. 119 al. 3 CPC, consacr\u00e9 \u00e0 l&#039;assistance judiciaire, instaure seulement l&#039;exigence d&#039;une autorit\u00e9 judiciaire, \u00e0 l&#039;exclusion d&#039;une r\u00e8gle f\u00e9d\u00e9rale de comp\u00e9tence fonctionnelle en la mati\u00e8re, de sorte que les cantons sont libres de choisir une autre autorit\u00e9 que le juge saisi de la cause au fond. Tel n&#039;est en revanche pas le cas des d\u00e9cisions relatives \u00e0 la recevabilit\u00e9 de la demande ou \u00e0 la conduite de la proc\u00e9dure, qui pr\u00e9voient la comp\u00e9tence du juge du fond de la cause.<\/p>\n<p>6.4. En l&#039;esp\u00e8ce, en niant sa comp\u00e9tence au profit de celle de la Commission du barreau en application de l&#039;art. 43 al. 3 LPav\/GE, l&#039;autorit\u00e9 cantonale a viol\u00e9 l&#039;art. 49 al. 1 Cst., en lien avec l&#039;art. 124 al. 1 CPC.<\/p>\n<p>7.<\/p>\n<p>En d\u00e9finitive, le recours est admis. L&#039;arr\u00eat attaqu\u00e9 est annul\u00e9 et la cause est renvoy\u00e9e \u00e0 l&#039;autorit\u00e9 cantonale pour qu&#039;elle entre en mati\u00e8re sur la requ\u00eate pr\u00e9alable du recourant. Bien qu&#039;elle s&#039;en soit remise \u00e0 justice sur le sort du recours, l&#039;intim\u00e9e doit \u00eatre consid\u00e9r\u00e9e comme partie succombante \u00e0 la proc\u00e9dure f\u00e9d\u00e9rale, dans la mesure o\u00f9 la d\u00e9cision attaqu\u00e9e est modifi\u00e9e \u00e0 son d\u00e9triment (ATF 123 V 156 consid. 3). Les frais judiciaires, arr\u00eat\u00e9s \u00e0 1&#039;000 fr., sont ainsi mis \u00e0 sa charge (art. 66 al. 1 LTF). L&#039;intim\u00e9e versera en outre au recourant une indemnit\u00e9 de 1&#039;500 fr. \u00e0 titre de d\u00e9pens (art. 68 al. 1 LTF).<\/p>\n<p>Par ces motifs, le Tribunal f\u00e9d\u00e9ral prononce :<\/p>\n<p>1.<\/p>\n<p>Le recours est admis, l&#039;arr\u00eat attaqu\u00e9 est annul\u00e9 et la cause est renvoy\u00e9e \u00e0 l&#039;autorit\u00e9 cantonale pour nouvelle d\u00e9cision.<\/p>\n<p>2.<\/p>\n<p>Les frais judiciaires, arr\u00eat\u00e9s \u00e0 1&#039;000 fr., sont mis \u00e0 la charge de l&#039;intim\u00e9e.<\/p>\n<p>3.<\/p>\n<p>L&#039;intim\u00e9e versera au recourant une indemnit\u00e9 de 1&#039;500 fr. \u00e0 titre de d\u00e9pens.<\/p>\n<p>4.<\/p>\n<p>Le pr\u00e9sent arr\u00eat est communiqu\u00e9 aux parties, \u00e0 la Justice de paix du canton de Gen\u00e8ve et \u00e0 la Chambre civile de la Cour de justice du canton de Gen\u00e8ve.<\/p>\n<p>Lausanne, le 25 mars 2021<\/p>\n<p>Au nom de la IIe Cour de droit civil<\/p>\n<p>du Tribunal f\u00e9d\u00e9ral suisse<\/p>\n<p>Le Pr\u00e9sident : Herrmann<\/p>\n<p>La Greffi\u00e8re : Achtari<\/p>\n<\/div>\n<hr class=\"kji-sep\" \/>\n<p class=\"kji-source-links\"><strong>Sources officielles :<\/strong> <a class=\"kji-source-link\" href=\"https:\/\/search.bger.ch\/ext\/eurospider\/live\/fr\/php\/aza\/http\/index.php?lang=fr&#038;type=highlight_simple_query&#038;page=10&#038;from_date=&#038;to_date=&#038;sort=relevance&#038;insertion_date=&#038;top_subcollection_aza=all&#038;query_words=succession&#038;rank=98&#038;azaclir=aza&#038;highlight_docid=aza%3A%2F%2F25-03-2021-5A_485-2020&#038;number_of_ranks=1589\" target=\"_blank\" rel=\"noopener noreferrer\">consulter la page source<\/a><\/p>\n<p class=\"kji-license-note\"><em>Source officielle Tribunal federal suisse. Contenu HTML public, PDF non garanti en version gratuite.<\/em><\/p>\n<\/div>\n","protected":false},"excerpt":{"rendered":"<p>Bundesgericht Tribunal f\u00e9d\u00e9ral Tribunale federale Tribunal federal 5A_485\/2020 Arr\u00eat du 25 mars 2021 IIe Cour de droit civil Composition MM. les Juges f\u00e9d\u00e9raux Herrmann, Pr\u00e9sident, Marazzi, von Werdt, Sch\u00f6bi et Bovey. Greffi\u00e8re : Mme Achtari. Participants \u00e0 la proc\u00e9dure A.________, repr\u00e9sent\u00e9 par Mes Charles Poncet et Maxence Carron, recourant, contre B.________, repr\u00e9sent\u00e9e par Me Eric&#8230;<\/p>\n","protected":false},"featured_media":0,"template":"","meta":{"_crdt_document":""},"kji_country":[9676],"kji_court":[9677],"kji_chamber":[9798],"kji_year":[36297],"kji_subject":[7724],"kji_keyword":[9799,9679,9680,7636],"kji_language":[7733],"class_list":["post-700145","kji_decision","type-kji_decision","status-publish","hentry","kji_country-suisse","kji_court-tribunal-federal-suisse","kji_chamber-cour-de-droit-civil","kji_year-36297","kji_subject-civil","kji_keyword-bundesgericht","kji_keyword-federal","kji_keyword-suisse","kji_keyword-tribunal","kji_language-francais"],"yoast_head":"<!-- This site is optimized with the Yoast SEO Premium plugin v27.5 (Yoast SEO v27.5) - https:\/\/yoast.com\/product\/yoast-seo-premium-wordpress\/ -->\n<title>Tribunal f\u00e9d\u00e9ral suisse, 25 mars 2021, n\u00b0 5A 485-2020 - Ma\u00eetre Hassan Kohen, avocat en droit p\u00e9nal \u00e0 Paris<\/title>\n<meta name=\"robots\" content=\"index, follow, max-snippet:-1, max-image-preview:large, max-video-preview:-1\" \/>\n<link rel=\"canonical\" href=\"https:\/\/kohenavocats.com\/ru\/jurisprudences\/tribunal-federal-suisse-25-mars-2021-n-5a-485-2020\/\" \/>\n<meta property=\"og:locale\" content=\"ru_RU\" \/>\n<meta property=\"og:type\" content=\"article\" \/>\n<meta property=\"og:title\" content=\"Tribunal f\u00e9d\u00e9ral suisse, 25 mars 2021, n\u00b0 5A 485-2020\" \/>\n<meta property=\"og:description\" content=\"Bundesgericht Tribunal f\u00e9d\u00e9ral Tribunale federale Tribunal federal 5A_485\/2020 Arr\u00eat du 25 mars 2021 IIe Cour de droit civil Composition MM. les Juges f\u00e9d\u00e9raux Herrmann, Pr\u00e9sident, Marazzi, von Werdt, Sch\u00f6bi et Bovey. Greffi\u00e8re : Mme Achtari. Participants \u00e0 la proc\u00e9dure A.________, repr\u00e9sent\u00e9 par Mes Charles Poncet et Maxence Carron, recourant, contre B.________, repr\u00e9sent\u00e9e par Me Eric...\" \/>\n<meta property=\"og:url\" content=\"https:\/\/kohenavocats.com\/ru\/jurisprudences\/tribunal-federal-suisse-25-mars-2021-n-5a-485-2020\/\" \/>\n<meta property=\"og:site_name\" content=\"Ma\u00eetre Hassan Kohen, avocat en droit p\u00e9nal \u00e0 Paris\" \/>\n<meta name=\"twitter:card\" content=\"summary_large_image\" \/>\n<meta name=\"twitter:label1\" content=\"\u041f\u0440\u0438\u043c\u0435\u0440\u043d\u043e\u0435 \u0432\u0440\u0435\u043c\u044f \u0434\u043b\u044f \u0447\u0442\u0435\u043d\u0438\u044f\" \/>\n\t<meta name=\"twitter:data1\" content=\"23 \u043c\u0438\u043d\u0443\u0442\u044b\" \/>\n<script type=\"application\/ld+json\" class=\"yoast-schema-graph\">{\"@context\":\"https:\\\/\\\/schema.org\",\"@graph\":[{\"@type\":\"WebPage\",\"@id\":\"https:\\\/\\\/kohenavocats.com\\\/ru\\\/jurisprudences\\\/tribunal-federal-suisse-25-mars-2021-n-5a-485-2020\\\/\",\"url\":\"https:\\\/\\\/kohenavocats.com\\\/ru\\\/jurisprudences\\\/tribunal-federal-suisse-25-mars-2021-n-5a-485-2020\\\/\",\"name\":\"Tribunal f\u00e9d\u00e9ral suisse, 25 mars 2021, n\u00b0 5A 485-2020 - Ma\u00eetre Hassan Kohen, avocat en droit p\u00e9nal \u00e0 Paris\",\"isPartOf\":{\"@id\":\"https:\\\/\\\/kohenavocats.com\\\/ru\\\/#website\"},\"datePublished\":\"2026-04-27T00:42:48+00:00\",\"breadcrumb\":{\"@id\":\"https:\\\/\\\/kohenavocats.com\\\/ru\\\/jurisprudences\\\/tribunal-federal-suisse-25-mars-2021-n-5a-485-2020\\\/#breadcrumb\"},\"inLanguage\":\"ru-RU\",\"potentialAction\":[{\"@type\":\"ReadAction\",\"target\":[\"https:\\\/\\\/kohenavocats.com\\\/ru\\\/jurisprudences\\\/tribunal-federal-suisse-25-mars-2021-n-5a-485-2020\\\/\"]}]},{\"@type\":\"BreadcrumbList\",\"@id\":\"https:\\\/\\\/kohenavocats.com\\\/ru\\\/jurisprudences\\\/tribunal-federal-suisse-25-mars-2021-n-5a-485-2020\\\/#breadcrumb\",\"itemListElement\":[{\"@type\":\"ListItem\",\"position\":1,\"name\":\"Home\",\"item\":\"https:\\\/\\\/kohenavocats.com\\\/ru\\\/avocats-en-droit-penal-a-paris-conseil-et-defense-strategique\\\/\"},{\"@type\":\"ListItem\",\"position\":2,\"name\":\"Jurisprudences\",\"item\":\"https:\\\/\\\/kohenavocats.com\\\/ru\\\/jurisprudences\\\/\"},{\"@type\":\"ListItem\",\"position\":3,\"name\":\"Tribunal f\u00e9d\u00e9ral suisse, 25 mars 2021, n\u00b0 5A 485-2020\"}]},{\"@type\":\"WebSite\",\"@id\":\"https:\\\/\\\/kohenavocats.com\\\/ru\\\/#website\",\"url\":\"https:\\\/\\\/kohenavocats.com\\\/ru\\\/\",\"name\":\"Kohen Avocats\",\"description\":\"Ma\u00eetre Hassan Kohen, avocat p\u00e9naliste \u00e0 Paris, intervient exclusivement en droit p\u00e9nal pour la d\u00e9fense des particuliers, notamment en mati\u00e8re d\u2019accusations de viol. Il assure un accompagnement rigoureux d\u00e8s la garde \u00e0 vue jusqu\u2019\u00e0 la Cour d\u2019assises, veillant au strict respect des garanties proc\u00e9durales.\",\"publisher\":{\"@id\":\"https:\\\/\\\/kohenavocats.com\\\/ru\\\/#organization\"},\"potentialAction\":[{\"@type\":\"SearchAction\",\"target\":{\"@type\":\"EntryPoint\",\"urlTemplate\":\"https:\\\/\\\/kohenavocats.com\\\/ru\\\/?s={search_term_string}\"},\"query-input\":{\"@type\":\"PropertyValueSpecification\",\"valueRequired\":true,\"valueName\":\"search_term_string\"}}],\"inLanguage\":\"ru-RU\"},{\"@type\":\"Organization\",\"@id\":\"https:\\\/\\\/kohenavocats.com\\\/ru\\\/#organization\",\"name\":\"Kohen Avocats\",\"url\":\"https:\\\/\\\/kohenavocats.com\\\/ru\\\/\",\"logo\":{\"@type\":\"ImageObject\",\"inLanguage\":\"ru-RU\",\"@id\":\"https:\\\/\\\/kohenavocats.com\\\/ru\\\/#\\\/schema\\\/logo\\\/image\\\/\",\"url\":\"https:\\\/\\\/kohenavocats.com\\\/wp-content\\\/uploads\\\/2026\\\/01\\\/Logo-2-1.webp\",\"contentUrl\":\"https:\\\/\\\/kohenavocats.com\\\/wp-content\\\/uploads\\\/2026\\\/01\\\/Logo-2-1.webp\",\"width\":2114,\"height\":1253,\"caption\":\"Kohen Avocats\"},\"image\":{\"@id\":\"https:\\\/\\\/kohenavocats.com\\\/ru\\\/#\\\/schema\\\/logo\\\/image\\\/\"}}]}<\/script>\n<!-- \/ Yoast SEO Premium plugin. -->","yoast_head_json":{"title":"Tribunal f\u00e9d\u00e9ral suisse, 25 mars 2021, n\u00b0 5A 485-2020 - Ma\u00eetre Hassan Kohen, avocat en droit p\u00e9nal \u00e0 Paris","robots":{"index":"index","follow":"follow","max-snippet":"max-snippet:-1","max-image-preview":"max-image-preview:large","max-video-preview":"max-video-preview:-1"},"canonical":"https:\/\/kohenavocats.com\/ru\/jurisprudences\/tribunal-federal-suisse-25-mars-2021-n-5a-485-2020\/","og_locale":"ru_RU","og_type":"article","og_title":"Tribunal f\u00e9d\u00e9ral suisse, 25 mars 2021, n\u00b0 5A 485-2020","og_description":"Bundesgericht Tribunal f\u00e9d\u00e9ral Tribunale federale Tribunal federal 5A_485\/2020 Arr\u00eat du 25 mars 2021 IIe Cour de droit civil Composition MM. les Juges f\u00e9d\u00e9raux Herrmann, Pr\u00e9sident, Marazzi, von Werdt, Sch\u00f6bi et Bovey. Greffi\u00e8re : Mme Achtari. Participants \u00e0 la proc\u00e9dure A.________, repr\u00e9sent\u00e9 par Mes Charles Poncet et Maxence Carron, recourant, contre B.________, repr\u00e9sent\u00e9e par Me Eric...","og_url":"https:\/\/kohenavocats.com\/ru\/jurisprudences\/tribunal-federal-suisse-25-mars-2021-n-5a-485-2020\/","og_site_name":"Ma\u00eetre Hassan Kohen, avocat en droit p\u00e9nal \u00e0 Paris","twitter_card":"summary_large_image","twitter_misc":{"\u041f\u0440\u0438\u043c\u0435\u0440\u043d\u043e\u0435 \u0432\u0440\u0435\u043c\u044f \u0434\u043b\u044f \u0447\u0442\u0435\u043d\u0438\u044f":"23 \u043c\u0438\u043d\u0443\u0442\u044b"},"schema":{"@context":"https:\/\/schema.org","@graph":[{"@type":"WebPage","@id":"https:\/\/kohenavocats.com\/ru\/jurisprudences\/tribunal-federal-suisse-25-mars-2021-n-5a-485-2020\/","url":"https:\/\/kohenavocats.com\/ru\/jurisprudences\/tribunal-federal-suisse-25-mars-2021-n-5a-485-2020\/","name":"Tribunal f\u00e9d\u00e9ral suisse, 25 mars 2021, n\u00b0 5A 485-2020 - Ma\u00eetre Hassan Kohen, avocat en droit p\u00e9nal \u00e0 Paris","isPartOf":{"@id":"https:\/\/kohenavocats.com\/ru\/#website"},"datePublished":"2026-04-27T00:42:48+00:00","breadcrumb":{"@id":"https:\/\/kohenavocats.com\/ru\/jurisprudences\/tribunal-federal-suisse-25-mars-2021-n-5a-485-2020\/#breadcrumb"},"inLanguage":"ru-RU","potentialAction":[{"@type":"ReadAction","target":["https:\/\/kohenavocats.com\/ru\/jurisprudences\/tribunal-federal-suisse-25-mars-2021-n-5a-485-2020\/"]}]},{"@type":"BreadcrumbList","@id":"https:\/\/kohenavocats.com\/ru\/jurisprudences\/tribunal-federal-suisse-25-mars-2021-n-5a-485-2020\/#breadcrumb","itemListElement":[{"@type":"ListItem","position":1,"name":"Home","item":"https:\/\/kohenavocats.com\/ru\/avocats-en-droit-penal-a-paris-conseil-et-defense-strategique\/"},{"@type":"ListItem","position":2,"name":"Jurisprudences","item":"https:\/\/kohenavocats.com\/ru\/jurisprudences\/"},{"@type":"ListItem","position":3,"name":"Tribunal f\u00e9d\u00e9ral suisse, 25 mars 2021, n\u00b0 5A 485-2020"}]},{"@type":"WebSite","@id":"https:\/\/kohenavocats.com\/ru\/#website","url":"https:\/\/kohenavocats.com\/ru\/","name":"Kohen Avocats","description":"Ma\u00eetre Hassan Kohen, avocat p\u00e9naliste \u00e0 Paris, intervient exclusivement en droit p\u00e9nal pour la d\u00e9fense des particuliers, notamment en mati\u00e8re d\u2019accusations de viol. Il assure un accompagnement rigoureux d\u00e8s la garde \u00e0 vue jusqu\u2019\u00e0 la Cour d\u2019assises, veillant au strict respect des garanties proc\u00e9durales.","publisher":{"@id":"https:\/\/kohenavocats.com\/ru\/#organization"},"potentialAction":[{"@type":"SearchAction","target":{"@type":"EntryPoint","urlTemplate":"https:\/\/kohenavocats.com\/ru\/?s={search_term_string}"},"query-input":{"@type":"PropertyValueSpecification","valueRequired":true,"valueName":"search_term_string"}}],"inLanguage":"ru-RU"},{"@type":"Organization","@id":"https:\/\/kohenavocats.com\/ru\/#organization","name":"Kohen Avocats","url":"https:\/\/kohenavocats.com\/ru\/","logo":{"@type":"ImageObject","inLanguage":"ru-RU","@id":"https:\/\/kohenavocats.com\/ru\/#\/schema\/logo\/image\/","url":"https:\/\/kohenavocats.com\/wp-content\/uploads\/2026\/01\/Logo-2-1.webp","contentUrl":"https:\/\/kohenavocats.com\/wp-content\/uploads\/2026\/01\/Logo-2-1.webp","width":2114,"height":1253,"caption":"Kohen Avocats"},"image":{"@id":"https:\/\/kohenavocats.com\/ru\/#\/schema\/logo\/image\/"}}]}},"jetpack_likes_enabled":false,"jetpack_sharing_enabled":true,"_links":{"self":[{"href":"https:\/\/kohenavocats.com\/ru\/wp-json\/wp\/v2\/kji_decision\/700145","targetHints":{"allow":["GET"]}}],"collection":[{"href":"https:\/\/kohenavocats.com\/ru\/wp-json\/wp\/v2\/kji_decision"}],"about":[{"href":"https:\/\/kohenavocats.com\/ru\/wp-json\/wp\/v2\/types\/kji_decision"}],"wp:attachment":[{"href":"https:\/\/kohenavocats.com\/ru\/wp-json\/wp\/v2\/media?parent=700145"}],"wp:term":[{"taxonomy":"kji_country","embeddable":true,"href":"https:\/\/kohenavocats.com\/ru\/wp-json\/wp\/v2\/kji_country?post=700145"},{"taxonomy":"kji_court","embeddable":true,"href":"https:\/\/kohenavocats.com\/ru\/wp-json\/wp\/v2\/kji_court?post=700145"},{"taxonomy":"kji_chamber","embeddable":true,"href":"https:\/\/kohenavocats.com\/ru\/wp-json\/wp\/v2\/kji_chamber?post=700145"},{"taxonomy":"kji_year","embeddable":true,"href":"https:\/\/kohenavocats.com\/ru\/wp-json\/wp\/v2\/kji_year?post=700145"},{"taxonomy":"kji_subject","embeddable":true,"href":"https:\/\/kohenavocats.com\/ru\/wp-json\/wp\/v2\/kji_subject?post=700145"},{"taxonomy":"kji_keyword","embeddable":true,"href":"https:\/\/kohenavocats.com\/ru\/wp-json\/wp\/v2\/kji_keyword?post=700145"},{"taxonomy":"kji_language","embeddable":true,"href":"https:\/\/kohenavocats.com\/ru\/wp-json\/wp\/v2\/kji_language?post=700145"}],"curies":[{"name":"wp","href":"https:\/\/api.w.org\/{rel}","templated":true}]}}