{"id":702087,"date":"2026-04-27T08:28:43","date_gmt":"2026-04-27T06:28:43","guid":{"rendered":"https:\/\/kohenavocats.com\/jurisprudences\/eclinlrvs2025481-raad-van-state-10-02-2025-202500471-2-v1\/"},"modified":"2026-04-27T08:28:43","modified_gmt":"2026-04-27T06:28:43","slug":"eclinlrvs2025481-raad-van-state-10-02-2025-202500471-2-v1","status":"publish","type":"kji_decision","link":"https:\/\/kohenavocats.com\/ru\/jurisprudences\/eclinlrvs2025481-raad-van-state-10-02-2025-202500471-2-v1\/","title":{"rendered":"ECLI:NL:RVS:2025:481 Raad van State , 10-02-2025 \/ 202500471\/2\/V1"},"content":{"rendered":"<div class=\"kji-decision\">\n<div class=\"kji-full-text\">\n<p><strong>Inhoudsindicatie.<\/strong> Bij besluit van 3 augustus 2023 heeft de staatssecretaris van Justitie en Veiligheid een aanvraag van de vreemdeling om haar een verblijfsvergunning regulier voor bepaalde tijd te verlenen, niet in behandeling genomen.<\/p>\n<p>202500471\/2\/V1.<br \/>\nDatum uitspraak: 10 februari 2025<\/p>\n<p>AFDELING<br \/>\nBESTUURSRECHTSPRAAK<\/p>\n<p>Uitspraak van de voorzieningenrechter van de Afdeling bestuursrechtspraak van de Raad van State op een verzoek om het treffen van een voorlopige voorziening (artikel 8:81 van de Algemene wet bestuursrecht), met toepassing van artikel 8:83, derde lid, van die wet, hangende het hoger beroep van:<\/p>\n<p>de minister van Asiel en Migratie,<\/p>\n<p>verzoeker,<\/p>\n<p>tegen de uitspraak van de rechtbank Den Haag, zittingsplaats Zwolle, van 27 december 2024 in zaak nr. NL23.37970 in het geding tussen:<\/p>\n<p>[de vreemdeling]<\/p>\n<p>en<\/p>\n<p>de minister.<\/p>\n<p>Procesverloop<\/p>\n<p>Bij besluit van 8 november 2023 heeft de staatssecretaris van Justitie en Veiligheid een aanvraag van de vreemdeling om haar een verblijfsvergunning asiel voor bepaalde tijd te verlenen, afgewezen.<\/p>\n<p>Bij uitspraak van 27 december 2024 heeft de rechtbank het daartegen door de vreemdeling ingestelde beroep gegrond verklaard, dat besluit vernietigd en bepaald dat de minister binnen vier weken na de dag van verzending van de uitspraak een nieuw besluit op de aanvraag neemt met inachtneming van de uitspraak.<\/p>\n<p>Tegen deze uitspraak heeft de minister hoger beroep ingesteld. Ook heeft hij de voorzieningenrechter verzocht om een voorlopige voorziening te treffen.<\/p>\n<p>Overwegingen<\/p>\n<p>1. De minister verzoekt de voorzieningenrechter om de voorlopige voorziening te treffen dat hij de uitspraak van de rechtbank niet hoeft uit te voeren totdat de Afdeling op zijn hoger beroep heeft beslist.<\/p>\n<p>2. Gelet op de belangen die de minister en de vreemdeling naar voren hebben gebracht, treft de voorzieningenrechter een voorlopige voorziening.<\/p>\n<p>3. De minister hoeft geen proceskosten te vergoeden.<\/p>\n<p>Beslissing<\/p>\n<p>De voorzieningenrechter van de Afdeling bestuursrechtspraak van de Raad van State:<\/p>\n<p>bepaalt bij wijze van voorlopige voorziening dat de minister van Asiel en Migratie geen uitvoering hoeft te geven aan de uitspraak van de rechtbank voordat de Afdeling op het hoger beroep heeft beslist.<\/p>\n<p>Aldus vastgesteld door mr. N. Verheij, voorzieningenrechter, in tegenwoordigheid van mr. E.E. Pronk, griffier.<\/p>\n<p>De voorzieningenrechter is verhinderd de uitspraak te ondertekenen.<\/p>\n<p>w.g. Pronk<br \/>\ngriffier<\/p>\n<p>Uitgesproken in het openbaar op 10 februari 2025<\/p>\n<p>977<\/p>\n<\/div>\n<hr class=\"kji-sep\" \/>\n<p class=\"kji-source-links\"><strong>Sources officielles :<\/strong> <a class=\"kji-source-link\" href=\"http:\/\/deeplink.rechtspraak.nl\/uitspraak?id=ECLI:NL:RVS:2025:481\" target=\"_blank\" rel=\"noopener noreferrer\">consulter la page source<\/a><\/p>\n<p class=\"kji-license-note\"><em>Rechtspraak.nl open data, Creative Commons Zero. Volume cible 1.8M decisions.<\/em><\/p>\n<\/div>\n","protected":false},"excerpt":{"rendered":"<p>Bij besluit van 3 augustus 2023 heeft de staatssecretaris van Justitie en Veiligheid een aanvraag van de vreemdeling om haar een verblijfsvergunning regulier voor bepaalde tijd te verlenen, niet in behandeling genomen.<\/p>\n","protected":false},"featured_media":0,"template":"","meta":{"_crdt_document":""},"kji_country":[7669],"kji_court":[8622],"kji_chamber":[],"kji_year":[8463],"kji_subject":[7625],"kji_keyword":[12588,7680,7673,8624,7976],"kji_language":[7671],"class_list":["post-702087","kji_decision","type-kji_decision","status-publish","hentry","kji_country-pays-bas","kji_court-raad-van-state","kji_year-8463","kji_subject-commercial","kji_keyword-augustus","kji_keyword-besluit","kji_keyword-heeft","kji_keyword-staatssecretaris","kji_keyword-state","kji_language-nl"],"yoast_head":"<!-- This site is optimized with the Yoast SEO Premium plugin v27.5 (Yoast SEO v27.5) - https:\/\/yoast.com\/product\/yoast-seo-premium-wordpress\/ -->\n<title>ECLI:NL:RVS:2025:481 Raad van State , 10-02-2025 \/ 202500471\/2\/V1 - Ma\u00eetre Hassan Kohen, avocat en droit p\u00e9nal \u00e0 Paris<\/title>\n<meta name=\"robots\" content=\"index, follow, max-snippet:-1, max-image-preview:large, max-video-preview:-1\" \/>\n<link rel=\"canonical\" href=\"https:\/\/kohenavocats.com\/ru\/jurisprudences\/eclinlrvs2025481-raad-van-state-10-02-2025-202500471-2-v1\/\" \/>\n<meta property=\"og:locale\" content=\"ru_RU\" \/>\n<meta property=\"og:type\" content=\"article\" \/>\n<meta property=\"og:title\" content=\"ECLI:NL:RVS:2025:481 Raad van State , 10-02-2025 \/ 202500471\/2\/V1\" \/>\n<meta property=\"og:description\" content=\"Bij besluit van 3 augustus 2023 heeft de staatssecretaris van Justitie en Veiligheid een aanvraag van de vreemdeling om haar een verblijfsvergunning regulier voor bepaalde tijd te verlenen, niet in behandeling genomen.\" \/>\n<meta property=\"og:url\" content=\"https:\/\/kohenavocats.com\/ru\/jurisprudences\/eclinlrvs2025481-raad-van-state-10-02-2025-202500471-2-v1\/\" \/>\n<meta property=\"og:site_name\" content=\"Ma\u00eetre Hassan Kohen, avocat en droit p\u00e9nal \u00e0 Paris\" \/>\n<meta name=\"twitter:card\" content=\"summary_large_image\" \/>\n<meta name=\"twitter:label1\" content=\"\u041f\u0440\u0438\u043c\u0435\u0440\u043d\u043e\u0435 \u0432\u0440\u0435\u043c\u044f \u0434\u043b\u044f \u0447\u0442\u0435\u043d\u0438\u044f\" \/>\n\t<meta name=\"twitter:data1\" content=\"2 \u043c\u0438\u043d\u0443\u0442\u044b\" \/>\n<script type=\"application\/ld+json\" class=\"yoast-schema-graph\">{\"@context\":\"https:\\\/\\\/schema.org\",\"@graph\":[{\"@type\":\"WebPage\",\"@id\":\"https:\\\/\\\/kohenavocats.com\\\/ru\\\/jurisprudences\\\/eclinlrvs2025481-raad-van-state-10-02-2025-202500471-2-v1\\\/\",\"url\":\"https:\\\/\\\/kohenavocats.com\\\/ru\\\/jurisprudences\\\/eclinlrvs2025481-raad-van-state-10-02-2025-202500471-2-v1\\\/\",\"name\":\"ECLI:NL:RVS:2025:481 Raad van State , 10-02-2025 \\\/ 202500471\\\/2\\\/V1 - Ma\u00eetre Hassan Kohen, avocat en droit p\u00e9nal \u00e0 Paris\",\"isPartOf\":{\"@id\":\"https:\\\/\\\/kohenavocats.com\\\/ru\\\/#website\"},\"datePublished\":\"2026-04-27T06:28:43+00:00\",\"breadcrumb\":{\"@id\":\"https:\\\/\\\/kohenavocats.com\\\/ru\\\/jurisprudences\\\/eclinlrvs2025481-raad-van-state-10-02-2025-202500471-2-v1\\\/#breadcrumb\"},\"inLanguage\":\"ru-RU\",\"potentialAction\":[{\"@type\":\"ReadAction\",\"target\":[\"https:\\\/\\\/kohenavocats.com\\\/ru\\\/jurisprudences\\\/eclinlrvs2025481-raad-van-state-10-02-2025-202500471-2-v1\\\/\"]}]},{\"@type\":\"BreadcrumbList\",\"@id\":\"https:\\\/\\\/kohenavocats.com\\\/ru\\\/jurisprudences\\\/eclinlrvs2025481-raad-van-state-10-02-2025-202500471-2-v1\\\/#breadcrumb\",\"itemListElement\":[{\"@type\":\"ListItem\",\"position\":1,\"name\":\"Home\",\"item\":\"https:\\\/\\\/kohenavocats.com\\\/ru\\\/avocats-en-droit-penal-a-paris-conseil-et-defense-strategique\\\/\"},{\"@type\":\"ListItem\",\"position\":2,\"name\":\"Jurisprudences\",\"item\":\"https:\\\/\\\/kohenavocats.com\\\/ru\\\/jurisprudences\\\/\"},{\"@type\":\"ListItem\",\"position\":3,\"name\":\"ECLI:NL:RVS:2025:481 Raad van State , 10-02-2025 \\\/ 202500471\\\/2\\\/V1\"}]},{\"@type\":\"WebSite\",\"@id\":\"https:\\\/\\\/kohenavocats.com\\\/ru\\\/#website\",\"url\":\"https:\\\/\\\/kohenavocats.com\\\/ru\\\/\",\"name\":\"Kohen Avocats\",\"description\":\"Ma\u00eetre Hassan Kohen, avocat p\u00e9naliste \u00e0 Paris, intervient exclusivement en droit p\u00e9nal pour la d\u00e9fense des particuliers, notamment en mati\u00e8re d\u2019accusations de viol. Il assure un accompagnement rigoureux d\u00e8s la garde \u00e0 vue jusqu\u2019\u00e0 la Cour d\u2019assises, veillant au strict respect des garanties proc\u00e9durales.\",\"publisher\":{\"@id\":\"https:\\\/\\\/kohenavocats.com\\\/ru\\\/#organization\"},\"potentialAction\":[{\"@type\":\"SearchAction\",\"target\":{\"@type\":\"EntryPoint\",\"urlTemplate\":\"https:\\\/\\\/kohenavocats.com\\\/ru\\\/?s={search_term_string}\"},\"query-input\":{\"@type\":\"PropertyValueSpecification\",\"valueRequired\":true,\"valueName\":\"search_term_string\"}}],\"inLanguage\":\"ru-RU\"},{\"@type\":\"Organization\",\"@id\":\"https:\\\/\\\/kohenavocats.com\\\/ru\\\/#organization\",\"name\":\"Kohen Avocats\",\"url\":\"https:\\\/\\\/kohenavocats.com\\\/ru\\\/\",\"logo\":{\"@type\":\"ImageObject\",\"inLanguage\":\"ru-RU\",\"@id\":\"https:\\\/\\\/kohenavocats.com\\\/ru\\\/#\\\/schema\\\/logo\\\/image\\\/\",\"url\":\"https:\\\/\\\/kohenavocats.com\\\/wp-content\\\/uploads\\\/2026\\\/01\\\/Logo-2-1.webp\",\"contentUrl\":\"https:\\\/\\\/kohenavocats.com\\\/wp-content\\\/uploads\\\/2026\\\/01\\\/Logo-2-1.webp\",\"width\":2114,\"height\":1253,\"caption\":\"Kohen Avocats\"},\"image\":{\"@id\":\"https:\\\/\\\/kohenavocats.com\\\/ru\\\/#\\\/schema\\\/logo\\\/image\\\/\"}}]}<\/script>\n<!-- \/ Yoast SEO Premium plugin. -->","yoast_head_json":{"title":"ECLI:NL:RVS:2025:481 Raad van State , 10-02-2025 \/ 202500471\/2\/V1 - Ma\u00eetre Hassan Kohen, avocat en droit p\u00e9nal \u00e0 Paris","robots":{"index":"index","follow":"follow","max-snippet":"max-snippet:-1","max-image-preview":"max-image-preview:large","max-video-preview":"max-video-preview:-1"},"canonical":"https:\/\/kohenavocats.com\/ru\/jurisprudences\/eclinlrvs2025481-raad-van-state-10-02-2025-202500471-2-v1\/","og_locale":"ru_RU","og_type":"article","og_title":"ECLI:NL:RVS:2025:481 Raad van State , 10-02-2025 \/ 202500471\/2\/V1","og_description":"Bij besluit van 3 augustus 2023 heeft de staatssecretaris van Justitie en Veiligheid een aanvraag van de vreemdeling om haar een verblijfsvergunning regulier voor bepaalde tijd te verlenen, niet in behandeling genomen.","og_url":"https:\/\/kohenavocats.com\/ru\/jurisprudences\/eclinlrvs2025481-raad-van-state-10-02-2025-202500471-2-v1\/","og_site_name":"Ma\u00eetre Hassan Kohen, avocat en droit p\u00e9nal \u00e0 Paris","twitter_card":"summary_large_image","twitter_misc":{"\u041f\u0440\u0438\u043c\u0435\u0440\u043d\u043e\u0435 \u0432\u0440\u0435\u043c\u044f \u0434\u043b\u044f \u0447\u0442\u0435\u043d\u0438\u044f":"2 \u043c\u0438\u043d\u0443\u0442\u044b"},"schema":{"@context":"https:\/\/schema.org","@graph":[{"@type":"WebPage","@id":"https:\/\/kohenavocats.com\/ru\/jurisprudences\/eclinlrvs2025481-raad-van-state-10-02-2025-202500471-2-v1\/","url":"https:\/\/kohenavocats.com\/ru\/jurisprudences\/eclinlrvs2025481-raad-van-state-10-02-2025-202500471-2-v1\/","name":"ECLI:NL:RVS:2025:481 Raad van State , 10-02-2025 \/ 202500471\/2\/V1 - Ma\u00eetre Hassan Kohen, avocat en droit p\u00e9nal \u00e0 Paris","isPartOf":{"@id":"https:\/\/kohenavocats.com\/ru\/#website"},"datePublished":"2026-04-27T06:28:43+00:00","breadcrumb":{"@id":"https:\/\/kohenavocats.com\/ru\/jurisprudences\/eclinlrvs2025481-raad-van-state-10-02-2025-202500471-2-v1\/#breadcrumb"},"inLanguage":"ru-RU","potentialAction":[{"@type":"ReadAction","target":["https:\/\/kohenavocats.com\/ru\/jurisprudences\/eclinlrvs2025481-raad-van-state-10-02-2025-202500471-2-v1\/"]}]},{"@type":"BreadcrumbList","@id":"https:\/\/kohenavocats.com\/ru\/jurisprudences\/eclinlrvs2025481-raad-van-state-10-02-2025-202500471-2-v1\/#breadcrumb","itemListElement":[{"@type":"ListItem","position":1,"name":"Home","item":"https:\/\/kohenavocats.com\/ru\/avocats-en-droit-penal-a-paris-conseil-et-defense-strategique\/"},{"@type":"ListItem","position":2,"name":"Jurisprudences","item":"https:\/\/kohenavocats.com\/ru\/jurisprudences\/"},{"@type":"ListItem","position":3,"name":"ECLI:NL:RVS:2025:481 Raad van State , 10-02-2025 \/ 202500471\/2\/V1"}]},{"@type":"WebSite","@id":"https:\/\/kohenavocats.com\/ru\/#website","url":"https:\/\/kohenavocats.com\/ru\/","name":"Kohen Avocats","description":"Ma\u00eetre Hassan Kohen, avocat p\u00e9naliste \u00e0 Paris, intervient exclusivement en droit p\u00e9nal pour la d\u00e9fense des particuliers, notamment en mati\u00e8re d\u2019accusations de viol. Il assure un accompagnement rigoureux d\u00e8s la garde \u00e0 vue jusqu\u2019\u00e0 la Cour d\u2019assises, veillant au strict respect des garanties proc\u00e9durales.","publisher":{"@id":"https:\/\/kohenavocats.com\/ru\/#organization"},"potentialAction":[{"@type":"SearchAction","target":{"@type":"EntryPoint","urlTemplate":"https:\/\/kohenavocats.com\/ru\/?s={search_term_string}"},"query-input":{"@type":"PropertyValueSpecification","valueRequired":true,"valueName":"search_term_string"}}],"inLanguage":"ru-RU"},{"@type":"Organization","@id":"https:\/\/kohenavocats.com\/ru\/#organization","name":"Kohen Avocats","url":"https:\/\/kohenavocats.com\/ru\/","logo":{"@type":"ImageObject","inLanguage":"ru-RU","@id":"https:\/\/kohenavocats.com\/ru\/#\/schema\/logo\/image\/","url":"https:\/\/kohenavocats.com\/wp-content\/uploads\/2026\/01\/Logo-2-1.webp","contentUrl":"https:\/\/kohenavocats.com\/wp-content\/uploads\/2026\/01\/Logo-2-1.webp","width":2114,"height":1253,"caption":"Kohen Avocats"},"image":{"@id":"https:\/\/kohenavocats.com\/ru\/#\/schema\/logo\/image\/"}}]}},"jetpack_likes_enabled":false,"jetpack_sharing_enabled":true,"_links":{"self":[{"href":"https:\/\/kohenavocats.com\/ru\/wp-json\/wp\/v2\/kji_decision\/702087","targetHints":{"allow":["GET"]}}],"collection":[{"href":"https:\/\/kohenavocats.com\/ru\/wp-json\/wp\/v2\/kji_decision"}],"about":[{"href":"https:\/\/kohenavocats.com\/ru\/wp-json\/wp\/v2\/types\/kji_decision"}],"wp:attachment":[{"href":"https:\/\/kohenavocats.com\/ru\/wp-json\/wp\/v2\/media?parent=702087"}],"wp:term":[{"taxonomy":"kji_country","embeddable":true,"href":"https:\/\/kohenavocats.com\/ru\/wp-json\/wp\/v2\/kji_country?post=702087"},{"taxonomy":"kji_court","embeddable":true,"href":"https:\/\/kohenavocats.com\/ru\/wp-json\/wp\/v2\/kji_court?post=702087"},{"taxonomy":"kji_chamber","embeddable":true,"href":"https:\/\/kohenavocats.com\/ru\/wp-json\/wp\/v2\/kji_chamber?post=702087"},{"taxonomy":"kji_year","embeddable":true,"href":"https:\/\/kohenavocats.com\/ru\/wp-json\/wp\/v2\/kji_year?post=702087"},{"taxonomy":"kji_subject","embeddable":true,"href":"https:\/\/kohenavocats.com\/ru\/wp-json\/wp\/v2\/kji_subject?post=702087"},{"taxonomy":"kji_keyword","embeddable":true,"href":"https:\/\/kohenavocats.com\/ru\/wp-json\/wp\/v2\/kji_keyword?post=702087"},{"taxonomy":"kji_language","embeddable":true,"href":"https:\/\/kohenavocats.com\/ru\/wp-json\/wp\/v2\/kji_language?post=702087"}],"curies":[{"name":"wp","href":"https:\/\/api.w.org\/{rel}","templated":true}]}}