{"id":711564,"date":"2026-04-27T22:14:54","date_gmt":"2026-04-27T20:14:54","guid":{"rendered":"https:\/\/kohenavocats.com\/jurisprudences\/eclinlcrvb20251501-centrale-raad-van-beroep-08-10-2025-23-2922-wia\/"},"modified":"2026-04-27T22:14:54","modified_gmt":"2026-04-27T20:14:54","slug":"eclinlcrvb20251501-centrale-raad-van-beroep-08-10-2025-23-2922-wia","status":"publish","type":"kji_decision","link":"https:\/\/kohenavocats.com\/ru\/jurisprudences\/eclinlcrvb20251501-centrale-raad-van-beroep-08-10-2025-23-2922-wia\/","title":{"rendered":"ECLI:NL:CRVB:2025:1501 Centrale Raad van Beroep , 08-10-2025 \/ 23\/2922 WIA"},"content":{"rendered":"<div class=\"kji-decision\">\n<div class=\"kji-full-text\">\n<p><strong>Inhoudsindicatie.<\/strong> Proceskostenveroordeling na intrekking hoger beroep.<\/p>\n<p>23\/2922 WIA, 25\/341 WIA<\/p>\n<p>Datum uitspraak: 8 oktober 2025<\/p>\n<p>Centrale Raad van Beroep<\/p>\n<p>Enkelvoudige kamer<\/p>\n<p>Uitspraak als bedoeld in de artikelen 8:75a en 8:108 van de Algemene wet bestuursrecht in verband met het hoger beroep tegen de uitspraak van de rechtbank Midden-Nederland van 8 september 2023, 22\/4678 (aangevallen uitspraak)<\/p>\n<p>Partijen:<\/p>\n<p>[appellante] te [woonplaats] (appellante)<\/p>\n<p>de Raad van bestuur van het Uitvoeringsinstituut werknemersverzekeringen (Uwv)<\/p>\n<h3>PROCESVERLOOP<\/h3>\n<p>Namens appellante heeft mr. N.J. Brouwer hoger beroep ingesteld.<\/p>\n<p>Appellante heeft te kennen gegeven dat mr. Brouwer haar niet langer vertegenwoordigt en dat zij zichzelf in de procedure zal vertegenwoordigen.<\/p>\n<p>Het Uwv heeft op 22 oktober 2024 een nieuwe beslissing op bezwaar genomen.<\/p>\n<p>Op 3 april 2025 heeft appellante het hoger beroep ingetrokken en gelijktijdig aan de Raad verzocht het Uwv te veroordelen in de proceskosten.<\/p>\n<p>Het Uwv heeft een verweerschrift ingediend.<\/p>\n<p>Partijen hebben niet te kennen gegeven dat zij gebruik willen maken van hun recht om op een zitting te worden gehoord. De Raad heeft daarom een zitting achterwege gelaten en het onderzoek gesloten.<\/p>\n<h3>OVERWEGINGEN<\/h3>\n<p>Artikel 8:75a, eerste lid, eerste volzin, van de Algemene wet bestuursrecht (Awb) bepaalt dat in geval van intrekking van het beroep omdat het bestuursorgaan geheel of gedeeltelijk aan de indiener van het beroepschrift is tegemoetgekomen, het bestuursorgaan op verzoek van de indiener bij afzonderlijke uitspraak met toepassing van artikel 8:75 van de Awb in de kosten kan worden veroordeeld. Op grond van artikel 8:108, eerste lid, van de Awb is deze bepaling van overeenkomstige toepassing op het hoger beroep.<\/p>\n<p>Appellante heeft het hoger beroep ingetrokken, omdat het Uwv met de gewijzigde beslissing op bezwaar van 22 oktober 2024 volledig aan haar bezwaren is tegemoetgekomen. De kosten in verband met in bezwaar verleende rechtsbijstand zijn in het besluit van 22 oktober 2024 al vergoed. Het Uwv is door de rechtbank al veroordeeld tot vergoeding van de kosten in beroep, zodat de Raad alleen nog moet oordelen over de in hoger beroep gemaakte kosten.<\/p>\n<p>Het Uwv wordt veroordeeld in de kosten die appellante in verband met de behandeling van het hoger beroep redelijkerwijs heeft moeten maken. De proceskosten worden, op grond van het Besluit proceskosten bestuursrecht, begroot op \u20ac 907,- in hoger beroep (1 punt voor het indienen van een hoger beroepschrift).<\/p>\n<p>Ook dient het Uwv het door appellante in hoger beroep betaalde griffierecht te vergoeden.<\/p>\n<h3>BESLISSING<\/h3>\n<p>De Centrale Raad van Beroep<\/p>\n<p>veroordeelt het Uwv in de proceskosten van appellante tot een bedrag van \u20ac 907,-;<\/p>\n<p>bepaalt dat het Uwv aan appellante het in hoger beroep betaalde griffierecht van \u20ac 136,- vergoedt.<\/p>\n<p>Deze uitspraak is gedaan door S.B. Smit-Colenbrander, in tegenwoordigheid van J.A. AdjeiAsamoah als griffier. De beslissing is uitgesproken in het openbaar op 8 oktober 2025.<\/p>\n<p>(getekend) S.B. Smit-Colenbrander<\/p>\n<p>(getekend) J.A. Adjei-Asamoah<\/p>\n<\/div>\n<hr class=\"kji-sep\" \/>\n<p class=\"kji-source-links\"><strong>Sources officielles :<\/strong> <a class=\"kji-source-link\" href=\"http:\/\/deeplink.rechtspraak.nl\/uitspraak?id=ECLI:NL:CRVB:2025:1501\" target=\"_blank\" rel=\"noopener noreferrer\">consulter la page source<\/a><\/p>\n<p class=\"kji-license-note\"><em>Rechtspraak.nl open data, Creative Commons Zero. Volume cible 1.8M decisions.<\/em><\/p>\n<\/div>\n","protected":false},"excerpt":{"rendered":"<p>Proceskostenveroordeling na intrekking hoger beroep.<\/p>\n","protected":false},"featured_media":0,"template":"","meta":{"_crdt_document":""},"kji_country":[7669],"kji_court":[7982],"kji_chamber":[],"kji_year":[8463],"kji_subject":[7646],"kji_keyword":[7992,11344,10203,11358,12066],"kji_language":[7671],"class_list":["post-711564","kji_decision","type-kji_decision","status-publish","hentry","kji_country-pays-bas","kji_court-centrale-raad-van-beroep","kji_year-8463","kji_subject-divers","kji_keyword-beroep","kji_keyword-centrale","kji_keyword-hoger","kji_keyword-intrekking","kji_keyword-proceskostenveroordeling","kji_language-nl"],"yoast_head":"<!-- This site is optimized with the Yoast SEO Premium plugin v27.5 (Yoast SEO v27.5) - https:\/\/yoast.com\/product\/yoast-seo-premium-wordpress\/ -->\n<title>ECLI:NL:CRVB:2025:1501 Centrale Raad van Beroep , 08-10-2025 \/ 23\/2922 WIA - Ma\u00eetre Hassan Kohen, avocat en droit p\u00e9nal \u00e0 Paris<\/title>\n<meta name=\"robots\" content=\"index, follow, max-snippet:-1, max-image-preview:large, max-video-preview:-1\" \/>\n<link rel=\"canonical\" href=\"https:\/\/kohenavocats.com\/ru\/jurisprudences\/eclinlcrvb20251501-centrale-raad-van-beroep-08-10-2025-23-2922-wia\/\" \/>\n<meta property=\"og:locale\" content=\"ru_RU\" \/>\n<meta property=\"og:type\" content=\"article\" \/>\n<meta property=\"og:title\" content=\"ECLI:NL:CRVB:2025:1501 Centrale Raad van Beroep , 08-10-2025 \/ 23\/2922 WIA\" \/>\n<meta property=\"og:description\" content=\"Proceskostenveroordeling na intrekking hoger beroep.\" \/>\n<meta property=\"og:url\" content=\"https:\/\/kohenavocats.com\/ru\/jurisprudences\/eclinlcrvb20251501-centrale-raad-van-beroep-08-10-2025-23-2922-wia\/\" \/>\n<meta property=\"og:site_name\" content=\"Ma\u00eetre Hassan Kohen, avocat en droit p\u00e9nal \u00e0 Paris\" \/>\n<meta name=\"twitter:card\" content=\"summary_large_image\" \/>\n<meta name=\"twitter:label1\" content=\"\u041f\u0440\u0438\u043c\u0435\u0440\u043d\u043e\u0435 \u0432\u0440\u0435\u043c\u044f \u0434\u043b\u044f \u0447\u0442\u0435\u043d\u0438\u044f\" \/>\n\t<meta name=\"twitter:data1\" content=\"2 \u043c\u0438\u043d\u0443\u0442\u044b\" \/>\n<script type=\"application\/ld+json\" class=\"yoast-schema-graph\">{\"@context\":\"https:\\\/\\\/schema.org\",\"@graph\":[{\"@type\":\"WebPage\",\"@id\":\"https:\\\/\\\/kohenavocats.com\\\/ru\\\/jurisprudences\\\/eclinlcrvb20251501-centrale-raad-van-beroep-08-10-2025-23-2922-wia\\\/\",\"url\":\"https:\\\/\\\/kohenavocats.com\\\/ru\\\/jurisprudences\\\/eclinlcrvb20251501-centrale-raad-van-beroep-08-10-2025-23-2922-wia\\\/\",\"name\":\"ECLI:NL:CRVB:2025:1501 Centrale Raad van Beroep , 08-10-2025 \\\/ 23\\\/2922 WIA - Ma\u00eetre Hassan Kohen, avocat en droit p\u00e9nal \u00e0 Paris\",\"isPartOf\":{\"@id\":\"https:\\\/\\\/kohenavocats.com\\\/ru\\\/#website\"},\"datePublished\":\"2026-04-27T20:14:54+00:00\",\"breadcrumb\":{\"@id\":\"https:\\\/\\\/kohenavocats.com\\\/ru\\\/jurisprudences\\\/eclinlcrvb20251501-centrale-raad-van-beroep-08-10-2025-23-2922-wia\\\/#breadcrumb\"},\"inLanguage\":\"ru-RU\",\"potentialAction\":[{\"@type\":\"ReadAction\",\"target\":[\"https:\\\/\\\/kohenavocats.com\\\/ru\\\/jurisprudences\\\/eclinlcrvb20251501-centrale-raad-van-beroep-08-10-2025-23-2922-wia\\\/\"]}]},{\"@type\":\"BreadcrumbList\",\"@id\":\"https:\\\/\\\/kohenavocats.com\\\/ru\\\/jurisprudences\\\/eclinlcrvb20251501-centrale-raad-van-beroep-08-10-2025-23-2922-wia\\\/#breadcrumb\",\"itemListElement\":[{\"@type\":\"ListItem\",\"position\":1,\"name\":\"Home\",\"item\":\"https:\\\/\\\/kohenavocats.com\\\/ru\\\/avocats-en-droit-penal-a-paris-conseil-et-defense-strategique\\\/\"},{\"@type\":\"ListItem\",\"position\":2,\"name\":\"Jurisprudences\",\"item\":\"https:\\\/\\\/kohenavocats.com\\\/ru\\\/jurisprudences\\\/\"},{\"@type\":\"ListItem\",\"position\":3,\"name\":\"ECLI:NL:CRVB:2025:1501 Centrale Raad van Beroep , 08-10-2025 \\\/ 23\\\/2922 WIA\"}]},{\"@type\":\"WebSite\",\"@id\":\"https:\\\/\\\/kohenavocats.com\\\/ru\\\/#website\",\"url\":\"https:\\\/\\\/kohenavocats.com\\\/ru\\\/\",\"name\":\"Kohen Avocats\",\"description\":\"Ma\u00eetre Hassan Kohen, avocat p\u00e9naliste \u00e0 Paris, intervient exclusivement en droit p\u00e9nal pour la d\u00e9fense des particuliers, notamment en mati\u00e8re d\u2019accusations de viol. Il assure un accompagnement rigoureux d\u00e8s la garde \u00e0 vue jusqu\u2019\u00e0 la Cour d\u2019assises, veillant au strict respect des garanties proc\u00e9durales.\",\"publisher\":{\"@id\":\"https:\\\/\\\/kohenavocats.com\\\/ru\\\/#organization\"},\"potentialAction\":[{\"@type\":\"SearchAction\",\"target\":{\"@type\":\"EntryPoint\",\"urlTemplate\":\"https:\\\/\\\/kohenavocats.com\\\/ru\\\/?s={search_term_string}\"},\"query-input\":{\"@type\":\"PropertyValueSpecification\",\"valueRequired\":true,\"valueName\":\"search_term_string\"}}],\"inLanguage\":\"ru-RU\"},{\"@type\":\"Organization\",\"@id\":\"https:\\\/\\\/kohenavocats.com\\\/ru\\\/#organization\",\"name\":\"Kohen Avocats\",\"url\":\"https:\\\/\\\/kohenavocats.com\\\/ru\\\/\",\"logo\":{\"@type\":\"ImageObject\",\"inLanguage\":\"ru-RU\",\"@id\":\"https:\\\/\\\/kohenavocats.com\\\/ru\\\/#\\\/schema\\\/logo\\\/image\\\/\",\"url\":\"https:\\\/\\\/kohenavocats.com\\\/wp-content\\\/uploads\\\/2026\\\/01\\\/Logo-2-1.webp\",\"contentUrl\":\"https:\\\/\\\/kohenavocats.com\\\/wp-content\\\/uploads\\\/2026\\\/01\\\/Logo-2-1.webp\",\"width\":2114,\"height\":1253,\"caption\":\"Kohen Avocats\"},\"image\":{\"@id\":\"https:\\\/\\\/kohenavocats.com\\\/ru\\\/#\\\/schema\\\/logo\\\/image\\\/\"}}]}<\/script>\n<!-- \/ Yoast SEO Premium plugin. -->","yoast_head_json":{"title":"ECLI:NL:CRVB:2025:1501 Centrale Raad van Beroep , 08-10-2025 \/ 23\/2922 WIA - Ma\u00eetre Hassan Kohen, avocat en droit p\u00e9nal \u00e0 Paris","robots":{"index":"index","follow":"follow","max-snippet":"max-snippet:-1","max-image-preview":"max-image-preview:large","max-video-preview":"max-video-preview:-1"},"canonical":"https:\/\/kohenavocats.com\/ru\/jurisprudences\/eclinlcrvb20251501-centrale-raad-van-beroep-08-10-2025-23-2922-wia\/","og_locale":"ru_RU","og_type":"article","og_title":"ECLI:NL:CRVB:2025:1501 Centrale Raad van Beroep , 08-10-2025 \/ 23\/2922 WIA","og_description":"Proceskostenveroordeling na intrekking hoger beroep.","og_url":"https:\/\/kohenavocats.com\/ru\/jurisprudences\/eclinlcrvb20251501-centrale-raad-van-beroep-08-10-2025-23-2922-wia\/","og_site_name":"Ma\u00eetre Hassan Kohen, avocat en droit p\u00e9nal \u00e0 Paris","twitter_card":"summary_large_image","twitter_misc":{"\u041f\u0440\u0438\u043c\u0435\u0440\u043d\u043e\u0435 \u0432\u0440\u0435\u043c\u044f \u0434\u043b\u044f \u0447\u0442\u0435\u043d\u0438\u044f":"2 \u043c\u0438\u043d\u0443\u0442\u044b"},"schema":{"@context":"https:\/\/schema.org","@graph":[{"@type":"WebPage","@id":"https:\/\/kohenavocats.com\/ru\/jurisprudences\/eclinlcrvb20251501-centrale-raad-van-beroep-08-10-2025-23-2922-wia\/","url":"https:\/\/kohenavocats.com\/ru\/jurisprudences\/eclinlcrvb20251501-centrale-raad-van-beroep-08-10-2025-23-2922-wia\/","name":"ECLI:NL:CRVB:2025:1501 Centrale Raad van Beroep , 08-10-2025 \/ 23\/2922 WIA - Ma\u00eetre Hassan Kohen, avocat en droit p\u00e9nal \u00e0 Paris","isPartOf":{"@id":"https:\/\/kohenavocats.com\/ru\/#website"},"datePublished":"2026-04-27T20:14:54+00:00","breadcrumb":{"@id":"https:\/\/kohenavocats.com\/ru\/jurisprudences\/eclinlcrvb20251501-centrale-raad-van-beroep-08-10-2025-23-2922-wia\/#breadcrumb"},"inLanguage":"ru-RU","potentialAction":[{"@type":"ReadAction","target":["https:\/\/kohenavocats.com\/ru\/jurisprudences\/eclinlcrvb20251501-centrale-raad-van-beroep-08-10-2025-23-2922-wia\/"]}]},{"@type":"BreadcrumbList","@id":"https:\/\/kohenavocats.com\/ru\/jurisprudences\/eclinlcrvb20251501-centrale-raad-van-beroep-08-10-2025-23-2922-wia\/#breadcrumb","itemListElement":[{"@type":"ListItem","position":1,"name":"Home","item":"https:\/\/kohenavocats.com\/ru\/avocats-en-droit-penal-a-paris-conseil-et-defense-strategique\/"},{"@type":"ListItem","position":2,"name":"Jurisprudences","item":"https:\/\/kohenavocats.com\/ru\/jurisprudences\/"},{"@type":"ListItem","position":3,"name":"ECLI:NL:CRVB:2025:1501 Centrale Raad van Beroep , 08-10-2025 \/ 23\/2922 WIA"}]},{"@type":"WebSite","@id":"https:\/\/kohenavocats.com\/ru\/#website","url":"https:\/\/kohenavocats.com\/ru\/","name":"Kohen Avocats","description":"Ma\u00eetre Hassan Kohen, avocat p\u00e9naliste \u00e0 Paris, intervient exclusivement en droit p\u00e9nal pour la d\u00e9fense des particuliers, notamment en mati\u00e8re d\u2019accusations de viol. Il assure un accompagnement rigoureux d\u00e8s la garde \u00e0 vue jusqu\u2019\u00e0 la Cour d\u2019assises, veillant au strict respect des garanties proc\u00e9durales.","publisher":{"@id":"https:\/\/kohenavocats.com\/ru\/#organization"},"potentialAction":[{"@type":"SearchAction","target":{"@type":"EntryPoint","urlTemplate":"https:\/\/kohenavocats.com\/ru\/?s={search_term_string}"},"query-input":{"@type":"PropertyValueSpecification","valueRequired":true,"valueName":"search_term_string"}}],"inLanguage":"ru-RU"},{"@type":"Organization","@id":"https:\/\/kohenavocats.com\/ru\/#organization","name":"Kohen Avocats","url":"https:\/\/kohenavocats.com\/ru\/","logo":{"@type":"ImageObject","inLanguage":"ru-RU","@id":"https:\/\/kohenavocats.com\/ru\/#\/schema\/logo\/image\/","url":"https:\/\/kohenavocats.com\/wp-content\/uploads\/2026\/01\/Logo-2-1.webp","contentUrl":"https:\/\/kohenavocats.com\/wp-content\/uploads\/2026\/01\/Logo-2-1.webp","width":2114,"height":1253,"caption":"Kohen Avocats"},"image":{"@id":"https:\/\/kohenavocats.com\/ru\/#\/schema\/logo\/image\/"}}]}},"jetpack_likes_enabled":false,"jetpack_sharing_enabled":true,"_links":{"self":[{"href":"https:\/\/kohenavocats.com\/ru\/wp-json\/wp\/v2\/kji_decision\/711564","targetHints":{"allow":["GET"]}}],"collection":[{"href":"https:\/\/kohenavocats.com\/ru\/wp-json\/wp\/v2\/kji_decision"}],"about":[{"href":"https:\/\/kohenavocats.com\/ru\/wp-json\/wp\/v2\/types\/kji_decision"}],"wp:attachment":[{"href":"https:\/\/kohenavocats.com\/ru\/wp-json\/wp\/v2\/media?parent=711564"}],"wp:term":[{"taxonomy":"kji_country","embeddable":true,"href":"https:\/\/kohenavocats.com\/ru\/wp-json\/wp\/v2\/kji_country?post=711564"},{"taxonomy":"kji_court","embeddable":true,"href":"https:\/\/kohenavocats.com\/ru\/wp-json\/wp\/v2\/kji_court?post=711564"},{"taxonomy":"kji_chamber","embeddable":true,"href":"https:\/\/kohenavocats.com\/ru\/wp-json\/wp\/v2\/kji_chamber?post=711564"},{"taxonomy":"kji_year","embeddable":true,"href":"https:\/\/kohenavocats.com\/ru\/wp-json\/wp\/v2\/kji_year?post=711564"},{"taxonomy":"kji_subject","embeddable":true,"href":"https:\/\/kohenavocats.com\/ru\/wp-json\/wp\/v2\/kji_subject?post=711564"},{"taxonomy":"kji_keyword","embeddable":true,"href":"https:\/\/kohenavocats.com\/ru\/wp-json\/wp\/v2\/kji_keyword?post=711564"},{"taxonomy":"kji_language","embeddable":true,"href":"https:\/\/kohenavocats.com\/ru\/wp-json\/wp\/v2\/kji_language?post=711564"}],"curies":[{"name":"wp","href":"https:\/\/api.w.org\/{rel}","templated":true}]}}