{"id":721761,"date":"2026-04-28T06:01:57","date_gmt":"2026-04-28T04:01:57","guid":{"rendered":"https:\/\/kohenavocats.com\/jurisprudences\/tribunal-federal-suisse-7-decembre-2020-n-4a-509-2020\/"},"modified":"2026-04-28T06:01:57","modified_gmt":"2026-04-28T04:01:57","slug":"tribunal-federal-suisse-7-decembre-2020-n-4a-509-2020","status":"publish","type":"kji_decision","link":"https:\/\/kohenavocats.com\/ru\/jurisprudences\/tribunal-federal-suisse-7-decembre-2020-n-4a-509-2020\/","title":{"rendered":"Tribunal f\u00e9d\u00e9ral suisse, 7 d\u00e9cembre 2020, n\u00b0 4A 509-2020"},"content":{"rendered":"<div class=\"kji-decision\">\n<div class=\"kji-full-text\">\n<p>Bundesgericht<\/p>\n<p>Tribunal f\u00e9d\u00e9ral<\/p>\n<p>Tribunale federale<\/p>\n<p>Tribunal federal<\/p>\n<p>4A_509\/2020<\/p>\n<p>Arr\u00eat du 7 d\u00e9cembre 2020<\/p>\n<p>Ire Cour de droit civil<\/p>\n<p>Composition<\/p>\n<p>Mme la Juge f\u00e9d\u00e9rale<\/p>\n<p>Kiss, pr\u00e9sidente.<\/p>\n<p>Greffier: M. O. Carruzzo.<\/p>\n<p>Participants \u00e0 la proc\u00e9dure<\/p>\n<p>A.________,<\/p>\n<p>repr\u00e9sent\u00e9e par Me Nicolas Capt,<\/p>\n<p>recourante,<\/p>\n<p>contre<\/p>\n<p>Institut F\u00e9d\u00e9ral de la Propri\u00e9t\u00e9 Intellectuelle (IPI),<\/p>\n<p>intim\u00e9.<\/p>\n<p>Objet<\/p>\n<p>droit des marques; int\u00e9r\u00eat digne de protection<\/p>\n<p>recours contre l&#039;arr\u00eat rendu le 17 ao\u00fbt 2020 par le Tribunal administratif f\u00e9d\u00e9ral (B-5293\/2018).<\/p>\n<p>Consid\u00e9rant en fait et en droit :<\/p>\n<p>1.<\/p>\n<p>Le 2 mars 2015, une demande d&#039;enregistrement de la marque suisse no xxx a \u00e9t\u00e9 adress\u00e9e \u00e0 l&#039;Institut F\u00e9d\u00e9ral de la Propri\u00e9t\u00e9 Intellectuelle (IPI). La demande portait sur le signe &quot; V.________ &quot;; elle d\u00e9signait &quot; V.________ &quot; en tant que d\u00e9posant, ainsi que A.________ en tant que mandataire.<\/p>\n<p>Par courrier du 20 avril 2015, A.________ a indiqu\u00e9 que, sous la rubrique &quot; titulaire &quot; de sa demande d&#039;enregistrement, elle avait fait figurer la mention &quot; V.________ &quot; au lieu d&#039;indiquer son propre nom. Elle a pri\u00e9 l&#039;IPI de rectifier cette &quot; erreur de plume &quot; et de lui conformer que cette correction n&#039;entra\u00eenerait aucune modification de la date de d\u00e9p\u00f4t.<\/p>\n<p>Par lettre du 22 avril 2015, dont une copie a \u00e9t\u00e9 transmise \u00e0 A.________, B.________ et C.________ ont invit\u00e9 l&#039;IPI \u00e0 rejeter la demande d&#039;enregistrement no xxx dans la mesure o\u00f9 il n&#039;existait aucune entit\u00e9 du nom de &quot; V.________ &quot;.<\/p>\n<p>Le 27 avril 2015, l&#039;IPI a remplac\u00e9 la d\u00e9signation &quot; V.________ &quot; par le nom de A.________ dans le registre des marques Swissreg, tout en maintenant la date du d\u00e9p\u00f4t au 4 mars 2015.<\/p>\n<p>Apr\u00e8s avoir inform\u00e9 A.________ du fait qu&#039;elle examinait la question d&#039;un report de la date du d\u00e9p\u00f4t, l&#039;IPI a rendu une d\u00e9cision, en date du 22 juin 2015, dont le dispositif est le suivant:<\/p>\n<p>&quot; 1. La demande d&#039;enregistrement de marque no xxx du 2 mars 2015, respectivement du 4 mars 2015 est nulle.<\/p>\n<p>2. La demande d&#039;enregistrement de marque no xxx V.________ rectifi\u00e9e est recevable \u00e0 compter du 20 avril 2015. La date de d\u00e9p\u00f4t de la demande d&#039;enregistrement de marque no xxx est donc report\u00e9e au 20 avril 2015. &quot;<\/p>\n<p>Saisie d&#039;une demande de reconsid\u00e9ration, l&#039;IPI a refus\u00e9 d&#039;entrer en mati\u00e8re par d\u00e9cision du 7 ao\u00fbt 2015. Le recours interjet\u00e9 contre celle-ci a \u00e9t\u00e9 d\u00e9clar\u00e9 irrecevable par le Tribunal administratif f\u00e9d\u00e9ral.<\/p>\n<p>Par d\u00e9cision rendue le 25 juillet 2018, l&#039;IPI a fix\u00e9 la date d&#039;enregistrement de la marque no xxx au 20 avril 2015.<\/p>\n<p>2.<\/p>\n<p>A.________ a recouru contre cette d\u00e9cision aupr\u00e8s du Tribunal administratif f\u00e9d\u00e9ral en l&#039;invitant \u00e0 dire et \u00e0 constater que la date d&#039;enregistrement de la marque pr\u00e9cit\u00e9e est fix\u00e9e au 4 mars 2015.<\/p>\n<p>Le recours a \u00e9t\u00e9 rejet\u00e9 par arr\u00eat du 17 ao\u00fbt 2020.<\/p>\n<p>3.<\/p>\n<p>Le 28 septembre 2020, A.________ (ci-apr\u00e8s: la recourante) a form\u00e9 un recours au Tribunal f\u00e9d\u00e9ral dirig\u00e9 contre l&#039;arr\u00eat pr\u00e9cit\u00e9.<\/p>\n<p>Le Tribunal administratif f\u00e9d\u00e9ral et l&#039;IPI ont renonc\u00e9 \u00e0 prendre position sur le recours.<\/p>\n<p>4.<\/p>\n<p>4.1. Le Tribunal f\u00e9d\u00e9ral examine d&#039;office la recevabilit\u00e9 des recours dont il est saisi (ATF 143 III 140 consid. 1; 142 II 363 consid. 1 et la jurisprudence cit\u00e9e), la qualit\u00e9 pour recourir, en particulier.<\/p>\n<p>4.2. Selon l&#039;art. 76 al. 1 LTF, a qualit\u00e9 pour former un recours en mati\u00e8re civile quiconque a pris part \u00e0 la proc\u00e9dure devant l&#039;autorit\u00e9 pr\u00e9c\u00e9dente ou a \u00e9t\u00e9 priv\u00e9 de la possibilit\u00e9 de le faire (let. a), pour autant qu&#039;il soit particuli\u00e8rement touch\u00e9 par la d\u00e9cision attaqu\u00e9e et ait un int\u00e9r\u00eat digne de protection \u00e0 son annulation ou sa modification (let. b). L&#039;int\u00e9r\u00eat digne de protection consiste dans l&#039;utilit\u00e9 pratique que l&#039;admission du recours apporterait \u00e0 son auteur, en lui \u00e9vitant de subir un pr\u00e9judice de nature \u00e9conomique, id\u00e9ale, mat\u00e9rielle ou autre que la d\u00e9cision attaqu\u00e9e lui occasionnerait (ATF 137 II 40 consid. 2.3 p. 43). L&#039;int\u00e9r\u00eat doit \u00eatre actuel, c&#039;est-\u00e0-dire qu&#039;il doit exister non seulement au moment du d\u00e9p\u00f4t du recours, mais encore au moment o\u00f9 l&#039;arr\u00eat est rendu (ATF 137 I 296 consid. 4.2 p. 299; 137 II 40 consid. 2.1 p. 41).<\/p>\n<p>Sous peine d&#039;irrecevabilit\u00e9 du recours, il incombe \u00e0 la partie recourante d&#039;all\u00e9guer les faits qu&#039;elle consid\u00e8re comme propres \u00e0 fonder sa qualit\u00e9 pour recourir, lorsqu&#039;ils ne ressortent pas \u00e0 l&#039;\u00e9vidence de la d\u00e9cision attaqu\u00e9e ou du dossier de la cause (ATF 138 III 537 consid. 1.2; 135 III 46 consid. 4).<\/p>\n<p>4.3. En l&#039;occurrence, la recourante conclut \u00e0 ce que la date de d\u00e9p\u00f4t de la marque litigieuse soit fix\u00e9e au 4 mars 2015 en lieu et place du 20 avril 2015. L&#039;int\u00e9ress\u00e9e n&#039;expose toutefois pas quelle utilit\u00e9 pratique l&#039;admission du recours pourrait lui apporter. En particulier, elle n&#039;all\u00e8gue pas ni n&#039;\u00e9tablit en quoi l&#039;admission de son recours lui permettrait d&#039;\u00e9viter un \u00e9ventuel pr\u00e9judice de quelque nature que ce soit, mais se contente uniquement d&#039;affirmer qu&#039;elle dispose d&#039;un int\u00e9r\u00eat juridique \u00e0 l&#039;annulation de l&#039;arr\u00eat attaqu\u00e9. L&#039;int\u00e9ress\u00e9e \u00e9voque certes, bri\u00e8vement, le fait qu&#039;elle a fait opposition \u00e0 l&#039;enregistrement d&#039;une autre marque d\u00e9pos\u00e9e le 17 mars 2015 (&quot; W.________ &quot;). Force est cependant de constater que la recourante n&#039;all\u00e8gue pas ni ne d\u00e9montre qu&#039;elle disposerait d&#039;un int\u00e9r\u00eat digne de protection \u00e0 faire inscrire sa propre marque le 4 mars 2015, en lieu et place du 20 avril 2015, en raison du seul d\u00e9p\u00f4t de la demande d&#039;enregistrement d&#039;une autre marque intervenu le 17 mars 2015. En particulier, elle ne fait pas la d\u00e9monstration de l&#039;int\u00e9r\u00eat digne de protection qu&#039;elle pourrait avoir \u00e0 prot\u00e9ger la priorit\u00e9 du d\u00e9p\u00f4t de sa propre marque par rapport \u00e0 celle de la marque concurrente, ne rendant pas m\u00eame vraisemblable l&#039;existence d&#039;un risque de conflit de marques concret et actuel.<\/p>\n<p>Il suit de l\u00e0 que le recours est manifestement irrecevable, ce qu&#039;il convient de constater selon la proc\u00e9dure simplifi\u00e9e de l&#039;art. 108 al. 1 let. a LTF.<\/p>\n<p>5.<\/p>\n<p>La recourante, qui succombe, supportera les frais de la pr\u00e9sente proc\u00e9dure (art. 66 al. 1 LTF). Elle n&#039;aura en revanche pas \u00e0 verser de d\u00e9pens \u00e0 l&#039;autorit\u00e9 intim\u00e9e.<\/p>\n<p>Par ces motifs, la Pr\u00e9sidente de la Ire Cour de droit civil prononce :<\/p>\n<p>1.<\/p>\n<p>Le recours est irrecevable.<\/p>\n<p>2.<\/p>\n<p>Les frais judiciaires, arr\u00eat\u00e9s \u00e0 500 fr., sont mis \u00e0 la charge de la recourante.<\/p>\n<p>3.<\/p>\n<p>Le pr\u00e9sent arr\u00eat est communiqu\u00e9 aux parties et \u00e0 la Cour II du Tribunal administratif f\u00e9d\u00e9ral.<\/p>\n<p>Lausanne, le 7 d\u00e9cembre 2020<\/p>\n<p>Au nom de la Ire Cour de droit civil<\/p>\n<p>du Tribunal f\u00e9d\u00e9ral suisse<\/p>\n<p>La Pr\u00e9sidente : Kiss<\/p>\n<p>Le Greffier : O. Carruzzo<\/p>\n<\/div>\n<hr class=\"kji-sep\" \/>\n<p class=\"kji-source-links\"><strong>Sources officielles :<\/strong> <a class=\"kji-source-link\" href=\"https:\/\/search.bger.ch\/ext\/eurospider\/live\/fr\/php\/aza\/http\/index.php?lang=fr&#038;type=highlight_simple_query&#038;page=1&#038;from_date=&#038;to_date=&#038;sort=relevance&#038;insertion_date=&#038;top_subcollection_aza=all&#038;query_words=propriete&#038;rank=6&#038;azaclir=aza&#038;highlight_docid=aza%3A%2F%2F07-12-2020-4A_509-2020&#038;number_of_ranks=6365\" target=\"_blank\" rel=\"noopener noreferrer\">consulter la page source<\/a><\/p>\n<p class=\"kji-license-note\"><em>Source officielle Tribunal federal suisse. Contenu HTML public, PDF non garanti en version gratuite.<\/em><\/p>\n<\/div>\n","protected":false},"excerpt":{"rendered":"<p>Bundesgericht Tribunal f\u00e9d\u00e9ral Tribunale federale Tribunal federal 4A_509\/2020 Arr\u00eat du 7 d\u00e9cembre 2020 Ire Cour de droit civil Composition Mme la Juge f\u00e9d\u00e9rale Kiss, pr\u00e9sidente. Greffier: M. O. Carruzzo. Participants \u00e0 la proc\u00e9dure A.________, repr\u00e9sent\u00e9e par Me Nicolas Capt, recourante, contre Institut F\u00e9d\u00e9ral de la Propri\u00e9t\u00e9 Intellectuelle (IPI), intim\u00e9. Objet droit des marques; int\u00e9r\u00eat digne&#8230;<\/p>\n","protected":false},"featured_media":0,"template":"","meta":{"_crdt_document":""},"kji_country":[9676],"kji_court":[9677],"kji_chamber":[9798],"kji_year":[41198],"kji_subject":[7724],"kji_keyword":[9799,8464,9679,9680,7636],"kji_language":[7733],"class_list":["post-721761","kji_decision","type-kji_decision","status-publish","hentry","kji_country-suisse","kji_court-tribunal-federal-suisse","kji_chamber-cour-de-droit-civil","kji_year-41198","kji_subject-civil","kji_keyword-bundesgericht","kji_keyword-decembre","kji_keyword-federal","kji_keyword-suisse","kji_keyword-tribunal","kji_language-francais"],"yoast_head":"<!-- This site is optimized with the Yoast SEO Premium plugin v27.5 (Yoast SEO v27.5) - https:\/\/yoast.com\/product\/yoast-seo-premium-wordpress\/ -->\n<title>Tribunal f\u00e9d\u00e9ral suisse, 7 d\u00e9cembre 2020, n\u00b0 4A 509-2020 - Ma\u00eetre Hassan Kohen, avocat en droit p\u00e9nal \u00e0 Paris<\/title>\n<meta name=\"robots\" content=\"index, follow, max-snippet:-1, max-image-preview:large, max-video-preview:-1\" \/>\n<link rel=\"canonical\" href=\"https:\/\/kohenavocats.com\/ru\/jurisprudences\/tribunal-federal-suisse-7-decembre-2020-n-4a-509-2020\/\" \/>\n<meta property=\"og:locale\" content=\"ru_RU\" \/>\n<meta property=\"og:type\" content=\"article\" \/>\n<meta property=\"og:title\" content=\"Tribunal f\u00e9d\u00e9ral suisse, 7 d\u00e9cembre 2020, n\u00b0 4A 509-2020\" \/>\n<meta property=\"og:description\" content=\"Bundesgericht Tribunal f\u00e9d\u00e9ral Tribunale federale Tribunal federal 4A_509\/2020 Arr\u00eat du 7 d\u00e9cembre 2020 Ire Cour de droit civil Composition Mme la Juge f\u00e9d\u00e9rale Kiss, pr\u00e9sidente. Greffier: M. O. Carruzzo. Participants \u00e0 la proc\u00e9dure A.________, repr\u00e9sent\u00e9e par Me Nicolas Capt, recourante, contre Institut F\u00e9d\u00e9ral de la Propri\u00e9t\u00e9 Intellectuelle (IPI), intim\u00e9. Objet droit des marques; int\u00e9r\u00eat digne...\" \/>\n<meta property=\"og:url\" content=\"https:\/\/kohenavocats.com\/ru\/jurisprudences\/tribunal-federal-suisse-7-decembre-2020-n-4a-509-2020\/\" \/>\n<meta property=\"og:site_name\" content=\"Ma\u00eetre Hassan Kohen, avocat en droit p\u00e9nal \u00e0 Paris\" \/>\n<meta name=\"twitter:card\" content=\"summary_large_image\" \/>\n<meta name=\"twitter:label1\" content=\"\u041f\u0440\u0438\u043c\u0435\u0440\u043d\u043e\u0435 \u0432\u0440\u0435\u043c\u044f \u0434\u043b\u044f \u0447\u0442\u0435\u043d\u0438\u044f\" \/>\n\t<meta name=\"twitter:data1\" content=\"6 \u043c\u0438\u043d\u0443\u0442\" \/>\n<script type=\"application\/ld+json\" class=\"yoast-schema-graph\">{\"@context\":\"https:\\\/\\\/schema.org\",\"@graph\":[{\"@type\":\"WebPage\",\"@id\":\"https:\\\/\\\/kohenavocats.com\\\/ru\\\/jurisprudences\\\/tribunal-federal-suisse-7-decembre-2020-n-4a-509-2020\\\/\",\"url\":\"https:\\\/\\\/kohenavocats.com\\\/ru\\\/jurisprudences\\\/tribunal-federal-suisse-7-decembre-2020-n-4a-509-2020\\\/\",\"name\":\"Tribunal f\u00e9d\u00e9ral suisse, 7 d\u00e9cembre 2020, n\u00b0 4A 509-2020 - Ma\u00eetre Hassan Kohen, avocat en droit p\u00e9nal \u00e0 Paris\",\"isPartOf\":{\"@id\":\"https:\\\/\\\/kohenavocats.com\\\/ru\\\/#website\"},\"datePublished\":\"2026-04-28T04:01:57+00:00\",\"breadcrumb\":{\"@id\":\"https:\\\/\\\/kohenavocats.com\\\/ru\\\/jurisprudences\\\/tribunal-federal-suisse-7-decembre-2020-n-4a-509-2020\\\/#breadcrumb\"},\"inLanguage\":\"ru-RU\",\"potentialAction\":[{\"@type\":\"ReadAction\",\"target\":[\"https:\\\/\\\/kohenavocats.com\\\/ru\\\/jurisprudences\\\/tribunal-federal-suisse-7-decembre-2020-n-4a-509-2020\\\/\"]}]},{\"@type\":\"BreadcrumbList\",\"@id\":\"https:\\\/\\\/kohenavocats.com\\\/ru\\\/jurisprudences\\\/tribunal-federal-suisse-7-decembre-2020-n-4a-509-2020\\\/#breadcrumb\",\"itemListElement\":[{\"@type\":\"ListItem\",\"position\":1,\"name\":\"Home\",\"item\":\"https:\\\/\\\/kohenavocats.com\\\/ru\\\/avocats-en-droit-penal-a-paris-conseil-et-defense-strategique\\\/\"},{\"@type\":\"ListItem\",\"position\":2,\"name\":\"Jurisprudences\",\"item\":\"https:\\\/\\\/kohenavocats.com\\\/ru\\\/jurisprudences\\\/\"},{\"@type\":\"ListItem\",\"position\":3,\"name\":\"Tribunal f\u00e9d\u00e9ral suisse, 7 d\u00e9cembre 2020, n\u00b0 4A 509-2020\"}]},{\"@type\":\"WebSite\",\"@id\":\"https:\\\/\\\/kohenavocats.com\\\/ru\\\/#website\",\"url\":\"https:\\\/\\\/kohenavocats.com\\\/ru\\\/\",\"name\":\"Kohen Avocats\",\"description\":\"Ma\u00eetre Hassan Kohen, avocat p\u00e9naliste \u00e0 Paris, intervient exclusivement en droit p\u00e9nal pour la d\u00e9fense des particuliers, notamment en mati\u00e8re d\u2019accusations de viol. Il assure un accompagnement rigoureux d\u00e8s la garde \u00e0 vue jusqu\u2019\u00e0 la Cour d\u2019assises, veillant au strict respect des garanties proc\u00e9durales.\",\"publisher\":{\"@id\":\"https:\\\/\\\/kohenavocats.com\\\/ru\\\/#organization\"},\"potentialAction\":[{\"@type\":\"SearchAction\",\"target\":{\"@type\":\"EntryPoint\",\"urlTemplate\":\"https:\\\/\\\/kohenavocats.com\\\/ru\\\/?s={search_term_string}\"},\"query-input\":{\"@type\":\"PropertyValueSpecification\",\"valueRequired\":true,\"valueName\":\"search_term_string\"}}],\"inLanguage\":\"ru-RU\"},{\"@type\":\"Organization\",\"@id\":\"https:\\\/\\\/kohenavocats.com\\\/ru\\\/#organization\",\"name\":\"Kohen Avocats\",\"url\":\"https:\\\/\\\/kohenavocats.com\\\/ru\\\/\",\"logo\":{\"@type\":\"ImageObject\",\"inLanguage\":\"ru-RU\",\"@id\":\"https:\\\/\\\/kohenavocats.com\\\/ru\\\/#\\\/schema\\\/logo\\\/image\\\/\",\"url\":\"https:\\\/\\\/kohenavocats.com\\\/wp-content\\\/uploads\\\/2026\\\/01\\\/Logo-2-1.webp\",\"contentUrl\":\"https:\\\/\\\/kohenavocats.com\\\/wp-content\\\/uploads\\\/2026\\\/01\\\/Logo-2-1.webp\",\"width\":2114,\"height\":1253,\"caption\":\"Kohen Avocats\"},\"image\":{\"@id\":\"https:\\\/\\\/kohenavocats.com\\\/ru\\\/#\\\/schema\\\/logo\\\/image\\\/\"}}]}<\/script>\n<!-- \/ Yoast SEO Premium plugin. -->","yoast_head_json":{"title":"Tribunal f\u00e9d\u00e9ral suisse, 7 d\u00e9cembre 2020, n\u00b0 4A 509-2020 - Ma\u00eetre Hassan Kohen, avocat en droit p\u00e9nal \u00e0 Paris","robots":{"index":"index","follow":"follow","max-snippet":"max-snippet:-1","max-image-preview":"max-image-preview:large","max-video-preview":"max-video-preview:-1"},"canonical":"https:\/\/kohenavocats.com\/ru\/jurisprudences\/tribunal-federal-suisse-7-decembre-2020-n-4a-509-2020\/","og_locale":"ru_RU","og_type":"article","og_title":"Tribunal f\u00e9d\u00e9ral suisse, 7 d\u00e9cembre 2020, n\u00b0 4A 509-2020","og_description":"Bundesgericht Tribunal f\u00e9d\u00e9ral Tribunale federale Tribunal federal 4A_509\/2020 Arr\u00eat du 7 d\u00e9cembre 2020 Ire Cour de droit civil Composition Mme la Juge f\u00e9d\u00e9rale Kiss, pr\u00e9sidente. Greffier: M. O. Carruzzo. Participants \u00e0 la proc\u00e9dure A.________, repr\u00e9sent\u00e9e par Me Nicolas Capt, recourante, contre Institut F\u00e9d\u00e9ral de la Propri\u00e9t\u00e9 Intellectuelle (IPI), intim\u00e9. Objet droit des marques; int\u00e9r\u00eat digne...","og_url":"https:\/\/kohenavocats.com\/ru\/jurisprudences\/tribunal-federal-suisse-7-decembre-2020-n-4a-509-2020\/","og_site_name":"Ma\u00eetre Hassan Kohen, avocat en droit p\u00e9nal \u00e0 Paris","twitter_card":"summary_large_image","twitter_misc":{"\u041f\u0440\u0438\u043c\u0435\u0440\u043d\u043e\u0435 \u0432\u0440\u0435\u043c\u044f \u0434\u043b\u044f \u0447\u0442\u0435\u043d\u0438\u044f":"6 \u043c\u0438\u043d\u0443\u0442"},"schema":{"@context":"https:\/\/schema.org","@graph":[{"@type":"WebPage","@id":"https:\/\/kohenavocats.com\/ru\/jurisprudences\/tribunal-federal-suisse-7-decembre-2020-n-4a-509-2020\/","url":"https:\/\/kohenavocats.com\/ru\/jurisprudences\/tribunal-federal-suisse-7-decembre-2020-n-4a-509-2020\/","name":"Tribunal f\u00e9d\u00e9ral suisse, 7 d\u00e9cembre 2020, n\u00b0 4A 509-2020 - Ma\u00eetre Hassan Kohen, avocat en droit p\u00e9nal \u00e0 Paris","isPartOf":{"@id":"https:\/\/kohenavocats.com\/ru\/#website"},"datePublished":"2026-04-28T04:01:57+00:00","breadcrumb":{"@id":"https:\/\/kohenavocats.com\/ru\/jurisprudences\/tribunal-federal-suisse-7-decembre-2020-n-4a-509-2020\/#breadcrumb"},"inLanguage":"ru-RU","potentialAction":[{"@type":"ReadAction","target":["https:\/\/kohenavocats.com\/ru\/jurisprudences\/tribunal-federal-suisse-7-decembre-2020-n-4a-509-2020\/"]}]},{"@type":"BreadcrumbList","@id":"https:\/\/kohenavocats.com\/ru\/jurisprudences\/tribunal-federal-suisse-7-decembre-2020-n-4a-509-2020\/#breadcrumb","itemListElement":[{"@type":"ListItem","position":1,"name":"Home","item":"https:\/\/kohenavocats.com\/ru\/avocats-en-droit-penal-a-paris-conseil-et-defense-strategique\/"},{"@type":"ListItem","position":2,"name":"Jurisprudences","item":"https:\/\/kohenavocats.com\/ru\/jurisprudences\/"},{"@type":"ListItem","position":3,"name":"Tribunal f\u00e9d\u00e9ral suisse, 7 d\u00e9cembre 2020, n\u00b0 4A 509-2020"}]},{"@type":"WebSite","@id":"https:\/\/kohenavocats.com\/ru\/#website","url":"https:\/\/kohenavocats.com\/ru\/","name":"Kohen Avocats","description":"Ma\u00eetre Hassan Kohen, avocat p\u00e9naliste \u00e0 Paris, intervient exclusivement en droit p\u00e9nal pour la d\u00e9fense des particuliers, notamment en mati\u00e8re d\u2019accusations de viol. Il assure un accompagnement rigoureux d\u00e8s la garde \u00e0 vue jusqu\u2019\u00e0 la Cour d\u2019assises, veillant au strict respect des garanties proc\u00e9durales.","publisher":{"@id":"https:\/\/kohenavocats.com\/ru\/#organization"},"potentialAction":[{"@type":"SearchAction","target":{"@type":"EntryPoint","urlTemplate":"https:\/\/kohenavocats.com\/ru\/?s={search_term_string}"},"query-input":{"@type":"PropertyValueSpecification","valueRequired":true,"valueName":"search_term_string"}}],"inLanguage":"ru-RU"},{"@type":"Organization","@id":"https:\/\/kohenavocats.com\/ru\/#organization","name":"Kohen Avocats","url":"https:\/\/kohenavocats.com\/ru\/","logo":{"@type":"ImageObject","inLanguage":"ru-RU","@id":"https:\/\/kohenavocats.com\/ru\/#\/schema\/logo\/image\/","url":"https:\/\/kohenavocats.com\/wp-content\/uploads\/2026\/01\/Logo-2-1.webp","contentUrl":"https:\/\/kohenavocats.com\/wp-content\/uploads\/2026\/01\/Logo-2-1.webp","width":2114,"height":1253,"caption":"Kohen Avocats"},"image":{"@id":"https:\/\/kohenavocats.com\/ru\/#\/schema\/logo\/image\/"}}]}},"jetpack_likes_enabled":false,"jetpack_sharing_enabled":true,"_links":{"self":[{"href":"https:\/\/kohenavocats.com\/ru\/wp-json\/wp\/v2\/kji_decision\/721761","targetHints":{"allow":["GET"]}}],"collection":[{"href":"https:\/\/kohenavocats.com\/ru\/wp-json\/wp\/v2\/kji_decision"}],"about":[{"href":"https:\/\/kohenavocats.com\/ru\/wp-json\/wp\/v2\/types\/kji_decision"}],"wp:attachment":[{"href":"https:\/\/kohenavocats.com\/ru\/wp-json\/wp\/v2\/media?parent=721761"}],"wp:term":[{"taxonomy":"kji_country","embeddable":true,"href":"https:\/\/kohenavocats.com\/ru\/wp-json\/wp\/v2\/kji_country?post=721761"},{"taxonomy":"kji_court","embeddable":true,"href":"https:\/\/kohenavocats.com\/ru\/wp-json\/wp\/v2\/kji_court?post=721761"},{"taxonomy":"kji_chamber","embeddable":true,"href":"https:\/\/kohenavocats.com\/ru\/wp-json\/wp\/v2\/kji_chamber?post=721761"},{"taxonomy":"kji_year","embeddable":true,"href":"https:\/\/kohenavocats.com\/ru\/wp-json\/wp\/v2\/kji_year?post=721761"},{"taxonomy":"kji_subject","embeddable":true,"href":"https:\/\/kohenavocats.com\/ru\/wp-json\/wp\/v2\/kji_subject?post=721761"},{"taxonomy":"kji_keyword","embeddable":true,"href":"https:\/\/kohenavocats.com\/ru\/wp-json\/wp\/v2\/kji_keyword?post=721761"},{"taxonomy":"kji_language","embeddable":true,"href":"https:\/\/kohenavocats.com\/ru\/wp-json\/wp\/v2\/kji_language?post=721761"}],"curies":[{"name":"wp","href":"https:\/\/api.w.org\/{rel}","templated":true}]}}