{"id":724589,"date":"2026-04-28T08:12:49","date_gmt":"2026-04-28T06:12:49","guid":{"rendered":"https:\/\/kohenavocats.com\/jurisprudences\/acordao-supremo-tribunal-de-justica-processo-4-20-7-yflsb-2020-11-24\/"},"modified":"2026-04-28T08:12:49","modified_gmt":"2026-04-28T06:12:49","slug":"acordao-supremo-tribunal-de-justica-processo-4-20-7-yflsb-2020-11-24","status":"publish","type":"kji_decision","link":"https:\/\/kohenavocats.com\/ru\/jurisprudences\/acordao-supremo-tribunal-de-justica-processo-4-20-7-yflsb-2020-11-24\/","title":{"rendered":"Ac\u00f3rd\u00e3o Supremo Tribunal de Justi\u00e7a \u2013 Processo 4\/20.7\/YFLSB \u2013 2020-11-24"},"content":{"rendered":"<div class=\"kji-decision\">\n<p class=\"kji-summary\">Relator: IL?DIO SACARR?O MARTINS. I &#8212; Do art. 156.?, n.? 3, do EMJ resulta, com clareza, que o requisito de validade das delibera??es do Plen?rio do CSM ? a presen?a de 12 dos seus membros, independentemente do sentido de tais votos. II &#8212; Existe completa autonomia e total separa??o de poderes e compet?ncias entre os sujeitos processuais jurisdicionais, que atuam no dom?nio do processo penal, e a autoridade administrativa disciplinar, que atua ao n?vel do apuramento de responsabilidade disciplinar, praticando atos e tomando decis?es concretas nesse ?mbito. III &#8212; N?o existe rela??o de consump??o entre o procedimento disciplinar e o processo penal. IV &#8212; A autonomia das duas responsabilidades permite que a Administra??o possa fazer desencadear o respetivo procedimento antes e independentemente da aprecia??o do facto pelos tribunais, nos casos em que o evento ofende simultaneamente as duas ordens jur?dicas ? a disciplinar e a criminal. V &#8212; Assim, em regra, conhecido o facto pelos Servi?os deve fazer-se correr imediatamente o expediente disciplinar sem ter que se esperar pela decis?o penal. VI &#8212; Considerando a autonomia, independ?ncia e a inexist?ncia de quaisquer rela??es de consump??o, primazia e prejudicialidade de responsabilidades, a conclus?o n?o pode ser outra sen?o que a possibilidade de suspens?o do procedimento disciplinar, por efeito da instaura??o e tramita??o de processo crime, ? uma faculdade da autoridade disciplinar &#8212; e n?o um imperativo legal -, a apreciar em cada caso concreto. VII &#8212; Vigoram os princ?pios da autonomia e da independ?ncia entre o processo crime e o processo disciplinar; as responsabilidades s?o aut?nomas, podendo um facto dar origem ?s duas responsabilidades, sem que a correspondente conjuga??o de responsabilidades constitua viola??o do princ?pio ne bis in idem. VIII &#8212; A importa??o probat?ria penal para o processo disciplinar ? admiss?vel, pois ? esse o entendimento mais conforme ? prossecu??o do interesse p?blico a que a Administra??o P?blica est? constitucionalmente vinculada em qualquer das suas atividades. IX &#8212; Por outro lado, ? a pr?pria lei processual penal quem outorga ao direito disciplinar p?blico o uso do material probat?rio colhido em processo crime, por for?a do art. 125.? do CPP, subsidiariamente aplic?vel ex vi do disposto no art. 83.? &#8212; E do EMJ: &quot;s?o admiss?veis as provas que n?o forem proibidas por lei&quot;. X &#8212; Quanto ao correio eletr?nico j? recebido, ? semelhan?a do correio tradicional, tamb?m ele deveria ser tratado como um simples documento. XI &#8212; Depois de recebido, lido e guardado no computador do destinat?rio, o e-mail deixa de pertencer ? ?rea de tutela das telecomunica??es, passando a valer como um normal escrito. E, como tal, sujeito ao mesmo regime em que se encontra um qualquer ficheiro produzido pelo utilizador do computador e nele arquivado. XII &#8212; Em processo disciplinar, o arguido pode requerer ao instrutor que promova as dilig?ncias de prova que considere essenciais ao apuramento da verdade, as quais podem ser indeferidas, por despacho fundamentado, quando este julgue suficiente a prova produzida ? art. 116.?, n.? 2, do EMJ.<\/p>\n<hr class=\"kji-sep\" \/>\n<p class=\"kji-source-links\"><strong>Sources officielles :<\/strong> <a class=\"kji-source-link\" href=\"https:\/\/www.dgsi.pt\/jstj.nsf\/954f0ce6ad9dd8b980256b5f003fa814\/5066cf7d33cf12c58025865b0039d4b3?OpenDocument&#038;ExpandSection=1\" target=\"_blank\" rel=\"noopener noreferrer\">consulter la page source<\/a><\/p>\n<p class=\"kji-license-note\"><em>Portails officiels portugais (DGSI \/ Tribunal Constitucional). Republication en metadata_only par prudence licencielle ; consulter la source officielle pour le texte authentique.<\/em><\/p>\n<\/div>\n","protected":false},"excerpt":{"rendered":"<p>Relator: IL?DIO SACARR?O MARTINS. I &#8212; Do art. 156.?, n.? 3, do EMJ resulta, com clareza, que o requisito de validade das delibera??es do Plen?rio do CSM ? a presen?a de 12 dos seus membros, independentemente do sentido de tais votos. II &#8212; Existe completa autonomia e total separa??o de poderes e compet?ncias entre os sujeitos processuais jurisdicionais, que atuam no dom?nio do processo penal, e a autoridade administrativa disciplinar, que atua ao n?vel do apuramento de responsabilidade disciplinar, praticando atos e tomando decis?es concretas nesse ?mbito. III &#8212; N?o existe rela??o de consump??o entre o procedimento disciplinar e o processo penal. IV &#8212; A autonomia das duas responsabilidades permite que a Administra??o possa fazer desencadear o respetivo procedimento antes e independentemente da aprecia??o do facto pelos tribunais, nos casos em que o evento ofende simultaneamente as duas ordens jur?dicas ? a disciplinar e a criminal. V &#8212; Assim, em regra, conhecido o facto pelos Servi?os deve fazer-se correr imediatamente o expediente disciplinar sem ter que se esperar pela decis?o penal. VI &#8212; Considerando a autonomia, independ?ncia e a inexist?ncia de quaisquer rela??es de consump??o, primazia e prejudicialidade de responsabilidades, a conclus?o n?o pode ser outra sen?o que a possibilidade de suspens?o do procedimento disciplinar, por efeito da instaura??o e tramita??o de processo crime, ? uma faculdade da autoridade disciplinar &#8212; e n?o um imperativo legal -, a apreciar em cada caso concreto. VII &#8212; Vigoram os princ?pios da autonomia e da independ?ncia entre o processo crime e o processo disciplinar; as responsabilidades s?o aut?nomas, podendo um facto dar origem ?s duas responsabilidades, sem que a correspondente conjuga??o de responsabilidades constitua viola??o do princ?pio ne bis in idem. VIII &#8212; A importa??o probat?ria penal para o processo disciplinar ? admiss?vel, pois ? esse o entendimento mais conforme ? prossecu??o do interesse p?blico a que a Administra??o P?blica est? constitucionalmente vinculada em qualquer das suas atividades. IX &#8212; Por outro lado, ? a pr?pria lei processual penal quem outorga ao direito disciplinar p?blico o uso do material probat?rio colhido em processo crime, por for?a do art. 125.? do CPP, subsidiariamente aplic?vel ex vi do disposto no art. 83.? &#8212; E do EMJ: &#171;s?o admiss?veis as provas que n?o forem proibidas por lei&#187;. X &#8212; Quanto ao correio eletr?nico j? recebido, ? semelhan?a do correio tradicional, tamb?m ele deveria ser tratado como um simples documento. XI &#8212; Depois de recebido, lido e guardado no computador do destinat?rio, o e-mail deixa de pertencer ? ?rea de tutela das telecomunica??es, passando a valer como um normal escrito. E, como tal, sujeito ao mesmo regime em que se encontra um qualquer ficheiro produzido pelo utilizador do computador e nele arquivado. XII &#8212; Em processo disciplinar, o arguido pode requerer ao instrutor que promova as dilig?ncias de prova que considere essenciais ao apuramento da verdade, as quais podem ser indeferidas, por despacho fundamentado, quando este julgue suficiente a prova produzida ? art. 116.?, n.? 2, do EMJ.<\/p>\n","protected":false},"featured_media":0,"template":"","meta":{"_crdt_document":""},"kji_country":[7762],"kji_court":[7763],"kji_chamber":[10055],"kji_year":[41198],"kji_subject":[7660],"kji_keyword":[7772,7774,7773,7636,12994],"kji_language":[7770],"class_list":["post-724589","kji_decision","type-kji_decision","status-publish","hentry","kji_country-portugal","kji_court-supremo-tribunal-de-justica","kji_chamber-seco-do-contencioso","kji_year-41198","kji_subject-constitutionnel","kji_keyword-acordao","kji_keyword-justica","kji_keyword-supremo","kji_keyword-tribunal","kji_keyword-yflsb","kji_language-pt"],"yoast_head":"<!-- This site is optimized with the Yoast SEO Premium plugin v27.5 (Yoast SEO v27.5) - https:\/\/yoast.com\/product\/yoast-seo-premium-wordpress\/ -->\n<title>Ac\u00f3rd\u00e3o Supremo Tribunal de Justi\u00e7a \u2013 Processo 4\/20.7\/YFLSB \u2013 2020-11-24 - Ma\u00eetre Hassan Kohen, avocat en droit p\u00e9nal \u00e0 Paris<\/title>\n<meta name=\"robots\" content=\"index, follow, max-snippet:-1, max-image-preview:large, max-video-preview:-1\" \/>\n<link rel=\"canonical\" href=\"https:\/\/kohenavocats.com\/ru\/jurisprudences\/acordao-supremo-tribunal-de-justica-processo-4-20-7-yflsb-2020-11-24\/\" \/>\n<meta property=\"og:locale\" content=\"ru_RU\" \/>\n<meta property=\"og:type\" content=\"article\" \/>\n<meta property=\"og:title\" content=\"Ac\u00f3rd\u00e3o Supremo Tribunal de Justi\u00e7a \u2013 Processo 4\/20.7\/YFLSB \u2013 2020-11-24\" \/>\n<meta property=\"og:description\" content=\"Relator: IL?DIO SACARR?O MARTINS. I - Do art. 156.?, n.? 3, do EMJ resulta, com clareza, que o requisito de validade das delibera??es do Plen?rio do CSM ? a presen?a de 12 dos seus membros, independentemente do sentido de tais votos. II - Existe completa autonomia e total separa??o de poderes e compet?ncias entre os sujeitos processuais jurisdicionais, que atuam no dom?nio do processo penal, e a autoridade administrativa disciplinar, que atua ao n?vel do apuramento de responsabilidade disciplinar, praticando atos e tomando decis?es concretas nesse ?mbito. III - N?o existe rela??o de consump??o entre o procedimento disciplinar e o processo penal. IV - A autonomia das duas responsabilidades permite que a Administra??o possa fazer desencadear o respetivo procedimento antes e independentemente da aprecia??o do facto pelos tribunais, nos casos em que o evento ofende simultaneamente as duas ordens jur?dicas ? a disciplinar e a criminal. V - Assim, em regra, conhecido o facto pelos Servi?os deve fazer-se correr imediatamente o expediente disciplinar sem ter que se esperar pela decis?o penal. VI - Considerando a autonomia, independ?ncia e a inexist?ncia de quaisquer rela??es de consump??o, primazia e prejudicialidade de responsabilidades, a conclus?o n?o pode ser outra sen?o que a possibilidade de suspens?o do procedimento disciplinar, por efeito da instaura??o e tramita??o de processo crime, ? uma faculdade da autoridade disciplinar - e n?o um imperativo legal -, a apreciar em cada caso concreto. VII - Vigoram os princ?pios da autonomia e da independ?ncia entre o processo crime e o processo disciplinar; as responsabilidades s?o aut?nomas, podendo um facto dar origem ?s duas responsabilidades, sem que a correspondente conjuga??o de responsabilidades constitua viola??o do princ?pio ne bis in idem. VIII - A importa??o probat?ria penal para o processo disciplinar ? admiss?vel, pois ? esse o entendimento mais conforme ? prossecu??o do interesse p?blico a que a Administra??o P?blica est? constitucionalmente vinculada em qualquer das suas atividades. IX - Por outro lado, ? a pr?pria lei processual penal quem outorga ao direito disciplinar p?blico o uso do material probat?rio colhido em processo crime, por for?a do art. 125.? do CPP, subsidiariamente aplic?vel ex vi do disposto no art. 83.? - E do EMJ: &quot;s?o admiss?veis as provas que n?o forem proibidas por lei&quot;. X - Quanto ao correio eletr?nico j? recebido, ? semelhan?a do correio tradicional, tamb?m ele deveria ser tratado como um simples documento. XI - Depois de recebido, lido e guardado no computador do destinat?rio, o e-mail deixa de pertencer ? ?rea de tutela das telecomunica??es, passando a valer como um normal escrito. E, como tal, sujeito ao mesmo regime em que se encontra um qualquer ficheiro produzido pelo utilizador do computador e nele arquivado. XII - Em processo disciplinar, o arguido pode requerer ao instrutor que promova as dilig?ncias de prova que considere essenciais ao apuramento da verdade, as quais podem ser indeferidas, por despacho fundamentado, quando este julgue suficiente a prova produzida ? art. 116.?, n.? 2, do EMJ.\" \/>\n<meta property=\"og:url\" content=\"https:\/\/kohenavocats.com\/ru\/jurisprudences\/acordao-supremo-tribunal-de-justica-processo-4-20-7-yflsb-2020-11-24\/\" \/>\n<meta property=\"og:site_name\" content=\"Ma\u00eetre Hassan Kohen, avocat en droit p\u00e9nal \u00e0 Paris\" \/>\n<meta name=\"twitter:card\" content=\"summary_large_image\" \/>\n<meta name=\"twitter:label1\" content=\"\u041f\u0440\u0438\u043c\u0435\u0440\u043d\u043e\u0435 \u0432\u0440\u0435\u043c\u044f \u0434\u043b\u044f \u0447\u0442\u0435\u043d\u0438\u044f\" \/>\n\t<meta name=\"twitter:data1\" content=\"3 \u043c\u0438\u043d\u0443\u0442\u044b\" \/>\n<script type=\"application\/ld+json\" class=\"yoast-schema-graph\">{\"@context\":\"https:\\\/\\\/schema.org\",\"@graph\":[{\"@type\":\"WebPage\",\"@id\":\"https:\\\/\\\/kohenavocats.com\\\/ru\\\/jurisprudences\\\/acordao-supremo-tribunal-de-justica-processo-4-20-7-yflsb-2020-11-24\\\/\",\"url\":\"https:\\\/\\\/kohenavocats.com\\\/ru\\\/jurisprudences\\\/acordao-supremo-tribunal-de-justica-processo-4-20-7-yflsb-2020-11-24\\\/\",\"name\":\"Ac\u00f3rd\u00e3o Supremo Tribunal de Justi\u00e7a \u2013 Processo 4\\\/20.7\\\/YFLSB \u2013 2020-11-24 - Ma\u00eetre Hassan Kohen, avocat en droit p\u00e9nal \u00e0 Paris\",\"isPartOf\":{\"@id\":\"https:\\\/\\\/kohenavocats.com\\\/ru\\\/#website\"},\"datePublished\":\"2026-04-28T06:12:49+00:00\",\"breadcrumb\":{\"@id\":\"https:\\\/\\\/kohenavocats.com\\\/ru\\\/jurisprudences\\\/acordao-supremo-tribunal-de-justica-processo-4-20-7-yflsb-2020-11-24\\\/#breadcrumb\"},\"inLanguage\":\"ru-RU\",\"potentialAction\":[{\"@type\":\"ReadAction\",\"target\":[\"https:\\\/\\\/kohenavocats.com\\\/ru\\\/jurisprudences\\\/acordao-supremo-tribunal-de-justica-processo-4-20-7-yflsb-2020-11-24\\\/\"]}]},{\"@type\":\"BreadcrumbList\",\"@id\":\"https:\\\/\\\/kohenavocats.com\\\/ru\\\/jurisprudences\\\/acordao-supremo-tribunal-de-justica-processo-4-20-7-yflsb-2020-11-24\\\/#breadcrumb\",\"itemListElement\":[{\"@type\":\"ListItem\",\"position\":1,\"name\":\"Home\",\"item\":\"https:\\\/\\\/kohenavocats.com\\\/ru\\\/avocats-en-droit-penal-a-paris-conseil-et-defense-strategique\\\/\"},{\"@type\":\"ListItem\",\"position\":2,\"name\":\"Jurisprudences\",\"item\":\"https:\\\/\\\/kohenavocats.com\\\/ru\\\/jurisprudences\\\/\"},{\"@type\":\"ListItem\",\"position\":3,\"name\":\"Ac\u00f3rd\u00e3o Supremo Tribunal de Justi\u00e7a \u2013 Processo 4\\\/20.7\\\/YFLSB \u2013 2020-11-24\"}]},{\"@type\":\"WebSite\",\"@id\":\"https:\\\/\\\/kohenavocats.com\\\/ru\\\/#website\",\"url\":\"https:\\\/\\\/kohenavocats.com\\\/ru\\\/\",\"name\":\"Kohen Avocats\",\"description\":\"Ma\u00eetre Hassan Kohen, avocat p\u00e9naliste \u00e0 Paris, intervient exclusivement en droit p\u00e9nal pour la d\u00e9fense des particuliers, notamment en mati\u00e8re d\u2019accusations de viol. Il assure un accompagnement rigoureux d\u00e8s la garde \u00e0 vue jusqu\u2019\u00e0 la Cour d\u2019assises, veillant au strict respect des garanties proc\u00e9durales.\",\"publisher\":{\"@id\":\"https:\\\/\\\/kohenavocats.com\\\/ru\\\/#organization\"},\"potentialAction\":[{\"@type\":\"SearchAction\",\"target\":{\"@type\":\"EntryPoint\",\"urlTemplate\":\"https:\\\/\\\/kohenavocats.com\\\/ru\\\/?s={search_term_string}\"},\"query-input\":{\"@type\":\"PropertyValueSpecification\",\"valueRequired\":true,\"valueName\":\"search_term_string\"}}],\"inLanguage\":\"ru-RU\"},{\"@type\":\"Organization\",\"@id\":\"https:\\\/\\\/kohenavocats.com\\\/ru\\\/#organization\",\"name\":\"Kohen Avocats\",\"url\":\"https:\\\/\\\/kohenavocats.com\\\/ru\\\/\",\"logo\":{\"@type\":\"ImageObject\",\"inLanguage\":\"ru-RU\",\"@id\":\"https:\\\/\\\/kohenavocats.com\\\/ru\\\/#\\\/schema\\\/logo\\\/image\\\/\",\"url\":\"https:\\\/\\\/kohenavocats.com\\\/wp-content\\\/uploads\\\/2026\\\/01\\\/Logo-2-1.webp\",\"contentUrl\":\"https:\\\/\\\/kohenavocats.com\\\/wp-content\\\/uploads\\\/2026\\\/01\\\/Logo-2-1.webp\",\"width\":2114,\"height\":1253,\"caption\":\"Kohen Avocats\"},\"image\":{\"@id\":\"https:\\\/\\\/kohenavocats.com\\\/ru\\\/#\\\/schema\\\/logo\\\/image\\\/\"}}]}<\/script>\n<!-- \/ Yoast SEO Premium plugin. -->","yoast_head_json":{"title":"Ac\u00f3rd\u00e3o Supremo Tribunal de Justi\u00e7a \u2013 Processo 4\/20.7\/YFLSB \u2013 2020-11-24 - Ma\u00eetre Hassan Kohen, avocat en droit p\u00e9nal \u00e0 Paris","robots":{"index":"index","follow":"follow","max-snippet":"max-snippet:-1","max-image-preview":"max-image-preview:large","max-video-preview":"max-video-preview:-1"},"canonical":"https:\/\/kohenavocats.com\/ru\/jurisprudences\/acordao-supremo-tribunal-de-justica-processo-4-20-7-yflsb-2020-11-24\/","og_locale":"ru_RU","og_type":"article","og_title":"Ac\u00f3rd\u00e3o Supremo Tribunal de Justi\u00e7a \u2013 Processo 4\/20.7\/YFLSB \u2013 2020-11-24","og_description":"Relator: IL?DIO SACARR?O MARTINS. I - Do art. 156.?, n.? 3, do EMJ resulta, com clareza, que o requisito de validade das delibera??es do Plen?rio do CSM ? a presen?a de 12 dos seus membros, independentemente do sentido de tais votos. II - Existe completa autonomia e total separa??o de poderes e compet?ncias entre os sujeitos processuais jurisdicionais, que atuam no dom?nio do processo penal, e a autoridade administrativa disciplinar, que atua ao n?vel do apuramento de responsabilidade disciplinar, praticando atos e tomando decis?es concretas nesse ?mbito. III - N?o existe rela??o de consump??o entre o procedimento disciplinar e o processo penal. IV - A autonomia das duas responsabilidades permite que a Administra??o possa fazer desencadear o respetivo procedimento antes e independentemente da aprecia??o do facto pelos tribunais, nos casos em que o evento ofende simultaneamente as duas ordens jur?dicas ? a disciplinar e a criminal. V - Assim, em regra, conhecido o facto pelos Servi?os deve fazer-se correr imediatamente o expediente disciplinar sem ter que se esperar pela decis?o penal. VI - Considerando a autonomia, independ?ncia e a inexist?ncia de quaisquer rela??es de consump??o, primazia e prejudicialidade de responsabilidades, a conclus?o n?o pode ser outra sen?o que a possibilidade de suspens?o do procedimento disciplinar, por efeito da instaura??o e tramita??o de processo crime, ? uma faculdade da autoridade disciplinar - e n?o um imperativo legal -, a apreciar em cada caso concreto. VII - Vigoram os princ?pios da autonomia e da independ?ncia entre o processo crime e o processo disciplinar; as responsabilidades s?o aut?nomas, podendo um facto dar origem ?s duas responsabilidades, sem que a correspondente conjuga??o de responsabilidades constitua viola??o do princ?pio ne bis in idem. VIII - A importa??o probat?ria penal para o processo disciplinar ? admiss?vel, pois ? esse o entendimento mais conforme ? prossecu??o do interesse p?blico a que a Administra??o P?blica est? constitucionalmente vinculada em qualquer das suas atividades. IX - Por outro lado, ? a pr?pria lei processual penal quem outorga ao direito disciplinar p?blico o uso do material probat?rio colhido em processo crime, por for?a do art. 125.? do CPP, subsidiariamente aplic?vel ex vi do disposto no art. 83.? - E do EMJ: \"s?o admiss?veis as provas que n?o forem proibidas por lei\". X - Quanto ao correio eletr?nico j? recebido, ? semelhan?a do correio tradicional, tamb?m ele deveria ser tratado como um simples documento. XI - Depois de recebido, lido e guardado no computador do destinat?rio, o e-mail deixa de pertencer ? ?rea de tutela das telecomunica??es, passando a valer como um normal escrito. E, como tal, sujeito ao mesmo regime em que se encontra um qualquer ficheiro produzido pelo utilizador do computador e nele arquivado. XII - Em processo disciplinar, o arguido pode requerer ao instrutor que promova as dilig?ncias de prova que considere essenciais ao apuramento da verdade, as quais podem ser indeferidas, por despacho fundamentado, quando este julgue suficiente a prova produzida ? art. 116.?, n.? 2, do EMJ.","og_url":"https:\/\/kohenavocats.com\/ru\/jurisprudences\/acordao-supremo-tribunal-de-justica-processo-4-20-7-yflsb-2020-11-24\/","og_site_name":"Ma\u00eetre Hassan Kohen, avocat en droit p\u00e9nal \u00e0 Paris","twitter_card":"summary_large_image","twitter_misc":{"\u041f\u0440\u0438\u043c\u0435\u0440\u043d\u043e\u0435 \u0432\u0440\u0435\u043c\u044f \u0434\u043b\u044f \u0447\u0442\u0435\u043d\u0438\u044f":"3 \u043c\u0438\u043d\u0443\u0442\u044b"},"schema":{"@context":"https:\/\/schema.org","@graph":[{"@type":"WebPage","@id":"https:\/\/kohenavocats.com\/ru\/jurisprudences\/acordao-supremo-tribunal-de-justica-processo-4-20-7-yflsb-2020-11-24\/","url":"https:\/\/kohenavocats.com\/ru\/jurisprudences\/acordao-supremo-tribunal-de-justica-processo-4-20-7-yflsb-2020-11-24\/","name":"Ac\u00f3rd\u00e3o Supremo Tribunal de Justi\u00e7a \u2013 Processo 4\/20.7\/YFLSB \u2013 2020-11-24 - Ma\u00eetre Hassan Kohen, avocat en droit p\u00e9nal \u00e0 Paris","isPartOf":{"@id":"https:\/\/kohenavocats.com\/ru\/#website"},"datePublished":"2026-04-28T06:12:49+00:00","breadcrumb":{"@id":"https:\/\/kohenavocats.com\/ru\/jurisprudences\/acordao-supremo-tribunal-de-justica-processo-4-20-7-yflsb-2020-11-24\/#breadcrumb"},"inLanguage":"ru-RU","potentialAction":[{"@type":"ReadAction","target":["https:\/\/kohenavocats.com\/ru\/jurisprudences\/acordao-supremo-tribunal-de-justica-processo-4-20-7-yflsb-2020-11-24\/"]}]},{"@type":"BreadcrumbList","@id":"https:\/\/kohenavocats.com\/ru\/jurisprudences\/acordao-supremo-tribunal-de-justica-processo-4-20-7-yflsb-2020-11-24\/#breadcrumb","itemListElement":[{"@type":"ListItem","position":1,"name":"Home","item":"https:\/\/kohenavocats.com\/ru\/avocats-en-droit-penal-a-paris-conseil-et-defense-strategique\/"},{"@type":"ListItem","position":2,"name":"Jurisprudences","item":"https:\/\/kohenavocats.com\/ru\/jurisprudences\/"},{"@type":"ListItem","position":3,"name":"Ac\u00f3rd\u00e3o Supremo Tribunal de Justi\u00e7a \u2013 Processo 4\/20.7\/YFLSB \u2013 2020-11-24"}]},{"@type":"WebSite","@id":"https:\/\/kohenavocats.com\/ru\/#website","url":"https:\/\/kohenavocats.com\/ru\/","name":"Kohen Avocats","description":"Ma\u00eetre Hassan Kohen, avocat p\u00e9naliste \u00e0 Paris, intervient exclusivement en droit p\u00e9nal pour la d\u00e9fense des particuliers, notamment en mati\u00e8re d\u2019accusations de viol. Il assure un accompagnement rigoureux d\u00e8s la garde \u00e0 vue jusqu\u2019\u00e0 la Cour d\u2019assises, veillant au strict respect des garanties proc\u00e9durales.","publisher":{"@id":"https:\/\/kohenavocats.com\/ru\/#organization"},"potentialAction":[{"@type":"SearchAction","target":{"@type":"EntryPoint","urlTemplate":"https:\/\/kohenavocats.com\/ru\/?s={search_term_string}"},"query-input":{"@type":"PropertyValueSpecification","valueRequired":true,"valueName":"search_term_string"}}],"inLanguage":"ru-RU"},{"@type":"Organization","@id":"https:\/\/kohenavocats.com\/ru\/#organization","name":"Kohen Avocats","url":"https:\/\/kohenavocats.com\/ru\/","logo":{"@type":"ImageObject","inLanguage":"ru-RU","@id":"https:\/\/kohenavocats.com\/ru\/#\/schema\/logo\/image\/","url":"https:\/\/kohenavocats.com\/wp-content\/uploads\/2026\/01\/Logo-2-1.webp","contentUrl":"https:\/\/kohenavocats.com\/wp-content\/uploads\/2026\/01\/Logo-2-1.webp","width":2114,"height":1253,"caption":"Kohen Avocats"},"image":{"@id":"https:\/\/kohenavocats.com\/ru\/#\/schema\/logo\/image\/"}}]}},"jetpack_likes_enabled":false,"jetpack_sharing_enabled":true,"_links":{"self":[{"href":"https:\/\/kohenavocats.com\/ru\/wp-json\/wp\/v2\/kji_decision\/724589","targetHints":{"allow":["GET"]}}],"collection":[{"href":"https:\/\/kohenavocats.com\/ru\/wp-json\/wp\/v2\/kji_decision"}],"about":[{"href":"https:\/\/kohenavocats.com\/ru\/wp-json\/wp\/v2\/types\/kji_decision"}],"wp:attachment":[{"href":"https:\/\/kohenavocats.com\/ru\/wp-json\/wp\/v2\/media?parent=724589"}],"wp:term":[{"taxonomy":"kji_country","embeddable":true,"href":"https:\/\/kohenavocats.com\/ru\/wp-json\/wp\/v2\/kji_country?post=724589"},{"taxonomy":"kji_court","embeddable":true,"href":"https:\/\/kohenavocats.com\/ru\/wp-json\/wp\/v2\/kji_court?post=724589"},{"taxonomy":"kji_chamber","embeddable":true,"href":"https:\/\/kohenavocats.com\/ru\/wp-json\/wp\/v2\/kji_chamber?post=724589"},{"taxonomy":"kji_year","embeddable":true,"href":"https:\/\/kohenavocats.com\/ru\/wp-json\/wp\/v2\/kji_year?post=724589"},{"taxonomy":"kji_subject","embeddable":true,"href":"https:\/\/kohenavocats.com\/ru\/wp-json\/wp\/v2\/kji_subject?post=724589"},{"taxonomy":"kji_keyword","embeddable":true,"href":"https:\/\/kohenavocats.com\/ru\/wp-json\/wp\/v2\/kji_keyword?post=724589"},{"taxonomy":"kji_language","embeddable":true,"href":"https:\/\/kohenavocats.com\/ru\/wp-json\/wp\/v2\/kji_language?post=724589"}],"curies":[{"name":"wp","href":"https:\/\/api.w.org\/{rel}","templated":true}]}}