{"id":751948,"date":"2026-04-29T12:23:51","date_gmt":"2026-04-29T10:23:51","guid":{"rendered":"https:\/\/kohenavocats.com\/jurisprudences\/tt-202013-lakko\/"},"modified":"2026-04-29T12:23:51","modified_gmt":"2026-04-29T10:23:51","slug":"tt-202013-lakko","status":"publish","type":"kji_decision","link":"https:\/\/kohenavocats.com\/ru\/jurisprudences\/tt-202013-lakko\/","title":{"rendered":"TT 2020:13 &#8212; Lakko"},"content":{"rendered":"<div class=\"kji-decision\">\n<div class=\"kji-full-text\">\n<p>Ty\u00f6taistelun syyn\u00e4 oli ty\u00f6nantajan noudattama ty\u00f6voiman v\u00e4hent\u00e4misj\u00e4rjestys. Ty\u00f6taistelu kohdistui siten ty\u00f6ehtosopimuksen ty\u00f6njohto-oikeutta ja ty\u00f6voiman v\u00e4hent\u00e4misj\u00e4rjestyst\u00e4 koskeviin m\u00e4\u00e4r\u00e4yksiin. Ammattiosasto my\u00f6nsi rikkoneensa ty\u00f6rauhavelvollisuutensa ja se tuomittiin hyvityssakkoon.<\/p>\n<h3>KANTAJA<\/h3>\n<h3>Satamaoperaattorit ry<\/h3>\n<h3>VASTAAJA<\/h3>\n<h3>Auto- ja Kuljetusalan Ty\u00f6ntekij\u00e4liitto AKT ry<\/h3>\n<h3>KUULTAVA<\/h3>\n<h3>Oulun Satamaty\u00f6ntekij\u00e4t ry<\/h3>\n<h3>ASIA<\/h3>\n<h3>Ty\u00f6rauha<\/h3>\n<h3>TY\u00d6TAISTELUTOIMENPITEET<\/h3>\n<p>X Oy:ss\u00e4 on k\u00e4yty syksyn 2019 aikana yt-neuvottelut ty\u00f6voiman v\u00e4hent\u00e4miseksi. Ty\u00f6nantajan tehty\u00e4 p\u00e4\u00e4t\u00f6ksen irtisanottavista ty\u00f6ntekij\u00f6ist\u00e4 p\u00e4\u00e4luottamusmies ilmoitti yhti\u00f6n toimitusjohtajalle 21.11.2019 kello 14, ett\u00e4 ammattiosaston toimikunta oli p\u00e4\u00e4tt\u00e4nyt j\u00e4rjest\u00e4\u00e4 lakon 22.11.2019 kello 6 ja 23.11.2019 kello 6 v\u00e4liseksi ajaksi. Lakon syyn\u00e4 oli ty\u00f6nantajan noudattama ty\u00f6voiman v\u00e4hent\u00e4misj\u00e4rjestys. Lakko toteutettiin ilmoitettuna aikana ja siihen osallistuivat kaikki ty\u00f6vuorossa olleet ty\u00f6ntekij\u00e4t lukuun ottamatta niit\u00e4, joilla oli lakon aikana ty\u00f6vuoro paperi- tai selluvarastolla. Lakkoon osallistui yhteens\u00e4 78 Oulun Satamaty\u00f6ntekij\u00e4t ry:hyn kuulunutta ahtaajaa.<\/p>\n<p>Oulun Satamaty\u00f6ntekij\u00e4t ry:ss\u00e4 on 194 j\u00e4sent\u00e4.<\/p>\n<h3>KANNE<\/h3>\n<h3>VASTAUS<\/h3>\n<h3>TODISTELU<\/h3>\n<p>Ei nimetty\u00e4 todistelua.<\/p>\n<h3>Vaatimukset<\/h3>\n<p>Satamaoperaattorit ry on vaatinut, ett\u00e4 Oulun Satamaty\u00f6ntekij\u00e4t ry tuomitaan hyvityssakkoon ty\u00f6rauhavelvollisuuden rikkomisesta ja velvoitetaan korvaamaan kantajan oikeudenk\u00e4yntikulut 2.500 eurolla laillisine korkoineen.<\/p>\n<h3>Perusteet<\/h3>\n<p>Ammattiosaston j\u00e4rjest\u00e4m\u00e4 lakko oli ty\u00f6ehtosopimuslain vastainen.<\/p>\n<p>Ty\u00f6taistelu kohdistui ahtausalan ty\u00f6ehtosopimuksen (2019\u20132021) 6 \u00a7:n 1 kohdan m\u00e4\u00e4r\u00e4ykseen, jonka mukaan ty\u00f6nantaja p\u00e4\u00e4tt\u00e4\u00e4 ty\u00f6ntekij\u00f6iden ottamisesta ja erottamisesta sek\u00e4 ty\u00f6njohto-oikeudesta, ja 7 \u00a7:n 3 kohdan m\u00e4\u00e4r\u00e4ykseen, jossa m\u00e4\u00e4ritell\u00e4\u00e4n ty\u00f6voiman v\u00e4hent\u00e4misj\u00e4rjestys.<\/p>\n<h3>Vastaus kannevaatimuksiin<\/h3>\n<p>Auto\u2010 ja Kuljetusalan Ty\u00f6ntekij\u00e4liitto AKT ry on my\u00f6nt\u00e4nyt kanteen oikeaksi. Lis\u00e4ksi vastaaja on vaatinut, ett\u00e4 kantaja velvoitetaan korvaamaan vastaajan oikeudenk\u00e4yntikulut 460 eurolla laillisine korkoineen.<\/p>\n<p>Ty\u00f6taistelutoimenpiteen perusteena on ollut X Oy:ss\u00e4 syksyn aikana k\u00e4ydyt yt\u2010neuvottelut ty\u00f6voiman v\u00e4hent\u00e4miseksi ja ty\u00f6nantajan noudattama v\u00e4hent\u00e4misj\u00e4rjestys sek\u00e4 t\u00e4m\u00e4n aiheuttama hetkellinen tunnereaktio ty\u00f6ntekij\u00f6iden keskuudessa. Mielenilmaus on kuitenkin ollut kestoltaan verrattain lyhyt.<\/p>\n<p>Hyvityssakkojen m\u00e4\u00e4r\u00e4\u00e4 tuomittaessa tulee ottaa huomioon, ett\u00e4 Oulun Satamaty\u00f6ntekij\u00e4t ry on yhdistysmuotoinen toimija, joka ei kokonsa tai varallisuusasemansa perusteella ole tasavertaisessa asemassa X Oy:n kanssa.<\/p>\n<p>Vastaaja ja kuultava hyv\u00e4ksyv\u00e4t Satamaoperaattorit ry:n esitt\u00e4m\u00e4n oikeudenk\u00e4yntikuluvaatimuksen m\u00e4\u00e4r\u00e4lt\u00e4\u00e4n. Korvausvelvollisuuden perusteita harkittaessa tulee ottaa huomioon yhdistyksen koko, taloudellinen tilanne ja olosuhteet ylip\u00e4\u00e4t\u00e4\u00e4n sek\u00e4 ty\u00f6taistelutoimenpiteen laajuus, suppea kesto ja oikeudenk\u00e4ynnin v\u00e4ltt\u00e4m\u00e4tt\u00f6myys asiassa.<\/p>\n<h3>Perustelut<\/h3>\n<h3>Ty\u00f6taistelutoimenpiteet ja kohdistuminen ty\u00f6ehtosopimukseen<\/h3>\n<p>X Oy:ss\u00e4 j\u00e4rjestettiin edell\u00e4 kuvatuin tavoin ty\u00f6taistelu, joka alkoi 22.11.2019 kello 6 ja p\u00e4\u00e4ttyi 23.11.2019 kello 6. Ty\u00f6taisteluun osallistui 78 kuultavana olevaan ammattiosastoon kuuluvaa ty\u00f6ntekij\u00e4\u00e4.<\/p>\n<p>Ty\u00f6taistelun syyn\u00e4 oli ty\u00f6nantajan noudattama ty\u00f6voiman v\u00e4hent\u00e4misj\u00e4rjestys. Ty\u00f6taistelu kohdistui siten voimassa olevan ty\u00f6ehtosopimuksen 6 \u00a7:n 1 kohdan ty\u00f6njohto-oikeutta ja<\/p>\n<p>7 \u00a7:n 3 kohdan ty\u00f6voiman v\u00e4hent\u00e4misj\u00e4rjestyst\u00e4 koskeviin m\u00e4\u00e4r\u00e4yksiin.<\/p>\n<h3>Ammattiosaston vastuu<\/h3>\n<p>Vastauksessa on my\u00f6nnetty, ett\u00e4 ammattiosasto on rikkonut ty\u00f6rauhavelvollisuutensa.<\/p>\n<h3>Hyvityssakko<\/h3>\n<p>Asiassa ei ole tullut esille seikkoja, jotka antaisivat aihetta arvioida hyvityssakon m\u00e4\u00e4r\u00e4\u00e4 tavallisesta menettelyst\u00e4 poiketen. Hyvityssakon m\u00e4\u00e4r\u00e4\u00e4 arvioitaessa on otettu huomioon ty\u00f6taistelutoimenpiteen kesto, siihen osallistuneiden m\u00e4\u00e4r\u00e4, ammattiosaston koko ja muut ty\u00f6ehtosopimuslain 10 \u00a7:ss\u00e4 mainitut seikat.<\/p>\n<h3>Oikeudenk\u00e4yntikulut<\/h3>\n<p>Oulun Satamaty\u00f6ntekij\u00e4t ry on oikeudenk\u00e4ynnist\u00e4 ty\u00f6tuomioistuimessa annetun lain 33 a \u00a7:n nojalla velvollinen korvaamaan Satamaoperaattorit ry:n oikeudenk\u00e4yntikulut. Oikeudenk\u00e4yntikuluvaatimus on m\u00e4\u00e4r\u00e4lt\u00e4\u00e4n my\u00f6nnetty.<\/p>\n<p>Ty\u00f6tuomioistuin tuomitsee ty\u00f6ehtosopimuslain 8, 9 ja 10 \u00a7:n nojalla Oulun Satamaty\u00f6ntekij\u00e4t ry:n maksamaan Satamaoperaattorit ry:lle hyvityssakkoa ty\u00f6rauhavelvollisuuden rikkomisesta 2.500 euroa.<\/p>\n<p>Oulun Satamaty\u00f6ntekij\u00e4t ry velvoitetaan korvaamaan Satamaoperaattorit ry:n oikeudenk\u00e4yntikulut 2.500 eurolla, mille m\u00e4\u00e4r\u00e4lle on maksettava korkolain 4 \u00a7:n 1 momentin mukaista viiv\u00e4styskorkoa kuukauden kuluttua tuomion antop\u00e4iv\u00e4st\u00e4 lukien.<\/p>\n<p>Asian ratkaisemiseen ovat osallistuneet Anttila puheenjohtajana sek\u00e4 Saarensola, Nyyss\u00f6l\u00e4, Teerim\u00e4ki, Lehto ja T\u00e4hk\u00e4p\u00e4\u00e4 j\u00e4senin\u00e4. Esittelij\u00e4 on ollut Julmala.<\/p>\n<p>Tuomio on yksimielinen.<\/p>\n<\/div>\n<hr class=\"kji-sep\" \/>\n<p class=\"kji-source-links\"><strong>Sources officielles :<\/strong> <a class=\"kji-source-link\" href=\"https:\/\/www.finlex.fi\/en\/case-law\/labour-court\/2020\/13\" target=\"_blank\" rel=\"noopener noreferrer\">consulter la page source<\/a><\/p>\n<p class=\"kji-license-note\"><em>Finlex open data, CC BY 4.0. Documentation open data verifiee le 2026-04-12 ; les endpoints judgment documentes renvoient 404 pour les types case-law exposes par le frontend, fallback actuel sur les pages publiques data.finlex.fi.<\/em><\/p>\n<\/div>\n","protected":false},"excerpt":{"rendered":"<p>Ty\u00f6taistelun syyn\u00e4 oli ty\u00f6nantajan noudattama ty\u00f6voiman v\u00e4hent\u00e4misj\u00e4rjestys. Ty\u00f6taistelu kohdistui siten ty\u00f6ehtosopimuksen ty\u00f6njohto-oikeutta ja ty\u00f6voiman v\u00e4hent\u00e4misj\u00e4rjestyst\u00e4 koskeviin m\u00e4\u00e4r\u00e4yksiin. Ammattiosasto my\u00f6nsi rikkoneensa ty\u00f6rauhavelvollisuutensa ja se tuomittiin hyvityssakkoon. KANTAJA Satamaoperaattorit ry VASTAAJA Auto- ja Kuljetusalan Ty\u00f6ntekij\u00e4liitto AKT ry KUULTAVA Oulun Satamaty\u00f6ntekij\u00e4t ry ASIA Ty\u00f6rauha TY\u00d6TAISTELUTOIMENPITEET X Oy:ss\u00e4 on k\u00e4yty syksyn 2019 aikana yt-neuvottelut ty\u00f6voiman v\u00e4hent\u00e4miseksi. Ty\u00f6nantajan tehty\u00e4 p\u00e4\u00e4t\u00f6ksen&#8230;<\/p>\n","protected":false},"featured_media":0,"template":"","meta":{"_crdt_document":""},"kji_country":[7740],"kji_court":[25734],"kji_chamber":[25735],"kji_year":[41198],"kji_subject":[7646],"kji_keyword":[25935,25872,25801,25871,26176],"kji_language":[7949],"class_list":["post-751948","kji_decision","type-kji_decision","status-publish","hentry","kji_country-finlande","kji_court-tribunal-du-travail-de-finlande","kji_chamber-tribunal-du-travail","kji_year-41198","kji_subject-divers","kji_keyword-lakko","kji_keyword-syyna","kji_keyword-tyonantajan","kji_keyword-tyotaistelun","kji_keyword-tyovoiman","kji_language-finnois"],"yoast_head":"<!-- This site is optimized with the Yoast SEO Premium plugin v27.5 (Yoast SEO v27.5) - https:\/\/yoast.com\/product\/yoast-seo-premium-wordpress\/ -->\n<title>TT 2020:13 - Lakko - Ma\u00eetre Hassan Kohen, avocat en droit p\u00e9nal \u00e0 Paris<\/title>\n<meta name=\"robots\" content=\"index, follow, max-snippet:-1, max-image-preview:large, max-video-preview:-1\" \/>\n<link rel=\"canonical\" href=\"https:\/\/kohenavocats.com\/ru\/jurisprudences\/tt-202013-lakko\/\" \/>\n<meta property=\"og:locale\" content=\"ru_RU\" \/>\n<meta property=\"og:type\" content=\"article\" \/>\n<meta property=\"og:title\" content=\"TT 2020:13 - Lakko\" \/>\n<meta property=\"og:description\" content=\"Ty\u00f6taistelun syyn\u00e4 oli ty\u00f6nantajan noudattama ty\u00f6voiman v\u00e4hent\u00e4misj\u00e4rjestys. Ty\u00f6taistelu kohdistui siten ty\u00f6ehtosopimuksen ty\u00f6njohto-oikeutta ja ty\u00f6voiman v\u00e4hent\u00e4misj\u00e4rjestyst\u00e4 koskeviin m\u00e4\u00e4r\u00e4yksiin. Ammattiosasto my\u00f6nsi rikkoneensa ty\u00f6rauhavelvollisuutensa ja se tuomittiin hyvityssakkoon. KANTAJA Satamaoperaattorit ry VASTAAJA Auto- ja Kuljetusalan Ty\u00f6ntekij\u00e4liitto AKT ry KUULTAVA Oulun Satamaty\u00f6ntekij\u00e4t ry ASIA Ty\u00f6rauha TY\u00d6TAISTELUTOIMENPITEET X Oy:ss\u00e4 on k\u00e4yty syksyn 2019 aikana yt-neuvottelut ty\u00f6voiman v\u00e4hent\u00e4miseksi. Ty\u00f6nantajan tehty\u00e4 p\u00e4\u00e4t\u00f6ksen...\" \/>\n<meta property=\"og:url\" content=\"https:\/\/kohenavocats.com\/ru\/jurisprudences\/tt-202013-lakko\/\" \/>\n<meta property=\"og:site_name\" content=\"Ma\u00eetre Hassan Kohen, avocat en droit p\u00e9nal \u00e0 Paris\" \/>\n<meta name=\"twitter:card\" content=\"summary_large_image\" \/>\n<meta name=\"twitter:label1\" content=\"\u041f\u0440\u0438\u043c\u0435\u0440\u043d\u043e\u0435 \u0432\u0440\u0435\u043c\u044f \u0434\u043b\u044f \u0447\u0442\u0435\u043d\u0438\u044f\" \/>\n\t<meta name=\"twitter:data1\" content=\"3 \u043c\u0438\u043d\u0443\u0442\u044b\" \/>\n<script type=\"application\/ld+json\" class=\"yoast-schema-graph\">{\"@context\":\"https:\\\/\\\/schema.org\",\"@graph\":[{\"@type\":\"WebPage\",\"@id\":\"https:\\\/\\\/kohenavocats.com\\\/ru\\\/jurisprudences\\\/tt-202013-lakko\\\/\",\"url\":\"https:\\\/\\\/kohenavocats.com\\\/ru\\\/jurisprudences\\\/tt-202013-lakko\\\/\",\"name\":\"TT 2020:13 - Lakko - Ma\u00eetre Hassan Kohen, avocat en droit p\u00e9nal \u00e0 Paris\",\"isPartOf\":{\"@id\":\"https:\\\/\\\/kohenavocats.com\\\/ru\\\/#website\"},\"datePublished\":\"2026-04-29T10:23:51+00:00\",\"breadcrumb\":{\"@id\":\"https:\\\/\\\/kohenavocats.com\\\/ru\\\/jurisprudences\\\/tt-202013-lakko\\\/#breadcrumb\"},\"inLanguage\":\"ru-RU\",\"potentialAction\":[{\"@type\":\"ReadAction\",\"target\":[\"https:\\\/\\\/kohenavocats.com\\\/ru\\\/jurisprudences\\\/tt-202013-lakko\\\/\"]}]},{\"@type\":\"BreadcrumbList\",\"@id\":\"https:\\\/\\\/kohenavocats.com\\\/ru\\\/jurisprudences\\\/tt-202013-lakko\\\/#breadcrumb\",\"itemListElement\":[{\"@type\":\"ListItem\",\"position\":1,\"name\":\"Home\",\"item\":\"https:\\\/\\\/kohenavocats.com\\\/ru\\\/avocats-en-droit-penal-a-paris-conseil-et-defense-strategique\\\/\"},{\"@type\":\"ListItem\",\"position\":2,\"name\":\"Jurisprudences\",\"item\":\"https:\\\/\\\/kohenavocats.com\\\/ru\\\/jurisprudences\\\/\"},{\"@type\":\"ListItem\",\"position\":3,\"name\":\"TT 2020:13 &#8211; Lakko\"}]},{\"@type\":\"WebSite\",\"@id\":\"https:\\\/\\\/kohenavocats.com\\\/ru\\\/#website\",\"url\":\"https:\\\/\\\/kohenavocats.com\\\/ru\\\/\",\"name\":\"Kohen Avocats\",\"description\":\"Ma\u00eetre Hassan Kohen, avocat p\u00e9naliste \u00e0 Paris, intervient exclusivement en droit p\u00e9nal pour la d\u00e9fense des particuliers, notamment en mati\u00e8re d\u2019accusations de viol. Il assure un accompagnement rigoureux d\u00e8s la garde \u00e0 vue jusqu\u2019\u00e0 la Cour d\u2019assises, veillant au strict respect des garanties proc\u00e9durales.\",\"publisher\":{\"@id\":\"https:\\\/\\\/kohenavocats.com\\\/ru\\\/#organization\"},\"potentialAction\":[{\"@type\":\"SearchAction\",\"target\":{\"@type\":\"EntryPoint\",\"urlTemplate\":\"https:\\\/\\\/kohenavocats.com\\\/ru\\\/?s={search_term_string}\"},\"query-input\":{\"@type\":\"PropertyValueSpecification\",\"valueRequired\":true,\"valueName\":\"search_term_string\"}}],\"inLanguage\":\"ru-RU\"},{\"@type\":\"Organization\",\"@id\":\"https:\\\/\\\/kohenavocats.com\\\/ru\\\/#organization\",\"name\":\"Kohen Avocats\",\"url\":\"https:\\\/\\\/kohenavocats.com\\\/ru\\\/\",\"logo\":{\"@type\":\"ImageObject\",\"inLanguage\":\"ru-RU\",\"@id\":\"https:\\\/\\\/kohenavocats.com\\\/ru\\\/#\\\/schema\\\/logo\\\/image\\\/\",\"url\":\"https:\\\/\\\/kohenavocats.com\\\/wp-content\\\/uploads\\\/2026\\\/01\\\/Logo-2-1.webp\",\"contentUrl\":\"https:\\\/\\\/kohenavocats.com\\\/wp-content\\\/uploads\\\/2026\\\/01\\\/Logo-2-1.webp\",\"width\":2114,\"height\":1253,\"caption\":\"Kohen Avocats\"},\"image\":{\"@id\":\"https:\\\/\\\/kohenavocats.com\\\/ru\\\/#\\\/schema\\\/logo\\\/image\\\/\"}}]}<\/script>\n<!-- \/ Yoast SEO Premium plugin. -->","yoast_head_json":{"title":"TT 2020:13 - Lakko - Ma\u00eetre Hassan Kohen, avocat en droit p\u00e9nal \u00e0 Paris","robots":{"index":"index","follow":"follow","max-snippet":"max-snippet:-1","max-image-preview":"max-image-preview:large","max-video-preview":"max-video-preview:-1"},"canonical":"https:\/\/kohenavocats.com\/ru\/jurisprudences\/tt-202013-lakko\/","og_locale":"ru_RU","og_type":"article","og_title":"TT 2020:13 - Lakko","og_description":"Ty\u00f6taistelun syyn\u00e4 oli ty\u00f6nantajan noudattama ty\u00f6voiman v\u00e4hent\u00e4misj\u00e4rjestys. Ty\u00f6taistelu kohdistui siten ty\u00f6ehtosopimuksen ty\u00f6njohto-oikeutta ja ty\u00f6voiman v\u00e4hent\u00e4misj\u00e4rjestyst\u00e4 koskeviin m\u00e4\u00e4r\u00e4yksiin. Ammattiosasto my\u00f6nsi rikkoneensa ty\u00f6rauhavelvollisuutensa ja se tuomittiin hyvityssakkoon. KANTAJA Satamaoperaattorit ry VASTAAJA Auto- ja Kuljetusalan Ty\u00f6ntekij\u00e4liitto AKT ry KUULTAVA Oulun Satamaty\u00f6ntekij\u00e4t ry ASIA Ty\u00f6rauha TY\u00d6TAISTELUTOIMENPITEET X Oy:ss\u00e4 on k\u00e4yty syksyn 2019 aikana yt-neuvottelut ty\u00f6voiman v\u00e4hent\u00e4miseksi. Ty\u00f6nantajan tehty\u00e4 p\u00e4\u00e4t\u00f6ksen...","og_url":"https:\/\/kohenavocats.com\/ru\/jurisprudences\/tt-202013-lakko\/","og_site_name":"Ma\u00eetre Hassan Kohen, avocat en droit p\u00e9nal \u00e0 Paris","twitter_card":"summary_large_image","twitter_misc":{"\u041f\u0440\u0438\u043c\u0435\u0440\u043d\u043e\u0435 \u0432\u0440\u0435\u043c\u044f \u0434\u043b\u044f \u0447\u0442\u0435\u043d\u0438\u044f":"3 \u043c\u0438\u043d\u0443\u0442\u044b"},"schema":{"@context":"https:\/\/schema.org","@graph":[{"@type":"WebPage","@id":"https:\/\/kohenavocats.com\/ru\/jurisprudences\/tt-202013-lakko\/","url":"https:\/\/kohenavocats.com\/ru\/jurisprudences\/tt-202013-lakko\/","name":"TT 2020:13 - Lakko - Ma\u00eetre Hassan Kohen, avocat en droit p\u00e9nal \u00e0 Paris","isPartOf":{"@id":"https:\/\/kohenavocats.com\/ru\/#website"},"datePublished":"2026-04-29T10:23:51+00:00","breadcrumb":{"@id":"https:\/\/kohenavocats.com\/ru\/jurisprudences\/tt-202013-lakko\/#breadcrumb"},"inLanguage":"ru-RU","potentialAction":[{"@type":"ReadAction","target":["https:\/\/kohenavocats.com\/ru\/jurisprudences\/tt-202013-lakko\/"]}]},{"@type":"BreadcrumbList","@id":"https:\/\/kohenavocats.com\/ru\/jurisprudences\/tt-202013-lakko\/#breadcrumb","itemListElement":[{"@type":"ListItem","position":1,"name":"Home","item":"https:\/\/kohenavocats.com\/ru\/avocats-en-droit-penal-a-paris-conseil-et-defense-strategique\/"},{"@type":"ListItem","position":2,"name":"Jurisprudences","item":"https:\/\/kohenavocats.com\/ru\/jurisprudences\/"},{"@type":"ListItem","position":3,"name":"TT 2020:13 &#8211; Lakko"}]},{"@type":"WebSite","@id":"https:\/\/kohenavocats.com\/ru\/#website","url":"https:\/\/kohenavocats.com\/ru\/","name":"Kohen Avocats","description":"Ma\u00eetre Hassan Kohen, avocat p\u00e9naliste \u00e0 Paris, intervient exclusivement en droit p\u00e9nal pour la d\u00e9fense des particuliers, notamment en mati\u00e8re d\u2019accusations de viol. Il assure un accompagnement rigoureux d\u00e8s la garde \u00e0 vue jusqu\u2019\u00e0 la Cour d\u2019assises, veillant au strict respect des garanties proc\u00e9durales.","publisher":{"@id":"https:\/\/kohenavocats.com\/ru\/#organization"},"potentialAction":[{"@type":"SearchAction","target":{"@type":"EntryPoint","urlTemplate":"https:\/\/kohenavocats.com\/ru\/?s={search_term_string}"},"query-input":{"@type":"PropertyValueSpecification","valueRequired":true,"valueName":"search_term_string"}}],"inLanguage":"ru-RU"},{"@type":"Organization","@id":"https:\/\/kohenavocats.com\/ru\/#organization","name":"Kohen Avocats","url":"https:\/\/kohenavocats.com\/ru\/","logo":{"@type":"ImageObject","inLanguage":"ru-RU","@id":"https:\/\/kohenavocats.com\/ru\/#\/schema\/logo\/image\/","url":"https:\/\/kohenavocats.com\/wp-content\/uploads\/2026\/01\/Logo-2-1.webp","contentUrl":"https:\/\/kohenavocats.com\/wp-content\/uploads\/2026\/01\/Logo-2-1.webp","width":2114,"height":1253,"caption":"Kohen Avocats"},"image":{"@id":"https:\/\/kohenavocats.com\/ru\/#\/schema\/logo\/image\/"}}]}},"jetpack_likes_enabled":false,"jetpack_sharing_enabled":true,"_links":{"self":[{"href":"https:\/\/kohenavocats.com\/ru\/wp-json\/wp\/v2\/kji_decision\/751948","targetHints":{"allow":["GET"]}}],"collection":[{"href":"https:\/\/kohenavocats.com\/ru\/wp-json\/wp\/v2\/kji_decision"}],"about":[{"href":"https:\/\/kohenavocats.com\/ru\/wp-json\/wp\/v2\/types\/kji_decision"}],"wp:attachment":[{"href":"https:\/\/kohenavocats.com\/ru\/wp-json\/wp\/v2\/media?parent=751948"}],"wp:term":[{"taxonomy":"kji_country","embeddable":true,"href":"https:\/\/kohenavocats.com\/ru\/wp-json\/wp\/v2\/kji_country?post=751948"},{"taxonomy":"kji_court","embeddable":true,"href":"https:\/\/kohenavocats.com\/ru\/wp-json\/wp\/v2\/kji_court?post=751948"},{"taxonomy":"kji_chamber","embeddable":true,"href":"https:\/\/kohenavocats.com\/ru\/wp-json\/wp\/v2\/kji_chamber?post=751948"},{"taxonomy":"kji_year","embeddable":true,"href":"https:\/\/kohenavocats.com\/ru\/wp-json\/wp\/v2\/kji_year?post=751948"},{"taxonomy":"kji_subject","embeddable":true,"href":"https:\/\/kohenavocats.com\/ru\/wp-json\/wp\/v2\/kji_subject?post=751948"},{"taxonomy":"kji_keyword","embeddable":true,"href":"https:\/\/kohenavocats.com\/ru\/wp-json\/wp\/v2\/kji_keyword?post=751948"},{"taxonomy":"kji_language","embeddable":true,"href":"https:\/\/kohenavocats.com\/ru\/wp-json\/wp\/v2\/kji_language?post=751948"}],"curies":[{"name":"wp","href":"https:\/\/api.w.org\/{rel}","templated":true}]}}