{"id":758483,"date":"2026-04-29T17:38:07","date_gmt":"2026-04-29T15:38:07","guid":{"rendered":"https:\/\/kohenavocats.com\/jurisprudences\/cour-de-cassation-31-octobre-2019-n-2019-00031\/"},"modified":"2026-04-29T17:38:10","modified_gmt":"2026-04-29T15:38:10","slug":"cour-de-cassation-31-octobre-2019-n-2019-00031","status":"publish","type":"kji_decision","link":"https:\/\/kohenavocats.com\/ru\/jurisprudences\/cour-de-cassation-31-octobre-2019-n-2019-00031\/","title":{"rendered":"Cour de cassation, 31 octobre 2019, n\u00b0 2019-00031"},"content":{"rendered":"<div class=\"kji-decision\">\n<div class=\"kji-full-text\">\n<p>N\u00b0 142 \/ 2019 p\u00e9nal. du 31.10.2019. Not. 400\/ 12\/CRIL Num\u00e9ro CAS -2019-00031 du registre.<\/p>\n<p>La Cour de cassation du Grand-Duch\u00e9 de Luxembourg a rendu en son audience publique du jeudi , trente et un octobre deux mille dix-neuf,<\/p>\n<p>sur le pourvoi de :<\/p>\n<p>1) Ma\u00eetre A) , demeurant professionnellement \u00e0 (\u2026),<\/p>\n<p>2) Ma\u00eetre B) , demeurant professionnellement \u00e0 (\u2026),<\/p>\n<p>3) C), demeurant \u00e0 (\u2026),<\/p>\n<p>demandeurs en cassation,<\/p>\n<p>comparant par Ma\u00eetre Andr\u00e9 LUTGEN , avocat \u00e0 la Cour, en l\u2019\u00e9tude d uquel domicile est \u00e9lu,<\/p>\n<p>en pr\u00e9sence du Minist\u00e8re p ublic,<\/p>\n<p>l\u2019arr\u00eat qui suit :<\/p>\n<p>=======================================================<\/p>\n<p>Vu l\u2019arr\u00eat attaqu\u00e9, rendu le 5 mars 2019 sous le num\u00e9ro 235\/19 par la chambre du conseil de la Cour d\u2019appel du Grand- Duch\u00e9 de Luxembourg ;<\/p>\n<p>Vu le pourvoi en cassation form\u00e9 par Ma\u00eetre Micka\u00ebl MOSCONI , avocat \u00e0 la Cour, en remplacement de Ma\u00eetre Andr\u00e9 LUTGEN, avocat \u00e0 la Cour, au nom de Ma\u00eetre A), de Ma\u00eetre B) et de C) suivant d\u00e9claration du 11 mars 2019 au greffe de la Cour sup\u00e9rieure de justice ;<\/p>\n<p>Vu le m\u00e9moire en cassation d\u00e9pos\u00e9 le 11 avril 2019 au greffe de la Cour ;<\/p>\n<p>Sur le rapport du pr\u00e9sident Jean -Claude WIWINIUS et les conclusions du Procureur g\u00e9n\u00e9ral d\u2019Etat adjoint John PETRY ;<\/p>\n<p>Sur la recevabilit\u00e9 du pourvoi qui est contest\u00e9e :<\/p>\n<p>Le pourvoi en cassation est dirig\u00e9 contre un arr\u00eat de la chambre du conseil de la Cour d\u2019appel statuant sur un recours form\u00e9 en mati\u00e8re d\u2019ex\u00e9cution, \u00e0 savoir de mesures de perquisition et de saisie, d\u2019une demande d\u2019entraide judiciaire internationale en mati\u00e8re p\u00e9nale r\u00e9gie par la loi modifi\u00e9e du 8 ao\u00fbt 2000 sur l\u2019entraide judiciaire internationale en mati\u00e8re p\u00e9nale.<\/p>\n<p>L\u2019arr\u00eat entrepris avait d\u00e9clar\u00e9 l\u2019appel des demandeurs en cassation irrecevable au motif, d\u2019une part, que l\u2019article 10, paragraphe 4, de la loi pr\u00e9cit\u00e9e du 8 ao\u00fbt 2000 exclut tout recours contre la d\u00e9cision de la chambre du conseil du tribunal d\u2019arrondissement statuant sur la r\u00e9gularit\u00e9 de la proc\u00e9dure sur base de l\u2019article 9 de la m\u00eame loi et, d\u2019autre part, que l\u2019appel -nullit\u00e9 n\u2019\u00e9tait pas non plus recevable, les violations invoqu\u00e9es n\u2019\u00e9tant pas constitutives d\u2019un exc\u00e8s de pouvoir.<\/p>\n<p>Aux termes de l\u2019article 10, paragraphe 4, de la loi modifi\u00e9e du 8 ao\u00fbt 2000, pr\u00e9cit\u00e9e, \u00ab L\u2019ordonnance de la chambre du conseil n\u2019est susceptible d\u2019aucun recours. \u00bb.<\/p>\n<p>Cette disposition l\u00e9gale vise tant les voies de recours ordinaires que la voie de recours extraordinaire du pourvoi en cassation.<\/p>\n<p>Les demandeurs en cassation concluent n\u00e9anmoins \u00e0 la recevabilit\u00e9 du recours, d\u2019une part, en tant que pourvoi en cassation- nullit\u00e9 pour cause d\u2019exc\u00e8s de pouvoir, et, d\u2019autre part, au motif que la d\u00e9cision attaqu\u00e9e ne satisferait pas aux conditions essentielles de son existence l\u00e9gale.<\/p>\n<p>L\u2019exc\u00e8s de pouvoir est la transgression par le juge, comp\u00e9tent pour conna\u00eetre du litige, d\u2019une r\u00e8gle d\u2019ordre public par laquelle la loi a circonscrit son autorit\u00e9.<\/p>\n<p>Les reproches, qualifi\u00e9s d\u2019exc\u00e8s de pouvoir n\u00e9gatif, adress\u00e9s par les demandeurs en cassation aux juges d\u2019appel, \u00e0 savoir, au vu du fait que la loi exclut tout recours en cette mati\u00e8re, de ne pas avoir admis leur appel en vertu du principe d\u2019\u00e9quivalence d\u00e9duit par la jurisprudence de la Cour de justice de l\u2019Union europ\u00e9enne de l\u2019article 47 de la Charte des droits fondamentaux de l\u2019Union europ\u00e9enne, qui pr\u00e9voit, pour toute personne, le droit \u00e0 un recours effectif devant un tribunal, et d\u2019avoir refus\u00e9 de saisir la Cour de justice de l\u2019Union europ\u00e9enne d\u2019une question pr\u00e9judicielle aff\u00e9rente, ne rentrent pas dans la d\u00e9finition de l\u2019exc\u00e8s de pouvoir.<\/p>\n<p>Le pr\u00e9tendu d\u00e9faut de motivation du refus de poser la question pr\u00e9judicielle soulev\u00e9e par les demandeurs en cassation n\u2019est pas de nature \u00e0 priver la d\u00e9cision attaqu\u00e9e d es conditions essentielles \u00e0 son existence l\u00e9gale.<\/p>\n<p>Il r\u00e9sulte des consid\u00e9rations qui pr\u00e9c\u00e8dent que le pourvoi est irrecevable.<\/p>\n<p>PAR CES MOTIFS,<\/p>\n<p>la Cour de cassation :<\/p>\n<p>d\u00e9clare le pourvoi irrecevable ;<\/p>\n<p>condamne les demandeurs en cassation aux frais de l\u2019instance en cassation, ceux expos\u00e9s par le M inist\u00e8re public \u00e9tant liquid\u00e9s \u00e0 4,50 euros.<\/p>\n<p>Ainsi jug\u00e9 par la Cour de cassation du Grand- Duch\u00e9 de Luxembourg en son audience publique du jeudi , trente et un octobre deux mille dix-neuf, \u00e0 la Cit\u00e9 Judiciaire, B\u00e2timent CR, Plateau du St. Esprit, compos\u00e9e de :<\/p>\n<p>Jean-Claude WIWINIUS, pr\u00e9sident de la Cour, Romain LUDOVICY, conseiller \u00e0 la Cour de cassation, Carlo HEYARD, conseiller \u00e0 la Cour de cassation, Eliane EICHER, conseiller \u00e0 la Cour de cassation, Michel REIFFERS, conseiller \u00e0 la Cour de cassation,<\/p>\n<p>qui ont sign\u00e9 le pr\u00e9sent arr\u00eat avec le greffier Viviane PROBST.<\/p>\n<p>La lecture du pr\u00e9sent arr\u00eat a \u00e9t\u00e9 faite en la susdite audience publique par Monsieur le pr\u00e9sident Jean -Claude WIWINIUS, en pr\u00e9sence de Monsieur Serge WAGNER, premier avocat g\u00e9n\u00e9ral, et de Madame Viviane PROBST, greffier \u00e0 la Cour.<\/p>\n<\/div>\n<hr class=\"kji-sep\" \/>\n<p class=\"kji-source-links\"><strong>Sources officielles :<\/strong> <a class=\"kji-source-link\" href=\"https:\/\/data.public.lu\/fr\/datasets\/cour-de-cassation\/\" target=\"_blank\" rel=\"noopener noreferrer\">consulter la page source<\/a> &middot; <a class=\"kji-pdf-link\" href=\"https:\/\/download.data.public.lu\/resources\/cour-de-cassation\/20240806-151608\/20191031-cas-2019-00031a-accessible.pdf\" target=\"_blank\" rel=\"noopener noreferrer\">PDF officiel<\/a><\/p>\n<p class=\"kji-license-note\"><em>Licence CC BY-ND 4.0 (Administration judiciaire, data.public.lu). Republication autorisee avec attribution, sans modification editoriale du texte integral.<\/em><\/p>\n<\/div>\n","protected":false},"excerpt":{"rendered":"<p>N\u00b0 142 \/ 2019 p\u00e9nal. du 31.10.2019. Not. 400\/ 12\/CRIL Num\u00e9ro CAS -2019-00031 du registre. La Cour de cassation du Grand-Duch\u00e9 de Luxembourg a rendu en son audience publique du jeudi , trente et un octobre deux mille dix-neuf, sur le pourvoi de : 1)\u2026<\/p>\n","protected":false},"featured_media":0,"template":"","meta":{"_crdt_document":""},"kji_country":[8418],"kji_court":[8423],"kji_chamber":[],"kji_year":[45029],"kji_subject":[7724],"kji_keyword":[8424,8598,8425],"kji_language":[7733],"class_list":["post-758483","kji_decision","type-kji_decision","status-publish","hentry","kji_country-luxembourg","kji_court-cour-de-cassation","kji_year-45029","kji_subject-civil","kji_keyword-cassation","kji_keyword-octobre","kji_keyword-penal","kji_language-francais"],"yoast_head":"<!-- This site is optimized with the Yoast SEO Premium plugin v27.5 (Yoast SEO v27.5) - https:\/\/yoast.com\/product\/yoast-seo-premium-wordpress\/ -->\n<title>Cour de cassation, 31 octobre 2019, n\u00b0 2019-00031 - Ma\u00eetre Hassan Kohen, avocat en droit p\u00e9nal \u00e0 Paris<\/title>\n<meta name=\"robots\" content=\"index, follow, max-snippet:-1, max-image-preview:large, max-video-preview:-1\" \/>\n<link rel=\"canonical\" href=\"https:\/\/kohenavocats.com\/ru\/jurisprudences\/cour-de-cassation-31-octobre-2019-n-2019-00031\/\" \/>\n<meta property=\"og:locale\" content=\"ru_RU\" \/>\n<meta property=\"og:type\" content=\"article\" \/>\n<meta property=\"og:title\" content=\"Cour de cassation, 31 octobre 2019, n\u00b0 2019-00031\" \/>\n<meta property=\"og:description\" content=\"N\u00b0 142 \/ 2019 p\u00e9nal. du 31.10.2019. Not. 400\/ 12\/CRIL Num\u00e9ro CAS -2019-00031 du registre. La Cour de cassation du Grand-Duch\u00e9 de Luxembourg a rendu en son audience publique du jeudi , trente et un octobre deux mille dix-neuf, sur le pourvoi de : 1)\u2026\" \/>\n<meta property=\"og:url\" content=\"https:\/\/kohenavocats.com\/ru\/jurisprudences\/cour-de-cassation-31-octobre-2019-n-2019-00031\/\" \/>\n<meta property=\"og:site_name\" content=\"Ma\u00eetre Hassan Kohen, avocat en droit p\u00e9nal \u00e0 Paris\" \/>\n<meta property=\"article:modified_time\" content=\"2026-04-29T15:38:10+00:00\" \/>\n<meta name=\"twitter:card\" content=\"summary_large_image\" \/>\n<meta name=\"twitter:label1\" content=\"\u041f\u0440\u0438\u043c\u0435\u0440\u043d\u043e\u0435 \u0432\u0440\u0435\u043c\u044f \u0434\u043b\u044f \u0447\u0442\u0435\u043d\u0438\u044f\" \/>\n\t<meta name=\"twitter:data1\" content=\"4 \u043c\u0438\u043d\u0443\u0442\u044b\" \/>\n<script type=\"application\/ld+json\" class=\"yoast-schema-graph\">{\"@context\":\"https:\\\/\\\/schema.org\",\"@graph\":[{\"@type\":\"WebPage\",\"@id\":\"https:\\\/\\\/kohenavocats.com\\\/ru\\\/jurisprudences\\\/cour-de-cassation-31-octobre-2019-n-2019-00031\\\/\",\"url\":\"https:\\\/\\\/kohenavocats.com\\\/ru\\\/jurisprudences\\\/cour-de-cassation-31-octobre-2019-n-2019-00031\\\/\",\"name\":\"Cour de cassation, 31 octobre 2019, n\u00b0 2019-00031 - Ma\u00eetre Hassan Kohen, avocat en droit p\u00e9nal \u00e0 Paris\",\"isPartOf\":{\"@id\":\"https:\\\/\\\/kohenavocats.com\\\/ru\\\/#website\"},\"datePublished\":\"2026-04-29T15:38:07+00:00\",\"dateModified\":\"2026-04-29T15:38:10+00:00\",\"breadcrumb\":{\"@id\":\"https:\\\/\\\/kohenavocats.com\\\/ru\\\/jurisprudences\\\/cour-de-cassation-31-octobre-2019-n-2019-00031\\\/#breadcrumb\"},\"inLanguage\":\"ru-RU\",\"potentialAction\":[{\"@type\":\"ReadAction\",\"target\":[\"https:\\\/\\\/kohenavocats.com\\\/ru\\\/jurisprudences\\\/cour-de-cassation-31-octobre-2019-n-2019-00031\\\/\"]}]},{\"@type\":\"BreadcrumbList\",\"@id\":\"https:\\\/\\\/kohenavocats.com\\\/ru\\\/jurisprudences\\\/cour-de-cassation-31-octobre-2019-n-2019-00031\\\/#breadcrumb\",\"itemListElement\":[{\"@type\":\"ListItem\",\"position\":1,\"name\":\"Home\",\"item\":\"https:\\\/\\\/kohenavocats.com\\\/ru\\\/avocats-en-droit-penal-a-paris-conseil-et-defense-strategique\\\/\"},{\"@type\":\"ListItem\",\"position\":2,\"name\":\"Jurisprudences\",\"item\":\"https:\\\/\\\/kohenavocats.com\\\/ru\\\/jurisprudences\\\/\"},{\"@type\":\"ListItem\",\"position\":3,\"name\":\"Cour de cassation, 31 octobre 2019, n\u00b0 2019-00031\"}]},{\"@type\":\"WebSite\",\"@id\":\"https:\\\/\\\/kohenavocats.com\\\/ru\\\/#website\",\"url\":\"https:\\\/\\\/kohenavocats.com\\\/ru\\\/\",\"name\":\"Kohen Avocats\",\"description\":\"Ma\u00eetre Hassan Kohen, avocat p\u00e9naliste \u00e0 Paris, intervient exclusivement en droit p\u00e9nal pour la d\u00e9fense des particuliers, notamment en mati\u00e8re d\u2019accusations de viol. Il assure un accompagnement rigoureux d\u00e8s la garde \u00e0 vue jusqu\u2019\u00e0 la Cour d\u2019assises, veillant au strict respect des garanties proc\u00e9durales.\",\"publisher\":{\"@id\":\"https:\\\/\\\/kohenavocats.com\\\/ru\\\/#organization\"},\"potentialAction\":[{\"@type\":\"SearchAction\",\"target\":{\"@type\":\"EntryPoint\",\"urlTemplate\":\"https:\\\/\\\/kohenavocats.com\\\/ru\\\/?s={search_term_string}\"},\"query-input\":{\"@type\":\"PropertyValueSpecification\",\"valueRequired\":true,\"valueName\":\"search_term_string\"}}],\"inLanguage\":\"ru-RU\"},{\"@type\":\"Organization\",\"@id\":\"https:\\\/\\\/kohenavocats.com\\\/ru\\\/#organization\",\"name\":\"Kohen Avocats\",\"url\":\"https:\\\/\\\/kohenavocats.com\\\/ru\\\/\",\"logo\":{\"@type\":\"ImageObject\",\"inLanguage\":\"ru-RU\",\"@id\":\"https:\\\/\\\/kohenavocats.com\\\/ru\\\/#\\\/schema\\\/logo\\\/image\\\/\",\"url\":\"https:\\\/\\\/kohenavocats.com\\\/wp-content\\\/uploads\\\/2026\\\/01\\\/Logo-2-1.webp\",\"contentUrl\":\"https:\\\/\\\/kohenavocats.com\\\/wp-content\\\/uploads\\\/2026\\\/01\\\/Logo-2-1.webp\",\"width\":2114,\"height\":1253,\"caption\":\"Kohen Avocats\"},\"image\":{\"@id\":\"https:\\\/\\\/kohenavocats.com\\\/ru\\\/#\\\/schema\\\/logo\\\/image\\\/\"}}]}<\/script>\n<!-- \/ Yoast SEO Premium plugin. -->","yoast_head_json":{"title":"Cour de cassation, 31 octobre 2019, n\u00b0 2019-00031 - Ma\u00eetre Hassan Kohen, avocat en droit p\u00e9nal \u00e0 Paris","robots":{"index":"index","follow":"follow","max-snippet":"max-snippet:-1","max-image-preview":"max-image-preview:large","max-video-preview":"max-video-preview:-1"},"canonical":"https:\/\/kohenavocats.com\/ru\/jurisprudences\/cour-de-cassation-31-octobre-2019-n-2019-00031\/","og_locale":"ru_RU","og_type":"article","og_title":"Cour de cassation, 31 octobre 2019, n\u00b0 2019-00031","og_description":"N\u00b0 142 \/ 2019 p\u00e9nal. du 31.10.2019. Not. 400\/ 12\/CRIL Num\u00e9ro CAS -2019-00031 du registre. La Cour de cassation du Grand-Duch\u00e9 de Luxembourg a rendu en son audience publique du jeudi , trente et un octobre deux mille dix-neuf, sur le pourvoi de : 1)\u2026","og_url":"https:\/\/kohenavocats.com\/ru\/jurisprudences\/cour-de-cassation-31-octobre-2019-n-2019-00031\/","og_site_name":"Ma\u00eetre Hassan Kohen, avocat en droit p\u00e9nal \u00e0 Paris","article_modified_time":"2026-04-29T15:38:10+00:00","twitter_card":"summary_large_image","twitter_misc":{"\u041f\u0440\u0438\u043c\u0435\u0440\u043d\u043e\u0435 \u0432\u0440\u0435\u043c\u044f \u0434\u043b\u044f \u0447\u0442\u0435\u043d\u0438\u044f":"4 \u043c\u0438\u043d\u0443\u0442\u044b"},"schema":{"@context":"https:\/\/schema.org","@graph":[{"@type":"WebPage","@id":"https:\/\/kohenavocats.com\/ru\/jurisprudences\/cour-de-cassation-31-octobre-2019-n-2019-00031\/","url":"https:\/\/kohenavocats.com\/ru\/jurisprudences\/cour-de-cassation-31-octobre-2019-n-2019-00031\/","name":"Cour de cassation, 31 octobre 2019, n\u00b0 2019-00031 - Ma\u00eetre Hassan Kohen, avocat en droit p\u00e9nal \u00e0 Paris","isPartOf":{"@id":"https:\/\/kohenavocats.com\/ru\/#website"},"datePublished":"2026-04-29T15:38:07+00:00","dateModified":"2026-04-29T15:38:10+00:00","breadcrumb":{"@id":"https:\/\/kohenavocats.com\/ru\/jurisprudences\/cour-de-cassation-31-octobre-2019-n-2019-00031\/#breadcrumb"},"inLanguage":"ru-RU","potentialAction":[{"@type":"ReadAction","target":["https:\/\/kohenavocats.com\/ru\/jurisprudences\/cour-de-cassation-31-octobre-2019-n-2019-00031\/"]}]},{"@type":"BreadcrumbList","@id":"https:\/\/kohenavocats.com\/ru\/jurisprudences\/cour-de-cassation-31-octobre-2019-n-2019-00031\/#breadcrumb","itemListElement":[{"@type":"ListItem","position":1,"name":"Home","item":"https:\/\/kohenavocats.com\/ru\/avocats-en-droit-penal-a-paris-conseil-et-defense-strategique\/"},{"@type":"ListItem","position":2,"name":"Jurisprudences","item":"https:\/\/kohenavocats.com\/ru\/jurisprudences\/"},{"@type":"ListItem","position":3,"name":"Cour de cassation, 31 octobre 2019, n\u00b0 2019-00031"}]},{"@type":"WebSite","@id":"https:\/\/kohenavocats.com\/ru\/#website","url":"https:\/\/kohenavocats.com\/ru\/","name":"Kohen Avocats","description":"Ma\u00eetre Hassan Kohen, avocat p\u00e9naliste \u00e0 Paris, intervient exclusivement en droit p\u00e9nal pour la d\u00e9fense des particuliers, notamment en mati\u00e8re d\u2019accusations de viol. Il assure un accompagnement rigoureux d\u00e8s la garde \u00e0 vue jusqu\u2019\u00e0 la Cour d\u2019assises, veillant au strict respect des garanties proc\u00e9durales.","publisher":{"@id":"https:\/\/kohenavocats.com\/ru\/#organization"},"potentialAction":[{"@type":"SearchAction","target":{"@type":"EntryPoint","urlTemplate":"https:\/\/kohenavocats.com\/ru\/?s={search_term_string}"},"query-input":{"@type":"PropertyValueSpecification","valueRequired":true,"valueName":"search_term_string"}}],"inLanguage":"ru-RU"},{"@type":"Organization","@id":"https:\/\/kohenavocats.com\/ru\/#organization","name":"Kohen Avocats","url":"https:\/\/kohenavocats.com\/ru\/","logo":{"@type":"ImageObject","inLanguage":"ru-RU","@id":"https:\/\/kohenavocats.com\/ru\/#\/schema\/logo\/image\/","url":"https:\/\/kohenavocats.com\/wp-content\/uploads\/2026\/01\/Logo-2-1.webp","contentUrl":"https:\/\/kohenavocats.com\/wp-content\/uploads\/2026\/01\/Logo-2-1.webp","width":2114,"height":1253,"caption":"Kohen Avocats"},"image":{"@id":"https:\/\/kohenavocats.com\/ru\/#\/schema\/logo\/image\/"}}]}},"jetpack_likes_enabled":false,"jetpack_sharing_enabled":true,"_links":{"self":[{"href":"https:\/\/kohenavocats.com\/ru\/wp-json\/wp\/v2\/kji_decision\/758483","targetHints":{"allow":["GET"]}}],"collection":[{"href":"https:\/\/kohenavocats.com\/ru\/wp-json\/wp\/v2\/kji_decision"}],"about":[{"href":"https:\/\/kohenavocats.com\/ru\/wp-json\/wp\/v2\/types\/kji_decision"}],"wp:attachment":[{"href":"https:\/\/kohenavocats.com\/ru\/wp-json\/wp\/v2\/media?parent=758483"}],"wp:term":[{"taxonomy":"kji_country","embeddable":true,"href":"https:\/\/kohenavocats.com\/ru\/wp-json\/wp\/v2\/kji_country?post=758483"},{"taxonomy":"kji_court","embeddable":true,"href":"https:\/\/kohenavocats.com\/ru\/wp-json\/wp\/v2\/kji_court?post=758483"},{"taxonomy":"kji_chamber","embeddable":true,"href":"https:\/\/kohenavocats.com\/ru\/wp-json\/wp\/v2\/kji_chamber?post=758483"},{"taxonomy":"kji_year","embeddable":true,"href":"https:\/\/kohenavocats.com\/ru\/wp-json\/wp\/v2\/kji_year?post=758483"},{"taxonomy":"kji_subject","embeddable":true,"href":"https:\/\/kohenavocats.com\/ru\/wp-json\/wp\/v2\/kji_subject?post=758483"},{"taxonomy":"kji_keyword","embeddable":true,"href":"https:\/\/kohenavocats.com\/ru\/wp-json\/wp\/v2\/kji_keyword?post=758483"},{"taxonomy":"kji_language","embeddable":true,"href":"https:\/\/kohenavocats.com\/ru\/wp-json\/wp\/v2\/kji_language?post=758483"}],"curies":[{"name":"wp","href":"https:\/\/api.w.org\/{rel}","templated":true}]}}