{"id":761611,"date":"2026-04-29T20:26:47","date_gmt":"2026-04-29T18:26:47","guid":{"rendered":"https:\/\/kohenavocats.com\/jurisprudences\/cour-superieure-de-justice-2-septembre-2019\/"},"modified":"2026-04-29T20:26:51","modified_gmt":"2026-04-29T18:26:51","slug":"cour-superieure-de-justice-2-septembre-2019","status":"publish","type":"kji_decision","link":"https:\/\/kohenavocats.com\/ru\/jurisprudences\/cour-superieure-de-justice-2-septembre-2019\/","title":{"rendered":"Cour sup\u00e9rieure de justice, 2 septembre 2019"},"content":{"rendered":"<div class=\"kji-decision\">\n<div class=\"kji-full-text\">\n<p>Arr\u00eat n\u00b0 751\/19 Ch.c.C. du 2 septembre 2019. (Not.: 195\/19\/ CD)<\/p>\n<p>La chambre du conseil de la Cour d&#039;appel du Grand- Duch\u00e9 de Luxembourg a rendu le deux septembre deux mille dix-neuf l&#039;arr\u00eat qui suit:<\/p>\n<p>Vu les pi\u00e8ces de la proc\u00e9dure instruite \u00e0 charge de:<\/p>\n<p>A.), n\u00e9 le (\u2026) \u00e0 (\u2026), demeurant \u00e0 L- (\u2026), (\u2026),<\/p>\n<p>actuellement d\u00e9tenu au Centre P\u00e9nitentiaire \u00e0 Schrassig.<\/p>\n<p>Vu l&#039;ordonnance n\u00b0 1687\/19 rendue le 9 ao\u00fbt 2019 par la chambre du conseil du tribunal d&#039;arrondissement de Luxembourg, notifi\u00e9e \u00e0 l\u2019inculp\u00e9 le 14 ao\u00fbt 2019 ;<\/p>\n<p>Vu l&#039;appel relev\u00e9 de cette ordonnance le 15 ao\u00fbt par d\u00e9claration de l\u2019inculp\u00e9 re\u00e7ue au greffe des \u00e9tablissements p\u00e9nitentiaires de Luxembourg ;<\/p>\n<p>Vu les informations du 22 ao\u00fbt 2019 donn\u00e9es par courrier \u00e0 l\u2019inculp\u00e9 et par t\u00e9l\u00e9copie \u00e0 son conseil pour la s\u00e9ance du lundi 2 septembre 2019 ;<\/p>\n<p>Entendus en cette s\u00e9ance:<\/p>\n<p>Ma\u00eetre Lisa SCHULLER, avocat, en remplacement de Ma\u00eetre Anna BRACKE, avocat, les deux demeurant \u00e0 Luxembourg , comparant pour l\u2019inculp\u00e9, en ses moyens d\u2019appel ;<\/p>\n<p>Madame l\u2019avocat g\u00e9n\u00e9ral Monique SCHMITZ, assumant les fonctions de Minist\u00e8re public, en ses conclusions ;<\/p>\n<p>L\u2019inculp\u00e9 ayant eu la parole en dernier ;<\/p>\n<p>Apr\u00e8s avoir d\u00e9lib\u00e9r\u00e9 conform\u00e9ment \u00e0 la loi;<\/p>\n<p>LA CHAMBRE DU CONSEIL DE LA COUR D&#039;APPEL :<\/p>\n<p>Par d\u00e9claration du 15 ao\u00fbt 2019 au greffe des \u00e9tablissements p\u00e9nitentiaires de Luxembourg, l\u2019inculp\u00e9 a r\u00e9guli\u00e8rement relev\u00e9 appel d&#039;une ordonnance de la chambre du conseil du tribunal d\u2019arrondissement de Luxembourg du 9 ao\u00fbt 2019 qui a rejet\u00e9 sa demande de mise en libert\u00e9 provisoire. L&#039;ordonnance entreprise est jointe au pr\u00e9sent arr\u00eat.<\/p>\n<p>Le recours n\u2019est pas fond\u00e9.<\/p>\n<p>En statuant comme elle l\u2019a fait, la juridiction d&#039;instruction de premi\u00e8re instance a correctement appr\u00e9ci\u00e9 les \u00e9l\u00e9ments de la cause et appuy\u00e9 sa d\u00e9cision par des motifs que la chambre du conseil de la Cour d&#039;appel adopte.<\/p>\n<p>P A R C E S M O T I F S<\/p>\n<p>re\u00e7oit l&#039;appel;<\/p>\n<p>le dit non fond\u00e9;<\/p>\n<p>confirme l&#039;ordonnance entreprise;<\/p>\n<p>r\u00e9serve les frais de l&#039;instance d&#039;appel.<\/p>\n<p>Ainsi fait et jug\u00e9 par la chambre du conseil de la Cour d&#039;appel du Grand- Duch\u00e9 de Luxembourg \u00e0 Luxembourg, Cit\u00e9 Judiciaire, Plateau du St. Esprit, o\u00f9 \u00e9taient pr\u00e9sents:<\/p>\n<p>Alain THORN, premier conseiller-pr\u00e9sident, Carole KERSCHEN, conseiller, Henri BECKER, conseiller<\/p>\n<p>qui ont sign\u00e9 le pr\u00e9sent arr\u00eat avec le greffier Nathalie DUCHSCHER.<\/p>\n<p>N\u00b0 1687\/19 Not. 195\/19\/CD<\/p>\n<p>Tribunal d\u2019arrondissement de et \u00e0 Luxembourg<\/p>\n<p>Le 9 ao\u00fbt 2019, Anne- Fran\u00e7oise GREMLING, vice- pr\u00e9sident, si\u00e9geant en tant que juge unique de la chambre du conseil du Tribunal d\u2019arrondissement de et \u00e0 Luxembourg, assist\u00e9e de Nicole CARMONA, greffier assum\u00e9e, a rendu l\u2019<\/p>\n<p>qui suit, au vu du dossier lui soumis:<\/p>\n<p>Vu la requ\u00eate de mise en libert\u00e9 provisoire annex\u00e9e, d\u00e9pos\u00e9e le 9 ao\u00fbt 2019 par Ma\u00eetre Anna BRACKE, avocat, au nom et pour le compte de<\/p>\n<p>A.), n\u00e9 le 2 d\u00e9cembre 1997 \u00e0 Luxembourg, demeurant \u00e0 L- 1521 Luxembourg, 95, rue Adolphe Fischer, actuellement en d\u00e9tention pr\u00e9ventive.<\/p>\n<p>Vu le rapport du juge d\u2019instruction.<\/p>\n<p>Entendus \u00e0 l\u2019audience de la chambre du conseil du 9 ao\u00fbt 2019, \u2022 Ma\u00eetre Karim LAHLOUH, avocat, en remplacement de Ma\u00eetre Anna BRACKE, avocat, \u2022 l&#039;inculp\u00e9, lequel s\u2019est exprim\u00e9 en langue luxembourgeoise, \u2022 Daniel SCHON, repr\u00e9sentant du Minist\u00e8re public.<\/p>\n<p>La requ\u00eate de mise en libert\u00e9 est \u00e0 d\u00e9clarer recevable pour avoir \u00e9t\u00e9 introduite conform\u00e9ment aux dispositions de l&#039;article 116 du Code de proc\u00e9dure p\u00e9nale.<\/p>\n<p>Il existe des indices graves de culpabilit\u00e9 \u00e0 charge de l&#039;inculp\u00e9, r\u00e9sultant de l\u2019ensemble des \u00e9l\u00e9ments du dossier d\u2019instruction et notamment de ses aveux partiels, des d\u00e9clarations de co- inculp\u00e9s, des constatations des agents policiers, des observations des agents policiers, du r\u00e9sultat des saisies.<\/p>\n<p>Les faits lui reproch\u00e9s emportent une peine d\u2019emprisonnement correctionnel d\u2019un maximum sup\u00e9rieur \u00e0 deux ans.<\/p>\n<p>Le danger de fuite existe en fait au vu de la gravit\u00e9 des faits reproch\u00e9s \u00e0 l&#039;inculp\u00e9 et des peines pr\u00e9vues par la loi.<\/p>\n<p>Il existe un danger d\u2019obscurcissement des preuves \u00e9tant donn\u00e9 que l\u2019instruction n\u2019est pas termin\u00e9e et qu\u2019il reste \u00e0 attendre le r\u00e9sultat de l\u2019exploitation des t\u00e9l\u00e9phones portables saisis.<\/p>\n<p>Il y a lieu de craindre, au vu d\u2019un ant\u00e9c\u00e9dent judiciaire sp\u00e9cifique de l&#039;inculp\u00e9 du 13 f\u00e9vrier 2019, de la multiplicit\u00e9 de faits similaires reproch\u00e9s \u00e0 l&#039;inculp\u00e9 , de sa toxicomanie et de la situation financi\u00e8re pr\u00e9caire de l&#039;inculp\u00e9 et de la facilit\u00e9 de glisser dans le r\u00f4le d\u2019interm\u00e9diaire qui s\u2019ensuit, de l\u2019absence de prise de conscience par l&#039;inculp\u00e9 de la gravit\u00e9 des faits lui reproch\u00e9s, que l&#039;inculp\u00e9 n\u2019abuse de sa libert\u00e9 pour commettre de nouvelles infractions.<\/p>\n<p>O R D O N N A N C E<\/p>\n<p>Le danger de r\u00e9cidive n\u2019est pas \u00e9cart\u00e9 \u00e0 l\u2019heure actuelle dans la mesure o\u00f9 rien ne laisse penser que les causes ayant motiv\u00e9 les infractions auraient disparu.<\/p>\n<p>Il n\u2019y a partant pas lieu de faire droit ni \u00e0 la requ\u00eate, ni \u00e0 la demande subsidiaire.<\/p>\n<p>P A R C E S M O T I F S:<\/p>\n<p>Anne- Fran\u00e7oise GREMLING, vice- pr\u00e9sident, si\u00e9geant en tant que juge unique de la chambre du conseil du Tribunal d\u2019arrondissement de et \u00e0 Luxembourg,<\/p>\n<p>r e j e t t e la demande de mise en libert\u00e9 provisoire,<\/p>\n<p>r \u00e9 s e r v e les frais.<\/p>\n<p>Ainsi fait et prononc\u00e9 au Tribunal d\u2019arrondissement de et \u00e0 Luxembourg, date qu\u2019en t\u00eate.<\/p>\n<p>Cette ordonnance est susceptible d\u2019appel. L\u2019appel doit \u00eatre interjet\u00e9 dans les formes et d\u00e9lais pr\u00e9vus aux articles 133 et suivants du Code de proc\u00e9dure p\u00e9nale et il doi t \u00eatre form\u00e9 par l\u2019inculp\u00e9 ou son avocat, la partie civile, la partie civilement responsable ainsi que tout tiers concern\u00e9 justifiant d\u2019un int\u00e9r\u00eat personnel et leurs avocats respectifs dans les 5 jours de la notification de la pr\u00e9sente ordonnance, aupr\u00e8s du greffe de la chambre du conseil, en se pr\u00e9sentant personnellement pour signer l\u2019acte d\u2019appel. Si l\u2019inculp\u00e9 est d\u00e9tenu, il peut d\u00e9clarer son appel au greffe du Centre p\u00e9nitentiaire.<\/p>\n<\/div>\n<hr class=\"kji-sep\" \/>\n<p class=\"kji-source-links\"><strong>Sources officielles :<\/strong> <a class=\"kji-source-link\" href=\"https:\/\/data.public.lu\/fr\/datasets\/cour-superieure-de-justice-chambre-du-conseil\/\" target=\"_blank\" rel=\"noopener noreferrer\">consulter la page source<\/a> &middot; <a class=\"kji-pdf-link\" href=\"https:\/\/download.data.public.lu\/resources\/cour-superieure-de-justice-chambre-du-conseil\/20240808-132154\/20190902-cachcons-751a-accessible.pdf\" target=\"_blank\" rel=\"noopener noreferrer\">PDF officiel<\/a><\/p>\n<p class=\"kji-license-note\"><em>Licence CC BY-ND 4.0 (Administration judiciaire, data.public.lu). Republication autorisee avec attribution, sans modification editoriale du texte integral.<\/em><\/p>\n<\/div>\n","protected":false},"excerpt":{"rendered":"<p>Arr\u00eat n\u00b0 751\/19 Ch.c.C. du 2 septembre 2019. (Not.: 195\/19\/ CD) La chambre du conseil de la Cour d&#8217;appel du Grand- Duch\u00e9 de Luxembourg a rendu le deux septembre deux mille dix-neuf l&#8217;arr\u00eat qui suit: Vu les pi\u00e8ces de la proc\u00e9dure instruite \u00e0 charge de:\u2026<\/p>\n","protected":false},"featured_media":0,"template":"","meta":{"_crdt_document":""},"kji_country":[8418],"kji_court":[12305],"kji_chamber":[23318],"kji_year":[45029],"kji_subject":[7724],"kji_keyword":[8683,9055,15227,12307],"kji_language":[7733],"class_list":["post-761611","kji_decision","type-kji_decision","status-publish","hentry","kji_country-luxembourg","kji_court-cour-superieure-de-justice","kji_chamber-chambre-du-conseil","kji_year-45029","kji_subject-civil","kji_keyword-arret","kji_keyword-justice","kji_keyword-septembre","kji_keyword-superieure","kji_language-francais"],"yoast_head":"<!-- This site is optimized with the Yoast SEO Premium plugin v27.5 (Yoast SEO v27.5) - https:\/\/yoast.com\/product\/yoast-seo-premium-wordpress\/ -->\n<title>Cour sup\u00e9rieure de justice, 2 septembre 2019 - Ma\u00eetre Hassan Kohen, avocat en droit p\u00e9nal \u00e0 Paris<\/title>\n<meta name=\"robots\" content=\"index, follow, max-snippet:-1, max-image-preview:large, max-video-preview:-1\" \/>\n<link rel=\"canonical\" href=\"https:\/\/kohenavocats.com\/ru\/jurisprudences\/cour-superieure-de-justice-2-septembre-2019\/\" \/>\n<meta property=\"og:locale\" content=\"ru_RU\" \/>\n<meta property=\"og:type\" content=\"article\" \/>\n<meta property=\"og:title\" content=\"Cour sup\u00e9rieure de justice, 2 septembre 2019\" \/>\n<meta property=\"og:description\" content=\"Arr\u00eat n\u00b0 751\/19 Ch.c.C. du 2 septembre 2019. (Not.: 195\/19\/ CD) La chambre du conseil de la Cour d&#039;appel du Grand- Duch\u00e9 de Luxembourg a rendu le deux septembre deux mille dix-neuf l&#039;arr\u00eat qui suit: Vu les pi\u00e8ces de la proc\u00e9dure instruite \u00e0 charge de:\u2026\" \/>\n<meta property=\"og:url\" content=\"https:\/\/kohenavocats.com\/ru\/jurisprudences\/cour-superieure-de-justice-2-septembre-2019\/\" \/>\n<meta property=\"og:site_name\" content=\"Ma\u00eetre Hassan Kohen, avocat en droit p\u00e9nal \u00e0 Paris\" \/>\n<meta property=\"article:modified_time\" content=\"2026-04-29T18:26:51+00:00\" \/>\n<meta name=\"twitter:card\" content=\"summary_large_image\" \/>\n<meta name=\"twitter:label1\" content=\"\u041f\u0440\u0438\u043c\u0435\u0440\u043d\u043e\u0435 \u0432\u0440\u0435\u043c\u044f \u0434\u043b\u044f \u0447\u0442\u0435\u043d\u0438\u044f\" \/>\n\t<meta name=\"twitter:data1\" content=\"5 \u043c\u0438\u043d\u0443\u0442\" \/>\n<script type=\"application\/ld+json\" class=\"yoast-schema-graph\">{\"@context\":\"https:\\\/\\\/schema.org\",\"@graph\":[{\"@type\":\"WebPage\",\"@id\":\"https:\\\/\\\/kohenavocats.com\\\/ru\\\/jurisprudences\\\/cour-superieure-de-justice-2-septembre-2019\\\/\",\"url\":\"https:\\\/\\\/kohenavocats.com\\\/ru\\\/jurisprudences\\\/cour-superieure-de-justice-2-septembre-2019\\\/\",\"name\":\"Cour sup\u00e9rieure de justice, 2 septembre 2019 - Ma\u00eetre Hassan Kohen, avocat en droit p\u00e9nal \u00e0 Paris\",\"isPartOf\":{\"@id\":\"https:\\\/\\\/kohenavocats.com\\\/ru\\\/#website\"},\"datePublished\":\"2026-04-29T18:26:47+00:00\",\"dateModified\":\"2026-04-29T18:26:51+00:00\",\"breadcrumb\":{\"@id\":\"https:\\\/\\\/kohenavocats.com\\\/ru\\\/jurisprudences\\\/cour-superieure-de-justice-2-septembre-2019\\\/#breadcrumb\"},\"inLanguage\":\"ru-RU\",\"potentialAction\":[{\"@type\":\"ReadAction\",\"target\":[\"https:\\\/\\\/kohenavocats.com\\\/ru\\\/jurisprudences\\\/cour-superieure-de-justice-2-septembre-2019\\\/\"]}]},{\"@type\":\"BreadcrumbList\",\"@id\":\"https:\\\/\\\/kohenavocats.com\\\/ru\\\/jurisprudences\\\/cour-superieure-de-justice-2-septembre-2019\\\/#breadcrumb\",\"itemListElement\":[{\"@type\":\"ListItem\",\"position\":1,\"name\":\"Home\",\"item\":\"https:\\\/\\\/kohenavocats.com\\\/ru\\\/avocats-en-droit-penal-a-paris-conseil-et-defense-strategique\\\/\"},{\"@type\":\"ListItem\",\"position\":2,\"name\":\"Jurisprudences\",\"item\":\"https:\\\/\\\/kohenavocats.com\\\/ru\\\/jurisprudences\\\/\"},{\"@type\":\"ListItem\",\"position\":3,\"name\":\"Cour sup\u00e9rieure de justice, 2 septembre 2019\"}]},{\"@type\":\"WebSite\",\"@id\":\"https:\\\/\\\/kohenavocats.com\\\/ru\\\/#website\",\"url\":\"https:\\\/\\\/kohenavocats.com\\\/ru\\\/\",\"name\":\"Kohen Avocats\",\"description\":\"Ma\u00eetre Hassan Kohen, avocat p\u00e9naliste \u00e0 Paris, intervient exclusivement en droit p\u00e9nal pour la d\u00e9fense des particuliers, notamment en mati\u00e8re d\u2019accusations de viol. Il assure un accompagnement rigoureux d\u00e8s la garde \u00e0 vue jusqu\u2019\u00e0 la Cour d\u2019assises, veillant au strict respect des garanties proc\u00e9durales.\",\"publisher\":{\"@id\":\"https:\\\/\\\/kohenavocats.com\\\/ru\\\/#organization\"},\"potentialAction\":[{\"@type\":\"SearchAction\",\"target\":{\"@type\":\"EntryPoint\",\"urlTemplate\":\"https:\\\/\\\/kohenavocats.com\\\/ru\\\/?s={search_term_string}\"},\"query-input\":{\"@type\":\"PropertyValueSpecification\",\"valueRequired\":true,\"valueName\":\"search_term_string\"}}],\"inLanguage\":\"ru-RU\"},{\"@type\":\"Organization\",\"@id\":\"https:\\\/\\\/kohenavocats.com\\\/ru\\\/#organization\",\"name\":\"Kohen Avocats\",\"url\":\"https:\\\/\\\/kohenavocats.com\\\/ru\\\/\",\"logo\":{\"@type\":\"ImageObject\",\"inLanguage\":\"ru-RU\",\"@id\":\"https:\\\/\\\/kohenavocats.com\\\/ru\\\/#\\\/schema\\\/logo\\\/image\\\/\",\"url\":\"https:\\\/\\\/kohenavocats.com\\\/wp-content\\\/uploads\\\/2026\\\/01\\\/Logo-2-1.webp\",\"contentUrl\":\"https:\\\/\\\/kohenavocats.com\\\/wp-content\\\/uploads\\\/2026\\\/01\\\/Logo-2-1.webp\",\"width\":2114,\"height\":1253,\"caption\":\"Kohen Avocats\"},\"image\":{\"@id\":\"https:\\\/\\\/kohenavocats.com\\\/ru\\\/#\\\/schema\\\/logo\\\/image\\\/\"}}]}<\/script>\n<!-- \/ Yoast SEO Premium plugin. -->","yoast_head_json":{"title":"Cour sup\u00e9rieure de justice, 2 septembre 2019 - Ma\u00eetre Hassan Kohen, avocat en droit p\u00e9nal \u00e0 Paris","robots":{"index":"index","follow":"follow","max-snippet":"max-snippet:-1","max-image-preview":"max-image-preview:large","max-video-preview":"max-video-preview:-1"},"canonical":"https:\/\/kohenavocats.com\/ru\/jurisprudences\/cour-superieure-de-justice-2-septembre-2019\/","og_locale":"ru_RU","og_type":"article","og_title":"Cour sup\u00e9rieure de justice, 2 septembre 2019","og_description":"Arr\u00eat n\u00b0 751\/19 Ch.c.C. du 2 septembre 2019. (Not.: 195\/19\/ CD) La chambre du conseil de la Cour d'appel du Grand- Duch\u00e9 de Luxembourg a rendu le deux septembre deux mille dix-neuf l'arr\u00eat qui suit: Vu les pi\u00e8ces de la proc\u00e9dure instruite \u00e0 charge de:\u2026","og_url":"https:\/\/kohenavocats.com\/ru\/jurisprudences\/cour-superieure-de-justice-2-septembre-2019\/","og_site_name":"Ma\u00eetre Hassan Kohen, avocat en droit p\u00e9nal \u00e0 Paris","article_modified_time":"2026-04-29T18:26:51+00:00","twitter_card":"summary_large_image","twitter_misc":{"\u041f\u0440\u0438\u043c\u0435\u0440\u043d\u043e\u0435 \u0432\u0440\u0435\u043c\u044f \u0434\u043b\u044f \u0447\u0442\u0435\u043d\u0438\u044f":"5 \u043c\u0438\u043d\u0443\u0442"},"schema":{"@context":"https:\/\/schema.org","@graph":[{"@type":"WebPage","@id":"https:\/\/kohenavocats.com\/ru\/jurisprudences\/cour-superieure-de-justice-2-septembre-2019\/","url":"https:\/\/kohenavocats.com\/ru\/jurisprudences\/cour-superieure-de-justice-2-septembre-2019\/","name":"Cour sup\u00e9rieure de justice, 2 septembre 2019 - Ma\u00eetre Hassan Kohen, avocat en droit p\u00e9nal \u00e0 Paris","isPartOf":{"@id":"https:\/\/kohenavocats.com\/ru\/#website"},"datePublished":"2026-04-29T18:26:47+00:00","dateModified":"2026-04-29T18:26:51+00:00","breadcrumb":{"@id":"https:\/\/kohenavocats.com\/ru\/jurisprudences\/cour-superieure-de-justice-2-septembre-2019\/#breadcrumb"},"inLanguage":"ru-RU","potentialAction":[{"@type":"ReadAction","target":["https:\/\/kohenavocats.com\/ru\/jurisprudences\/cour-superieure-de-justice-2-septembre-2019\/"]}]},{"@type":"BreadcrumbList","@id":"https:\/\/kohenavocats.com\/ru\/jurisprudences\/cour-superieure-de-justice-2-septembre-2019\/#breadcrumb","itemListElement":[{"@type":"ListItem","position":1,"name":"Home","item":"https:\/\/kohenavocats.com\/ru\/avocats-en-droit-penal-a-paris-conseil-et-defense-strategique\/"},{"@type":"ListItem","position":2,"name":"Jurisprudences","item":"https:\/\/kohenavocats.com\/ru\/jurisprudences\/"},{"@type":"ListItem","position":3,"name":"Cour sup\u00e9rieure de justice, 2 septembre 2019"}]},{"@type":"WebSite","@id":"https:\/\/kohenavocats.com\/ru\/#website","url":"https:\/\/kohenavocats.com\/ru\/","name":"Kohen Avocats","description":"Ma\u00eetre Hassan Kohen, avocat p\u00e9naliste \u00e0 Paris, intervient exclusivement en droit p\u00e9nal pour la d\u00e9fense des particuliers, notamment en mati\u00e8re d\u2019accusations de viol. Il assure un accompagnement rigoureux d\u00e8s la garde \u00e0 vue jusqu\u2019\u00e0 la Cour d\u2019assises, veillant au strict respect des garanties proc\u00e9durales.","publisher":{"@id":"https:\/\/kohenavocats.com\/ru\/#organization"},"potentialAction":[{"@type":"SearchAction","target":{"@type":"EntryPoint","urlTemplate":"https:\/\/kohenavocats.com\/ru\/?s={search_term_string}"},"query-input":{"@type":"PropertyValueSpecification","valueRequired":true,"valueName":"search_term_string"}}],"inLanguage":"ru-RU"},{"@type":"Organization","@id":"https:\/\/kohenavocats.com\/ru\/#organization","name":"Kohen Avocats","url":"https:\/\/kohenavocats.com\/ru\/","logo":{"@type":"ImageObject","inLanguage":"ru-RU","@id":"https:\/\/kohenavocats.com\/ru\/#\/schema\/logo\/image\/","url":"https:\/\/kohenavocats.com\/wp-content\/uploads\/2026\/01\/Logo-2-1.webp","contentUrl":"https:\/\/kohenavocats.com\/wp-content\/uploads\/2026\/01\/Logo-2-1.webp","width":2114,"height":1253,"caption":"Kohen Avocats"},"image":{"@id":"https:\/\/kohenavocats.com\/ru\/#\/schema\/logo\/image\/"}}]}},"jetpack_likes_enabled":false,"jetpack_sharing_enabled":true,"_links":{"self":[{"href":"https:\/\/kohenavocats.com\/ru\/wp-json\/wp\/v2\/kji_decision\/761611","targetHints":{"allow":["GET"]}}],"collection":[{"href":"https:\/\/kohenavocats.com\/ru\/wp-json\/wp\/v2\/kji_decision"}],"about":[{"href":"https:\/\/kohenavocats.com\/ru\/wp-json\/wp\/v2\/types\/kji_decision"}],"wp:attachment":[{"href":"https:\/\/kohenavocats.com\/ru\/wp-json\/wp\/v2\/media?parent=761611"}],"wp:term":[{"taxonomy":"kji_country","embeddable":true,"href":"https:\/\/kohenavocats.com\/ru\/wp-json\/wp\/v2\/kji_country?post=761611"},{"taxonomy":"kji_court","embeddable":true,"href":"https:\/\/kohenavocats.com\/ru\/wp-json\/wp\/v2\/kji_court?post=761611"},{"taxonomy":"kji_chamber","embeddable":true,"href":"https:\/\/kohenavocats.com\/ru\/wp-json\/wp\/v2\/kji_chamber?post=761611"},{"taxonomy":"kji_year","embeddable":true,"href":"https:\/\/kohenavocats.com\/ru\/wp-json\/wp\/v2\/kji_year?post=761611"},{"taxonomy":"kji_subject","embeddable":true,"href":"https:\/\/kohenavocats.com\/ru\/wp-json\/wp\/v2\/kji_subject?post=761611"},{"taxonomy":"kji_keyword","embeddable":true,"href":"https:\/\/kohenavocats.com\/ru\/wp-json\/wp\/v2\/kji_keyword?post=761611"},{"taxonomy":"kji_language","embeddable":true,"href":"https:\/\/kohenavocats.com\/ru\/wp-json\/wp\/v2\/kji_language?post=761611"}],"curies":[{"name":"wp","href":"https:\/\/api.w.org\/{rel}","templated":true}]}}