{"id":766613,"date":"2026-04-30T00:11:53","date_gmt":"2026-04-29T22:11:53","guid":{"rendered":"https:\/\/kohenavocats.com\/jurisprudences\/cour-de-cassation-23-mai-2019-n-2018-00044\/"},"modified":"2026-04-30T00:11:56","modified_gmt":"2026-04-29T22:11:56","slug":"cour-de-cassation-23-mai-2019-n-2018-00044","status":"publish","type":"kji_decision","link":"https:\/\/kohenavocats.com\/ru\/jurisprudences\/cour-de-cassation-23-mai-2019-n-2018-00044\/","title":{"rendered":"Cour de cassation, 23 mai 2019, n\u00b0 2018-00044"},"content":{"rendered":"<div class=\"kji-decision\">\n<div class=\"kji-full-text\">\n<p>N\u00b0 88 \/ 2019 du 23.05.2019. Num\u00e9ro CAS -2018-00044 du registre.<\/p>\n<p>Audience publique de la Cour de cassation du Grand- Duch\u00e9 de Luxembourg du jeu di, vingt-trois mai deux mille dix -neuf.<\/p>\n<p>Composition:<\/p>\n<p>Jean-Claude WIWINIUS, pr\u00e9sident de la Cour, Romain LUDOVICY, conseiller \u00e0 la Cour de cassation, Carlo HEYARD, conseiller \u00e0 la Cour de cassation, Michel REIFFERS, conseiller \u00e0 la Cour de cassation, Henri BECKER, conseiller \u00e0 la Cour d\u2019appel, John PETRY, procureur g\u00e9n\u00e9ral d\u2019Etat adjoint, Marcel SCHWARTZ, adjoint du greffi er en chef.<\/p>\n<p>Entre:<\/p>\n<p>A),<\/p>\n<p>demanderesse en cassation,<\/p>\n<p>comparant par Ma\u00eetre Tom LUCIANI , avocat \u00e0 la Cour, en l\u2019\u00e9tude duquel domicile est \u00e9lu, et:<\/p>\n<p>1) B),<\/p>\n<p>2) C),<\/p>\n<p>3) D),<\/p>\n<p>4) E),<\/p>\n<p>5) F), venant \u00e0 la succession en repr\u00e9sentation de sa m\u00e8re pr\u00e9d\u00e9c\u00e9d\u00e9e G) ,<\/p>\n<p>d\u00e9fendeurs en cassation,<\/p>\n<p>comparant par Ma\u00eetre Monique WATGEN , avocat \u00e0 la Cour, en l\u2019\u00e9tude de laquelle domicile est \u00e9lu.<\/p>\n<p>&#8212;&#8212;&#8212;&#8212;&#8212;&#8212;&#8212;&#8212;&#8212;&#8212;&#8212;&#8212;&#8212;&#8212;&#8212;&#8212;&#8212;&#8212;&#8212;&#8212;&#8212;&#8212;&#8212;&#8212;&#8212;&#8212;&#8212;&#8212;&#8212;&#8212;&#8212;&#8212;&#8212;&#8212;<\/p>\n<p>LA COUR DE CASSATION :<\/p>\n<p>Vu l\u2019arr\u00eat attaqu\u00e9, num\u00e9ro 58\/18, rendu le 21 mars 2018 sous le num\u00e9ro 44422 du r\u00f4le par la Cour d\u2019appel du Grand-Duch\u00e9 de Luxembourg, premi\u00e8re chambre, si\u00e9geant en mati\u00e8re civile ;<\/p>\n<p>Vu le m\u00e9moire en cassation signifi\u00e9 les 29 juin et 2 juillet 2018 par A) \u00e0 B), \u00e0 C), \u00e0 D), \u00e0 E) et \u00e0 F), d\u00e9pos\u00e9 au greffe de la Cour le 9 juillet 2018 ;<\/p>\n<p>Vu le m\u00e9moire en r\u00e9ponse signifi\u00e9 le 24 juillet 2018 par B), C), D), E) et F) \u00e0 A), d\u00e9pos\u00e9 au greffe de la Cour le 13 ao\u00fbt 2018 ;<\/p>\n<p>Sur le rapport du conseiller Carlo HEYARD et sur les conclusions du procureur g\u00e9n\u00e9ral d\u2019Etat adjoint Jeannot NIES ;<\/p>\n<p>Sur les faits :<\/p>\n<p>Attendu, selon l\u2019arr\u00eat attaqu\u00e9, que le tribunal d\u2019arrondissement de Luxembourg avait d\u00e9clar\u00e9 fond\u00e9e pour un certain montant la demande en rapport de B), de C), de D), de E) et de F) , h\u00e9ritiers de H), dirig\u00e9e contre leur coh\u00e9riti\u00e8re A) et portant sur des montants vir\u00e9s, de son vivant, par la de cujus \u00e0 celle-ci ; que la Cour d\u2019appel a confirm\u00e9 le jugement entrepris, sauf \u00e0 r\u00e9duire le montant de la condamnation, ;<\/p>\n<p>Sur le premier moyen de cassation :<\/p>\n<p>\u00ab tir\u00e9 de la violation de la loi par fausse application, sinon par fausse interpr\u00e9tation, in specie de l&#039;article 2279 du Code civil,<\/p>\n<p>en ce que l&#039;arr\u00eat attaqu\u00e9 a pr\u00e9sum\u00e9 le don manuel sur base de la seule tradition, en se servant de la fonction probatoire de la possession mobili\u00e8re telle qu&#039;\u00e9nonc\u00e9e \u00e0 l&#039;article 2279 du Code civil,<\/p>\n<p>alors que cette pr\u00e9somption ne peut \u00eatre invoqu\u00e9e contre une personne qui n&#039;a jamais revendiqu\u00e9 sa qualit\u00e9 de donataire pour faire \u00e9chapper ceux qui lui pr\u00eatent cette qualit\u00e9 \u00e0 la charge de la preuve de l&#039;animus donandi dans le chef du pr\u00e9tendu donateur. \u00bb ;<\/p>\n<p>Vu l\u2019article 2279 du Code civil ;<\/p>\n<p>Attendu qu\u2019il incombe aux h\u00e9ritiers qui exigent le rapport de prouver l\u2019existence de la donation ; que cette preuve peut \u00eatre administr\u00e9e librement puisqu\u2019ils sont tiers \u00e0 la lib\u00e9ralit\u00e9 all\u00e9gu\u00e9e ;<\/p>\n<p>Attendu que le possesseur qui pr\u00e9tend avoir re\u00e7u une chose en don manuel b\u00e9n\u00e9ficie d\u2019une pr\u00e9somption et il appartient \u00e0 la partie adverse de rapporter la preuve de l\u2019absence d\u2019un tel don ou de prouver que la possession dont se pr\u00e9vaut le d\u00e9tenteur de la chose ne r\u00e9unit pas les conditions l\u00e9gales pour \u00eatre efficace ;<\/p>\n<p>Attendu que la fonction probatoire de la r\u00e8gle \u00ab En fait de meubles, la possession vaut titre \u00bb, r\u00e8gle protectrice de celui qui se pr\u00e9tend donataire, ne peut pas \u00eatre invoqu\u00e9e \u00e0 l\u2019encontre de celui qui nie avoir re\u00e7u un bien au titre de don manuel ;<\/p>\n<p>Attendu qu\u2019en pr\u00e9sumant, sur base des dispositions de l\u2019article 2279 du Code civil, qu\u2019il y avait eu don manuel dans le chef de A) , qui, en se pr\u00e9valant de l\u2019existence d\u2019une donation r\u00e9mun\u00e9ratoire, avait contest\u00e9 l\u2019intention lib\u00e9rale de la de cujus, partant le don manuel , et en disant que A) devait d\u00e8s lors prouver cette donation r\u00e9mun\u00e9ratoire, les juges d\u2019appel ont viol\u00e9, par une fausse application, l\u2019article 2279 du Code civil ;<\/p>\n<p>Qu\u2019il en suit que l\u2019arr\u00eat encourt la cassation ;<\/p>\n<p>Sur les demandes en allocation d\u2019une indemnit\u00e9 de proc\u00e9dure :<\/p>\n<p>Attendu que les d\u00e9fendeurs en cassation \u00e9tant \u00e0 condamner aux d\u00e9pens de l\u2019instance en cassation, leurs demandes en allocation d\u2019une indemnit\u00e9 de proc\u00e9dure sont \u00e0 rejeter ;<\/p>\n<p>Attendu qu\u2019il serait in\u00e9quitable de laisser \u00e0 charge de la demanderesse en cassation l\u2019int\u00e9gralit\u00e9 des frais expos\u00e9s non compris dans les d\u00e9pens ; qu\u2019il convient de lui allouer une indemnit\u00e9 de proc\u00e9dure de 2.500 euros ;<\/p>\n<p>Par ces motifs, et sans qu\u2019il y ait lieu de statuer sur les deuxi\u00e8me et troisi\u00e8me moyens de cassation :<\/p>\n<p>casse et annule l\u2019arr\u00eat num\u00e9ro 58\/1 8, rendu le 21 mars 2018 sous le num\u00e9ro 44422 du r\u00f4le par la Cour d\u2019appel, premi\u00e8re chambre, si\u00e9geant en mati\u00e8re civile ;<\/p>\n<p>d\u00e9clare nuls et de nul effet ladite d\u00e9cision judiciaire et les actes qui s\u2019en sont suivis, remet les parties dans l\u2019\u00e9tat o\u00f9 elles se sont trouv\u00e9es avant l\u2019arr\u00eat cass\u00e9 et, pour \u00eatre fait droit, les renvoie devant la Cour d\u2019appel, autrement compos\u00e9e ;<\/p>\n<p>rejette la demande en allocation d\u2019une indemnit\u00e9 de proc\u00e9dure des d\u00e9fendeurs en cassation ;<\/p>\n<p>condamne les d\u00e9fendeurs en cassation \u00e0 payer \u00e0 la demanderesse en cassation une indemnit\u00e9 de proc\u00e9dure de 2.500 euros ;<\/p>\n<p>condamne les d\u00e9fendeurs en cassation aux d\u00e9pens de l\u2019instance en cassation ;<\/p>\n<p>4 ordonne qu\u2019\u00e0 la diligence du procureur g\u00e9n\u00e9ral d\u2019Etat, le pr\u00e9sent arr\u00eat sera transcrit sur le registre de la Cour d\u2019appel et qu\u2019une mention renvoyant \u00e0 la transcription de l\u2019arr\u00eat sera consign\u00e9e en marge de la minute de l\u2019arr\u00eat annul\u00e9.<\/p>\n<p>La lecture du pr\u00e9sent arr\u00eat a \u00e9t\u00e9 faite en la susdite audience publique par Monsieur le pr\u00e9sident Jean-Claude WIWINIUS, en pr\u00e9sence de Monsieur John PETRY, procureur g\u00e9n\u00e9ral d\u2019Etat adjoint, et de Monsieur Marcel SCHWARTZ, adjoint du greffier en chef.<\/p>\n<\/div>\n<hr class=\"kji-sep\" \/>\n<p class=\"kji-source-links\"><strong>Sources officielles :<\/strong> <a class=\"kji-source-link\" href=\"https:\/\/data.public.lu\/fr\/datasets\/cour-de-cassation\/\" target=\"_blank\" rel=\"noopener noreferrer\">consulter la page source<\/a> &middot; <a class=\"kji-pdf-link\" href=\"https:\/\/download.data.public.lu\/resources\/cour-de-cassation\/20240806-151217\/20190523-cas-2018-00044a-accessible.pdf\" target=\"_blank\" rel=\"noopener noreferrer\">PDF officiel<\/a><\/p>\n<p class=\"kji-license-note\"><em>Licence CC BY-ND 4.0 (Administration judiciaire, data.public.lu). Republication autorisee avec attribution, sans modification editoriale du texte integral.<\/em><\/p>\n<\/div>\n","protected":false},"excerpt":{"rendered":"<p>N\u00b0 88 \/ 2019 du 23.05.2019. Num\u00e9ro CAS -2018-00044 du registre. Audience publique de la Cour de cassation du Grand- Duch\u00e9 de Luxembourg du jeu di, vingt-trois mai deux mille dix -neuf. Composition: Jean-Claude WIWINIUS, pr\u00e9sident de la Cour, Romain LUDOVICY, conseiller \u00e0 la Cour\u2026<\/p>\n","protected":false},"featured_media":0,"template":"","meta":{"_crdt_document":""},"kji_country":[8418],"kji_court":[8423],"kji_chamber":[],"kji_year":[45029],"kji_subject":[7724],"kji_keyword":[8424],"kji_language":[7733],"class_list":["post-766613","kji_decision","type-kji_decision","status-publish","hentry","kji_country-luxembourg","kji_court-cour-de-cassation","kji_year-45029","kji_subject-civil","kji_keyword-cassation","kji_language-francais"],"yoast_head":"<!-- This site is optimized with the Yoast SEO Premium plugin v27.5 (Yoast SEO v27.5) - https:\/\/yoast.com\/product\/yoast-seo-premium-wordpress\/ -->\n<title>Cour de cassation, 23 mai 2019, n\u00b0 2018-00044 - Ma\u00eetre Hassan Kohen, avocat en droit p\u00e9nal \u00e0 Paris<\/title>\n<meta name=\"robots\" content=\"index, follow, max-snippet:-1, max-image-preview:large, max-video-preview:-1\" \/>\n<link rel=\"canonical\" href=\"https:\/\/kohenavocats.com\/ru\/jurisprudences\/cour-de-cassation-23-mai-2019-n-2018-00044\/\" \/>\n<meta property=\"og:locale\" content=\"ru_RU\" \/>\n<meta property=\"og:type\" content=\"article\" \/>\n<meta property=\"og:title\" content=\"Cour de cassation, 23 mai 2019, n\u00b0 2018-00044\" \/>\n<meta property=\"og:description\" content=\"N\u00b0 88 \/ 2019 du 23.05.2019. Num\u00e9ro CAS -2018-00044 du registre. Audience publique de la Cour de cassation du Grand- Duch\u00e9 de Luxembourg du jeu di, vingt-trois mai deux mille dix -neuf. Composition: Jean-Claude WIWINIUS, pr\u00e9sident de la Cour, Romain LUDOVICY, conseiller \u00e0 la Cour\u2026\" \/>\n<meta property=\"og:url\" content=\"https:\/\/kohenavocats.com\/ru\/jurisprudences\/cour-de-cassation-23-mai-2019-n-2018-00044\/\" \/>\n<meta property=\"og:site_name\" content=\"Ma\u00eetre Hassan Kohen, avocat en droit p\u00e9nal \u00e0 Paris\" \/>\n<meta property=\"article:modified_time\" content=\"2026-04-29T22:11:56+00:00\" \/>\n<meta name=\"twitter:card\" content=\"summary_large_image\" \/>\n<meta name=\"twitter:label1\" content=\"\u041f\u0440\u0438\u043c\u0435\u0440\u043d\u043e\u0435 \u0432\u0440\u0435\u043c\u044f \u0434\u043b\u044f \u0447\u0442\u0435\u043d\u0438\u044f\" \/>\n\t<meta name=\"twitter:data1\" content=\"5 \u043c\u0438\u043d\u0443\u0442\" \/>\n<script type=\"application\/ld+json\" class=\"yoast-schema-graph\">{\"@context\":\"https:\\\/\\\/schema.org\",\"@graph\":[{\"@type\":\"WebPage\",\"@id\":\"https:\\\/\\\/kohenavocats.com\\\/ru\\\/jurisprudences\\\/cour-de-cassation-23-mai-2019-n-2018-00044\\\/\",\"url\":\"https:\\\/\\\/kohenavocats.com\\\/ru\\\/jurisprudences\\\/cour-de-cassation-23-mai-2019-n-2018-00044\\\/\",\"name\":\"Cour de cassation, 23 mai 2019, n\u00b0 2018-00044 - Ma\u00eetre Hassan Kohen, avocat en droit p\u00e9nal \u00e0 Paris\",\"isPartOf\":{\"@id\":\"https:\\\/\\\/kohenavocats.com\\\/ru\\\/#website\"},\"datePublished\":\"2026-04-29T22:11:53+00:00\",\"dateModified\":\"2026-04-29T22:11:56+00:00\",\"breadcrumb\":{\"@id\":\"https:\\\/\\\/kohenavocats.com\\\/ru\\\/jurisprudences\\\/cour-de-cassation-23-mai-2019-n-2018-00044\\\/#breadcrumb\"},\"inLanguage\":\"ru-RU\",\"potentialAction\":[{\"@type\":\"ReadAction\",\"target\":[\"https:\\\/\\\/kohenavocats.com\\\/ru\\\/jurisprudences\\\/cour-de-cassation-23-mai-2019-n-2018-00044\\\/\"]}]},{\"@type\":\"BreadcrumbList\",\"@id\":\"https:\\\/\\\/kohenavocats.com\\\/ru\\\/jurisprudences\\\/cour-de-cassation-23-mai-2019-n-2018-00044\\\/#breadcrumb\",\"itemListElement\":[{\"@type\":\"ListItem\",\"position\":1,\"name\":\"Home\",\"item\":\"https:\\\/\\\/kohenavocats.com\\\/ru\\\/avocats-en-droit-penal-a-paris-conseil-et-defense-strategique\\\/\"},{\"@type\":\"ListItem\",\"position\":2,\"name\":\"Jurisprudences\",\"item\":\"https:\\\/\\\/kohenavocats.com\\\/ru\\\/jurisprudences\\\/\"},{\"@type\":\"ListItem\",\"position\":3,\"name\":\"Cour de cassation, 23 mai 2019, n\u00b0 2018-00044\"}]},{\"@type\":\"WebSite\",\"@id\":\"https:\\\/\\\/kohenavocats.com\\\/ru\\\/#website\",\"url\":\"https:\\\/\\\/kohenavocats.com\\\/ru\\\/\",\"name\":\"Kohen Avocats\",\"description\":\"Ma\u00eetre Hassan Kohen, avocat p\u00e9naliste \u00e0 Paris, intervient exclusivement en droit p\u00e9nal pour la d\u00e9fense des particuliers, notamment en mati\u00e8re d\u2019accusations de viol. Il assure un accompagnement rigoureux d\u00e8s la garde \u00e0 vue jusqu\u2019\u00e0 la Cour d\u2019assises, veillant au strict respect des garanties proc\u00e9durales.\",\"publisher\":{\"@id\":\"https:\\\/\\\/kohenavocats.com\\\/ru\\\/#organization\"},\"potentialAction\":[{\"@type\":\"SearchAction\",\"target\":{\"@type\":\"EntryPoint\",\"urlTemplate\":\"https:\\\/\\\/kohenavocats.com\\\/ru\\\/?s={search_term_string}\"},\"query-input\":{\"@type\":\"PropertyValueSpecification\",\"valueRequired\":true,\"valueName\":\"search_term_string\"}}],\"inLanguage\":\"ru-RU\"},{\"@type\":\"Organization\",\"@id\":\"https:\\\/\\\/kohenavocats.com\\\/ru\\\/#organization\",\"name\":\"Kohen Avocats\",\"url\":\"https:\\\/\\\/kohenavocats.com\\\/ru\\\/\",\"logo\":{\"@type\":\"ImageObject\",\"inLanguage\":\"ru-RU\",\"@id\":\"https:\\\/\\\/kohenavocats.com\\\/ru\\\/#\\\/schema\\\/logo\\\/image\\\/\",\"url\":\"https:\\\/\\\/kohenavocats.com\\\/wp-content\\\/uploads\\\/2026\\\/01\\\/Logo-2-1.webp\",\"contentUrl\":\"https:\\\/\\\/kohenavocats.com\\\/wp-content\\\/uploads\\\/2026\\\/01\\\/Logo-2-1.webp\",\"width\":2114,\"height\":1253,\"caption\":\"Kohen Avocats\"},\"image\":{\"@id\":\"https:\\\/\\\/kohenavocats.com\\\/ru\\\/#\\\/schema\\\/logo\\\/image\\\/\"}}]}<\/script>\n<!-- \/ Yoast SEO Premium plugin. -->","yoast_head_json":{"title":"Cour de cassation, 23 mai 2019, n\u00b0 2018-00044 - Ma\u00eetre Hassan Kohen, avocat en droit p\u00e9nal \u00e0 Paris","robots":{"index":"index","follow":"follow","max-snippet":"max-snippet:-1","max-image-preview":"max-image-preview:large","max-video-preview":"max-video-preview:-1"},"canonical":"https:\/\/kohenavocats.com\/ru\/jurisprudences\/cour-de-cassation-23-mai-2019-n-2018-00044\/","og_locale":"ru_RU","og_type":"article","og_title":"Cour de cassation, 23 mai 2019, n\u00b0 2018-00044","og_description":"N\u00b0 88 \/ 2019 du 23.05.2019. Num\u00e9ro CAS -2018-00044 du registre. Audience publique de la Cour de cassation du Grand- Duch\u00e9 de Luxembourg du jeu di, vingt-trois mai deux mille dix -neuf. Composition: Jean-Claude WIWINIUS, pr\u00e9sident de la Cour, Romain LUDOVICY, conseiller \u00e0 la Cour\u2026","og_url":"https:\/\/kohenavocats.com\/ru\/jurisprudences\/cour-de-cassation-23-mai-2019-n-2018-00044\/","og_site_name":"Ma\u00eetre Hassan Kohen, avocat en droit p\u00e9nal \u00e0 Paris","article_modified_time":"2026-04-29T22:11:56+00:00","twitter_card":"summary_large_image","twitter_misc":{"\u041f\u0440\u0438\u043c\u0435\u0440\u043d\u043e\u0435 \u0432\u0440\u0435\u043c\u044f \u0434\u043b\u044f \u0447\u0442\u0435\u043d\u0438\u044f":"5 \u043c\u0438\u043d\u0443\u0442"},"schema":{"@context":"https:\/\/schema.org","@graph":[{"@type":"WebPage","@id":"https:\/\/kohenavocats.com\/ru\/jurisprudences\/cour-de-cassation-23-mai-2019-n-2018-00044\/","url":"https:\/\/kohenavocats.com\/ru\/jurisprudences\/cour-de-cassation-23-mai-2019-n-2018-00044\/","name":"Cour de cassation, 23 mai 2019, n\u00b0 2018-00044 - Ma\u00eetre Hassan Kohen, avocat en droit p\u00e9nal \u00e0 Paris","isPartOf":{"@id":"https:\/\/kohenavocats.com\/ru\/#website"},"datePublished":"2026-04-29T22:11:53+00:00","dateModified":"2026-04-29T22:11:56+00:00","breadcrumb":{"@id":"https:\/\/kohenavocats.com\/ru\/jurisprudences\/cour-de-cassation-23-mai-2019-n-2018-00044\/#breadcrumb"},"inLanguage":"ru-RU","potentialAction":[{"@type":"ReadAction","target":["https:\/\/kohenavocats.com\/ru\/jurisprudences\/cour-de-cassation-23-mai-2019-n-2018-00044\/"]}]},{"@type":"BreadcrumbList","@id":"https:\/\/kohenavocats.com\/ru\/jurisprudences\/cour-de-cassation-23-mai-2019-n-2018-00044\/#breadcrumb","itemListElement":[{"@type":"ListItem","position":1,"name":"Home","item":"https:\/\/kohenavocats.com\/ru\/avocats-en-droit-penal-a-paris-conseil-et-defense-strategique\/"},{"@type":"ListItem","position":2,"name":"Jurisprudences","item":"https:\/\/kohenavocats.com\/ru\/jurisprudences\/"},{"@type":"ListItem","position":3,"name":"Cour de cassation, 23 mai 2019, n\u00b0 2018-00044"}]},{"@type":"WebSite","@id":"https:\/\/kohenavocats.com\/ru\/#website","url":"https:\/\/kohenavocats.com\/ru\/","name":"Kohen Avocats","description":"Ma\u00eetre Hassan Kohen, avocat p\u00e9naliste \u00e0 Paris, intervient exclusivement en droit p\u00e9nal pour la d\u00e9fense des particuliers, notamment en mati\u00e8re d\u2019accusations de viol. Il assure un accompagnement rigoureux d\u00e8s la garde \u00e0 vue jusqu\u2019\u00e0 la Cour d\u2019assises, veillant au strict respect des garanties proc\u00e9durales.","publisher":{"@id":"https:\/\/kohenavocats.com\/ru\/#organization"},"potentialAction":[{"@type":"SearchAction","target":{"@type":"EntryPoint","urlTemplate":"https:\/\/kohenavocats.com\/ru\/?s={search_term_string}"},"query-input":{"@type":"PropertyValueSpecification","valueRequired":true,"valueName":"search_term_string"}}],"inLanguage":"ru-RU"},{"@type":"Organization","@id":"https:\/\/kohenavocats.com\/ru\/#organization","name":"Kohen Avocats","url":"https:\/\/kohenavocats.com\/ru\/","logo":{"@type":"ImageObject","inLanguage":"ru-RU","@id":"https:\/\/kohenavocats.com\/ru\/#\/schema\/logo\/image\/","url":"https:\/\/kohenavocats.com\/wp-content\/uploads\/2026\/01\/Logo-2-1.webp","contentUrl":"https:\/\/kohenavocats.com\/wp-content\/uploads\/2026\/01\/Logo-2-1.webp","width":2114,"height":1253,"caption":"Kohen Avocats"},"image":{"@id":"https:\/\/kohenavocats.com\/ru\/#\/schema\/logo\/image\/"}}]}},"jetpack_likes_enabled":false,"jetpack_sharing_enabled":true,"_links":{"self":[{"href":"https:\/\/kohenavocats.com\/ru\/wp-json\/wp\/v2\/kji_decision\/766613","targetHints":{"allow":["GET"]}}],"collection":[{"href":"https:\/\/kohenavocats.com\/ru\/wp-json\/wp\/v2\/kji_decision"}],"about":[{"href":"https:\/\/kohenavocats.com\/ru\/wp-json\/wp\/v2\/types\/kji_decision"}],"wp:attachment":[{"href":"https:\/\/kohenavocats.com\/ru\/wp-json\/wp\/v2\/media?parent=766613"}],"wp:term":[{"taxonomy":"kji_country","embeddable":true,"href":"https:\/\/kohenavocats.com\/ru\/wp-json\/wp\/v2\/kji_country?post=766613"},{"taxonomy":"kji_court","embeddable":true,"href":"https:\/\/kohenavocats.com\/ru\/wp-json\/wp\/v2\/kji_court?post=766613"},{"taxonomy":"kji_chamber","embeddable":true,"href":"https:\/\/kohenavocats.com\/ru\/wp-json\/wp\/v2\/kji_chamber?post=766613"},{"taxonomy":"kji_year","embeddable":true,"href":"https:\/\/kohenavocats.com\/ru\/wp-json\/wp\/v2\/kji_year?post=766613"},{"taxonomy":"kji_subject","embeddable":true,"href":"https:\/\/kohenavocats.com\/ru\/wp-json\/wp\/v2\/kji_subject?post=766613"},{"taxonomy":"kji_keyword","embeddable":true,"href":"https:\/\/kohenavocats.com\/ru\/wp-json\/wp\/v2\/kji_keyword?post=766613"},{"taxonomy":"kji_language","embeddable":true,"href":"https:\/\/kohenavocats.com\/ru\/wp-json\/wp\/v2\/kji_language?post=766613"}],"curies":[{"name":"wp","href":"https:\/\/api.w.org\/{rel}","templated":true}]}}