{"id":774602,"date":"2026-04-30T07:27:05","date_gmt":"2026-04-30T05:27:05","guid":{"rendered":"https:\/\/kohenavocats.com\/jurisprudences\/cour-de-cassation-17-janvier-2019-n-0117-4062\/"},"modified":"2026-04-30T07:27:09","modified_gmt":"2026-04-30T05:27:09","slug":"cour-de-cassation-17-janvier-2019-n-0117-4062","status":"publish","type":"kji_decision","link":"https:\/\/kohenavocats.com\/ru\/jurisprudences\/cour-de-cassation-17-janvier-2019-n-0117-4062\/","title":{"rendered":"Cour de cassation, 17 janvier 2019, n\u00b0 0117-4062"},"content":{"rendered":"<div class=\"kji-decision\">\n<div class=\"kji-full-text\">\n<p>N\u00b0 10 \/ 2019 du 17.01.2019. Num\u00e9ro 4062 du registre.<\/p>\n<p>Audience publique de la Cour de cassation du Grand- Duch\u00e9 de Luxembourg du jeudi, dix-sept janvier deux mille dix-neuf.<\/p>\n<p>Composition:<\/p>\n<p>Jean-Claude WIWINIUS, pr\u00e9sident de la Cour, Romain LUDOVICY, conseiller \u00e0 la Cour de cassation, Carlo HEYARD, conseiller \u00e0 la Cour de cassation, Eliane EICHER, conseiller \u00e0 la Cour de cassation, Michel REIFFERS, conseiller \u00e0 la Cour de cassation, Serge WAGNER, premier avocat g\u00e9n\u00e9ral, Viviane PROBST, greffier \u00e0 la Cour.<\/p>\n<p>Entre:<\/p>\n<p>1) A), et son \u00e9pouse 2) B), les deux demeurant ensemble \u00e0 (\u2026),<\/p>\n<p>demandeurs en cassation,<\/p>\n<p>comparant par Ma\u00eetre Radu DUTA, avocat \u00e0 la Cour, en l\u2019\u00e9tude duquel domicile est \u00e9lu,<\/p>\n<p>et:<\/p>\n<p>1) le SYNDICAT DE LA COPROPRIETE DE LA RESIDENCE \u00ab C) \u00bb, \u00e9tabli \u00e0 (\u2026), repr\u00e9sent\u00e9 par son Syndic, la soci\u00e9t\u00e9 \u00e0 responsabilit\u00e9 limit\u00e9e SOC1) , \u00e9tablie et ayant son si\u00e8ge social \u00e0 (\u2026), inscrite au registre de commerce et des soci\u00e9t\u00e9s sous le num\u00e9ro (\u2026), repr\u00e9sent\u00e9e par son g\u00e9rant,<\/p>\n<p>d\u00e9fendeur en cassation,<\/p>\n<p>comparant par la soci\u00e9t\u00e9 en commandite simple KLEYR GRASSO, inscrite \u00e0 la liste V du tableau de l\u2019Ordre des avocats du barreau de Luxembourg, en l\u2019\u00e9tude de laquelle domicile est \u00e9lu, repr\u00e9sent\u00e9e aux fins de la pr\u00e9sente instance par Ma\u00eetre Yasmine POOS, avocat \u00e0 la Cour,<\/p>\n<p>2) la soci\u00e9t\u00e9 anonyme SOC2) , \u00e9tablie et ayant son si\u00e8ge social \u00e0 (\u2026), repr\u00e9sent\u00e9e par son conseil d\u2019administration, inscrite au registre de commerce et des soci\u00e9t\u00e9s de Luxembourg sous le num\u00e9ro (\u2026),<\/p>\n<p>2 d\u00e9fenderesse en cassation,<\/p>\n<p>comparant par la soci\u00e9t\u00e9 anonyme SCHILTZ &amp; SCHILTZ, inscrite \u00e0 la liste V du tableau de l\u2019Ordre des avocats du barreau de Luxembourg, en l\u2019\u00e9tude de laquelle domicile est \u00e9lu, repr\u00e9sent\u00e9e aux fins de la pr\u00e9sente instance par Ma\u00eetre Franz SCHILTZ, avocat \u00e0 la Cour,<\/p>\n<p>3) la soci\u00e9t\u00e9 anonyme SOC3) , \u00e9tablie et ayant son si\u00e8ge social \u00e0 (\u2026), repr\u00e9sent\u00e9e par son conseil d\u2019administration, inscrite au registre de commerce et des soci\u00e9t\u00e9s de Luxembourg sous le num\u00e9ro (\u2026),<\/p>\n<p>4) D), demeurant \u00e0 (\u2026),<\/p>\n<p>5) E), demeurant \u00e0 (\u2026),<\/p>\n<p>6) F), demeurant \u00e0 (\u2026),<\/p>\n<p>7) G), demeurant \u00e0 (\u2026),<\/p>\n<p>8) H), demeurant \u00e0 (\u2026),<\/p>\n<p>9) l\u2019ADMINISTRATION DES CONTRIBUTIONS DIRECTES, agissant \u00e0 la diligence du Directeur des Contributions, conform\u00e9ment \u00e0 l\u2019article 9 de la loi du 27 novembre 1933, pour lequel domicile est \u00e9lu en son bureau \u00e0 la Direction des Contributions Directes \u00e0 Luxembourg, \u00e9tablie \u00e0 L-2450 Luxembourg, 45, Boulevard Roosevelt,<\/p>\n<p>10) A), demeurant \u00e0 (\u2026), pris en sa qualit\u00e9 de repr\u00e9sentant l\u00e9gal de l\u2019enfant mineur I), n\u00e9 le (\u2026) \u00e0 (\u2026), demeurant \u00e0 (\u2026),<\/p>\n<p>11) B), demeurant \u00e0 (\u2026), prise en sa qualit\u00e9 de repr\u00e9sentant l\u00e9gal de l\u2019enfant mineur I), n\u00e9 le (\u2026) \u00e0 (\u2026), demeurant \u00e0 (\u2026),<\/p>\n<p>12) A), demeurant \u00e0 L-3543 Dudelange, 25, rue Pasteur, pris en sa qualit\u00e9 de repr\u00e9sentant l\u00e9gal de l\u2019enfant mineur J) , n\u00e9 le (\u2026) \u00e0 (\u2026), demeurant \u00e0 (\u2026),<\/p>\n<p>13) B), demeurant \u00e0 (\u2026), prise en sa qualit\u00e9 de repr\u00e9sentant l\u00e9gal de l\u2019enfant mineur J), n\u00e9 le (\u2026) \u00e0 (\u2026), demeurant \u00e0 (\u2026),<\/p>\n<p>14) Ma\u00eetre Marguerite RIES, avocat \u00e0 la Cour, demeurant \u00e0 L-1327 Luxembourg, 6, rue Charles VI, agissant en sa qualit\u00e9 de curateur de la faillite de A), d\u00e9clar\u00e9 en \u00e9tat de faillite par jugement du tribunal de commerce de Luxembourg du (\u2026) ,<\/p>\n<p>d\u00e9fendeurs en cassation.<\/p>\n<p>&#8212;&#8212;&#8212;&#8212;&#8212;&#8212;&#8212;&#8212;&#8212;&#8212;&#8212;&#8212;&#8212;&#8212;&#8212;&#8212;&#8212;&#8212;&#8212;&#8212;&#8212;&#8212;&#8212;&#8212;&#8212;&#8212;&#8212;&#8212;&#8212;&#8212;&#8212;&#8212;&#8212;&#8212;<\/p>\n<p>3 LA COUR DE CASSATION :<\/p>\n<p>Vu l\u2019arr\u00eat attaqu\u00e9, no. 172\/17, rendu le 6 d\u00e9cembre 2017 sous le num\u00e9ro 45370 du r\u00f4le par la Cour d\u2019appel du Grand-Duch\u00e9 de Luxembourg, septi\u00e8me chambre, si\u00e9geant en mati\u00e8re civile ;<\/p>\n<p>Vu le m\u00e9moire en cassation signifi\u00e9 le 13 f\u00e9vrier 2018 par A) et B) au SYNDICAT DES COPROPRIETAIRES DE LA RESIDENCE \u00ab C) \u00bb, \u00e0 la soci\u00e9t\u00e9 anonyme SOC2), \u00e0 la soci\u00e9t\u00e9 anonyme SOC3) , \u00e0 D) , E), F), G), H)), \u00e0 l\u2019ADMINISTRATION DES CONTRIBUTIONS DIRECTES, \u00e0 A) et B), pris en leur qualit\u00e9 de repr\u00e9sentants l\u00e9gaux de leurs enfants mineurs I) et J) et \u00e0 Ma\u00eetre Marguerite RIES, agissant en sa qualit\u00e9 de curateur de la faillite de A), m\u00e9moire d\u00e9pos\u00e9 le 19 f\u00e9vrier 2018 au greffe de la Cour ;<\/p>\n<p>Vu le m\u00e9moire en r\u00e9ponse signifi\u00e9 le 21 mars 2018 par le SYNDICAT DES COPROPRIETAIRES DE LA RESIDENCE \u00ab C) \u00bb \u00e0 A) et B), pris tant en leur nom personnel qu\u2019en leur qualit\u00e9 de repr\u00e9sentants l\u00e9gaux de leurs enfants mineurs I) et J), \u00e0 la soci\u00e9t\u00e9 anonyme SOC2) , \u00e0 la soci\u00e9t\u00e9 anonyme SOC3) , \u00e0 D), E), F), G), H), \u00e0 l\u2019ADMINISTRATION DES CONTRIBUTIONS DIRECTES et \u00e0 Ma\u00eetre Marguerite RIES, agissant en sa qualit\u00e9 de curateur de la faillite de A), m\u00e9moire d\u00e9pos\u00e9 le 28 mars 2018 au greffe de la Cour ;<\/p>\n<p>Vu le m\u00e9moire en r\u00e9ponse signifi\u00e9 le 6 avril 2018 par la soci\u00e9t\u00e9 anonyme SOC2) \u00e0 A) et B), pris tant en leur nom personnel qu\u2019en leur qualit\u00e9 de repr\u00e9sentants l\u00e9gaux de leurs enfants mineurs I) et J), au SYNDICAT DES COPROPRIETAIRES DE LA RESIDENCE \u00ab C) \u00bb, \u00e0 la soci\u00e9t\u00e9 anonyme SOC3) , \u00e0 D), E), F), G), H), \u00e0 l\u2019ADMINISTRATION DES CONTRIBUTIONS DIRECTES et \u00e0 Ma\u00eetre Marguerite RIES, agissant en sa qualit\u00e9 de curateur de la faillite de A), m\u00e9moire d\u00e9pos\u00e9 le 12 avril 2018 au greffe de la Cour ;<\/p>\n<p>Sur le rapport du conseiller Romain LUDOVICY et sur les conclusions de l\u2019avocat g\u00e9n\u00e9ral Marc SCHILTZ ;<\/p>\n<p>Sur les faits :<\/p>\n<p>Attendu, selon l\u2019arr\u00eat attaqu\u00e9, que le tribunal d\u2019arrondissement de Luxembourg avait d\u00e9clar\u00e9 r\u00e9guli\u00e8re en la forme et valable au fond une saisie immobili\u00e8re pratiqu\u00e9e par le SYNDICAT DES COPROPRIETAIRES DE LA RESIDENCE \u00ab C) \u00bb sur les lots, dans cet immeuble en copropri\u00e9t\u00e9 , appartenant aux \u00e9poux A) -B) ; que la Cour d\u2019appel a confirm\u00e9 le jugement entrepris ;<\/p>\n<p>Sur la recevabilit\u00e9 du pourvoi :<\/p>\n<p>Attendu qu\u2019il r\u00e9sulte des \u00e9nonciations de l\u2019acte de signification du m\u00e9moire en cassation que A) a \u00e9t\u00e9 d\u00e9clar\u00e9 en \u00e9tat de faillite par jugement du tribunal d\u2019arrondissement de Luxembourg, si\u00e9geant en mati\u00e8re commerciale, du 29 juin 2012 ;<\/p>\n<p>Qu\u2019il en suit qu\u2019en application des articles 444, alin\u00e9a 1, et 452 du Code de commerce, le pourvoi est \u00e0 d\u00e9clarer irrecevable pour autant qu\u2019il a \u00e9t\u00e9 introduit par A) ;<\/p>\n<p>Attendu que le pourvoi introduit par B) dans les formes et d\u00e9lai de la loi est recevable ;<\/p>\n<p>Sur le premier moyen de cassation :<\/p>\n<p>\u00ab tir\u00e9 de la violation de l&#039;article 809 du nouveau Code de proc\u00e9dure civile par d\u00e9naturation des faits,<\/p>\n<p>en ce que la Cour d&#039;appel du Grand- Duch\u00e9 de Luxembourg, aux termes de l&#039;arr\u00eat attaqu\u00e9 a confirm\u00e9 le jugement rendu en date du 25 septembre 2017, aux termes duquel la saisie immobili\u00e8re pratiqu\u00e9e par le Syndicat des copropri\u00e9taires de la R\u00e9sidence &lt;&lt; C) &gt;&gt; a \u00e9t\u00e9 d\u00e9clar\u00e9e &lt;&lt; r\u00e9guli\u00e8re en la forme et valable au fond &gt;&gt; suivant proc\u00e8s-verbal d&#039;huissier de justice du 6 f\u00e9vrier 2017,<\/p>\n<p>alors que le commandement \u00e0 personne pr\u00e9c\u00e9dant la saisie immobili\u00e8re n&#039;a pas \u00e9t\u00e9 signifi\u00e9 au sieur A) mais uniquement \u00e0 son \u00e9pouse, la dame B) et que le sieur A) est pourtant partie au jugement du 25 septembre 2017 et \u00e0 l&#039;arr\u00eat entrepris du 6 d\u00e9cembre 2017 \u00bb ;<\/p>\n<p>Attendu qu\u2019il r\u00e9sulte des \u00e9nonciations de l\u2019acte de signification du commandement du 30 septembre 2016 que celui-ci a \u00e9t\u00e9 signifi\u00e9 au curateur de la faillite de A) , conform\u00e9ment aux dispositions des articles 444, alin\u00e9a 1, et 452 du Code de commerce ;<\/p>\n<p>Qu\u2019il en suit que le moyen n\u2019est pas fond\u00e9 ;<\/p>\n<p>Sur le second moyen de cassation :<\/p>\n<p>\u00ab tir\u00e9 de la violation de l&#039;article 89 de la Constitution et de l&#039;article 6 paragraphe 1 de la Convention Europ\u00e9enne des Droits de l&#039;Homme (CEDH),<\/p>\n<p>en ce que la Cour d&#039;appel du Grand- Duch\u00e9 de Luxembourg, aux termes de l&#039;arr\u00eat attaqu\u00e9 a confirm\u00e9 purement et simplement le jugement rendu en date du 25 septembre 2017, aux termes duquel la saisie immobili\u00e8re pratiqu\u00e9e par le Syndicat des copropri\u00e9taires de la R\u00e9sidence &lt;&lt; C) &gt;&gt; a \u00e9t\u00e9 d\u00e9clar\u00e9e &lt;&lt; r\u00e9guli\u00e8re en la forme et valable au fond &gt;&gt; suivant proc\u00e8s-verbal d&#039;huissier de justice du 6 f\u00e9vrier 2017,<\/p>\n<p>alors que le jugement du 25 septembre 2017 comprend une contradiction dans son dispositif en disant que &lt;&lt; l&#039;attribution du prix d&#039;adjudication est \u00e0 r\u00e9server en attendant l&#039;issue d\u00e9finitive du litige pendant devant la 11\u00e8me Chambre du Tribunal d&#039;arrondissement opposant la soci\u00e9t\u00e9 anonyme de droit luxembourgeois Soc2) SA aux \u00e9poux K) et L) et ayant trait au remboursement de la somme de<\/p>\n<p>5 112.134,03 \u20ac remise en ex\u00e9cution d&#039;un compromis de vente du 28 septembre 2015 &gt;&gt; ;<\/p>\n<p>Attendu qu\u2019aux termes de l\u2019article 10, alin\u00e9a 2, de la loi du 18 f\u00e9vrier 1885 sur les pourvois et la proc\u00e9dure en cassation, chaque moyen ou chaque branche doit pr\u00e9ciser, sous peine d\u2019irrecevabilit\u00e9, la partie critiqu\u00e9e de la d\u00e9cision et ce en quoi celle-ci encourt le reproche all\u00e9gu\u00e9 ;<\/p>\n<p>Attendu que le moyen ne pr\u00e9cise pas en quoi consisterait la pr\u00e9tendue contradiction entachant le dispositif du jugement de premi\u00e8re instance, confirm\u00e9 par l\u2019arr\u00eat attaqu\u00e9, les d\u00e9veloppements en droit qui, aux termes de l\u2019alin\u00e9a 3 du m\u00eame article 10, peuvent compl\u00e9ter l\u2019\u00e9nonc\u00e9 du moyen, ne pouvant suppl\u00e9er \u00e0 la carence originaire de celui-ci au regard des \u00e9l\u00e9ments dont la pr\u00e9cision est requise sous peine d\u2019irrecevabilit\u00e9 ;<\/p>\n<p>Qu\u2019il en suit que le moyen est irrecevable ;<\/p>\n<p>Sur les demandes en allocation d\u2019une indemnit\u00e9 de proc\u00e9dure :<\/p>\n<p>Attendu qu\u2019il serait in\u00e9quitable de laisser \u00e0 charge des d\u00e9fendeurs en cassation SYNDICAT DES COPROPRIETAIRES DE LA RESIDENCE \u00ab C) \u00bb et SOC2) l\u2019int\u00e9gralit\u00e9 des frais expos\u00e9s non compris dans les d\u00e9pens ; qu\u2019il convient de leur allouer \u00e0 chacun une indemnit\u00e9 de proc\u00e9dure de 2.000 euros ;<\/p>\n<p>Par ces motifs,<\/p>\n<p>d\u00e9clare le pourvoi irrecevable pour autant qu\u2019il a \u00e9t\u00e9 introduit par A) ;<\/p>\n<p>le rejette pour le surplus ;<\/p>\n<p>condamne les demandeurs en cassation \u00e0 payer \u00e0 chacun des d\u00e9fendeurs en cassation SYNDICAT DES COPROPRIETAIRES DE LA RESIDENCE \u00ab C)\u00bb et SOC2) une indemnit\u00e9 de proc\u00e9dure de 2.000 euros ;<\/p>\n<p>condamne les demandeurs en cassation aux d\u00e9pens de l\u2019instance en cassation avec distraction au profit de la soci\u00e9t\u00e9 en commandite simple KLEYR GRASSO et de la soci\u00e9t\u00e9 anonyme SCHILTZ &amp; SCHILTZ, sur leurs affirmations de droit.<\/p>\n<p>La lecture du pr\u00e9sent arr\u00eat a \u00e9t\u00e9 faite en la susdite audience publique par Monsieur le pr\u00e9sident Jean-Claude WIWINIUS, en pr\u00e9sence de Monsieur Serge WAGNER, premier avocat g\u00e9n\u00e9ral, et de Madame Viviane PROBST, greffier \u00e0 la Cour.<\/p>\n<\/div>\n<hr class=\"kji-sep\" \/>\n<p class=\"kji-source-links\"><strong>Sources officielles :<\/strong> <a class=\"kji-source-link\" href=\"https:\/\/data.public.lu\/fr\/datasets\/cour-de-cassation\/\" target=\"_blank\" rel=\"noopener noreferrer\">consulter la page source<\/a> &middot; <a class=\"kji-pdf-link\" href=\"https:\/\/download.data.public.lu\/resources\/cour-de-cassation\/20240806-150719\/20190117-4062a-accessible.pdf\" target=\"_blank\" rel=\"noopener noreferrer\">PDF officiel<\/a><\/p>\n<p class=\"kji-license-note\"><em>Licence CC BY-ND 4.0 (Administration judiciaire, data.public.lu). Republication autorisee avec attribution, sans modification editoriale du texte integral.<\/em><\/p>\n<\/div>\n","protected":false},"excerpt":{"rendered":"<p>N\u00b0 10 \/ 2019 du 17.01.2019. Num\u00e9ro 4062 du registre. Audience publique de la Cour de cassation du Grand- Duch\u00e9 de Luxembourg du jeudi, dix-sept janvier deux mille dix-neuf. Composition: Jean-Claude WIWINIUS, pr\u00e9sident de la Cour, Romain LUDOVICY, conseiller \u00e0 la Cour de cassation, Carlo\u2026<\/p>\n","protected":false},"featured_media":0,"template":"","meta":{"_crdt_document":""},"kji_country":[8418],"kji_court":[8423],"kji_chamber":[],"kji_year":[45029],"kji_subject":[7724],"kji_keyword":[8424,8460],"kji_language":[7733],"class_list":["post-774602","kji_decision","type-kji_decision","status-publish","hentry","kji_country-luxembourg","kji_court-cour-de-cassation","kji_year-45029","kji_subject-civil","kji_keyword-cassation","kji_keyword-janvier","kji_language-francais"],"yoast_head":"<!-- This site is optimized with the Yoast SEO Premium plugin v27.5 (Yoast SEO v27.5) - https:\/\/yoast.com\/product\/yoast-seo-premium-wordpress\/ -->\n<title>Cour de cassation, 17 janvier 2019, n\u00b0 0117-4062 - Ma\u00eetre Hassan Kohen, avocat en droit p\u00e9nal \u00e0 Paris<\/title>\n<meta name=\"robots\" content=\"index, follow, max-snippet:-1, max-image-preview:large, max-video-preview:-1\" \/>\n<link rel=\"canonical\" href=\"https:\/\/kohenavocats.com\/ru\/jurisprudences\/cour-de-cassation-17-janvier-2019-n-0117-4062\/\" \/>\n<meta property=\"og:locale\" content=\"ru_RU\" \/>\n<meta property=\"og:type\" content=\"article\" \/>\n<meta property=\"og:title\" content=\"Cour de cassation, 17 janvier 2019, n\u00b0 0117-4062\" \/>\n<meta property=\"og:description\" content=\"N\u00b0 10 \/ 2019 du 17.01.2019. Num\u00e9ro 4062 du registre. Audience publique de la Cour de cassation du Grand- Duch\u00e9 de Luxembourg du jeudi, dix-sept janvier deux mille dix-neuf. Composition: Jean-Claude WIWINIUS, pr\u00e9sident de la Cour, Romain LUDOVICY, conseiller \u00e0 la Cour de cassation, Carlo\u2026\" \/>\n<meta property=\"og:url\" content=\"https:\/\/kohenavocats.com\/ru\/jurisprudences\/cour-de-cassation-17-janvier-2019-n-0117-4062\/\" \/>\n<meta property=\"og:site_name\" content=\"Ma\u00eetre Hassan Kohen, avocat en droit p\u00e9nal \u00e0 Paris\" \/>\n<meta property=\"article:modified_time\" content=\"2026-04-30T05:27:09+00:00\" \/>\n<meta name=\"twitter:card\" content=\"summary_large_image\" \/>\n<meta name=\"twitter:label1\" content=\"\u041f\u0440\u0438\u043c\u0435\u0440\u043d\u043e\u0435 \u0432\u0440\u0435\u043c\u044f \u0434\u043b\u044f \u0447\u0442\u0435\u043d\u0438\u044f\" \/>\n\t<meta name=\"twitter:data1\" content=\"9 \u043c\u0438\u043d\u0443\u0442\" \/>\n<script type=\"application\/ld+json\" class=\"yoast-schema-graph\">{\"@context\":\"https:\\\/\\\/schema.org\",\"@graph\":[{\"@type\":\"WebPage\",\"@id\":\"https:\\\/\\\/kohenavocats.com\\\/ru\\\/jurisprudences\\\/cour-de-cassation-17-janvier-2019-n-0117-4062\\\/\",\"url\":\"https:\\\/\\\/kohenavocats.com\\\/ru\\\/jurisprudences\\\/cour-de-cassation-17-janvier-2019-n-0117-4062\\\/\",\"name\":\"Cour de cassation, 17 janvier 2019, n\u00b0 0117-4062 - Ma\u00eetre Hassan Kohen, avocat en droit p\u00e9nal \u00e0 Paris\",\"isPartOf\":{\"@id\":\"https:\\\/\\\/kohenavocats.com\\\/ru\\\/#website\"},\"datePublished\":\"2026-04-30T05:27:05+00:00\",\"dateModified\":\"2026-04-30T05:27:09+00:00\",\"breadcrumb\":{\"@id\":\"https:\\\/\\\/kohenavocats.com\\\/ru\\\/jurisprudences\\\/cour-de-cassation-17-janvier-2019-n-0117-4062\\\/#breadcrumb\"},\"inLanguage\":\"ru-RU\",\"potentialAction\":[{\"@type\":\"ReadAction\",\"target\":[\"https:\\\/\\\/kohenavocats.com\\\/ru\\\/jurisprudences\\\/cour-de-cassation-17-janvier-2019-n-0117-4062\\\/\"]}]},{\"@type\":\"BreadcrumbList\",\"@id\":\"https:\\\/\\\/kohenavocats.com\\\/ru\\\/jurisprudences\\\/cour-de-cassation-17-janvier-2019-n-0117-4062\\\/#breadcrumb\",\"itemListElement\":[{\"@type\":\"ListItem\",\"position\":1,\"name\":\"Home\",\"item\":\"https:\\\/\\\/kohenavocats.com\\\/ru\\\/avocats-en-droit-penal-a-paris-conseil-et-defense-strategique\\\/\"},{\"@type\":\"ListItem\",\"position\":2,\"name\":\"Jurisprudences\",\"item\":\"https:\\\/\\\/kohenavocats.com\\\/ru\\\/jurisprudences\\\/\"},{\"@type\":\"ListItem\",\"position\":3,\"name\":\"Cour de cassation, 17 janvier 2019, n\u00b0 0117-4062\"}]},{\"@type\":\"WebSite\",\"@id\":\"https:\\\/\\\/kohenavocats.com\\\/ru\\\/#website\",\"url\":\"https:\\\/\\\/kohenavocats.com\\\/ru\\\/\",\"name\":\"Kohen Avocats\",\"description\":\"Ma\u00eetre Hassan Kohen, avocat p\u00e9naliste \u00e0 Paris, intervient exclusivement en droit p\u00e9nal pour la d\u00e9fense des particuliers, notamment en mati\u00e8re d\u2019accusations de viol. Il assure un accompagnement rigoureux d\u00e8s la garde \u00e0 vue jusqu\u2019\u00e0 la Cour d\u2019assises, veillant au strict respect des garanties proc\u00e9durales.\",\"publisher\":{\"@id\":\"https:\\\/\\\/kohenavocats.com\\\/ru\\\/#organization\"},\"potentialAction\":[{\"@type\":\"SearchAction\",\"target\":{\"@type\":\"EntryPoint\",\"urlTemplate\":\"https:\\\/\\\/kohenavocats.com\\\/ru\\\/?s={search_term_string}\"},\"query-input\":{\"@type\":\"PropertyValueSpecification\",\"valueRequired\":true,\"valueName\":\"search_term_string\"}}],\"inLanguage\":\"ru-RU\"},{\"@type\":\"Organization\",\"@id\":\"https:\\\/\\\/kohenavocats.com\\\/ru\\\/#organization\",\"name\":\"Kohen Avocats\",\"url\":\"https:\\\/\\\/kohenavocats.com\\\/ru\\\/\",\"logo\":{\"@type\":\"ImageObject\",\"inLanguage\":\"ru-RU\",\"@id\":\"https:\\\/\\\/kohenavocats.com\\\/ru\\\/#\\\/schema\\\/logo\\\/image\\\/\",\"url\":\"https:\\\/\\\/kohenavocats.com\\\/wp-content\\\/uploads\\\/2026\\\/01\\\/Logo-2-1.webp\",\"contentUrl\":\"https:\\\/\\\/kohenavocats.com\\\/wp-content\\\/uploads\\\/2026\\\/01\\\/Logo-2-1.webp\",\"width\":2114,\"height\":1253,\"caption\":\"Kohen Avocats\"},\"image\":{\"@id\":\"https:\\\/\\\/kohenavocats.com\\\/ru\\\/#\\\/schema\\\/logo\\\/image\\\/\"}}]}<\/script>\n<!-- \/ Yoast SEO Premium plugin. -->","yoast_head_json":{"title":"Cour de cassation, 17 janvier 2019, n\u00b0 0117-4062 - Ma\u00eetre Hassan Kohen, avocat en droit p\u00e9nal \u00e0 Paris","robots":{"index":"index","follow":"follow","max-snippet":"max-snippet:-1","max-image-preview":"max-image-preview:large","max-video-preview":"max-video-preview:-1"},"canonical":"https:\/\/kohenavocats.com\/ru\/jurisprudences\/cour-de-cassation-17-janvier-2019-n-0117-4062\/","og_locale":"ru_RU","og_type":"article","og_title":"Cour de cassation, 17 janvier 2019, n\u00b0 0117-4062","og_description":"N\u00b0 10 \/ 2019 du 17.01.2019. Num\u00e9ro 4062 du registre. Audience publique de la Cour de cassation du Grand- Duch\u00e9 de Luxembourg du jeudi, dix-sept janvier deux mille dix-neuf. Composition: Jean-Claude WIWINIUS, pr\u00e9sident de la Cour, Romain LUDOVICY, conseiller \u00e0 la Cour de cassation, Carlo\u2026","og_url":"https:\/\/kohenavocats.com\/ru\/jurisprudences\/cour-de-cassation-17-janvier-2019-n-0117-4062\/","og_site_name":"Ma\u00eetre Hassan Kohen, avocat en droit p\u00e9nal \u00e0 Paris","article_modified_time":"2026-04-30T05:27:09+00:00","twitter_card":"summary_large_image","twitter_misc":{"\u041f\u0440\u0438\u043c\u0435\u0440\u043d\u043e\u0435 \u0432\u0440\u0435\u043c\u044f \u0434\u043b\u044f \u0447\u0442\u0435\u043d\u0438\u044f":"9 \u043c\u0438\u043d\u0443\u0442"},"schema":{"@context":"https:\/\/schema.org","@graph":[{"@type":"WebPage","@id":"https:\/\/kohenavocats.com\/ru\/jurisprudences\/cour-de-cassation-17-janvier-2019-n-0117-4062\/","url":"https:\/\/kohenavocats.com\/ru\/jurisprudences\/cour-de-cassation-17-janvier-2019-n-0117-4062\/","name":"Cour de cassation, 17 janvier 2019, n\u00b0 0117-4062 - Ma\u00eetre Hassan Kohen, avocat en droit p\u00e9nal \u00e0 Paris","isPartOf":{"@id":"https:\/\/kohenavocats.com\/ru\/#website"},"datePublished":"2026-04-30T05:27:05+00:00","dateModified":"2026-04-30T05:27:09+00:00","breadcrumb":{"@id":"https:\/\/kohenavocats.com\/ru\/jurisprudences\/cour-de-cassation-17-janvier-2019-n-0117-4062\/#breadcrumb"},"inLanguage":"ru-RU","potentialAction":[{"@type":"ReadAction","target":["https:\/\/kohenavocats.com\/ru\/jurisprudences\/cour-de-cassation-17-janvier-2019-n-0117-4062\/"]}]},{"@type":"BreadcrumbList","@id":"https:\/\/kohenavocats.com\/ru\/jurisprudences\/cour-de-cassation-17-janvier-2019-n-0117-4062\/#breadcrumb","itemListElement":[{"@type":"ListItem","position":1,"name":"Home","item":"https:\/\/kohenavocats.com\/ru\/avocats-en-droit-penal-a-paris-conseil-et-defense-strategique\/"},{"@type":"ListItem","position":2,"name":"Jurisprudences","item":"https:\/\/kohenavocats.com\/ru\/jurisprudences\/"},{"@type":"ListItem","position":3,"name":"Cour de cassation, 17 janvier 2019, n\u00b0 0117-4062"}]},{"@type":"WebSite","@id":"https:\/\/kohenavocats.com\/ru\/#website","url":"https:\/\/kohenavocats.com\/ru\/","name":"Kohen Avocats","description":"Ma\u00eetre Hassan Kohen, avocat p\u00e9naliste \u00e0 Paris, intervient exclusivement en droit p\u00e9nal pour la d\u00e9fense des particuliers, notamment en mati\u00e8re d\u2019accusations de viol. Il assure un accompagnement rigoureux d\u00e8s la garde \u00e0 vue jusqu\u2019\u00e0 la Cour d\u2019assises, veillant au strict respect des garanties proc\u00e9durales.","publisher":{"@id":"https:\/\/kohenavocats.com\/ru\/#organization"},"potentialAction":[{"@type":"SearchAction","target":{"@type":"EntryPoint","urlTemplate":"https:\/\/kohenavocats.com\/ru\/?s={search_term_string}"},"query-input":{"@type":"PropertyValueSpecification","valueRequired":true,"valueName":"search_term_string"}}],"inLanguage":"ru-RU"},{"@type":"Organization","@id":"https:\/\/kohenavocats.com\/ru\/#organization","name":"Kohen Avocats","url":"https:\/\/kohenavocats.com\/ru\/","logo":{"@type":"ImageObject","inLanguage":"ru-RU","@id":"https:\/\/kohenavocats.com\/ru\/#\/schema\/logo\/image\/","url":"https:\/\/kohenavocats.com\/wp-content\/uploads\/2026\/01\/Logo-2-1.webp","contentUrl":"https:\/\/kohenavocats.com\/wp-content\/uploads\/2026\/01\/Logo-2-1.webp","width":2114,"height":1253,"caption":"Kohen Avocats"},"image":{"@id":"https:\/\/kohenavocats.com\/ru\/#\/schema\/logo\/image\/"}}]}},"jetpack_likes_enabled":false,"jetpack_sharing_enabled":true,"_links":{"self":[{"href":"https:\/\/kohenavocats.com\/ru\/wp-json\/wp\/v2\/kji_decision\/774602","targetHints":{"allow":["GET"]}}],"collection":[{"href":"https:\/\/kohenavocats.com\/ru\/wp-json\/wp\/v2\/kji_decision"}],"about":[{"href":"https:\/\/kohenavocats.com\/ru\/wp-json\/wp\/v2\/types\/kji_decision"}],"wp:attachment":[{"href":"https:\/\/kohenavocats.com\/ru\/wp-json\/wp\/v2\/media?parent=774602"}],"wp:term":[{"taxonomy":"kji_country","embeddable":true,"href":"https:\/\/kohenavocats.com\/ru\/wp-json\/wp\/v2\/kji_country?post=774602"},{"taxonomy":"kji_court","embeddable":true,"href":"https:\/\/kohenavocats.com\/ru\/wp-json\/wp\/v2\/kji_court?post=774602"},{"taxonomy":"kji_chamber","embeddable":true,"href":"https:\/\/kohenavocats.com\/ru\/wp-json\/wp\/v2\/kji_chamber?post=774602"},{"taxonomy":"kji_year","embeddable":true,"href":"https:\/\/kohenavocats.com\/ru\/wp-json\/wp\/v2\/kji_year?post=774602"},{"taxonomy":"kji_subject","embeddable":true,"href":"https:\/\/kohenavocats.com\/ru\/wp-json\/wp\/v2\/kji_subject?post=774602"},{"taxonomy":"kji_keyword","embeddable":true,"href":"https:\/\/kohenavocats.com\/ru\/wp-json\/wp\/v2\/kji_keyword?post=774602"},{"taxonomy":"kji_language","embeddable":true,"href":"https:\/\/kohenavocats.com\/ru\/wp-json\/wp\/v2\/kji_language?post=774602"}],"curies":[{"name":"wp","href":"https:\/\/api.w.org\/{rel}","templated":true}]}}