{"id":777678,"date":"2026-04-30T10:08:18","date_gmt":"2026-04-30T08:08:18","guid":{"rendered":"https:\/\/kohenavocats.com\/jurisprudences\/cour-superieure-de-justice-6-decembre-2018-n-1206-44656\/"},"modified":"2026-04-30T10:08:22","modified_gmt":"2026-04-30T08:08:22","slug":"cour-superieure-de-justice-6-decembre-2018-n-1206-44656","status":"publish","type":"kji_decision","link":"https:\/\/kohenavocats.com\/ru\/jurisprudences\/cour-superieure-de-justice-6-decembre-2018-n-1206-44656\/","title":{"rendered":"Cour sup\u00e9rieure de justice, 6 d\u00e9cembre 2018, n\u00b0 1206-44656"},"content":{"rendered":"<div class=\"kji-decision\">\n<div class=\"kji-full-text\">\n<p>Arr\u00eat N\u00b0 138\/18 &#8212; III \u2013 TRAV<\/p>\n<p>Exempt &#8212; appel en mati\u00e8re de droit du travail.<\/p>\n<p>Audience publique du six d\u00e9cembre deux mille dix -huit.<\/p>\n<p>Num\u00e9ro 44656 du r\u00f4le<\/p>\n<p>Composition: Ria LUTZ, pr\u00e9sidente de chambre, Marie- Laure MEYER, premier conseiller, Carole KERSCHEN, conseiller, Isabelle HIPPERT, greffier.<\/p>\n<p>Entre :<\/p>\n<p>la soci\u00e9t\u00e9 anonyme S1 S.A., \u00e9tablie et ayant son si\u00e8ge social \u00e0 L-(\u2026), repr\u00e9sent\u00e9e par son conseil d\u2019administration actuellement en fonctions,<\/p>\n<p>appelante aux termes d\u2019un exploit de l\u2019huissier de justice suppl\u00e9ant Laura GEIGER de Luxembourg du 17 f\u00e9vrier 2017,<\/p>\n<p>comparant par Ma\u00eetre Claude SCHMARTZ , avocat \u00e0 la Cour \u00e0 Luxembourg,<\/p>\n<p>et :<\/p>\n<p>A, demeurant \u00e0 F -(\u2026),<\/p>\n<p>intim\u00e9e aux fins du susdit exploit GEIGER ,<\/p>\n<p>comparant par Ma\u00eetre Nadia CHOUHAD, avocat \u00e0 la Cour \u00e0 Luxembourg.<\/p>\n<p>2 LA COUR D&#039;APPEL:<\/p>\n<p>Vu l\u2019ordonnance de cl\u00f4ture de l\u2019instruction du 30 octobre 2018.<\/p>\n<p>Ou\u00ef le magistrat de la mise en \u00e9tat en son rapport oral \u00e0 l\u2019audience.<\/p>\n<p>Par une requ\u00eate d\u00e9pos\u00e9e au greffe le 18 novembre 2014, A a fait r\u00e9guli\u00e8rement convoquer son ancien employeur, la soci\u00e9t\u00e9 anonyme S1 devant le tribunal du travail de Luxembourg afin de voir d\u00e9clarer abusif son licenciement avec pr\u00e9avis et voir condamner la soci\u00e9t\u00e9 d\u00e9fenderesse \u00e0 l\u2019indemniser pour le montant de 15.000 euros \u00e0 titre de pr\u00e9judice moral et 22.283,94 euros \u00e0 titre de pr\u00e9judice mat\u00e9riel.<\/p>\n<p>La demande tend encore au paiement d\u2019une indemnit\u00e9 de 1.588,34.- \u20ac pour jours de cong\u00e9 non pris.<\/p>\n<p>La demande tend enfin au paiement d\u2019une indemnit\u00e9 de proc\u00e9dure de 2.000 euros .<\/p>\n<p>A est entr\u00e9e au service de la soci\u00e9t\u00e9 anonyme S1 \u00e0 partir du 1 er octobre 2011 en qualit\u00e9 de serveuse au salon de consommation X , d\u2019abord en vertu d\u2019un contrat \u00e0 dur\u00e9e d\u00e9termin\u00e9e, puis en vertu d\u2019un contrat \u00e0 dur\u00e9e ind\u00e9termin\u00e9e du 1 er avril 2012.<\/p>\n<p>Suivant un premier avenant du 1 er avril 2012, A est rest\u00e9e en fonction de serveuse au salon X pour 20 heures par semaine et est entr\u00e9e en fonction de femme de m\u00e9nage dans la filiale Y pour 20 heures par semaine.<\/p>\n<p>Suivant un avenant du 1 er octobre 2012, les fonctions de A \u00e9taient exclusivement celles de femme de m\u00e9nage \u00e0 la filiale Y pour 40 heures par semaine.<\/p>\n<p>Par lettre recommand\u00e9e du 17 septembre 2013, suite \u00e0 un entretien pr\u00e9alable, elle a \u00e9t\u00e9 licenci\u00e9e moyennant le pr\u00e9avis l\u00e9gal, expirant le 30 novembre 2013.<\/p>\n<p>Les motifs du licenciement ont \u00e9t\u00e9 envoy\u00e9s \u00e0 la requ\u00e9rante le 25 octobre 2013 \u00e0 sa demande.<\/p>\n<p>Ils ont trait \u00e0 des insuffisances professionnelles de la requ\u00e9rante en sa qualit\u00e9 de femme de m\u00e9nage, des nettoyages incomplets voire absents, rangement non correct, pr\u00e9sence de salet\u00e9s malgr\u00e9 plusieurs avertissements oraux.<\/p>\n<p>L\u2019employeur fit encore grief \u00e0 la requ\u00e9rante d\u2019avoir eu une tenue vestimentaire (chaussures ouvertes, mini-jupe etc.) inadapt\u00e9e au travail, d\u2019avoir port\u00e9 des bijoux, d\u2019avoir utilis\u00e9 la m\u00eame eau pour le nettoyage du sol et des murs, toutes ces r\u00e8gles d\u00e9coulant d\u2019une charge sign\u00e9e par la requ\u00e9rante lors de son entr\u00e9e en fonctions.<\/p>\n<p>Sont encore invoqu\u00e9s des retards r\u00e9guliers au travail et des d\u00e9parts anticip\u00e9s, et ce \u00ab depuis des mois \u00bb.<\/p>\n<p>La salari\u00e9e contesta tant la pr\u00e9cision que la r\u00e9alit\u00e9 et le s\u00e9rieux des motifs invoqu\u00e9s.<\/p>\n<p>La soci\u00e9t\u00e9 employeuse formula une offre de preuve par t\u00e9moins et contesta les montants r\u00e9clam\u00e9s par la salari\u00e9e.<\/p>\n<p>Par un jugement rendu contradictoirement entre parties le 9 janvier 2017, le tribunal du travail a d\u00e9clar\u00e9 le licenciement abusif et refix\u00e9 l\u2019affaire \u00e0 une audience ult\u00e9rieure.<\/p>\n<p>Pour statuer comme il l\u2019a fait, le tribunal du travail a rejet\u00e9 certains motifs en raison de leur impr\u00e9cision et d\u00e9clar\u00e9 les autres non s\u00e9rieux.<\/p>\n<p>La soci\u00e9t\u00e9 S1 a relev\u00e9 appel du susdit jugement par acte d\u2019huissier du 17 f\u00e9vrier 2017.<\/p>\n<p>L\u2019appelante demande par r\u00e9formation du jugement rendu en date du 9 janvier 2017 par le tribunal du travail de Luxembourg de dire que les motifs gisant \u00e0 la base du licenciement avec pr\u00e9avis intervenu en date du 17 septembre 2013 \u00e0 l\u2019\u00e9gard de A rev\u00eatent bel et bien le caract\u00e8re de pr\u00e9cision requis par la loi et la jurisprudence pour que le licenciement soit valable et ce pour les causes sus-\u00e9nonc\u00e9es, partant en ordre principal et afin de garantir un double degr\u00e9 de juridiction, renvoyer l\u2019affaire pour continuation des d\u00e9bats devant le tribunal de premi\u00e8re instance autrement compos\u00e9 ; uniquement pour autant que de besoin, \u00e0 titre tout \u00e0 fait subsidiaire et pour le cas o\u00f9 la Cour d\u00e9cidait que, conform\u00e9ment aux dispositions de l\u2019article 597 du NCPC, il sera statu\u00e9 en m\u00eame temps sur le fond d\u00e9finitivement par un m\u00eame arr\u00eat, dire encore que le licenciement proc\u00e8de d\u2019une cause r\u00e9elle et s\u00e9rieuse et qu\u2019il est d\u00e8s lors parfaitement valable ; dans tous les cas condamner A \u00e0 payer \u00e0 la soci\u00e9t\u00e9 S1 une indemnit\u00e9 de proc\u00e9dure d\u2019un montant de 1.500 euros conform\u00e9ment \u00e0 l\u2019article 240 du NCPC.<\/p>\n<p>Elle est d\u2019avis que les motifs r\u00e9pondent au crit\u00e8re de pr\u00e9cision requis par la loi et la jurisprudence.<\/p>\n<p>A titre subsidiaire, elle pr\u00e9tend que ces motifs seraient r\u00e9els et s\u00e9rieux.<\/p>\n<p>L\u2019intim\u00e9e conclut quant \u00e0 elle \u00e0 voir d\u00e9clarer abusif son licenciement, dire qu\u2019il n\u2019y a pas lieu \u00e0 \u00e9vocation en ce que l\u2019affaire n\u2019est plus suffisamment instruite en ce qui concerne le volet indemnitaire et en ce que par jugement du 9 janvier 2017, le tribunal du travail a r\u00e9serv\u00e9 le volet indemnitaire, condamner la soci\u00e9t\u00e9 S1 \u00e0 payer \u00e0 la salari\u00e9e une indemnit\u00e9 de proc\u00e9dure de 1.500 euros pour la premi\u00e8re instance, et<\/p>\n<p>4 une indemnit\u00e9 de proc\u00e9dure de 3.000 euros pour l\u2019instance d\u2019appel sur base de l\u2019article 240 du NCPC, \u00e9tant donn\u00e9 qu\u2019il serait in\u00e9quitable de laisser \u00e0 l\u2019unique charge de l\u2019intim\u00e9e les frais non compris dans les d\u00e9pens, tels que les frais et honoraires d\u2019avocat et les faux frais (copies, taxes, timbres, t\u00e9l\u00e9phone, t\u00e9l\u00e9copie,\u2026) qu\u2019elle a \u00e9t\u00e9 contrainte d\u2019exposer pour se d\u00e9fendre, d\u00e9bouter la soci\u00e9t\u00e9 S1 de sa demande en indemnit\u00e9 de proc\u00e9dure de 1.500 euros pour ne pas \u00eatre fond\u00e9e.<\/p>\n<p>Elle maintient ses contestations quant \u00e0 la pr\u00e9cision, r\u00e9alit\u00e9 et s\u00e9rieux des motifs invoqu\u00e9s et formule une offre de preuve par t\u00e9moins.<\/p>\n<p>La salari\u00e9e sollicite enfin le rejet des listes de pointage d\u00e8s lors qu\u2019elles constituent une mesure de surveillance ill\u00e9gale en l\u2019absence d\u2019autorisation de la Commission Nationale de Protection des Donn\u00e9es ; qu\u2019en effet, l\u2019enregistrement des horaires de travail d\u2019un salari\u00e9 constitue un traitement de donn\u00e9es \u00e0 caract\u00e8re personnel ; que l\u2019article L.261-1 du code du travail dispose que \u00ab Le traitement de donn\u00e9es \u00e0 caract\u00e8re personnel \u00e0 des fins de surveillance des salari\u00e9s dans le cadre des relations de travail ne peut \u00eatre mis en \u0153uvre par l\u2019employeur que dans les cas vis\u00e9s \u00e0 l\u2019article 6, paragraphe 1 er , lettres a) \u00e0 f), du r\u00e8glement (UE) 2016\/679 du Parlement europ\u00e9en et du Conseil du 27 avril 2016 relatif \u00e0 la protection des personnes physiques \u00e0 l\u2019\u00e9gard du traitement des donn\u00e9es \u00e0 caract\u00e8re personnel et \u00e0 la libre circulation de ces donn\u00e9es et abrogeant la directive 95\/46\/CE (r\u00e8glement g\u00e9n\u00e9ral sur la protection des donn\u00e9es) \u00bb ; que la soci\u00e9t\u00e9 S1 ne verse aucune autorisation \u00e9manant de la Commission Nationale de Protection des Donn\u00e9es, de sorte que les relev\u00e9s mensuels de prestation communiqu\u00e9s par la soci\u00e9t\u00e9 S1 sont \u00e0 d\u00e9clarer irrecevables comme moyen de preuve sinon sont d\u00e9pourvues de toute fiabilit\u00e9, d\u00e8s lors qu\u2019il s\u2019agit de documents unilat\u00e9raux et doivent d\u00e8s lors \u00eatre \u00e9cart\u00e9s des d\u00e9bats ; que sous r\u00e9serve de ce qui pr\u00e9c\u00e8de, elle constate que c\u2019est pour la premi\u00e8re fois en instance d\u2019appel que la soci\u00e9t\u00e9 S1 fait r\u00e9f\u00e9rence \u00e0 une autres salari\u00e9e du nom de Mme B , que cette personne n\u2019a jamais \u00e9t\u00e9 \u00e9voqu\u00e9e en premi\u00e8re instance et ce n\u2019est que dans une ultime tentative de d\u00e9fense que la partie appelante sort la carte d\u2019une \u00e9ni\u00e8me salari\u00e9e.<\/p>\n<p>L\u2019employeur conteste que l\u2019article L.261- 1 du code du travail soit applicable au cas d\u2019esp\u00e8ce.<\/p>\n<p>Chaque partie r\u00e9clame une indemnit\u00e9 de proc\u00e9dure.<\/p>\n<p>Dans la mesure o\u00f9 le tribunal du travail a, dans son dispositif, d\u00e9clar\u00e9 le licenciement abusif et refix\u00e9 l\u2019affaire \u00e0 une audience ult\u00e9rieure, la question de la recevabilit\u00e9 de l\u2019appel du 17 f\u00e9vrier 2017 se pose au regard des articles 579 et 580 du NCPC.<\/p>\n<p>La Cour ordonne partant la r\u00e9ouverture des d\u00e9bats pour permettre aux parties de prendre position \u00e0 cet \u00e9gard.<\/p>\n<p>PAR CES MOTIFS :<\/p>\n<p>la Cour d\u2019appel, troisi\u00e8me chambre, si\u00e9geant en mati\u00e8re de droit du travail, statuant contradictoirement, sur le rapport oral du magistrat de la mise en \u00e9tat,<\/p>\n<p>ordonne la r\u00e9ouverture des d\u00e9bats pour permettre aux parties de prendre position par des conclusions \u00e9crites sur la question de la recevabilit\u00e9 de l\u2019appel au regard des articles 579 et 580 du NCPC,<\/p>\n<p>renvoie l\u2019affaire devant le magistrat de la mise en \u00e9tat,<\/p>\n<p>r\u00e9serve le fond de la demande ainsi que les frais.<\/p>\n<p>La lecture du pr\u00e9sent arr\u00eat a \u00e9t\u00e9 faite en la susdite audience publique par Madame la pr\u00e9sidente de chambre Ria LUTZ, en pr\u00e9sence du greffier Isabelle HIPPERT.<\/p>\n<\/div>\n<hr class=\"kji-sep\" \/>\n<p class=\"kji-source-links\"><strong>Sources officielles :<\/strong> <a class=\"kji-source-link\" href=\"https:\/\/data.public.lu\/fr\/datasets\/cour-superieure-de-justice-chambre-3\/\" target=\"_blank\" rel=\"noopener noreferrer\">consulter la page source<\/a> &middot; <a class=\"kji-pdf-link\" href=\"https:\/\/download.data.public.lu\/resources\/cour-superieure-de-justice-chambre-3\/20240827-151408\/20181206-44656-138-arret-mee-a-accessible.pdf\" target=\"_blank\" rel=\"noopener noreferrer\">PDF officiel<\/a><\/p>\n<p class=\"kji-license-note\"><em>Licence CC BY-ND 4.0 (Administration judiciaire, data.public.lu). Republication autorisee avec attribution, sans modification editoriale du texte integral.<\/em><\/p>\n<\/div>\n","protected":false},"excerpt":{"rendered":"<p>Arr\u00eat N\u00b0 138\/18 &#8212; III \u2013 TRAV Exempt &#8212; appel en mati\u00e8re de droit du travail. Audience publique du six d\u00e9cembre deux mille dix -huit. Num\u00e9ro 44656 du r\u00f4le Composition: Ria LUTZ, pr\u00e9sidente de chambre, Marie- Laure MEYER, premier conseiller, Carole KERSCHEN, conseiller, Isabelle HIPPERT,\u2026<\/p>\n","protected":false},"featured_media":0,"template":"","meta":{"_crdt_document":""},"kji_country":[8418],"kji_court":[12305],"kji_chamber":[15890],"kji_year":[47917],"kji_subject":[7724],"kji_keyword":[8683,8464,9055,12307],"kji_language":[7733],"class_list":["post-777678","kji_decision","type-kji_decision","status-publish","hentry","kji_country-luxembourg","kji_court-cour-superieure-de-justice","kji_chamber-chambre-3","kji_year-47917","kji_subject-civil","kji_keyword-arret","kji_keyword-decembre","kji_keyword-justice","kji_keyword-superieure","kji_language-francais"],"yoast_head":"<!-- This site is optimized with the Yoast SEO Premium plugin v27.5 (Yoast SEO v27.5) - https:\/\/yoast.com\/product\/yoast-seo-premium-wordpress\/ -->\n<title>Cour sup\u00e9rieure de justice, 6 d\u00e9cembre 2018, n\u00b0 1206-44656 - Ma\u00eetre Hassan Kohen, avocat en droit p\u00e9nal \u00e0 Paris<\/title>\n<meta name=\"robots\" content=\"index, follow, max-snippet:-1, max-image-preview:large, max-video-preview:-1\" \/>\n<link rel=\"canonical\" href=\"https:\/\/kohenavocats.com\/ru\/jurisprudences\/cour-superieure-de-justice-6-decembre-2018-n-1206-44656\/\" \/>\n<meta property=\"og:locale\" content=\"ru_RU\" \/>\n<meta property=\"og:type\" content=\"article\" \/>\n<meta property=\"og:title\" content=\"Cour sup\u00e9rieure de justice, 6 d\u00e9cembre 2018, n\u00b0 1206-44656\" \/>\n<meta property=\"og:description\" content=\"Arr\u00eat N\u00b0 138\/18 - III \u2013 TRAV Exempt - appel en mati\u00e8re de droit du travail. Audience publique du six d\u00e9cembre deux mille dix -huit. Num\u00e9ro 44656 du r\u00f4le Composition: Ria LUTZ, pr\u00e9sidente de chambre, Marie- Laure MEYER, premier conseiller, Carole KERSCHEN, conseiller, Isabelle HIPPERT,\u2026\" \/>\n<meta property=\"og:url\" content=\"https:\/\/kohenavocats.com\/ru\/jurisprudences\/cour-superieure-de-justice-6-decembre-2018-n-1206-44656\/\" \/>\n<meta property=\"og:site_name\" content=\"Ma\u00eetre Hassan Kohen, avocat en droit p\u00e9nal \u00e0 Paris\" \/>\n<meta property=\"article:modified_time\" content=\"2026-04-30T08:08:22+00:00\" \/>\n<meta name=\"twitter:card\" content=\"summary_large_image\" \/>\n<meta name=\"twitter:label1\" content=\"\u041f\u0440\u0438\u043c\u0435\u0440\u043d\u043e\u0435 \u0432\u0440\u0435\u043c\u044f \u0434\u043b\u044f \u0447\u0442\u0435\u043d\u0438\u044f\" \/>\n\t<meta name=\"twitter:data1\" content=\"8 \u043c\u0438\u043d\u0443\u0442\" \/>\n<script type=\"application\/ld+json\" class=\"yoast-schema-graph\">{\"@context\":\"https:\\\/\\\/schema.org\",\"@graph\":[{\"@type\":\"WebPage\",\"@id\":\"https:\\\/\\\/kohenavocats.com\\\/ru\\\/jurisprudences\\\/cour-superieure-de-justice-6-decembre-2018-n-1206-44656\\\/\",\"url\":\"https:\\\/\\\/kohenavocats.com\\\/ru\\\/jurisprudences\\\/cour-superieure-de-justice-6-decembre-2018-n-1206-44656\\\/\",\"name\":\"Cour sup\u00e9rieure de justice, 6 d\u00e9cembre 2018, n\u00b0 1206-44656 - Ma\u00eetre Hassan Kohen, avocat en droit p\u00e9nal \u00e0 Paris\",\"isPartOf\":{\"@id\":\"https:\\\/\\\/kohenavocats.com\\\/ru\\\/#website\"},\"datePublished\":\"2026-04-30T08:08:18+00:00\",\"dateModified\":\"2026-04-30T08:08:22+00:00\",\"breadcrumb\":{\"@id\":\"https:\\\/\\\/kohenavocats.com\\\/ru\\\/jurisprudences\\\/cour-superieure-de-justice-6-decembre-2018-n-1206-44656\\\/#breadcrumb\"},\"inLanguage\":\"ru-RU\",\"potentialAction\":[{\"@type\":\"ReadAction\",\"target\":[\"https:\\\/\\\/kohenavocats.com\\\/ru\\\/jurisprudences\\\/cour-superieure-de-justice-6-decembre-2018-n-1206-44656\\\/\"]}]},{\"@type\":\"BreadcrumbList\",\"@id\":\"https:\\\/\\\/kohenavocats.com\\\/ru\\\/jurisprudences\\\/cour-superieure-de-justice-6-decembre-2018-n-1206-44656\\\/#breadcrumb\",\"itemListElement\":[{\"@type\":\"ListItem\",\"position\":1,\"name\":\"Home\",\"item\":\"https:\\\/\\\/kohenavocats.com\\\/ru\\\/avocats-en-droit-penal-a-paris-conseil-et-defense-strategique\\\/\"},{\"@type\":\"ListItem\",\"position\":2,\"name\":\"Jurisprudences\",\"item\":\"https:\\\/\\\/kohenavocats.com\\\/ru\\\/jurisprudences\\\/\"},{\"@type\":\"ListItem\",\"position\":3,\"name\":\"Cour sup\u00e9rieure de justice, 6 d\u00e9cembre 2018, n\u00b0 1206-44656\"}]},{\"@type\":\"WebSite\",\"@id\":\"https:\\\/\\\/kohenavocats.com\\\/ru\\\/#website\",\"url\":\"https:\\\/\\\/kohenavocats.com\\\/ru\\\/\",\"name\":\"Kohen Avocats\",\"description\":\"Ma\u00eetre Hassan Kohen, avocat p\u00e9naliste \u00e0 Paris, intervient exclusivement en droit p\u00e9nal pour la d\u00e9fense des particuliers, notamment en mati\u00e8re d\u2019accusations de viol. Il assure un accompagnement rigoureux d\u00e8s la garde \u00e0 vue jusqu\u2019\u00e0 la Cour d\u2019assises, veillant au strict respect des garanties proc\u00e9durales.\",\"publisher\":{\"@id\":\"https:\\\/\\\/kohenavocats.com\\\/ru\\\/#organization\"},\"potentialAction\":[{\"@type\":\"SearchAction\",\"target\":{\"@type\":\"EntryPoint\",\"urlTemplate\":\"https:\\\/\\\/kohenavocats.com\\\/ru\\\/?s={search_term_string}\"},\"query-input\":{\"@type\":\"PropertyValueSpecification\",\"valueRequired\":true,\"valueName\":\"search_term_string\"}}],\"inLanguage\":\"ru-RU\"},{\"@type\":\"Organization\",\"@id\":\"https:\\\/\\\/kohenavocats.com\\\/ru\\\/#organization\",\"name\":\"Kohen Avocats\",\"url\":\"https:\\\/\\\/kohenavocats.com\\\/ru\\\/\",\"logo\":{\"@type\":\"ImageObject\",\"inLanguage\":\"ru-RU\",\"@id\":\"https:\\\/\\\/kohenavocats.com\\\/ru\\\/#\\\/schema\\\/logo\\\/image\\\/\",\"url\":\"https:\\\/\\\/kohenavocats.com\\\/wp-content\\\/uploads\\\/2026\\\/01\\\/Logo-2-1.webp\",\"contentUrl\":\"https:\\\/\\\/kohenavocats.com\\\/wp-content\\\/uploads\\\/2026\\\/01\\\/Logo-2-1.webp\",\"width\":2114,\"height\":1253,\"caption\":\"Kohen Avocats\"},\"image\":{\"@id\":\"https:\\\/\\\/kohenavocats.com\\\/ru\\\/#\\\/schema\\\/logo\\\/image\\\/\"}}]}<\/script>\n<!-- \/ Yoast SEO Premium plugin. -->","yoast_head_json":{"title":"Cour sup\u00e9rieure de justice, 6 d\u00e9cembre 2018, n\u00b0 1206-44656 - Ma\u00eetre Hassan Kohen, avocat en droit p\u00e9nal \u00e0 Paris","robots":{"index":"index","follow":"follow","max-snippet":"max-snippet:-1","max-image-preview":"max-image-preview:large","max-video-preview":"max-video-preview:-1"},"canonical":"https:\/\/kohenavocats.com\/ru\/jurisprudences\/cour-superieure-de-justice-6-decembre-2018-n-1206-44656\/","og_locale":"ru_RU","og_type":"article","og_title":"Cour sup\u00e9rieure de justice, 6 d\u00e9cembre 2018, n\u00b0 1206-44656","og_description":"Arr\u00eat N\u00b0 138\/18 - III \u2013 TRAV Exempt - appel en mati\u00e8re de droit du travail. Audience publique du six d\u00e9cembre deux mille dix -huit. Num\u00e9ro 44656 du r\u00f4le Composition: Ria LUTZ, pr\u00e9sidente de chambre, Marie- Laure MEYER, premier conseiller, Carole KERSCHEN, conseiller, Isabelle HIPPERT,\u2026","og_url":"https:\/\/kohenavocats.com\/ru\/jurisprudences\/cour-superieure-de-justice-6-decembre-2018-n-1206-44656\/","og_site_name":"Ma\u00eetre Hassan Kohen, avocat en droit p\u00e9nal \u00e0 Paris","article_modified_time":"2026-04-30T08:08:22+00:00","twitter_card":"summary_large_image","twitter_misc":{"\u041f\u0440\u0438\u043c\u0435\u0440\u043d\u043e\u0435 \u0432\u0440\u0435\u043c\u044f \u0434\u043b\u044f \u0447\u0442\u0435\u043d\u0438\u044f":"8 \u043c\u0438\u043d\u0443\u0442"},"schema":{"@context":"https:\/\/schema.org","@graph":[{"@type":"WebPage","@id":"https:\/\/kohenavocats.com\/ru\/jurisprudences\/cour-superieure-de-justice-6-decembre-2018-n-1206-44656\/","url":"https:\/\/kohenavocats.com\/ru\/jurisprudences\/cour-superieure-de-justice-6-decembre-2018-n-1206-44656\/","name":"Cour sup\u00e9rieure de justice, 6 d\u00e9cembre 2018, n\u00b0 1206-44656 - Ma\u00eetre Hassan Kohen, avocat en droit p\u00e9nal \u00e0 Paris","isPartOf":{"@id":"https:\/\/kohenavocats.com\/ru\/#website"},"datePublished":"2026-04-30T08:08:18+00:00","dateModified":"2026-04-30T08:08:22+00:00","breadcrumb":{"@id":"https:\/\/kohenavocats.com\/ru\/jurisprudences\/cour-superieure-de-justice-6-decembre-2018-n-1206-44656\/#breadcrumb"},"inLanguage":"ru-RU","potentialAction":[{"@type":"ReadAction","target":["https:\/\/kohenavocats.com\/ru\/jurisprudences\/cour-superieure-de-justice-6-decembre-2018-n-1206-44656\/"]}]},{"@type":"BreadcrumbList","@id":"https:\/\/kohenavocats.com\/ru\/jurisprudences\/cour-superieure-de-justice-6-decembre-2018-n-1206-44656\/#breadcrumb","itemListElement":[{"@type":"ListItem","position":1,"name":"Home","item":"https:\/\/kohenavocats.com\/ru\/avocats-en-droit-penal-a-paris-conseil-et-defense-strategique\/"},{"@type":"ListItem","position":2,"name":"Jurisprudences","item":"https:\/\/kohenavocats.com\/ru\/jurisprudences\/"},{"@type":"ListItem","position":3,"name":"Cour sup\u00e9rieure de justice, 6 d\u00e9cembre 2018, n\u00b0 1206-44656"}]},{"@type":"WebSite","@id":"https:\/\/kohenavocats.com\/ru\/#website","url":"https:\/\/kohenavocats.com\/ru\/","name":"Kohen Avocats","description":"Ma\u00eetre Hassan Kohen, avocat p\u00e9naliste \u00e0 Paris, intervient exclusivement en droit p\u00e9nal pour la d\u00e9fense des particuliers, notamment en mati\u00e8re d\u2019accusations de viol. Il assure un accompagnement rigoureux d\u00e8s la garde \u00e0 vue jusqu\u2019\u00e0 la Cour d\u2019assises, veillant au strict respect des garanties proc\u00e9durales.","publisher":{"@id":"https:\/\/kohenavocats.com\/ru\/#organization"},"potentialAction":[{"@type":"SearchAction","target":{"@type":"EntryPoint","urlTemplate":"https:\/\/kohenavocats.com\/ru\/?s={search_term_string}"},"query-input":{"@type":"PropertyValueSpecification","valueRequired":true,"valueName":"search_term_string"}}],"inLanguage":"ru-RU"},{"@type":"Organization","@id":"https:\/\/kohenavocats.com\/ru\/#organization","name":"Kohen Avocats","url":"https:\/\/kohenavocats.com\/ru\/","logo":{"@type":"ImageObject","inLanguage":"ru-RU","@id":"https:\/\/kohenavocats.com\/ru\/#\/schema\/logo\/image\/","url":"https:\/\/kohenavocats.com\/wp-content\/uploads\/2026\/01\/Logo-2-1.webp","contentUrl":"https:\/\/kohenavocats.com\/wp-content\/uploads\/2026\/01\/Logo-2-1.webp","width":2114,"height":1253,"caption":"Kohen Avocats"},"image":{"@id":"https:\/\/kohenavocats.com\/ru\/#\/schema\/logo\/image\/"}}]}},"jetpack_likes_enabled":false,"jetpack_sharing_enabled":true,"_links":{"self":[{"href":"https:\/\/kohenavocats.com\/ru\/wp-json\/wp\/v2\/kji_decision\/777678","targetHints":{"allow":["GET"]}}],"collection":[{"href":"https:\/\/kohenavocats.com\/ru\/wp-json\/wp\/v2\/kji_decision"}],"about":[{"href":"https:\/\/kohenavocats.com\/ru\/wp-json\/wp\/v2\/types\/kji_decision"}],"wp:attachment":[{"href":"https:\/\/kohenavocats.com\/ru\/wp-json\/wp\/v2\/media?parent=777678"}],"wp:term":[{"taxonomy":"kji_country","embeddable":true,"href":"https:\/\/kohenavocats.com\/ru\/wp-json\/wp\/v2\/kji_country?post=777678"},{"taxonomy":"kji_court","embeddable":true,"href":"https:\/\/kohenavocats.com\/ru\/wp-json\/wp\/v2\/kji_court?post=777678"},{"taxonomy":"kji_chamber","embeddable":true,"href":"https:\/\/kohenavocats.com\/ru\/wp-json\/wp\/v2\/kji_chamber?post=777678"},{"taxonomy":"kji_year","embeddable":true,"href":"https:\/\/kohenavocats.com\/ru\/wp-json\/wp\/v2\/kji_year?post=777678"},{"taxonomy":"kji_subject","embeddable":true,"href":"https:\/\/kohenavocats.com\/ru\/wp-json\/wp\/v2\/kji_subject?post=777678"},{"taxonomy":"kji_keyword","embeddable":true,"href":"https:\/\/kohenavocats.com\/ru\/wp-json\/wp\/v2\/kji_keyword?post=777678"},{"taxonomy":"kji_language","embeddable":true,"href":"https:\/\/kohenavocats.com\/ru\/wp-json\/wp\/v2\/kji_language?post=777678"}],"curies":[{"name":"wp","href":"https:\/\/api.w.org\/{rel}","templated":true}]}}