{"id":782840,"date":"2026-04-30T15:11:32","date_gmt":"2026-04-30T13:11:32","guid":{"rendered":"https:\/\/kohenavocats.com\/jurisprudences\/beschluss-vom-13-marz-2025-5\/"},"modified":"2026-04-30T15:11:32","modified_gmt":"2026-04-30T13:11:32","slug":"beschluss-vom-13-marz-2025-5","status":"publish","type":"kji_decision","link":"https:\/\/kohenavocats.com\/ru\/jurisprudences\/beschluss-vom-13-marz-2025-5\/","title":{"rendered":"Beschluss vom 13. M\u00e4rz 2025"},"content":{"rendered":"<div class=\"kji-decision\">\n<div class=\"kji-full-text\">\n<div class=\"bverfg-rubrum\">\n<p>BUNDESVERFASSUNGSGERICHT<\/p>\n<p><\/p>\n<p>&#8212; 2 BvR 376\/25 &#8212;<\/p>\n<h2 class=\"has-eagle\"><strong>IM NAMEN DES VOLKES<\/strong><\/h2>\n<p class=\"center\"><strong>In dem Verfahren<\/strong><br \/>\n<strong>\u00fcber<\/strong><br \/>\n<strong>die Verfassungsbeschwerde<\/strong><\/p>\n<p>\u00a01. \u00a0 \u00a0 \u00a0der Frau (\u2026),<\/p>\n<p>\u00a02. \u00a0 \u00a0 \u00a0der Frau (\u2026),<\/p>\n<p>\u00a03. \u00a0 \u00a0 \u00a0des Herrn (\u2026),<\/p>\n<p>\u00a04. \u00a0 \u00a0 \u00a0der Frau (\u2026),<\/p>\n<p>\u00a05. \u00a0 \u00a0 \u00a0der Frau (\u2026),<\/p>\n<p>\u00a06. \u00a0 \u00a0 \u00a0der Frau (\u2026),<\/p>\n<p>\u00a07. \u00a0 \u00a0 \u00a0des Herrn (\u2026),<\/p>\n<p><\/p>\n<p>&#8212; Bevollm\u00e4chtigter: (\u2026) &#8212;<br \/>\n\u00a0<\/p>\n<p>gegen<br \/>\na) \u00a0 das gesetzgeberische Unterlassen, eine Rechtsgrundlage f\u00fcr einen Antrag auf Neuausz\u00e4hlung und Informationen \u00fcber Ausz\u00e4hlungsfehler gegen\u00fcber den Wahlbeh\u00f6rden zu schaffen,<\/p>\n<p>b) \u00a0 den Ablehnungsbescheid der Bundeswahlleiterin vom 5. M\u00e4rz 2025 (E-Mail vom 5. M\u00e4rz 2025, 08:54 Uhr),<\/p>\n<p>c) \u00a0 \u00a0den Ablehnungsbescheid der Bundeswahlleiterin vom 11. M\u00e4rz 2025 (E-Mail vom 11. M\u00e4rz 2025),<\/p>\n<p>d) \u00a0 die geplante Verk\u00fcndung des amtlichen Endergebnisses der Bundestagswahl vom 23. Februar 2025 durch die Bundeswahlleiterin schon am 14. M\u00e4rz 2025 ohne Ber\u00fccksichtigung aller BSW-Zweitstimmen und ohne vorherige Anordnung einer Neuausz\u00e4hlung<br \/>\n\u00a0<\/p>\n<p>und \u00a0 \u00a0Antrag auf Erstattung der notwendigen Auslagen<\/p>\n<p>und \u00a0 \u00a0Antr\u00e4ge auf Erlass einer einstweiligen Anordnung<\/p>\n<p>hier: \u00a0 \u00a0Antr\u00e4ge auf Erlass einer einstweiligen Anordnung<\/p>\n<p><\/p>\n<p>hat das Bundesverfassungsgericht &#8212; Zweiter Senat &#8212;<br \/>\nunter Mitwirkung der Richterinnen und Richter<br \/>\nVizepr\u00e4sidentin K\u00f6nig,<br \/>\n\u00a0<br \/>\nMaidowski,<br \/>\n\u00a0<br \/>\nLangenfeld,<br \/>\n\u00a0<br \/>\nWallrabenstein,<br \/>\n\u00a0<br \/>\nFetzer,<br \/>\n\u00a0<br \/>\nOffenloch,<br \/>\n\u00a0<br \/>\nFrank,<br \/>\n\u00a0<br \/>\nW\u00f6ckel<\/p>\n<p>am 13. M\u00e4rz 2025 beschlossen:<\/p>\n<\/div>\n<h3>Tenor<\/h3>\n<p><strong>Die Antr\u00e4ge auf Erlass einer einstweiligen Anordnung werden abgelehnt, weil sie unzul\u00e4ssig sind. Ebenso wie vor der Wahl ist auch vor der Feststellung des endg\u00fcltigen Wahlergebnisses Rechtsschutz in Bezug auf diese Wahl nur begrenzt m\u00f6glich (vgl. BVerfG, Beschluss des Zweiten Senats vom 10. Dezember 2024 &#8212; 2 BvQ 73\/24 &#8212; Bundestagswahl 2025 \u2013 Vorgelagerter Rechtsschutz). Insbesondere ist Rechtsschutz gegen etwaige Z\u00e4hlfehler dem Einspruch gegen die Wahl und dem Wahlpr\u00fcfungsverfahren vorbehalten, ohne dass damit unzumutbare Nachteile verbunden w\u00e4ren.<\/strong><\/p>\n<\/div>\n<hr class=\"kji-sep\" \/>\n<p class=\"kji-source-links\"><strong>Sources officielles :<\/strong> <a class=\"kji-source-link\" href=\"https:\/\/www.bundesverfassungsgericht.de\/SharedDocs\/Entscheidungen\/DE\/2025\/03\/rs20250313_2bvr037625.html\" target=\"_blank\" rel=\"noopener noreferrer\">consulter la page source<\/a> &middot; <a class=\"kji-pdf-link\" href=\"https:\/\/www.bundesverfassungsgericht.de\/SharedDocs\/Downloads\/DE\/2025\/03\/rs20250313_2bvr037625.pdf?__blob=publicationFile&#038;v=2\" target=\"_blank\" rel=\"noopener noreferrer\">PDF officiel<\/a><\/p>\n<p class=\"kji-license-note\"><em>Rechtsprechung im Internet (BMJV\/BfJ) : les decisions sont mises a disposition gratuitement en HTML, PDF et XML pour libre utilisation et re-utilisation.<\/em><\/p>\n<\/div>\n","protected":false},"excerpt":{"rendered":"<p>Erfolglose Antr\u00e4ge zum Wahlergebnis des BSW<\/p>\n","protected":false},"featured_media":0,"template":"","meta":{"_crdt_document":""},"kji_country":[7802],"kji_court":[8477],"kji_chamber":[],"kji_year":[8463],"kji_subject":[7660],"kji_keyword":[7808,8479],"kji_language":[7805],"class_list":["post-782840","kji_decision","type-kji_decision","status-publish","hentry","kji_country-allemagne","kji_court-bundesverfassungsgericht","kji_year-8463","kji_subject-constitutionnel","kji_keyword-beschluss","kji_keyword-bundesverfassungsgericht","kji_language-allemand"],"yoast_head":"<!-- This site is optimized with the Yoast SEO Premium plugin v27.5 (Yoast SEO v27.5) - https:\/\/yoast.com\/product\/yoast-seo-premium-wordpress\/ -->\n<title>Beschluss vom 13. M\u00e4rz 2025 - Ma\u00eetre Hassan Kohen, avocat en droit p\u00e9nal \u00e0 Paris<\/title>\n<meta name=\"robots\" content=\"index, follow, max-snippet:-1, max-image-preview:large, max-video-preview:-1\" \/>\n<link rel=\"canonical\" href=\"https:\/\/kohenavocats.com\/ru\/jurisprudences\/beschluss-vom-13-marz-2025-5\/\" \/>\n<meta property=\"og:locale\" content=\"ru_RU\" \/>\n<meta property=\"og:type\" content=\"article\" \/>\n<meta property=\"og:title\" content=\"Beschluss vom 13. M\u00e4rz 2025\" \/>\n<meta property=\"og:description\" content=\"Erfolglose Antr\u00e4ge zum Wahlergebnis des BSW\" \/>\n<meta property=\"og:url\" content=\"https:\/\/kohenavocats.com\/ru\/jurisprudences\/beschluss-vom-13-marz-2025-5\/\" \/>\n<meta property=\"og:site_name\" content=\"Ma\u00eetre Hassan Kohen, avocat en droit p\u00e9nal \u00e0 Paris\" \/>\n<meta name=\"twitter:card\" content=\"summary_large_image\" \/>\n<meta name=\"twitter:label1\" content=\"\u041f\u0440\u0438\u043c\u0435\u0440\u043d\u043e\u0435 \u0432\u0440\u0435\u043c\u044f \u0434\u043b\u044f \u0447\u0442\u0435\u043d\u0438\u044f\" \/>\n\t<meta name=\"twitter:data1\" content=\"1 \u043c\u0438\u043d\u0443\u0442\u0430\" \/>\n<script type=\"application\/ld+json\" class=\"yoast-schema-graph\">{\"@context\":\"https:\\\/\\\/schema.org\",\"@graph\":[{\"@type\":\"WebPage\",\"@id\":\"https:\\\/\\\/kohenavocats.com\\\/ru\\\/jurisprudences\\\/beschluss-vom-13-marz-2025-5\\\/\",\"url\":\"https:\\\/\\\/kohenavocats.com\\\/ru\\\/jurisprudences\\\/beschluss-vom-13-marz-2025-5\\\/\",\"name\":\"Beschluss vom 13. M\u00e4rz 2025 - Ma\u00eetre Hassan Kohen, avocat en droit p\u00e9nal \u00e0 Paris\",\"isPartOf\":{\"@id\":\"https:\\\/\\\/kohenavocats.com\\\/ru\\\/#website\"},\"datePublished\":\"2026-04-30T13:11:32+00:00\",\"breadcrumb\":{\"@id\":\"https:\\\/\\\/kohenavocats.com\\\/ru\\\/jurisprudences\\\/beschluss-vom-13-marz-2025-5\\\/#breadcrumb\"},\"inLanguage\":\"ru-RU\",\"potentialAction\":[{\"@type\":\"ReadAction\",\"target\":[\"https:\\\/\\\/kohenavocats.com\\\/ru\\\/jurisprudences\\\/beschluss-vom-13-marz-2025-5\\\/\"]}]},{\"@type\":\"BreadcrumbList\",\"@id\":\"https:\\\/\\\/kohenavocats.com\\\/ru\\\/jurisprudences\\\/beschluss-vom-13-marz-2025-5\\\/#breadcrumb\",\"itemListElement\":[{\"@type\":\"ListItem\",\"position\":1,\"name\":\"Home\",\"item\":\"https:\\\/\\\/kohenavocats.com\\\/ru\\\/avocats-en-droit-penal-a-paris-conseil-et-defense-strategique\\\/\"},{\"@type\":\"ListItem\",\"position\":2,\"name\":\"Jurisprudences\",\"item\":\"https:\\\/\\\/kohenavocats.com\\\/ru\\\/jurisprudences\\\/\"},{\"@type\":\"ListItem\",\"position\":3,\"name\":\"Beschluss vom 13. M\u00e4rz 2025\"}]},{\"@type\":\"WebSite\",\"@id\":\"https:\\\/\\\/kohenavocats.com\\\/ru\\\/#website\",\"url\":\"https:\\\/\\\/kohenavocats.com\\\/ru\\\/\",\"name\":\"Kohen Avocats\",\"description\":\"Ma\u00eetre Hassan Kohen, avocat p\u00e9naliste \u00e0 Paris, intervient exclusivement en droit p\u00e9nal pour la d\u00e9fense des particuliers, notamment en mati\u00e8re d\u2019accusations de viol. Il assure un accompagnement rigoureux d\u00e8s la garde \u00e0 vue jusqu\u2019\u00e0 la Cour d\u2019assises, veillant au strict respect des garanties proc\u00e9durales.\",\"publisher\":{\"@id\":\"https:\\\/\\\/kohenavocats.com\\\/ru\\\/#organization\"},\"potentialAction\":[{\"@type\":\"SearchAction\",\"target\":{\"@type\":\"EntryPoint\",\"urlTemplate\":\"https:\\\/\\\/kohenavocats.com\\\/ru\\\/?s={search_term_string}\"},\"query-input\":{\"@type\":\"PropertyValueSpecification\",\"valueRequired\":true,\"valueName\":\"search_term_string\"}}],\"inLanguage\":\"ru-RU\"},{\"@type\":\"Organization\",\"@id\":\"https:\\\/\\\/kohenavocats.com\\\/ru\\\/#organization\",\"name\":\"Kohen Avocats\",\"url\":\"https:\\\/\\\/kohenavocats.com\\\/ru\\\/\",\"logo\":{\"@type\":\"ImageObject\",\"inLanguage\":\"ru-RU\",\"@id\":\"https:\\\/\\\/kohenavocats.com\\\/ru\\\/#\\\/schema\\\/logo\\\/image\\\/\",\"url\":\"https:\\\/\\\/kohenavocats.com\\\/wp-content\\\/uploads\\\/2026\\\/01\\\/Logo-2-1.webp\",\"contentUrl\":\"https:\\\/\\\/kohenavocats.com\\\/wp-content\\\/uploads\\\/2026\\\/01\\\/Logo-2-1.webp\",\"width\":2114,\"height\":1253,\"caption\":\"Kohen Avocats\"},\"image\":{\"@id\":\"https:\\\/\\\/kohenavocats.com\\\/ru\\\/#\\\/schema\\\/logo\\\/image\\\/\"}}]}<\/script>\n<!-- \/ Yoast SEO Premium plugin. -->","yoast_head_json":{"title":"Beschluss vom 13. M\u00e4rz 2025 - Ma\u00eetre Hassan Kohen, avocat en droit p\u00e9nal \u00e0 Paris","robots":{"index":"index","follow":"follow","max-snippet":"max-snippet:-1","max-image-preview":"max-image-preview:large","max-video-preview":"max-video-preview:-1"},"canonical":"https:\/\/kohenavocats.com\/ru\/jurisprudences\/beschluss-vom-13-marz-2025-5\/","og_locale":"ru_RU","og_type":"article","og_title":"Beschluss vom 13. M\u00e4rz 2025","og_description":"Erfolglose Antr\u00e4ge zum Wahlergebnis des BSW","og_url":"https:\/\/kohenavocats.com\/ru\/jurisprudences\/beschluss-vom-13-marz-2025-5\/","og_site_name":"Ma\u00eetre Hassan Kohen, avocat en droit p\u00e9nal \u00e0 Paris","twitter_card":"summary_large_image","twitter_misc":{"\u041f\u0440\u0438\u043c\u0435\u0440\u043d\u043e\u0435 \u0432\u0440\u0435\u043c\u044f \u0434\u043b\u044f \u0447\u0442\u0435\u043d\u0438\u044f":"1 \u043c\u0438\u043d\u0443\u0442\u0430"},"schema":{"@context":"https:\/\/schema.org","@graph":[{"@type":"WebPage","@id":"https:\/\/kohenavocats.com\/ru\/jurisprudences\/beschluss-vom-13-marz-2025-5\/","url":"https:\/\/kohenavocats.com\/ru\/jurisprudences\/beschluss-vom-13-marz-2025-5\/","name":"Beschluss vom 13. M\u00e4rz 2025 - Ma\u00eetre Hassan Kohen, avocat en droit p\u00e9nal \u00e0 Paris","isPartOf":{"@id":"https:\/\/kohenavocats.com\/ru\/#website"},"datePublished":"2026-04-30T13:11:32+00:00","breadcrumb":{"@id":"https:\/\/kohenavocats.com\/ru\/jurisprudences\/beschluss-vom-13-marz-2025-5\/#breadcrumb"},"inLanguage":"ru-RU","potentialAction":[{"@type":"ReadAction","target":["https:\/\/kohenavocats.com\/ru\/jurisprudences\/beschluss-vom-13-marz-2025-5\/"]}]},{"@type":"BreadcrumbList","@id":"https:\/\/kohenavocats.com\/ru\/jurisprudences\/beschluss-vom-13-marz-2025-5\/#breadcrumb","itemListElement":[{"@type":"ListItem","position":1,"name":"Home","item":"https:\/\/kohenavocats.com\/ru\/avocats-en-droit-penal-a-paris-conseil-et-defense-strategique\/"},{"@type":"ListItem","position":2,"name":"Jurisprudences","item":"https:\/\/kohenavocats.com\/ru\/jurisprudences\/"},{"@type":"ListItem","position":3,"name":"Beschluss vom 13. M\u00e4rz 2025"}]},{"@type":"WebSite","@id":"https:\/\/kohenavocats.com\/ru\/#website","url":"https:\/\/kohenavocats.com\/ru\/","name":"Kohen Avocats","description":"Ma\u00eetre Hassan Kohen, avocat p\u00e9naliste \u00e0 Paris, intervient exclusivement en droit p\u00e9nal pour la d\u00e9fense des particuliers, notamment en mati\u00e8re d\u2019accusations de viol. Il assure un accompagnement rigoureux d\u00e8s la garde \u00e0 vue jusqu\u2019\u00e0 la Cour d\u2019assises, veillant au strict respect des garanties proc\u00e9durales.","publisher":{"@id":"https:\/\/kohenavocats.com\/ru\/#organization"},"potentialAction":[{"@type":"SearchAction","target":{"@type":"EntryPoint","urlTemplate":"https:\/\/kohenavocats.com\/ru\/?s={search_term_string}"},"query-input":{"@type":"PropertyValueSpecification","valueRequired":true,"valueName":"search_term_string"}}],"inLanguage":"ru-RU"},{"@type":"Organization","@id":"https:\/\/kohenavocats.com\/ru\/#organization","name":"Kohen Avocats","url":"https:\/\/kohenavocats.com\/ru\/","logo":{"@type":"ImageObject","inLanguage":"ru-RU","@id":"https:\/\/kohenavocats.com\/ru\/#\/schema\/logo\/image\/","url":"https:\/\/kohenavocats.com\/wp-content\/uploads\/2026\/01\/Logo-2-1.webp","contentUrl":"https:\/\/kohenavocats.com\/wp-content\/uploads\/2026\/01\/Logo-2-1.webp","width":2114,"height":1253,"caption":"Kohen Avocats"},"image":{"@id":"https:\/\/kohenavocats.com\/ru\/#\/schema\/logo\/image\/"}}]}},"jetpack_likes_enabled":false,"jetpack_sharing_enabled":true,"_links":{"self":[{"href":"https:\/\/kohenavocats.com\/ru\/wp-json\/wp\/v2\/kji_decision\/782840","targetHints":{"allow":["GET"]}}],"collection":[{"href":"https:\/\/kohenavocats.com\/ru\/wp-json\/wp\/v2\/kji_decision"}],"about":[{"href":"https:\/\/kohenavocats.com\/ru\/wp-json\/wp\/v2\/types\/kji_decision"}],"wp:attachment":[{"href":"https:\/\/kohenavocats.com\/ru\/wp-json\/wp\/v2\/media?parent=782840"}],"wp:term":[{"taxonomy":"kji_country","embeddable":true,"href":"https:\/\/kohenavocats.com\/ru\/wp-json\/wp\/v2\/kji_country?post=782840"},{"taxonomy":"kji_court","embeddable":true,"href":"https:\/\/kohenavocats.com\/ru\/wp-json\/wp\/v2\/kji_court?post=782840"},{"taxonomy":"kji_chamber","embeddable":true,"href":"https:\/\/kohenavocats.com\/ru\/wp-json\/wp\/v2\/kji_chamber?post=782840"},{"taxonomy":"kji_year","embeddable":true,"href":"https:\/\/kohenavocats.com\/ru\/wp-json\/wp\/v2\/kji_year?post=782840"},{"taxonomy":"kji_subject","embeddable":true,"href":"https:\/\/kohenavocats.com\/ru\/wp-json\/wp\/v2\/kji_subject?post=782840"},{"taxonomy":"kji_keyword","embeddable":true,"href":"https:\/\/kohenavocats.com\/ru\/wp-json\/wp\/v2\/kji_keyword?post=782840"},{"taxonomy":"kji_language","embeddable":true,"href":"https:\/\/kohenavocats.com\/ru\/wp-json\/wp\/v2\/kji_language?post=782840"}],"curies":[{"name":"wp","href":"https:\/\/api.w.org\/{rel}","templated":true}]}}