{"id":564422,"date":"2026-04-15T03:59:10","date_gmt":"2026-04-15T01:59:10","guid":{"rendered":"https:\/\/kohenavocats.com\/jurisprudences\/eclinlhr2026578-hoge-raad-10-04-2026-25-01116\/"},"modified":"2026-04-15T03:59:10","modified_gmt":"2026-04-15T01:59:10","slug":"eclinlhr2026578-hoge-raad-10-04-2026-25-01116","status":"publish","type":"kji_decision","link":"https:\/\/kohenavocats.com\/tr\/jurisprudences\/eclinlhr2026578-hoge-raad-10-04-2026-25-01116\/","title":{"rendered":"ECLI:NL:HR:2026:578 Hoge Raad , 10-04-2026 \/ 25\/01116"},"content":{"rendered":"<div class=\"kji-decision\">\n<div class=\"kji-full-text\">\n<p><strong>Inhoudsindicatie.<\/strong> Zorgwetten. Wet zorg en dwang. Machtiging tot voortzetting inbewaringstelling (art. 37 Wzd). Is psychiater ook ter zake kundige arts als bedoeld in art. 26 lid 6, onder d, Wzd? Aan medische verklaring te stellen eisen.<\/p>\n<p>HOGE RAAD DER NEDERLANDEN<\/p>\n<p>CIVIELE KAMER<\/p>\n<p>Nummer 25\/01116<\/p>\n<p>Datum 10 april 2026<\/p>\n<p>BESCHIKKING<\/p>\n<p>In de zaak van<\/p>\n<p>[betrokkene],<\/p>\n<p>wonende te [woonplaats],<\/p>\n<p>VERZOEKER tot cassatie,<\/p>\n<p>hierna: betrokkene,<\/p>\n<p>advocaat: M.A.M. Wagemakers,<\/p>\n<p>tegen<\/p>\n<p>CENTRUM INDICATIESTELLING ZORG,<\/p>\n<p>gevestigd te Utrecht,<\/p>\n<p>VERWEERDER in cassatie,<\/p>\n<p>hierna: het CIZ,<\/p>\n<p>niet verschenen.<\/p>\n<h3>1Procesverloop<\/h3>\n<p>Voor het verloop van het geding in feitelijke instantie verwijst de Hoge Raad naar de beschikking in de zaak C\/01\/412672 \/ FA RK 25-596 van de rechtbank Oost-Brabant van 14 februari 2025.<\/p>\n<p>Betrokkene heeft tegen de beschikking van de rechtbank beroep in cassatie ingesteld.<\/p>\n<p>Het CIZ heeft geen verweerschrift ingediend.<\/p>\n<p>De conclusie van de Advocaat-Generaal L.M. Coenraad strekt tot vernietiging van de bestreden beschikking en tot terugwijzing.<\/p>\n<h3>2Uitgangspunten en feiten<\/h3>\n<p>Ten aanzien van betrokkene is op grond van art. 29 lid 1 Wzd een beschikking tot inbewaringstelling gegeven.<\/p>\n<p>Het CIZ heeft vervolgens verzocht ten aanzien van betrokkene een machtiging te verlenen tot voortzetting van de inbewaringstelling voor de duur van zes weken. In de bij het verzoekschrift gevoegde medische verklaring van een psychiater is, voor zover in cassatie van belang, het volgende vermeld:<\/p>\n<p>\u201c3 GERAADPLEEGDE HULPVERLENERS<\/p>\n<p>Heeft u overleg gevoerd met de zorgaanbieder die de betrokkene zorg verleent of met de huisarts?<\/p>\n<p>Ja<\/p>\n<p>Met wie heeft u overleg gevoerd?<\/p>\n<p>Zorgaanbieder<\/p>\n<p>(\u2026)<\/p>\n<p>5 ONDERZOEK<\/p>\n<p>Wanneer heeft u de betrokkene onderzocht?<\/p>\n<p>11\/02\/2025 18:15<\/p>\n<p>a. Is er naar uw oordeel sprake van een psychogeriatrische aandoening, een verstandelijke beperking of een daaraan gelijkgestelde aandoening?<\/p>\n<p>Ja<\/p>\n<p>b. Tot welke vermoedelijke diagnose bent u gekomen?<\/p>\n<p>X Verstandelijke beperking<\/p>\n<p>(\u2026)<\/p>\n<p>Wat is de belangrijkste vermoedelijke diagnose? Verstandelijke beperking<\/p>\n<p>(\u2026)<\/p>\n<p>c. Op grond waarvan bent u tot deze vermoedelijke diagnose gekomen?<\/p>\n<p>Pati\u00ebnt heeft een IQ van 56.<\/p>\n<p>(\u2026)<\/p>\n<p>8 OVERIGE INFORMATIE<\/p>\n<p>Welke overige informatie acht u nog van belang?<\/p>\n<p>Pati\u00ebnt heeft een WLZ 7\u201d<\/p>\n<p>De rechtbank heeft het verzoek toegewezen, en heeft daartoe onder meer het volgende overwogen.<\/p>\n<p>\u201c4.2. De advocaat heeft primair namens betrokkene betwist dat sprake is van een verstandelijke beperking. Zij voert aan dat een psychiater de verstandelijke beperking niet had mogen vaststellen. Dit had moeten gebeuren door een arts verstandelijk gehandicapten.<\/p>\n<p>De rechtbank stelt vast dat de medische verklaring is opgesteld door een psychiater, die door de wet als een ter zake kundige arts aangemerkt wordt en derhalve een verklaring mocht afgeven.<\/p>\n<p>De advocaat voert verder aan dat de psychiater zich niet had mogen baseren op een onderzoek naar de verstandelijke vermogens van betrokkene van zeven jaar geleden. Dit zou volgens haar een momentopname kunnen zijn geweest. Naar het oordeel van de rechtbank is de psychiater echter uitgegaan van een combinatie van zijn eigen onderzoek aan betrokkene en het psychologisch onderzoek van zeven jaar geleden. Daaruit heeft hij de conclusie getrokken dat sprake is van een verstandelijke beperking. De rechtbank ziet geen reden om hieraan te twijfelen. De rechtbank ziet dan ook geen reden om, zoals de advocaat subsidiair heeft verzocht, een second opinion te laten uitvoeren.<\/p>\n<p>(\u2026)<\/p>\n<p>Om die reden stelt de rechtbank vast dat vermoed wordt dat het ernstig nadeel wordt veroorzaakt door gedrag dat voortvloeit uit een verstandelijke handicap.\u201d<\/p>\n<h3>3Beoordeling van het middel<\/h3>\n<p>Onderdeel 1 van het middel richt zich tegen het oordeel van de rechtbank (in rov. 4.2) dat de wet een psychiater als een ter zake kundige arts aanmerkt. Volgens het onderdeel moet onder een ter zake kundige arts als bedoeld in art. 26 lid 6, onder d, Wzd worden verstaan een arts voor verstandelijk gehandicapten, een specialist ouderenkunde of een andere deskundige arts. Niet blijkt dat de psychiater die de medische verklaring heeft afgelegd als een dergelijke arts kan worden gekwalificeerd, aldus het onderdeel.<\/p>\n<p>Uit rechtspraak van de Hoge Raad onder de inmiddels vervallen Wet Bopz volgt dat bij een stoornis als gevolg van een verstandelijke handicap zowel een arts voor verstandelijk gehandicapten als een psychiater bevoegd was een medische verklaring op te stellen. Met de mogelijkheid dat het geneeskundig onderzoek werd uitgevoerd door een arts voor verstandelijk gehandicapten voor zover het de opname of het verblijf van een verstandelijk gehandicapte betreft, heeft de wetgever destijds niet bedoeld de bevoegdheden van een psychiater te beperken. Ook als in een dergelijk geval de geneeskundige verklaring was opgesteld door een onafhankelijk psychiater, werd voldaan aan de uit art. 5 EVRM voortvloeiende eis van \u2018objective medical expertise\u2019.<\/p>\n<p>Op grond van art. 26 lid 6, onder d, Wzd legt het CIZ bij een verzoek tot het verlenen van een machtiging tot opname en verblijf of voortzetting van het verblijf een verklaring over van een ter zake kundige arts die de betrokkene met het oog op de machtiging kort te voren heeft onderzocht, maar die ten minste gedurende \u00e9\u00e9n jaar geen zorg heeft verleend aan de cli\u00ebnt en ten opzichte van de zorgaanbieder onafhankelijk functioneert. Op grond van art. 37 lid 2 Wzd in verbinding met art. 30 leden 1-4 Wzd legt het CIZ bij een verzoek tot het verlenen van een machtiging tot voortzetting van de inbewaringstelling een verklaring over van een ter zake kundige arts die gedurende ten minste \u00e9\u00e9n jaar geen zorg heeft verleend aan de cli\u00ebnt en onafhankelijk ten opzichte van de zorgaanbieder functioneert, welke arts van tevoren overleg pleegt met de zorgaanbieder die de betrokkene zorg verleent of, indien deze ontbreekt, met de huisarts van de cli\u00ebnt, en zo mogelijk de betrokkene voorafgaand aan de afgifte van de verklaring onderzoekt.<\/p>\n<p>Uit de wetsgeschiedenis blijkt dat de wetgever met deze eisen heeft beoogd invulling te geven aan de rechtspraak van het Europees Hof voor de Rechten van de Mens waarin wordt gesproken van \u2018objective medical expertise\u2019. Uit de wetsgeschiedenis volgt niet dat de wetgever heeft bedoeld dat \u2013 anders dan onder de Wet Bopz (oud) gold (zie hiervoor in 3.1.2) \u2013 onder de Wzd een psychiater niet als een ter zake kundige arts wordt aangemerkt. Dat in de memorie van toelichting is opgemerkt dat de medische verklaring voor iemand met een verstandelijke beperking door een arts voor verstandelijk gehandicapten moet worden opgesteld, maakt dat niet anders. In de nota naar aanleiding van het verslag is immers opgemerkt dat een ter zake kundige arts \u2018in de regel\u2019 een arts voor verstandelijk gehandicapten zal zijn; het kan dus ook een andere arts zijn. De klacht van onderdeel 1 is dan ook ongegrond.<\/p>\n<p>Onderdeel 2.1 richt zich tegen het oordeel van de rechtbank (in rov. 4.3) dat zij geen reden heeft om te twijfelen aan de conclusie van de psychiater dat sprake is van een verstandelijke beperking, en tegen de vaststelling door de rechtbank (in rov. 4.7) dat vermoed wordt dat het ernstig nadeel wordt veroorzaakt door gedrag dat voortvloeit uit een verstandelijke handicap. In de medische verklaring is geen inzicht verschaft in de actuele situatie van betrokkene, althans is niet duidelijk hoe de psychiater tot zijn diagnose is gekomen. Daarom is onbegrijpelijk hoe de rechtbank heeft kunnen oordelen dat sprake is van een verstandelijke handicap, aldus het onderdeel.<\/p>\n<p>Uit art. 27 leden 1 en 2 Wzd volgt onder meer dat de medische verklaring die op grond van art. 26 lid 6, onder d, Wzd moet worden overgelegd, inzicht dient te verschaffen in de actuele situatie van de betrokkene, en met redenen moet worden omkleed. Voor de medische verklaring met het oog op een last tot inbewaringstelling (art. 30 lid 1 Wzd) of een machtiging tot voortzetting van de inbewaringstelling (art. 37 lid 1 Wzd) gelden in dit opzicht geen andere eisen.<\/p>\n<p>In de medische verklaring (zie hiervoor in 2.2) is de vermoedelijke diagnose onderbouwd met een verwijzing naar het IQ van betrokkene van 56. In de medische verklaring is niet toegelicht op basis van welk onderzoek de psychiater tot deze bevinding is gekomen. Gelet op de stukken van het geding (zie de conclusie van de Advocaat-Generaal onder 3.27, 3.28 en 3.30) lijkt de psychiater daarmee terug te grijpen op het verslag van een psychologisch onderzoek van betrokkene uit 2017. Daarvan is kennelijk ook de rechtbank uitgegaan, gezien de verwijzing in rov. 4.3 naar \u201chet psychologisch onderzoek van zeven jaar geleden\u201d. Dat onderzoek was evenwel niet meer actueel.<\/p>\n<p>Uit de medische verklaring blijkt verder niet waaruit het onderzoek door de psychiater heeft bestaan en hoe dit heeft bijgedragen aan zijn vermoedelijke diagnose van een verstandelijke beperking.<\/p>\n<p>Het onderdeel voert dan ook terecht aan dat de medische verklaring onvoldoende inzicht verschaft in de actuele situatie van betrokkene, althans dat niet duidelijk is hoe de psychiater tot zijn diagnose is gekomen.<\/p>\n<p>De rechtbank heeft haar oordeel over de (vermoedelijke) diagnose van betrokkene uitsluitend gebaseerd op de medische verklaring van de psychiater. Gelet op wat hiervoor in 3.2.2 en 3.2.3 is overwogen, biedt die medische verklaring niet een toereikende grondslag voor dat oordeel. De daarop gerichte klacht van onderdeel 2.1 slaagt.<\/p>\n<p>De overige klachten van het middel behoeven geen behandeling.<\/p>\n<h3>4Beslissing<\/h3>\n<p>De Hoge Raad:<\/p>\n<p>&#8211; vernietigt de beschikking van de rechtbank Oost-Brabant van 14 februari 2025;<\/p>\n<p>&#8211; wijst het geding terug naar die rechtbank ter verdere behandeling en beslissing.<\/p>\n<p>Deze beschikking is gegeven door de vicepresident M.J. Kroeze als voorzitter en de raadsheren C.E. du Perron, F.J.P. Lock, F.R. Salomons en G.C. Makkink, en in het openbaar uitgesproken door de raadsheer A.E.B. ter Heide op 10 april 2026.<\/p>\n<h3>Voetnoten<\/h3>\n<ol>\n<li>Rechtbank Oost-Brabant 14 februari 2025, ECLI:NL:RBOBR:2025:2245.<\/li>\n<li>Zie voor een en ander HR 4 mei 2018, ECLI:NL:HR:2018:682, rov. 3.4-3.5.<\/li>\n<li>Kamerstukken II 2008\/09, 31996, nr. 3, p. 65 en 68.<\/li>\n<li>Kamerstukken II 2008\/09, 31996, nr. 3, p. 66.<\/li>\n<li>Kamerstukken II 2018\/19, 35087, nr. 7, p. 8-9.<\/li>\n<li>Vgl. Kamerstukken II 2008\/09, 31996, nr. 3, p. 67-68.<\/li>\n<\/ol>\n<\/div>\n<hr class=\"kji-sep\" \/>\n<p class=\"kji-source-links\"><strong>Sources officielles :<\/strong> <a class=\"kji-source-link\" href=\"http:\/\/deeplink.rechtspraak.nl\/uitspraak?id=ECLI:NL:HR:2026:578\" target=\"_blank\" rel=\"noopener noreferrer\">consulter la page source<\/a><\/p>\n<p class=\"kji-license-note\"><em>Rechtspraak.nl open data, Creative Commons Zero. Volume cible 1.8M decisions.<\/em><\/p>\n<\/div>\n","protected":false},"excerpt":{"rendered":"<p>Zorgwetten. Wet zorg en dwang. Machtiging tot voortzetting inbewaringstelling (art. 37 Wzd). Is psychiater ook ter zake kundige arts als bedoeld in art. 26 lid 6, onder d, Wzd? Aan medische verklaring te stellen eisen.<\/p>\n","protected":false},"featured_media":0,"template":"","meta":{"_crdt_document":""},"kji_country":[7669],"kji_court":[7834],"kji_chamber":[],"kji_year":[7610],"kji_subject":[7646],"kji_keyword":[11155,10471,8618,11156,11154],"kji_language":[7671],"class_list":["post-564422","kji_decision","type-kji_decision","status-publish","hentry","kji_country-pays-bas","kji_court-hoge-raad","kji_year-7610","kji_subject-divers","kji_keyword-dwang","kji_keyword-inbewaringstelling","kji_keyword-machtiging","kji_keyword-voortzetting","kji_keyword-zorgwetten","kji_language-nl"],"yoast_head":"<!-- This site is optimized with the Yoast SEO Premium plugin v27.5 (Yoast SEO v27.5) - https:\/\/yoast.com\/product\/yoast-seo-premium-wordpress\/ -->\n<title>ECLI:NL:HR:2026:578 Hoge Raad , 10-04-2026 \/ 25\/01116 - Ma\u00eetre Hassan Kohen, avocat en droit p\u00e9nal \u00e0 Paris<\/title>\n<meta name=\"robots\" content=\"index, follow, max-snippet:-1, max-image-preview:large, max-video-preview:-1\" \/>\n<link rel=\"canonical\" href=\"https:\/\/kohenavocats.com\/tr\/jurisprudences\/eclinlhr2026578-hoge-raad-10-04-2026-25-01116\/\" \/>\n<meta property=\"og:locale\" content=\"tr_TR\" \/>\n<meta property=\"og:type\" content=\"article\" \/>\n<meta property=\"og:title\" content=\"ECLI:NL:HR:2026:578 Hoge Raad , 10-04-2026 \/ 25\/01116\" \/>\n<meta property=\"og:description\" content=\"Zorgwetten. Wet zorg en dwang. Machtiging tot voortzetting inbewaringstelling (art. 37 Wzd). Is psychiater ook ter zake kundige arts als bedoeld in art. 26 lid 6, onder d, Wzd? Aan medische verklaring te stellen eisen.\" \/>\n<meta property=\"og:url\" content=\"https:\/\/kohenavocats.com\/tr\/jurisprudences\/eclinlhr2026578-hoge-raad-10-04-2026-25-01116\/\" \/>\n<meta property=\"og:site_name\" content=\"Ma\u00eetre Hassan Kohen, avocat en droit p\u00e9nal \u00e0 Paris\" \/>\n<meta name=\"twitter:card\" content=\"summary_large_image\" \/>\n<meta name=\"twitter:label1\" content=\"Tahmini okuma s\u00fcresi\" \/>\n\t<meta name=\"twitter:data1\" content=\"8 dakika\" \/>\n<script type=\"application\/ld+json\" class=\"yoast-schema-graph\">{\"@context\":\"https:\\\/\\\/schema.org\",\"@graph\":[{\"@type\":\"WebPage\",\"@id\":\"https:\\\/\\\/kohenavocats.com\\\/tr\\\/jurisprudences\\\/eclinlhr2026578-hoge-raad-10-04-2026-25-01116\\\/\",\"url\":\"https:\\\/\\\/kohenavocats.com\\\/tr\\\/jurisprudences\\\/eclinlhr2026578-hoge-raad-10-04-2026-25-01116\\\/\",\"name\":\"ECLI:NL:HR:2026:578 Hoge Raad , 10-04-2026 \\\/ 25\\\/01116 - Ma\u00eetre Hassan Kohen, avocat en droit p\u00e9nal \u00e0 Paris\",\"isPartOf\":{\"@id\":\"https:\\\/\\\/kohenavocats.com\\\/tr\\\/#website\"},\"datePublished\":\"2026-04-15T01:59:10+00:00\",\"breadcrumb\":{\"@id\":\"https:\\\/\\\/kohenavocats.com\\\/tr\\\/jurisprudences\\\/eclinlhr2026578-hoge-raad-10-04-2026-25-01116\\\/#breadcrumb\"},\"inLanguage\":\"tr\",\"potentialAction\":[{\"@type\":\"ReadAction\",\"target\":[\"https:\\\/\\\/kohenavocats.com\\\/tr\\\/jurisprudences\\\/eclinlhr2026578-hoge-raad-10-04-2026-25-01116\\\/\"]}]},{\"@type\":\"BreadcrumbList\",\"@id\":\"https:\\\/\\\/kohenavocats.com\\\/tr\\\/jurisprudences\\\/eclinlhr2026578-hoge-raad-10-04-2026-25-01116\\\/#breadcrumb\",\"itemListElement\":[{\"@type\":\"ListItem\",\"position\":1,\"name\":\"Home\",\"item\":\"https:\\\/\\\/kohenavocats.com\\\/tr\\\/avocats-en-droit-penal-a-paris-conseil-et-defense-strategique\\\/\"},{\"@type\":\"ListItem\",\"position\":2,\"name\":\"Jurisprudences\",\"item\":\"https:\\\/\\\/kohenavocats.com\\\/tr\\\/jurisprudences\\\/\"},{\"@type\":\"ListItem\",\"position\":3,\"name\":\"ECLI:NL:HR:2026:578 Hoge Raad , 10-04-2026 \\\/ 25\\\/01116\"}]},{\"@type\":\"WebSite\",\"@id\":\"https:\\\/\\\/kohenavocats.com\\\/tr\\\/#website\",\"url\":\"https:\\\/\\\/kohenavocats.com\\\/tr\\\/\",\"name\":\"Kohen Avocats\",\"description\":\"Ma\u00eetre Hassan Kohen, avocat p\u00e9naliste \u00e0 Paris, intervient exclusivement en droit p\u00e9nal pour la d\u00e9fense des particuliers, notamment en mati\u00e8re d\u2019accusations de viol. Il assure un accompagnement rigoureux d\u00e8s la garde \u00e0 vue jusqu\u2019\u00e0 la Cour d\u2019assises, veillant au strict respect des garanties proc\u00e9durales.\",\"publisher\":{\"@id\":\"https:\\\/\\\/kohenavocats.com\\\/tr\\\/#organization\"},\"potentialAction\":[{\"@type\":\"SearchAction\",\"target\":{\"@type\":\"EntryPoint\",\"urlTemplate\":\"https:\\\/\\\/kohenavocats.com\\\/tr\\\/?s={search_term_string}\"},\"query-input\":{\"@type\":\"PropertyValueSpecification\",\"valueRequired\":true,\"valueName\":\"search_term_string\"}}],\"inLanguage\":\"tr\"},{\"@type\":\"Organization\",\"@id\":\"https:\\\/\\\/kohenavocats.com\\\/tr\\\/#organization\",\"name\":\"Kohen Avocats\",\"url\":\"https:\\\/\\\/kohenavocats.com\\\/tr\\\/\",\"logo\":{\"@type\":\"ImageObject\",\"inLanguage\":\"tr\",\"@id\":\"https:\\\/\\\/kohenavocats.com\\\/tr\\\/#\\\/schema\\\/logo\\\/image\\\/\",\"url\":\"https:\\\/\\\/kohenavocats.com\\\/wp-content\\\/uploads\\\/2026\\\/01\\\/Logo-2-1.webp\",\"contentUrl\":\"https:\\\/\\\/kohenavocats.com\\\/wp-content\\\/uploads\\\/2026\\\/01\\\/Logo-2-1.webp\",\"width\":2114,\"height\":1253,\"caption\":\"Kohen Avocats\"},\"image\":{\"@id\":\"https:\\\/\\\/kohenavocats.com\\\/tr\\\/#\\\/schema\\\/logo\\\/image\\\/\"}}]}<\/script>\n<!-- \/ Yoast SEO Premium plugin. -->","yoast_head_json":{"title":"ECLI:NL:HR:2026:578 Hoge Raad , 10-04-2026 \/ 25\/01116 - Ma\u00eetre Hassan Kohen, avocat en droit p\u00e9nal \u00e0 Paris","robots":{"index":"index","follow":"follow","max-snippet":"max-snippet:-1","max-image-preview":"max-image-preview:large","max-video-preview":"max-video-preview:-1"},"canonical":"https:\/\/kohenavocats.com\/tr\/jurisprudences\/eclinlhr2026578-hoge-raad-10-04-2026-25-01116\/","og_locale":"tr_TR","og_type":"article","og_title":"ECLI:NL:HR:2026:578 Hoge Raad , 10-04-2026 \/ 25\/01116","og_description":"Zorgwetten. Wet zorg en dwang. Machtiging tot voortzetting inbewaringstelling (art. 37 Wzd). Is psychiater ook ter zake kundige arts als bedoeld in art. 26 lid 6, onder d, Wzd? Aan medische verklaring te stellen eisen.","og_url":"https:\/\/kohenavocats.com\/tr\/jurisprudences\/eclinlhr2026578-hoge-raad-10-04-2026-25-01116\/","og_site_name":"Ma\u00eetre Hassan Kohen, avocat en droit p\u00e9nal \u00e0 Paris","twitter_card":"summary_large_image","twitter_misc":{"Tahmini okuma s\u00fcresi":"8 dakika"},"schema":{"@context":"https:\/\/schema.org","@graph":[{"@type":"WebPage","@id":"https:\/\/kohenavocats.com\/tr\/jurisprudences\/eclinlhr2026578-hoge-raad-10-04-2026-25-01116\/","url":"https:\/\/kohenavocats.com\/tr\/jurisprudences\/eclinlhr2026578-hoge-raad-10-04-2026-25-01116\/","name":"ECLI:NL:HR:2026:578 Hoge Raad , 10-04-2026 \/ 25\/01116 - Ma\u00eetre Hassan Kohen, avocat en droit p\u00e9nal \u00e0 Paris","isPartOf":{"@id":"https:\/\/kohenavocats.com\/tr\/#website"},"datePublished":"2026-04-15T01:59:10+00:00","breadcrumb":{"@id":"https:\/\/kohenavocats.com\/tr\/jurisprudences\/eclinlhr2026578-hoge-raad-10-04-2026-25-01116\/#breadcrumb"},"inLanguage":"tr","potentialAction":[{"@type":"ReadAction","target":["https:\/\/kohenavocats.com\/tr\/jurisprudences\/eclinlhr2026578-hoge-raad-10-04-2026-25-01116\/"]}]},{"@type":"BreadcrumbList","@id":"https:\/\/kohenavocats.com\/tr\/jurisprudences\/eclinlhr2026578-hoge-raad-10-04-2026-25-01116\/#breadcrumb","itemListElement":[{"@type":"ListItem","position":1,"name":"Home","item":"https:\/\/kohenavocats.com\/tr\/avocats-en-droit-penal-a-paris-conseil-et-defense-strategique\/"},{"@type":"ListItem","position":2,"name":"Jurisprudences","item":"https:\/\/kohenavocats.com\/tr\/jurisprudences\/"},{"@type":"ListItem","position":3,"name":"ECLI:NL:HR:2026:578 Hoge Raad , 10-04-2026 \/ 25\/01116"}]},{"@type":"WebSite","@id":"https:\/\/kohenavocats.com\/tr\/#website","url":"https:\/\/kohenavocats.com\/tr\/","name":"Kohen Avocats","description":"Ma\u00eetre Hassan Kohen, avocat p\u00e9naliste \u00e0 Paris, intervient exclusivement en droit p\u00e9nal pour la d\u00e9fense des particuliers, notamment en mati\u00e8re d\u2019accusations de viol. Il assure un accompagnement rigoureux d\u00e8s la garde \u00e0 vue jusqu\u2019\u00e0 la Cour d\u2019assises, veillant au strict respect des garanties proc\u00e9durales.","publisher":{"@id":"https:\/\/kohenavocats.com\/tr\/#organization"},"potentialAction":[{"@type":"SearchAction","target":{"@type":"EntryPoint","urlTemplate":"https:\/\/kohenavocats.com\/tr\/?s={search_term_string}"},"query-input":{"@type":"PropertyValueSpecification","valueRequired":true,"valueName":"search_term_string"}}],"inLanguage":"tr"},{"@type":"Organization","@id":"https:\/\/kohenavocats.com\/tr\/#organization","name":"Kohen Avocats","url":"https:\/\/kohenavocats.com\/tr\/","logo":{"@type":"ImageObject","inLanguage":"tr","@id":"https:\/\/kohenavocats.com\/tr\/#\/schema\/logo\/image\/","url":"https:\/\/kohenavocats.com\/wp-content\/uploads\/2026\/01\/Logo-2-1.webp","contentUrl":"https:\/\/kohenavocats.com\/wp-content\/uploads\/2026\/01\/Logo-2-1.webp","width":2114,"height":1253,"caption":"Kohen Avocats"},"image":{"@id":"https:\/\/kohenavocats.com\/tr\/#\/schema\/logo\/image\/"}}]}},"jetpack_likes_enabled":false,"jetpack_sharing_enabled":true,"_links":{"self":[{"href":"https:\/\/kohenavocats.com\/tr\/wp-json\/wp\/v2\/kji_decision\/564422","targetHints":{"allow":["GET"]}}],"collection":[{"href":"https:\/\/kohenavocats.com\/tr\/wp-json\/wp\/v2\/kji_decision"}],"about":[{"href":"https:\/\/kohenavocats.com\/tr\/wp-json\/wp\/v2\/types\/kji_decision"}],"wp:attachment":[{"href":"https:\/\/kohenavocats.com\/tr\/wp-json\/wp\/v2\/media?parent=564422"}],"wp:term":[{"taxonomy":"kji_country","embeddable":true,"href":"https:\/\/kohenavocats.com\/tr\/wp-json\/wp\/v2\/kji_country?post=564422"},{"taxonomy":"kji_court","embeddable":true,"href":"https:\/\/kohenavocats.com\/tr\/wp-json\/wp\/v2\/kji_court?post=564422"},{"taxonomy":"kji_chamber","embeddable":true,"href":"https:\/\/kohenavocats.com\/tr\/wp-json\/wp\/v2\/kji_chamber?post=564422"},{"taxonomy":"kji_year","embeddable":true,"href":"https:\/\/kohenavocats.com\/tr\/wp-json\/wp\/v2\/kji_year?post=564422"},{"taxonomy":"kji_subject","embeddable":true,"href":"https:\/\/kohenavocats.com\/tr\/wp-json\/wp\/v2\/kji_subject?post=564422"},{"taxonomy":"kji_keyword","embeddable":true,"href":"https:\/\/kohenavocats.com\/tr\/wp-json\/wp\/v2\/kji_keyword?post=564422"},{"taxonomy":"kji_language","embeddable":true,"href":"https:\/\/kohenavocats.com\/tr\/wp-json\/wp\/v2\/kji_language?post=564422"}],"curies":[{"name":"wp","href":"https:\/\/api.w.org\/{rel}","templated":true}]}}