{"id":798409,"date":"2026-05-01T06:25:15","date_gmt":"2026-05-01T04:25:15","guid":{"rendered":"https:\/\/kohenavocats.com\/jurisprudences\/acordao-tribunal-da-relacao-de-lisboa-processo-9901-24-0t8lsb-l1-1-2026-04-14\/"},"modified":"2026-05-01T06:25:15","modified_gmt":"2026-05-01T04:25:15","slug":"acordao-tribunal-da-relacao-de-lisboa-processo-9901-24-0t8lsb-l1-1-2026-04-14","status":"publish","type":"kji_decision","link":"https:\/\/kohenavocats.com\/tr\/jurisprudences\/acordao-tribunal-da-relacao-de-lisboa-processo-9901-24-0t8lsb-l1-1-2026-04-14\/","title":{"rendered":"Ac\u00f3rd\u00e3o Tribunal da Rela\u00e7\u00e3o de Lisboa \u2013 Processo 9901\/24.0T8LSB.L1-1 \u2013 2026-04-14"},"content":{"rendered":"<div class=\"kji-decision\">\n<p class=\"kji-summary\">Relator: NUNO TEIXEIRA. Sum?rio (da responsabilidade do Relator): I ? N?o ocorre nulidade da senten?a, por omiss?o de pron?ncia (artigo 615?, n? 1, al?nea d) do CPC), se o tribunal decidiu a quest?o da responsabilidade solid?ria e do cr?dito, mesmo sem rebater expressamente todos os argumentos da contesta??o. II ? Mas, n?o deixa de ser nula, por falta absoluta de fundamenta??o de facto (artigo 615?, n? 1, al?nea b) do CPC), quando enuncia apenas os factos provados, n?o discrimina quais os factos que entendeu como n?o provados e n?o justifica, em termos concretos, porque n?o admitiu certos factos.<\/p>\n<hr class=\"kji-sep\" \/>\n<p class=\"kji-source-links\"><strong>Sources officielles :<\/strong> <a class=\"kji-source-link\" href=\"https:\/\/www.dgsi.pt\/jtrl.nsf\/33182fc732316039802565fa00497eec\/c361032491f3fe9a80258ddf0040c73d?OpenDocument&#038;ExpandSection=1\" target=\"_blank\" rel=\"noopener noreferrer\">consulter la page source<\/a><\/p>\n<p class=\"kji-license-note\"><em>Portails officiels portugais (DGSI \/ Tribunal Constitucional). Republication en metadata_only par prudence licencielle ; consulter la source officielle pour le texte authentique.<\/em><\/p>\n<\/div>\n","protected":false},"excerpt":{"rendered":"<p>Relator: NUNO TEIXEIRA. Sum?rio (da responsabilidade do Relator): I ? N?o ocorre nulidade da senten?a, por omiss?o de pron?ncia (artigo 615?, n? 1, al?nea d) do CPC), se o tribunal decidiu a quest?o da responsabilidade solid?ria e do cr?dito, mesmo sem rebater expressamente todos os argumentos da contesta??o. II ? Mas, n?o deixa de ser nula, por falta absoluta de fundamenta??o de facto (artigo 615?, n? 1, al?nea b) do CPC), quando enuncia apenas os factos provados, n?o discrimina quais os factos que entendeu como n?o provados e n?o justifica, em termos concretos, porque n?o admitiu certos factos.<\/p>\n","protected":false},"featured_media":0,"template":"","meta":{"_crdt_document":""},"kji_country":[7762],"kji_court":[51416],"kji_chamber":[],"kji_year":[7610],"kji_subject":[7724],"kji_keyword":[7772,17729,7771,51417,7636],"kji_language":[7770],"class_list":["post-798409","kji_decision","type-kji_decision","status-publish","hentry","kji_country-portugal","kji_court-tribunal-da-relacao-de-lisboa","kji_year-7610","kji_subject-civil","kji_keyword-acordao","kji_keyword-lisboa","kji_keyword-processo","kji_keyword-relacao","kji_keyword-tribunal","kji_language-pt"],"yoast_head":"<!-- This site is optimized with the Yoast SEO Premium plugin v27.5 (Yoast SEO v27.5) - https:\/\/yoast.com\/product\/yoast-seo-premium-wordpress\/ -->\n<title>Ac\u00f3rd\u00e3o Tribunal da Rela\u00e7\u00e3o de Lisboa \u2013 Processo 9901\/24.0T8LSB.L1-1 \u2013 2026-04-14 - Ma\u00eetre Hassan Kohen, avocat en droit p\u00e9nal \u00e0 Paris<\/title>\n<meta name=\"robots\" content=\"index, follow, max-snippet:-1, max-image-preview:large, max-video-preview:-1\" \/>\n<link rel=\"canonical\" href=\"https:\/\/kohenavocats.com\/tr\/jurisprudences\/acordao-tribunal-da-relacao-de-lisboa-processo-9901-24-0t8lsb-l1-1-2026-04-14\/\" \/>\n<meta property=\"og:locale\" content=\"tr_TR\" \/>\n<meta property=\"og:type\" content=\"article\" \/>\n<meta property=\"og:title\" content=\"Ac\u00f3rd\u00e3o Tribunal da Rela\u00e7\u00e3o de Lisboa \u2013 Processo 9901\/24.0T8LSB.L1-1 \u2013 2026-04-14\" \/>\n<meta property=\"og:description\" content=\"Relator: NUNO TEIXEIRA. Sum?rio (da responsabilidade do Relator): I ? N?o ocorre nulidade da senten?a, por omiss?o de pron?ncia (artigo 615?, n? 1, al?nea d) do CPC), se o tribunal decidiu a quest?o da responsabilidade solid?ria e do cr?dito, mesmo sem rebater expressamente todos os argumentos da contesta??o. II ? Mas, n?o deixa de ser nula, por falta absoluta de fundamenta??o de facto (artigo 615?, n? 1, al?nea b) do CPC), quando enuncia apenas os factos provados, n?o discrimina quais os factos que entendeu como n?o provados e n?o justifica, em termos concretos, porque n?o admitiu certos factos.\" \/>\n<meta property=\"og:url\" content=\"https:\/\/kohenavocats.com\/tr\/jurisprudences\/acordao-tribunal-da-relacao-de-lisboa-processo-9901-24-0t8lsb-l1-1-2026-04-14\/\" \/>\n<meta property=\"og:site_name\" content=\"Ma\u00eetre Hassan Kohen, avocat en droit p\u00e9nal \u00e0 Paris\" \/>\n<meta name=\"twitter:card\" content=\"summary_large_image\" \/>\n<meta name=\"twitter:label1\" content=\"Tahmini okuma s\u00fcresi\" \/>\n\t<meta name=\"twitter:data1\" content=\"1 dakika\" \/>\n<script type=\"application\/ld+json\" class=\"yoast-schema-graph\">{\"@context\":\"https:\\\/\\\/schema.org\",\"@graph\":[{\"@type\":\"WebPage\",\"@id\":\"https:\\\/\\\/kohenavocats.com\\\/tr\\\/jurisprudences\\\/acordao-tribunal-da-relacao-de-lisboa-processo-9901-24-0t8lsb-l1-1-2026-04-14\\\/\",\"url\":\"https:\\\/\\\/kohenavocats.com\\\/tr\\\/jurisprudences\\\/acordao-tribunal-da-relacao-de-lisboa-processo-9901-24-0t8lsb-l1-1-2026-04-14\\\/\",\"name\":\"Ac\u00f3rd\u00e3o Tribunal da Rela\u00e7\u00e3o de Lisboa \u2013 Processo 9901\\\/24.0T8LSB.L1-1 \u2013 2026-04-14 - Ma\u00eetre Hassan Kohen, avocat en droit p\u00e9nal \u00e0 Paris\",\"isPartOf\":{\"@id\":\"https:\\\/\\\/kohenavocats.com\\\/tr\\\/#website\"},\"datePublished\":\"2026-05-01T04:25:15+00:00\",\"breadcrumb\":{\"@id\":\"https:\\\/\\\/kohenavocats.com\\\/tr\\\/jurisprudences\\\/acordao-tribunal-da-relacao-de-lisboa-processo-9901-24-0t8lsb-l1-1-2026-04-14\\\/#breadcrumb\"},\"inLanguage\":\"tr\",\"potentialAction\":[{\"@type\":\"ReadAction\",\"target\":[\"https:\\\/\\\/kohenavocats.com\\\/tr\\\/jurisprudences\\\/acordao-tribunal-da-relacao-de-lisboa-processo-9901-24-0t8lsb-l1-1-2026-04-14\\\/\"]}]},{\"@type\":\"BreadcrumbList\",\"@id\":\"https:\\\/\\\/kohenavocats.com\\\/tr\\\/jurisprudences\\\/acordao-tribunal-da-relacao-de-lisboa-processo-9901-24-0t8lsb-l1-1-2026-04-14\\\/#breadcrumb\",\"itemListElement\":[{\"@type\":\"ListItem\",\"position\":1,\"name\":\"Home\",\"item\":\"https:\\\/\\\/kohenavocats.com\\\/tr\\\/avocats-en-droit-penal-a-paris-conseil-et-defense-strategique\\\/\"},{\"@type\":\"ListItem\",\"position\":2,\"name\":\"Jurisprudences\",\"item\":\"https:\\\/\\\/kohenavocats.com\\\/tr\\\/jurisprudences\\\/\"},{\"@type\":\"ListItem\",\"position\":3,\"name\":\"Ac\u00f3rd\u00e3o Tribunal da Rela\u00e7\u00e3o de Lisboa \u2013 Processo 9901\\\/24.0T8LSB.L1-1 \u2013 2026-04-14\"}]},{\"@type\":\"WebSite\",\"@id\":\"https:\\\/\\\/kohenavocats.com\\\/tr\\\/#website\",\"url\":\"https:\\\/\\\/kohenavocats.com\\\/tr\\\/\",\"name\":\"Kohen Avocats\",\"description\":\"Ma\u00eetre Hassan Kohen, avocat p\u00e9naliste \u00e0 Paris, intervient exclusivement en droit p\u00e9nal pour la d\u00e9fense des particuliers, notamment en mati\u00e8re d\u2019accusations de viol. Il assure un accompagnement rigoureux d\u00e8s la garde \u00e0 vue jusqu\u2019\u00e0 la Cour d\u2019assises, veillant au strict respect des garanties proc\u00e9durales.\",\"publisher\":{\"@id\":\"https:\\\/\\\/kohenavocats.com\\\/tr\\\/#organization\"},\"potentialAction\":[{\"@type\":\"SearchAction\",\"target\":{\"@type\":\"EntryPoint\",\"urlTemplate\":\"https:\\\/\\\/kohenavocats.com\\\/tr\\\/?s={search_term_string}\"},\"query-input\":{\"@type\":\"PropertyValueSpecification\",\"valueRequired\":true,\"valueName\":\"search_term_string\"}}],\"inLanguage\":\"tr\"},{\"@type\":\"Organization\",\"@id\":\"https:\\\/\\\/kohenavocats.com\\\/tr\\\/#organization\",\"name\":\"Kohen Avocats\",\"url\":\"https:\\\/\\\/kohenavocats.com\\\/tr\\\/\",\"logo\":{\"@type\":\"ImageObject\",\"inLanguage\":\"tr\",\"@id\":\"https:\\\/\\\/kohenavocats.com\\\/tr\\\/#\\\/schema\\\/logo\\\/image\\\/\",\"url\":\"https:\\\/\\\/kohenavocats.com\\\/wp-content\\\/uploads\\\/2026\\\/01\\\/Logo-2-1.webp\",\"contentUrl\":\"https:\\\/\\\/kohenavocats.com\\\/wp-content\\\/uploads\\\/2026\\\/01\\\/Logo-2-1.webp\",\"width\":2114,\"height\":1253,\"caption\":\"Kohen Avocats\"},\"image\":{\"@id\":\"https:\\\/\\\/kohenavocats.com\\\/tr\\\/#\\\/schema\\\/logo\\\/image\\\/\"}}]}<\/script>\n<!-- \/ Yoast SEO Premium plugin. -->","yoast_head_json":{"title":"Ac\u00f3rd\u00e3o Tribunal da Rela\u00e7\u00e3o de Lisboa \u2013 Processo 9901\/24.0T8LSB.L1-1 \u2013 2026-04-14 - Ma\u00eetre Hassan Kohen, avocat en droit p\u00e9nal \u00e0 Paris","robots":{"index":"index","follow":"follow","max-snippet":"max-snippet:-1","max-image-preview":"max-image-preview:large","max-video-preview":"max-video-preview:-1"},"canonical":"https:\/\/kohenavocats.com\/tr\/jurisprudences\/acordao-tribunal-da-relacao-de-lisboa-processo-9901-24-0t8lsb-l1-1-2026-04-14\/","og_locale":"tr_TR","og_type":"article","og_title":"Ac\u00f3rd\u00e3o Tribunal da Rela\u00e7\u00e3o de Lisboa \u2013 Processo 9901\/24.0T8LSB.L1-1 \u2013 2026-04-14","og_description":"Relator: NUNO TEIXEIRA. Sum?rio (da responsabilidade do Relator): I ? N?o ocorre nulidade da senten?a, por omiss?o de pron?ncia (artigo 615?, n? 1, al?nea d) do CPC), se o tribunal decidiu a quest?o da responsabilidade solid?ria e do cr?dito, mesmo sem rebater expressamente todos os argumentos da contesta??o. II ? Mas, n?o deixa de ser nula, por falta absoluta de fundamenta??o de facto (artigo 615?, n? 1, al?nea b) do CPC), quando enuncia apenas os factos provados, n?o discrimina quais os factos que entendeu como n?o provados e n?o justifica, em termos concretos, porque n?o admitiu certos factos.","og_url":"https:\/\/kohenavocats.com\/tr\/jurisprudences\/acordao-tribunal-da-relacao-de-lisboa-processo-9901-24-0t8lsb-l1-1-2026-04-14\/","og_site_name":"Ma\u00eetre Hassan Kohen, avocat en droit p\u00e9nal \u00e0 Paris","twitter_card":"summary_large_image","twitter_misc":{"Tahmini okuma s\u00fcresi":"1 dakika"},"schema":{"@context":"https:\/\/schema.org","@graph":[{"@type":"WebPage","@id":"https:\/\/kohenavocats.com\/tr\/jurisprudences\/acordao-tribunal-da-relacao-de-lisboa-processo-9901-24-0t8lsb-l1-1-2026-04-14\/","url":"https:\/\/kohenavocats.com\/tr\/jurisprudences\/acordao-tribunal-da-relacao-de-lisboa-processo-9901-24-0t8lsb-l1-1-2026-04-14\/","name":"Ac\u00f3rd\u00e3o Tribunal da Rela\u00e7\u00e3o de Lisboa \u2013 Processo 9901\/24.0T8LSB.L1-1 \u2013 2026-04-14 - Ma\u00eetre Hassan Kohen, avocat en droit p\u00e9nal \u00e0 Paris","isPartOf":{"@id":"https:\/\/kohenavocats.com\/tr\/#website"},"datePublished":"2026-05-01T04:25:15+00:00","breadcrumb":{"@id":"https:\/\/kohenavocats.com\/tr\/jurisprudences\/acordao-tribunal-da-relacao-de-lisboa-processo-9901-24-0t8lsb-l1-1-2026-04-14\/#breadcrumb"},"inLanguage":"tr","potentialAction":[{"@type":"ReadAction","target":["https:\/\/kohenavocats.com\/tr\/jurisprudences\/acordao-tribunal-da-relacao-de-lisboa-processo-9901-24-0t8lsb-l1-1-2026-04-14\/"]}]},{"@type":"BreadcrumbList","@id":"https:\/\/kohenavocats.com\/tr\/jurisprudences\/acordao-tribunal-da-relacao-de-lisboa-processo-9901-24-0t8lsb-l1-1-2026-04-14\/#breadcrumb","itemListElement":[{"@type":"ListItem","position":1,"name":"Home","item":"https:\/\/kohenavocats.com\/tr\/avocats-en-droit-penal-a-paris-conseil-et-defense-strategique\/"},{"@type":"ListItem","position":2,"name":"Jurisprudences","item":"https:\/\/kohenavocats.com\/tr\/jurisprudences\/"},{"@type":"ListItem","position":3,"name":"Ac\u00f3rd\u00e3o Tribunal da Rela\u00e7\u00e3o de Lisboa \u2013 Processo 9901\/24.0T8LSB.L1-1 \u2013 2026-04-14"}]},{"@type":"WebSite","@id":"https:\/\/kohenavocats.com\/tr\/#website","url":"https:\/\/kohenavocats.com\/tr\/","name":"Kohen Avocats","description":"Ma\u00eetre Hassan Kohen, avocat p\u00e9naliste \u00e0 Paris, intervient exclusivement en droit p\u00e9nal pour la d\u00e9fense des particuliers, notamment en mati\u00e8re d\u2019accusations de viol. Il assure un accompagnement rigoureux d\u00e8s la garde \u00e0 vue jusqu\u2019\u00e0 la Cour d\u2019assises, veillant au strict respect des garanties proc\u00e9durales.","publisher":{"@id":"https:\/\/kohenavocats.com\/tr\/#organization"},"potentialAction":[{"@type":"SearchAction","target":{"@type":"EntryPoint","urlTemplate":"https:\/\/kohenavocats.com\/tr\/?s={search_term_string}"},"query-input":{"@type":"PropertyValueSpecification","valueRequired":true,"valueName":"search_term_string"}}],"inLanguage":"tr"},{"@type":"Organization","@id":"https:\/\/kohenavocats.com\/tr\/#organization","name":"Kohen Avocats","url":"https:\/\/kohenavocats.com\/tr\/","logo":{"@type":"ImageObject","inLanguage":"tr","@id":"https:\/\/kohenavocats.com\/tr\/#\/schema\/logo\/image\/","url":"https:\/\/kohenavocats.com\/wp-content\/uploads\/2026\/01\/Logo-2-1.webp","contentUrl":"https:\/\/kohenavocats.com\/wp-content\/uploads\/2026\/01\/Logo-2-1.webp","width":2114,"height":1253,"caption":"Kohen Avocats"},"image":{"@id":"https:\/\/kohenavocats.com\/tr\/#\/schema\/logo\/image\/"}}]}},"jetpack_likes_enabled":false,"jetpack_sharing_enabled":true,"_links":{"self":[{"href":"https:\/\/kohenavocats.com\/tr\/wp-json\/wp\/v2\/kji_decision\/798409","targetHints":{"allow":["GET"]}}],"collection":[{"href":"https:\/\/kohenavocats.com\/tr\/wp-json\/wp\/v2\/kji_decision"}],"about":[{"href":"https:\/\/kohenavocats.com\/tr\/wp-json\/wp\/v2\/types\/kji_decision"}],"wp:attachment":[{"href":"https:\/\/kohenavocats.com\/tr\/wp-json\/wp\/v2\/media?parent=798409"}],"wp:term":[{"taxonomy":"kji_country","embeddable":true,"href":"https:\/\/kohenavocats.com\/tr\/wp-json\/wp\/v2\/kji_country?post=798409"},{"taxonomy":"kji_court","embeddable":true,"href":"https:\/\/kohenavocats.com\/tr\/wp-json\/wp\/v2\/kji_court?post=798409"},{"taxonomy":"kji_chamber","embeddable":true,"href":"https:\/\/kohenavocats.com\/tr\/wp-json\/wp\/v2\/kji_chamber?post=798409"},{"taxonomy":"kji_year","embeddable":true,"href":"https:\/\/kohenavocats.com\/tr\/wp-json\/wp\/v2\/kji_year?post=798409"},{"taxonomy":"kji_subject","embeddable":true,"href":"https:\/\/kohenavocats.com\/tr\/wp-json\/wp\/v2\/kji_subject?post=798409"},{"taxonomy":"kji_keyword","embeddable":true,"href":"https:\/\/kohenavocats.com\/tr\/wp-json\/wp\/v2\/kji_keyword?post=798409"},{"taxonomy":"kji_language","embeddable":true,"href":"https:\/\/kohenavocats.com\/tr\/wp-json\/wp\/v2\/kji_language?post=798409"}],"curies":[{"name":"wp","href":"https:\/\/api.w.org\/{rel}","templated":true}]}}