{"version":"1.0","provider_name":"Ma\u00eetre Hassan Kohen, avocat en droit p\u00e9nal \u00e0 Paris","provider_url":"https:\/\/kohenavocats.com\/zh-hans\/","author_name":"Ma\u00eetre Hassan Kohen, avocat en droit p\u00e9nal \u00e0 Paris","author_url":"https:\/\/kohenavocats.com\/zh-hans\/","title":"KHO:2021:52 - Maank\u00e4ytt\u00f6 ja rakentaminen","type":"rich","width":600,"height":338,"html":"<blockquote class=\"wp-embedded-content\" data-secret=\"TDZDZ4KKyd\"><a href=\"https:\/\/kohenavocats.com\/zh-hans\/jurisprudences\/kho202152-maankaytto-ja-rakentaminen\/\">KHO:2021:52 &#8211; Maank\u00e4ytt\u00f6 ja rakentaminen<\/a><\/blockquote><iframe sandbox=\"allow-scripts\" security=\"restricted\" src=\"https:\/\/kohenavocats.com\/zh-hans\/jurisprudences\/kho202152-maankaytto-ja-rakentaminen\/embed\/#?secret=TDZDZ4KKyd\" width=\"600\" height=\"338\" title=\"\u300a KHO:2021:52 &#8211; Maank\u00e4ytt\u00f6 ja rakentaminen \u300b\u2014Ma\u00eetre Hassan Kohen, avocat en droit p\u00e9nal \u00e0 Paris\" data-secret=\"TDZDZ4KKyd\" frameborder=\"0\" marginwidth=\"0\" marginheight=\"0\" scrolling=\"no\" class=\"wp-embedded-content\"><\/iframe><script>\n\/*! This file is auto-generated *\/\n!function(d,l){\"use strict\";l.querySelector&&d.addEventListener&&\"undefined\"!=typeof URL&&(d.wp=d.wp||{},d.wp.receiveEmbedMessage||(d.wp.receiveEmbedMessage=function(e){var t=e.data;if((t||t.secret||t.message||t.value)&&!\/[^a-zA-Z0-9]\/.test(t.secret)){for(var s,r,n,a=l.querySelectorAll('iframe[data-secret=\"'+t.secret+'\"]'),o=l.querySelectorAll('blockquote[data-secret=\"'+t.secret+'\"]'),c=new RegExp(\"^https?:$\",\"i\"),i=0;i<o.length;i++)o[i].style.display=\"none\";for(i=0;i<a.length;i++)s=a[i],e.source===s.contentWindow&&(s.removeAttribute(\"style\"),\"height\"===t.message?(1e3<(r=parseInt(t.value,10))?r=1e3:~~r<200&&(r=200),s.height=r):\"link\"===t.message&&(r=new URL(s.getAttribute(\"src\")),n=new URL(t.value),c.test(n.protocol))&&n.host===r.host&&l.activeElement===s&&(d.top.location.href=t.value))}},d.addEventListener(\"message\",d.wp.receiveEmbedMessage,!1),l.addEventListener(\"DOMContentLoaded\",function(){for(var e,t,s=l.querySelectorAll(\"iframe.wp-embedded-content\"),r=0;r<s.length;r++)(t=(e=s[r]).getAttribute(\"data-secret\"))||(t=Math.random().toString(36).substring(2,12),e.src+=\"#?secret=\"+t,e.setAttribute(\"data-secret\",t)),e.contentWindow.postMessage({message:\"ready\",secret:t},\"*\")},!1)))}(window,document);\n\/\/# sourceURL=https:\/\/kohenavocats.com\/wp-includes\/js\/wp-embed.min.js\n<\/script>\n","description":"Kommunfullm\u00e4ktige godk\u00e4nde en delgeneralplan som medger utbyggnad av 12 vindkraftverk med en totalh\u00f6jd p\u00e5 h\u00f6gt 240 meter p\u00e5 ett omr\u00e5de anvisat f\u00f6r vindkraft (tv). Delgeneralplanen var en del av en p\u00e5 tv\u00e5 kommuners omr\u00e5de planerad helhet som medger utbyggnad av sammanlagt 15 vindkraftverk. Planeomr\u00e5det ligger \u00f6ster och norr om det nationellt v\u00e4rdefulla landskapsomr\u00e5det vid Kyro..."}