{"version":"1.0","provider_name":"Ma\u00eetre Hassan Kohen, avocat en droit p\u00e9nal \u00e0 Paris","provider_url":"https:\/\/kohenavocats.com\/zh-hans\/","author_name":"Ma\u00eetre Hassan Kohen, avocat en droit p\u00e9nal \u00e0 Paris","author_url":"https:\/\/kohenavocats.com\/zh-hans\/","title":"KHO:2024:57 - F\u00f6rvaltningstvistem\u00e5l","type":"rich","width":600,"height":338,"html":"<blockquote class=\"wp-embedded-content\" data-secret=\"ofUiy6c4tI\"><a href=\"https:\/\/kohenavocats.com\/zh-hans\/jurisprudences\/kho202457-forvaltningstvistemal\/\">KHO:2024:57 &#8211; F\u00f6rvaltningstvistem\u00e5l<\/a><\/blockquote><iframe sandbox=\"allow-scripts\" security=\"restricted\" src=\"https:\/\/kohenavocats.com\/zh-hans\/jurisprudences\/kho202457-forvaltningstvistemal\/embed\/#?secret=ofUiy6c4tI\" width=\"600\" height=\"338\" title=\"\u300a KHO:2024:57 &#8211; F\u00f6rvaltningstvistem\u00e5l \u300b\u2014Ma\u00eetre Hassan Kohen, avocat en droit p\u00e9nal \u00e0 Paris\" data-secret=\"ofUiy6c4tI\" frameborder=\"0\" marginwidth=\"0\" marginheight=\"0\" scrolling=\"no\" class=\"wp-embedded-content\"><\/iframe><script>\n\/*! This file is auto-generated *\/\n!function(d,l){\"use strict\";l.querySelector&&d.addEventListener&&\"undefined\"!=typeof URL&&(d.wp=d.wp||{},d.wp.receiveEmbedMessage||(d.wp.receiveEmbedMessage=function(e){var t=e.data;if((t||t.secret||t.message||t.value)&&!\/[^a-zA-Z0-9]\/.test(t.secret)){for(var s,r,n,a=l.querySelectorAll('iframe[data-secret=\"'+t.secret+'\"]'),o=l.querySelectorAll('blockquote[data-secret=\"'+t.secret+'\"]'),c=new RegExp(\"^https?:$\",\"i\"),i=0;i<o.length;i++)o[i].style.display=\"none\";for(i=0;i<a.length;i++)s=a[i],e.source===s.contentWindow&&(s.removeAttribute(\"style\"),\"height\"===t.message?(1e3<(r=parseInt(t.value,10))?r=1e3:~~r<200&&(r=200),s.height=r):\"link\"===t.message&&(r=new URL(s.getAttribute(\"src\")),n=new URL(t.value),c.test(n.protocol))&&n.host===r.host&&l.activeElement===s&&(d.top.location.href=t.value))}},d.addEventListener(\"message\",d.wp.receiveEmbedMessage,!1),l.addEventListener(\"DOMContentLoaded\",function(){for(var e,t,s=l.querySelectorAll(\"iframe.wp-embedded-content\"),r=0;r<s.length;r++)(t=(e=s[r]).getAttribute(\"data-secret\"))||(t=Math.random().toString(36).substring(2,12),e.src+=\"#?secret=\"+t,e.setAttribute(\"data-secret\",t)),e.contentWindow.postMessage({message:\"ready\",secret:t},\"*\")},!1)))}(window,document);\n\/\/# sourceURL=https:\/\/kohenavocats.com\/wp-includes\/js\/wp-embed.min.js\n<\/script>\n","description":"A som varit i tj\u00e4nstef\u00f6rh\u00e5llande i ett kommunalt aff\u00e4rsverk hade sagts upp av ekonomiska orsaker och produktionsorsaker. H\u00f6gsta f\u00f6rvaltningsdomstolen hade sedermera upph\u00e4vt upps\u00e4gningsbeslutet p\u00e5 den grunden att upps\u00e4gningen saknade grund. Medan besv\u00e4ren var anh\u00e4ngiga hade kommunen dragit in tj\u00e4nsterna och aff\u00e4rsverkets personal hade 1.1.2014 genom \u00f6verl\u00e5telse av r\u00f6relse \u00f6verg\u00e5tt till anst\u00e4llning som arbetstagare hos ett..."}