{"version":"1.0","provider_name":"Ma\u00eetre Hassan Kohen, avocat en droit p\u00e9nal \u00e0 Paris","provider_url":"https:\/\/kohenavocats.com\/zh-hans\/","author_name":"Ma\u00eetre Hassan Kohen, avocat en droit p\u00e9nal \u00e0 Paris","author_url":"https:\/\/kohenavocats.com\/zh-hans\/","title":"TT 2021:104 - Lakko","type":"rich","width":600,"height":338,"html":"<blockquote class=\"wp-embedded-content\" data-secret=\"JpWLJ2fa27\"><a href=\"https:\/\/kohenavocats.com\/zh-hans\/jurisprudences\/tt-2021104-lakko\/\">TT 2021:104 &#8211; Lakko<\/a><\/blockquote><iframe sandbox=\"allow-scripts\" security=\"restricted\" src=\"https:\/\/kohenavocats.com\/zh-hans\/jurisprudences\/tt-2021104-lakko\/embed\/#?secret=JpWLJ2fa27\" width=\"600\" height=\"338\" title=\"\u300a TT 2021:104 &#8211; Lakko \u300b\u2014Ma\u00eetre Hassan Kohen, avocat en droit p\u00e9nal \u00e0 Paris\" data-secret=\"JpWLJ2fa27\" frameborder=\"0\" marginwidth=\"0\" marginheight=\"0\" scrolling=\"no\" class=\"wp-embedded-content\"><\/iframe><script>\n\/*! This file is auto-generated *\/\n!function(d,l){\"use strict\";l.querySelector&&d.addEventListener&&\"undefined\"!=typeof URL&&(d.wp=d.wp||{},d.wp.receiveEmbedMessage||(d.wp.receiveEmbedMessage=function(e){var t=e.data;if((t||t.secret||t.message||t.value)&&!\/[^a-zA-Z0-9]\/.test(t.secret)){for(var s,r,n,a=l.querySelectorAll('iframe[data-secret=\"'+t.secret+'\"]'),o=l.querySelectorAll('blockquote[data-secret=\"'+t.secret+'\"]'),c=new RegExp(\"^https?:$\",\"i\"),i=0;i<o.length;i++)o[i].style.display=\"none\";for(i=0;i<a.length;i++)s=a[i],e.source===s.contentWindow&&(s.removeAttribute(\"style\"),\"height\"===t.message?(1e3<(r=parseInt(t.value,10))?r=1e3:~~r<200&&(r=200),s.height=r):\"link\"===t.message&&(r=new URL(s.getAttribute(\"src\")),n=new URL(t.value),c.test(n.protocol))&&n.host===r.host&&l.activeElement===s&&(d.top.location.href=t.value))}},d.addEventListener(\"message\",d.wp.receiveEmbedMessage,!1),l.addEventListener(\"DOMContentLoaded\",function(){for(var e,t,s=l.querySelectorAll(\"iframe.wp-embedded-content\"),r=0;r<s.length;r++)(t=(e=s[r]).getAttribute(\"data-secret\"))||(t=Math.random().toString(36).substring(2,12),e.src+=\"#?secret=\"+t,e.setAttribute(\"data-secret\",t)),e.contentWindow.postMessage({message:\"ready\",secret:t},\"*\")},!1)))}(window,document);\n\/\/# sourceURL=https:\/\/kohenavocats.com\/wp-includes\/js\/wp-embed.min.js\n<\/script>\n","description":"P\u00e4\u00e4luottamusmies oli esitt\u00e4nyt ty\u00f6nantajalle vaatimuksen siit\u00e4, ett\u00e4 seuraa-vaksi p\u00e4iv\u00e4ksi sovittuun yhteistoimintakokoukseen osallistuisi my\u00f6s varaluottamusmies ja ty\u00f6suojeluvaltuutettu tai muutoin henkil\u00f6st\u00f6 olisi lakossa seuraavalla viikolla. Tuomiossa todettiin, ett\u00e4 p\u00e4\u00e4t\u00f6s aloittaa yhteistoimintaneuvottelut oli ty\u00f6nantajan ty\u00f6njohdollinen ratkaisu, ja muun ohella neuvottelujen sis\u00e4lt\u00f6\u00f6n, aikatauluun, organisointiin ja kestoon liittyv\u00e4t kysymykset kuuluivat niin ik\u00e4\u00e4n ty\u00f6nantajan ty\u00f6njohto-oikeuden piiriin. Henkil\u00f6st\u00f6n edustus yhteistoimintaneuvotteluissa m\u00e4\u00e4r\u00e4ytyi kuitenkin..."}