{"version":"1.0","provider_name":"Ma\u00eetre Hassan Kohen, avocat en droit p\u00e9nal \u00e0 Paris","provider_url":"https:\/\/kohenavocats.com\/zh-hans\/","author_name":"Ma\u00eetre Hassan Kohen, avocat en droit p\u00e9nal \u00e0 Paris","author_url":"https:\/\/kohenavocats.com\/zh-hans\/","title":"TT 2022:53 - Ty\u00f6aika","type":"rich","width":600,"height":338,"html":"<blockquote class=\"wp-embedded-content\" data-secret=\"8r8mqS8Wpr\"><a href=\"https:\/\/kohenavocats.com\/zh-hans\/jurisprudences\/tt-202253-tyoaika\/\">TT 2022:53 &#8211; Ty\u00f6aika<\/a><\/blockquote><iframe sandbox=\"allow-scripts\" security=\"restricted\" src=\"https:\/\/kohenavocats.com\/zh-hans\/jurisprudences\/tt-202253-tyoaika\/embed\/#?secret=8r8mqS8Wpr\" width=\"600\" height=\"338\" title=\"\u300a TT 2022:53 &#8211; Ty\u00f6aika \u300b\u2014Ma\u00eetre Hassan Kohen, avocat en droit p\u00e9nal \u00e0 Paris\" data-secret=\"8r8mqS8Wpr\" frameborder=\"0\" marginwidth=\"0\" marginheight=\"0\" scrolling=\"no\" class=\"wp-embedded-content\"><\/iframe><script>\n\/*! This file is auto-generated *\/\n!function(d,l){\"use strict\";l.querySelector&&d.addEventListener&&\"undefined\"!=typeof URL&&(d.wp=d.wp||{},d.wp.receiveEmbedMessage||(d.wp.receiveEmbedMessage=function(e){var t=e.data;if((t||t.secret||t.message||t.value)&&!\/[^a-zA-Z0-9]\/.test(t.secret)){for(var s,r,n,a=l.querySelectorAll('iframe[data-secret=\"'+t.secret+'\"]'),o=l.querySelectorAll('blockquote[data-secret=\"'+t.secret+'\"]'),c=new RegExp(\"^https?:$\",\"i\"),i=0;i<o.length;i++)o[i].style.display=\"none\";for(i=0;i<a.length;i++)s=a[i],e.source===s.contentWindow&&(s.removeAttribute(\"style\"),\"height\"===t.message?(1e3<(r=parseInt(t.value,10))?r=1e3:~~r<200&&(r=200),s.height=r):\"link\"===t.message&&(r=new URL(s.getAttribute(\"src\")),n=new URL(t.value),c.test(n.protocol))&&n.host===r.host&&l.activeElement===s&&(d.top.location.href=t.value))}},d.addEventListener(\"message\",d.wp.receiveEmbedMessage,!1),l.addEventListener(\"DOMContentLoaded\",function(){for(var e,t,s=l.querySelectorAll(\"iframe.wp-embedded-content\"),r=0;r<s.length;r++)(t=(e=s[r]).getAttribute(\"data-secret\"))||(t=Math.random().toString(36).substring(2,12),e.src+=\"#?secret=\"+t,e.setAttribute(\"data-secret\",t)),e.contentWindow.postMessage({message:\"ready\",secret:t},\"*\")},!1)))}(window,document);\n\/\/# sourceURL=https:\/\/kohenavocats.com\/wp-includes\/js\/wp-embed.min.js\n<\/script>\n","description":"Kysymys p\u00e4\u00e4llyst\u00f6varallaolosta ja siit\u00e4, oliko varallaoloksi luettua aikaa pidett\u00e4v\u00e4 kokonaisuudessaan ty\u00f6aikana. Lis\u00e4ksi kysymys yksik\u00f6njohtajana toimineen palomiehen varallaolosta. Varallaolijoiden olosuhteita kokonaisuutena arvioiden ja ottaen erityisesti huomioon laaja varallaoloalue, jolla varallaolijat olivat voineet viett\u00e4\u00e4 vapaa-aikaansa, tuomiossa katsottiin, ett\u00e4 varallaolijoihin kohdistuneet velvoitteet eiv\u00e4t kokonaisuutena olleet muodostaneet vapaa-ajan k\u00e4yt\u00f6lle niin voimakasta rajoitetta, ett\u00e4 heill\u00e4 ei olisi ollut mahdollisuutta tosiasialliseen..."}