{"version":"1.0","provider_name":"Ma\u00eetre Hassan Kohen, avocat en droit p\u00e9nal \u00e0 Paris","provider_url":"https:\/\/kohenavocats.com\/zh-hans\/","author_name":"Ma\u00eetre Hassan Kohen, avocat en droit p\u00e9nal \u00e0 Paris","author_url":"https:\/\/kohenavocats.com\/zh-hans\/","title":"TT 2025:41 - Asiallinen ja painava syy","type":"rich","width":600,"height":338,"html":"<blockquote class=\"wp-embedded-content\" data-secret=\"cstHGONEhX\"><a href=\"https:\/\/kohenavocats.com\/zh-hans\/jurisprudences\/tt-202541-asiallinen-ja-painava-syy\/\">TT 2025:41 &#8211; Asiallinen ja painava syy<\/a><\/blockquote><iframe sandbox=\"allow-scripts\" security=\"restricted\" src=\"https:\/\/kohenavocats.com\/zh-hans\/jurisprudences\/tt-202541-asiallinen-ja-painava-syy\/embed\/#?secret=cstHGONEhX\" width=\"600\" height=\"338\" title=\"\u300a TT 2025:41 &#8211; Asiallinen ja painava syy \u300b\u2014Ma\u00eetre Hassan Kohen, avocat en droit p\u00e9nal \u00e0 Paris\" data-secret=\"cstHGONEhX\" frameborder=\"0\" marginwidth=\"0\" marginheight=\"0\" scrolling=\"no\" class=\"wp-embedded-content\"><\/iframe><script>\n\/*! This file is auto-generated *\/\n!function(d,l){\"use strict\";l.querySelector&&d.addEventListener&&\"undefined\"!=typeof URL&&(d.wp=d.wp||{},d.wp.receiveEmbedMessage||(d.wp.receiveEmbedMessage=function(e){var t=e.data;if((t||t.secret||t.message||t.value)&&!\/[^a-zA-Z0-9]\/.test(t.secret)){for(var s,r,n,a=l.querySelectorAll('iframe[data-secret=\"'+t.secret+'\"]'),o=l.querySelectorAll('blockquote[data-secret=\"'+t.secret+'\"]'),c=new RegExp(\"^https?:$\",\"i\"),i=0;i<o.length;i++)o[i].style.display=\"none\";for(i=0;i<a.length;i++)s=a[i],e.source===s.contentWindow&&(s.removeAttribute(\"style\"),\"height\"===t.message?(1e3<(r=parseInt(t.value,10))?r=1e3:~~r<200&&(r=200),s.height=r):\"link\"===t.message&&(r=new URL(s.getAttribute(\"src\")),n=new URL(t.value),c.test(n.protocol))&&n.host===r.host&&l.activeElement===s&&(d.top.location.href=t.value))}},d.addEventListener(\"message\",d.wp.receiveEmbedMessage,!1),l.addEventListener(\"DOMContentLoaded\",function(){for(var e,t,s=l.querySelectorAll(\"iframe.wp-embedded-content\"),r=0;r<s.length;r++)(t=(e=s[r]).getAttribute(\"data-secret\"))||(t=Math.random().toString(36).substring(2,12),e.src+=\"#?secret=\"+t,e.setAttribute(\"data-secret\",t)),e.contentWindow.postMessage({message:\"ready\",secret:t},\"*\")},!1)))}(window,document);\n\/\/# sourceURL=https:\/\/kohenavocats.com\/wp-includes\/js\/wp-embed.min.js\n<\/script>\n","description":"Koneenasentajan ty\u00f6sopimus oli irtisanottu taloudellisista ja tuotannollisista syist\u00e4 ty\u00f6ntekij\u00e4n ollessa opintovapaalla. Asiassa ei tullut n\u00e4ytetyksi, ett\u00e4 ty\u00f6sopimuksen irtisanomiseen olisivat vaikuttaneet ep\u00e4asialliset syyt tai ett\u00e4 yhti\u00f6 olisi rikkonut ty\u00f6ehtosopimuksen ty\u00f6voiman v\u00e4hent\u00e4misj\u00e4rjestyst\u00e4 koskevaa m\u00e4\u00e4r\u00e4yst\u00e4. Kanne hyl\u00e4ttiin. Asia Ty\u00f6suhteen p\u00e4\u00e4tt\u00e4minen Kantaja Teollisuusliitto ry Vastaaja Teknologiateollisuuden ty\u00f6nantajat ry Kuultava X Oy K\u00c4SITTELY TY\u00d6TUOMIOISTUIMESSA Vireille 7.1.2025 Suullinen valmistelu 5.6.2025 P\u00e4\u00e4k\u00e4sittely..."}