{"id":561866,"date":"2026-04-14T23:07:19","date_gmt":"2026-04-14T21:07:19","guid":{"rendered":"https:\/\/kohenavocats.com\/jurisprudences\/cour-de-cassation-19-mars-2026-n-2025-00181\/"},"modified":"2026-04-14T23:07:22","modified_gmt":"2026-04-14T21:07:22","slug":"cour-de-cassation-19-mars-2026-n-2025-00181","status":"publish","type":"kji_decision","link":"https:\/\/kohenavocats.com\/zh-hans\/jurisprudences\/cour-de-cassation-19-mars-2026-n-2025-00181\/","title":{"rendered":"Cour de cassation, 19 mars 2026, n\u00b0 2025-00181"},"content":{"rendered":"<div class=\"kji-decision\">\n<div class=\"kji-full-text\">\n<p>N\u00b064\/ 2026p\u00e9nal du19.03.2026 Not.6641\/21\/XD Num\u00e9roCAS-2025-00181du registre LaCour de cassation du Grand-Duch\u00e9 de Luxembourga rendu en son audience publique du jeudi,dix-neuf marsdeuxmillevingt-six, sur le pourvoi de PERSONNE1.),n\u00e9 leDATE1.)\u00e0ADRESSE1.)(Pays-Bas), demeurant \u00e0 NL- ADRESSE2.), pr\u00e9venu, demandeuren cassation, comparant par Ma\u00eetre No\u00e9mie SADLER,avocat \u00e0 la Cour, en l\u2019\u00e9tude de laquelle domicile est \u00e9lu, en pr\u00e9sence duMinist\u00e8re public, l\u2019arr\u00eat qui suit: Vu l\u2019arr\u00eat attaqu\u00e9 rendu le12novembre2025 sous le num\u00e9ro479\/25X. par la Cour d\u2019appel du Grand-Duch\u00e9 de Luxembourg,dixi\u00e8mechambre, si\u00e9geant en mati\u00e8re correctionnelle; Vu le pourvoi en cassationau p\u00e9nalform\u00e9 parMa\u00eetreNo\u00e9mie SADLER, avocat \u00e0 la Cour,au nom dePERSONNE1.), suivant d\u00e9claration du12 d\u00e9cembre 2025 augreffe de la Cour sup\u00e9rieure deJustice ; Vu le m\u00e9moire en cassation d\u00e9pos\u00e9 le 23 janvier 2026 au greffe de la Cour; Sur les conclusions duprocureur g\u00e9n\u00e9ral d\u2019Etat adjoint Marie-Jeanne KAPPWEILER.<\/p>\n<p>2 Selon l\u2019article 43, alin\u00e9a 1, de la loi modifi\u00e9e du 18 f\u00e9vrier 1885 sur les pourvois et la proc\u00e9dure en cassation, la partie qui exerce le recours en cassation doit, dans le mois de la d\u00e9claration, \u00e0 peine de d\u00e9ch\u00e9ance, d\u00e9poser au greffe o\u00f9 sa d\u00e9clarationa \u00e9t\u00e9 re\u00e7ue, un m\u00e9moire sign\u00e9 par un avocat \u00e0 la Cour. En d\u00e9posant son m\u00e9moire le 23 janvier 2026, apr\u00e8s avoir, le 12 d\u00e9cembre 2025, d\u00e9clar\u00e9 former un recours en cassation, le demandeur en cassation n\u2019a pas respect\u00e9 le d\u00e9lai pr\u00e9vu par la loi pour d\u00e9poser son m\u00e9moire. Ils\u2019ensuit que ledemandeuren cassationest\u00e0 d\u00e9clarer d\u00e9chu desonpourvoi. PAR CES MOTIFS, la Cour de cassation d\u00e9clarePERSONNE1.)d\u00e9chu desonpourvoietlecondamne aux frais de l\u2019instance en cassation, ceux expos\u00e9s par leMinist\u00e8re public \u00e9tant liquid\u00e9s \u00e04euros. Ainsi jug\u00e9 par la Cour de cassation du Grand-Duch\u00e9 de Luxembourg en son audience publique du jeudi,dix-neuf marsdeux millevingt-six,\u00e0 la Cit\u00e9judiciaire, B\u00e2timent CR, Plateau du St.Esprit, compos\u00e9e de: Marie-Laure MEYER, conseiller \u00e0 la Cour de cassation,pr\u00e9sident, Gilles HERRMANN, conseiller \u00e0 la Cour de cassation, Rita BIEL, conseiller \u00e0 la Cour de cassation, Marianne EICHER, conseiller \u00e0 la Cour de cassation, Carole KERSCHEN, conseiller \u00e0 la Cour de cassation, qui ont sign\u00e9 le pr\u00e9sent arr\u00eat avec le greffier \u00e0 la Cour Daniel SCHROEDER. La lecture du pr\u00e9sent arr\u00eat a \u00e9t\u00e9 faite en la susdite audience publique par le conseillerMarie-Laure MEYERen pr\u00e9sence de l\u2019avocat g\u00e9n\u00e9ralMichelle ERPELDINGetdugreffierDaniel SCHROEDER.<\/p>\n<p>3 PARQUET GENERAL Luxembourg, le 18 f\u00e9vrier 2026 DU GRAND-DUCHE DE LUXEMBOURG ________ Conclusions du Parquet G\u00e9n\u00e9ral dans l\u2019affaire de cassation PERSONNE1.), en pr\u00e9sence duMinist\u00e8re Public (affairen\u00b0 CAS-2025-00181 du registre) Par d\u00e9claration du 12 d\u00e9cembre 2025au greffe de la Cour sup\u00e9rieure de justice, Ma\u00eetre No\u00e9mie SADLER, avocat \u00e0 la Cour, demeurant \u00e0 Luxembourg,forma au nom et pour le compte dePERSONNE1.)un pourvoi en cassation contre l\u2019arr\u00eatn\u00b0 479\/25 X. de la Cour d\u2019appel, dixi\u00e8me chambre, si\u00e9geant en mati\u00e8re correctionnelle, du 12 novembre 2025. Cette d\u00e9claration de pourvoi a \u00e9t\u00e9 suivie du d\u00e9p\u00f4t d\u2019un m\u00e9moire en cassation le 23 janvier 2026. Selon l\u2019article 43, alin\u00e9a 1, de la loi modifi\u00e9e du 18 f\u00e9vrier 1885 sur les pourvois et la proc\u00e9dure en cassation, la partie qui exerce le recours en cassation doit, dans le mois de la d\u00e9claration, \u00e0 peine de d\u00e9ch\u00e9ance, d\u00e9poser au greffe o\u00f9 sa d\u00e9clarationa \u00e9t\u00e9 re\u00e7ue, un m\u00e9moire sign\u00e9 par un avocat \u00e0 la Cour, qui pr\u00e9cise les dispositions attaqu\u00e9es de l\u2019arr\u00eat et contient les moyens de cassation. En d\u00e9posant son m\u00e9moire le23 janvier2026, apr\u00e8s avoir, le 12 d\u00e9cembre 2025, d\u00e9clar\u00e9 former un recours en cassation, le demandeur en cassation n\u2019a pas respect\u00e9 le d\u00e9lai pr\u00e9vu par la loi pour d\u00e9poser son m\u00e9moire. Il s\u2019ensuit que le demandeur en cassation est \u00e0 d\u00e9clarer d\u00e9chu de son pourvoi. Conclusion Le demandeur en cassation est \u00e0 d\u00e9clarer d\u00e9chu de son pourvoi. Pour le Procureur G\u00e9n\u00e9ral d\u2019Etat, Le procureur g\u00e9n\u00e9ral d\u2019Etat adjoint Marie-Jeanne Kappweiler<\/p>\n<\/div>\n<hr class=\"kji-sep\" \/>\n<p class=\"kji-source-links\"><strong>Sources officielles :<\/strong> <a class=\"kji-source-link\" href=\"https:\/\/data.public.lu\/fr\/datasets\/cour-de-cassation\/\" target=\"_blank\" rel=\"noopener noreferrer\">consulter la page source<\/a> &middot; <a class=\"kji-pdf-link\" href=\"https:\/\/download.data.public.lu\/resources\/cour-de-cassation\/20260323-001939\/20260319-cas-2025-00181-64-pseudonymise-accessible.pdf\" target=\"_blank\" rel=\"noopener noreferrer\">PDF officiel<\/a><\/p>\n<p class=\"kji-license-note\"><em>Licence CC BY-ND 4.0 (Administration judiciaire, data.public.lu). Republication autorisee avec attribution, sans modification editoriale du texte integral.<\/em><\/p>\n<\/div>\n","protected":false},"excerpt":{"rendered":"<p>N\u00b064\/ 2026p\u00e9nal du19.03.2026 Not.6641\/21\/XD Num\u00e9roCAS-2025-00181du registre LaCour de cassation du Grand-Duch\u00e9 de Luxembourga rendu en son audience publique du jeudi,dix-neuf marsdeuxmillevingt-six, sur le pourvoi de PERSONNE1.),n\u00e9 leDATE1.)\u00e0ADRESSE1.)(Pays-Bas), demeurant \u00e0 NL- ADRESSE2.), pr\u00e9venu, demandeuren cassation, comparant par Ma\u00eetre No\u00e9mie SADLER,avocat \u00e0 la Cour, en l\u2019\u00e9tude de\u2026<\/p>\n","protected":false},"featured_media":0,"template":"","meta":{"_crdt_document":""},"kji_country":[8418],"kji_court":[8423],"kji_chamber":[],"kji_year":[7610],"kji_subject":[7724],"kji_keyword":[8424,8425],"kji_language":[7733],"class_list":["post-561866","kji_decision","type-kji_decision","status-publish","hentry","kji_country-luxembourg","kji_court-cour-de-cassation","kji_year-7610","kji_subject-civil","kji_keyword-cassation","kji_keyword-penal","kji_language-francais"],"yoast_head":"<!-- This site is optimized with the Yoast SEO Premium plugin v27.4 (Yoast SEO v27.4) - https:\/\/yoast.com\/product\/yoast-seo-premium-wordpress\/ -->\n<title>Cour de cassation, 19 mars 2026, n\u00b0 2025-00181 - Ma\u00eetre Hassan Kohen, avocat en droit p\u00e9nal \u00e0 Paris<\/title>\n<meta name=\"robots\" content=\"index, follow, max-snippet:-1, max-image-preview:large, max-video-preview:-1\" \/>\n<link rel=\"canonical\" href=\"https:\/\/kohenavocats.com\/zh-hans\/jurisprudences\/cour-de-cassation-19-mars-2026-n-2025-00181\/\" \/>\n<meta property=\"og:locale\" content=\"zh_CN\" \/>\n<meta property=\"og:type\" content=\"article\" \/>\n<meta property=\"og:title\" content=\"Cour de cassation, 19 mars 2026, n\u00b0 2025-00181\" \/>\n<meta property=\"og:description\" content=\"N\u00b064\/ 2026p\u00e9nal du19.03.2026 Not.6641\/21\/XD Num\u00e9roCAS-2025-00181du registre LaCour de cassation du Grand-Duch\u00e9 de Luxembourga rendu en son audience publique du jeudi,dix-neuf marsdeuxmillevingt-six, sur le pourvoi de PERSONNE1.),n\u00e9 leDATE1.)\u00e0ADRESSE1.)(Pays-Bas), demeurant \u00e0 NL- ADRESSE2.), pr\u00e9venu, demandeuren cassation, comparant par Ma\u00eetre No\u00e9mie SADLER,avocat \u00e0 la Cour, en l\u2019\u00e9tude de\u2026\" \/>\n<meta property=\"og:url\" content=\"https:\/\/kohenavocats.com\/zh-hans\/jurisprudences\/cour-de-cassation-19-mars-2026-n-2025-00181\/\" \/>\n<meta property=\"og:site_name\" content=\"Ma\u00eetre Hassan Kohen, avocat en droit p\u00e9nal \u00e0 Paris\" \/>\n<meta property=\"article:modified_time\" content=\"2026-04-14T21:07:22+00:00\" \/>\n<meta name=\"twitter:card\" content=\"summary_large_image\" \/>\n<meta name=\"twitter:label1\" content=\"\u9884\u8ba1\u9605\u8bfb\u65f6\u95f4\" \/>\n\t<meta name=\"twitter:data1\" content=\"4 \u5206\" \/>\n<script type=\"application\/ld+json\" class=\"yoast-schema-graph\">{\"@context\":\"https:\\\/\\\/schema.org\",\"@graph\":[{\"@type\":\"WebPage\",\"@id\":\"https:\\\/\\\/kohenavocats.com\\\/zh-hans\\\/jurisprudences\\\/cour-de-cassation-19-mars-2026-n-2025-00181\\\/\",\"url\":\"https:\\\/\\\/kohenavocats.com\\\/zh-hans\\\/jurisprudences\\\/cour-de-cassation-19-mars-2026-n-2025-00181\\\/\",\"name\":\"Cour de cassation, 19 mars 2026, n\u00b0 2025-00181 - Ma\u00eetre Hassan Kohen, avocat en droit p\u00e9nal \u00e0 Paris\",\"isPartOf\":{\"@id\":\"https:\\\/\\\/kohenavocats.com\\\/zh-hans\\\/#website\"},\"datePublished\":\"2026-04-14T21:07:19+00:00\",\"dateModified\":\"2026-04-14T21:07:22+00:00\",\"breadcrumb\":{\"@id\":\"https:\\\/\\\/kohenavocats.com\\\/zh-hans\\\/jurisprudences\\\/cour-de-cassation-19-mars-2026-n-2025-00181\\\/#breadcrumb\"},\"inLanguage\":\"zh-Hans\",\"potentialAction\":[{\"@type\":\"ReadAction\",\"target\":[\"https:\\\/\\\/kohenavocats.com\\\/zh-hans\\\/jurisprudences\\\/cour-de-cassation-19-mars-2026-n-2025-00181\\\/\"]}]},{\"@type\":\"BreadcrumbList\",\"@id\":\"https:\\\/\\\/kohenavocats.com\\\/zh-hans\\\/jurisprudences\\\/cour-de-cassation-19-mars-2026-n-2025-00181\\\/#breadcrumb\",\"itemListElement\":[{\"@type\":\"ListItem\",\"position\":1,\"name\":\"Home\",\"item\":\"https:\\\/\\\/kohenavocats.com\\\/zh-hans\\\/\"},{\"@type\":\"ListItem\",\"position\":2,\"name\":\"Jurisprudences\",\"item\":\"https:\\\/\\\/kohenavocats.com\\\/zh-hans\\\/jurisprudences\\\/\"},{\"@type\":\"ListItem\",\"position\":3,\"name\":\"Cour de cassation, 19 mars 2026, n\u00b0 2025-00181\"}]},{\"@type\":\"WebSite\",\"@id\":\"https:\\\/\\\/kohenavocats.com\\\/zh-hans\\\/#website\",\"url\":\"https:\\\/\\\/kohenavocats.com\\\/zh-hans\\\/\",\"name\":\"Kohen Avocats\",\"description\":\"Ma\u00eetre Hassan Kohen, avocat p\u00e9naliste \u00e0 Paris, intervient exclusivement en droit p\u00e9nal pour la d\u00e9fense des particuliers, notamment en mati\u00e8re d\u2019accusations de viol. Il assure un accompagnement rigoureux d\u00e8s la garde \u00e0 vue jusqu\u2019\u00e0 la Cour d\u2019assises, veillant au strict respect des garanties proc\u00e9durales.\",\"publisher\":{\"@id\":\"https:\\\/\\\/kohenavocats.com\\\/zh-hans\\\/#organization\"},\"potentialAction\":[{\"@type\":\"SearchAction\",\"target\":{\"@type\":\"EntryPoint\",\"urlTemplate\":\"https:\\\/\\\/kohenavocats.com\\\/zh-hans\\\/?s={search_term_string}\"},\"query-input\":{\"@type\":\"PropertyValueSpecification\",\"valueRequired\":true,\"valueName\":\"search_term_string\"}}],\"inLanguage\":\"zh-Hans\"},{\"@type\":\"Organization\",\"@id\":\"https:\\\/\\\/kohenavocats.com\\\/zh-hans\\\/#organization\",\"name\":\"Kohen Avocats\",\"url\":\"https:\\\/\\\/kohenavocats.com\\\/zh-hans\\\/\",\"logo\":{\"@type\":\"ImageObject\",\"inLanguage\":\"zh-Hans\",\"@id\":\"https:\\\/\\\/kohenavocats.com\\\/zh-hans\\\/#\\\/schema\\\/logo\\\/image\\\/\",\"url\":\"https:\\\/\\\/kohenavocats.com\\\/wp-content\\\/uploads\\\/2026\\\/01\\\/Logo-2-1.webp\",\"contentUrl\":\"https:\\\/\\\/kohenavocats.com\\\/wp-content\\\/uploads\\\/2026\\\/01\\\/Logo-2-1.webp\",\"width\":2114,\"height\":1253,\"caption\":\"Kohen Avocats\"},\"image\":{\"@id\":\"https:\\\/\\\/kohenavocats.com\\\/zh-hans\\\/#\\\/schema\\\/logo\\\/image\\\/\"}}]}<\/script>\n<!-- \/ Yoast SEO Premium plugin. -->","yoast_head_json":{"title":"Cour de cassation, 19 mars 2026, n\u00b0 2025-00181 - Ma\u00eetre Hassan Kohen, avocat en droit p\u00e9nal \u00e0 Paris","robots":{"index":"index","follow":"follow","max-snippet":"max-snippet:-1","max-image-preview":"max-image-preview:large","max-video-preview":"max-video-preview:-1"},"canonical":"https:\/\/kohenavocats.com\/zh-hans\/jurisprudences\/cour-de-cassation-19-mars-2026-n-2025-00181\/","og_locale":"zh_CN","og_type":"article","og_title":"Cour de cassation, 19 mars 2026, n\u00b0 2025-00181","og_description":"N\u00b064\/ 2026p\u00e9nal du19.03.2026 Not.6641\/21\/XD Num\u00e9roCAS-2025-00181du registre LaCour de cassation du Grand-Duch\u00e9 de Luxembourga rendu en son audience publique du jeudi,dix-neuf marsdeuxmillevingt-six, sur le pourvoi de PERSONNE1.),n\u00e9 leDATE1.)\u00e0ADRESSE1.)(Pays-Bas), demeurant \u00e0 NL- ADRESSE2.), pr\u00e9venu, demandeuren cassation, comparant par Ma\u00eetre No\u00e9mie SADLER,avocat \u00e0 la Cour, en l\u2019\u00e9tude de\u2026","og_url":"https:\/\/kohenavocats.com\/zh-hans\/jurisprudences\/cour-de-cassation-19-mars-2026-n-2025-00181\/","og_site_name":"Ma\u00eetre Hassan Kohen, avocat en droit p\u00e9nal \u00e0 Paris","article_modified_time":"2026-04-14T21:07:22+00:00","twitter_card":"summary_large_image","twitter_misc":{"\u9884\u8ba1\u9605\u8bfb\u65f6\u95f4":"4 \u5206"},"schema":{"@context":"https:\/\/schema.org","@graph":[{"@type":"WebPage","@id":"https:\/\/kohenavocats.com\/zh-hans\/jurisprudences\/cour-de-cassation-19-mars-2026-n-2025-00181\/","url":"https:\/\/kohenavocats.com\/zh-hans\/jurisprudences\/cour-de-cassation-19-mars-2026-n-2025-00181\/","name":"Cour de cassation, 19 mars 2026, n\u00b0 2025-00181 - Ma\u00eetre Hassan Kohen, avocat en droit p\u00e9nal \u00e0 Paris","isPartOf":{"@id":"https:\/\/kohenavocats.com\/zh-hans\/#website"},"datePublished":"2026-04-14T21:07:19+00:00","dateModified":"2026-04-14T21:07:22+00:00","breadcrumb":{"@id":"https:\/\/kohenavocats.com\/zh-hans\/jurisprudences\/cour-de-cassation-19-mars-2026-n-2025-00181\/#breadcrumb"},"inLanguage":"zh-Hans","potentialAction":[{"@type":"ReadAction","target":["https:\/\/kohenavocats.com\/zh-hans\/jurisprudences\/cour-de-cassation-19-mars-2026-n-2025-00181\/"]}]},{"@type":"BreadcrumbList","@id":"https:\/\/kohenavocats.com\/zh-hans\/jurisprudences\/cour-de-cassation-19-mars-2026-n-2025-00181\/#breadcrumb","itemListElement":[{"@type":"ListItem","position":1,"name":"Home","item":"https:\/\/kohenavocats.com\/zh-hans\/"},{"@type":"ListItem","position":2,"name":"Jurisprudences","item":"https:\/\/kohenavocats.com\/zh-hans\/jurisprudences\/"},{"@type":"ListItem","position":3,"name":"Cour de cassation, 19 mars 2026, n\u00b0 2025-00181"}]},{"@type":"WebSite","@id":"https:\/\/kohenavocats.com\/zh-hans\/#website","url":"https:\/\/kohenavocats.com\/zh-hans\/","name":"Kohen Avocats","description":"Ma\u00eetre Hassan Kohen, avocat p\u00e9naliste \u00e0 Paris, intervient exclusivement en droit p\u00e9nal pour la d\u00e9fense des particuliers, notamment en mati\u00e8re d\u2019accusations de viol. Il assure un accompagnement rigoureux d\u00e8s la garde \u00e0 vue jusqu\u2019\u00e0 la Cour d\u2019assises, veillant au strict respect des garanties proc\u00e9durales.","publisher":{"@id":"https:\/\/kohenavocats.com\/zh-hans\/#organization"},"potentialAction":[{"@type":"SearchAction","target":{"@type":"EntryPoint","urlTemplate":"https:\/\/kohenavocats.com\/zh-hans\/?s={search_term_string}"},"query-input":{"@type":"PropertyValueSpecification","valueRequired":true,"valueName":"search_term_string"}}],"inLanguage":"zh-Hans"},{"@type":"Organization","@id":"https:\/\/kohenavocats.com\/zh-hans\/#organization","name":"Kohen Avocats","url":"https:\/\/kohenavocats.com\/zh-hans\/","logo":{"@type":"ImageObject","inLanguage":"zh-Hans","@id":"https:\/\/kohenavocats.com\/zh-hans\/#\/schema\/logo\/image\/","url":"https:\/\/kohenavocats.com\/wp-content\/uploads\/2026\/01\/Logo-2-1.webp","contentUrl":"https:\/\/kohenavocats.com\/wp-content\/uploads\/2026\/01\/Logo-2-1.webp","width":2114,"height":1253,"caption":"Kohen Avocats"},"image":{"@id":"https:\/\/kohenavocats.com\/zh-hans\/#\/schema\/logo\/image\/"}}]}},"jetpack_likes_enabled":false,"jetpack_sharing_enabled":true,"_links":{"self":[{"href":"https:\/\/kohenavocats.com\/zh-hans\/wp-json\/wp\/v2\/kji_decision\/561866","targetHints":{"allow":["GET"]}}],"collection":[{"href":"https:\/\/kohenavocats.com\/zh-hans\/wp-json\/wp\/v2\/kji_decision"}],"about":[{"href":"https:\/\/kohenavocats.com\/zh-hans\/wp-json\/wp\/v2\/types\/kji_decision"}],"wp:attachment":[{"href":"https:\/\/kohenavocats.com\/zh-hans\/wp-json\/wp\/v2\/media?parent=561866"}],"wp:term":[{"taxonomy":"kji_country","embeddable":true,"href":"https:\/\/kohenavocats.com\/zh-hans\/wp-json\/wp\/v2\/kji_country?post=561866"},{"taxonomy":"kji_court","embeddable":true,"href":"https:\/\/kohenavocats.com\/zh-hans\/wp-json\/wp\/v2\/kji_court?post=561866"},{"taxonomy":"kji_chamber","embeddable":true,"href":"https:\/\/kohenavocats.com\/zh-hans\/wp-json\/wp\/v2\/kji_chamber?post=561866"},{"taxonomy":"kji_year","embeddable":true,"href":"https:\/\/kohenavocats.com\/zh-hans\/wp-json\/wp\/v2\/kji_year?post=561866"},{"taxonomy":"kji_subject","embeddable":true,"href":"https:\/\/kohenavocats.com\/zh-hans\/wp-json\/wp\/v2\/kji_subject?post=561866"},{"taxonomy":"kji_keyword","embeddable":true,"href":"https:\/\/kohenavocats.com\/zh-hans\/wp-json\/wp\/v2\/kji_keyword?post=561866"},{"taxonomy":"kji_language","embeddable":true,"href":"https:\/\/kohenavocats.com\/zh-hans\/wp-json\/wp\/v2\/kji_language?post=561866"}],"curies":[{"name":"wp","href":"https:\/\/api.w.org\/{rel}","templated":true}]}}