{"id":562010,"date":"2026-04-14T23:11:38","date_gmt":"2026-04-14T21:11:38","guid":{"rendered":"https:\/\/kohenavocats.com\/jurisprudences\/bundesverfassungsgericht-2-senat-2-kammer-nichtannahmebeschluss-2026-03-25-2-bvr-367-26\/"},"modified":"2026-04-14T23:11:38","modified_gmt":"2026-04-14T21:11:38","slug":"bundesverfassungsgericht-2-senat-2-kammer-nichtannahmebeschluss-2026-03-25-2-bvr-367-26","status":"publish","type":"kji_decision","link":"https:\/\/kohenavocats.com\/zh-hans\/jurisprudences\/bundesverfassungsgericht-2-senat-2-kammer-nichtannahmebeschluss-2026-03-25-2-bvr-367-26\/","title":{"rendered":"Bundesverfassungsgericht, 2. Senat 2. Kammer, Nichtannahmebeschluss, 2026-03-25, 2 BvR 367\/26"},"content":{"rendered":"<div class=\"kji-decision\">\n<div class=\"kji-full-text\">\n<h3>Tenor<\/h3>\n<div>\n<dl class=\"RspDL\">\n<dt><\/dt>\n<dd>\n<p>Die Verfassungsbeschwerde wird nicht zur Entscheidung angenommen.<\/p>\n<\/dd>\n<\/dl>\n<dl class=\"RspDL\">\n<dt><\/dt>\n<dd>\n<p>Soweit der Beschwerdef\u00fchrer einen Antrag auf Erlass einer einstweiligen Anordnung hilfsweise f\u00fcr den Fall der Nichtannahme oder Nichtstattgabe seiner Verfassungsbeschwerde stellt, wird dieser abgelehnt. Die \u00fcbrigen Antr\u00e4ge auf Erlass einer einstweiligen Anordnung werden mit der Nichtannahme der Verfassungsbeschwerde gegenstandslos (\u00a7 40 Abs. 3 GOBVerfG).<\/p>\n<\/dd>\n<\/dl><\/div>\n<h3>Gr\u00fcnde<\/h3>\n<div>\n<dl class=\"RspDL\">\n<dt>\n               <a name=\"rd_1\">1<\/a>\n            <\/dt>\n<dd>\n<p>Der Beschwerdef\u00fchrer stellt verschiedene Antr\u00e4ge auf Erlass einer einstweiligen Anordnung, die mit Nichtannahme der Verfassungsbeschwerde gegenstandslos werden (\u00a7 40 Abs. 3 GOBVerfG). Soweit er hilfsweise einen Antrag auf Erlass einer einstweiligen Anordnung f\u00fcr den Fall der Nichtstattgabe oder Nichtannahme seiner Verfassungsbeschwerde stellt, um solange einstweiligen Rechtsschutz zu erhalten, bis der Europ\u00e4ische Gerichtshof f\u00fcr Menschenrechte \u00fcber seine beabsichtigte Beschwerde entschieden habe, ist dieser abzulehnen.<\/p>\n<\/dd>\n<\/dl>\n<dl class=\"RspDL\">\n<dt>\n               <a name=\"rd_2\">2<\/a>\n            <\/dt>\n<dd>\n<p>Ohne ein zumindest potenziell zul\u00e4ssiges Hauptsacheverfahren vor dem Bundesverfassungsgericht kann der akzessorische einstweilige Rechtsschutz nicht gew\u00e4hrt werden (vgl. BVerfG, Beschluss der 2. Kammer des Zweiten Senats vom 1. Oktober 2020 &#8211; 2 BvQ 63\/20 -, Rn. 10). Daher ist ein Antrag auf Erlass einer einstweiligen Anordnung im Hinblick auf eine beabsichtigte Beschwerde vor dem Europ\u00e4ischen Gerichtshof f\u00fcr Menschenrechte von vornherein unzul\u00e4ssig.<\/p>\n<\/dd>\n<\/dl>\n<dl class=\"RspDL\">\n<dt>\n               <a name=\"rd_3\">3<\/a>\n            <\/dt>\n<dd>\n<p>Von einer weiteren Begr\u00fcndung wird nach \u00a7 93d Abs. 1 Satz 3 BVerfGG abgesehen.<\/p>\n<\/dd>\n<\/dl>\n<dl class=\"RspDL\">\n<dt>\n               <a name=\"rd_4\">4<\/a>\n            <\/dt>\n<dd>\n<p>Diese Entscheidung ist unanfechtbar.<\/p>\n<\/dd>\n<\/dl><\/div>\n<\/div>\n<hr class=\"kji-sep\" \/>\n<p class=\"kji-source-links\"><strong>Sources officielles :<\/strong> <a class=\"kji-source-link\" href=\"http:\/\/www.rechtsprechung-im-internet.de\/jportal\/?quelle=jlink&#038;docid=jb-KVRE465132601&#038;psml=bsjrsprod.psml&#038;max=true\" target=\"_blank\" rel=\"noopener noreferrer\">consulter la page source<\/a> &middot; <a class=\"kji-pdf-link\" href=\"https:\/\/www.rechtsprechung-im-internet.de\/jportal\/portal\/page\/bsjrsprod.psml\/screen\/JWPDFScreen\/filename\/BVerfG_2_BvR_367-26_KVRE465132601.pdf\" target=\"_blank\" rel=\"noopener noreferrer\">PDF officiel<\/a><\/p>\n<p class=\"kji-license-note\"><em>Rechtsprechung im Internet (BMJV\/BfJ) : les decisions sont mises a disposition gratuitement en HTML, PDF et XML pour libre utilisation et re-utilisation.<\/em><\/p>\n<\/div>\n","protected":false},"excerpt":{"rendered":"<p>Tenor Die Verfassungsbeschwerde wird nicht zur Entscheidung angenommen. Soweit der Beschwerdef\u00fchrer einen Antrag auf Erlass einer einstweiligen Anordnung hilfsweise f\u00fcr den Fall der Nichtannahme oder Nichtstattgabe seiner Verfassungsbeschwerde stellt, wird dieser abgelehnt. Die \u00fcbrigen Antr\u00e4ge auf Erlass einer einstweiligen Anordnung werden mit der Nichtannahme der Verfassungsbeschwerde gegenstandslos (\u00a7 40 Abs. 3 GOBVerfG). Gr\u00fcnde 1 Der Beschwerdef\u00fchrer stellt verschiedene Antr\u00e4ge auf&#8230;<\/p>\n","protected":false},"featured_media":0,"template":"","meta":{"_crdt_document":""},"kji_country":[7802],"kji_court":[8477],"kji_chamber":[8478],"kji_year":[7610],"kji_subject":[7660],"kji_keyword":[8479,8480,8481,8476,7809],"kji_language":[7805],"class_list":["post-562010","kji_decision","type-kji_decision","status-publish","hentry","kji_country-allemagne","kji_court-bundesverfassungsgericht","kji_chamber-2-senat-2-kammer","kji_year-7610","kji_subject-constitutionnel","kji_keyword-bundesverfassungsgericht","kji_keyword-kammer","kji_keyword-nichtannahmebeschluss","kji_keyword-senat","kji_keyword-tenor","kji_language-allemand"],"yoast_head":"<!-- This site is optimized with the Yoast SEO Premium plugin v27.4 (Yoast SEO v27.4) - https:\/\/yoast.com\/product\/yoast-seo-premium-wordpress\/ -->\n<title>Bundesverfassungsgericht, 2. Senat 2. Kammer, Nichtannahmebeschluss, 2026-03-25, 2 BvR 367\/26 - Ma\u00eetre Hassan Kohen, avocat en droit p\u00e9nal \u00e0 Paris<\/title>\n<meta name=\"robots\" content=\"index, follow, max-snippet:-1, max-image-preview:large, max-video-preview:-1\" \/>\n<link rel=\"canonical\" href=\"https:\/\/kohenavocats.com\/zh-hans\/jurisprudences\/bundesverfassungsgericht-2-senat-2-kammer-nichtannahmebeschluss-2026-03-25-2-bvr-367-26\/\" \/>\n<meta property=\"og:locale\" content=\"zh_CN\" \/>\n<meta property=\"og:type\" content=\"article\" \/>\n<meta property=\"og:title\" content=\"Bundesverfassungsgericht, 2. Senat 2. Kammer, Nichtannahmebeschluss, 2026-03-25, 2 BvR 367\/26\" \/>\n<meta property=\"og:description\" content=\"Tenor Die Verfassungsbeschwerde wird nicht zur Entscheidung angenommen. Soweit der Beschwerdef\u00fchrer einen Antrag auf Erlass einer einstweiligen Anordnung hilfsweise f\u00fcr den Fall der Nichtannahme oder Nichtstattgabe seiner Verfassungsbeschwerde stellt, wird dieser abgelehnt. Die \u00fcbrigen Antr\u00e4ge auf Erlass einer einstweiligen Anordnung werden mit der Nichtannahme der Verfassungsbeschwerde gegenstandslos (\u00a7 40 Abs. 3 GOBVerfG). Gr\u00fcnde 1 Der Beschwerdef\u00fchrer stellt verschiedene Antr\u00e4ge auf...\" \/>\n<meta property=\"og:url\" content=\"https:\/\/kohenavocats.com\/zh-hans\/jurisprudences\/bundesverfassungsgericht-2-senat-2-kammer-nichtannahmebeschluss-2026-03-25-2-bvr-367-26\/\" \/>\n<meta property=\"og:site_name\" content=\"Ma\u00eetre Hassan Kohen, avocat en droit p\u00e9nal \u00e0 Paris\" \/>\n<meta name=\"twitter:card\" content=\"summary_large_image\" \/>\n<meta name=\"twitter:label1\" content=\"\u9884\u8ba1\u9605\u8bfb\u65f6\u95f4\" \/>\n\t<meta name=\"twitter:data1\" content=\"1 \u5206\" \/>\n<script type=\"application\/ld+json\" class=\"yoast-schema-graph\">{\"@context\":\"https:\\\/\\\/schema.org\",\"@graph\":[{\"@type\":\"WebPage\",\"@id\":\"https:\\\/\\\/kohenavocats.com\\\/zh-hans\\\/jurisprudences\\\/bundesverfassungsgericht-2-senat-2-kammer-nichtannahmebeschluss-2026-03-25-2-bvr-367-26\\\/\",\"url\":\"https:\\\/\\\/kohenavocats.com\\\/zh-hans\\\/jurisprudences\\\/bundesverfassungsgericht-2-senat-2-kammer-nichtannahmebeschluss-2026-03-25-2-bvr-367-26\\\/\",\"name\":\"Bundesverfassungsgericht, 2. Senat 2. Kammer, Nichtannahmebeschluss, 2026-03-25, 2 BvR 367\\\/26 - Ma\u00eetre Hassan Kohen, avocat en droit p\u00e9nal \u00e0 Paris\",\"isPartOf\":{\"@id\":\"https:\\\/\\\/kohenavocats.com\\\/zh-hans\\\/#website\"},\"datePublished\":\"2026-04-14T21:11:38+00:00\",\"breadcrumb\":{\"@id\":\"https:\\\/\\\/kohenavocats.com\\\/zh-hans\\\/jurisprudences\\\/bundesverfassungsgericht-2-senat-2-kammer-nichtannahmebeschluss-2026-03-25-2-bvr-367-26\\\/#breadcrumb\"},\"inLanguage\":\"zh-Hans\",\"potentialAction\":[{\"@type\":\"ReadAction\",\"target\":[\"https:\\\/\\\/kohenavocats.com\\\/zh-hans\\\/jurisprudences\\\/bundesverfassungsgericht-2-senat-2-kammer-nichtannahmebeschluss-2026-03-25-2-bvr-367-26\\\/\"]}]},{\"@type\":\"BreadcrumbList\",\"@id\":\"https:\\\/\\\/kohenavocats.com\\\/zh-hans\\\/jurisprudences\\\/bundesverfassungsgericht-2-senat-2-kammer-nichtannahmebeschluss-2026-03-25-2-bvr-367-26\\\/#breadcrumb\",\"itemListElement\":[{\"@type\":\"ListItem\",\"position\":1,\"name\":\"Home\",\"item\":\"https:\\\/\\\/kohenavocats.com\\\/zh-hans\\\/\"},{\"@type\":\"ListItem\",\"position\":2,\"name\":\"Jurisprudences\",\"item\":\"https:\\\/\\\/kohenavocats.com\\\/zh-hans\\\/jurisprudences\\\/\"},{\"@type\":\"ListItem\",\"position\":3,\"name\":\"Bundesverfassungsgericht, 2. Senat 2. Kammer, Nichtannahmebeschluss, 2026-03-25, 2 BvR 367\\\/26\"}]},{\"@type\":\"WebSite\",\"@id\":\"https:\\\/\\\/kohenavocats.com\\\/zh-hans\\\/#website\",\"url\":\"https:\\\/\\\/kohenavocats.com\\\/zh-hans\\\/\",\"name\":\"Kohen Avocats\",\"description\":\"Ma\u00eetre Hassan Kohen, avocat p\u00e9naliste \u00e0 Paris, intervient exclusivement en droit p\u00e9nal pour la d\u00e9fense des particuliers, notamment en mati\u00e8re d\u2019accusations de viol. Il assure un accompagnement rigoureux d\u00e8s la garde \u00e0 vue jusqu\u2019\u00e0 la Cour d\u2019assises, veillant au strict respect des garanties proc\u00e9durales.\",\"publisher\":{\"@id\":\"https:\\\/\\\/kohenavocats.com\\\/zh-hans\\\/#organization\"},\"potentialAction\":[{\"@type\":\"SearchAction\",\"target\":{\"@type\":\"EntryPoint\",\"urlTemplate\":\"https:\\\/\\\/kohenavocats.com\\\/zh-hans\\\/?s={search_term_string}\"},\"query-input\":{\"@type\":\"PropertyValueSpecification\",\"valueRequired\":true,\"valueName\":\"search_term_string\"}}],\"inLanguage\":\"zh-Hans\"},{\"@type\":\"Organization\",\"@id\":\"https:\\\/\\\/kohenavocats.com\\\/zh-hans\\\/#organization\",\"name\":\"Kohen Avocats\",\"url\":\"https:\\\/\\\/kohenavocats.com\\\/zh-hans\\\/\",\"logo\":{\"@type\":\"ImageObject\",\"inLanguage\":\"zh-Hans\",\"@id\":\"https:\\\/\\\/kohenavocats.com\\\/zh-hans\\\/#\\\/schema\\\/logo\\\/image\\\/\",\"url\":\"https:\\\/\\\/kohenavocats.com\\\/wp-content\\\/uploads\\\/2026\\\/01\\\/Logo-2-1.webp\",\"contentUrl\":\"https:\\\/\\\/kohenavocats.com\\\/wp-content\\\/uploads\\\/2026\\\/01\\\/Logo-2-1.webp\",\"width\":2114,\"height\":1253,\"caption\":\"Kohen Avocats\"},\"image\":{\"@id\":\"https:\\\/\\\/kohenavocats.com\\\/zh-hans\\\/#\\\/schema\\\/logo\\\/image\\\/\"}}]}<\/script>\n<!-- \/ Yoast SEO Premium plugin. -->","yoast_head_json":{"title":"Bundesverfassungsgericht, 2. Senat 2. Kammer, Nichtannahmebeschluss, 2026-03-25, 2 BvR 367\/26 - Ma\u00eetre Hassan Kohen, avocat en droit p\u00e9nal \u00e0 Paris","robots":{"index":"index","follow":"follow","max-snippet":"max-snippet:-1","max-image-preview":"max-image-preview:large","max-video-preview":"max-video-preview:-1"},"canonical":"https:\/\/kohenavocats.com\/zh-hans\/jurisprudences\/bundesverfassungsgericht-2-senat-2-kammer-nichtannahmebeschluss-2026-03-25-2-bvr-367-26\/","og_locale":"zh_CN","og_type":"article","og_title":"Bundesverfassungsgericht, 2. Senat 2. Kammer, Nichtannahmebeschluss, 2026-03-25, 2 BvR 367\/26","og_description":"Tenor Die Verfassungsbeschwerde wird nicht zur Entscheidung angenommen. Soweit der Beschwerdef\u00fchrer einen Antrag auf Erlass einer einstweiligen Anordnung hilfsweise f\u00fcr den Fall der Nichtannahme oder Nichtstattgabe seiner Verfassungsbeschwerde stellt, wird dieser abgelehnt. Die \u00fcbrigen Antr\u00e4ge auf Erlass einer einstweiligen Anordnung werden mit der Nichtannahme der Verfassungsbeschwerde gegenstandslos (\u00a7 40 Abs. 3 GOBVerfG). Gr\u00fcnde 1 Der Beschwerdef\u00fchrer stellt verschiedene Antr\u00e4ge auf...","og_url":"https:\/\/kohenavocats.com\/zh-hans\/jurisprudences\/bundesverfassungsgericht-2-senat-2-kammer-nichtannahmebeschluss-2026-03-25-2-bvr-367-26\/","og_site_name":"Ma\u00eetre Hassan Kohen, avocat en droit p\u00e9nal \u00e0 Paris","twitter_card":"summary_large_image","twitter_misc":{"\u9884\u8ba1\u9605\u8bfb\u65f6\u95f4":"1 \u5206"},"schema":{"@context":"https:\/\/schema.org","@graph":[{"@type":"WebPage","@id":"https:\/\/kohenavocats.com\/zh-hans\/jurisprudences\/bundesverfassungsgericht-2-senat-2-kammer-nichtannahmebeschluss-2026-03-25-2-bvr-367-26\/","url":"https:\/\/kohenavocats.com\/zh-hans\/jurisprudences\/bundesverfassungsgericht-2-senat-2-kammer-nichtannahmebeschluss-2026-03-25-2-bvr-367-26\/","name":"Bundesverfassungsgericht, 2. Senat 2. Kammer, Nichtannahmebeschluss, 2026-03-25, 2 BvR 367\/26 - Ma\u00eetre Hassan Kohen, avocat en droit p\u00e9nal \u00e0 Paris","isPartOf":{"@id":"https:\/\/kohenavocats.com\/zh-hans\/#website"},"datePublished":"2026-04-14T21:11:38+00:00","breadcrumb":{"@id":"https:\/\/kohenavocats.com\/zh-hans\/jurisprudences\/bundesverfassungsgericht-2-senat-2-kammer-nichtannahmebeschluss-2026-03-25-2-bvr-367-26\/#breadcrumb"},"inLanguage":"zh-Hans","potentialAction":[{"@type":"ReadAction","target":["https:\/\/kohenavocats.com\/zh-hans\/jurisprudences\/bundesverfassungsgericht-2-senat-2-kammer-nichtannahmebeschluss-2026-03-25-2-bvr-367-26\/"]}]},{"@type":"BreadcrumbList","@id":"https:\/\/kohenavocats.com\/zh-hans\/jurisprudences\/bundesverfassungsgericht-2-senat-2-kammer-nichtannahmebeschluss-2026-03-25-2-bvr-367-26\/#breadcrumb","itemListElement":[{"@type":"ListItem","position":1,"name":"Home","item":"https:\/\/kohenavocats.com\/zh-hans\/"},{"@type":"ListItem","position":2,"name":"Jurisprudences","item":"https:\/\/kohenavocats.com\/zh-hans\/jurisprudences\/"},{"@type":"ListItem","position":3,"name":"Bundesverfassungsgericht, 2. Senat 2. Kammer, Nichtannahmebeschluss, 2026-03-25, 2 BvR 367\/26"}]},{"@type":"WebSite","@id":"https:\/\/kohenavocats.com\/zh-hans\/#website","url":"https:\/\/kohenavocats.com\/zh-hans\/","name":"Kohen Avocats","description":"Ma\u00eetre Hassan Kohen, avocat p\u00e9naliste \u00e0 Paris, intervient exclusivement en droit p\u00e9nal pour la d\u00e9fense des particuliers, notamment en mati\u00e8re d\u2019accusations de viol. Il assure un accompagnement rigoureux d\u00e8s la garde \u00e0 vue jusqu\u2019\u00e0 la Cour d\u2019assises, veillant au strict respect des garanties proc\u00e9durales.","publisher":{"@id":"https:\/\/kohenavocats.com\/zh-hans\/#organization"},"potentialAction":[{"@type":"SearchAction","target":{"@type":"EntryPoint","urlTemplate":"https:\/\/kohenavocats.com\/zh-hans\/?s={search_term_string}"},"query-input":{"@type":"PropertyValueSpecification","valueRequired":true,"valueName":"search_term_string"}}],"inLanguage":"zh-Hans"},{"@type":"Organization","@id":"https:\/\/kohenavocats.com\/zh-hans\/#organization","name":"Kohen Avocats","url":"https:\/\/kohenavocats.com\/zh-hans\/","logo":{"@type":"ImageObject","inLanguage":"zh-Hans","@id":"https:\/\/kohenavocats.com\/zh-hans\/#\/schema\/logo\/image\/","url":"https:\/\/kohenavocats.com\/wp-content\/uploads\/2026\/01\/Logo-2-1.webp","contentUrl":"https:\/\/kohenavocats.com\/wp-content\/uploads\/2026\/01\/Logo-2-1.webp","width":2114,"height":1253,"caption":"Kohen Avocats"},"image":{"@id":"https:\/\/kohenavocats.com\/zh-hans\/#\/schema\/logo\/image\/"}}]}},"jetpack_likes_enabled":false,"jetpack_sharing_enabled":true,"_links":{"self":[{"href":"https:\/\/kohenavocats.com\/zh-hans\/wp-json\/wp\/v2\/kji_decision\/562010","targetHints":{"allow":["GET"]}}],"collection":[{"href":"https:\/\/kohenavocats.com\/zh-hans\/wp-json\/wp\/v2\/kji_decision"}],"about":[{"href":"https:\/\/kohenavocats.com\/zh-hans\/wp-json\/wp\/v2\/types\/kji_decision"}],"wp:attachment":[{"href":"https:\/\/kohenavocats.com\/zh-hans\/wp-json\/wp\/v2\/media?parent=562010"}],"wp:term":[{"taxonomy":"kji_country","embeddable":true,"href":"https:\/\/kohenavocats.com\/zh-hans\/wp-json\/wp\/v2\/kji_country?post=562010"},{"taxonomy":"kji_court","embeddable":true,"href":"https:\/\/kohenavocats.com\/zh-hans\/wp-json\/wp\/v2\/kji_court?post=562010"},{"taxonomy":"kji_chamber","embeddable":true,"href":"https:\/\/kohenavocats.com\/zh-hans\/wp-json\/wp\/v2\/kji_chamber?post=562010"},{"taxonomy":"kji_year","embeddable":true,"href":"https:\/\/kohenavocats.com\/zh-hans\/wp-json\/wp\/v2\/kji_year?post=562010"},{"taxonomy":"kji_subject","embeddable":true,"href":"https:\/\/kohenavocats.com\/zh-hans\/wp-json\/wp\/v2\/kji_subject?post=562010"},{"taxonomy":"kji_keyword","embeddable":true,"href":"https:\/\/kohenavocats.com\/zh-hans\/wp-json\/wp\/v2\/kji_keyword?post=562010"},{"taxonomy":"kji_language","embeddable":true,"href":"https:\/\/kohenavocats.com\/zh-hans\/wp-json\/wp\/v2\/kji_language?post=562010"}],"curies":[{"name":"wp","href":"https:\/\/api.w.org\/{rel}","templated":true}]}}