{"id":563044,"date":"2026-04-15T00:43:11","date_gmt":"2026-04-14T22:43:11","guid":{"rendered":"https:\/\/kohenavocats.com\/jurisprudences\/tribunal-federal-suisse-4-mars-2026-n-4d-6-2026\/"},"modified":"2026-04-15T04:42:02","modified_gmt":"2026-04-15T02:42:02","slug":"tribunal-federal-suisse-4-mars-2026-n-4d-6-2026","status":"publish","type":"kji_decision","link":"https:\/\/kohenavocats.com\/zh-hans\/jurisprudences\/tribunal-federal-suisse-4-mars-2026-n-4d-6-2026\/","title":{"rendered":"Tribunal f\u00e9d\u00e9ral suisse, 4 mars 2026, n\u00b0 4D 6-2026"},"content":{"rendered":"<div class=\"kji-decision\">\n<div class=\"kji-full-text\">\n<p>Bundesgericht<\/p>\n<p>Tribunal f\u00e9d\u00e9ral<\/p>\n<p>Tribunale federale<\/p>\n<p>Tribunal federal<\/p>\n<p>4D_6\/2026<\/p>\n<p>Arr\u00eat du 4 mars 2026<\/p>\n<p>Ire Cour de droit civil<\/p>\n<p>Composition<\/p>\n<p>M. le Juge f\u00e9d\u00e9ral Hurni, pr\u00e9sident.<\/p>\n<p>Greffier: M. Carruzzo.<\/p>\n<p>Participants \u00e0 la proc\u00e9dure<\/p>\n<p>A.________,<\/p>\n<p>recourante,<\/p>\n<p>contre<\/p>\n<p>B.________,<\/p>\n<p>intim\u00e9.<\/p>\n<p>Objet<\/p>\n<p>contrat de bail; d\u00e9faut de paiement de l&#039;avance de frais,<\/p>\n<p>recours contre l&#039;arr\u00eat rendu le 14 novembre 2025 par la Cour d&#039;appel civile du Tribunal cantonal du canton de Vaud (XZ24.010450-251178, 521).<\/p>\n<p>Consid\u00e9rant en fait et en droit:<\/p>\n<p>1.<\/p>\n<p>Par m\u00e9moire dat\u00e9 du 9 janvier 2026, A.________ (ci-apr\u00e8s: la recourante) a recouru au Tribunal f\u00e9d\u00e9ral contre l&#039;arr\u00eat rendu le 14 novembre 2025 par la Cour d&#039;appel civile du Tribunal cantonal du canton de Vaud dans le cadre du litige divisant cette soci\u00e9t\u00e9 d&#039;avec B.________.<\/p>\n<p>Par ordonnance pr\u00e9sidentielle du 15 janvier 2026, la recourante a \u00e9t\u00e9 invit\u00e9e \u00e0 verser, jusqu&#039;au 30 janvier 2026 au plus tard, une avance de frais de 1&#039;000 fr.<\/p>\n<p>Par pli du 15 janvier 2026, la recourante a \u00e9t\u00e9 invit\u00e9e \u00e0 \u00e9tablir, dans ce m\u00eame d\u00e9lai, que son m\u00e9moire de recours avait \u00e9t\u00e9 remis \u00e0 la Poste avant l&#039;\u00e9ch\u00e9ance du d\u00e9lai de recours.<\/p>\n<p>Le 27 janvier 2026, la recourante a fourni des explications relatives \u00e0 l&#039;envoi de son m\u00e9moire de recours.<\/p>\n<p>Par ordonnance pr\u00e9sidentielle du 5 f\u00e9vrier 2026, la recourante s&#039;est vu impartir un d\u00e9lai suppl\u00e9mentaire, non prolongeable, \u00e9ch\u00e9ant le 20 f\u00e9vrier 2026 pour r\u00e9gler l&#039;avance de frais requise, conform\u00e9ment \u00e0 l&#039;art. 62 al. 3 de la loi sur le Tribunal f\u00e9d\u00e9ral du 17 juin 2005 (LTF; RS 173.110), faute de quoi son recours serait d\u00e9clar\u00e9 irrecevable.<\/p>\n<p>Le 9 f\u00e9vrier 2026, la recourante a indiqu\u00e9 qu&#039;elle ne souhaitait pas verser l&#039;avance de frais requise avant d&#039;obtenir la confirmation de ce que son recours avait \u00e9t\u00e9 d\u00e9pos\u00e9 en temps utile.<\/p>\n<p>2.<\/p>\n<p>Aux termes de l&#039;art. 62 al. 3 LTF, le juge instructeur fixe un d\u00e9lai appropri\u00e9 \u00e0 la partie qui saisit le Tribunal f\u00e9d\u00e9ral pour fournir une avance de frais d&#039;un montant correspondant aux frais judiciaires pr\u00e9sum\u00e9s. Si le versement n&#039;est pas fait dans ce d\u00e9lai, il lui fixe un d\u00e9lai suppl\u00e9mentaire. Si l&#039;avance n&#039;est pas r\u00e9gl\u00e9e dans ce second d\u00e9lai, le recours est d\u00e9clar\u00e9 irrecevable.<\/p>\n<p>En l&#039;esp\u00e8ce, l&#039;avance de frais requise n&#039;a pas \u00e9t\u00e9 r\u00e9gl\u00e9e dans le d\u00e9lai de gr\u00e2ce imparti \u00e0 la recourante par ordonnance du 5 f\u00e9vrier 2026. Le courrier du 9 f\u00e9vrier 2026 n&#039;a pas interrompu ni suspendu le cours dudit d\u00e9lai, \u00e9tant pr\u00e9cis\u00e9 ici que la recourante n&#039;\u00e9tait nullement en droit de conditionner le versement de l&#039;avance de frais exig\u00e9e \u00e0 la confirmation de ce que son recours avait \u00e9t\u00e9 introduit en temps utile. Au vu de ce qui pr\u00e9c\u00e8de, le recours se r\u00e9v\u00e8le manifestement irrecevable en vertu de l&#039;art. 62 al. 3 LTF, ce qu&#039;il convient de constater en faisant application de la proc\u00e9dure simplifi\u00e9e pr\u00e9vue par l&#039;art. 108 al. 1 LTF.<\/p>\n<p>3.<\/p>\n<p>La recourante, qui succombe, supportera les frais de la pr\u00e9sente proc\u00e9dure (art. 66 al. 1 LTF). Il n&#039;y a pas lieu \u00e0 l&#039;allocation de d\u00e9pens.<\/p>\n<p>Par ces motifs, le Pr\u00e9sident de la Ire Cour de droit civil prononce :<\/p>\n<p>1.<\/p>\n<p>Le recours est irrecevable.<\/p>\n<p>2.<\/p>\n<p>Les frais judiciaires, arr\u00eat\u00e9s \u00e0 1&#039;000 fr., sont mis \u00e0 la charge de la recourante.<\/p>\n<p>3.<\/p>\n<p>Le pr\u00e9sent arr\u00eat est communiqu\u00e9 aux parties et \u00e0 la Cour d&#039;appel civile du Tribunal cantonal du canton de Vaud.<\/p>\n<p>Lausanne, le 4 mars 2026<\/p>\n<p>Au nom de la Ire Cour de droit civil<\/p>\n<p>du Tribunal f\u00e9d\u00e9ral suisse<\/p>\n<p>Le Pr\u00e9sident : Hurni<\/p>\n<p>Le Greffier : O. Carruzzo<\/p>\n<\/div>\n<hr class=\"kji-sep\" \/>\n<p class=\"kji-source-links\"><strong>Sources officielles :<\/strong> <a class=\"kji-source-link\" href=\"https:\/\/search.bger.ch\/ext\/eurospider\/live\/fr\/php\/aza\/http\/index.php?lang=fr&#038;type=highlight_simple_query&#038;page=1&#038;from_date=&#038;to_date=&#038;sort=relevance&#038;insertion_date=&#038;top_subcollection_aza=all&#038;query_words=contrat&#038;rank=9&#038;azaclir=aza&#038;highlight_docid=aza%3A%2F%2F04-03-2026-4D_6-2026&#038;number_of_ranks=11238\" target=\"_blank\" rel=\"noopener noreferrer\">consulter la page source<\/a><\/p>\n<p class=\"kji-license-note\"><em>Source officielle Tribunal federal suisse. Contenu HTML public, PDF non garanti en version gratuite.<\/em><\/p>\n<\/div>\n","protected":false},"excerpt":{"rendered":"<p>Bundesgericht Tribunal f\u00e9d\u00e9ral Tribunale federale Tribunal federal 4D_6\/2026 Arr\u00eat du 4 mars 2026 Ire Cour de droit civil Composition M. le Juge f\u00e9d\u00e9ral Hurni, pr\u00e9sident. Greffier: M. Carruzzo. Participants \u00e0 la proc\u00e9dure A.________, recourante, contre B.________, intim\u00e9. Objet contrat de bail; d\u00e9faut de paiement de l&#8217;avance de frais, recours contre l&#8217;arr\u00eat rendu le 14 novembre&#8230;<\/p>\n","protected":false},"featured_media":0,"template":"","meta":{"_crdt_document":""},"kji_country":[9676],"kji_court":[9677],"kji_chamber":[9798],"kji_year":[7610],"kji_subject":[7646],"kji_keyword":[9799,9679,9680,7636],"kji_language":[7733],"class_list":["post-563044","kji_decision","type-kji_decision","status-publish","hentry","kji_country-suisse","kji_court-tribunal-federal-suisse","kji_chamber-cour-de-droit-civil","kji_year-7610","kji_subject-divers","kji_keyword-bundesgericht","kji_keyword-federal","kji_keyword-suisse","kji_keyword-tribunal","kji_language-francais"],"yoast_head":"<!-- This site is optimized with the Yoast SEO Premium plugin v27.5 (Yoast SEO v27.5) - https:\/\/yoast.com\/product\/yoast-seo-premium-wordpress\/ -->\n<title>Tribunal f\u00e9d\u00e9ral suisse, 4 mars 2026, n\u00b0 4D 6-2026 - Ma\u00eetre Hassan Kohen, avocat en droit p\u00e9nal \u00e0 Paris<\/title>\n<meta name=\"robots\" content=\"index, follow, max-snippet:-1, max-image-preview:large, max-video-preview:-1\" \/>\n<link rel=\"canonical\" href=\"https:\/\/kohenavocats.com\/zh-hans\/jurisprudences\/tribunal-federal-suisse-4-mars-2026-n-4d-6-2026\/\" \/>\n<meta property=\"og:locale\" content=\"zh_CN\" \/>\n<meta property=\"og:type\" content=\"article\" \/>\n<meta property=\"og:title\" content=\"Tribunal f\u00e9d\u00e9ral suisse, 4 mars 2026, n\u00b0 4D 6-2026\" \/>\n<meta property=\"og:description\" content=\"Bundesgericht Tribunal f\u00e9d\u00e9ral Tribunale federale Tribunal federal 4D_6\/2026 Arr\u00eat du 4 mars 2026 Ire Cour de droit civil Composition M. le Juge f\u00e9d\u00e9ral Hurni, pr\u00e9sident. Greffier: M. Carruzzo. Participants \u00e0 la proc\u00e9dure A.________, recourante, contre B.________, intim\u00e9. Objet contrat de bail; d\u00e9faut de paiement de l&#039;avance de frais, recours contre l&#039;arr\u00eat rendu le 14 novembre...\" \/>\n<meta property=\"og:url\" content=\"https:\/\/kohenavocats.com\/zh-hans\/jurisprudences\/tribunal-federal-suisse-4-mars-2026-n-4d-6-2026\/\" \/>\n<meta property=\"og:site_name\" content=\"Ma\u00eetre Hassan Kohen, avocat en droit p\u00e9nal \u00e0 Paris\" \/>\n<meta property=\"article:modified_time\" content=\"2026-04-15T02:42:02+00:00\" \/>\n<meta name=\"twitter:card\" content=\"summary_large_image\" \/>\n<meta name=\"twitter:label1\" content=\"\u9884\u8ba1\u9605\u8bfb\u65f6\u95f4\" \/>\n\t<meta name=\"twitter:data1\" content=\"3 \u5206\" \/>\n<script type=\"application\/ld+json\" class=\"yoast-schema-graph\">{\"@context\":\"https:\\\/\\\/schema.org\",\"@graph\":[{\"@type\":\"WebPage\",\"@id\":\"https:\\\/\\\/kohenavocats.com\\\/zh-hans\\\/jurisprudences\\\/tribunal-federal-suisse-4-mars-2026-n-4d-6-2026\\\/\",\"url\":\"https:\\\/\\\/kohenavocats.com\\\/zh-hans\\\/jurisprudences\\\/tribunal-federal-suisse-4-mars-2026-n-4d-6-2026\\\/\",\"name\":\"Tribunal f\u00e9d\u00e9ral suisse, 4 mars 2026, n\u00b0 4D 6-2026 - Ma\u00eetre Hassan Kohen, avocat en droit p\u00e9nal \u00e0 Paris\",\"isPartOf\":{\"@id\":\"https:\\\/\\\/kohenavocats.com\\\/zh-hans\\\/#website\"},\"datePublished\":\"2026-04-14T22:43:11+00:00\",\"dateModified\":\"2026-04-15T02:42:02+00:00\",\"breadcrumb\":{\"@id\":\"https:\\\/\\\/kohenavocats.com\\\/zh-hans\\\/jurisprudences\\\/tribunal-federal-suisse-4-mars-2026-n-4d-6-2026\\\/#breadcrumb\"},\"inLanguage\":\"zh-Hans\",\"potentialAction\":[{\"@type\":\"ReadAction\",\"target\":[\"https:\\\/\\\/kohenavocats.com\\\/zh-hans\\\/jurisprudences\\\/tribunal-federal-suisse-4-mars-2026-n-4d-6-2026\\\/\"]}]},{\"@type\":\"BreadcrumbList\",\"@id\":\"https:\\\/\\\/kohenavocats.com\\\/zh-hans\\\/jurisprudences\\\/tribunal-federal-suisse-4-mars-2026-n-4d-6-2026\\\/#breadcrumb\",\"itemListElement\":[{\"@type\":\"ListItem\",\"position\":1,\"name\":\"Home\",\"item\":\"https:\\\/\\\/kohenavocats.com\\\/zh-hans\\\/\"},{\"@type\":\"ListItem\",\"position\":2,\"name\":\"Jurisprudences\",\"item\":\"https:\\\/\\\/kohenavocats.com\\\/zh-hans\\\/jurisprudences\\\/\"},{\"@type\":\"ListItem\",\"position\":3,\"name\":\"Tribunal f\u00e9d\u00e9ral suisse, 4 mars 2026, n\u00b0 4D 6-2026\"}]},{\"@type\":\"WebSite\",\"@id\":\"https:\\\/\\\/kohenavocats.com\\\/zh-hans\\\/#website\",\"url\":\"https:\\\/\\\/kohenavocats.com\\\/zh-hans\\\/\",\"name\":\"Kohen Avocats\",\"description\":\"Ma\u00eetre Hassan Kohen, avocat p\u00e9naliste \u00e0 Paris, intervient exclusivement en droit p\u00e9nal pour la d\u00e9fense des particuliers, notamment en mati\u00e8re d\u2019accusations de viol. Il assure un accompagnement rigoureux d\u00e8s la garde \u00e0 vue jusqu\u2019\u00e0 la Cour d\u2019assises, veillant au strict respect des garanties proc\u00e9durales.\",\"publisher\":{\"@id\":\"https:\\\/\\\/kohenavocats.com\\\/zh-hans\\\/#organization\"},\"potentialAction\":[{\"@type\":\"SearchAction\",\"target\":{\"@type\":\"EntryPoint\",\"urlTemplate\":\"https:\\\/\\\/kohenavocats.com\\\/zh-hans\\\/?s={search_term_string}\"},\"query-input\":{\"@type\":\"PropertyValueSpecification\",\"valueRequired\":true,\"valueName\":\"search_term_string\"}}],\"inLanguage\":\"zh-Hans\"},{\"@type\":\"Organization\",\"@id\":\"https:\\\/\\\/kohenavocats.com\\\/zh-hans\\\/#organization\",\"name\":\"Kohen Avocats\",\"url\":\"https:\\\/\\\/kohenavocats.com\\\/zh-hans\\\/\",\"logo\":{\"@type\":\"ImageObject\",\"inLanguage\":\"zh-Hans\",\"@id\":\"https:\\\/\\\/kohenavocats.com\\\/zh-hans\\\/#\\\/schema\\\/logo\\\/image\\\/\",\"url\":\"https:\\\/\\\/kohenavocats.com\\\/wp-content\\\/uploads\\\/2026\\\/01\\\/Logo-2-1.webp\",\"contentUrl\":\"https:\\\/\\\/kohenavocats.com\\\/wp-content\\\/uploads\\\/2026\\\/01\\\/Logo-2-1.webp\",\"width\":2114,\"height\":1253,\"caption\":\"Kohen Avocats\"},\"image\":{\"@id\":\"https:\\\/\\\/kohenavocats.com\\\/zh-hans\\\/#\\\/schema\\\/logo\\\/image\\\/\"}}]}<\/script>\n<!-- \/ Yoast SEO Premium plugin. -->","yoast_head_json":{"title":"Tribunal f\u00e9d\u00e9ral suisse, 4 mars 2026, n\u00b0 4D 6-2026 - Ma\u00eetre Hassan Kohen, avocat en droit p\u00e9nal \u00e0 Paris","robots":{"index":"index","follow":"follow","max-snippet":"max-snippet:-1","max-image-preview":"max-image-preview:large","max-video-preview":"max-video-preview:-1"},"canonical":"https:\/\/kohenavocats.com\/zh-hans\/jurisprudences\/tribunal-federal-suisse-4-mars-2026-n-4d-6-2026\/","og_locale":"zh_CN","og_type":"article","og_title":"Tribunal f\u00e9d\u00e9ral suisse, 4 mars 2026, n\u00b0 4D 6-2026","og_description":"Bundesgericht Tribunal f\u00e9d\u00e9ral Tribunale federale Tribunal federal 4D_6\/2026 Arr\u00eat du 4 mars 2026 Ire Cour de droit civil Composition M. le Juge f\u00e9d\u00e9ral Hurni, pr\u00e9sident. Greffier: M. Carruzzo. Participants \u00e0 la proc\u00e9dure A.________, recourante, contre B.________, intim\u00e9. Objet contrat de bail; d\u00e9faut de paiement de l'avance de frais, recours contre l'arr\u00eat rendu le 14 novembre...","og_url":"https:\/\/kohenavocats.com\/zh-hans\/jurisprudences\/tribunal-federal-suisse-4-mars-2026-n-4d-6-2026\/","og_site_name":"Ma\u00eetre Hassan Kohen, avocat en droit p\u00e9nal \u00e0 Paris","article_modified_time":"2026-04-15T02:42:02+00:00","twitter_card":"summary_large_image","twitter_misc":{"\u9884\u8ba1\u9605\u8bfb\u65f6\u95f4":"3 \u5206"},"schema":{"@context":"https:\/\/schema.org","@graph":[{"@type":"WebPage","@id":"https:\/\/kohenavocats.com\/zh-hans\/jurisprudences\/tribunal-federal-suisse-4-mars-2026-n-4d-6-2026\/","url":"https:\/\/kohenavocats.com\/zh-hans\/jurisprudences\/tribunal-federal-suisse-4-mars-2026-n-4d-6-2026\/","name":"Tribunal f\u00e9d\u00e9ral suisse, 4 mars 2026, n\u00b0 4D 6-2026 - Ma\u00eetre Hassan Kohen, avocat en droit p\u00e9nal \u00e0 Paris","isPartOf":{"@id":"https:\/\/kohenavocats.com\/zh-hans\/#website"},"datePublished":"2026-04-14T22:43:11+00:00","dateModified":"2026-04-15T02:42:02+00:00","breadcrumb":{"@id":"https:\/\/kohenavocats.com\/zh-hans\/jurisprudences\/tribunal-federal-suisse-4-mars-2026-n-4d-6-2026\/#breadcrumb"},"inLanguage":"zh-Hans","potentialAction":[{"@type":"ReadAction","target":["https:\/\/kohenavocats.com\/zh-hans\/jurisprudences\/tribunal-federal-suisse-4-mars-2026-n-4d-6-2026\/"]}]},{"@type":"BreadcrumbList","@id":"https:\/\/kohenavocats.com\/zh-hans\/jurisprudences\/tribunal-federal-suisse-4-mars-2026-n-4d-6-2026\/#breadcrumb","itemListElement":[{"@type":"ListItem","position":1,"name":"Home","item":"https:\/\/kohenavocats.com\/zh-hans\/"},{"@type":"ListItem","position":2,"name":"Jurisprudences","item":"https:\/\/kohenavocats.com\/zh-hans\/jurisprudences\/"},{"@type":"ListItem","position":3,"name":"Tribunal f\u00e9d\u00e9ral suisse, 4 mars 2026, n\u00b0 4D 6-2026"}]},{"@type":"WebSite","@id":"https:\/\/kohenavocats.com\/zh-hans\/#website","url":"https:\/\/kohenavocats.com\/zh-hans\/","name":"Kohen Avocats","description":"Ma\u00eetre Hassan Kohen, avocat p\u00e9naliste \u00e0 Paris, intervient exclusivement en droit p\u00e9nal pour la d\u00e9fense des particuliers, notamment en mati\u00e8re d\u2019accusations de viol. Il assure un accompagnement rigoureux d\u00e8s la garde \u00e0 vue jusqu\u2019\u00e0 la Cour d\u2019assises, veillant au strict respect des garanties proc\u00e9durales.","publisher":{"@id":"https:\/\/kohenavocats.com\/zh-hans\/#organization"},"potentialAction":[{"@type":"SearchAction","target":{"@type":"EntryPoint","urlTemplate":"https:\/\/kohenavocats.com\/zh-hans\/?s={search_term_string}"},"query-input":{"@type":"PropertyValueSpecification","valueRequired":true,"valueName":"search_term_string"}}],"inLanguage":"zh-Hans"},{"@type":"Organization","@id":"https:\/\/kohenavocats.com\/zh-hans\/#organization","name":"Kohen Avocats","url":"https:\/\/kohenavocats.com\/zh-hans\/","logo":{"@type":"ImageObject","inLanguage":"zh-Hans","@id":"https:\/\/kohenavocats.com\/zh-hans\/#\/schema\/logo\/image\/","url":"https:\/\/kohenavocats.com\/wp-content\/uploads\/2026\/01\/Logo-2-1.webp","contentUrl":"https:\/\/kohenavocats.com\/wp-content\/uploads\/2026\/01\/Logo-2-1.webp","width":2114,"height":1253,"caption":"Kohen Avocats"},"image":{"@id":"https:\/\/kohenavocats.com\/zh-hans\/#\/schema\/logo\/image\/"}}]}},"jetpack_likes_enabled":false,"jetpack_sharing_enabled":true,"_links":{"self":[{"href":"https:\/\/kohenavocats.com\/zh-hans\/wp-json\/wp\/v2\/kji_decision\/563044","targetHints":{"allow":["GET"]}}],"collection":[{"href":"https:\/\/kohenavocats.com\/zh-hans\/wp-json\/wp\/v2\/kji_decision"}],"about":[{"href":"https:\/\/kohenavocats.com\/zh-hans\/wp-json\/wp\/v2\/types\/kji_decision"}],"wp:attachment":[{"href":"https:\/\/kohenavocats.com\/zh-hans\/wp-json\/wp\/v2\/media?parent=563044"}],"wp:term":[{"taxonomy":"kji_country","embeddable":true,"href":"https:\/\/kohenavocats.com\/zh-hans\/wp-json\/wp\/v2\/kji_country?post=563044"},{"taxonomy":"kji_court","embeddable":true,"href":"https:\/\/kohenavocats.com\/zh-hans\/wp-json\/wp\/v2\/kji_court?post=563044"},{"taxonomy":"kji_chamber","embeddable":true,"href":"https:\/\/kohenavocats.com\/zh-hans\/wp-json\/wp\/v2\/kji_chamber?post=563044"},{"taxonomy":"kji_year","embeddable":true,"href":"https:\/\/kohenavocats.com\/zh-hans\/wp-json\/wp\/v2\/kji_year?post=563044"},{"taxonomy":"kji_subject","embeddable":true,"href":"https:\/\/kohenavocats.com\/zh-hans\/wp-json\/wp\/v2\/kji_subject?post=563044"},{"taxonomy":"kji_keyword","embeddable":true,"href":"https:\/\/kohenavocats.com\/zh-hans\/wp-json\/wp\/v2\/kji_keyword?post=563044"},{"taxonomy":"kji_language","embeddable":true,"href":"https:\/\/kohenavocats.com\/zh-hans\/wp-json\/wp\/v2\/kji_language?post=563044"}],"curies":[{"name":"wp","href":"https:\/\/api.w.org\/{rel}","templated":true}]}}