{"id":563303,"date":"2026-04-15T01:26:37","date_gmt":"2026-04-14T23:26:37","guid":{"rendered":"https:\/\/kohenavocats.com\/jurisprudences\/tribunal-federal-suisse-27-mars-2026-n-7b-304-2026\/"},"modified":"2026-04-15T08:43:13","modified_gmt":"2026-04-15T06:43:13","slug":"tribunal-federal-suisse-27-mars-2026-n-7b-304-2026","status":"publish","type":"kji_decision","link":"https:\/\/kohenavocats.com\/zh-hans\/jurisprudences\/tribunal-federal-suisse-27-mars-2026-n-7b-304-2026\/","title":{"rendered":"Tribunal f\u00e9d\u00e9ral suisse, 27 mars 2026, n\u00b0 7B 304-2026"},"content":{"rendered":"<div class=\"kji-decision\">\n<div class=\"kji-full-text\">\n<p>Bundesgericht<\/p>\n<p>Tribunal f\u00e9d\u00e9ral<\/p>\n<p>Tribunale federale<\/p>\n<p>Tribunal federal<\/p>\n<p>7B_304\/2026<\/p>\n<p>Urteil vom 27. M\u00e4rz 2026<\/p>\n<p>II. strafrechtliche Abteilung<\/p>\n<p>Besetzung<\/p>\n<p>Bundesrichterin van de Graaf, pr\u00e4sidierendes Mitglied,<\/p>\n<p>Gerichtsschreiberin Sauthier.<\/p>\n<p>Verfahrensbeteiligte<\/p>\n<p>A.________,<\/p>\n<p>vertreten durch Rechtsanw\u00e4ltin Nicole Burger,<\/p>\n<p>Beschwerdef\u00fchrer,<\/p>\n<p>gegen<\/p>\n<p>Obergericht des Kantons Aargau, Beschwerdekammer in Strafsachen, Obere Vorstadt 38, 5000 Aarau.<\/p>\n<p>Gegenstand<\/p>\n<p>Rechtsverz\u00f6gerung; Gegenstandslosigkeit,<\/p>\n<p>Beschwerde wegen Rechtsverz\u00f6gerung des Obergerichts des Kantons Aargau, Beschwerdekammer in Strafsachen.<\/p>\n<p>Erw\u00e4gungen:<\/p>\n<p>1.<\/p>\n<p>1.1. Die Staatsanwaltschaft Baden f\u00fchrt gegen A.________ eine Strafuntersuchung wegen Diebstahls, Sachbesch\u00e4digung, Hausfriedensbruchs sowie Hehlerei. Mit Verf\u00fcgung des Zwangsmassnahmengerichts des Kantons Aargau vom 13. November 2025 wurde A.________ in Untersuchungshaft versetzt. Am 27. November 2025 wies die Staatsanwaltschaft sein Gesuch ab, ihm w\u00e4hrend der Haft Telefongespr\u00e4che mit seiner Lebenspartnerin zu bewilligen. Dagegen erhob A.________ am 4. Dezember 2025 Beschwerde bei der Beschwerdekammer in Strafsachen des Obergerichts des Kantons Aargau.<\/p>\n<p>1.2. Mit Eingabe vom 10. M\u00e4rz 2026 erhob A.________ Beschwerde an das Bundesgericht und machte eine Rechtsverz\u00f6gerung durch das Obergericht geltend. Am 18. M\u00e4rz 2026 teilte er mit, das Obergericht habe am 13. M\u00e4rz 2026 in der Sache entschieden, womit das Verfahren gegenstandslos geworden sei.<\/p>\n<p>2.<\/p>\n<p>Das Bundesgericht ist zur Beurteilung von Beschwerden gegen Entscheide letzter kantonaler Instanzen in Strafsachen (Art. 78 f. BGG) zust\u00e4ndig. Wegen Rechtsverweigerung oder Rechtsverz\u00f6gerung kann jederzeit Beschwerde erhoben werden (Art. 100 Abs. 7 BGG). Sobald jedoch der als verz\u00f6gert monierte Entscheid ergangen ist, wird die Rechtsverz\u00f6gerungsbeschwerde gegenstandslos. Nachdem das Obergericht vorliegend am 13. M\u00e4rz 2026 entschieden hat, ist das Beschwerdeverfahren 7B_304\/2026 durch das pr\u00e4sidierende Mitglied als Einzelrichterin als gegenstandslos geworden abzuschreiben (Art. 32 Abs. 2 und Art. 71 BGG i.V.m. Art. 72 BZP [SR 273]).<\/p>\n<p>3.<\/p>\n<p>3.1. Bei Entfallen des Rechtsschutzinteresses bzw. Gegenstandslosigkeit des Verfahrens entscheidet das Bundesgericht mit summarischer Begr\u00fcndung \u00fcber die Prozesskosten aufgrund der Sachlage vor Eintritt des Erledigungsgrundes (Art. 71 BGG i.V.m. Art. 72 BZP). Bei der Beurteilung der Kosten- und Entsch\u00e4digungsfolgen ist somit in erster Linie auf den mutmasslichen Ausgang des Prozesses abzustellen. Dabei geht es nicht darum, die Prozessaussichten im Einzelnen zu pr\u00fcfen und dadurch weitere Umtriebe zu verursachen. Vielmehr muss es bei einer knappen Beurteilung der Aktenlage sein Bewenden haben. Auf dem Weg \u00fcber den Kostenentscheid soll nicht ein materielles Urteil gef\u00e4llt und unter Umst\u00e4nden der Entscheid in einer heiklen Rechtsfrage pr\u00e4judiziert werden (vgl. BGE 142 V 551 E. 8.2; 7B_1\/2026 vom 29. Januar 2026 E. 2.1 mit Hinweis).<\/p>\n<p>3.2. Gest\u00fctzt auf eine summarische Pr\u00fcfung der Akten l\u00e4sst sich der mutmassliche Ausgang des Verfahrens nicht eindeutig bestimmen. Der Beschwerdef\u00fchrer erhob am 4. Dezember 2025 Beschwerde bei der Beschwerdekammer des Obergerichts des Kantons Aargau. In der Folge wurde ein Schriftenwechsel durchgef\u00fchrt (Beschwerdeantwort der Staatsanwaltschaft vom 23. Dezember 2025, Stellungnahme des Beschwerdef\u00fchrers vom 10. Januar 2026 sowie weitere Eingaben der Parteien im Februar 2026). Der Entscheid erging am 13. M\u00e4rz 2026. Unter Ber\u00fccksichtigung dieses Verfahrensablaufs kann nicht von einer l\u00e4ngeren Phase vollst\u00e4ndiger Unt\u00e4tigkeit der Vorinstanz gesprochen werden. Indessen betrifft die Streitsache die Haftbedingungen und damit verbundene pers\u00f6nliche Interessen des Beschwerdef\u00fchrers, weshalb eine bef\u00f6rderliche Behandlung angezeigt gewesen w\u00e4re (vgl. auch Art. 5 Abs. 2 StPO). Ob die Dauer des kantonalen Beschwerdeverfahrens unter diesen Umst\u00e4nden bereits als verfassungswidrige Rechtsverz\u00f6gerung zu qualifizieren gewesen w\u00e4re, erscheint offen und bedarf keiner abschliessenden Beurteilung. Der mutmassliche Ausgang des Verfahrens l\u00e4sst sich somit nicht ohne Weiteres bestimmen. Gleiches gilt hinsichtlich der materiellen Antr\u00e4ge, deren Beurteilung eine vertiefte Pr\u00fcfung voraussetzen w\u00fcrde und im vorliegenden Zusammenhang ausser Betracht zu bleiben hat.<\/p>\n<p>3.3. Unter diesen Umst\u00e4nden sind f\u00fcr das bundesgerichtliche Verfahren keine Kosten zu erheben (vgl. Art. 66 Abs. 4 BGG). Dem Beschwerdef\u00fchrer ist jedoch eine Parteientsch\u00e4digung zuzusprechen, da die Beschwerde nicht als offensichtlich aussichtslos erscheint und die Gegenstandslosigkeit nicht von ihm zu vertreten ist. Der Kanton Aargau hat ihm hierf\u00fcr eine angemessene Entsch\u00e4digung auszurichten (Art. 68 Abs. 2 BGG). F\u00fcr die H\u00f6he der Parteikosten kann auf die Honorarnote der Rechtsvertreterin des Beschwerdef\u00fchrers vom 17. M\u00e4rz 2026 abgestellt werden (vgl. Art. 12 Abs. 2 des Reglements vom 31. M\u00e4rz 2006 \u00fcber die Parteientsch\u00e4digung und die Entsch\u00e4digung f\u00fcr die amtliche Vertretung im Verfahren vor dem Bundesgericht [SR 173.110.210.3]). Der darin ausgewiesene Gesamtaufwand von Fr. 911.93 (inkl. Mehrwertsteuer und Auslagen) erweist sich als angemessen. Das Gesuch um unentgeltliche Rechtspflege des Beschwerdef\u00fchrers wird damit gegenstandslos.<\/p>\n<p>Demnach erkennt das pr\u00e4sidierende Mitglied:<\/p>\n<p>1.<\/p>\n<p>Das Verfahren wird als gegenstandslos abgeschrieben.<\/p>\n<p>2.<\/p>\n<p>Es werden keine Gerichtskosten erhoben.<\/p>\n<p>3.<\/p>\n<p>Der Kanton Aargau hat den Beschwerdef\u00fchrer f\u00fcr das bundesgerichtliche Verfahren mit Fr. 911.93 zu entsch\u00e4digen.<\/p>\n<p>4.<\/p>\n<p>Dieses Urteil wird dem Beschwerdef\u00fchrer, dem Obergericht des Kantons Aargau, Beschwerdekammer in Strafsachen, und der Staatsanwaltschaft Baden schriftlich mitgeteilt.<\/p>\n<p>Lausanne, 27. M\u00e4rz 2026<\/p>\n<p>Im Namen der II. strafrechtlichen Abteilung<\/p>\n<p>des Schweizerischen Bundesgerichts<\/p>\n<p>Das pr\u00e4sidierende Mitglied:<\/p>\n<p>Die Gerichtsschreiberin:<\/p>\n<\/div>\n<hr class=\"kji-sep\" \/>\n<p class=\"kji-source-links\"><strong>Sources officielles :<\/strong> <a class=\"kji-source-link\" href=\"https:\/\/search.bger.ch\/ext\/eurospider\/live\/fr\/php\/aza\/http\/index.php?lang=fr&#038;type=highlight_simple_query&#038;page=2&#038;from_date=&#038;to_date=&#038;sort=relevance&#038;insertion_date=&#038;top_subcollection_aza=all&#038;query_words=bundesgericht&#038;rank=12&#038;azaclir=aza&#038;highlight_docid=aza%3A%2F%2F27-03-2026-7B_304-2026&#038;number_of_ranks=147990\" target=\"_blank\" rel=\"noopener noreferrer\">consulter la page source<\/a><\/p>\n<p class=\"kji-license-note\"><em>Source officielle Tribunal federal suisse. Contenu HTML public, PDF non garanti en version gratuite.<\/em><\/p>\n<\/div>\n","protected":false},"excerpt":{"rendered":"<p>Bundesgericht Tribunal f\u00e9d\u00e9ral Tribunale federale Tribunal federal 7B_304\/2026 Urteil vom 27. M\u00e4rz 2026 II. strafrechtliche Abteilung Besetzung Bundesrichterin van de Graaf, pr\u00e4sidierendes Mitglied, Gerichtsschreiberin Sauthier. Verfahrensbeteiligte A.________, vertreten durch Rechtsanw\u00e4ltin Nicole Burger, Beschwerdef\u00fchrer, gegen Obergericht des Kantons Aargau, Beschwerdekammer in Strafsachen, Obere Vorstadt 38, 5000 Aarau. Gegenstand Rechtsverz\u00f6gerung; Gegenstandslosigkeit, Beschwerde wegen Rechtsverz\u00f6gerung des Obergerichts des&#8230;<\/p>\n","protected":false},"featured_media":0,"template":"","meta":{"_crdt_document":""},"kji_country":[9676],"kji_court":[9677],"kji_chamber":[10148],"kji_year":[7610],"kji_subject":[7632],"kji_keyword":[9799,9679,9680,7636],"kji_language":[7685],"class_list":["post-563303","kji_decision","type-kji_decision","status-publish","hentry","kji_country-suisse","kji_court-tribunal-federal-suisse","kji_chamber-cour-des-plaintes","kji_year-7610","kji_subject-penal","kji_keyword-bundesgericht","kji_keyword-federal","kji_keyword-suisse","kji_keyword-tribunal","kji_language-italien"],"yoast_head":"<!-- This site is optimized with the Yoast SEO Premium plugin v27.5 (Yoast SEO v27.5) - https:\/\/yoast.com\/product\/yoast-seo-premium-wordpress\/ -->\n<title>Tribunal f\u00e9d\u00e9ral suisse, 27 mars 2026, n\u00b0 7B 304-2026 - Ma\u00eetre Hassan Kohen, avocat en droit p\u00e9nal \u00e0 Paris<\/title>\n<meta name=\"robots\" content=\"index, follow, max-snippet:-1, max-image-preview:large, max-video-preview:-1\" \/>\n<link rel=\"canonical\" href=\"https:\/\/kohenavocats.com\/zh-hans\/jurisprudences\/tribunal-federal-suisse-27-mars-2026-n-7b-304-2026\/\" \/>\n<meta property=\"og:locale\" content=\"zh_CN\" \/>\n<meta property=\"og:type\" content=\"article\" \/>\n<meta property=\"og:title\" content=\"Tribunal f\u00e9d\u00e9ral suisse, 27 mars 2026, n\u00b0 7B 304-2026\" \/>\n<meta property=\"og:description\" content=\"Bundesgericht Tribunal f\u00e9d\u00e9ral Tribunale federale Tribunal federal 7B_304\/2026 Urteil vom 27. M\u00e4rz 2026 II. strafrechtliche Abteilung Besetzung Bundesrichterin van de Graaf, pr\u00e4sidierendes Mitglied, Gerichtsschreiberin Sauthier. Verfahrensbeteiligte A.________, vertreten durch Rechtsanw\u00e4ltin Nicole Burger, Beschwerdef\u00fchrer, gegen Obergericht des Kantons Aargau, Beschwerdekammer in Strafsachen, Obere Vorstadt 38, 5000 Aarau. Gegenstand Rechtsverz\u00f6gerung; Gegenstandslosigkeit, Beschwerde wegen Rechtsverz\u00f6gerung des Obergerichts des...\" \/>\n<meta property=\"og:url\" content=\"https:\/\/kohenavocats.com\/zh-hans\/jurisprudences\/tribunal-federal-suisse-27-mars-2026-n-7b-304-2026\/\" \/>\n<meta property=\"og:site_name\" content=\"Ma\u00eetre Hassan Kohen, avocat en droit p\u00e9nal \u00e0 Paris\" \/>\n<meta property=\"article:modified_time\" content=\"2026-04-15T06:43:13+00:00\" \/>\n<meta name=\"twitter:card\" content=\"summary_large_image\" \/>\n<meta name=\"twitter:label1\" content=\"\u9884\u8ba1\u9605\u8bfb\u65f6\u95f4\" \/>\n\t<meta name=\"twitter:data1\" content=\"4 \u5206\" \/>\n<script type=\"application\/ld+json\" class=\"yoast-schema-graph\">{\"@context\":\"https:\\\/\\\/schema.org\",\"@graph\":[{\"@type\":\"WebPage\",\"@id\":\"https:\\\/\\\/kohenavocats.com\\\/zh-hans\\\/jurisprudences\\\/tribunal-federal-suisse-27-mars-2026-n-7b-304-2026\\\/\",\"url\":\"https:\\\/\\\/kohenavocats.com\\\/zh-hans\\\/jurisprudences\\\/tribunal-federal-suisse-27-mars-2026-n-7b-304-2026\\\/\",\"name\":\"Tribunal f\u00e9d\u00e9ral suisse, 27 mars 2026, n\u00b0 7B 304-2026 - Ma\u00eetre Hassan Kohen, avocat en droit p\u00e9nal \u00e0 Paris\",\"isPartOf\":{\"@id\":\"https:\\\/\\\/kohenavocats.com\\\/zh-hans\\\/#website\"},\"datePublished\":\"2026-04-14T23:26:37+00:00\",\"dateModified\":\"2026-04-15T06:43:13+00:00\",\"breadcrumb\":{\"@id\":\"https:\\\/\\\/kohenavocats.com\\\/zh-hans\\\/jurisprudences\\\/tribunal-federal-suisse-27-mars-2026-n-7b-304-2026\\\/#breadcrumb\"},\"inLanguage\":\"zh-Hans\",\"potentialAction\":[{\"@type\":\"ReadAction\",\"target\":[\"https:\\\/\\\/kohenavocats.com\\\/zh-hans\\\/jurisprudences\\\/tribunal-federal-suisse-27-mars-2026-n-7b-304-2026\\\/\"]}]},{\"@type\":\"BreadcrumbList\",\"@id\":\"https:\\\/\\\/kohenavocats.com\\\/zh-hans\\\/jurisprudences\\\/tribunal-federal-suisse-27-mars-2026-n-7b-304-2026\\\/#breadcrumb\",\"itemListElement\":[{\"@type\":\"ListItem\",\"position\":1,\"name\":\"Home\",\"item\":\"https:\\\/\\\/kohenavocats.com\\\/zh-hans\\\/\"},{\"@type\":\"ListItem\",\"position\":2,\"name\":\"Jurisprudences\",\"item\":\"https:\\\/\\\/kohenavocats.com\\\/zh-hans\\\/jurisprudences\\\/\"},{\"@type\":\"ListItem\",\"position\":3,\"name\":\"Tribunal f\u00e9d\u00e9ral suisse, 27 mars 2026, n\u00b0 7B 304-2026\"}]},{\"@type\":\"WebSite\",\"@id\":\"https:\\\/\\\/kohenavocats.com\\\/zh-hans\\\/#website\",\"url\":\"https:\\\/\\\/kohenavocats.com\\\/zh-hans\\\/\",\"name\":\"Kohen Avocats\",\"description\":\"Ma\u00eetre Hassan Kohen, avocat p\u00e9naliste \u00e0 Paris, intervient exclusivement en droit p\u00e9nal pour la d\u00e9fense des particuliers, notamment en mati\u00e8re d\u2019accusations de viol. Il assure un accompagnement rigoureux d\u00e8s la garde \u00e0 vue jusqu\u2019\u00e0 la Cour d\u2019assises, veillant au strict respect des garanties proc\u00e9durales.\",\"publisher\":{\"@id\":\"https:\\\/\\\/kohenavocats.com\\\/zh-hans\\\/#organization\"},\"potentialAction\":[{\"@type\":\"SearchAction\",\"target\":{\"@type\":\"EntryPoint\",\"urlTemplate\":\"https:\\\/\\\/kohenavocats.com\\\/zh-hans\\\/?s={search_term_string}\"},\"query-input\":{\"@type\":\"PropertyValueSpecification\",\"valueRequired\":true,\"valueName\":\"search_term_string\"}}],\"inLanguage\":\"zh-Hans\"},{\"@type\":\"Organization\",\"@id\":\"https:\\\/\\\/kohenavocats.com\\\/zh-hans\\\/#organization\",\"name\":\"Kohen Avocats\",\"url\":\"https:\\\/\\\/kohenavocats.com\\\/zh-hans\\\/\",\"logo\":{\"@type\":\"ImageObject\",\"inLanguage\":\"zh-Hans\",\"@id\":\"https:\\\/\\\/kohenavocats.com\\\/zh-hans\\\/#\\\/schema\\\/logo\\\/image\\\/\",\"url\":\"https:\\\/\\\/kohenavocats.com\\\/wp-content\\\/uploads\\\/2026\\\/01\\\/Logo-2-1.webp\",\"contentUrl\":\"https:\\\/\\\/kohenavocats.com\\\/wp-content\\\/uploads\\\/2026\\\/01\\\/Logo-2-1.webp\",\"width\":2114,\"height\":1253,\"caption\":\"Kohen Avocats\"},\"image\":{\"@id\":\"https:\\\/\\\/kohenavocats.com\\\/zh-hans\\\/#\\\/schema\\\/logo\\\/image\\\/\"}}]}<\/script>\n<!-- \/ Yoast SEO Premium plugin. -->","yoast_head_json":{"title":"Tribunal f\u00e9d\u00e9ral suisse, 27 mars 2026, n\u00b0 7B 304-2026 - Ma\u00eetre Hassan Kohen, avocat en droit p\u00e9nal \u00e0 Paris","robots":{"index":"index","follow":"follow","max-snippet":"max-snippet:-1","max-image-preview":"max-image-preview:large","max-video-preview":"max-video-preview:-1"},"canonical":"https:\/\/kohenavocats.com\/zh-hans\/jurisprudences\/tribunal-federal-suisse-27-mars-2026-n-7b-304-2026\/","og_locale":"zh_CN","og_type":"article","og_title":"Tribunal f\u00e9d\u00e9ral suisse, 27 mars 2026, n\u00b0 7B 304-2026","og_description":"Bundesgericht Tribunal f\u00e9d\u00e9ral Tribunale federale Tribunal federal 7B_304\/2026 Urteil vom 27. M\u00e4rz 2026 II. strafrechtliche Abteilung Besetzung Bundesrichterin van de Graaf, pr\u00e4sidierendes Mitglied, Gerichtsschreiberin Sauthier. Verfahrensbeteiligte A.________, vertreten durch Rechtsanw\u00e4ltin Nicole Burger, Beschwerdef\u00fchrer, gegen Obergericht des Kantons Aargau, Beschwerdekammer in Strafsachen, Obere Vorstadt 38, 5000 Aarau. Gegenstand Rechtsverz\u00f6gerung; Gegenstandslosigkeit, Beschwerde wegen Rechtsverz\u00f6gerung des Obergerichts des...","og_url":"https:\/\/kohenavocats.com\/zh-hans\/jurisprudences\/tribunal-federal-suisse-27-mars-2026-n-7b-304-2026\/","og_site_name":"Ma\u00eetre Hassan Kohen, avocat en droit p\u00e9nal \u00e0 Paris","article_modified_time":"2026-04-15T06:43:13+00:00","twitter_card":"summary_large_image","twitter_misc":{"\u9884\u8ba1\u9605\u8bfb\u65f6\u95f4":"4 \u5206"},"schema":{"@context":"https:\/\/schema.org","@graph":[{"@type":"WebPage","@id":"https:\/\/kohenavocats.com\/zh-hans\/jurisprudences\/tribunal-federal-suisse-27-mars-2026-n-7b-304-2026\/","url":"https:\/\/kohenavocats.com\/zh-hans\/jurisprudences\/tribunal-federal-suisse-27-mars-2026-n-7b-304-2026\/","name":"Tribunal f\u00e9d\u00e9ral suisse, 27 mars 2026, n\u00b0 7B 304-2026 - Ma\u00eetre Hassan Kohen, avocat en droit p\u00e9nal \u00e0 Paris","isPartOf":{"@id":"https:\/\/kohenavocats.com\/zh-hans\/#website"},"datePublished":"2026-04-14T23:26:37+00:00","dateModified":"2026-04-15T06:43:13+00:00","breadcrumb":{"@id":"https:\/\/kohenavocats.com\/zh-hans\/jurisprudences\/tribunal-federal-suisse-27-mars-2026-n-7b-304-2026\/#breadcrumb"},"inLanguage":"zh-Hans","potentialAction":[{"@type":"ReadAction","target":["https:\/\/kohenavocats.com\/zh-hans\/jurisprudences\/tribunal-federal-suisse-27-mars-2026-n-7b-304-2026\/"]}]},{"@type":"BreadcrumbList","@id":"https:\/\/kohenavocats.com\/zh-hans\/jurisprudences\/tribunal-federal-suisse-27-mars-2026-n-7b-304-2026\/#breadcrumb","itemListElement":[{"@type":"ListItem","position":1,"name":"Home","item":"https:\/\/kohenavocats.com\/zh-hans\/"},{"@type":"ListItem","position":2,"name":"Jurisprudences","item":"https:\/\/kohenavocats.com\/zh-hans\/jurisprudences\/"},{"@type":"ListItem","position":3,"name":"Tribunal f\u00e9d\u00e9ral suisse, 27 mars 2026, n\u00b0 7B 304-2026"}]},{"@type":"WebSite","@id":"https:\/\/kohenavocats.com\/zh-hans\/#website","url":"https:\/\/kohenavocats.com\/zh-hans\/","name":"Kohen Avocats","description":"Ma\u00eetre Hassan Kohen, avocat p\u00e9naliste \u00e0 Paris, intervient exclusivement en droit p\u00e9nal pour la d\u00e9fense des particuliers, notamment en mati\u00e8re d\u2019accusations de viol. Il assure un accompagnement rigoureux d\u00e8s la garde \u00e0 vue jusqu\u2019\u00e0 la Cour d\u2019assises, veillant au strict respect des garanties proc\u00e9durales.","publisher":{"@id":"https:\/\/kohenavocats.com\/zh-hans\/#organization"},"potentialAction":[{"@type":"SearchAction","target":{"@type":"EntryPoint","urlTemplate":"https:\/\/kohenavocats.com\/zh-hans\/?s={search_term_string}"},"query-input":{"@type":"PropertyValueSpecification","valueRequired":true,"valueName":"search_term_string"}}],"inLanguage":"zh-Hans"},{"@type":"Organization","@id":"https:\/\/kohenavocats.com\/zh-hans\/#organization","name":"Kohen Avocats","url":"https:\/\/kohenavocats.com\/zh-hans\/","logo":{"@type":"ImageObject","inLanguage":"zh-Hans","@id":"https:\/\/kohenavocats.com\/zh-hans\/#\/schema\/logo\/image\/","url":"https:\/\/kohenavocats.com\/wp-content\/uploads\/2026\/01\/Logo-2-1.webp","contentUrl":"https:\/\/kohenavocats.com\/wp-content\/uploads\/2026\/01\/Logo-2-1.webp","width":2114,"height":1253,"caption":"Kohen Avocats"},"image":{"@id":"https:\/\/kohenavocats.com\/zh-hans\/#\/schema\/logo\/image\/"}}]}},"jetpack_likes_enabled":false,"jetpack_sharing_enabled":true,"_links":{"self":[{"href":"https:\/\/kohenavocats.com\/zh-hans\/wp-json\/wp\/v2\/kji_decision\/563303","targetHints":{"allow":["GET"]}}],"collection":[{"href":"https:\/\/kohenavocats.com\/zh-hans\/wp-json\/wp\/v2\/kji_decision"}],"about":[{"href":"https:\/\/kohenavocats.com\/zh-hans\/wp-json\/wp\/v2\/types\/kji_decision"}],"wp:attachment":[{"href":"https:\/\/kohenavocats.com\/zh-hans\/wp-json\/wp\/v2\/media?parent=563303"}],"wp:term":[{"taxonomy":"kji_country","embeddable":true,"href":"https:\/\/kohenavocats.com\/zh-hans\/wp-json\/wp\/v2\/kji_country?post=563303"},{"taxonomy":"kji_court","embeddable":true,"href":"https:\/\/kohenavocats.com\/zh-hans\/wp-json\/wp\/v2\/kji_court?post=563303"},{"taxonomy":"kji_chamber","embeddable":true,"href":"https:\/\/kohenavocats.com\/zh-hans\/wp-json\/wp\/v2\/kji_chamber?post=563303"},{"taxonomy":"kji_year","embeddable":true,"href":"https:\/\/kohenavocats.com\/zh-hans\/wp-json\/wp\/v2\/kji_year?post=563303"},{"taxonomy":"kji_subject","embeddable":true,"href":"https:\/\/kohenavocats.com\/zh-hans\/wp-json\/wp\/v2\/kji_subject?post=563303"},{"taxonomy":"kji_keyword","embeddable":true,"href":"https:\/\/kohenavocats.com\/zh-hans\/wp-json\/wp\/v2\/kji_keyword?post=563303"},{"taxonomy":"kji_language","embeddable":true,"href":"https:\/\/kohenavocats.com\/zh-hans\/wp-json\/wp\/v2\/kji_language?post=563303"}],"curies":[{"name":"wp","href":"https:\/\/api.w.org\/{rel}","templated":true}]}}