{"id":563348,"date":"2026-04-15T01:32:36","date_gmt":"2026-04-14T23:32:36","guid":{"rendered":"https:\/\/kohenavocats.com\/jurisprudences\/tribunal-federal-suisse-23-mars-2026-n-4d-235-2025\/"},"modified":"2026-04-15T02:48:16","modified_gmt":"2026-04-15T00:48:16","slug":"tribunal-federal-suisse-23-mars-2026-n-4d-235-2025","status":"publish","type":"kji_decision","link":"https:\/\/kohenavocats.com\/zh-hans\/jurisprudences\/tribunal-federal-suisse-23-mars-2026-n-4d-235-2025\/","title":{"rendered":"Tribunal f\u00e9d\u00e9ral suisse, 23 mars 2026, n\u00b0 4D 235-2025"},"content":{"rendered":"<div class=\"kji-decision\">\n<div class=\"kji-full-text\">\n<p>Bundesgericht<\/p>\n<p>Tribunal f\u00e9d\u00e9ral<\/p>\n<p>Tribunale federale<\/p>\n<p>Tribunal federal<\/p>\n<p>4D_235\/2025<\/p>\n<p>Arr\u00eat du 23 mars 2026<\/p>\n<p>Ire Cour de droit civil<\/p>\n<p>Composition<\/p>\n<p>M. le Juge f\u00e9d\u00e9ral Hurni, Pr\u00e9sident.<\/p>\n<p>Greffier : M. Douzals.<\/p>\n<p>Participants \u00e0 la proc\u00e9dure<\/p>\n<p>A.________,<\/p>\n<p>recourant,<\/p>\n<p>contre<\/p>\n<p>Conf\u00e9d\u00e9ration suisse,<\/p>\n<p>par la Caisse du Tribunal f\u00e9d\u00e9ral,<\/p>\n<p>avenue du Tribunal-F\u00e9d\u00e9ral 29, 1005 Lausanne,<\/p>\n<p>intim\u00e9e.<\/p>\n<p>Objet<\/p>\n<p>mainlev\u00e9e d\u00e9finitive,<\/p>\n<p>recours constitutionnel subsidiaire contre l&#039;arr\u00eat rendu le 20 octobre 2025 par la IIe Cour d&#039;appel civil du Tribunal cantonal de l&#039;\u00c9tat de Fribourg (102 2025 182).<\/p>\n<p>Consid\u00e9rant en fait et en droit :<\/p>\n<p>1.<\/p>\n<p>Par d\u00e9cision du 12 ao\u00fbt 2025, le Pr\u00e9sident du Tribunal civil de l&#039;arrondissement de la Gruy\u00e8re a prononc\u00e9, \u00e0 concurrence de 500 fr., frais et int\u00e9r\u00eats en sus, la mainlev\u00e9e d\u00e9finitive de l&#039;opposition qu&#039;avait form\u00e9e A.________ (ci-apr\u00e8s: le poursuivi ou le recourant) au commandement de payer n o xxx de l&#039;Office des poursuites de la Gruy\u00e8re que lui avait fait notifier la Conf\u00e9d\u00e9ration suisse, par la Caisse du Tribunal f\u00e9d\u00e9ral (ci-apr\u00e8s: l&#039;intim\u00e9e).<\/p>\n<p>Par arr\u00eat du 20 octobre 2025, la II e Cour d&#039;appel civil du Tribunal cantonal de l&#039;\u00c9tat de Fribourg a d\u00e9clar\u00e9 manifestement irrecevable le recours cantonal d\u00e9pos\u00e9 par le poursuivi \u00e0 l&#039;encontre de ladite d\u00e9cision.<\/p>\n<p>2.<\/p>\n<p>Contre cet arr\u00eat, le poursuivi a form\u00e9 recours aupr\u00e8s du Tribunal f\u00e9d\u00e9ral le 1 er d\u00e9cembre 2025. Il ressort dudit recours qu&#039;il s&#039;oppose \u00e0 la mainlev\u00e9e de l&#039;opposition litigieuse.<\/p>\n<p>\u00c0 bien le comprendre, le recourant conclut \u00e9galement \u00e0 l&#039;annulation d&#039;autres poursuites et d&#039;autres d\u00e9cisions et arr\u00eats. Dans la mesure notamment o\u00f9 seule la question de la mainlev\u00e9e de l&#039;opposition au commandement de payer n o xxx de l&#039;Office des poursuites de la Gruy\u00e8re a fait l&#039;objet de l&#039;arr\u00eat cantonal ici litigieux, ces conclusions sont nouvelles et, partant, irrecevables (art. 99 al. 2 LTF).<\/p>\n<p>L&#039;intim\u00e9e et la cour cantonale n&#039;ont pas \u00e9t\u00e9 invit\u00e9es \u00e0 se d\u00e9terminer sur ledit recours.<\/p>\n<p>3.<\/p>\n<p>Dans la mesure o\u00f9 la valeur litigieuse minimale applicable de 30&#039;000 fr. (art. 74 al. 1 let. b; arr\u00eat 5A_941\/2021 du 5 juillet 2023 consid. 2 et les r\u00e9f\u00e9rences cit\u00e9es) n&#039;est pas atteinte et o\u00f9 l&#039;affaire ne soul\u00e8ve pas de question juridique de principe (art. 74 al. 2 let. a LTF), les conditions de recevabilit\u00e9 du recours en mati\u00e8re civile ne sont pas remplies et le recours faisant l&#039;objet du pr\u00e9sent arr\u00eat sera trait\u00e9 comme recours constitutionnel subsidiaire au sens des art. 113 ss LTF. Le recours \u00e9tant vou\u00e9 \u00e0 l&#039;\u00e9chec (cf. infra consid. 4), il est superflu de v\u00e9rifier les autres conditions de recevabilit\u00e9.<\/p>\n<p>4.<\/p>\n<p>4.1.<\/p>\n<p>4.1.1. Comme son intitul\u00e9 l&#039;indique, le recours constitutionnel subsidiaire peut \u00eatre form\u00e9 pour violation des droits constitutionnels (art. 116 LTF). Le Tribunal f\u00e9d\u00e9ral n&#039;examine que les griefs express\u00e9ment soulev\u00e9s et motiv\u00e9s conform\u00e9ment au principe de l&#039;all\u00e9gation (art. 106 al. 2 et art. 117 LTF). Le recourant doit indiquer quel droit ou principe constitutionnel a \u00e9t\u00e9 viol\u00e9 par l&#039;autorit\u00e9 pr\u00e9c\u00e9dente et dans quelle mesure, en pr\u00e9sentant une argumentation claire et circonstanci\u00e9e; des critiques simplement appellatoires ne sont pas admissibles (ATF 143 II 283 consid. 1.2.2; 140 III 571 consid. 1.5 et les r\u00e9f\u00e9rences cit\u00e9es; 139 I 229 consid. 2.2; 134 II 244 consid. 2.2).<\/p>\n<p>4.1.2. Le Tribunal f\u00e9d\u00e9ral statue sur la base des faits \u00e9tablis par l&#039;autorit\u00e9 pr\u00e9c\u00e9dente (art. 118 al. 1 LTF). Il peut rectifier ou compl\u00e9ter les constatations de l&#039;autorit\u00e9 pr\u00e9c\u00e9dente si les faits ont \u00e9t\u00e9 \u00e9tablis en violation du droit au sens de l&#039;art. 116 LTF (art. 118 al. 2 LTF), c&#039;est-\u00e0-dire s&#039;ils sont arbitraires au sens de l&#039;art. 9 Cst. (ATF 140 III 264 consid. 2.3 et les arr\u00eats cit\u00e9s).<\/p>\n<p>Dans le domaine de la constatation des faits et de l&#039;appr\u00e9ciation des preuves, le Tribunal f\u00e9d\u00e9ral se montre r\u00e9serv\u00e9, vu le large pouvoir qu&#039;il reconna\u00eet en ce domaine aux autorit\u00e9s cantonales. Il n&#039;intervient que si le juge du fait n&#039;a manifestement pas compris le sens et la port\u00e9e d&#039;un moyen de preuve, s&#039;il a omis sans raisons objectives de tenir compte des preuves pertinentes ou s&#039;il a effectu\u00e9, sur la base des \u00e9l\u00e9ments recueillis, des d\u00e9ductions insoutenables (ATF 137 III 226 consid. 4.2; 136 III 552 consid. 4.2; 134 V 53 consid. 4.3; 133 II 249 consid. 1.4.3; 129 I 8 consid. 2.1).<\/p>\n<p>La critique de l&#039;\u00e9tat de fait retenu est soumise au principe strict de l&#039;all\u00e9gation \u00e9nonc\u00e9 par l&#039;art. 106 al. 2 LTF (ATF 140 III 264 consid. 2.3 et les r\u00e9f\u00e9rences cit\u00e9es). La partie qui entend attaquer les faits constat\u00e9s par l&#039;autorit\u00e9 pr\u00e9c\u00e9dente doit expliquer clairement et de mani\u00e8re circonstanci\u00e9e en quoi ces conditions seraient r\u00e9alis\u00e9es (ATF 140 III 16 consid. 1.3.1 et les r\u00e9f\u00e9rences cit\u00e9es). Si elle souhaite obtenir un compl\u00e8tement de l&#039;\u00e9tat de fait, elle doit aussi d\u00e9montrer, par des renvois pr\u00e9cis aux pi\u00e8ces du dossier, qu&#039;elle a pr\u00e9sent\u00e9 aux autorit\u00e9s pr\u00e9c\u00e9dentes, en conformit\u00e9 avec les r\u00e8gles de la proc\u00e9dure, les faits juridiquement pertinents \u00e0 cet \u00e9gard et les moyens de preuve ad\u00e9quats (ATF 140 III 86 consid. 2). Si la critique ne satisfait pas \u00e0 ces exigences, les all\u00e9gations relatives \u00e0 un \u00e9tat de fait qui s&#039;\u00e9carterait de celui de la d\u00e9cision attaqu\u00e9e ne pourront pas \u00eatre prises en consid\u00e9ration (ATF 140 III 16 consid. 1.3.1). Les critiques de nature appellatoire sont irrecevables (ATF 130 I 258 consid. 1.3).<\/p>\n<p>4.1.3. Lorsque la d\u00e9cision attaqu\u00e9e est une d\u00e9cision d&#039;irrecevabilit\u00e9, les motifs d\u00e9velopp\u00e9s dans le m\u00e9moire de recours doivent porter sur la question de la recevabilit\u00e9 trait\u00e9e par l&#039;autorit\u00e9 pr\u00e9c\u00e9dente, \u00e0 l&#039;exclusion du fond du litige, faute de quoi le recours est irrecevable (arr\u00eats 4D_168\/2024 du 26 novembre 2024 consid. 4.1.2 et les arr\u00eats cit\u00e9s; 4D_146\/2024 du 23 octobre 2024 consid. 4.2; 4D_144\/2024 du 23 octobre 2024 consid. 4.2; cf. ATF 138 III 46 consid. 1.2). Ainsi, lorsqu&#039;il interjette un recours constitutionnel subsidiaire contre un arr\u00eat cantonal d\u00e9clarant son appel ou son recours irrecevable pour d\u00e9faut de motivation conforme \u00e0 l&#039;art. 311 al. 1 CPC ou \u00e0 l&#039;art. 321 al. 1 CPC, le recourant doit non seulement d\u00e9montrer en quoi la motivation de la cour cantonale viole l&#039;art. 311 al. 1 CPC ou l&#039;art. 321 al. 1 CPC de mani\u00e8re arbitraire, mais doit \u00e9galement d\u00e9montrer en quoi son appel ou son recours remplissait les conditions de motivation de cette disposition, parce qu&#039;il avait correctement repris point par point les motifs du jugement de premi\u00e8re instance qu&#039;il remettait en cause et qu&#039;il avait suffisamment motiv\u00e9 ses critiques (arr\u00eats 4D_168\/2024 pr\u00e9cit\u00e9 consid. 4.1.2 et les arr\u00eats cit\u00e9s; 4D_146\/2024 pr\u00e9cit\u00e9 consid. 4.2; 4D_144\/2024 pr\u00e9cit\u00e9 consid. 4.2).<\/p>\n<p>4.2. La cour cantonale a notamment retenu que le recours cantonal form\u00e9 par le poursuivi ne contenait aucune critique ayant un minimum de consistance \u00e0 l&#039;encontre du contenu de la d\u00e9cision de premi\u00e8re instance et qu&#039;il n&#039;en remettait pas en cause la motivation conform\u00e9ment aux exigences de l&#039;art. 321 CPC. Elle a consid\u00e9r\u00e9 que le recours \u00e9tait ainsi manifestement irrecevable.<\/p>\n<p>4.3. Le recourant se fonde sur de nombreux faits qui n&#039;ont pas \u00e9t\u00e9 constat\u00e9s par la cour cantonale et dont il ne sollicite pas valablement le compl\u00e8tement, de sorte que la Cour de c\u00e9ans ne saurait tenir compte de ces \u00e9l\u00e9ments (cf. supra consid. 4.1.2).<\/p>\n<p>Par ailleurs, les pi\u00e8ces nouvelles produites par le recourant sont irrecevables, d\u00e8s lors que celui-ci n&#039;\u00e9tablit pas qu&#039;elles r\u00e9sulteraient de l&#039;arr\u00eat attaqu\u00e9 (art. 99 al. 1 LTF).<\/p>\n<p>En substance, le recourant invoque que la juge ayant rendu l&#039;arr\u00eat attaqu\u00e9 rendrait &quot;artificiellement et arbitrairement irrecevables [s]es m\u00e9moires pour mettre fin \u00e0 la proc\u00e9dure&quot; alors qu&#039;elle serait &quot;juge et partie&quot;, d\u00e8s lors qu&#039;elle a constat\u00e9 dans l&#039;arr\u00eat entrepris que le juge de premi\u00e8re instance avait admis la requ\u00eate de mainlev\u00e9e litigieuse et qu&#039;elle aurait ainsi &quot;approuv[\u00e9] la forfaiture&quot; du premier juge. Le recourant soutient que ladite requ\u00eate est &quot;frauduleuse et nulle d&#039;office&quot;, viole les art. 8, 9, 29 al. 2 et 32 Cst. et ne serait pas compatible avec les art. 251 let. a et 257 CPC d\u00e8s lors que &quot;l&#039;affaire est litigieuse&quot;. Il demande l&#039;annulation de la d\u00e9cision de premi\u00e8re instance sur la base de l&#039;art. 81 LP, d\u00e8s lors qu&#039;il &quot;n&#039;a[urait] pas de dette&quot;.<\/p>\n<p>Ce faisant, le recourant ne d\u00e9montre toutefois pas, r\u00e9f\u00e9rences pr\u00e9cises \u00e0 l&#039;appui, qu&#039;il aurait valablement remis en cause la motivation du jugement de premi\u00e8re instance dans son recours cantonal et que la cour cantonale aurait arbitrairement appliqu\u00e9 l&#039;art. 321 al. 1 CPC (cf. supra consid. 4.1.3). Pour autant que l&#039;on puisse comprendre du recours que le recourant aurait requis la r\u00e9cusation de la juge ayant rendu l&#039;arr\u00eat attaqu\u00e9, force est de constater qu&#039;il n&#039;a avanc\u00e9 aucun \u00e9l\u00e9ment concret propre \u00e0 d\u00e9montrer que cette requ\u00eate devrait \u00eatre admise. Partant, son recours est irrecevable, ce qu&#039;il y a lieu de constater par voie de proc\u00e9dure simplifi\u00e9e (art. 108 al. 1 let. b et art. 117 LTF).<\/p>\n<p>5.<\/p>\n<p>Les frais judiciaires seront mis \u00e0 la charge du recourant, qui succombe (art. 66 al. 1 LTF). D\u00e8s lors que l&#039;intim\u00e9e n&#039;a pas \u00e9t\u00e9 invit\u00e9e \u00e0 se d\u00e9terminer sur le recours, il ne lui sera pas octroy\u00e9 de d\u00e9pens.<\/p>\n<p>par ces motifs, le Pr\u00e9sident prononce :<\/p>\n<p>1.<\/p>\n<p>Le recours est irrecevable.<\/p>\n<p>2.<\/p>\n<p>Les frais judiciaires, arr\u00eat\u00e9s \u00e0 800 fr., sont mis \u00e0 la charge du recourant.<\/p>\n<p>3.<\/p>\n<p>Il n&#039;est pas allou\u00e9 de d\u00e9pens.<\/p>\n<p>4.<\/p>\n<p>Le pr\u00e9sent arr\u00eat est communiqu\u00e9 aux parties et \u00e0 la II e Cour d&#039;appel civil du Tribunal cantonal de l&#039;\u00c9tat de Fribourg.<\/p>\n<p>Lausanne, le 23 mars 2026<\/p>\n<p>Au nom de la Ire Cour de droit civil<\/p>\n<p>du Tribunal f\u00e9d\u00e9ral suisse<\/p>\n<p>Le Pr\u00e9sident : Hurni<\/p>\n<p>Le Greffier : Douzals<\/p>\n<\/div>\n<hr class=\"kji-sep\" \/>\n<p class=\"kji-source-links\"><strong>Sources officielles :<\/strong> <a class=\"kji-source-link\" href=\"https:\/\/search.bger.ch\/ext\/eurospider\/live\/fr\/php\/aza\/http\/index.php?lang=fr&#038;type=highlight_simple_query&#038;page=7&#038;from_date=&#038;to_date=&#038;sort=relevance&#038;insertion_date=&#038;top_subcollection_aza=all&#038;query_words=droit+civil&#038;rank=69&#038;azaclir=aza&#038;highlight_docid=aza%3A%2F%2F23-03-2026-4D_235-2025&#038;number_of_ranks=19664\" target=\"_blank\" rel=\"noopener noreferrer\">consulter la page source<\/a><\/p>\n<p class=\"kji-license-note\"><em>Source officielle Tribunal federal suisse. Contenu HTML public, PDF non garanti en version gratuite.<\/em><\/p>\n<\/div>\n","protected":false},"excerpt":{"rendered":"<p>Bundesgericht Tribunal f\u00e9d\u00e9ral Tribunale federale Tribunal federal 4D_235\/2025 Arr\u00eat du 23 mars 2026 Ire Cour de droit civil Composition M. le Juge f\u00e9d\u00e9ral Hurni, Pr\u00e9sident. Greffier : M. Douzals. Participants \u00e0 la proc\u00e9dure A.________, recourant, contre Conf\u00e9d\u00e9ration suisse, par la Caisse du Tribunal f\u00e9d\u00e9ral, avenue du Tribunal-F\u00e9d\u00e9ral 29, 1005 Lausanne, intim\u00e9e. Objet mainlev\u00e9e d\u00e9finitive, recours&#8230;<\/p>\n","protected":false},"featured_media":0,"template":"","meta":{"_crdt_document":""},"kji_country":[9676],"kji_court":[9677],"kji_chamber":[9798],"kji_year":[7610],"kji_subject":[7646],"kji_keyword":[9799,9679,9680,7636],"kji_language":[7733],"class_list":["post-563348","kji_decision","type-kji_decision","status-publish","hentry","kji_country-suisse","kji_court-tribunal-federal-suisse","kji_chamber-cour-de-droit-civil","kji_year-7610","kji_subject-divers","kji_keyword-bundesgericht","kji_keyword-federal","kji_keyword-suisse","kji_keyword-tribunal","kji_language-francais"],"yoast_head":"<!-- This site is optimized with the Yoast SEO Premium plugin v27.5 (Yoast SEO v27.5) - https:\/\/yoast.com\/product\/yoast-seo-premium-wordpress\/ -->\n<title>Tribunal f\u00e9d\u00e9ral suisse, 23 mars 2026, n\u00b0 4D 235-2025 - Ma\u00eetre Hassan Kohen, avocat en droit p\u00e9nal \u00e0 Paris<\/title>\n<meta name=\"robots\" content=\"index, follow, max-snippet:-1, max-image-preview:large, max-video-preview:-1\" \/>\n<link rel=\"canonical\" href=\"https:\/\/kohenavocats.com\/zh-hans\/jurisprudences\/tribunal-federal-suisse-23-mars-2026-n-4d-235-2025\/\" \/>\n<meta property=\"og:locale\" content=\"zh_CN\" \/>\n<meta property=\"og:type\" content=\"article\" \/>\n<meta property=\"og:title\" content=\"Tribunal f\u00e9d\u00e9ral suisse, 23 mars 2026, n\u00b0 4D 235-2025\" \/>\n<meta property=\"og:description\" content=\"Bundesgericht Tribunal f\u00e9d\u00e9ral Tribunale federale Tribunal federal 4D_235\/2025 Arr\u00eat du 23 mars 2026 Ire Cour de droit civil Composition M. le Juge f\u00e9d\u00e9ral Hurni, Pr\u00e9sident. Greffier : M. Douzals. Participants \u00e0 la proc\u00e9dure A.________, recourant, contre Conf\u00e9d\u00e9ration suisse, par la Caisse du Tribunal f\u00e9d\u00e9ral, avenue du Tribunal-F\u00e9d\u00e9ral 29, 1005 Lausanne, intim\u00e9e. Objet mainlev\u00e9e d\u00e9finitive, recours...\" \/>\n<meta property=\"og:url\" content=\"https:\/\/kohenavocats.com\/zh-hans\/jurisprudences\/tribunal-federal-suisse-23-mars-2026-n-4d-235-2025\/\" \/>\n<meta property=\"og:site_name\" content=\"Ma\u00eetre Hassan Kohen, avocat en droit p\u00e9nal \u00e0 Paris\" \/>\n<meta property=\"article:modified_time\" content=\"2026-04-15T00:48:16+00:00\" \/>\n<meta name=\"twitter:card\" content=\"summary_large_image\" \/>\n<meta name=\"twitter:label1\" content=\"\u9884\u8ba1\u9605\u8bfb\u65f6\u95f4\" \/>\n\t<meta name=\"twitter:data1\" content=\"9 \u5206\" \/>\n<script type=\"application\/ld+json\" class=\"yoast-schema-graph\">{\"@context\":\"https:\\\/\\\/schema.org\",\"@graph\":[{\"@type\":\"WebPage\",\"@id\":\"https:\\\/\\\/kohenavocats.com\\\/zh-hans\\\/jurisprudences\\\/tribunal-federal-suisse-23-mars-2026-n-4d-235-2025\\\/\",\"url\":\"https:\\\/\\\/kohenavocats.com\\\/zh-hans\\\/jurisprudences\\\/tribunal-federal-suisse-23-mars-2026-n-4d-235-2025\\\/\",\"name\":\"Tribunal f\u00e9d\u00e9ral suisse, 23 mars 2026, n\u00b0 4D 235-2025 - Ma\u00eetre Hassan Kohen, avocat en droit p\u00e9nal \u00e0 Paris\",\"isPartOf\":{\"@id\":\"https:\\\/\\\/kohenavocats.com\\\/zh-hans\\\/#website\"},\"datePublished\":\"2026-04-14T23:32:36+00:00\",\"dateModified\":\"2026-04-15T00:48:16+00:00\",\"breadcrumb\":{\"@id\":\"https:\\\/\\\/kohenavocats.com\\\/zh-hans\\\/jurisprudences\\\/tribunal-federal-suisse-23-mars-2026-n-4d-235-2025\\\/#breadcrumb\"},\"inLanguage\":\"zh-Hans\",\"potentialAction\":[{\"@type\":\"ReadAction\",\"target\":[\"https:\\\/\\\/kohenavocats.com\\\/zh-hans\\\/jurisprudences\\\/tribunal-federal-suisse-23-mars-2026-n-4d-235-2025\\\/\"]}]},{\"@type\":\"BreadcrumbList\",\"@id\":\"https:\\\/\\\/kohenavocats.com\\\/zh-hans\\\/jurisprudences\\\/tribunal-federal-suisse-23-mars-2026-n-4d-235-2025\\\/#breadcrumb\",\"itemListElement\":[{\"@type\":\"ListItem\",\"position\":1,\"name\":\"Home\",\"item\":\"https:\\\/\\\/kohenavocats.com\\\/zh-hans\\\/\"},{\"@type\":\"ListItem\",\"position\":2,\"name\":\"Jurisprudences\",\"item\":\"https:\\\/\\\/kohenavocats.com\\\/zh-hans\\\/jurisprudences\\\/\"},{\"@type\":\"ListItem\",\"position\":3,\"name\":\"Tribunal f\u00e9d\u00e9ral suisse, 23 mars 2026, n\u00b0 4D 235-2025\"}]},{\"@type\":\"WebSite\",\"@id\":\"https:\\\/\\\/kohenavocats.com\\\/zh-hans\\\/#website\",\"url\":\"https:\\\/\\\/kohenavocats.com\\\/zh-hans\\\/\",\"name\":\"Kohen Avocats\",\"description\":\"Ma\u00eetre Hassan Kohen, avocat p\u00e9naliste \u00e0 Paris, intervient exclusivement en droit p\u00e9nal pour la d\u00e9fense des particuliers, notamment en mati\u00e8re d\u2019accusations de viol. Il assure un accompagnement rigoureux d\u00e8s la garde \u00e0 vue jusqu\u2019\u00e0 la Cour d\u2019assises, veillant au strict respect des garanties proc\u00e9durales.\",\"publisher\":{\"@id\":\"https:\\\/\\\/kohenavocats.com\\\/zh-hans\\\/#organization\"},\"potentialAction\":[{\"@type\":\"SearchAction\",\"target\":{\"@type\":\"EntryPoint\",\"urlTemplate\":\"https:\\\/\\\/kohenavocats.com\\\/zh-hans\\\/?s={search_term_string}\"},\"query-input\":{\"@type\":\"PropertyValueSpecification\",\"valueRequired\":true,\"valueName\":\"search_term_string\"}}],\"inLanguage\":\"zh-Hans\"},{\"@type\":\"Organization\",\"@id\":\"https:\\\/\\\/kohenavocats.com\\\/zh-hans\\\/#organization\",\"name\":\"Kohen Avocats\",\"url\":\"https:\\\/\\\/kohenavocats.com\\\/zh-hans\\\/\",\"logo\":{\"@type\":\"ImageObject\",\"inLanguage\":\"zh-Hans\",\"@id\":\"https:\\\/\\\/kohenavocats.com\\\/zh-hans\\\/#\\\/schema\\\/logo\\\/image\\\/\",\"url\":\"https:\\\/\\\/kohenavocats.com\\\/wp-content\\\/uploads\\\/2026\\\/01\\\/Logo-2-1.webp\",\"contentUrl\":\"https:\\\/\\\/kohenavocats.com\\\/wp-content\\\/uploads\\\/2026\\\/01\\\/Logo-2-1.webp\",\"width\":2114,\"height\":1253,\"caption\":\"Kohen Avocats\"},\"image\":{\"@id\":\"https:\\\/\\\/kohenavocats.com\\\/zh-hans\\\/#\\\/schema\\\/logo\\\/image\\\/\"}}]}<\/script>\n<!-- \/ Yoast SEO Premium plugin. -->","yoast_head_json":{"title":"Tribunal f\u00e9d\u00e9ral suisse, 23 mars 2026, n\u00b0 4D 235-2025 - Ma\u00eetre Hassan Kohen, avocat en droit p\u00e9nal \u00e0 Paris","robots":{"index":"index","follow":"follow","max-snippet":"max-snippet:-1","max-image-preview":"max-image-preview:large","max-video-preview":"max-video-preview:-1"},"canonical":"https:\/\/kohenavocats.com\/zh-hans\/jurisprudences\/tribunal-federal-suisse-23-mars-2026-n-4d-235-2025\/","og_locale":"zh_CN","og_type":"article","og_title":"Tribunal f\u00e9d\u00e9ral suisse, 23 mars 2026, n\u00b0 4D 235-2025","og_description":"Bundesgericht Tribunal f\u00e9d\u00e9ral Tribunale federale Tribunal federal 4D_235\/2025 Arr\u00eat du 23 mars 2026 Ire Cour de droit civil Composition M. le Juge f\u00e9d\u00e9ral Hurni, Pr\u00e9sident. Greffier : M. Douzals. Participants \u00e0 la proc\u00e9dure A.________, recourant, contre Conf\u00e9d\u00e9ration suisse, par la Caisse du Tribunal f\u00e9d\u00e9ral, avenue du Tribunal-F\u00e9d\u00e9ral 29, 1005 Lausanne, intim\u00e9e. Objet mainlev\u00e9e d\u00e9finitive, recours...","og_url":"https:\/\/kohenavocats.com\/zh-hans\/jurisprudences\/tribunal-federal-suisse-23-mars-2026-n-4d-235-2025\/","og_site_name":"Ma\u00eetre Hassan Kohen, avocat en droit p\u00e9nal \u00e0 Paris","article_modified_time":"2026-04-15T00:48:16+00:00","twitter_card":"summary_large_image","twitter_misc":{"\u9884\u8ba1\u9605\u8bfb\u65f6\u95f4":"9 \u5206"},"schema":{"@context":"https:\/\/schema.org","@graph":[{"@type":"WebPage","@id":"https:\/\/kohenavocats.com\/zh-hans\/jurisprudences\/tribunal-federal-suisse-23-mars-2026-n-4d-235-2025\/","url":"https:\/\/kohenavocats.com\/zh-hans\/jurisprudences\/tribunal-federal-suisse-23-mars-2026-n-4d-235-2025\/","name":"Tribunal f\u00e9d\u00e9ral suisse, 23 mars 2026, n\u00b0 4D 235-2025 - Ma\u00eetre Hassan Kohen, avocat en droit p\u00e9nal \u00e0 Paris","isPartOf":{"@id":"https:\/\/kohenavocats.com\/zh-hans\/#website"},"datePublished":"2026-04-14T23:32:36+00:00","dateModified":"2026-04-15T00:48:16+00:00","breadcrumb":{"@id":"https:\/\/kohenavocats.com\/zh-hans\/jurisprudences\/tribunal-federal-suisse-23-mars-2026-n-4d-235-2025\/#breadcrumb"},"inLanguage":"zh-Hans","potentialAction":[{"@type":"ReadAction","target":["https:\/\/kohenavocats.com\/zh-hans\/jurisprudences\/tribunal-federal-suisse-23-mars-2026-n-4d-235-2025\/"]}]},{"@type":"BreadcrumbList","@id":"https:\/\/kohenavocats.com\/zh-hans\/jurisprudences\/tribunal-federal-suisse-23-mars-2026-n-4d-235-2025\/#breadcrumb","itemListElement":[{"@type":"ListItem","position":1,"name":"Home","item":"https:\/\/kohenavocats.com\/zh-hans\/"},{"@type":"ListItem","position":2,"name":"Jurisprudences","item":"https:\/\/kohenavocats.com\/zh-hans\/jurisprudences\/"},{"@type":"ListItem","position":3,"name":"Tribunal f\u00e9d\u00e9ral suisse, 23 mars 2026, n\u00b0 4D 235-2025"}]},{"@type":"WebSite","@id":"https:\/\/kohenavocats.com\/zh-hans\/#website","url":"https:\/\/kohenavocats.com\/zh-hans\/","name":"Kohen Avocats","description":"Ma\u00eetre Hassan Kohen, avocat p\u00e9naliste \u00e0 Paris, intervient exclusivement en droit p\u00e9nal pour la d\u00e9fense des particuliers, notamment en mati\u00e8re d\u2019accusations de viol. Il assure un accompagnement rigoureux d\u00e8s la garde \u00e0 vue jusqu\u2019\u00e0 la Cour d\u2019assises, veillant au strict respect des garanties proc\u00e9durales.","publisher":{"@id":"https:\/\/kohenavocats.com\/zh-hans\/#organization"},"potentialAction":[{"@type":"SearchAction","target":{"@type":"EntryPoint","urlTemplate":"https:\/\/kohenavocats.com\/zh-hans\/?s={search_term_string}"},"query-input":{"@type":"PropertyValueSpecification","valueRequired":true,"valueName":"search_term_string"}}],"inLanguage":"zh-Hans"},{"@type":"Organization","@id":"https:\/\/kohenavocats.com\/zh-hans\/#organization","name":"Kohen Avocats","url":"https:\/\/kohenavocats.com\/zh-hans\/","logo":{"@type":"ImageObject","inLanguage":"zh-Hans","@id":"https:\/\/kohenavocats.com\/zh-hans\/#\/schema\/logo\/image\/","url":"https:\/\/kohenavocats.com\/wp-content\/uploads\/2026\/01\/Logo-2-1.webp","contentUrl":"https:\/\/kohenavocats.com\/wp-content\/uploads\/2026\/01\/Logo-2-1.webp","width":2114,"height":1253,"caption":"Kohen Avocats"},"image":{"@id":"https:\/\/kohenavocats.com\/zh-hans\/#\/schema\/logo\/image\/"}}]}},"jetpack_likes_enabled":false,"jetpack_sharing_enabled":true,"_links":{"self":[{"href":"https:\/\/kohenavocats.com\/zh-hans\/wp-json\/wp\/v2\/kji_decision\/563348","targetHints":{"allow":["GET"]}}],"collection":[{"href":"https:\/\/kohenavocats.com\/zh-hans\/wp-json\/wp\/v2\/kji_decision"}],"about":[{"href":"https:\/\/kohenavocats.com\/zh-hans\/wp-json\/wp\/v2\/types\/kji_decision"}],"wp:attachment":[{"href":"https:\/\/kohenavocats.com\/zh-hans\/wp-json\/wp\/v2\/media?parent=563348"}],"wp:term":[{"taxonomy":"kji_country","embeddable":true,"href":"https:\/\/kohenavocats.com\/zh-hans\/wp-json\/wp\/v2\/kji_country?post=563348"},{"taxonomy":"kji_court","embeddable":true,"href":"https:\/\/kohenavocats.com\/zh-hans\/wp-json\/wp\/v2\/kji_court?post=563348"},{"taxonomy":"kji_chamber","embeddable":true,"href":"https:\/\/kohenavocats.com\/zh-hans\/wp-json\/wp\/v2\/kji_chamber?post=563348"},{"taxonomy":"kji_year","embeddable":true,"href":"https:\/\/kohenavocats.com\/zh-hans\/wp-json\/wp\/v2\/kji_year?post=563348"},{"taxonomy":"kji_subject","embeddable":true,"href":"https:\/\/kohenavocats.com\/zh-hans\/wp-json\/wp\/v2\/kji_subject?post=563348"},{"taxonomy":"kji_keyword","embeddable":true,"href":"https:\/\/kohenavocats.com\/zh-hans\/wp-json\/wp\/v2\/kji_keyword?post=563348"},{"taxonomy":"kji_language","embeddable":true,"href":"https:\/\/kohenavocats.com\/zh-hans\/wp-json\/wp\/v2\/kji_language?post=563348"}],"curies":[{"name":"wp","href":"https:\/\/api.w.org\/{rel}","templated":true}]}}