{"id":563353,"date":"2026-04-15T01:32:48","date_gmt":"2026-04-14T23:32:48","guid":{"rendered":"https:\/\/kohenavocats.com\/jurisprudences\/tribunal-federal-suisse-23-mars-2026-n-5a-242-2026\/"},"modified":"2026-04-15T01:32:48","modified_gmt":"2026-04-14T23:32:48","slug":"tribunal-federal-suisse-23-mars-2026-n-5a-242-2026","status":"publish","type":"kji_decision","link":"https:\/\/kohenavocats.com\/zh-hans\/jurisprudences\/tribunal-federal-suisse-23-mars-2026-n-5a-242-2026\/","title":{"rendered":"Tribunal f\u00e9d\u00e9ral suisse, 23 mars 2026, n\u00b0 5A 242-2026"},"content":{"rendered":"<div class=\"kji-decision\">\n<div class=\"kji-full-text\">\n<p>Bundesgericht<\/p>\n<p>Tribunal f\u00e9d\u00e9ral<\/p>\n<p>Tribunale federale<\/p>\n<p>Tribunal federal<\/p>\n<p>5A_242\/2026<\/p>\n<p>Urteil vom 23. M\u00e4rz 2026<\/p>\n<p>II. zivilrechtliche Abteilung<\/p>\n<p>Besetzung<\/p>\n<p>Bundesrichter Bovey, Pr\u00e4sident,<\/p>\n<p>Gerichtsschreiber M\u00f6ckli.<\/p>\n<p>Verfahrensbeteiligte<\/p>\n<p>A.________,<\/p>\n<p>Beschwerdef\u00fchrerin,<\/p>\n<p>gegen<\/p>\n<p>Kindes- und Erwachsenenschutzbeh\u00f6rde Seeland, Stadtplatz 33, Postfach 29, 3270 Aarberg.<\/p>\n<p>Gegenstand<\/p>\n<p>F\u00fcrsorgerische Unterbringung,<\/p>\n<p>Beschwerde gegen den Entscheid des Obergerichts des Kantons Bern, Kindes- und Erwachsenenschutzgericht, vom 4. Februar 2026 (KES 26 67).<\/p>\n<p>Sachverhalt:<\/p>\n<p>Die KESB Seeland wies die Beschwerdef\u00fchrerin superprovisorisch mit Verf\u00fcgung vom 2. Dezember 2025 und sodann nach Anh\u00f6rung mit Entscheid vom 5. Dezember 2025 zur station\u00e4ren Begutachtung in die Klinik B.________ein. Die hiergegen erhobene Beschwerde wies das Obergericht des Kantons Bern am 19. Dezember 2025 ab.<\/p>\n<p>Am 13. Januar 2026 brachte die KESB Seeland die Beschwerdef\u00fchrerin f\u00fcrsorgerisch in die Klinik B.________ unter und am 23. Januar 2026 bestellte sie ihr einen Rechtsanwalt als Verfahrensvertreter mit der Aufgabe, ihre Interessen zu wahren und zu vertreten. Am 26. Januar 2026 erhob dieser gegen die f\u00fcrsorgerische Unterbringung eine Beschwerde mit den Begehren um Aufhebung der f\u00fcrsorgerischen Unterbringung und Entlassung der Beschwerdef\u00fchrerin aus der Klinik. An der Verhandlung vom 4. Februar 2026 wies das Obergericht die Beschwerde ab. Der schriftlich begr\u00fcndete Entscheid wurde dem Verfahrensvertreter am 16. Februar 2026 zugestellt.<\/p>\n<p>Mit pers\u00f6nlicher Eingabe vom 16. M\u00e4rz 2026 wendet sich die Beschwerdef\u00fchrerin an das Bundesgericht. Sie verlangt die Aufhebung des obergerichtlichen Entscheides vom 16. Februar 2026 und die Feststellung, dass die Voraussetzungen f\u00fcr eine f\u00fcrsorgerische Unterbringung nicht erf\u00fcllt gewesen seien. Ferner verlangt sie &quot;gegebenenfalls&quot; die Ansetzung einer Frist zur Erg\u00e4nzung und ausf\u00fchrlichen Begr\u00fcndung der Beschwerde.<\/p>\n<p>Erw\u00e4gungen:<\/p>\n<p>1.<\/p>\n<p>Die Beschwerdefrist von Art. 100 Abs. 1 BGG ist als gesetzliche Frist nicht erstreckbar (Art. 47 Abs. 1 BGG). Ein entsprechender Hinweis h\u00e4tte die Beschwerdef\u00fchrerin nicht mehr rechtzeitig erreicht und die Beschwerdefrist ist inzwischen abgelaufen. Mithin ist die Beschwerde in dieser Ausarbeitung zu behandeln, wie sie eingereicht wurde.<\/p>\n<p>2.<\/p>\n<p>Die Beschwerdef\u00fchrerin h\u00e4lt fest, sie sei inzwischen aus der Klinik entlassen worden bzw. sie k\u00f6nne diese verlassen, aber das schutzw\u00fcrdige Interesse an einer \u00dcberpr\u00fcfung des angefochtenen Entscheides bestehe weiterhin, weil dieser erhebliche Auswirkungen auf ihre pers\u00f6nliche, famili\u00e4re und berufliche Situation habe.<\/p>\n<p>Rechtsprechungsgem\u00e4ss wird eine gegen die f\u00fcrsorgerische Unterbringung erhobene Beschwerde mit der Entlassung aus der Klinik grunds\u00e4tzlich gegenstandslos; vorbehalten bleibt ein virtuelles Interesse, das gegeben ist, wenn sich die ger\u00fcgte Rechtsverletzung jederzeit wiederholen k\u00f6nnte und eine rechtzeitige gerichtliche \u00dcberpr\u00fcfung im Einzelfall kaum je m\u00f6glich w\u00e4re (BGE 136 III 497 E. 1.1; Urteile 5A_175\/2020 vom 25. August 2020 E. 1.3, nicht publ. in BGE 146 III 377; 5A_640\/2021 vom 13. Oktober 2021 E. 1.2, nicht publ. in BGE 148 III 1).<\/p>\n<p>Inwiefern vorliegend diese besonderen Voraussetzungen f\u00fcr die Bejahung eines virtuellen Interesses erf\u00fcllt w\u00e4ren, wird entgegen der Begr\u00fcndungspflicht gem\u00e4ss Art. 42 Abs. 2 BGG nicht dargelegt, denn ein abstrakter Verweis auf die pers\u00f6nliche Situation, ohne dass diese n\u00e4her dargelegt w\u00fcrde, gen\u00fcgt nicht. Ohnehin w\u00e4re aber die Beschwerde auch in Bezug auf die f\u00fcrsorgerische Unterbringung als solche nicht hinreichend begr\u00fcndet (dazu E. 3).<\/p>\n<p>3.<\/p>\n<p>Die Beschwerde hat in materieller Hinsicht eine Begr\u00fcndung zu enthalten, in welcher in gedr\u00e4ngter Form dargelegt wird, inwiefern der angefochtene Entscheid Recht verletzt (Art. 42 Abs. 2 BGG), was eine sachbezogene Auseinandersetzung mit dessen Erw\u00e4gungen erfordert (BGE 140 III 115 E. 2; 142 III 364 E. 2.4).<\/p>\n<p>Im angefochtenen Entscheid wird der Schw\u00e4chezustand sowie das selbstgef\u00e4hrdende Verhalten, die Erforderlichkeit der Unterbringung und die Eignung der Klinik unter Bezugnahme auf das erstellte Gutachten behandelt. Damit setzt sich die Beschwerdef\u00fchrerin nicht auseinander. Sie behauptet losgel\u00f6st von den Ausf\u00fchrungen im angefochtenen Entscheid, dieser basiere auf Verdachtsdiagnosen und mildere Massnahmen seien nicht gepr\u00fcft worden. Darin liegt keine hinreichende Auseinandersetzung mit den ausf\u00fchrlichen Erw\u00e4gungen des angefochtenen Entscheides.<\/p>\n<p>4.<\/p>\n<p>Nach dem Gesagten ist auf die Beschwerde im vereinfachten Verfahren gem\u00e4ss Art. 108 Abs. 1 lit. a und b BGG nicht einzutreten.<\/p>\n<p>5.<\/p>\n<p>Angesichts der konkreten Umst\u00e4nde ist auf die Erhebung von Gerichtskosten zu verzichten (Art. 66 Abs. 1 BGG).<\/p>\n<p>Demnach erkennt der Pr\u00e4sident:<\/p>\n<p>1.<\/p>\n<p>Auf die Beschwerde wird nicht eingetreten.<\/p>\n<p>2.<\/p>\n<p>Es werden keine Gerichtskosten erhoben.<\/p>\n<p>3.<\/p>\n<p>Dieses Urteil wird der Beschwerdef\u00fchrerin, dem von der KESB bezeichneten Verfahrensvertreter, der KESB Seeland und dem Obergericht des Kantons Bern als Kindes- und Erwachsenenschutzgericht mitgeteilt.<\/p>\n<p>Lausanne, 23. M\u00e4rz 2026<\/p>\n<p>Im Namen der II. zivilrechtlichen Abteilung<\/p>\n<p>des Schweizerischen Bundesgerichts<\/p>\n<p>Der Pr\u00e4sident: Bovey<\/p>\n<p>Der Gerichtsschreiber: M\u00f6ckli<\/p>\n<\/div>\n<hr class=\"kji-sep\" \/>\n<p class=\"kji-source-links\"><strong>Sources officielles :<\/strong> <a class=\"kji-source-link\" href=\"https:\/\/search.bger.ch\/ext\/eurospider\/live\/fr\/php\/aza\/http\/index.php?lang=fr&#038;type=highlight_simple_query&#038;page=6&#038;from_date=&#038;to_date=&#038;sort=relevance&#038;insertion_date=&#038;top_subcollection_aza=all&#038;query_words=tribunal+federal&#038;rank=54&#038;azaclir=aza&#038;highlight_docid=aza%3A%2F%2F23-03-2026-5A_242-2026&#038;number_of_ranks=167925\" target=\"_blank\" rel=\"noopener noreferrer\">consulter la page source<\/a><\/p>\n<p class=\"kji-license-note\"><em>Source officielle Tribunal federal suisse. Contenu HTML public, PDF non garanti en version gratuite.<\/em><\/p>\n<\/div>\n","protected":false},"excerpt":{"rendered":"<p>Bundesgericht Tribunal f\u00e9d\u00e9ral Tribunale federale Tribunal federal 5A_242\/2026 Urteil vom 23. M\u00e4rz 2026 II. zivilrechtliche Abteilung Besetzung Bundesrichter Bovey, Pr\u00e4sident, Gerichtsschreiber M\u00f6ckli. Verfahrensbeteiligte A.________, Beschwerdef\u00fchrerin, gegen Kindes- und Erwachsenenschutzbeh\u00f6rde Seeland, Stadtplatz 33, Postfach 29, 3270 Aarberg. Gegenstand F\u00fcrsorgerische Unterbringung, Beschwerde gegen den Entscheid des Obergerichts des Kantons Bern, Kindes- und Erwachsenenschutzgericht, vom 4. Februar 2026&#8230;<\/p>\n","protected":false},"featured_media":0,"template":"","meta":{"_crdt_document":""},"kji_country":[9676],"kji_court":[9677],"kji_chamber":[10160],"kji_year":[7610],"kji_subject":[7724],"kji_keyword":[9799,9679,9680,7636],"kji_language":[7685],"class_list":["post-563353","kji_decision","type-kji_decision","status-publish","hentry","kji_country-suisse","kji_court-tribunal-federal-suisse","kji_chamber-iie-cour-de-droit-civil","kji_year-7610","kji_subject-civil","kji_keyword-bundesgericht","kji_keyword-federal","kji_keyword-suisse","kji_keyword-tribunal","kji_language-italien"],"yoast_head":"<!-- This site is optimized with the Yoast SEO Premium plugin v27.5 (Yoast SEO v27.5) - https:\/\/yoast.com\/product\/yoast-seo-premium-wordpress\/ -->\n<title>Tribunal f\u00e9d\u00e9ral suisse, 23 mars 2026, n\u00b0 5A 242-2026 - Ma\u00eetre Hassan Kohen, avocat en droit p\u00e9nal \u00e0 Paris<\/title>\n<meta name=\"robots\" content=\"index, follow, max-snippet:-1, max-image-preview:large, max-video-preview:-1\" \/>\n<link rel=\"canonical\" href=\"https:\/\/kohenavocats.com\/zh-hans\/jurisprudences\/tribunal-federal-suisse-23-mars-2026-n-5a-242-2026\/\" \/>\n<meta property=\"og:locale\" content=\"zh_CN\" \/>\n<meta property=\"og:type\" content=\"article\" \/>\n<meta property=\"og:title\" content=\"Tribunal f\u00e9d\u00e9ral suisse, 23 mars 2026, n\u00b0 5A 242-2026\" \/>\n<meta property=\"og:description\" content=\"Bundesgericht Tribunal f\u00e9d\u00e9ral Tribunale federale Tribunal federal 5A_242\/2026 Urteil vom 23. M\u00e4rz 2026 II. zivilrechtliche Abteilung Besetzung Bundesrichter Bovey, Pr\u00e4sident, Gerichtsschreiber M\u00f6ckli. Verfahrensbeteiligte A.________, Beschwerdef\u00fchrerin, gegen Kindes- und Erwachsenenschutzbeh\u00f6rde Seeland, Stadtplatz 33, Postfach 29, 3270 Aarberg. Gegenstand F\u00fcrsorgerische Unterbringung, Beschwerde gegen den Entscheid des Obergerichts des Kantons Bern, Kindes- und Erwachsenenschutzgericht, vom 4. Februar 2026...\" \/>\n<meta property=\"og:url\" content=\"https:\/\/kohenavocats.com\/zh-hans\/jurisprudences\/tribunal-federal-suisse-23-mars-2026-n-5a-242-2026\/\" \/>\n<meta property=\"og:site_name\" content=\"Ma\u00eetre Hassan Kohen, avocat en droit p\u00e9nal \u00e0 Paris\" \/>\n<meta name=\"twitter:card\" content=\"summary_large_image\" \/>\n<meta name=\"twitter:label1\" content=\"\u9884\u8ba1\u9605\u8bfb\u65f6\u95f4\" \/>\n\t<meta name=\"twitter:data1\" content=\"4 \u5206\" \/>\n<script type=\"application\/ld+json\" class=\"yoast-schema-graph\">{\"@context\":\"https:\\\/\\\/schema.org\",\"@graph\":[{\"@type\":\"WebPage\",\"@id\":\"https:\\\/\\\/kohenavocats.com\\\/zh-hans\\\/jurisprudences\\\/tribunal-federal-suisse-23-mars-2026-n-5a-242-2026\\\/\",\"url\":\"https:\\\/\\\/kohenavocats.com\\\/zh-hans\\\/jurisprudences\\\/tribunal-federal-suisse-23-mars-2026-n-5a-242-2026\\\/\",\"name\":\"Tribunal f\u00e9d\u00e9ral suisse, 23 mars 2026, n\u00b0 5A 242-2026 - Ma\u00eetre Hassan Kohen, avocat en droit p\u00e9nal \u00e0 Paris\",\"isPartOf\":{\"@id\":\"https:\\\/\\\/kohenavocats.com\\\/zh-hans\\\/#website\"},\"datePublished\":\"2026-04-14T23:32:48+00:00\",\"breadcrumb\":{\"@id\":\"https:\\\/\\\/kohenavocats.com\\\/zh-hans\\\/jurisprudences\\\/tribunal-federal-suisse-23-mars-2026-n-5a-242-2026\\\/#breadcrumb\"},\"inLanguage\":\"zh-Hans\",\"potentialAction\":[{\"@type\":\"ReadAction\",\"target\":[\"https:\\\/\\\/kohenavocats.com\\\/zh-hans\\\/jurisprudences\\\/tribunal-federal-suisse-23-mars-2026-n-5a-242-2026\\\/\"]}]},{\"@type\":\"BreadcrumbList\",\"@id\":\"https:\\\/\\\/kohenavocats.com\\\/zh-hans\\\/jurisprudences\\\/tribunal-federal-suisse-23-mars-2026-n-5a-242-2026\\\/#breadcrumb\",\"itemListElement\":[{\"@type\":\"ListItem\",\"position\":1,\"name\":\"Home\",\"item\":\"https:\\\/\\\/kohenavocats.com\\\/zh-hans\\\/\"},{\"@type\":\"ListItem\",\"position\":2,\"name\":\"Jurisprudences\",\"item\":\"https:\\\/\\\/kohenavocats.com\\\/zh-hans\\\/jurisprudences\\\/\"},{\"@type\":\"ListItem\",\"position\":3,\"name\":\"Tribunal f\u00e9d\u00e9ral suisse, 23 mars 2026, n\u00b0 5A 242-2026\"}]},{\"@type\":\"WebSite\",\"@id\":\"https:\\\/\\\/kohenavocats.com\\\/zh-hans\\\/#website\",\"url\":\"https:\\\/\\\/kohenavocats.com\\\/zh-hans\\\/\",\"name\":\"Kohen Avocats\",\"description\":\"Ma\u00eetre Hassan Kohen, avocat p\u00e9naliste \u00e0 Paris, intervient exclusivement en droit p\u00e9nal pour la d\u00e9fense des particuliers, notamment en mati\u00e8re d\u2019accusations de viol. Il assure un accompagnement rigoureux d\u00e8s la garde \u00e0 vue jusqu\u2019\u00e0 la Cour d\u2019assises, veillant au strict respect des garanties proc\u00e9durales.\",\"publisher\":{\"@id\":\"https:\\\/\\\/kohenavocats.com\\\/zh-hans\\\/#organization\"},\"potentialAction\":[{\"@type\":\"SearchAction\",\"target\":{\"@type\":\"EntryPoint\",\"urlTemplate\":\"https:\\\/\\\/kohenavocats.com\\\/zh-hans\\\/?s={search_term_string}\"},\"query-input\":{\"@type\":\"PropertyValueSpecification\",\"valueRequired\":true,\"valueName\":\"search_term_string\"}}],\"inLanguage\":\"zh-Hans\"},{\"@type\":\"Organization\",\"@id\":\"https:\\\/\\\/kohenavocats.com\\\/zh-hans\\\/#organization\",\"name\":\"Kohen Avocats\",\"url\":\"https:\\\/\\\/kohenavocats.com\\\/zh-hans\\\/\",\"logo\":{\"@type\":\"ImageObject\",\"inLanguage\":\"zh-Hans\",\"@id\":\"https:\\\/\\\/kohenavocats.com\\\/zh-hans\\\/#\\\/schema\\\/logo\\\/image\\\/\",\"url\":\"https:\\\/\\\/kohenavocats.com\\\/wp-content\\\/uploads\\\/2026\\\/01\\\/Logo-2-1.webp\",\"contentUrl\":\"https:\\\/\\\/kohenavocats.com\\\/wp-content\\\/uploads\\\/2026\\\/01\\\/Logo-2-1.webp\",\"width\":2114,\"height\":1253,\"caption\":\"Kohen Avocats\"},\"image\":{\"@id\":\"https:\\\/\\\/kohenavocats.com\\\/zh-hans\\\/#\\\/schema\\\/logo\\\/image\\\/\"}}]}<\/script>\n<!-- \/ Yoast SEO Premium plugin. -->","yoast_head_json":{"title":"Tribunal f\u00e9d\u00e9ral suisse, 23 mars 2026, n\u00b0 5A 242-2026 - Ma\u00eetre Hassan Kohen, avocat en droit p\u00e9nal \u00e0 Paris","robots":{"index":"index","follow":"follow","max-snippet":"max-snippet:-1","max-image-preview":"max-image-preview:large","max-video-preview":"max-video-preview:-1"},"canonical":"https:\/\/kohenavocats.com\/zh-hans\/jurisprudences\/tribunal-federal-suisse-23-mars-2026-n-5a-242-2026\/","og_locale":"zh_CN","og_type":"article","og_title":"Tribunal f\u00e9d\u00e9ral suisse, 23 mars 2026, n\u00b0 5A 242-2026","og_description":"Bundesgericht Tribunal f\u00e9d\u00e9ral Tribunale federale Tribunal federal 5A_242\/2026 Urteil vom 23. M\u00e4rz 2026 II. zivilrechtliche Abteilung Besetzung Bundesrichter Bovey, Pr\u00e4sident, Gerichtsschreiber M\u00f6ckli. Verfahrensbeteiligte A.________, Beschwerdef\u00fchrerin, gegen Kindes- und Erwachsenenschutzbeh\u00f6rde Seeland, Stadtplatz 33, Postfach 29, 3270 Aarberg. Gegenstand F\u00fcrsorgerische Unterbringung, Beschwerde gegen den Entscheid des Obergerichts des Kantons Bern, Kindes- und Erwachsenenschutzgericht, vom 4. Februar 2026...","og_url":"https:\/\/kohenavocats.com\/zh-hans\/jurisprudences\/tribunal-federal-suisse-23-mars-2026-n-5a-242-2026\/","og_site_name":"Ma\u00eetre Hassan Kohen, avocat en droit p\u00e9nal \u00e0 Paris","twitter_card":"summary_large_image","twitter_misc":{"\u9884\u8ba1\u9605\u8bfb\u65f6\u95f4":"4 \u5206"},"schema":{"@context":"https:\/\/schema.org","@graph":[{"@type":"WebPage","@id":"https:\/\/kohenavocats.com\/zh-hans\/jurisprudences\/tribunal-federal-suisse-23-mars-2026-n-5a-242-2026\/","url":"https:\/\/kohenavocats.com\/zh-hans\/jurisprudences\/tribunal-federal-suisse-23-mars-2026-n-5a-242-2026\/","name":"Tribunal f\u00e9d\u00e9ral suisse, 23 mars 2026, n\u00b0 5A 242-2026 - Ma\u00eetre Hassan Kohen, avocat en droit p\u00e9nal \u00e0 Paris","isPartOf":{"@id":"https:\/\/kohenavocats.com\/zh-hans\/#website"},"datePublished":"2026-04-14T23:32:48+00:00","breadcrumb":{"@id":"https:\/\/kohenavocats.com\/zh-hans\/jurisprudences\/tribunal-federal-suisse-23-mars-2026-n-5a-242-2026\/#breadcrumb"},"inLanguage":"zh-Hans","potentialAction":[{"@type":"ReadAction","target":["https:\/\/kohenavocats.com\/zh-hans\/jurisprudences\/tribunal-federal-suisse-23-mars-2026-n-5a-242-2026\/"]}]},{"@type":"BreadcrumbList","@id":"https:\/\/kohenavocats.com\/zh-hans\/jurisprudences\/tribunal-federal-suisse-23-mars-2026-n-5a-242-2026\/#breadcrumb","itemListElement":[{"@type":"ListItem","position":1,"name":"Home","item":"https:\/\/kohenavocats.com\/zh-hans\/"},{"@type":"ListItem","position":2,"name":"Jurisprudences","item":"https:\/\/kohenavocats.com\/zh-hans\/jurisprudences\/"},{"@type":"ListItem","position":3,"name":"Tribunal f\u00e9d\u00e9ral suisse, 23 mars 2026, n\u00b0 5A 242-2026"}]},{"@type":"WebSite","@id":"https:\/\/kohenavocats.com\/zh-hans\/#website","url":"https:\/\/kohenavocats.com\/zh-hans\/","name":"Kohen Avocats","description":"Ma\u00eetre Hassan Kohen, avocat p\u00e9naliste \u00e0 Paris, intervient exclusivement en droit p\u00e9nal pour la d\u00e9fense des particuliers, notamment en mati\u00e8re d\u2019accusations de viol. Il assure un accompagnement rigoureux d\u00e8s la garde \u00e0 vue jusqu\u2019\u00e0 la Cour d\u2019assises, veillant au strict respect des garanties proc\u00e9durales.","publisher":{"@id":"https:\/\/kohenavocats.com\/zh-hans\/#organization"},"potentialAction":[{"@type":"SearchAction","target":{"@type":"EntryPoint","urlTemplate":"https:\/\/kohenavocats.com\/zh-hans\/?s={search_term_string}"},"query-input":{"@type":"PropertyValueSpecification","valueRequired":true,"valueName":"search_term_string"}}],"inLanguage":"zh-Hans"},{"@type":"Organization","@id":"https:\/\/kohenavocats.com\/zh-hans\/#organization","name":"Kohen Avocats","url":"https:\/\/kohenavocats.com\/zh-hans\/","logo":{"@type":"ImageObject","inLanguage":"zh-Hans","@id":"https:\/\/kohenavocats.com\/zh-hans\/#\/schema\/logo\/image\/","url":"https:\/\/kohenavocats.com\/wp-content\/uploads\/2026\/01\/Logo-2-1.webp","contentUrl":"https:\/\/kohenavocats.com\/wp-content\/uploads\/2026\/01\/Logo-2-1.webp","width":2114,"height":1253,"caption":"Kohen Avocats"},"image":{"@id":"https:\/\/kohenavocats.com\/zh-hans\/#\/schema\/logo\/image\/"}}]}},"jetpack_likes_enabled":false,"jetpack_sharing_enabled":true,"_links":{"self":[{"href":"https:\/\/kohenavocats.com\/zh-hans\/wp-json\/wp\/v2\/kji_decision\/563353","targetHints":{"allow":["GET"]}}],"collection":[{"href":"https:\/\/kohenavocats.com\/zh-hans\/wp-json\/wp\/v2\/kji_decision"}],"about":[{"href":"https:\/\/kohenavocats.com\/zh-hans\/wp-json\/wp\/v2\/types\/kji_decision"}],"wp:attachment":[{"href":"https:\/\/kohenavocats.com\/zh-hans\/wp-json\/wp\/v2\/media?parent=563353"}],"wp:term":[{"taxonomy":"kji_country","embeddable":true,"href":"https:\/\/kohenavocats.com\/zh-hans\/wp-json\/wp\/v2\/kji_country?post=563353"},{"taxonomy":"kji_court","embeddable":true,"href":"https:\/\/kohenavocats.com\/zh-hans\/wp-json\/wp\/v2\/kji_court?post=563353"},{"taxonomy":"kji_chamber","embeddable":true,"href":"https:\/\/kohenavocats.com\/zh-hans\/wp-json\/wp\/v2\/kji_chamber?post=563353"},{"taxonomy":"kji_year","embeddable":true,"href":"https:\/\/kohenavocats.com\/zh-hans\/wp-json\/wp\/v2\/kji_year?post=563353"},{"taxonomy":"kji_subject","embeddable":true,"href":"https:\/\/kohenavocats.com\/zh-hans\/wp-json\/wp\/v2\/kji_subject?post=563353"},{"taxonomy":"kji_keyword","embeddable":true,"href":"https:\/\/kohenavocats.com\/zh-hans\/wp-json\/wp\/v2\/kji_keyword?post=563353"},{"taxonomy":"kji_language","embeddable":true,"href":"https:\/\/kohenavocats.com\/zh-hans\/wp-json\/wp\/v2\/kji_language?post=563353"}],"curies":[{"name":"wp","href":"https:\/\/api.w.org\/{rel}","templated":true}]}}