{"id":563354,"date":"2026-04-15T01:32:50","date_gmt":"2026-04-14T23:32:50","guid":{"rendered":"https:\/\/kohenavocats.com\/jurisprudences\/tribunal-federal-suisse-23-mars-2026-n-5a-192-2026\/"},"modified":"2026-04-15T01:32:50","modified_gmt":"2026-04-14T23:32:50","slug":"tribunal-federal-suisse-23-mars-2026-n-5a-192-2026","status":"publish","type":"kji_decision","link":"https:\/\/kohenavocats.com\/zh-hans\/jurisprudences\/tribunal-federal-suisse-23-mars-2026-n-5a-192-2026\/","title":{"rendered":"Tribunal f\u00e9d\u00e9ral suisse, 23 mars 2026, n\u00b0 5A 192-2026"},"content":{"rendered":"<div class=\"kji-decision\">\n<div class=\"kji-full-text\">\n<p>Bundesgericht<\/p>\n<p>Tribunal f\u00e9d\u00e9ral<\/p>\n<p>Tribunale federale<\/p>\n<p>Tribunal federal<\/p>\n<p>5A_192\/2026<\/p>\n<p>Urteil vom 23. M\u00e4rz 2026<\/p>\n<p>II. zivilrechtliche Abteilung<\/p>\n<p>Besetzung<\/p>\n<p>Bundesrichter Bovey, Pr\u00e4sident,<\/p>\n<p>Gerichtsschreiber Zingg.<\/p>\n<p>Verfahrensbeteiligte<\/p>\n<p>A.________,<\/p>\n<p>vertreten durch Rechtsanwalt Dr. Thomas Wirz,<\/p>\n<p>Beschwerdef\u00fchrer,<\/p>\n<p>gegen<\/p>\n<p>B.________,<\/p>\n<p>vertreten durch Rechtsanw\u00e4ltin Andrea Hodel-Schmid,<\/p>\n<p>Beschwerdegegnerin,<\/p>\n<p>1. C.________,<\/p>\n<p>2. D.________,<\/p>\n<p>beide gesetzlich vertreten durch die Kindsvertreterin<\/p>\n<p>Eva Ashinze M\u00f6ller.<\/p>\n<p>Gegenstand<\/p>\n<p>Erg\u00e4nzungsfragen zu einem Gutachten (Ehescheidung),<\/p>\n<p>Beschwerde gegen das Urteil des Obergerichts des Kantons Z\u00fcrich, II. Zivilkammer, vom 28. Januar 2026 (PC250046-O\/U).<\/p>\n<p>Erw\u00e4gungen:<\/p>\n<p>1.<\/p>\n<p>Die Parteien sind verheiratet und haben zwei gemeinsame Kinder. Am 28. Juni 2022 verlangte der Beschwerdef\u00fchrer am Bezirksgericht Dielsdorf die Scheidung. Mit Verf\u00fcgung vom 15. Mai 2025 ordnete das Bezirksgericht ein kinder- und erwachsenenpsychologisches Erziehungsf\u00e4higkeitsgutachten an und setzte den Parteien Frist zur Stellung von Erg\u00e4nzungsfragen. Mit Eingabe vom 27. Mai 2025 verlangte der Beschwerdef\u00fchrer, den Arztbericht von Dr. E.________ aus den Akten zu entfernen, und er stellte Erg\u00e4nzungsfragen. Mit Verf\u00fcgung vom 20. August 2025 wies das Bezirksgericht den Antrag auf Entfernung des Arztberichts aus den Akten ab und liess die Erg\u00e4nzungsfragen a bis d nicht zu.<\/p>\n<p>Gegen die Nichtzulassung der Erg\u00e4nzungsfragen erhob der Beschwerdef\u00fchrer am 1. September 2025 Beschwerde beim Obergericht des Kantons Z\u00fcrich. Mit Urteil vom 28. Januar 2026 wies das Obergericht die Beschwerde ab.<\/p>\n<p>Dagegen hat der Beschwerdef\u00fchrer am 26. Februar 2026 Beschwerde an das Bundesgericht erhoben.<\/p>\n<p>2.<\/p>\n<p>Das angefochtene Urteil schliesst das Scheidungsverfahren nicht ab und ist demnach entgegen der Rechtsmittelbelehrung kein Endentscheid (Art. 90 BGG; BGE 150 I 174 E. 1.1.1, 144 III 475 E. 1). Vielmehr handelt es sich um einen Zwischenentscheid gem\u00e4ss Art. 93 BGG, der vor Bundesgericht nur eingeschr\u00e4nkt anfechtbar ist. Vorliegend w\u00e4re erforderlich, dass der Zwischenentscheid einen nicht wieder gutzumachenden Nachteil bewirken k\u00f6nnte (Art. 93 Abs. 1 lit. a BGG). Die Voraussetzungen von Art. 93 Abs. 1 lit. a BGG sind von der beschwerdef\u00fchrenden Partei darzutun, es sei denn, deren Vorliegen springe geradezu in die Augen (BGE 141 III 80 E. 1.2).<\/p>\n<p>Der Beschwerdef\u00fchrer geht von einem Endentscheid nach Art. 90 BGG aus und er \u00e4ussert sich nicht zum Vorliegen der Voraussetzungen von Art. 93 Abs. 1 lit. a BGG. Die Rechtsmittelbelehrung widerspricht in diesem Punkt offenkundig der konstanten und publizierten bundesgerichtlichen Rechtsprechung. Der Beschwerdef\u00fchrer ist anwaltlich vertreten und durfte sich demnach nicht auf die offenkundig falsche Belehrung verlassen. Ein Nachteil im Sinne von Art. 93 Abs. 1 lit. a BGG ergibt sich auch nicht sinngem\u00e4ss aus den weiteren Ausf\u00fchrungen in der Beschwerde und er springt auch nicht geradezu in die Augen. Aus den teilweise polemischen Ausf\u00fchrungen l\u00e4sst sich nicht ableiten, dass das Gutachten ohne die vom Beschwerdef\u00fchrer verlangten Erg\u00e4nzungsfragen (die sich gem\u00e4ss den Erw\u00e4gungen des Obergerichts gar nicht auf den Gegenstand des Gutachtens, n\u00e4mlich die Erziehungsf\u00e4higkeit, beziehen, sondern die Gutachterinnen bloss zu einer korrekten Vorbereitung und zu einer Sensibilisierung f\u00fcr gewisse Wertungen in den ihnen vorliegenden Berichten anhalten sollen) zu seinem Nachteil ausfiele und sich dies nicht mehr wiedergutmachen liesse. Namentlich erschliesst sich nicht, weshalb die Gutachterinnen ohne die Erg\u00e4nzungsfragen ausserstande sein sollen, den kritisierten Bericht von Dr. E.________ in angemessener Weise zu w\u00fcrdigen.<\/p>\n<p>Die Beschwerde ist offensichtlich unzul\u00e4ssig. Der Abteilungspr\u00e4sident tritt auf sie im vereinfachten Verfahren nicht ein (Art. 108 Abs. 1 lit. a BGG).<\/p>\n<p>3.<\/p>\n<p>Bei diesem Ausgang des Verfahrens tr\u00e4gt der Beschwerdef\u00fchrer die Gerichtskosten (Art. 66 Abs. 1 BGG).<\/p>\n<p>Demnach erkennt der Pr\u00e4sident:<\/p>\n<p>1.<\/p>\n<p>Auf die Beschwerde wird nicht eingetreten.<\/p>\n<p>2.<\/p>\n<p>Die Gerichtskosten von Fr. 1&#039;500.&#8211; werden dem Beschwerdef\u00fchrer auferlegt.<\/p>\n<p>3.<\/p>\n<p>Dieses Urteil wird den Verfahrensbeteiligten und dem Obergericht des Kantons Z\u00fcrich, II. Zivilkammer, mitgeteilt.<\/p>\n<p>Lausanne, 23. M\u00e4rz 2026<\/p>\n<p>Im Namen der II. zivilrechtlichen Abteilung<\/p>\n<p>des Schweizerischen Bundesgerichts<\/p>\n<p>Der Pr\u00e4sident: Bovey<\/p>\n<p>Der Gerichtsschreiber: Zingg<\/p>\n<\/div>\n<hr class=\"kji-sep\" \/>\n<p class=\"kji-source-links\"><strong>Sources officielles :<\/strong> <a class=\"kji-source-link\" href=\"https:\/\/search.bger.ch\/ext\/eurospider\/live\/fr\/php\/aza\/http\/index.php?lang=fr&#038;type=highlight_simple_query&#038;page=6&#038;from_date=&#038;to_date=&#038;sort=relevance&#038;insertion_date=&#038;top_subcollection_aza=all&#038;query_words=tribunal+federal&#038;rank=53&#038;azaclir=aza&#038;highlight_docid=aza%3A%2F%2F23-03-2026-5A_192-2026&#038;number_of_ranks=167925\" target=\"_blank\" rel=\"noopener noreferrer\">consulter la page source<\/a><\/p>\n<p class=\"kji-license-note\"><em>Source officielle Tribunal federal suisse. Contenu HTML public, PDF non garanti en version gratuite.<\/em><\/p>\n<\/div>\n","protected":false},"excerpt":{"rendered":"<p>Bundesgericht Tribunal f\u00e9d\u00e9ral Tribunale federale Tribunal federal 5A_192\/2026 Urteil vom 23. M\u00e4rz 2026 II. zivilrechtliche Abteilung Besetzung Bundesrichter Bovey, Pr\u00e4sident, Gerichtsschreiber Zingg. Verfahrensbeteiligte A.________, vertreten durch Rechtsanwalt Dr. Thomas Wirz, Beschwerdef\u00fchrer, gegen B.________, vertreten durch Rechtsanw\u00e4ltin Andrea Hodel-Schmid, Beschwerdegegnerin, 1. C.________, 2. D.________, beide gesetzlich vertreten durch die Kindsvertreterin Eva Ashinze M\u00f6ller. Gegenstand Erg\u00e4nzungsfragen zu&#8230;<\/p>\n","protected":false},"featured_media":0,"template":"","meta":{"_crdt_document":""},"kji_country":[9676],"kji_court":[9677],"kji_chamber":[10160],"kji_year":[7610],"kji_subject":[7724],"kji_keyword":[9799,9679,9680,7636],"kji_language":[7685],"class_list":["post-563354","kji_decision","type-kji_decision","status-publish","hentry","kji_country-suisse","kji_court-tribunal-federal-suisse","kji_chamber-iie-cour-de-droit-civil","kji_year-7610","kji_subject-civil","kji_keyword-bundesgericht","kji_keyword-federal","kji_keyword-suisse","kji_keyword-tribunal","kji_language-italien"],"yoast_head":"<!-- This site is optimized with the Yoast SEO Premium plugin v27.5 (Yoast SEO v27.5) - https:\/\/yoast.com\/product\/yoast-seo-premium-wordpress\/ -->\n<title>Tribunal f\u00e9d\u00e9ral suisse, 23 mars 2026, n\u00b0 5A 192-2026 - Ma\u00eetre Hassan Kohen, avocat en droit p\u00e9nal \u00e0 Paris<\/title>\n<meta name=\"robots\" content=\"index, follow, max-snippet:-1, max-image-preview:large, max-video-preview:-1\" \/>\n<link rel=\"canonical\" href=\"https:\/\/kohenavocats.com\/zh-hans\/jurisprudences\/tribunal-federal-suisse-23-mars-2026-n-5a-192-2026\/\" \/>\n<meta property=\"og:locale\" content=\"zh_CN\" \/>\n<meta property=\"og:type\" content=\"article\" \/>\n<meta property=\"og:title\" content=\"Tribunal f\u00e9d\u00e9ral suisse, 23 mars 2026, n\u00b0 5A 192-2026\" \/>\n<meta property=\"og:description\" content=\"Bundesgericht Tribunal f\u00e9d\u00e9ral Tribunale federale Tribunal federal 5A_192\/2026 Urteil vom 23. M\u00e4rz 2026 II. zivilrechtliche Abteilung Besetzung Bundesrichter Bovey, Pr\u00e4sident, Gerichtsschreiber Zingg. Verfahrensbeteiligte A.________, vertreten durch Rechtsanwalt Dr. Thomas Wirz, Beschwerdef\u00fchrer, gegen B.________, vertreten durch Rechtsanw\u00e4ltin Andrea Hodel-Schmid, Beschwerdegegnerin, 1. C.________, 2. D.________, beide gesetzlich vertreten durch die Kindsvertreterin Eva Ashinze M\u00f6ller. Gegenstand Erg\u00e4nzungsfragen zu...\" \/>\n<meta property=\"og:url\" content=\"https:\/\/kohenavocats.com\/zh-hans\/jurisprudences\/tribunal-federal-suisse-23-mars-2026-n-5a-192-2026\/\" \/>\n<meta property=\"og:site_name\" content=\"Ma\u00eetre Hassan Kohen, avocat en droit p\u00e9nal \u00e0 Paris\" \/>\n<meta name=\"twitter:card\" content=\"summary_large_image\" \/>\n<meta name=\"twitter:label1\" content=\"\u9884\u8ba1\u9605\u8bfb\u65f6\u95f4\" \/>\n\t<meta name=\"twitter:data1\" content=\"3 \u5206\" \/>\n<script type=\"application\/ld+json\" class=\"yoast-schema-graph\">{\"@context\":\"https:\\\/\\\/schema.org\",\"@graph\":[{\"@type\":\"WebPage\",\"@id\":\"https:\\\/\\\/kohenavocats.com\\\/zh-hans\\\/jurisprudences\\\/tribunal-federal-suisse-23-mars-2026-n-5a-192-2026\\\/\",\"url\":\"https:\\\/\\\/kohenavocats.com\\\/zh-hans\\\/jurisprudences\\\/tribunal-federal-suisse-23-mars-2026-n-5a-192-2026\\\/\",\"name\":\"Tribunal f\u00e9d\u00e9ral suisse, 23 mars 2026, n\u00b0 5A 192-2026 - Ma\u00eetre Hassan Kohen, avocat en droit p\u00e9nal \u00e0 Paris\",\"isPartOf\":{\"@id\":\"https:\\\/\\\/kohenavocats.com\\\/zh-hans\\\/#website\"},\"datePublished\":\"2026-04-14T23:32:50+00:00\",\"breadcrumb\":{\"@id\":\"https:\\\/\\\/kohenavocats.com\\\/zh-hans\\\/jurisprudences\\\/tribunal-federal-suisse-23-mars-2026-n-5a-192-2026\\\/#breadcrumb\"},\"inLanguage\":\"zh-Hans\",\"potentialAction\":[{\"@type\":\"ReadAction\",\"target\":[\"https:\\\/\\\/kohenavocats.com\\\/zh-hans\\\/jurisprudences\\\/tribunal-federal-suisse-23-mars-2026-n-5a-192-2026\\\/\"]}]},{\"@type\":\"BreadcrumbList\",\"@id\":\"https:\\\/\\\/kohenavocats.com\\\/zh-hans\\\/jurisprudences\\\/tribunal-federal-suisse-23-mars-2026-n-5a-192-2026\\\/#breadcrumb\",\"itemListElement\":[{\"@type\":\"ListItem\",\"position\":1,\"name\":\"Home\",\"item\":\"https:\\\/\\\/kohenavocats.com\\\/zh-hans\\\/\"},{\"@type\":\"ListItem\",\"position\":2,\"name\":\"Jurisprudences\",\"item\":\"https:\\\/\\\/kohenavocats.com\\\/zh-hans\\\/jurisprudences\\\/\"},{\"@type\":\"ListItem\",\"position\":3,\"name\":\"Tribunal f\u00e9d\u00e9ral suisse, 23 mars 2026, n\u00b0 5A 192-2026\"}]},{\"@type\":\"WebSite\",\"@id\":\"https:\\\/\\\/kohenavocats.com\\\/zh-hans\\\/#website\",\"url\":\"https:\\\/\\\/kohenavocats.com\\\/zh-hans\\\/\",\"name\":\"Kohen Avocats\",\"description\":\"Ma\u00eetre Hassan Kohen, avocat p\u00e9naliste \u00e0 Paris, intervient exclusivement en droit p\u00e9nal pour la d\u00e9fense des particuliers, notamment en mati\u00e8re d\u2019accusations de viol. Il assure un accompagnement rigoureux d\u00e8s la garde \u00e0 vue jusqu\u2019\u00e0 la Cour d\u2019assises, veillant au strict respect des garanties proc\u00e9durales.\",\"publisher\":{\"@id\":\"https:\\\/\\\/kohenavocats.com\\\/zh-hans\\\/#organization\"},\"potentialAction\":[{\"@type\":\"SearchAction\",\"target\":{\"@type\":\"EntryPoint\",\"urlTemplate\":\"https:\\\/\\\/kohenavocats.com\\\/zh-hans\\\/?s={search_term_string}\"},\"query-input\":{\"@type\":\"PropertyValueSpecification\",\"valueRequired\":true,\"valueName\":\"search_term_string\"}}],\"inLanguage\":\"zh-Hans\"},{\"@type\":\"Organization\",\"@id\":\"https:\\\/\\\/kohenavocats.com\\\/zh-hans\\\/#organization\",\"name\":\"Kohen Avocats\",\"url\":\"https:\\\/\\\/kohenavocats.com\\\/zh-hans\\\/\",\"logo\":{\"@type\":\"ImageObject\",\"inLanguage\":\"zh-Hans\",\"@id\":\"https:\\\/\\\/kohenavocats.com\\\/zh-hans\\\/#\\\/schema\\\/logo\\\/image\\\/\",\"url\":\"https:\\\/\\\/kohenavocats.com\\\/wp-content\\\/uploads\\\/2026\\\/01\\\/Logo-2-1.webp\",\"contentUrl\":\"https:\\\/\\\/kohenavocats.com\\\/wp-content\\\/uploads\\\/2026\\\/01\\\/Logo-2-1.webp\",\"width\":2114,\"height\":1253,\"caption\":\"Kohen Avocats\"},\"image\":{\"@id\":\"https:\\\/\\\/kohenavocats.com\\\/zh-hans\\\/#\\\/schema\\\/logo\\\/image\\\/\"}}]}<\/script>\n<!-- \/ Yoast SEO Premium plugin. -->","yoast_head_json":{"title":"Tribunal f\u00e9d\u00e9ral suisse, 23 mars 2026, n\u00b0 5A 192-2026 - Ma\u00eetre Hassan Kohen, avocat en droit p\u00e9nal \u00e0 Paris","robots":{"index":"index","follow":"follow","max-snippet":"max-snippet:-1","max-image-preview":"max-image-preview:large","max-video-preview":"max-video-preview:-1"},"canonical":"https:\/\/kohenavocats.com\/zh-hans\/jurisprudences\/tribunal-federal-suisse-23-mars-2026-n-5a-192-2026\/","og_locale":"zh_CN","og_type":"article","og_title":"Tribunal f\u00e9d\u00e9ral suisse, 23 mars 2026, n\u00b0 5A 192-2026","og_description":"Bundesgericht Tribunal f\u00e9d\u00e9ral Tribunale federale Tribunal federal 5A_192\/2026 Urteil vom 23. M\u00e4rz 2026 II. zivilrechtliche Abteilung Besetzung Bundesrichter Bovey, Pr\u00e4sident, Gerichtsschreiber Zingg. Verfahrensbeteiligte A.________, vertreten durch Rechtsanwalt Dr. Thomas Wirz, Beschwerdef\u00fchrer, gegen B.________, vertreten durch Rechtsanw\u00e4ltin Andrea Hodel-Schmid, Beschwerdegegnerin, 1. C.________, 2. D.________, beide gesetzlich vertreten durch die Kindsvertreterin Eva Ashinze M\u00f6ller. Gegenstand Erg\u00e4nzungsfragen zu...","og_url":"https:\/\/kohenavocats.com\/zh-hans\/jurisprudences\/tribunal-federal-suisse-23-mars-2026-n-5a-192-2026\/","og_site_name":"Ma\u00eetre Hassan Kohen, avocat en droit p\u00e9nal \u00e0 Paris","twitter_card":"summary_large_image","twitter_misc":{"\u9884\u8ba1\u9605\u8bfb\u65f6\u95f4":"3 \u5206"},"schema":{"@context":"https:\/\/schema.org","@graph":[{"@type":"WebPage","@id":"https:\/\/kohenavocats.com\/zh-hans\/jurisprudences\/tribunal-federal-suisse-23-mars-2026-n-5a-192-2026\/","url":"https:\/\/kohenavocats.com\/zh-hans\/jurisprudences\/tribunal-federal-suisse-23-mars-2026-n-5a-192-2026\/","name":"Tribunal f\u00e9d\u00e9ral suisse, 23 mars 2026, n\u00b0 5A 192-2026 - Ma\u00eetre Hassan Kohen, avocat en droit p\u00e9nal \u00e0 Paris","isPartOf":{"@id":"https:\/\/kohenavocats.com\/zh-hans\/#website"},"datePublished":"2026-04-14T23:32:50+00:00","breadcrumb":{"@id":"https:\/\/kohenavocats.com\/zh-hans\/jurisprudences\/tribunal-federal-suisse-23-mars-2026-n-5a-192-2026\/#breadcrumb"},"inLanguage":"zh-Hans","potentialAction":[{"@type":"ReadAction","target":["https:\/\/kohenavocats.com\/zh-hans\/jurisprudences\/tribunal-federal-suisse-23-mars-2026-n-5a-192-2026\/"]}]},{"@type":"BreadcrumbList","@id":"https:\/\/kohenavocats.com\/zh-hans\/jurisprudences\/tribunal-federal-suisse-23-mars-2026-n-5a-192-2026\/#breadcrumb","itemListElement":[{"@type":"ListItem","position":1,"name":"Home","item":"https:\/\/kohenavocats.com\/zh-hans\/"},{"@type":"ListItem","position":2,"name":"Jurisprudences","item":"https:\/\/kohenavocats.com\/zh-hans\/jurisprudences\/"},{"@type":"ListItem","position":3,"name":"Tribunal f\u00e9d\u00e9ral suisse, 23 mars 2026, n\u00b0 5A 192-2026"}]},{"@type":"WebSite","@id":"https:\/\/kohenavocats.com\/zh-hans\/#website","url":"https:\/\/kohenavocats.com\/zh-hans\/","name":"Kohen Avocats","description":"Ma\u00eetre Hassan Kohen, avocat p\u00e9naliste \u00e0 Paris, intervient exclusivement en droit p\u00e9nal pour la d\u00e9fense des particuliers, notamment en mati\u00e8re d\u2019accusations de viol. Il assure un accompagnement rigoureux d\u00e8s la garde \u00e0 vue jusqu\u2019\u00e0 la Cour d\u2019assises, veillant au strict respect des garanties proc\u00e9durales.","publisher":{"@id":"https:\/\/kohenavocats.com\/zh-hans\/#organization"},"potentialAction":[{"@type":"SearchAction","target":{"@type":"EntryPoint","urlTemplate":"https:\/\/kohenavocats.com\/zh-hans\/?s={search_term_string}"},"query-input":{"@type":"PropertyValueSpecification","valueRequired":true,"valueName":"search_term_string"}}],"inLanguage":"zh-Hans"},{"@type":"Organization","@id":"https:\/\/kohenavocats.com\/zh-hans\/#organization","name":"Kohen Avocats","url":"https:\/\/kohenavocats.com\/zh-hans\/","logo":{"@type":"ImageObject","inLanguage":"zh-Hans","@id":"https:\/\/kohenavocats.com\/zh-hans\/#\/schema\/logo\/image\/","url":"https:\/\/kohenavocats.com\/wp-content\/uploads\/2026\/01\/Logo-2-1.webp","contentUrl":"https:\/\/kohenavocats.com\/wp-content\/uploads\/2026\/01\/Logo-2-1.webp","width":2114,"height":1253,"caption":"Kohen Avocats"},"image":{"@id":"https:\/\/kohenavocats.com\/zh-hans\/#\/schema\/logo\/image\/"}}]}},"jetpack_likes_enabled":false,"jetpack_sharing_enabled":true,"_links":{"self":[{"href":"https:\/\/kohenavocats.com\/zh-hans\/wp-json\/wp\/v2\/kji_decision\/563354","targetHints":{"allow":["GET"]}}],"collection":[{"href":"https:\/\/kohenavocats.com\/zh-hans\/wp-json\/wp\/v2\/kji_decision"}],"about":[{"href":"https:\/\/kohenavocats.com\/zh-hans\/wp-json\/wp\/v2\/types\/kji_decision"}],"wp:attachment":[{"href":"https:\/\/kohenavocats.com\/zh-hans\/wp-json\/wp\/v2\/media?parent=563354"}],"wp:term":[{"taxonomy":"kji_country","embeddable":true,"href":"https:\/\/kohenavocats.com\/zh-hans\/wp-json\/wp\/v2\/kji_country?post=563354"},{"taxonomy":"kji_court","embeddable":true,"href":"https:\/\/kohenavocats.com\/zh-hans\/wp-json\/wp\/v2\/kji_court?post=563354"},{"taxonomy":"kji_chamber","embeddable":true,"href":"https:\/\/kohenavocats.com\/zh-hans\/wp-json\/wp\/v2\/kji_chamber?post=563354"},{"taxonomy":"kji_year","embeddable":true,"href":"https:\/\/kohenavocats.com\/zh-hans\/wp-json\/wp\/v2\/kji_year?post=563354"},{"taxonomy":"kji_subject","embeddable":true,"href":"https:\/\/kohenavocats.com\/zh-hans\/wp-json\/wp\/v2\/kji_subject?post=563354"},{"taxonomy":"kji_keyword","embeddable":true,"href":"https:\/\/kohenavocats.com\/zh-hans\/wp-json\/wp\/v2\/kji_keyword?post=563354"},{"taxonomy":"kji_language","embeddable":true,"href":"https:\/\/kohenavocats.com\/zh-hans\/wp-json\/wp\/v2\/kji_language?post=563354"}],"curies":[{"name":"wp","href":"https:\/\/api.w.org\/{rel}","templated":true}]}}