{"id":563363,"date":"2026-04-15T01:33:15","date_gmt":"2026-04-14T23:33:15","guid":{"rendered":"https:\/\/kohenavocats.com\/jurisprudences\/tribunal-federal-suisse-20-mars-2026-n-8c-176-2026\/"},"modified":"2026-04-15T01:33:15","modified_gmt":"2026-04-14T23:33:15","slug":"tribunal-federal-suisse-20-mars-2026-n-8c-176-2026","status":"publish","type":"kji_decision","link":"https:\/\/kohenavocats.com\/zh-hans\/jurisprudences\/tribunal-federal-suisse-20-mars-2026-n-8c-176-2026\/","title":{"rendered":"Tribunal f\u00e9d\u00e9ral suisse, 20 mars 2026, n\u00b0 8C 176-2026"},"content":{"rendered":"<div class=\"kji-decision\">\n<div class=\"kji-full-text\">\n<p>Bundesgericht<\/p>\n<p>Tribunal f\u00e9d\u00e9ral<\/p>\n<p>Tribunale federale<\/p>\n<p>Tribunal federal<\/p>\n<p>8C_176\/2026<\/p>\n<p>Arr\u00eat du 20 mars 2026<\/p>\n<p>IVe Cour de droit public<\/p>\n<p>Composition<\/p>\n<p>M. le Juge f\u00e9d\u00e9ral M\u00e9tral, en qualit\u00e9 de juge unique.<\/p>\n<p>Greffier : M. Ourny.<\/p>\n<p>Participants \u00e0 la proc\u00e9dure<\/p>\n<p>A.________,<\/p>\n<p>recourant,<\/p>\n<p>contre<\/p>\n<p>Direction g\u00e9n\u00e9rale de l&#039;emploi et du march\u00e9 du travail du canton de Vaud,<\/p>\n<p>rue Caroline 11, 1014 Lausanne,<\/p>\n<p>intim\u00e9e.<\/p>\n<p>Objet<\/p>\n<p>Assurance-ch\u00f4mage (condition de recevabilit\u00e9),<\/p>\n<p>recours contre l&#039;arr\u00eat du Tribunal cantonal du canton de Vaud du 13 janvier 2026 (ZQ25.036074).<\/p>\n<p>Faits :<\/p>\n<p>A.<\/p>\n<p>A.________ (ci-apr\u00e8s aussi: l&#039;assur\u00e9), n\u00e9 en 1974, a sollicit\u00e9 l&#039;octroi de prestations de ch\u00f4mage d\u00e8s le 5 mars 2025. Par d\u00e9cision du 5 mai 2025, confirm\u00e9e sur opposition le 24 juillet 2025, la Direction g\u00e9n\u00e9rale de l&#039;emploi et du march\u00e9 du travail (DGEM) du canton de Vaud a suspendu le droit de l&#039;assur\u00e9 \u00e0 l&#039;indemnit\u00e9 de ch\u00f4mage pour une dur\u00e9e de neuf jours \u00e0 compter du 5 mars 2025, en raison de recherches d&#039;emploi insuffisantes pendant les trois mois pr\u00e9c\u00e9dant l&#039;ouverture de son droit \u00e0 l&#039;indemnit\u00e9 de ch\u00f4mage.<\/p>\n<p>B.<\/p>\n<p>Saisi d&#039;un recours contre la d\u00e9cision sur opposition du 24 juillet 2025, le juge unique de la Cour des assurances sociales du Tribunal cantonal du canton de Vaud l&#039;a rejet\u00e9 par arr\u00eat du 13 janvier 2026.<\/p>\n<p>C.<\/p>\n<p>Le 3 mars 2026, la cour cantonale a transmis au Tribunal f\u00e9d\u00e9ral, comme objet de sa comp\u00e9tence, un recours form\u00e9 le 2 f\u00e9vrier 2026 par A.________ contre l&#039;arr\u00eat du 13 janvier 2026. Le 10 mars 2026, elle a remis au Tribunal f\u00e9d\u00e9ral une nouvelle \u00e9criture de l&#039;assur\u00e9 du 5 mars 2026.<\/p>\n<p>Consid\u00e9rant en droit :<\/p>\n<p>1.<\/p>\n<p>1.1. Selon l&#039;art. 108 LTF, le pr\u00e9sident de la cour d\u00e9cide en proc\u00e9dure simplifi\u00e9e de ne pas entrer en mati\u00e8re sur les recours dont la motivation est manifestement insuffisante (al. 1 let. b); il peut confier cette t\u00e2che \u00e0 un autre juge (al. 2).<\/p>\n<p>1.2. En vertu de l&#039;art. 42 al. 1 LTF, les m\u00e9moires de recours doivent indiquer les conclusions &#8211; lesquelles doivent exprimer sur quels points la d\u00e9cision entreprise doit \u00eatre modifi\u00e9e et dans quel sens &#8211; ainsi que les motifs. Conform\u00e9ment \u00e0 l&#039;art. 42 al. 2 LTF, les motifs doivent exposer succinctement en quoi l&#039;acte attaqu\u00e9 viole le droit. Pour satisfaire \u00e0 cette exigence, il appartient au recourant de discuter au moins bri\u00e8vement les consid\u00e9rants de la d\u00e9cision litigieuse et d&#039;expliquer en quoi ceux-ci seraient contraires au droit (ATF 148 IV 205 consid. 2.6; 140 III 86 consid. 2; 138 I 171 consid. 1.4).<\/p>\n<p>2.<\/p>\n<p>2.1. En l&#039;esp\u00e8ce, le juge unique a retenu que les dix recherches d&#039;emploi effectu\u00e9es entre d\u00e9cembre 2024 et f\u00e9vrier 2025 \u00e9taient manifestement insuffisantes. Le recourant avait par ailleurs intentionnellement limit\u00e9 ses recherches \u00e0 l&#039;agence de placement avec laquelle il \u00e9tait sous contrat, et il les avait concentr\u00e9es dans la profession d&#039;auxiliaire de sant\u00e9, \u00e0 l&#039;exclusion de ses autres domaines de comp\u00e9tence. En outre, \u00e0 d\u00e9faut d&#039;attestation m\u00e9dicale en ce sens, rien n&#039;indiquait que ses probl\u00e8mes de sant\u00e9 avaient pu limiter sa capacit\u00e9 \u00e0 entreprendre des d\u00e9marches. La juridiction cantonale en a d\u00e9duit qu&#039;il n&#039;avait pas fourni tous les efforts que l&#039;on pouvait raisonnablement exiger de lui pour \u00e9viter le ch\u00f4mage, comme l&#039;exigeait l&#039;art. 17 al. 1 LACI (RS 837.0), de sorte que la suspension de son droit \u00e0 l&#039;indemnit\u00e9 de ch\u00f4mage n&#039;\u00e9tait pas critiquable. Le juge cantonal a confirm\u00e9 la quotit\u00e9 de neuf jours de suspension, correspondant \u00e0 la sanction minimale pr\u00e9vue par le bar\u00e8me du SECO pour les assur\u00e9s ayant effectu\u00e9 des recherches d&#039;emploi insuffisantes pendant un d\u00e9lai de cong\u00e9 de trois mois.<\/p>\n<p>2.2. Au vu du contenu de son \u00e9criture du 5 mars 2026, on peut se demander si le recourant avait l&#039;intention de d\u00e9f\u00e9rer l&#039;arr\u00eat cantonal du 13 janvier 2026 au Tribunal f\u00e9d\u00e9ral. Cette question peut demeurer ind\u00e9cise, d\u00e8s lors qu&#039;en admettant une telle intention, le recours est quoi qu&#039;il en soit irrecevable. Dans ses tr\u00e8s br\u00e8ves \u00e9critures, le recourant se contente en effet de se plaindre de son \u00e9tat de sant\u00e9 et de fatigue, tout en soutenant avoir fourni beaucoup d&#039;efforts pour retrouver un emploi. Le recours ne contient toutefois aucune critique \u00e0 l&#039;encontre de la motivation de la cour cantonale. Le recourant n&#039;expose pas, m\u00eame bri\u00e8vement, en quoi l&#039;arr\u00eat cantonal violerait le droit. Le recours, qui ne contient pas non plus de conclusions, ne r\u00e9pond ainsi manifestement pas aux exigences de l&#039;art. 42 al. 1 et 2 LTF. Les attestations m\u00e9dicales que le recourant produit sont par ailleurs irrecevables en application de l&#039;art. 99 al. 1 LTF.<\/p>\n<p>2.3. Au vu de ce qui pr\u00e9c\u00e8de, le recours doit \u00eatre d\u00e9clar\u00e9 irrecevable selon la proc\u00e9dure simplifi\u00e9e de l&#039;art. 108 al. 1 let. b LTF.<\/p>\n<p>3.<\/p>\n<p>Au regard des circonstances, il convient de renoncer \u00e0 percevoir des frais judiciaires (art. 66 al. 1, seconde phrase, LTF).<\/p>\n<p>Par ces motifs, le Juge unique prononce :<\/p>\n<p>1.<\/p>\n<p>Le recours est irrecevable.<\/p>\n<p>2.<\/p>\n<p>Il n&#039;est pas per\u00e7u de frais judiciaires.<\/p>\n<p>3.<\/p>\n<p>Le pr\u00e9sent arr\u00eat est communiqu\u00e9 aux parties, au Tribunal cantonal du canton de Vaud, Cour des assurances sociales, et au Secr\u00e9tariat d&#039;\u00c9tat \u00e0 l&#039;\u00e9conomie (SECO).<\/p>\n<p>Lucerne, le 20 mars 2026<\/p>\n<p>Au nom de la IVe Cour de droit public<\/p>\n<p>du Tribunal f\u00e9d\u00e9ral suisse<\/p>\n<p>Le Juge unique : M\u00e9tral<\/p>\n<p>Le Greffier : Ourny<\/p>\n<\/div>\n<hr class=\"kji-sep\" \/>\n<p class=\"kji-source-links\"><strong>Sources officielles :<\/strong> <a class=\"kji-source-link\" href=\"https:\/\/search.bger.ch\/ext\/eurospider\/live\/fr\/php\/aza\/http\/index.php?lang=fr&#038;type=highlight_simple_query&#038;page=8&#038;from_date=&#038;to_date=&#038;sort=relevance&#038;insertion_date=&#038;top_subcollection_aza=all&#038;query_words=tribunal+federal&#038;rank=77&#038;azaclir=aza&#038;highlight_docid=aza%3A%2F%2F20-03-2026-8C_176-2026&#038;number_of_ranks=167925\" target=\"_blank\" rel=\"noopener noreferrer\">consulter la page source<\/a><\/p>\n<p class=\"kji-license-note\"><em>Source officielle Tribunal federal suisse. Contenu HTML public, PDF non garanti en version gratuite.<\/em><\/p>\n<\/div>\n","protected":false},"excerpt":{"rendered":"<p>Bundesgericht Tribunal f\u00e9d\u00e9ral Tribunale federale Tribunal federal 8C_176\/2026 Arr\u00eat du 20 mars 2026 IVe Cour de droit public Composition M. le Juge f\u00e9d\u00e9ral M\u00e9tral, en qualit\u00e9 de juge unique. Greffier : M. Ourny. Participants \u00e0 la proc\u00e9dure A.________, recourant, contre Direction g\u00e9n\u00e9rale de l&#8217;emploi et du march\u00e9 du travail du canton de Vaud, rue Caroline&#8230;<\/p>\n","protected":false},"featured_media":0,"template":"","meta":{"_crdt_document":""},"kji_country":[9676],"kji_court":[9677],"kji_chamber":[10137],"kji_year":[7610],"kji_subject":[7650],"kji_keyword":[9799,9679,9680,7636],"kji_language":[7733],"class_list":["post-563363","kji_decision","type-kji_decision","status-publish","hentry","kji_country-suisse","kji_court-tribunal-federal-suisse","kji_chamber-cour-de-droit-public","kji_year-7610","kji_subject-administratif","kji_keyword-bundesgericht","kji_keyword-federal","kji_keyword-suisse","kji_keyword-tribunal","kji_language-francais"],"yoast_head":"<!-- This site is optimized with the Yoast SEO Premium plugin v27.5 (Yoast SEO v27.5) - https:\/\/yoast.com\/product\/yoast-seo-premium-wordpress\/ -->\n<title>Tribunal f\u00e9d\u00e9ral suisse, 20 mars 2026, n\u00b0 8C 176-2026 - Ma\u00eetre Hassan Kohen, avocat en droit p\u00e9nal \u00e0 Paris<\/title>\n<meta name=\"robots\" content=\"index, follow, max-snippet:-1, max-image-preview:large, max-video-preview:-1\" \/>\n<link rel=\"canonical\" href=\"https:\/\/kohenavocats.com\/zh-hans\/jurisprudences\/tribunal-federal-suisse-20-mars-2026-n-8c-176-2026\/\" \/>\n<meta property=\"og:locale\" content=\"zh_CN\" \/>\n<meta property=\"og:type\" content=\"article\" \/>\n<meta property=\"og:title\" content=\"Tribunal f\u00e9d\u00e9ral suisse, 20 mars 2026, n\u00b0 8C 176-2026\" \/>\n<meta property=\"og:description\" content=\"Bundesgericht Tribunal f\u00e9d\u00e9ral Tribunale federale Tribunal federal 8C_176\/2026 Arr\u00eat du 20 mars 2026 IVe Cour de droit public Composition M. le Juge f\u00e9d\u00e9ral M\u00e9tral, en qualit\u00e9 de juge unique. Greffier : M. Ourny. Participants \u00e0 la proc\u00e9dure A.________, recourant, contre Direction g\u00e9n\u00e9rale de l&#039;emploi et du march\u00e9 du travail du canton de Vaud, rue Caroline...\" \/>\n<meta property=\"og:url\" content=\"https:\/\/kohenavocats.com\/zh-hans\/jurisprudences\/tribunal-federal-suisse-20-mars-2026-n-8c-176-2026\/\" \/>\n<meta property=\"og:site_name\" content=\"Ma\u00eetre Hassan Kohen, avocat en droit p\u00e9nal \u00e0 Paris\" \/>\n<meta name=\"twitter:card\" content=\"summary_large_image\" \/>\n<meta name=\"twitter:label1\" content=\"\u9884\u8ba1\u9605\u8bfb\u65f6\u95f4\" \/>\n\t<meta name=\"twitter:data1\" content=\"5 \u5206\" \/>\n<script type=\"application\/ld+json\" class=\"yoast-schema-graph\">{\"@context\":\"https:\\\/\\\/schema.org\",\"@graph\":[{\"@type\":\"WebPage\",\"@id\":\"https:\\\/\\\/kohenavocats.com\\\/zh-hans\\\/jurisprudences\\\/tribunal-federal-suisse-20-mars-2026-n-8c-176-2026\\\/\",\"url\":\"https:\\\/\\\/kohenavocats.com\\\/zh-hans\\\/jurisprudences\\\/tribunal-federal-suisse-20-mars-2026-n-8c-176-2026\\\/\",\"name\":\"Tribunal f\u00e9d\u00e9ral suisse, 20 mars 2026, n\u00b0 8C 176-2026 - Ma\u00eetre Hassan Kohen, avocat en droit p\u00e9nal \u00e0 Paris\",\"isPartOf\":{\"@id\":\"https:\\\/\\\/kohenavocats.com\\\/zh-hans\\\/#website\"},\"datePublished\":\"2026-04-14T23:33:15+00:00\",\"breadcrumb\":{\"@id\":\"https:\\\/\\\/kohenavocats.com\\\/zh-hans\\\/jurisprudences\\\/tribunal-federal-suisse-20-mars-2026-n-8c-176-2026\\\/#breadcrumb\"},\"inLanguage\":\"zh-Hans\",\"potentialAction\":[{\"@type\":\"ReadAction\",\"target\":[\"https:\\\/\\\/kohenavocats.com\\\/zh-hans\\\/jurisprudences\\\/tribunal-federal-suisse-20-mars-2026-n-8c-176-2026\\\/\"]}]},{\"@type\":\"BreadcrumbList\",\"@id\":\"https:\\\/\\\/kohenavocats.com\\\/zh-hans\\\/jurisprudences\\\/tribunal-federal-suisse-20-mars-2026-n-8c-176-2026\\\/#breadcrumb\",\"itemListElement\":[{\"@type\":\"ListItem\",\"position\":1,\"name\":\"Home\",\"item\":\"https:\\\/\\\/kohenavocats.com\\\/zh-hans\\\/\"},{\"@type\":\"ListItem\",\"position\":2,\"name\":\"Jurisprudences\",\"item\":\"https:\\\/\\\/kohenavocats.com\\\/zh-hans\\\/jurisprudences\\\/\"},{\"@type\":\"ListItem\",\"position\":3,\"name\":\"Tribunal f\u00e9d\u00e9ral suisse, 20 mars 2026, n\u00b0 8C 176-2026\"}]},{\"@type\":\"WebSite\",\"@id\":\"https:\\\/\\\/kohenavocats.com\\\/zh-hans\\\/#website\",\"url\":\"https:\\\/\\\/kohenavocats.com\\\/zh-hans\\\/\",\"name\":\"Kohen Avocats\",\"description\":\"Ma\u00eetre Hassan Kohen, avocat p\u00e9naliste \u00e0 Paris, intervient exclusivement en droit p\u00e9nal pour la d\u00e9fense des particuliers, notamment en mati\u00e8re d\u2019accusations de viol. Il assure un accompagnement rigoureux d\u00e8s la garde \u00e0 vue jusqu\u2019\u00e0 la Cour d\u2019assises, veillant au strict respect des garanties proc\u00e9durales.\",\"publisher\":{\"@id\":\"https:\\\/\\\/kohenavocats.com\\\/zh-hans\\\/#organization\"},\"potentialAction\":[{\"@type\":\"SearchAction\",\"target\":{\"@type\":\"EntryPoint\",\"urlTemplate\":\"https:\\\/\\\/kohenavocats.com\\\/zh-hans\\\/?s={search_term_string}\"},\"query-input\":{\"@type\":\"PropertyValueSpecification\",\"valueRequired\":true,\"valueName\":\"search_term_string\"}}],\"inLanguage\":\"zh-Hans\"},{\"@type\":\"Organization\",\"@id\":\"https:\\\/\\\/kohenavocats.com\\\/zh-hans\\\/#organization\",\"name\":\"Kohen Avocats\",\"url\":\"https:\\\/\\\/kohenavocats.com\\\/zh-hans\\\/\",\"logo\":{\"@type\":\"ImageObject\",\"inLanguage\":\"zh-Hans\",\"@id\":\"https:\\\/\\\/kohenavocats.com\\\/zh-hans\\\/#\\\/schema\\\/logo\\\/image\\\/\",\"url\":\"https:\\\/\\\/kohenavocats.com\\\/wp-content\\\/uploads\\\/2026\\\/01\\\/Logo-2-1.webp\",\"contentUrl\":\"https:\\\/\\\/kohenavocats.com\\\/wp-content\\\/uploads\\\/2026\\\/01\\\/Logo-2-1.webp\",\"width\":2114,\"height\":1253,\"caption\":\"Kohen Avocats\"},\"image\":{\"@id\":\"https:\\\/\\\/kohenavocats.com\\\/zh-hans\\\/#\\\/schema\\\/logo\\\/image\\\/\"}}]}<\/script>\n<!-- \/ Yoast SEO Premium plugin. -->","yoast_head_json":{"title":"Tribunal f\u00e9d\u00e9ral suisse, 20 mars 2026, n\u00b0 8C 176-2026 - Ma\u00eetre Hassan Kohen, avocat en droit p\u00e9nal \u00e0 Paris","robots":{"index":"index","follow":"follow","max-snippet":"max-snippet:-1","max-image-preview":"max-image-preview:large","max-video-preview":"max-video-preview:-1"},"canonical":"https:\/\/kohenavocats.com\/zh-hans\/jurisprudences\/tribunal-federal-suisse-20-mars-2026-n-8c-176-2026\/","og_locale":"zh_CN","og_type":"article","og_title":"Tribunal f\u00e9d\u00e9ral suisse, 20 mars 2026, n\u00b0 8C 176-2026","og_description":"Bundesgericht Tribunal f\u00e9d\u00e9ral Tribunale federale Tribunal federal 8C_176\/2026 Arr\u00eat du 20 mars 2026 IVe Cour de droit public Composition M. le Juge f\u00e9d\u00e9ral M\u00e9tral, en qualit\u00e9 de juge unique. Greffier : M. Ourny. Participants \u00e0 la proc\u00e9dure A.________, recourant, contre Direction g\u00e9n\u00e9rale de l'emploi et du march\u00e9 du travail du canton de Vaud, rue Caroline...","og_url":"https:\/\/kohenavocats.com\/zh-hans\/jurisprudences\/tribunal-federal-suisse-20-mars-2026-n-8c-176-2026\/","og_site_name":"Ma\u00eetre Hassan Kohen, avocat en droit p\u00e9nal \u00e0 Paris","twitter_card":"summary_large_image","twitter_misc":{"\u9884\u8ba1\u9605\u8bfb\u65f6\u95f4":"5 \u5206"},"schema":{"@context":"https:\/\/schema.org","@graph":[{"@type":"WebPage","@id":"https:\/\/kohenavocats.com\/zh-hans\/jurisprudences\/tribunal-federal-suisse-20-mars-2026-n-8c-176-2026\/","url":"https:\/\/kohenavocats.com\/zh-hans\/jurisprudences\/tribunal-federal-suisse-20-mars-2026-n-8c-176-2026\/","name":"Tribunal f\u00e9d\u00e9ral suisse, 20 mars 2026, n\u00b0 8C 176-2026 - Ma\u00eetre Hassan Kohen, avocat en droit p\u00e9nal \u00e0 Paris","isPartOf":{"@id":"https:\/\/kohenavocats.com\/zh-hans\/#website"},"datePublished":"2026-04-14T23:33:15+00:00","breadcrumb":{"@id":"https:\/\/kohenavocats.com\/zh-hans\/jurisprudences\/tribunal-federal-suisse-20-mars-2026-n-8c-176-2026\/#breadcrumb"},"inLanguage":"zh-Hans","potentialAction":[{"@type":"ReadAction","target":["https:\/\/kohenavocats.com\/zh-hans\/jurisprudences\/tribunal-federal-suisse-20-mars-2026-n-8c-176-2026\/"]}]},{"@type":"BreadcrumbList","@id":"https:\/\/kohenavocats.com\/zh-hans\/jurisprudences\/tribunal-federal-suisse-20-mars-2026-n-8c-176-2026\/#breadcrumb","itemListElement":[{"@type":"ListItem","position":1,"name":"Home","item":"https:\/\/kohenavocats.com\/zh-hans\/"},{"@type":"ListItem","position":2,"name":"Jurisprudences","item":"https:\/\/kohenavocats.com\/zh-hans\/jurisprudences\/"},{"@type":"ListItem","position":3,"name":"Tribunal f\u00e9d\u00e9ral suisse, 20 mars 2026, n\u00b0 8C 176-2026"}]},{"@type":"WebSite","@id":"https:\/\/kohenavocats.com\/zh-hans\/#website","url":"https:\/\/kohenavocats.com\/zh-hans\/","name":"Kohen Avocats","description":"Ma\u00eetre Hassan Kohen, avocat p\u00e9naliste \u00e0 Paris, intervient exclusivement en droit p\u00e9nal pour la d\u00e9fense des particuliers, notamment en mati\u00e8re d\u2019accusations de viol. Il assure un accompagnement rigoureux d\u00e8s la garde \u00e0 vue jusqu\u2019\u00e0 la Cour d\u2019assises, veillant au strict respect des garanties proc\u00e9durales.","publisher":{"@id":"https:\/\/kohenavocats.com\/zh-hans\/#organization"},"potentialAction":[{"@type":"SearchAction","target":{"@type":"EntryPoint","urlTemplate":"https:\/\/kohenavocats.com\/zh-hans\/?s={search_term_string}"},"query-input":{"@type":"PropertyValueSpecification","valueRequired":true,"valueName":"search_term_string"}}],"inLanguage":"zh-Hans"},{"@type":"Organization","@id":"https:\/\/kohenavocats.com\/zh-hans\/#organization","name":"Kohen Avocats","url":"https:\/\/kohenavocats.com\/zh-hans\/","logo":{"@type":"ImageObject","inLanguage":"zh-Hans","@id":"https:\/\/kohenavocats.com\/zh-hans\/#\/schema\/logo\/image\/","url":"https:\/\/kohenavocats.com\/wp-content\/uploads\/2026\/01\/Logo-2-1.webp","contentUrl":"https:\/\/kohenavocats.com\/wp-content\/uploads\/2026\/01\/Logo-2-1.webp","width":2114,"height":1253,"caption":"Kohen Avocats"},"image":{"@id":"https:\/\/kohenavocats.com\/zh-hans\/#\/schema\/logo\/image\/"}}]}},"jetpack_likes_enabled":false,"jetpack_sharing_enabled":true,"_links":{"self":[{"href":"https:\/\/kohenavocats.com\/zh-hans\/wp-json\/wp\/v2\/kji_decision\/563363","targetHints":{"allow":["GET"]}}],"collection":[{"href":"https:\/\/kohenavocats.com\/zh-hans\/wp-json\/wp\/v2\/kji_decision"}],"about":[{"href":"https:\/\/kohenavocats.com\/zh-hans\/wp-json\/wp\/v2\/types\/kji_decision"}],"wp:attachment":[{"href":"https:\/\/kohenavocats.com\/zh-hans\/wp-json\/wp\/v2\/media?parent=563363"}],"wp:term":[{"taxonomy":"kji_country","embeddable":true,"href":"https:\/\/kohenavocats.com\/zh-hans\/wp-json\/wp\/v2\/kji_country?post=563363"},{"taxonomy":"kji_court","embeddable":true,"href":"https:\/\/kohenavocats.com\/zh-hans\/wp-json\/wp\/v2\/kji_court?post=563363"},{"taxonomy":"kji_chamber","embeddable":true,"href":"https:\/\/kohenavocats.com\/zh-hans\/wp-json\/wp\/v2\/kji_chamber?post=563363"},{"taxonomy":"kji_year","embeddable":true,"href":"https:\/\/kohenavocats.com\/zh-hans\/wp-json\/wp\/v2\/kji_year?post=563363"},{"taxonomy":"kji_subject","embeddable":true,"href":"https:\/\/kohenavocats.com\/zh-hans\/wp-json\/wp\/v2\/kji_subject?post=563363"},{"taxonomy":"kji_keyword","embeddable":true,"href":"https:\/\/kohenavocats.com\/zh-hans\/wp-json\/wp\/v2\/kji_keyword?post=563363"},{"taxonomy":"kji_language","embeddable":true,"href":"https:\/\/kohenavocats.com\/zh-hans\/wp-json\/wp\/v2\/kji_language?post=563363"}],"curies":[{"name":"wp","href":"https:\/\/api.w.org\/{rel}","templated":true}]}}