{"id":563366,"date":"2026-04-15T01:33:22","date_gmt":"2026-04-14T23:33:22","guid":{"rendered":"https:\/\/kohenavocats.com\/jurisprudences\/tribunal-federal-suisse-20-mars-2026-n-9c-138-2026\/"},"modified":"2026-04-15T01:33:22","modified_gmt":"2026-04-14T23:33:22","slug":"tribunal-federal-suisse-20-mars-2026-n-9c-138-2026","status":"publish","type":"kji_decision","link":"https:\/\/kohenavocats.com\/zh-hans\/jurisprudences\/tribunal-federal-suisse-20-mars-2026-n-9c-138-2026\/","title":{"rendered":"Tribunal f\u00e9d\u00e9ral suisse, 20 mars 2026, n\u00b0 9C 138-2026"},"content":{"rendered":"<div class=\"kji-decision\">\n<div class=\"kji-full-text\">\n<p>Bundesgericht<\/p>\n<p>Tribunal f\u00e9d\u00e9ral<\/p>\n<p>Tribunale federale<\/p>\n<p>Tribunal federal<\/p>\n<p>9C_138\/2026<\/p>\n<p>Urteil vom 20. M\u00e4rz 2026<\/p>\n<p>III. \u00f6ffentlich-rechtliche Abteilung<\/p>\n<p>Besetzung<\/p>\n<p>Bundesrichterin Moser-Szeless, Pr\u00e4sidentin,<\/p>\n<p>Gerichtsschreiberin Stanger.<\/p>\n<p>Verfahrensbeteiligte<\/p>\n<p>A.________,<\/p>\n<p>Beschwerdef\u00fchrer,<\/p>\n<p>gegen<\/p>\n<p>Ausgleichskasse Nidwalden,<\/p>\n<p>Stansstaderstrasse 88, 6370 Stans,<\/p>\n<p>Beschwerdegegnerin.<\/p>\n<p>Gegenstand<\/p>\n<p>Alters- und Hinterlassenenversicherung,<\/p>\n<p>Beschwerde gegen das Urteil des Verwaltungsgerichts des Kantons Zug vom 19. Januar 2026 (S 2025 79).<\/p>\n<p>Erw\u00e4gungen:<\/p>\n<p>1.<\/p>\n<p>Mit Urteil vom 19. Januar 2026 wies das Verwaltungsgericht des Kantons Zug eine Beschwerde von A.________ gegen den Einspracheentscheid der Ausgleichskasse Nidwalden vom 16. Mai 2025 betreffend Haftung nach Art. 52 AHVG ab. Mit Beschwerde in \u00f6ffentlich-rechtlichen Angelegenheiten beantragt A.________ sinngem\u00e4ss, das angefochtene Urteil sei aufzuheben und eine Organhaftung zu verneinen.<\/p>\n<p>2.<\/p>\n<p>Ein Rechtsmittel hat gem\u00e4ss Art. 42 Abs. 1 und 2 BGG unter anderem die Begehren und deren Begr\u00fcndung zu enthalten, wobei in der Begr\u00fcndung in gedr\u00e4ngter Form darzulegen ist, inwiefern der angefochtene Akt Recht verletzt. Dabei ist konkret auf die f\u00fcr das Ergebnis des betreffenden Urteils massgeblichen Erw\u00e4gungen einzugehen und im Einzelnen aufzuzeigen, welche Vorschriften und weshalb sie von der Vorinstanz verletzt worden sein sollen (BGE 142 III 364 E. 2.4; 134 V 53 E. 3.3; 133 IV 286 E. 1.4). Rein appellatorische Kritik gen\u00fcgt nicht (BGE 145 I 26 E. 1.3; 140 III 264 E. 2.3).<\/p>\n<p>3.<\/p>\n<p>3.1. Die Vorinstanz bejahte die Schadenersatzpflicht des Beschwerdef\u00fchrers gem\u00e4ss Art. 52 AHVG f\u00fcr von der B.________ GmbH in Liquidation nicht bezahlte Sozialversicherungsbeitr\u00e4ge f\u00fcr die Jahre 2017, 2019 und 2020. Insbesondere erwog das kantonale Gericht, die Haftung umfasse nicht nur die w\u00e4hrend der Zeit als Organ der Gesellschaft f\u00e4llig gewordenen, sondern auch alle fr\u00fcheren Beitr\u00e4ge. Etwas anderes w\u00fcrde nur gelten, wenn bei Antritt des Mandats als Organ die Gesellschaft bereits zahlungsunf\u00e4hig und der Schaden bereits eingetreten gewesen w\u00e4re, was vorliegend nicht der Fall gewesen sei und auch nicht geltend gemacht werde.<\/p>\n<p>3.2.<\/p>\n<p>3.2.1. Der Beschwerdef\u00fchrer bestreitet eine Schadenersatzpflicht nach Art. 52 AHVG. Soweit er zur Begr\u00fcndung lediglich auf die Ausf\u00fchrungen in seiner Einsprache vom 24. April 2025 verweist, gen\u00fcgt dies den Anforderungen an die Begr\u00fcndungspflicht gem\u00e4ss Art. 42 Abs. 2 BGG zum Vornherein nicht. Die Begr\u00fcndung muss in der Beschwerde selber enthalten sein (BGE 144 V 173 E. 3.2.2; 143 II 283 E. 1.2.3).<\/p>\n<p>3.2.2. Im Weiteren bringt der Beschwerdef\u00fchrer &#8211; wie bereits im vorinstanzlichen Verfahren &#8211; vor, er sei erstmals im M\u00e4rz 2023 als Gesch\u00e4ftsf\u00fchrer der B.________ GmbH in Liquidation gew\u00e4hlt worden, s\u00e4mtliche von der Ausgleichskasse geltend gemachten Beitragszahlungen seien jedoch &quot;vor diesem Zeitpunkt f\u00e4llig bzw. geltend gemacht worden&quot;. Im \u00dcbrigen treffe ihn auch kein Verschulden an der Nichtbezahlung der AHV-Beitr\u00e4ge. Damit beschr\u00e4nkt der Beschwerdef\u00fchrer sich auf appellatorische Kritik, ohne sich mit den entscheidenden vorinstanzlichen Erw\u00e4gungen zu den Haftungsvoraussetzungen &#8211; insbesondere zur Haftung f\u00fcr Beitragsforderungen aus fr\u00fcheren Jahren &#8211; substanziiert auseinanderzusetzen. Er legt auch nicht ansatzweise dar, inwiefern die vorinstanzlichen Sachverhaltsfeststellungen im Sinne von Art. 97 Abs. 1 BGG auf einer Rechtsverletzung beruhen oder qualifiziert unzutreffend (unhaltbar, willk\u00fcrlich: BGE 147 IV 73 E. 4.1.2; 144 V 50 E. 4.2; 135 II 145 E. 8.1) sein oder die darauf beruhenden Erw\u00e4gungen eine Rechtsverletzung im Sinne von Art. 95 f. BGG darstellen sollen.<\/p>\n<p>4.<\/p>\n<p>Damit gen\u00fcgt die Eingabe des Beschwerdef\u00fchrers den gesetzlichen Anforderungen an eine Beschwerde offensichtlich nicht. Auf das Rechtsmittel ist im vereinfachten Verfahren nach Art. 108 Abs. 1 lit. b BGG nicht einzutreten. Auf die Erhebung von Gerichtskosten wird umst\u00e4ndehalber verzichtet (Art. 66 Abs. 1 Satz 2 BGG).<\/p>\n<p>Demnach erkennt die Pr\u00e4sidentin:<\/p>\n<p>1.<\/p>\n<p>Auf die Beschwerde wird nicht eingetreten.<\/p>\n<p>2.<\/p>\n<p>Es werden keine Gerichtskosten erhoben.<\/p>\n<p>3.<\/p>\n<p>Dieses Urteil wird den Parteien, dem Verwaltungsgericht des Kantons Zug und dem Bundesamt f\u00fcr Sozialversicherungen schriftlich mitgeteilt.<\/p>\n<p>Luzern, 20. M\u00e4rz 2026<\/p>\n<p>Im Namen der III. \u00f6ffentlich-rechtlichen Abteilung<\/p>\n<p>des Schweizerischen Bundesgerichts<\/p>\n<p>Die Pr\u00e4sidentin: Moser-Szeless<\/p>\n<p>Die Gerichtsschreiberin: Stanger<\/p>\n<\/div>\n<hr class=\"kji-sep\" \/>\n<p class=\"kji-source-links\"><strong>Sources officielles :<\/strong> <a class=\"kji-source-link\" href=\"https:\/\/search.bger.ch\/ext\/eurospider\/live\/fr\/php\/aza\/http\/index.php?lang=fr&#038;type=highlight_simple_query&#038;page=8&#038;from_date=&#038;to_date=&#038;sort=relevance&#038;insertion_date=&#038;top_subcollection_aza=all&#038;query_words=tribunal+federal&#038;rank=74&#038;azaclir=aza&#038;highlight_docid=aza%3A%2F%2F20-03-2026-9C_138-2026&#038;number_of_ranks=167925\" target=\"_blank\" rel=\"noopener noreferrer\">consulter la page source<\/a><\/p>\n<p class=\"kji-license-note\"><em>Source officielle Tribunal federal suisse. Contenu HTML public, PDF non garanti en version gratuite.<\/em><\/p>\n<\/div>\n","protected":false},"excerpt":{"rendered":"<p>Bundesgericht Tribunal f\u00e9d\u00e9ral Tribunale federale Tribunal federal 9C_138\/2026 Urteil vom 20. M\u00e4rz 2026 III. \u00f6ffentlich-rechtliche Abteilung Besetzung Bundesrichterin Moser-Szeless, Pr\u00e4sidentin, Gerichtsschreiberin Stanger. Verfahrensbeteiligte A.________, Beschwerdef\u00fchrer, gegen Ausgleichskasse Nidwalden, Stansstaderstrasse 88, 6370 Stans, Beschwerdegegnerin. Gegenstand Alters- und Hinterlassenenversicherung, Beschwerde gegen das Urteil des Verwaltungsgerichts des Kantons Zug vom 19. Januar 2026 (S 2025 79). Erw\u00e4gungen: 1&#8230;.<\/p>\n","protected":false},"featured_media":0,"template":"","meta":{"_crdt_document":""},"kji_country":[9676],"kji_court":[9677],"kji_chamber":[9678],"kji_year":[7610],"kji_subject":[7712],"kji_keyword":[9799,9679,9680,7636],"kji_language":[7685],"class_list":["post-563366","kji_decision","type-kji_decision","status-publish","hentry","kji_country-suisse","kji_court-tribunal-federal-suisse","kji_chamber-iie-cour-de-droit-social","kji_year-7610","kji_subject-social","kji_keyword-bundesgericht","kji_keyword-federal","kji_keyword-suisse","kji_keyword-tribunal","kji_language-italien"],"yoast_head":"<!-- This site is optimized with the Yoast SEO Premium plugin v27.4 (Yoast SEO v27.4) - https:\/\/yoast.com\/product\/yoast-seo-premium-wordpress\/ -->\n<title>Tribunal f\u00e9d\u00e9ral suisse, 20 mars 2026, n\u00b0 9C 138-2026 - Ma\u00eetre Hassan Kohen, avocat en droit p\u00e9nal \u00e0 Paris<\/title>\n<meta name=\"robots\" content=\"index, follow, max-snippet:-1, max-image-preview:large, max-video-preview:-1\" \/>\n<link rel=\"canonical\" href=\"https:\/\/kohenavocats.com\/zh-hans\/jurisprudences\/tribunal-federal-suisse-20-mars-2026-n-9c-138-2026\/\" \/>\n<meta property=\"og:locale\" content=\"zh_CN\" \/>\n<meta property=\"og:type\" content=\"article\" \/>\n<meta property=\"og:title\" content=\"Tribunal f\u00e9d\u00e9ral suisse, 20 mars 2026, n\u00b0 9C 138-2026\" \/>\n<meta property=\"og:description\" content=\"Bundesgericht Tribunal f\u00e9d\u00e9ral Tribunale federale Tribunal federal 9C_138\/2026 Urteil vom 20. M\u00e4rz 2026 III. \u00f6ffentlich-rechtliche Abteilung Besetzung Bundesrichterin Moser-Szeless, Pr\u00e4sidentin, Gerichtsschreiberin Stanger. Verfahrensbeteiligte A.________, Beschwerdef\u00fchrer, gegen Ausgleichskasse Nidwalden, Stansstaderstrasse 88, 6370 Stans, Beschwerdegegnerin. Gegenstand Alters- und Hinterlassenenversicherung, Beschwerde gegen das Urteil des Verwaltungsgerichts des Kantons Zug vom 19. Januar 2026 (S 2025 79). Erw\u00e4gungen: 1....\" \/>\n<meta property=\"og:url\" content=\"https:\/\/kohenavocats.com\/zh-hans\/jurisprudences\/tribunal-federal-suisse-20-mars-2026-n-9c-138-2026\/\" \/>\n<meta property=\"og:site_name\" content=\"Ma\u00eetre Hassan Kohen, avocat en droit p\u00e9nal \u00e0 Paris\" \/>\n<meta name=\"twitter:card\" content=\"summary_large_image\" \/>\n<meta name=\"twitter:label1\" content=\"\u9884\u8ba1\u9605\u8bfb\u65f6\u95f4\" \/>\n\t<meta name=\"twitter:data1\" content=\"3 \u5206\" \/>\n<script type=\"application\/ld+json\" class=\"yoast-schema-graph\">{\"@context\":\"https:\\\/\\\/schema.org\",\"@graph\":[{\"@type\":\"WebPage\",\"@id\":\"https:\\\/\\\/kohenavocats.com\\\/zh-hans\\\/jurisprudences\\\/tribunal-federal-suisse-20-mars-2026-n-9c-138-2026\\\/\",\"url\":\"https:\\\/\\\/kohenavocats.com\\\/zh-hans\\\/jurisprudences\\\/tribunal-federal-suisse-20-mars-2026-n-9c-138-2026\\\/\",\"name\":\"Tribunal f\u00e9d\u00e9ral suisse, 20 mars 2026, n\u00b0 9C 138-2026 - Ma\u00eetre Hassan Kohen, avocat en droit p\u00e9nal \u00e0 Paris\",\"isPartOf\":{\"@id\":\"https:\\\/\\\/kohenavocats.com\\\/zh-hans\\\/#website\"},\"datePublished\":\"2026-04-14T23:33:22+00:00\",\"breadcrumb\":{\"@id\":\"https:\\\/\\\/kohenavocats.com\\\/zh-hans\\\/jurisprudences\\\/tribunal-federal-suisse-20-mars-2026-n-9c-138-2026\\\/#breadcrumb\"},\"inLanguage\":\"zh-Hans\",\"potentialAction\":[{\"@type\":\"ReadAction\",\"target\":[\"https:\\\/\\\/kohenavocats.com\\\/zh-hans\\\/jurisprudences\\\/tribunal-federal-suisse-20-mars-2026-n-9c-138-2026\\\/\"]}]},{\"@type\":\"BreadcrumbList\",\"@id\":\"https:\\\/\\\/kohenavocats.com\\\/zh-hans\\\/jurisprudences\\\/tribunal-federal-suisse-20-mars-2026-n-9c-138-2026\\\/#breadcrumb\",\"itemListElement\":[{\"@type\":\"ListItem\",\"position\":1,\"name\":\"Home\",\"item\":\"https:\\\/\\\/kohenavocats.com\\\/zh-hans\\\/\"},{\"@type\":\"ListItem\",\"position\":2,\"name\":\"Jurisprudences\",\"item\":\"https:\\\/\\\/kohenavocats.com\\\/zh-hans\\\/jurisprudences\\\/\"},{\"@type\":\"ListItem\",\"position\":3,\"name\":\"Tribunal f\u00e9d\u00e9ral suisse, 20 mars 2026, n\u00b0 9C 138-2026\"}]},{\"@type\":\"WebSite\",\"@id\":\"https:\\\/\\\/kohenavocats.com\\\/zh-hans\\\/#website\",\"url\":\"https:\\\/\\\/kohenavocats.com\\\/zh-hans\\\/\",\"name\":\"Kohen Avocats\",\"description\":\"Ma\u00eetre Hassan Kohen, avocat p\u00e9naliste \u00e0 Paris, intervient exclusivement en droit p\u00e9nal pour la d\u00e9fense des particuliers, notamment en mati\u00e8re d\u2019accusations de viol. Il assure un accompagnement rigoureux d\u00e8s la garde \u00e0 vue jusqu\u2019\u00e0 la Cour d\u2019assises, veillant au strict respect des garanties proc\u00e9durales.\",\"publisher\":{\"@id\":\"https:\\\/\\\/kohenavocats.com\\\/zh-hans\\\/#organization\"},\"potentialAction\":[{\"@type\":\"SearchAction\",\"target\":{\"@type\":\"EntryPoint\",\"urlTemplate\":\"https:\\\/\\\/kohenavocats.com\\\/zh-hans\\\/?s={search_term_string}\"},\"query-input\":{\"@type\":\"PropertyValueSpecification\",\"valueRequired\":true,\"valueName\":\"search_term_string\"}}],\"inLanguage\":\"zh-Hans\"},{\"@type\":\"Organization\",\"@id\":\"https:\\\/\\\/kohenavocats.com\\\/zh-hans\\\/#organization\",\"name\":\"Kohen Avocats\",\"url\":\"https:\\\/\\\/kohenavocats.com\\\/zh-hans\\\/\",\"logo\":{\"@type\":\"ImageObject\",\"inLanguage\":\"zh-Hans\",\"@id\":\"https:\\\/\\\/kohenavocats.com\\\/zh-hans\\\/#\\\/schema\\\/logo\\\/image\\\/\",\"url\":\"https:\\\/\\\/kohenavocats.com\\\/wp-content\\\/uploads\\\/2026\\\/01\\\/Logo-2-1.webp\",\"contentUrl\":\"https:\\\/\\\/kohenavocats.com\\\/wp-content\\\/uploads\\\/2026\\\/01\\\/Logo-2-1.webp\",\"width\":2114,\"height\":1253,\"caption\":\"Kohen Avocats\"},\"image\":{\"@id\":\"https:\\\/\\\/kohenavocats.com\\\/zh-hans\\\/#\\\/schema\\\/logo\\\/image\\\/\"}}]}<\/script>\n<!-- \/ Yoast SEO Premium plugin. -->","yoast_head_json":{"title":"Tribunal f\u00e9d\u00e9ral suisse, 20 mars 2026, n\u00b0 9C 138-2026 - Ma\u00eetre Hassan Kohen, avocat en droit p\u00e9nal \u00e0 Paris","robots":{"index":"index","follow":"follow","max-snippet":"max-snippet:-1","max-image-preview":"max-image-preview:large","max-video-preview":"max-video-preview:-1"},"canonical":"https:\/\/kohenavocats.com\/zh-hans\/jurisprudences\/tribunal-federal-suisse-20-mars-2026-n-9c-138-2026\/","og_locale":"zh_CN","og_type":"article","og_title":"Tribunal f\u00e9d\u00e9ral suisse, 20 mars 2026, n\u00b0 9C 138-2026","og_description":"Bundesgericht Tribunal f\u00e9d\u00e9ral Tribunale federale Tribunal federal 9C_138\/2026 Urteil vom 20. M\u00e4rz 2026 III. \u00f6ffentlich-rechtliche Abteilung Besetzung Bundesrichterin Moser-Szeless, Pr\u00e4sidentin, Gerichtsschreiberin Stanger. Verfahrensbeteiligte A.________, Beschwerdef\u00fchrer, gegen Ausgleichskasse Nidwalden, Stansstaderstrasse 88, 6370 Stans, Beschwerdegegnerin. Gegenstand Alters- und Hinterlassenenversicherung, Beschwerde gegen das Urteil des Verwaltungsgerichts des Kantons Zug vom 19. Januar 2026 (S 2025 79). Erw\u00e4gungen: 1....","og_url":"https:\/\/kohenavocats.com\/zh-hans\/jurisprudences\/tribunal-federal-suisse-20-mars-2026-n-9c-138-2026\/","og_site_name":"Ma\u00eetre Hassan Kohen, avocat en droit p\u00e9nal \u00e0 Paris","twitter_card":"summary_large_image","twitter_misc":{"\u9884\u8ba1\u9605\u8bfb\u65f6\u95f4":"3 \u5206"},"schema":{"@context":"https:\/\/schema.org","@graph":[{"@type":"WebPage","@id":"https:\/\/kohenavocats.com\/zh-hans\/jurisprudences\/tribunal-federal-suisse-20-mars-2026-n-9c-138-2026\/","url":"https:\/\/kohenavocats.com\/zh-hans\/jurisprudences\/tribunal-federal-suisse-20-mars-2026-n-9c-138-2026\/","name":"Tribunal f\u00e9d\u00e9ral suisse, 20 mars 2026, n\u00b0 9C 138-2026 - Ma\u00eetre Hassan Kohen, avocat en droit p\u00e9nal \u00e0 Paris","isPartOf":{"@id":"https:\/\/kohenavocats.com\/zh-hans\/#website"},"datePublished":"2026-04-14T23:33:22+00:00","breadcrumb":{"@id":"https:\/\/kohenavocats.com\/zh-hans\/jurisprudences\/tribunal-federal-suisse-20-mars-2026-n-9c-138-2026\/#breadcrumb"},"inLanguage":"zh-Hans","potentialAction":[{"@type":"ReadAction","target":["https:\/\/kohenavocats.com\/zh-hans\/jurisprudences\/tribunal-federal-suisse-20-mars-2026-n-9c-138-2026\/"]}]},{"@type":"BreadcrumbList","@id":"https:\/\/kohenavocats.com\/zh-hans\/jurisprudences\/tribunal-federal-suisse-20-mars-2026-n-9c-138-2026\/#breadcrumb","itemListElement":[{"@type":"ListItem","position":1,"name":"Home","item":"https:\/\/kohenavocats.com\/zh-hans\/"},{"@type":"ListItem","position":2,"name":"Jurisprudences","item":"https:\/\/kohenavocats.com\/zh-hans\/jurisprudences\/"},{"@type":"ListItem","position":3,"name":"Tribunal f\u00e9d\u00e9ral suisse, 20 mars 2026, n\u00b0 9C 138-2026"}]},{"@type":"WebSite","@id":"https:\/\/kohenavocats.com\/zh-hans\/#website","url":"https:\/\/kohenavocats.com\/zh-hans\/","name":"Kohen Avocats","description":"Ma\u00eetre Hassan Kohen, avocat p\u00e9naliste \u00e0 Paris, intervient exclusivement en droit p\u00e9nal pour la d\u00e9fense des particuliers, notamment en mati\u00e8re d\u2019accusations de viol. Il assure un accompagnement rigoureux d\u00e8s la garde \u00e0 vue jusqu\u2019\u00e0 la Cour d\u2019assises, veillant au strict respect des garanties proc\u00e9durales.","publisher":{"@id":"https:\/\/kohenavocats.com\/zh-hans\/#organization"},"potentialAction":[{"@type":"SearchAction","target":{"@type":"EntryPoint","urlTemplate":"https:\/\/kohenavocats.com\/zh-hans\/?s={search_term_string}"},"query-input":{"@type":"PropertyValueSpecification","valueRequired":true,"valueName":"search_term_string"}}],"inLanguage":"zh-Hans"},{"@type":"Organization","@id":"https:\/\/kohenavocats.com\/zh-hans\/#organization","name":"Kohen Avocats","url":"https:\/\/kohenavocats.com\/zh-hans\/","logo":{"@type":"ImageObject","inLanguage":"zh-Hans","@id":"https:\/\/kohenavocats.com\/zh-hans\/#\/schema\/logo\/image\/","url":"https:\/\/kohenavocats.com\/wp-content\/uploads\/2026\/01\/Logo-2-1.webp","contentUrl":"https:\/\/kohenavocats.com\/wp-content\/uploads\/2026\/01\/Logo-2-1.webp","width":2114,"height":1253,"caption":"Kohen Avocats"},"image":{"@id":"https:\/\/kohenavocats.com\/zh-hans\/#\/schema\/logo\/image\/"}}]}},"jetpack_likes_enabled":false,"jetpack_sharing_enabled":true,"_links":{"self":[{"href":"https:\/\/kohenavocats.com\/zh-hans\/wp-json\/wp\/v2\/kji_decision\/563366","targetHints":{"allow":["GET"]}}],"collection":[{"href":"https:\/\/kohenavocats.com\/zh-hans\/wp-json\/wp\/v2\/kji_decision"}],"about":[{"href":"https:\/\/kohenavocats.com\/zh-hans\/wp-json\/wp\/v2\/types\/kji_decision"}],"wp:attachment":[{"href":"https:\/\/kohenavocats.com\/zh-hans\/wp-json\/wp\/v2\/media?parent=563366"}],"wp:term":[{"taxonomy":"kji_country","embeddable":true,"href":"https:\/\/kohenavocats.com\/zh-hans\/wp-json\/wp\/v2\/kji_country?post=563366"},{"taxonomy":"kji_court","embeddable":true,"href":"https:\/\/kohenavocats.com\/zh-hans\/wp-json\/wp\/v2\/kji_court?post=563366"},{"taxonomy":"kji_chamber","embeddable":true,"href":"https:\/\/kohenavocats.com\/zh-hans\/wp-json\/wp\/v2\/kji_chamber?post=563366"},{"taxonomy":"kji_year","embeddable":true,"href":"https:\/\/kohenavocats.com\/zh-hans\/wp-json\/wp\/v2\/kji_year?post=563366"},{"taxonomy":"kji_subject","embeddable":true,"href":"https:\/\/kohenavocats.com\/zh-hans\/wp-json\/wp\/v2\/kji_subject?post=563366"},{"taxonomy":"kji_keyword","embeddable":true,"href":"https:\/\/kohenavocats.com\/zh-hans\/wp-json\/wp\/v2\/kji_keyword?post=563366"},{"taxonomy":"kji_language","embeddable":true,"href":"https:\/\/kohenavocats.com\/zh-hans\/wp-json\/wp\/v2\/kji_language?post=563366"}],"curies":[{"name":"wp","href":"https:\/\/api.w.org\/{rel}","templated":true}]}}