{"id":563374,"date":"2026-04-15T01:33:43","date_gmt":"2026-04-14T23:33:43","guid":{"rendered":"https:\/\/kohenavocats.com\/jurisprudences\/tribunal-federal-suisse-20-mars-2026-n-5a-255-2026\/"},"modified":"2026-04-15T01:33:43","modified_gmt":"2026-04-14T23:33:43","slug":"tribunal-federal-suisse-20-mars-2026-n-5a-255-2026","status":"publish","type":"kji_decision","link":"https:\/\/kohenavocats.com\/zh-hans\/jurisprudences\/tribunal-federal-suisse-20-mars-2026-n-5a-255-2026\/","title":{"rendered":"Tribunal f\u00e9d\u00e9ral suisse, 20 mars 2026, n\u00b0 5A 255-2026"},"content":{"rendered":"<div class=\"kji-decision\">\n<div class=\"kji-full-text\">\n<p>Bundesgericht<\/p>\n<p>Tribunal f\u00e9d\u00e9ral<\/p>\n<p>Tribunale federale<\/p>\n<p>Tribunal federal<\/p>\n<p>5A_255\/2026<\/p>\n<p>Urteil vom 20. M\u00e4rz 2026<\/p>\n<p>II. zivilrechtliche Abteilung<\/p>\n<p>Besetzung<\/p>\n<p>Bundesrichter Bovey, Pr\u00e4sident,<\/p>\n<p>Gerichtsschreiber Zingg.<\/p>\n<p>Verfahrensbeteiligte<\/p>\n<p>A.________,<\/p>\n<p>Beschwerdef\u00fchrer,<\/p>\n<p>gegen<\/p>\n<p>Betreibungsamt Zug,<\/p>\n<p>Gubelstrasse 22, Postfach 1258, 6301 Zug.<\/p>\n<p>Gegenstand<\/p>\n<p>Aufschiebende Wirkung (Pf\u00e4ndungsvollzug),<\/p>\n<p>Beschwerde gegen die Verf\u00fcgung des Obergerichts des Kantons Zug, II. Beschwerdeabteilung, Aufsichtsbeh\u00f6rde \u00fcber Schuldbetreibung und Konkurs, vom 11. M\u00e4rz 2026 (BA 2026 21).<\/p>\n<p>Erw\u00e4gungen:<\/p>\n<p>1.<\/p>\n<p>Am 6. M\u00e4rz 2026 k\u00fcndigte das Betreibungsamt Zug dem Beschwerdef\u00fchrer an, zum Abschluss der Pf\u00e4ndung vom 20. Februar 2026 den Vollzug am 12. M\u00e4rz 2026, 14.00 Uhr, bei ihm zuhause vorzunehmen. Der Beschwerdef\u00fchrer wurde aufgefordert, am Termin anwesend zu sein oder sich vertreten zu lassen, unter Hinweis auf die Strafandrohung von Art. 292 StGB.<\/p>\n<p>Gegen die Ank\u00fcndigung des Pf\u00e4ndungsvollzugs erhob der Beschwerdef\u00fchrer am 10. M\u00e4rz 2026 Beschwerde. Am 11. M\u00e4rz 2026 wies das Obergericht des Kantons Zug das Gesuch um aufschiebende Wirkung ab (Verfahren BA 2026 21).<\/p>\n<p>Mit einer auf den 18. M\u00e4rz 2026 datierten Eingabe (Poststempel 19. M\u00e4rz 2026) hat der Beschwerdef\u00fchrer Beschwerde an das Bundesgericht erhoben.<\/p>\n<p>2.<\/p>\n<p>Der Beschwerdef\u00fchrer richtet die Beschwerde gegen die Nichtanordnung der aufschiebenden Wirkung vom 11. M\u00e4rz 2026 im Verfahren Z1 2025 39. Im Verfahren Z1 2025 39 gibt es keine solche Verf\u00fcgung. Die Beschwerde richtet sich vielmehr gegen die Verf\u00fcgung vom 11. M\u00e4rz 2026 im Verfahren BA 2026 21, die der Beschwerdef\u00fchrer der Beschwerde auch beigelegt hat.<\/p>\n<p>3.<\/p>\n<p>Die angefochtene Verf\u00fcgung ist ein Zwischenentscheid, der nur angefochten werden kann, wenn er einen nicht wieder gutzumachenden Nachteil bewirken kann (Art. 93 Abs. 1 lit. a BGG), was von der beschwerdef\u00fchrenden Partei darzutun ist.<\/p>\n<p>Der angesetzte Pf\u00e4ndungstermin ist bereits verstrichen. Gem\u00e4ss Darstellung des Beschwerdef\u00fchrers fand die Pf\u00e4ndung in seiner Wohnung in seiner Abwesenheit statt. Der Beschwerdef\u00fchrer macht nicht geltend, dass ihm in Bezug auf die Pf\u00e4ndung als solche ein nicht wiedergutzumachender Nachteil drohen k\u00f6nnte. Er sieht den nicht wiedergutzumachenden Nachteil vielmehr im drohenden Strafverfahren und der m\u00f6glichen Verurteilung. Inwiefern ihm in diesem Zusammenhang unmittelbar ein Nachteil drohen k\u00f6nnte, legt er nicht dar. Ob die Verf\u00fcgung vom 6. M\u00e4rz 2026 und damit auch die Strafandrohung rechtm\u00e4ssig war, ist Gegenstand des h\u00e4ngigen obergerichtlichen Verfahrens.<\/p>\n<p>Die Beschwerde ist offensichtlich unzul\u00e4ssig. Der Abteilungspr\u00e4sident tritt auf sie im vereinfachten Verfahren nicht ein (Art. 108 Abs. 1 lit. a BGG). Die Gesuche um vorsorgliche Massnahmen im bundesgerichtlichen Verfahren werden damit gegenstandslos.<\/p>\n<p>4.<\/p>\n<p>Bei diesem Ausgang des Verfahrens tr\u00e4gt der Beschwerdef\u00fchrer die Gerichtskosten (Art. 66 Abs. 1 BGG). Wie die vorstehenden Erw\u00e4gungen zeigen, war die Beschwerde von vornherein aussichtslos. Das Gesuch um unentgeltliche Rechtspflege ist abzuweisen (Art. 64 Abs. 1 BGG).<\/p>\n<p>Demnach erkennt der Pr\u00e4sident:<\/p>\n<p>1.<\/p>\n<p>Auf die Beschwerde wird nicht eingetreten.<\/p>\n<p>2.<\/p>\n<p>Das Gesuch um unentgeltliche Rechtspflege wird abgewiesen.<\/p>\n<p>3.<\/p>\n<p>Die Gerichtskosten von Fr. 1&#039;000.&#8211; werden dem Beschwerdef\u00fchrer auferlegt.<\/p>\n<p>4.<\/p>\n<p>Dieses Urteil wird den Verfahrensbeteiligten und dem Obergericht des Kantons Zug, II. Beschwerdeabteilung, Aufsichtsbeh\u00f6rde \u00fcber Schuldbetreibung und Konkurs, mitgeteilt.<\/p>\n<p>Lausanne, 20. M\u00e4rz 2026<\/p>\n<p>Im Namen der II. zivilrechtlichen Abteilung<\/p>\n<p>des Schweizerischen Bundesgerichts<\/p>\n<p>Der Pr\u00e4sident: Bovey<\/p>\n<p>Der Gerichtsschreiber: Zingg<\/p>\n<\/div>\n<hr class=\"kji-sep\" \/>\n<p class=\"kji-source-links\"><strong>Sources officielles :<\/strong> <a class=\"kji-source-link\" href=\"https:\/\/search.bger.ch\/ext\/eurospider\/live\/fr\/php\/aza\/http\/index.php?lang=fr&#038;type=highlight_simple_query&#038;page=7&#038;from_date=&#038;to_date=&#038;sort=relevance&#038;insertion_date=&#038;top_subcollection_aza=all&#038;query_words=tribunal+federal&#038;rank=66&#038;azaclir=aza&#038;highlight_docid=aza%3A%2F%2F20-03-2026-5A_255-2026&#038;number_of_ranks=167925\" target=\"_blank\" rel=\"noopener noreferrer\">consulter la page source<\/a><\/p>\n<p class=\"kji-license-note\"><em>Source officielle Tribunal federal suisse. Contenu HTML public, PDF non garanti en version gratuite.<\/em><\/p>\n<\/div>\n","protected":false},"excerpt":{"rendered":"<p>Bundesgericht Tribunal f\u00e9d\u00e9ral Tribunale federale Tribunal federal 5A_255\/2026 Urteil vom 20. M\u00e4rz 2026 II. zivilrechtliche Abteilung Besetzung Bundesrichter Bovey, Pr\u00e4sident, Gerichtsschreiber Zingg. Verfahrensbeteiligte A.________, Beschwerdef\u00fchrer, gegen Betreibungsamt Zug, Gubelstrasse 22, Postfach 1258, 6301 Zug. Gegenstand Aufschiebende Wirkung (Pf\u00e4ndungsvollzug), Beschwerde gegen die Verf\u00fcgung des Obergerichts des Kantons Zug, II. Beschwerdeabteilung, Aufsichtsbeh\u00f6rde \u00fcber Schuldbetreibung und Konkurs, vom&#8230;<\/p>\n","protected":false},"featured_media":0,"template":"","meta":{"_crdt_document":""},"kji_country":[9676],"kji_court":[9677],"kji_chamber":[10160],"kji_year":[7610],"kji_subject":[7724],"kji_keyword":[9799,9679,9680,7636],"kji_language":[7685],"class_list":["post-563374","kji_decision","type-kji_decision","status-publish","hentry","kji_country-suisse","kji_court-tribunal-federal-suisse","kji_chamber-iie-cour-de-droit-civil","kji_year-7610","kji_subject-civil","kji_keyword-bundesgericht","kji_keyword-federal","kji_keyword-suisse","kji_keyword-tribunal","kji_language-italien"],"yoast_head":"<!-- This site is optimized with the Yoast SEO Premium plugin v27.5 (Yoast SEO v27.5) - https:\/\/yoast.com\/product\/yoast-seo-premium-wordpress\/ -->\n<title>Tribunal f\u00e9d\u00e9ral suisse, 20 mars 2026, n\u00b0 5A 255-2026 - Ma\u00eetre Hassan Kohen, avocat en droit p\u00e9nal \u00e0 Paris<\/title>\n<meta name=\"robots\" content=\"index, follow, max-snippet:-1, max-image-preview:large, max-video-preview:-1\" \/>\n<link rel=\"canonical\" href=\"https:\/\/kohenavocats.com\/zh-hans\/jurisprudences\/tribunal-federal-suisse-20-mars-2026-n-5a-255-2026\/\" \/>\n<meta property=\"og:locale\" content=\"zh_CN\" \/>\n<meta property=\"og:type\" content=\"article\" \/>\n<meta property=\"og:title\" content=\"Tribunal f\u00e9d\u00e9ral suisse, 20 mars 2026, n\u00b0 5A 255-2026\" \/>\n<meta property=\"og:description\" content=\"Bundesgericht Tribunal f\u00e9d\u00e9ral Tribunale federale Tribunal federal 5A_255\/2026 Urteil vom 20. M\u00e4rz 2026 II. zivilrechtliche Abteilung Besetzung Bundesrichter Bovey, Pr\u00e4sident, Gerichtsschreiber Zingg. Verfahrensbeteiligte A.________, Beschwerdef\u00fchrer, gegen Betreibungsamt Zug, Gubelstrasse 22, Postfach 1258, 6301 Zug. Gegenstand Aufschiebende Wirkung (Pf\u00e4ndungsvollzug), Beschwerde gegen die Verf\u00fcgung des Obergerichts des Kantons Zug, II. Beschwerdeabteilung, Aufsichtsbeh\u00f6rde \u00fcber Schuldbetreibung und Konkurs, vom...\" \/>\n<meta property=\"og:url\" content=\"https:\/\/kohenavocats.com\/zh-hans\/jurisprudences\/tribunal-federal-suisse-20-mars-2026-n-5a-255-2026\/\" \/>\n<meta property=\"og:site_name\" content=\"Ma\u00eetre Hassan Kohen, avocat en droit p\u00e9nal \u00e0 Paris\" \/>\n<meta name=\"twitter:card\" content=\"summary_large_image\" \/>\n<meta name=\"twitter:label1\" content=\"\u9884\u8ba1\u9605\u8bfb\u65f6\u95f4\" \/>\n\t<meta name=\"twitter:data1\" content=\"3 \u5206\" \/>\n<script type=\"application\/ld+json\" class=\"yoast-schema-graph\">{\"@context\":\"https:\\\/\\\/schema.org\",\"@graph\":[{\"@type\":\"WebPage\",\"@id\":\"https:\\\/\\\/kohenavocats.com\\\/zh-hans\\\/jurisprudences\\\/tribunal-federal-suisse-20-mars-2026-n-5a-255-2026\\\/\",\"url\":\"https:\\\/\\\/kohenavocats.com\\\/zh-hans\\\/jurisprudences\\\/tribunal-federal-suisse-20-mars-2026-n-5a-255-2026\\\/\",\"name\":\"Tribunal f\u00e9d\u00e9ral suisse, 20 mars 2026, n\u00b0 5A 255-2026 - Ma\u00eetre Hassan Kohen, avocat en droit p\u00e9nal \u00e0 Paris\",\"isPartOf\":{\"@id\":\"https:\\\/\\\/kohenavocats.com\\\/zh-hans\\\/#website\"},\"datePublished\":\"2026-04-14T23:33:43+00:00\",\"breadcrumb\":{\"@id\":\"https:\\\/\\\/kohenavocats.com\\\/zh-hans\\\/jurisprudences\\\/tribunal-federal-suisse-20-mars-2026-n-5a-255-2026\\\/#breadcrumb\"},\"inLanguage\":\"zh-Hans\",\"potentialAction\":[{\"@type\":\"ReadAction\",\"target\":[\"https:\\\/\\\/kohenavocats.com\\\/zh-hans\\\/jurisprudences\\\/tribunal-federal-suisse-20-mars-2026-n-5a-255-2026\\\/\"]}]},{\"@type\":\"BreadcrumbList\",\"@id\":\"https:\\\/\\\/kohenavocats.com\\\/zh-hans\\\/jurisprudences\\\/tribunal-federal-suisse-20-mars-2026-n-5a-255-2026\\\/#breadcrumb\",\"itemListElement\":[{\"@type\":\"ListItem\",\"position\":1,\"name\":\"Home\",\"item\":\"https:\\\/\\\/kohenavocats.com\\\/zh-hans\\\/\"},{\"@type\":\"ListItem\",\"position\":2,\"name\":\"Jurisprudences\",\"item\":\"https:\\\/\\\/kohenavocats.com\\\/zh-hans\\\/jurisprudences\\\/\"},{\"@type\":\"ListItem\",\"position\":3,\"name\":\"Tribunal f\u00e9d\u00e9ral suisse, 20 mars 2026, n\u00b0 5A 255-2026\"}]},{\"@type\":\"WebSite\",\"@id\":\"https:\\\/\\\/kohenavocats.com\\\/zh-hans\\\/#website\",\"url\":\"https:\\\/\\\/kohenavocats.com\\\/zh-hans\\\/\",\"name\":\"Kohen Avocats\",\"description\":\"Ma\u00eetre Hassan Kohen, avocat p\u00e9naliste \u00e0 Paris, intervient exclusivement en droit p\u00e9nal pour la d\u00e9fense des particuliers, notamment en mati\u00e8re d\u2019accusations de viol. Il assure un accompagnement rigoureux d\u00e8s la garde \u00e0 vue jusqu\u2019\u00e0 la Cour d\u2019assises, veillant au strict respect des garanties proc\u00e9durales.\",\"publisher\":{\"@id\":\"https:\\\/\\\/kohenavocats.com\\\/zh-hans\\\/#organization\"},\"potentialAction\":[{\"@type\":\"SearchAction\",\"target\":{\"@type\":\"EntryPoint\",\"urlTemplate\":\"https:\\\/\\\/kohenavocats.com\\\/zh-hans\\\/?s={search_term_string}\"},\"query-input\":{\"@type\":\"PropertyValueSpecification\",\"valueRequired\":true,\"valueName\":\"search_term_string\"}}],\"inLanguage\":\"zh-Hans\"},{\"@type\":\"Organization\",\"@id\":\"https:\\\/\\\/kohenavocats.com\\\/zh-hans\\\/#organization\",\"name\":\"Kohen Avocats\",\"url\":\"https:\\\/\\\/kohenavocats.com\\\/zh-hans\\\/\",\"logo\":{\"@type\":\"ImageObject\",\"inLanguage\":\"zh-Hans\",\"@id\":\"https:\\\/\\\/kohenavocats.com\\\/zh-hans\\\/#\\\/schema\\\/logo\\\/image\\\/\",\"url\":\"https:\\\/\\\/kohenavocats.com\\\/wp-content\\\/uploads\\\/2026\\\/01\\\/Logo-2-1.webp\",\"contentUrl\":\"https:\\\/\\\/kohenavocats.com\\\/wp-content\\\/uploads\\\/2026\\\/01\\\/Logo-2-1.webp\",\"width\":2114,\"height\":1253,\"caption\":\"Kohen Avocats\"},\"image\":{\"@id\":\"https:\\\/\\\/kohenavocats.com\\\/zh-hans\\\/#\\\/schema\\\/logo\\\/image\\\/\"}}]}<\/script>\n<!-- \/ Yoast SEO Premium plugin. -->","yoast_head_json":{"title":"Tribunal f\u00e9d\u00e9ral suisse, 20 mars 2026, n\u00b0 5A 255-2026 - Ma\u00eetre Hassan Kohen, avocat en droit p\u00e9nal \u00e0 Paris","robots":{"index":"index","follow":"follow","max-snippet":"max-snippet:-1","max-image-preview":"max-image-preview:large","max-video-preview":"max-video-preview:-1"},"canonical":"https:\/\/kohenavocats.com\/zh-hans\/jurisprudences\/tribunal-federal-suisse-20-mars-2026-n-5a-255-2026\/","og_locale":"zh_CN","og_type":"article","og_title":"Tribunal f\u00e9d\u00e9ral suisse, 20 mars 2026, n\u00b0 5A 255-2026","og_description":"Bundesgericht Tribunal f\u00e9d\u00e9ral Tribunale federale Tribunal federal 5A_255\/2026 Urteil vom 20. M\u00e4rz 2026 II. zivilrechtliche Abteilung Besetzung Bundesrichter Bovey, Pr\u00e4sident, Gerichtsschreiber Zingg. Verfahrensbeteiligte A.________, Beschwerdef\u00fchrer, gegen Betreibungsamt Zug, Gubelstrasse 22, Postfach 1258, 6301 Zug. Gegenstand Aufschiebende Wirkung (Pf\u00e4ndungsvollzug), Beschwerde gegen die Verf\u00fcgung des Obergerichts des Kantons Zug, II. Beschwerdeabteilung, Aufsichtsbeh\u00f6rde \u00fcber Schuldbetreibung und Konkurs, vom...","og_url":"https:\/\/kohenavocats.com\/zh-hans\/jurisprudences\/tribunal-federal-suisse-20-mars-2026-n-5a-255-2026\/","og_site_name":"Ma\u00eetre Hassan Kohen, avocat en droit p\u00e9nal \u00e0 Paris","twitter_card":"summary_large_image","twitter_misc":{"\u9884\u8ba1\u9605\u8bfb\u65f6\u95f4":"3 \u5206"},"schema":{"@context":"https:\/\/schema.org","@graph":[{"@type":"WebPage","@id":"https:\/\/kohenavocats.com\/zh-hans\/jurisprudences\/tribunal-federal-suisse-20-mars-2026-n-5a-255-2026\/","url":"https:\/\/kohenavocats.com\/zh-hans\/jurisprudences\/tribunal-federal-suisse-20-mars-2026-n-5a-255-2026\/","name":"Tribunal f\u00e9d\u00e9ral suisse, 20 mars 2026, n\u00b0 5A 255-2026 - Ma\u00eetre Hassan Kohen, avocat en droit p\u00e9nal \u00e0 Paris","isPartOf":{"@id":"https:\/\/kohenavocats.com\/zh-hans\/#website"},"datePublished":"2026-04-14T23:33:43+00:00","breadcrumb":{"@id":"https:\/\/kohenavocats.com\/zh-hans\/jurisprudences\/tribunal-federal-suisse-20-mars-2026-n-5a-255-2026\/#breadcrumb"},"inLanguage":"zh-Hans","potentialAction":[{"@type":"ReadAction","target":["https:\/\/kohenavocats.com\/zh-hans\/jurisprudences\/tribunal-federal-suisse-20-mars-2026-n-5a-255-2026\/"]}]},{"@type":"BreadcrumbList","@id":"https:\/\/kohenavocats.com\/zh-hans\/jurisprudences\/tribunal-federal-suisse-20-mars-2026-n-5a-255-2026\/#breadcrumb","itemListElement":[{"@type":"ListItem","position":1,"name":"Home","item":"https:\/\/kohenavocats.com\/zh-hans\/"},{"@type":"ListItem","position":2,"name":"Jurisprudences","item":"https:\/\/kohenavocats.com\/zh-hans\/jurisprudences\/"},{"@type":"ListItem","position":3,"name":"Tribunal f\u00e9d\u00e9ral suisse, 20 mars 2026, n\u00b0 5A 255-2026"}]},{"@type":"WebSite","@id":"https:\/\/kohenavocats.com\/zh-hans\/#website","url":"https:\/\/kohenavocats.com\/zh-hans\/","name":"Kohen Avocats","description":"Ma\u00eetre Hassan Kohen, avocat p\u00e9naliste \u00e0 Paris, intervient exclusivement en droit p\u00e9nal pour la d\u00e9fense des particuliers, notamment en mati\u00e8re d\u2019accusations de viol. Il assure un accompagnement rigoureux d\u00e8s la garde \u00e0 vue jusqu\u2019\u00e0 la Cour d\u2019assises, veillant au strict respect des garanties proc\u00e9durales.","publisher":{"@id":"https:\/\/kohenavocats.com\/zh-hans\/#organization"},"potentialAction":[{"@type":"SearchAction","target":{"@type":"EntryPoint","urlTemplate":"https:\/\/kohenavocats.com\/zh-hans\/?s={search_term_string}"},"query-input":{"@type":"PropertyValueSpecification","valueRequired":true,"valueName":"search_term_string"}}],"inLanguage":"zh-Hans"},{"@type":"Organization","@id":"https:\/\/kohenavocats.com\/zh-hans\/#organization","name":"Kohen Avocats","url":"https:\/\/kohenavocats.com\/zh-hans\/","logo":{"@type":"ImageObject","inLanguage":"zh-Hans","@id":"https:\/\/kohenavocats.com\/zh-hans\/#\/schema\/logo\/image\/","url":"https:\/\/kohenavocats.com\/wp-content\/uploads\/2026\/01\/Logo-2-1.webp","contentUrl":"https:\/\/kohenavocats.com\/wp-content\/uploads\/2026\/01\/Logo-2-1.webp","width":2114,"height":1253,"caption":"Kohen Avocats"},"image":{"@id":"https:\/\/kohenavocats.com\/zh-hans\/#\/schema\/logo\/image\/"}}]}},"jetpack_likes_enabled":false,"jetpack_sharing_enabled":true,"_links":{"self":[{"href":"https:\/\/kohenavocats.com\/zh-hans\/wp-json\/wp\/v2\/kji_decision\/563374","targetHints":{"allow":["GET"]}}],"collection":[{"href":"https:\/\/kohenavocats.com\/zh-hans\/wp-json\/wp\/v2\/kji_decision"}],"about":[{"href":"https:\/\/kohenavocats.com\/zh-hans\/wp-json\/wp\/v2\/types\/kji_decision"}],"wp:attachment":[{"href":"https:\/\/kohenavocats.com\/zh-hans\/wp-json\/wp\/v2\/media?parent=563374"}],"wp:term":[{"taxonomy":"kji_country","embeddable":true,"href":"https:\/\/kohenavocats.com\/zh-hans\/wp-json\/wp\/v2\/kji_country?post=563374"},{"taxonomy":"kji_court","embeddable":true,"href":"https:\/\/kohenavocats.com\/zh-hans\/wp-json\/wp\/v2\/kji_court?post=563374"},{"taxonomy":"kji_chamber","embeddable":true,"href":"https:\/\/kohenavocats.com\/zh-hans\/wp-json\/wp\/v2\/kji_chamber?post=563374"},{"taxonomy":"kji_year","embeddable":true,"href":"https:\/\/kohenavocats.com\/zh-hans\/wp-json\/wp\/v2\/kji_year?post=563374"},{"taxonomy":"kji_subject","embeddable":true,"href":"https:\/\/kohenavocats.com\/zh-hans\/wp-json\/wp\/v2\/kji_subject?post=563374"},{"taxonomy":"kji_keyword","embeddable":true,"href":"https:\/\/kohenavocats.com\/zh-hans\/wp-json\/wp\/v2\/kji_keyword?post=563374"},{"taxonomy":"kji_language","embeddable":true,"href":"https:\/\/kohenavocats.com\/zh-hans\/wp-json\/wp\/v2\/kji_language?post=563374"}],"curies":[{"name":"wp","href":"https:\/\/api.w.org\/{rel}","templated":true}]}}