{"id":563376,"date":"2026-04-15T01:33:48","date_gmt":"2026-04-14T23:33:48","guid":{"rendered":"https:\/\/kohenavocats.com\/jurisprudences\/tribunal-federal-suisse-19-mars-2026-n-6b-208-2026\/"},"modified":"2026-04-15T01:33:48","modified_gmt":"2026-04-14T23:33:48","slug":"tribunal-federal-suisse-19-mars-2026-n-6b-208-2026","status":"publish","type":"kji_decision","link":"https:\/\/kohenavocats.com\/zh-hans\/jurisprudences\/tribunal-federal-suisse-19-mars-2026-n-6b-208-2026\/","title":{"rendered":"Tribunal f\u00e9d\u00e9ral suisse, 19 mars 2026, n\u00b0 6B 208-2026"},"content":{"rendered":"<div class=\"kji-decision\">\n<div class=\"kji-full-text\">\n<p>Bundesgericht<\/p>\n<p>Tribunal f\u00e9d\u00e9ral<\/p>\n<p>Tribunale federale<\/p>\n<p>Tribunal federal<\/p>\n<p>6B_208\/2026<\/p>\n<p>Urteil vom 19. M\u00e4rz 2026<\/p>\n<p>I. strafrechtliche Abteilung<\/p>\n<p>Besetzung<\/p>\n<p>Bundesrichter von Felten, als pr\u00e4sidierendes Mitglied,<\/p>\n<p>Gerichtsschreiberin Arquint Hill.<\/p>\n<p>Verfahrensbeteiligte<\/p>\n<p>A.________,<\/p>\n<p>Beschwerdef\u00fchrer,<\/p>\n<p>gegen<\/p>\n<p>Staatsanwaltschaft See\/Oberland,<\/p>\n<p>Postfach, 8610 Uster,<\/p>\n<p>Beschwerdegegnerin.<\/p>\n<p>Gegenstand<\/p>\n<p>Mehrfache \u00fcble Nachrede; Nichteintreten,<\/p>\n<p>Beschwerde gegen das Urteil des Obergerichts des Kantons Z\u00fcrich, I. Strafkammer, vom 5. M\u00e4rz 2026 (SB250462-O\/U10).<\/p>\n<p>Das pr\u00e4sidierende Mitglied zieht in Erw\u00e4gung:<\/p>\n<p>1.<\/p>\n<p>Der Beschwerdef\u00fchrer erhebt mit Eingabe vom 18. M\u00e4rz 2026 Beschwerde gegen das Urteil des Obergerichts des Kantons Z\u00fcrich vom 5. M\u00e4rz 2025. Das fragliche Urteil des Obergerichts liegt indessen erst im Dispositiv vor und enth\u00e4lt demzufolge noch keine durch das Bundesgericht \u00fcberpr\u00fcfbare Begr\u00fcndung. Nach Art. 100 Abs. 1 BGG ist eine Beschwerde gegen einen Entscheid innert 30 Tagen nach der Er\u00f6ffnung der vollst\u00e4ndigen Ausfertigung beim Bundesgericht einzureichen. Die vorliegend eingereichte Beschwerde erweist sich damit als verfr\u00fcht, weshalb darauf im Verfahren nach Art. 108 BGG nicht eingetreten werden kann.<\/p>\n<p>2.<\/p>\n<p>Auf eine Kostenauflage ist ausnahmsweise zu verzichten.<\/p>\n<p>Demnach erkennt das pr\u00e4sidierende Mitglied:<\/p>\n<p>1.<\/p>\n<p>Auf die Beschwerde wird nicht eingetreten.<\/p>\n<p>2.<\/p>\n<p>Es werden keine Kosten erhoben.<\/p>\n<p>3.<\/p>\n<p>Dieses Urteil wird den Parteien und dem Obergericht des Kantons Z\u00fcrich, I. Strafkammer, schriftlich mitgeteilt.<\/p>\n<p>Lausanne, 19. M\u00e4rz 2026<\/p>\n<p>Im Namen der I. strafrechtlichen Abteilung<\/p>\n<p>des Schweizerischen Bundesgerichts<\/p>\n<p>Das pr\u00e4sidierende Mitglied: von Felten<\/p>\n<p>Die Gerichtsschreiberin: Arquint Hill<\/p>\n<\/div>\n<hr class=\"kji-sep\" \/>\n<p class=\"kji-source-links\"><strong>Sources officielles :<\/strong> <a class=\"kji-source-link\" href=\"https:\/\/search.bger.ch\/ext\/eurospider\/live\/fr\/php\/aza\/http\/index.php?lang=fr&#038;type=highlight_simple_query&#038;page=8&#038;from_date=&#038;to_date=&#038;sort=relevance&#038;insertion_date=&#038;top_subcollection_aza=all&#038;query_words=tribunal+federal&#038;rank=79&#038;azaclir=aza&#038;highlight_docid=aza%3A%2F%2F19-03-2026-6B_208-2026&#038;number_of_ranks=167925\" target=\"_blank\" rel=\"noopener noreferrer\">consulter la page source<\/a><\/p>\n<p class=\"kji-license-note\"><em>Source officielle Tribunal federal suisse. Contenu HTML public, PDF non garanti en version gratuite.<\/em><\/p>\n<\/div>\n","protected":false},"excerpt":{"rendered":"<p>Bundesgericht Tribunal f\u00e9d\u00e9ral Tribunale federale Tribunal federal 6B_208\/2026 Urteil vom 19. M\u00e4rz 2026 I. strafrechtliche Abteilung Besetzung Bundesrichter von Felten, als pr\u00e4sidierendes Mitglied, Gerichtsschreiberin Arquint Hill. Verfahrensbeteiligte A.________, Beschwerdef\u00fchrer, gegen Staatsanwaltschaft See\/Oberland, Postfach, 8610 Uster, Beschwerdegegnerin. Gegenstand Mehrfache \u00fcble Nachrede; Nichteintreten, Beschwerde gegen das Urteil des Obergerichts des Kantons Z\u00fcrich, I. Strafkammer, vom 5. M\u00e4rz&#8230;<\/p>\n","protected":false},"featured_media":0,"template":"","meta":{"_crdt_document":""},"kji_country":[9676],"kji_court":[9677],"kji_chamber":[10143],"kji_year":[7610],"kji_subject":[7632],"kji_keyword":[9799,9679,9680,7636],"kji_language":[7685],"class_list":["post-563376","kji_decision","type-kji_decision","status-publish","hentry","kji_country-suisse","kji_court-tribunal-federal-suisse","kji_chamber-cour-de-droit-penal","kji_year-7610","kji_subject-penal","kji_keyword-bundesgericht","kji_keyword-federal","kji_keyword-suisse","kji_keyword-tribunal","kji_language-italien"],"yoast_head":"<!-- This site is optimized with the Yoast SEO Premium plugin v27.4 (Yoast SEO v27.4) - https:\/\/yoast.com\/product\/yoast-seo-premium-wordpress\/ -->\n<title>Tribunal f\u00e9d\u00e9ral suisse, 19 mars 2026, n\u00b0 6B 208-2026 - Ma\u00eetre Hassan Kohen, avocat en droit p\u00e9nal \u00e0 Paris<\/title>\n<meta name=\"robots\" content=\"index, follow, max-snippet:-1, max-image-preview:large, max-video-preview:-1\" \/>\n<link rel=\"canonical\" href=\"https:\/\/kohenavocats.com\/zh-hans\/jurisprudences\/tribunal-federal-suisse-19-mars-2026-n-6b-208-2026\/\" \/>\n<meta property=\"og:locale\" content=\"zh_CN\" \/>\n<meta property=\"og:type\" content=\"article\" \/>\n<meta property=\"og:title\" content=\"Tribunal f\u00e9d\u00e9ral suisse, 19 mars 2026, n\u00b0 6B 208-2026\" \/>\n<meta property=\"og:description\" content=\"Bundesgericht Tribunal f\u00e9d\u00e9ral Tribunale federale Tribunal federal 6B_208\/2026 Urteil vom 19. M\u00e4rz 2026 I. strafrechtliche Abteilung Besetzung Bundesrichter von Felten, als pr\u00e4sidierendes Mitglied, Gerichtsschreiberin Arquint Hill. Verfahrensbeteiligte A.________, Beschwerdef\u00fchrer, gegen Staatsanwaltschaft See\/Oberland, Postfach, 8610 Uster, Beschwerdegegnerin. Gegenstand Mehrfache \u00fcble Nachrede; Nichteintreten, Beschwerde gegen das Urteil des Obergerichts des Kantons Z\u00fcrich, I. Strafkammer, vom 5. M\u00e4rz...\" \/>\n<meta property=\"og:url\" content=\"https:\/\/kohenavocats.com\/zh-hans\/jurisprudences\/tribunal-federal-suisse-19-mars-2026-n-6b-208-2026\/\" \/>\n<meta property=\"og:site_name\" content=\"Ma\u00eetre Hassan Kohen, avocat en droit p\u00e9nal \u00e0 Paris\" \/>\n<meta name=\"twitter:card\" content=\"summary_large_image\" \/>\n<meta name=\"twitter:label1\" content=\"\u9884\u8ba1\u9605\u8bfb\u65f6\u95f4\" \/>\n\t<meta name=\"twitter:data1\" content=\"1 \u5206\" \/>\n<script type=\"application\/ld+json\" class=\"yoast-schema-graph\">{\"@context\":\"https:\\\/\\\/schema.org\",\"@graph\":[{\"@type\":\"WebPage\",\"@id\":\"https:\\\/\\\/kohenavocats.com\\\/zh-hans\\\/jurisprudences\\\/tribunal-federal-suisse-19-mars-2026-n-6b-208-2026\\\/\",\"url\":\"https:\\\/\\\/kohenavocats.com\\\/zh-hans\\\/jurisprudences\\\/tribunal-federal-suisse-19-mars-2026-n-6b-208-2026\\\/\",\"name\":\"Tribunal f\u00e9d\u00e9ral suisse, 19 mars 2026, n\u00b0 6B 208-2026 - Ma\u00eetre Hassan Kohen, avocat en droit p\u00e9nal \u00e0 Paris\",\"isPartOf\":{\"@id\":\"https:\\\/\\\/kohenavocats.com\\\/zh-hans\\\/#website\"},\"datePublished\":\"2026-04-14T23:33:48+00:00\",\"breadcrumb\":{\"@id\":\"https:\\\/\\\/kohenavocats.com\\\/zh-hans\\\/jurisprudences\\\/tribunal-federal-suisse-19-mars-2026-n-6b-208-2026\\\/#breadcrumb\"},\"inLanguage\":\"zh-Hans\",\"potentialAction\":[{\"@type\":\"ReadAction\",\"target\":[\"https:\\\/\\\/kohenavocats.com\\\/zh-hans\\\/jurisprudences\\\/tribunal-federal-suisse-19-mars-2026-n-6b-208-2026\\\/\"]}]},{\"@type\":\"BreadcrumbList\",\"@id\":\"https:\\\/\\\/kohenavocats.com\\\/zh-hans\\\/jurisprudences\\\/tribunal-federal-suisse-19-mars-2026-n-6b-208-2026\\\/#breadcrumb\",\"itemListElement\":[{\"@type\":\"ListItem\",\"position\":1,\"name\":\"Home\",\"item\":\"https:\\\/\\\/kohenavocats.com\\\/zh-hans\\\/\"},{\"@type\":\"ListItem\",\"position\":2,\"name\":\"Jurisprudences\",\"item\":\"https:\\\/\\\/kohenavocats.com\\\/zh-hans\\\/jurisprudences\\\/\"},{\"@type\":\"ListItem\",\"position\":3,\"name\":\"Tribunal f\u00e9d\u00e9ral suisse, 19 mars 2026, n\u00b0 6B 208-2026\"}]},{\"@type\":\"WebSite\",\"@id\":\"https:\\\/\\\/kohenavocats.com\\\/zh-hans\\\/#website\",\"url\":\"https:\\\/\\\/kohenavocats.com\\\/zh-hans\\\/\",\"name\":\"Kohen Avocats\",\"description\":\"Ma\u00eetre Hassan Kohen, avocat p\u00e9naliste \u00e0 Paris, intervient exclusivement en droit p\u00e9nal pour la d\u00e9fense des particuliers, notamment en mati\u00e8re d\u2019accusations de viol. Il assure un accompagnement rigoureux d\u00e8s la garde \u00e0 vue jusqu\u2019\u00e0 la Cour d\u2019assises, veillant au strict respect des garanties proc\u00e9durales.\",\"publisher\":{\"@id\":\"https:\\\/\\\/kohenavocats.com\\\/zh-hans\\\/#organization\"},\"potentialAction\":[{\"@type\":\"SearchAction\",\"target\":{\"@type\":\"EntryPoint\",\"urlTemplate\":\"https:\\\/\\\/kohenavocats.com\\\/zh-hans\\\/?s={search_term_string}\"},\"query-input\":{\"@type\":\"PropertyValueSpecification\",\"valueRequired\":true,\"valueName\":\"search_term_string\"}}],\"inLanguage\":\"zh-Hans\"},{\"@type\":\"Organization\",\"@id\":\"https:\\\/\\\/kohenavocats.com\\\/zh-hans\\\/#organization\",\"name\":\"Kohen Avocats\",\"url\":\"https:\\\/\\\/kohenavocats.com\\\/zh-hans\\\/\",\"logo\":{\"@type\":\"ImageObject\",\"inLanguage\":\"zh-Hans\",\"@id\":\"https:\\\/\\\/kohenavocats.com\\\/zh-hans\\\/#\\\/schema\\\/logo\\\/image\\\/\",\"url\":\"https:\\\/\\\/kohenavocats.com\\\/wp-content\\\/uploads\\\/2026\\\/01\\\/Logo-2-1.webp\",\"contentUrl\":\"https:\\\/\\\/kohenavocats.com\\\/wp-content\\\/uploads\\\/2026\\\/01\\\/Logo-2-1.webp\",\"width\":2114,\"height\":1253,\"caption\":\"Kohen Avocats\"},\"image\":{\"@id\":\"https:\\\/\\\/kohenavocats.com\\\/zh-hans\\\/#\\\/schema\\\/logo\\\/image\\\/\"}}]}<\/script>\n<!-- \/ Yoast SEO Premium plugin. -->","yoast_head_json":{"title":"Tribunal f\u00e9d\u00e9ral suisse, 19 mars 2026, n\u00b0 6B 208-2026 - Ma\u00eetre Hassan Kohen, avocat en droit p\u00e9nal \u00e0 Paris","robots":{"index":"index","follow":"follow","max-snippet":"max-snippet:-1","max-image-preview":"max-image-preview:large","max-video-preview":"max-video-preview:-1"},"canonical":"https:\/\/kohenavocats.com\/zh-hans\/jurisprudences\/tribunal-federal-suisse-19-mars-2026-n-6b-208-2026\/","og_locale":"zh_CN","og_type":"article","og_title":"Tribunal f\u00e9d\u00e9ral suisse, 19 mars 2026, n\u00b0 6B 208-2026","og_description":"Bundesgericht Tribunal f\u00e9d\u00e9ral Tribunale federale Tribunal federal 6B_208\/2026 Urteil vom 19. M\u00e4rz 2026 I. strafrechtliche Abteilung Besetzung Bundesrichter von Felten, als pr\u00e4sidierendes Mitglied, Gerichtsschreiberin Arquint Hill. Verfahrensbeteiligte A.________, Beschwerdef\u00fchrer, gegen Staatsanwaltschaft See\/Oberland, Postfach, 8610 Uster, Beschwerdegegnerin. Gegenstand Mehrfache \u00fcble Nachrede; Nichteintreten, Beschwerde gegen das Urteil des Obergerichts des Kantons Z\u00fcrich, I. Strafkammer, vom 5. M\u00e4rz...","og_url":"https:\/\/kohenavocats.com\/zh-hans\/jurisprudences\/tribunal-federal-suisse-19-mars-2026-n-6b-208-2026\/","og_site_name":"Ma\u00eetre Hassan Kohen, avocat en droit p\u00e9nal \u00e0 Paris","twitter_card":"summary_large_image","twitter_misc":{"\u9884\u8ba1\u9605\u8bfb\u65f6\u95f4":"1 \u5206"},"schema":{"@context":"https:\/\/schema.org","@graph":[{"@type":"WebPage","@id":"https:\/\/kohenavocats.com\/zh-hans\/jurisprudences\/tribunal-federal-suisse-19-mars-2026-n-6b-208-2026\/","url":"https:\/\/kohenavocats.com\/zh-hans\/jurisprudences\/tribunal-federal-suisse-19-mars-2026-n-6b-208-2026\/","name":"Tribunal f\u00e9d\u00e9ral suisse, 19 mars 2026, n\u00b0 6B 208-2026 - Ma\u00eetre Hassan Kohen, avocat en droit p\u00e9nal \u00e0 Paris","isPartOf":{"@id":"https:\/\/kohenavocats.com\/zh-hans\/#website"},"datePublished":"2026-04-14T23:33:48+00:00","breadcrumb":{"@id":"https:\/\/kohenavocats.com\/zh-hans\/jurisprudences\/tribunal-federal-suisse-19-mars-2026-n-6b-208-2026\/#breadcrumb"},"inLanguage":"zh-Hans","potentialAction":[{"@type":"ReadAction","target":["https:\/\/kohenavocats.com\/zh-hans\/jurisprudences\/tribunal-federal-suisse-19-mars-2026-n-6b-208-2026\/"]}]},{"@type":"BreadcrumbList","@id":"https:\/\/kohenavocats.com\/zh-hans\/jurisprudences\/tribunal-federal-suisse-19-mars-2026-n-6b-208-2026\/#breadcrumb","itemListElement":[{"@type":"ListItem","position":1,"name":"Home","item":"https:\/\/kohenavocats.com\/zh-hans\/"},{"@type":"ListItem","position":2,"name":"Jurisprudences","item":"https:\/\/kohenavocats.com\/zh-hans\/jurisprudences\/"},{"@type":"ListItem","position":3,"name":"Tribunal f\u00e9d\u00e9ral suisse, 19 mars 2026, n\u00b0 6B 208-2026"}]},{"@type":"WebSite","@id":"https:\/\/kohenavocats.com\/zh-hans\/#website","url":"https:\/\/kohenavocats.com\/zh-hans\/","name":"Kohen Avocats","description":"Ma\u00eetre Hassan Kohen, avocat p\u00e9naliste \u00e0 Paris, intervient exclusivement en droit p\u00e9nal pour la d\u00e9fense des particuliers, notamment en mati\u00e8re d\u2019accusations de viol. Il assure un accompagnement rigoureux d\u00e8s la garde \u00e0 vue jusqu\u2019\u00e0 la Cour d\u2019assises, veillant au strict respect des garanties proc\u00e9durales.","publisher":{"@id":"https:\/\/kohenavocats.com\/zh-hans\/#organization"},"potentialAction":[{"@type":"SearchAction","target":{"@type":"EntryPoint","urlTemplate":"https:\/\/kohenavocats.com\/zh-hans\/?s={search_term_string}"},"query-input":{"@type":"PropertyValueSpecification","valueRequired":true,"valueName":"search_term_string"}}],"inLanguage":"zh-Hans"},{"@type":"Organization","@id":"https:\/\/kohenavocats.com\/zh-hans\/#organization","name":"Kohen Avocats","url":"https:\/\/kohenavocats.com\/zh-hans\/","logo":{"@type":"ImageObject","inLanguage":"zh-Hans","@id":"https:\/\/kohenavocats.com\/zh-hans\/#\/schema\/logo\/image\/","url":"https:\/\/kohenavocats.com\/wp-content\/uploads\/2026\/01\/Logo-2-1.webp","contentUrl":"https:\/\/kohenavocats.com\/wp-content\/uploads\/2026\/01\/Logo-2-1.webp","width":2114,"height":1253,"caption":"Kohen Avocats"},"image":{"@id":"https:\/\/kohenavocats.com\/zh-hans\/#\/schema\/logo\/image\/"}}]}},"jetpack_likes_enabled":false,"jetpack_sharing_enabled":true,"_links":{"self":[{"href":"https:\/\/kohenavocats.com\/zh-hans\/wp-json\/wp\/v2\/kji_decision\/563376","targetHints":{"allow":["GET"]}}],"collection":[{"href":"https:\/\/kohenavocats.com\/zh-hans\/wp-json\/wp\/v2\/kji_decision"}],"about":[{"href":"https:\/\/kohenavocats.com\/zh-hans\/wp-json\/wp\/v2\/types\/kji_decision"}],"wp:attachment":[{"href":"https:\/\/kohenavocats.com\/zh-hans\/wp-json\/wp\/v2\/media?parent=563376"}],"wp:term":[{"taxonomy":"kji_country","embeddable":true,"href":"https:\/\/kohenavocats.com\/zh-hans\/wp-json\/wp\/v2\/kji_country?post=563376"},{"taxonomy":"kji_court","embeddable":true,"href":"https:\/\/kohenavocats.com\/zh-hans\/wp-json\/wp\/v2\/kji_court?post=563376"},{"taxonomy":"kji_chamber","embeddable":true,"href":"https:\/\/kohenavocats.com\/zh-hans\/wp-json\/wp\/v2\/kji_chamber?post=563376"},{"taxonomy":"kji_year","embeddable":true,"href":"https:\/\/kohenavocats.com\/zh-hans\/wp-json\/wp\/v2\/kji_year?post=563376"},{"taxonomy":"kji_subject","embeddable":true,"href":"https:\/\/kohenavocats.com\/zh-hans\/wp-json\/wp\/v2\/kji_subject?post=563376"},{"taxonomy":"kji_keyword","embeddable":true,"href":"https:\/\/kohenavocats.com\/zh-hans\/wp-json\/wp\/v2\/kji_keyword?post=563376"},{"taxonomy":"kji_language","embeddable":true,"href":"https:\/\/kohenavocats.com\/zh-hans\/wp-json\/wp\/v2\/kji_language?post=563376"}],"curies":[{"name":"wp","href":"https:\/\/api.w.org\/{rel}","templated":true}]}}