{"id":563414,"date":"2026-04-15T01:38:31","date_gmt":"2026-04-14T23:38:31","guid":{"rendered":"https:\/\/kohenavocats.com\/jurisprudences\/tribunal-federal-suisse-19-mars-2026-n-9c-713-2025\/"},"modified":"2026-04-15T01:38:31","modified_gmt":"2026-04-14T23:38:31","slug":"tribunal-federal-suisse-19-mars-2026-n-9c-713-2025","status":"publish","type":"kji_decision","link":"https:\/\/kohenavocats.com\/zh-hans\/jurisprudences\/tribunal-federal-suisse-19-mars-2026-n-9c-713-2025\/","title":{"rendered":"Tribunal f\u00e9d\u00e9ral suisse, 19 mars 2026, n\u00b0 9C 713-2025"},"content":{"rendered":"<div class=\"kji-decision\">\n<div class=\"kji-full-text\">\n<p>Bundesgericht<\/p>\n<p>Tribunal f\u00e9d\u00e9ral<\/p>\n<p>Tribunale federale<\/p>\n<p>Tribunal federal<\/p>\n<p>9C_713\/2025<\/p>\n<p>Ordonnance du 19 mars 2026<\/p>\n<p>IIIe Cour de droit public<\/p>\n<p>Composition<\/p>\n<p>Mme la Juge f\u00e9d\u00e9rale<\/p>\n<p>Moser-Szeless, Pr\u00e9sidente.<\/p>\n<p>Greffier : M. Bleicker.<\/p>\n<p>Participants \u00e0 la proc\u00e9dure<\/p>\n<p>A.________,<\/p>\n<p>repr\u00e9sent\u00e9e par Me Jean-Michel Duc, avocat,<\/p>\n<p>recourante,<\/p>\n<p>contre<\/p>\n<p>Office de l&#039;assurance-invalidit\u00e9 pour le canton de Vaud,<\/p>\n<p>avenue du G\u00e9n\u00e9ral-Guisan 8, 1800 Vevey,<\/p>\n<p>intim\u00e9.<\/p>\n<p>Objet<\/p>\n<p>Assurance-invalidit\u00e9,<\/p>\n<p>recours contre la d\u00e9cision du Tribunal cantonal<\/p>\n<p>du canton de Vaud du 28 novembre 2025 (AJ25004947\/ZD25.055523).<\/p>\n<p>Consid\u00e9rant en fait et en droit :<\/p>\n<p>1.<\/p>\n<p>A.________ a d\u00e9pos\u00e9 une demande d&#039;assistance judiciaire devant la Cour des assurances sociales du Tribunal cantonal du canton de Vaud le 27 novembre 2025, dans un litige l&#039;opposant \u00e0 l&#039;Office de l&#039;assurance-invalidit\u00e9 pour le canton de Vaud. Par d\u00e9cision du 28 novembre 2025, la Cour des assurances sociales a rejet\u00e9 la demande.<\/p>\n<p>2.<\/p>\n<p>A.________ forme un recours en mati\u00e8re de droit public contre cette d\u00e9cision dont elle demande l&#039;annulation. Elle conclut au renvoi de la cause \u00e0 l&#039;autorit\u00e9 pr\u00e9c\u00e9dente pour nouvel examen et nouvelle d\u00e9cision. Le recours est assorti d&#039;une demande d&#039;assistance judiciaire.<\/p>\n<p>Entre-temps, la Cour des assurances sociales a annul\u00e9 la d\u00e9cision du 28 novembre 2025 (d\u00e9cision du 17 d\u00e9cembre 2025), puis accord\u00e9 \u00e0 A.________ le b\u00e9n\u00e9fice de l&#039;assistance judiciaire avec effet au 27 novembre 2025 (d\u00e9cision du 5 janvier 2026).<\/p>\n<p>3.<\/p>\n<p>Le 29 janvier 2026, A.________ a inform\u00e9 le Tribunal f\u00e9d\u00e9ral qu&#039;elle estimait que la cause \u00e9tait devenue sans objet, d\u00e8s lors que l&#039;autorit\u00e9 pr\u00e9c\u00e9dente avait annul\u00e9 la d\u00e9cision du 28 novembre 2025, et a conclu \u00e0 ce que les frais et d\u00e9pens soient mis \u00e0 la charge de la partie intim\u00e9e.<\/p>\n<p>4.<\/p>\n<p>En l&#039;esp\u00e8ce, par d\u00e9cision du 17 d\u00e9cembre 2025, la cour cantonale a annul\u00e9 la d\u00e9cision du 28 novembre 2025, puis a octroy\u00e9 l&#039;assistance judiciaire \u00e0 la recourante. Partant, la recourante ne peut se pr\u00e9valoir d&#039;aucun int\u00e9r\u00eat digne de protection \u00e0 ce qu&#039;il soit statu\u00e9 sur son recours (art. 89 al. 1 let. c LTF; ATF 150 II 409 consid. 2.2.1 et les r\u00e9f\u00e9rences). Celui-ci doit d\u00e8s lors \u00eatre d\u00e9clar\u00e9 sans objet et la cause ray\u00e9e du r\u00f4le, \u00e9tant relev\u00e9 que les conditions auxquelles le Tribunal f\u00e9d\u00e9ral entre exceptionnellement en mati\u00e8re sur le fond d&#039;une affaire malgr\u00e9 le d\u00e9faut d&#039;un int\u00e9r\u00eat pratique et actuel ne sont pas r\u00e9unies en l&#039;esp\u00e8ce (ATF 149 V 49 consid. 5.1 et les r\u00e9f\u00e9rences).<\/p>\n<p>5.<\/p>\n<p>5.1. Lorsqu&#039;une proc\u00e9dure devient sans objet, le juge instructeur statue comme juge unique sur les frais judiciaires et les d\u00e9pens de la proc\u00e9dure par une d\u00e9cision sommairement motiv\u00e9e, en tenant compte de l&#039;\u00e9tat de fait existant avant l&#039;\u00e9v\u00e9nement mettant fin au litige et de l&#039;issue probable de celui-ci (art. 32 al. 2 LTF et 72 PCF applicable par renvoi de l&#039;art. 71 LTF; ATF 150 II 409 consid. 2.2.1; 142 V 551 consid. 8.2 et les r\u00e9f\u00e9rences).<\/p>\n<p>5.2. En l&#039;esp\u00e8ce, envisag\u00e9 sous l&#039;angle d&#039;un examen sommaire (cf. ATF 142 V 551 consid. 8.2), le recours aurait vraisemblablement \u00e9t\u00e9 admis si le Tribunal f\u00e9d\u00e9ral avait \u00e9t\u00e9 appel\u00e9 \u00e0 statuer avant que la cause ne perde son objet. En effet, la pr\u00e9sente cause appara\u00eet, dans ses aspects d\u00e9terminants, semblable \u00e0 celle ayant donn\u00e9 lieu \u00e0 l&#039;arr\u00eat 9C_583\/2025 du 1 er d\u00e9cembre 2025. Le Tribunal f\u00e9d\u00e9ral y a consid\u00e9r\u00e9 que la personne ayant requis l&#039;assistance judiciaire ne pouvait raisonnablement anticiper une absence de r\u00e9action du Tribunal cantonal vaudois \u00e0 une demande de prolongation de d\u00e9lai destin\u00e9e \u00e0 r\u00e9unir et produire les pi\u00e8ces indispensables \u00e0 l&#039;examen de l&#039;indigence et des chances de succ\u00e8s. Il en r\u00e9sulte qu&#039;une autorit\u00e9 ne saurait en principe, sans tomber dans le formalisme excessif et sans m\u00e9conna\u00eetre les exigences de la bonne foi, opposer imm\u00e9diatement un refus au motif que le dossier serait incomplet, alors m\u00eame qu&#039;une requ\u00eate en vue d&#039;obtenir un d\u00e9lai pour compl\u00e9ter la demande d&#039;assistance judiciaire et fournir des pi\u00e8ces a \u00e9t\u00e9 d\u00e9pos\u00e9e en temps utile. Partant, au regard des principes d\u00e9velopp\u00e9s dans l&#039;arr\u00eat 9C_583\/2025, auquel on peut renvoyer pour le surplus, la d\u00e9cision litigieuse appara\u00eetrait, envisag\u00e9e sous l&#039;angle d&#039;un examen sommaire, contraire au droit f\u00e9d\u00e9ral. L&#039;autorit\u00e9 pr\u00e9c\u00e9dente l&#039;a du reste annul\u00e9e pour ce motif par d\u00e9cision du 17 d\u00e9cembre 2025.<\/p>\n<p>6.<\/p>\n<p>Au vu de ce qui pr\u00e9c\u00e8de, il convient de d\u00e9clarer le recours sans objet et de rayer la cause du r\u00f4le. Il n&#039;y a pas lieu de percevoir des frais judiciaires (art. 66 al. 4 LTF). La recourante a droit \u00e0 des d\u00e9pens \u00e0 la charge du canton de Vaud, conform\u00e9ment \u00e0 l&#039;art. 68 al. 1 LTF.<\/p>\n<p>par ces motifs, la Pr\u00e9sidente ordonne :<\/p>\n<p>1.<\/p>\n<p>La cause 9C_713\/2025, devenue sans objet, est ray\u00e9e du r\u00f4le.<\/p>\n<p>2.<\/p>\n<p>Il n&#039;est pas per\u00e7u de frais judiciaires.<\/p>\n<p>3.<\/p>\n<p>Le canton de Vaud versera la somme de 3&#039;000 fr. \u00e0 l&#039;avocat de la recourante \u00e0 titre de d\u00e9pens pour la proc\u00e9dure devant le Tribunal f\u00e9d\u00e9ral.<\/p>\n<p>4.<\/p>\n<p>La pr\u00e9sente ordonnance est communiqu\u00e9e aux parties, au Tribunal cantonal du canton de Vaud, Cour des assurances sociales, et \u00e0 l&#039;Office f\u00e9d\u00e9ral des assurances sociales.<\/p>\n<p>Lucerne, le 19 mars 2026<\/p>\n<p>Au nom de la IIIe Cour de droit public<\/p>\n<p>du Tribunal f\u00e9d\u00e9ral suisse<\/p>\n<p>La Pr\u00e9sidente : Moser-Szeless<\/p>\n<p>Le Greffier : Bleicker<\/p>\n<\/div>\n<hr class=\"kji-sep\" \/>\n<p class=\"kji-source-links\"><strong>Sources officielles :<\/strong> <a class=\"kji-source-link\" href=\"https:\/\/search.bger.ch\/ext\/eurospider\/live\/fr\/php\/aza\/http\/index.php?lang=fr&#038;type=highlight_simple_query&#038;page=9&#038;from_date=&#038;to_date=&#038;sort=relevance&#038;insertion_date=&#038;top_subcollection_aza=all&#038;query_words=tribunal+federal&#038;rank=81&#038;azaclir=aza&#038;highlight_docid=aza%3A%2F%2F19-03-2026-9C_713-2025&#038;number_of_ranks=167925\" target=\"_blank\" rel=\"noopener noreferrer\">consulter la page source<\/a><\/p>\n<p class=\"kji-license-note\"><em>Source officielle Tribunal federal suisse. Contenu HTML public, PDF non garanti en version gratuite.<\/em><\/p>\n<\/div>\n","protected":false},"excerpt":{"rendered":"<p>Bundesgericht Tribunal f\u00e9d\u00e9ral Tribunale federale Tribunal federal 9C_713\/2025 Ordonnance du 19 mars 2026 IIIe Cour de droit public Composition Mme la Juge f\u00e9d\u00e9rale Moser-Szeless, Pr\u00e9sidente. Greffier : M. Bleicker. Participants \u00e0 la proc\u00e9dure A.________, repr\u00e9sent\u00e9e par Me Jean-Michel Duc, avocat, recourante, contre Office de l&#8217;assurance-invalidit\u00e9 pour le canton de Vaud, avenue du G\u00e9n\u00e9ral-Guisan 8, 1800&#8230;<\/p>\n","protected":false},"featured_media":0,"template":"","meta":{"_crdt_document":""},"kji_country":[9676],"kji_court":[9677],"kji_chamber":[10137],"kji_year":[7610],"kji_subject":[7650],"kji_keyword":[9799,9679,9680,7636],"kji_language":[7733],"class_list":["post-563414","kji_decision","type-kji_decision","status-publish","hentry","kji_country-suisse","kji_court-tribunal-federal-suisse","kji_chamber-cour-de-droit-public","kji_year-7610","kji_subject-administratif","kji_keyword-bundesgericht","kji_keyword-federal","kji_keyword-suisse","kji_keyword-tribunal","kji_language-francais"],"yoast_head":"<!-- This site is optimized with the Yoast SEO Premium plugin v27.5 (Yoast SEO v27.5) - https:\/\/yoast.com\/product\/yoast-seo-premium-wordpress\/ -->\n<title>Tribunal f\u00e9d\u00e9ral suisse, 19 mars 2026, n\u00b0 9C 713-2025 - Ma\u00eetre Hassan Kohen, avocat en droit p\u00e9nal \u00e0 Paris<\/title>\n<meta name=\"robots\" content=\"index, follow, max-snippet:-1, max-image-preview:large, max-video-preview:-1\" \/>\n<link rel=\"canonical\" href=\"https:\/\/kohenavocats.com\/zh-hans\/jurisprudences\/tribunal-federal-suisse-19-mars-2026-n-9c-713-2025\/\" \/>\n<meta property=\"og:locale\" content=\"zh_CN\" \/>\n<meta property=\"og:type\" content=\"article\" \/>\n<meta property=\"og:title\" content=\"Tribunal f\u00e9d\u00e9ral suisse, 19 mars 2026, n\u00b0 9C 713-2025\" \/>\n<meta property=\"og:description\" content=\"Bundesgericht Tribunal f\u00e9d\u00e9ral Tribunale federale Tribunal federal 9C_713\/2025 Ordonnance du 19 mars 2026 IIIe Cour de droit public Composition Mme la Juge f\u00e9d\u00e9rale Moser-Szeless, Pr\u00e9sidente. Greffier : M. Bleicker. Participants \u00e0 la proc\u00e9dure A.________, repr\u00e9sent\u00e9e par Me Jean-Michel Duc, avocat, recourante, contre Office de l&#039;assurance-invalidit\u00e9 pour le canton de Vaud, avenue du G\u00e9n\u00e9ral-Guisan 8, 1800...\" \/>\n<meta property=\"og:url\" content=\"https:\/\/kohenavocats.com\/zh-hans\/jurisprudences\/tribunal-federal-suisse-19-mars-2026-n-9c-713-2025\/\" \/>\n<meta property=\"og:site_name\" content=\"Ma\u00eetre Hassan Kohen, avocat en droit p\u00e9nal \u00e0 Paris\" \/>\n<meta name=\"twitter:card\" content=\"summary_large_image\" \/>\n<meta name=\"twitter:label1\" content=\"\u9884\u8ba1\u9605\u8bfb\u65f6\u95f4\" \/>\n\t<meta name=\"twitter:data1\" content=\"5 \u5206\" \/>\n<script type=\"application\/ld+json\" class=\"yoast-schema-graph\">{\"@context\":\"https:\\\/\\\/schema.org\",\"@graph\":[{\"@type\":\"WebPage\",\"@id\":\"https:\\\/\\\/kohenavocats.com\\\/zh-hans\\\/jurisprudences\\\/tribunal-federal-suisse-19-mars-2026-n-9c-713-2025\\\/\",\"url\":\"https:\\\/\\\/kohenavocats.com\\\/zh-hans\\\/jurisprudences\\\/tribunal-federal-suisse-19-mars-2026-n-9c-713-2025\\\/\",\"name\":\"Tribunal f\u00e9d\u00e9ral suisse, 19 mars 2026, n\u00b0 9C 713-2025 - Ma\u00eetre Hassan Kohen, avocat en droit p\u00e9nal \u00e0 Paris\",\"isPartOf\":{\"@id\":\"https:\\\/\\\/kohenavocats.com\\\/zh-hans\\\/#website\"},\"datePublished\":\"2026-04-14T23:38:31+00:00\",\"breadcrumb\":{\"@id\":\"https:\\\/\\\/kohenavocats.com\\\/zh-hans\\\/jurisprudences\\\/tribunal-federal-suisse-19-mars-2026-n-9c-713-2025\\\/#breadcrumb\"},\"inLanguage\":\"zh-Hans\",\"potentialAction\":[{\"@type\":\"ReadAction\",\"target\":[\"https:\\\/\\\/kohenavocats.com\\\/zh-hans\\\/jurisprudences\\\/tribunal-federal-suisse-19-mars-2026-n-9c-713-2025\\\/\"]}]},{\"@type\":\"BreadcrumbList\",\"@id\":\"https:\\\/\\\/kohenavocats.com\\\/zh-hans\\\/jurisprudences\\\/tribunal-federal-suisse-19-mars-2026-n-9c-713-2025\\\/#breadcrumb\",\"itemListElement\":[{\"@type\":\"ListItem\",\"position\":1,\"name\":\"Home\",\"item\":\"https:\\\/\\\/kohenavocats.com\\\/zh-hans\\\/\"},{\"@type\":\"ListItem\",\"position\":2,\"name\":\"Jurisprudences\",\"item\":\"https:\\\/\\\/kohenavocats.com\\\/zh-hans\\\/jurisprudences\\\/\"},{\"@type\":\"ListItem\",\"position\":3,\"name\":\"Tribunal f\u00e9d\u00e9ral suisse, 19 mars 2026, n\u00b0 9C 713-2025\"}]},{\"@type\":\"WebSite\",\"@id\":\"https:\\\/\\\/kohenavocats.com\\\/zh-hans\\\/#website\",\"url\":\"https:\\\/\\\/kohenavocats.com\\\/zh-hans\\\/\",\"name\":\"Kohen Avocats\",\"description\":\"Ma\u00eetre Hassan Kohen, avocat p\u00e9naliste \u00e0 Paris, intervient exclusivement en droit p\u00e9nal pour la d\u00e9fense des particuliers, notamment en mati\u00e8re d\u2019accusations de viol. Il assure un accompagnement rigoureux d\u00e8s la garde \u00e0 vue jusqu\u2019\u00e0 la Cour d\u2019assises, veillant au strict respect des garanties proc\u00e9durales.\",\"publisher\":{\"@id\":\"https:\\\/\\\/kohenavocats.com\\\/zh-hans\\\/#organization\"},\"potentialAction\":[{\"@type\":\"SearchAction\",\"target\":{\"@type\":\"EntryPoint\",\"urlTemplate\":\"https:\\\/\\\/kohenavocats.com\\\/zh-hans\\\/?s={search_term_string}\"},\"query-input\":{\"@type\":\"PropertyValueSpecification\",\"valueRequired\":true,\"valueName\":\"search_term_string\"}}],\"inLanguage\":\"zh-Hans\"},{\"@type\":\"Organization\",\"@id\":\"https:\\\/\\\/kohenavocats.com\\\/zh-hans\\\/#organization\",\"name\":\"Kohen Avocats\",\"url\":\"https:\\\/\\\/kohenavocats.com\\\/zh-hans\\\/\",\"logo\":{\"@type\":\"ImageObject\",\"inLanguage\":\"zh-Hans\",\"@id\":\"https:\\\/\\\/kohenavocats.com\\\/zh-hans\\\/#\\\/schema\\\/logo\\\/image\\\/\",\"url\":\"https:\\\/\\\/kohenavocats.com\\\/wp-content\\\/uploads\\\/2026\\\/01\\\/Logo-2-1.webp\",\"contentUrl\":\"https:\\\/\\\/kohenavocats.com\\\/wp-content\\\/uploads\\\/2026\\\/01\\\/Logo-2-1.webp\",\"width\":2114,\"height\":1253,\"caption\":\"Kohen Avocats\"},\"image\":{\"@id\":\"https:\\\/\\\/kohenavocats.com\\\/zh-hans\\\/#\\\/schema\\\/logo\\\/image\\\/\"}}]}<\/script>\n<!-- \/ Yoast SEO Premium plugin. -->","yoast_head_json":{"title":"Tribunal f\u00e9d\u00e9ral suisse, 19 mars 2026, n\u00b0 9C 713-2025 - Ma\u00eetre Hassan Kohen, avocat en droit p\u00e9nal \u00e0 Paris","robots":{"index":"index","follow":"follow","max-snippet":"max-snippet:-1","max-image-preview":"max-image-preview:large","max-video-preview":"max-video-preview:-1"},"canonical":"https:\/\/kohenavocats.com\/zh-hans\/jurisprudences\/tribunal-federal-suisse-19-mars-2026-n-9c-713-2025\/","og_locale":"zh_CN","og_type":"article","og_title":"Tribunal f\u00e9d\u00e9ral suisse, 19 mars 2026, n\u00b0 9C 713-2025","og_description":"Bundesgericht Tribunal f\u00e9d\u00e9ral Tribunale federale Tribunal federal 9C_713\/2025 Ordonnance du 19 mars 2026 IIIe Cour de droit public Composition Mme la Juge f\u00e9d\u00e9rale Moser-Szeless, Pr\u00e9sidente. Greffier : M. Bleicker. Participants \u00e0 la proc\u00e9dure A.________, repr\u00e9sent\u00e9e par Me Jean-Michel Duc, avocat, recourante, contre Office de l'assurance-invalidit\u00e9 pour le canton de Vaud, avenue du G\u00e9n\u00e9ral-Guisan 8, 1800...","og_url":"https:\/\/kohenavocats.com\/zh-hans\/jurisprudences\/tribunal-federal-suisse-19-mars-2026-n-9c-713-2025\/","og_site_name":"Ma\u00eetre Hassan Kohen, avocat en droit p\u00e9nal \u00e0 Paris","twitter_card":"summary_large_image","twitter_misc":{"\u9884\u8ba1\u9605\u8bfb\u65f6\u95f4":"5 \u5206"},"schema":{"@context":"https:\/\/schema.org","@graph":[{"@type":"WebPage","@id":"https:\/\/kohenavocats.com\/zh-hans\/jurisprudences\/tribunal-federal-suisse-19-mars-2026-n-9c-713-2025\/","url":"https:\/\/kohenavocats.com\/zh-hans\/jurisprudences\/tribunal-federal-suisse-19-mars-2026-n-9c-713-2025\/","name":"Tribunal f\u00e9d\u00e9ral suisse, 19 mars 2026, n\u00b0 9C 713-2025 - Ma\u00eetre Hassan Kohen, avocat en droit p\u00e9nal \u00e0 Paris","isPartOf":{"@id":"https:\/\/kohenavocats.com\/zh-hans\/#website"},"datePublished":"2026-04-14T23:38:31+00:00","breadcrumb":{"@id":"https:\/\/kohenavocats.com\/zh-hans\/jurisprudences\/tribunal-federal-suisse-19-mars-2026-n-9c-713-2025\/#breadcrumb"},"inLanguage":"zh-Hans","potentialAction":[{"@type":"ReadAction","target":["https:\/\/kohenavocats.com\/zh-hans\/jurisprudences\/tribunal-federal-suisse-19-mars-2026-n-9c-713-2025\/"]}]},{"@type":"BreadcrumbList","@id":"https:\/\/kohenavocats.com\/zh-hans\/jurisprudences\/tribunal-federal-suisse-19-mars-2026-n-9c-713-2025\/#breadcrumb","itemListElement":[{"@type":"ListItem","position":1,"name":"Home","item":"https:\/\/kohenavocats.com\/zh-hans\/"},{"@type":"ListItem","position":2,"name":"Jurisprudences","item":"https:\/\/kohenavocats.com\/zh-hans\/jurisprudences\/"},{"@type":"ListItem","position":3,"name":"Tribunal f\u00e9d\u00e9ral suisse, 19 mars 2026, n\u00b0 9C 713-2025"}]},{"@type":"WebSite","@id":"https:\/\/kohenavocats.com\/zh-hans\/#website","url":"https:\/\/kohenavocats.com\/zh-hans\/","name":"Kohen Avocats","description":"Ma\u00eetre Hassan Kohen, avocat p\u00e9naliste \u00e0 Paris, intervient exclusivement en droit p\u00e9nal pour la d\u00e9fense des particuliers, notamment en mati\u00e8re d\u2019accusations de viol. Il assure un accompagnement rigoureux d\u00e8s la garde \u00e0 vue jusqu\u2019\u00e0 la Cour d\u2019assises, veillant au strict respect des garanties proc\u00e9durales.","publisher":{"@id":"https:\/\/kohenavocats.com\/zh-hans\/#organization"},"potentialAction":[{"@type":"SearchAction","target":{"@type":"EntryPoint","urlTemplate":"https:\/\/kohenavocats.com\/zh-hans\/?s={search_term_string}"},"query-input":{"@type":"PropertyValueSpecification","valueRequired":true,"valueName":"search_term_string"}}],"inLanguage":"zh-Hans"},{"@type":"Organization","@id":"https:\/\/kohenavocats.com\/zh-hans\/#organization","name":"Kohen Avocats","url":"https:\/\/kohenavocats.com\/zh-hans\/","logo":{"@type":"ImageObject","inLanguage":"zh-Hans","@id":"https:\/\/kohenavocats.com\/zh-hans\/#\/schema\/logo\/image\/","url":"https:\/\/kohenavocats.com\/wp-content\/uploads\/2026\/01\/Logo-2-1.webp","contentUrl":"https:\/\/kohenavocats.com\/wp-content\/uploads\/2026\/01\/Logo-2-1.webp","width":2114,"height":1253,"caption":"Kohen Avocats"},"image":{"@id":"https:\/\/kohenavocats.com\/zh-hans\/#\/schema\/logo\/image\/"}}]}},"jetpack_likes_enabled":false,"jetpack_sharing_enabled":true,"_links":{"self":[{"href":"https:\/\/kohenavocats.com\/zh-hans\/wp-json\/wp\/v2\/kji_decision\/563414","targetHints":{"allow":["GET"]}}],"collection":[{"href":"https:\/\/kohenavocats.com\/zh-hans\/wp-json\/wp\/v2\/kji_decision"}],"about":[{"href":"https:\/\/kohenavocats.com\/zh-hans\/wp-json\/wp\/v2\/types\/kji_decision"}],"wp:attachment":[{"href":"https:\/\/kohenavocats.com\/zh-hans\/wp-json\/wp\/v2\/media?parent=563414"}],"wp:term":[{"taxonomy":"kji_country","embeddable":true,"href":"https:\/\/kohenavocats.com\/zh-hans\/wp-json\/wp\/v2\/kji_country?post=563414"},{"taxonomy":"kji_court","embeddable":true,"href":"https:\/\/kohenavocats.com\/zh-hans\/wp-json\/wp\/v2\/kji_court?post=563414"},{"taxonomy":"kji_chamber","embeddable":true,"href":"https:\/\/kohenavocats.com\/zh-hans\/wp-json\/wp\/v2\/kji_chamber?post=563414"},{"taxonomy":"kji_year","embeddable":true,"href":"https:\/\/kohenavocats.com\/zh-hans\/wp-json\/wp\/v2\/kji_year?post=563414"},{"taxonomy":"kji_subject","embeddable":true,"href":"https:\/\/kohenavocats.com\/zh-hans\/wp-json\/wp\/v2\/kji_subject?post=563414"},{"taxonomy":"kji_keyword","embeddable":true,"href":"https:\/\/kohenavocats.com\/zh-hans\/wp-json\/wp\/v2\/kji_keyword?post=563414"},{"taxonomy":"kji_language","embeddable":true,"href":"https:\/\/kohenavocats.com\/zh-hans\/wp-json\/wp\/v2\/kji_language?post=563414"}],"curies":[{"name":"wp","href":"https:\/\/api.w.org\/{rel}","templated":true}]}}