{"id":563417,"date":"2026-04-15T01:38:39","date_gmt":"2026-04-14T23:38:39","guid":{"rendered":"https:\/\/kohenavocats.com\/jurisprudences\/tribunal-federal-suisse-18-mars-2026-n-9c-692-2025\/"},"modified":"2026-04-15T01:38:39","modified_gmt":"2026-04-14T23:38:39","slug":"tribunal-federal-suisse-18-mars-2026-n-9c-692-2025","status":"publish","type":"kji_decision","link":"https:\/\/kohenavocats.com\/zh-hans\/jurisprudences\/tribunal-federal-suisse-18-mars-2026-n-9c-692-2025\/","title":{"rendered":"Tribunal f\u00e9d\u00e9ral suisse, 18 mars 2026, n\u00b0 9C 692-2025"},"content":{"rendered":"<div class=\"kji-decision\">\n<div class=\"kji-full-text\">\n<p>Bundesgericht<\/p>\n<p>Tribunal f\u00e9d\u00e9ral<\/p>\n<p>Tribunale federale<\/p>\n<p>Tribunal federal<\/p>\n<p>9C_692\/2025<\/p>\n<p>Ordonnance du 18 mars 2026<\/p>\n<p>IIIe Cour de droit public<\/p>\n<p>Composition<\/p>\n<p>M. le Juge f\u00e9d\u00e9ral Parrino, en qualit\u00e9 de juge unique.<\/p>\n<p>Greffier : M. B\u00fcrgisser.<\/p>\n<p>Participants \u00e0 la proc\u00e9dure<\/p>\n<p>A.________,<\/p>\n<p>repr\u00e9sent\u00e9 par Me Maxime Crisinel, avocat,<\/p>\n<p>recourant,<\/p>\n<p>contre<\/p>\n<p>Administration cantonale des imp\u00f4ts du canton de Vaud,<\/p>\n<p>route de Berne 46, 1010 Lausanne,<\/p>\n<p>intim\u00e9e.<\/p>\n<p>Objet<\/p>\n<p>Imp\u00f4ts cantonaux et communaux du canton de Vaud et imp\u00f4t f\u00e9d\u00e9ral direct, p\u00e9riodes fiscales 2005-2007,<\/p>\n<p>recours contre l&#039;arr\u00eat du Tribunal cantonal du canton de Vaud du 4 novembre 2025 (FI.2025.0063).<\/p>\n<p>Vu :<\/p>\n<p>la lettre du 11 f\u00e9vrier 2026 par laquelle A.________ a d\u00e9clar\u00e9 retirer le recours interjet\u00e9 le 5 d\u00e9cembre 2025 (timbre postal) contre l&#039;arr\u00eat du Tribunal cantonal du canton de Vaud, Cour de droit administratif et public, du 4 novembre 2025,<\/p>\n<p>consid\u00e9rant :<\/p>\n<p>que le juge instructeur statue comme juge unique sur la radiation du r\u00f4le des proc\u00e9dures achev\u00e9es par un retrait (art. 32 al. 1 et 2 LTF),<\/p>\n<p>que le recourant a express\u00e9ment signifi\u00e9 le retrait de son recours au Tribunal f\u00e9d\u00e9ral,<\/p>\n<p>qu&#039;il convient d&#039;en prendre acte et de rayer la cause du r\u00f4le (art. 73 al. 1 PCF par renvoi de l&#039;art. 71 LTF),<\/p>\n<p>qu&#039;en principe, la partie qui retire son recours doit supporter les frais de l&#039;instance f\u00e9d\u00e9rale (parmi plusieurs, ordonnance 9C_603\/2025 du 21 novembre 2025 et la r\u00e9f\u00e9rence),<\/p>\n<p>qu&#039;il n&#039;y a pas lieu de d\u00e9roger \u00e0 cette r\u00e8gle,<\/p>\n<p>qu&#039;en l&#039;occurrence, il convient de mettre une partie des frais d\u00e9j\u00e0 encourus dans la proc\u00e9dure \u00e0 la charge du recourant (art. 66 al. 2 LTF), qui n&#039;a pas droit \u00e0 des d\u00e9pens (art. 68 al. 1 LTF),<\/p>\n<p>par ces motifs, le Juge unique ordonne :<\/p>\n<p>1.<\/p>\n<p>La cause est ray\u00e9e du r\u00f4le par suite de retrait du recours.<\/p>\n<p>2.<\/p>\n<p>Les frais judiciaires de 500 fr. sont mis \u00e0 la charge du recourant.<\/p>\n<p>3.<\/p>\n<p>La pr\u00e9sente ordonnance est communiqu\u00e9e aux parties, au Tribunal cantonal du canton de Vaud, Cour de droit administratif et public, et \u00e0 l&#039;Administration f\u00e9d\u00e9rale des contributions.<\/p>\n<p>Lucerne, le 18 mars 2026<\/p>\n<p>Au nom de la IIIe Cour de droit public<\/p>\n<p>du Tribunal f\u00e9d\u00e9ral suisse<\/p>\n<p>Le Juge unique : Parrino<\/p>\n<p>Le Greffier : B\u00fcrgisser<\/p>\n<\/div>\n<hr class=\"kji-sep\" \/>\n<p class=\"kji-source-links\"><strong>Sources officielles :<\/strong> <a class=\"kji-source-link\" href=\"https:\/\/search.bger.ch\/ext\/eurospider\/live\/fr\/php\/aza\/http\/index.php?lang=fr&#038;type=highlight_simple_query&#038;page=10&#038;from_date=&#038;to_date=&#038;sort=relevance&#038;insertion_date=&#038;top_subcollection_aza=all&#038;query_words=tribunal+federal&#038;rank=100&#038;azaclir=aza&#038;highlight_docid=aza%3A%2F%2F18-03-2026-9C_692-2025&#038;number_of_ranks=167925\" target=\"_blank\" rel=\"noopener noreferrer\">consulter la page source<\/a><\/p>\n<p class=\"kji-license-note\"><em>Source officielle Tribunal federal suisse. Contenu HTML public, PDF non garanti en version gratuite.<\/em><\/p>\n<\/div>\n","protected":false},"excerpt":{"rendered":"<p>Bundesgericht Tribunal f\u00e9d\u00e9ral Tribunale federale Tribunal federal 9C_692\/2025 Ordonnance du 18 mars 2026 IIIe Cour de droit public Composition M. le Juge f\u00e9d\u00e9ral Parrino, en qualit\u00e9 de juge unique. Greffier : M. B\u00fcrgisser. Participants \u00e0 la proc\u00e9dure A.________, repr\u00e9sent\u00e9 par Me Maxime Crisinel, avocat, recourant, contre Administration cantonale des imp\u00f4ts du canton de Vaud, route&#8230;<\/p>\n","protected":false},"featured_media":0,"template":"","meta":{"_crdt_document":""},"kji_country":[9676],"kji_court":[9677],"kji_chamber":[10137],"kji_year":[7610],"kji_subject":[7650],"kji_keyword":[9799,9679,9680,7636],"kji_language":[7733],"class_list":["post-563417","kji_decision","type-kji_decision","status-publish","hentry","kji_country-suisse","kji_court-tribunal-federal-suisse","kji_chamber-cour-de-droit-public","kji_year-7610","kji_subject-administratif","kji_keyword-bundesgericht","kji_keyword-federal","kji_keyword-suisse","kji_keyword-tribunal","kji_language-francais"],"yoast_head":"<!-- This site is optimized with the Yoast SEO Premium plugin v27.5 (Yoast SEO v27.5) - https:\/\/yoast.com\/product\/yoast-seo-premium-wordpress\/ -->\n<title>Tribunal f\u00e9d\u00e9ral suisse, 18 mars 2026, n\u00b0 9C 692-2025 - Ma\u00eetre Hassan Kohen, avocat en droit p\u00e9nal \u00e0 Paris<\/title>\n<meta name=\"robots\" content=\"index, follow, max-snippet:-1, max-image-preview:large, max-video-preview:-1\" \/>\n<link rel=\"canonical\" href=\"https:\/\/kohenavocats.com\/zh-hans\/jurisprudences\/tribunal-federal-suisse-18-mars-2026-n-9c-692-2025\/\" \/>\n<meta property=\"og:locale\" content=\"zh_CN\" \/>\n<meta property=\"og:type\" content=\"article\" \/>\n<meta property=\"og:title\" content=\"Tribunal f\u00e9d\u00e9ral suisse, 18 mars 2026, n\u00b0 9C 692-2025\" \/>\n<meta property=\"og:description\" content=\"Bundesgericht Tribunal f\u00e9d\u00e9ral Tribunale federale Tribunal federal 9C_692\/2025 Ordonnance du 18 mars 2026 IIIe Cour de droit public Composition M. le Juge f\u00e9d\u00e9ral Parrino, en qualit\u00e9 de juge unique. Greffier : M. B\u00fcrgisser. Participants \u00e0 la proc\u00e9dure A.________, repr\u00e9sent\u00e9 par Me Maxime Crisinel, avocat, recourant, contre Administration cantonale des imp\u00f4ts du canton de Vaud, route...\" \/>\n<meta property=\"og:url\" content=\"https:\/\/kohenavocats.com\/zh-hans\/jurisprudences\/tribunal-federal-suisse-18-mars-2026-n-9c-692-2025\/\" \/>\n<meta property=\"og:site_name\" content=\"Ma\u00eetre Hassan Kohen, avocat en droit p\u00e9nal \u00e0 Paris\" \/>\n<meta name=\"twitter:card\" content=\"summary_large_image\" \/>\n<meta name=\"twitter:label1\" content=\"\u9884\u8ba1\u9605\u8bfb\u65f6\u95f4\" \/>\n\t<meta name=\"twitter:data1\" content=\"2 \u5206\" \/>\n<script type=\"application\/ld+json\" class=\"yoast-schema-graph\">{\"@context\":\"https:\\\/\\\/schema.org\",\"@graph\":[{\"@type\":\"WebPage\",\"@id\":\"https:\\\/\\\/kohenavocats.com\\\/zh-hans\\\/jurisprudences\\\/tribunal-federal-suisse-18-mars-2026-n-9c-692-2025\\\/\",\"url\":\"https:\\\/\\\/kohenavocats.com\\\/zh-hans\\\/jurisprudences\\\/tribunal-federal-suisse-18-mars-2026-n-9c-692-2025\\\/\",\"name\":\"Tribunal f\u00e9d\u00e9ral suisse, 18 mars 2026, n\u00b0 9C 692-2025 - Ma\u00eetre Hassan Kohen, avocat en droit p\u00e9nal \u00e0 Paris\",\"isPartOf\":{\"@id\":\"https:\\\/\\\/kohenavocats.com\\\/zh-hans\\\/#website\"},\"datePublished\":\"2026-04-14T23:38:39+00:00\",\"breadcrumb\":{\"@id\":\"https:\\\/\\\/kohenavocats.com\\\/zh-hans\\\/jurisprudences\\\/tribunal-federal-suisse-18-mars-2026-n-9c-692-2025\\\/#breadcrumb\"},\"inLanguage\":\"zh-Hans\",\"potentialAction\":[{\"@type\":\"ReadAction\",\"target\":[\"https:\\\/\\\/kohenavocats.com\\\/zh-hans\\\/jurisprudences\\\/tribunal-federal-suisse-18-mars-2026-n-9c-692-2025\\\/\"]}]},{\"@type\":\"BreadcrumbList\",\"@id\":\"https:\\\/\\\/kohenavocats.com\\\/zh-hans\\\/jurisprudences\\\/tribunal-federal-suisse-18-mars-2026-n-9c-692-2025\\\/#breadcrumb\",\"itemListElement\":[{\"@type\":\"ListItem\",\"position\":1,\"name\":\"Home\",\"item\":\"https:\\\/\\\/kohenavocats.com\\\/zh-hans\\\/\"},{\"@type\":\"ListItem\",\"position\":2,\"name\":\"Jurisprudences\",\"item\":\"https:\\\/\\\/kohenavocats.com\\\/zh-hans\\\/jurisprudences\\\/\"},{\"@type\":\"ListItem\",\"position\":3,\"name\":\"Tribunal f\u00e9d\u00e9ral suisse, 18 mars 2026, n\u00b0 9C 692-2025\"}]},{\"@type\":\"WebSite\",\"@id\":\"https:\\\/\\\/kohenavocats.com\\\/zh-hans\\\/#website\",\"url\":\"https:\\\/\\\/kohenavocats.com\\\/zh-hans\\\/\",\"name\":\"Kohen Avocats\",\"description\":\"Ma\u00eetre Hassan Kohen, avocat p\u00e9naliste \u00e0 Paris, intervient exclusivement en droit p\u00e9nal pour la d\u00e9fense des particuliers, notamment en mati\u00e8re d\u2019accusations de viol. Il assure un accompagnement rigoureux d\u00e8s la garde \u00e0 vue jusqu\u2019\u00e0 la Cour d\u2019assises, veillant au strict respect des garanties proc\u00e9durales.\",\"publisher\":{\"@id\":\"https:\\\/\\\/kohenavocats.com\\\/zh-hans\\\/#organization\"},\"potentialAction\":[{\"@type\":\"SearchAction\",\"target\":{\"@type\":\"EntryPoint\",\"urlTemplate\":\"https:\\\/\\\/kohenavocats.com\\\/zh-hans\\\/?s={search_term_string}\"},\"query-input\":{\"@type\":\"PropertyValueSpecification\",\"valueRequired\":true,\"valueName\":\"search_term_string\"}}],\"inLanguage\":\"zh-Hans\"},{\"@type\":\"Organization\",\"@id\":\"https:\\\/\\\/kohenavocats.com\\\/zh-hans\\\/#organization\",\"name\":\"Kohen Avocats\",\"url\":\"https:\\\/\\\/kohenavocats.com\\\/zh-hans\\\/\",\"logo\":{\"@type\":\"ImageObject\",\"inLanguage\":\"zh-Hans\",\"@id\":\"https:\\\/\\\/kohenavocats.com\\\/zh-hans\\\/#\\\/schema\\\/logo\\\/image\\\/\",\"url\":\"https:\\\/\\\/kohenavocats.com\\\/wp-content\\\/uploads\\\/2026\\\/01\\\/Logo-2-1.webp\",\"contentUrl\":\"https:\\\/\\\/kohenavocats.com\\\/wp-content\\\/uploads\\\/2026\\\/01\\\/Logo-2-1.webp\",\"width\":2114,\"height\":1253,\"caption\":\"Kohen Avocats\"},\"image\":{\"@id\":\"https:\\\/\\\/kohenavocats.com\\\/zh-hans\\\/#\\\/schema\\\/logo\\\/image\\\/\"}}]}<\/script>\n<!-- \/ Yoast SEO Premium plugin. -->","yoast_head_json":{"title":"Tribunal f\u00e9d\u00e9ral suisse, 18 mars 2026, n\u00b0 9C 692-2025 - Ma\u00eetre Hassan Kohen, avocat en droit p\u00e9nal \u00e0 Paris","robots":{"index":"index","follow":"follow","max-snippet":"max-snippet:-1","max-image-preview":"max-image-preview:large","max-video-preview":"max-video-preview:-1"},"canonical":"https:\/\/kohenavocats.com\/zh-hans\/jurisprudences\/tribunal-federal-suisse-18-mars-2026-n-9c-692-2025\/","og_locale":"zh_CN","og_type":"article","og_title":"Tribunal f\u00e9d\u00e9ral suisse, 18 mars 2026, n\u00b0 9C 692-2025","og_description":"Bundesgericht Tribunal f\u00e9d\u00e9ral Tribunale federale Tribunal federal 9C_692\/2025 Ordonnance du 18 mars 2026 IIIe Cour de droit public Composition M. le Juge f\u00e9d\u00e9ral Parrino, en qualit\u00e9 de juge unique. Greffier : M. B\u00fcrgisser. Participants \u00e0 la proc\u00e9dure A.________, repr\u00e9sent\u00e9 par Me Maxime Crisinel, avocat, recourant, contre Administration cantonale des imp\u00f4ts du canton de Vaud, route...","og_url":"https:\/\/kohenavocats.com\/zh-hans\/jurisprudences\/tribunal-federal-suisse-18-mars-2026-n-9c-692-2025\/","og_site_name":"Ma\u00eetre Hassan Kohen, avocat en droit p\u00e9nal \u00e0 Paris","twitter_card":"summary_large_image","twitter_misc":{"\u9884\u8ba1\u9605\u8bfb\u65f6\u95f4":"2 \u5206"},"schema":{"@context":"https:\/\/schema.org","@graph":[{"@type":"WebPage","@id":"https:\/\/kohenavocats.com\/zh-hans\/jurisprudences\/tribunal-federal-suisse-18-mars-2026-n-9c-692-2025\/","url":"https:\/\/kohenavocats.com\/zh-hans\/jurisprudences\/tribunal-federal-suisse-18-mars-2026-n-9c-692-2025\/","name":"Tribunal f\u00e9d\u00e9ral suisse, 18 mars 2026, n\u00b0 9C 692-2025 - Ma\u00eetre Hassan Kohen, avocat en droit p\u00e9nal \u00e0 Paris","isPartOf":{"@id":"https:\/\/kohenavocats.com\/zh-hans\/#website"},"datePublished":"2026-04-14T23:38:39+00:00","breadcrumb":{"@id":"https:\/\/kohenavocats.com\/zh-hans\/jurisprudences\/tribunal-federal-suisse-18-mars-2026-n-9c-692-2025\/#breadcrumb"},"inLanguage":"zh-Hans","potentialAction":[{"@type":"ReadAction","target":["https:\/\/kohenavocats.com\/zh-hans\/jurisprudences\/tribunal-federal-suisse-18-mars-2026-n-9c-692-2025\/"]}]},{"@type":"BreadcrumbList","@id":"https:\/\/kohenavocats.com\/zh-hans\/jurisprudences\/tribunal-federal-suisse-18-mars-2026-n-9c-692-2025\/#breadcrumb","itemListElement":[{"@type":"ListItem","position":1,"name":"Home","item":"https:\/\/kohenavocats.com\/zh-hans\/"},{"@type":"ListItem","position":2,"name":"Jurisprudences","item":"https:\/\/kohenavocats.com\/zh-hans\/jurisprudences\/"},{"@type":"ListItem","position":3,"name":"Tribunal f\u00e9d\u00e9ral suisse, 18 mars 2026, n\u00b0 9C 692-2025"}]},{"@type":"WebSite","@id":"https:\/\/kohenavocats.com\/zh-hans\/#website","url":"https:\/\/kohenavocats.com\/zh-hans\/","name":"Kohen Avocats","description":"Ma\u00eetre Hassan Kohen, avocat p\u00e9naliste \u00e0 Paris, intervient exclusivement en droit p\u00e9nal pour la d\u00e9fense des particuliers, notamment en mati\u00e8re d\u2019accusations de viol. Il assure un accompagnement rigoureux d\u00e8s la garde \u00e0 vue jusqu\u2019\u00e0 la Cour d\u2019assises, veillant au strict respect des garanties proc\u00e9durales.","publisher":{"@id":"https:\/\/kohenavocats.com\/zh-hans\/#organization"},"potentialAction":[{"@type":"SearchAction","target":{"@type":"EntryPoint","urlTemplate":"https:\/\/kohenavocats.com\/zh-hans\/?s={search_term_string}"},"query-input":{"@type":"PropertyValueSpecification","valueRequired":true,"valueName":"search_term_string"}}],"inLanguage":"zh-Hans"},{"@type":"Organization","@id":"https:\/\/kohenavocats.com\/zh-hans\/#organization","name":"Kohen Avocats","url":"https:\/\/kohenavocats.com\/zh-hans\/","logo":{"@type":"ImageObject","inLanguage":"zh-Hans","@id":"https:\/\/kohenavocats.com\/zh-hans\/#\/schema\/logo\/image\/","url":"https:\/\/kohenavocats.com\/wp-content\/uploads\/2026\/01\/Logo-2-1.webp","contentUrl":"https:\/\/kohenavocats.com\/wp-content\/uploads\/2026\/01\/Logo-2-1.webp","width":2114,"height":1253,"caption":"Kohen Avocats"},"image":{"@id":"https:\/\/kohenavocats.com\/zh-hans\/#\/schema\/logo\/image\/"}}]}},"jetpack_likes_enabled":false,"jetpack_sharing_enabled":true,"_links":{"self":[{"href":"https:\/\/kohenavocats.com\/zh-hans\/wp-json\/wp\/v2\/kji_decision\/563417","targetHints":{"allow":["GET"]}}],"collection":[{"href":"https:\/\/kohenavocats.com\/zh-hans\/wp-json\/wp\/v2\/kji_decision"}],"about":[{"href":"https:\/\/kohenavocats.com\/zh-hans\/wp-json\/wp\/v2\/types\/kji_decision"}],"wp:attachment":[{"href":"https:\/\/kohenavocats.com\/zh-hans\/wp-json\/wp\/v2\/media?parent=563417"}],"wp:term":[{"taxonomy":"kji_country","embeddable":true,"href":"https:\/\/kohenavocats.com\/zh-hans\/wp-json\/wp\/v2\/kji_country?post=563417"},{"taxonomy":"kji_court","embeddable":true,"href":"https:\/\/kohenavocats.com\/zh-hans\/wp-json\/wp\/v2\/kji_court?post=563417"},{"taxonomy":"kji_chamber","embeddable":true,"href":"https:\/\/kohenavocats.com\/zh-hans\/wp-json\/wp\/v2\/kji_chamber?post=563417"},{"taxonomy":"kji_year","embeddable":true,"href":"https:\/\/kohenavocats.com\/zh-hans\/wp-json\/wp\/v2\/kji_year?post=563417"},{"taxonomy":"kji_subject","embeddable":true,"href":"https:\/\/kohenavocats.com\/zh-hans\/wp-json\/wp\/v2\/kji_subject?post=563417"},{"taxonomy":"kji_keyword","embeddable":true,"href":"https:\/\/kohenavocats.com\/zh-hans\/wp-json\/wp\/v2\/kji_keyword?post=563417"},{"taxonomy":"kji_language","embeddable":true,"href":"https:\/\/kohenavocats.com\/zh-hans\/wp-json\/wp\/v2\/kji_language?post=563417"}],"curies":[{"name":"wp","href":"https:\/\/api.w.org\/{rel}","templated":true}]}}