{"id":563419,"date":"2026-04-15T01:38:44","date_gmt":"2026-04-14T23:38:44","guid":{"rendered":"https:\/\/kohenavocats.com\/jurisprudences\/tribunal-federal-suisse-18-mars-2026-n-4d-39-2026\/"},"modified":"2026-04-15T01:38:44","modified_gmt":"2026-04-14T23:38:44","slug":"tribunal-federal-suisse-18-mars-2026-n-4d-39-2026","status":"publish","type":"kji_decision","link":"https:\/\/kohenavocats.com\/zh-hans\/jurisprudences\/tribunal-federal-suisse-18-mars-2026-n-4d-39-2026\/","title":{"rendered":"Tribunal f\u00e9d\u00e9ral suisse, 18 mars 2026, n\u00b0 4D 39-2026"},"content":{"rendered":"<div class=\"kji-decision\">\n<div class=\"kji-full-text\">\n<p>Bundesgericht<\/p>\n<p>Tribunal f\u00e9d\u00e9ral<\/p>\n<p>Tribunale federale<\/p>\n<p>Tribunal federal<\/p>\n<p>4D_39\/2026<\/p>\n<p>Urteil vom 18. M\u00e4rz 2026<\/p>\n<p>I. zivilrechtliche Abteilung<\/p>\n<p>Besetzung<\/p>\n<p>Bundesrichter Hurni, Pr\u00e4sident,<\/p>\n<p>Gerichtsschreiber Tanner.<\/p>\n<p>Verfahrensbeteiligte<\/p>\n<p>A.________,<\/p>\n<p>Beschwerdef\u00fchrer,<\/p>\n<p>gegen<\/p>\n<p>Bezirksgericht Kulm,<\/p>\n<p>Bezirksgeb\u00e4ude, Zentrumsplatz 1, 5726 Unterkulm,<\/p>\n<p>Beschwerdegegner.<\/p>\n<p>Gegenstand<\/p>\n<p>Rechtsverz\u00f6gerung und Rechtsverweigerung,<\/p>\n<p>Beschwerde gegen die Verf\u00fcgung des Obergerichts<\/p>\n<p>des Kantons Aargau, Zivilgericht, 4. Kammer,<\/p>\n<p>vom 16. M\u00e4rz 2026 (ZSU.2026.79).<\/p>\n<p>Erw\u00e4gungen:<\/p>\n<p>1.<\/p>\n<p>Der Kanton Aargau betrieb den Beschwerdef\u00fchrer mit Zahlungsbefehl des Regionalen Betreibungsamts Reinach vom 9. Dezember 2025 f\u00fcr eine Forderung von insgesamt Fr. 4&#039;708.75 nebst Zins zu 5% auf Fr. 4&#039;673.75 seit dem 4. Dezember 2025. Am 10. Dezember 2025 erhob der Beschwerdef\u00fchrer gegen diesen Zahlungsbefehl Rechtsvorschlag.<\/p>\n<p>Am 9. Januar 2026 reichte der Kanton Aargau beim Bezirksgericht Kulm ein Rechts\u00f6ffnungsbegehren f\u00fcr den Betrag von Fr. 4&#039;694.&#8211; nebst Zins zu 5% auf Fr. 4&#039;659.&#8211; seit dem 4. Dezember 2025 ein.<\/p>\n<p>Mit Stellungnahme vom 30. Januar 2026 beantragte der Beschwerdef\u00fchrer unter anderem die sofortige Sistierung des Verfahrens &quot;wegen Litisdependenz beim Bezirksgericht Aarau&quot; und die vollst\u00e4ndige Abweisung des Rechts\u00f6ffnungsgesuchs. In weiteren Eingaben beantragte er, auf das Rechts\u00f6ffnungsbegehren wegen Litispendenz nicht einzutreten bzw. das entsprechende Verfahren sofort zu sistieren.<\/p>\n<p>2.<\/p>\n<p>Am 20. Februar 2026 reichte der Beschwerdef\u00fchrer beim Obergericht des Kantons Aargau eine Rechtsverz\u00f6gerungs- und Rechtsverweigerungsbeschwerde ein. Er stellte darin unter anderem die Antr\u00e4ge, es sei festzustellen, dass das Bezirksgericht Kulm durch Unt\u00e4tigkeit das Beschleunigungsgebot verletze und eine formelle Rechtsverweigerung begehe. Das Bezirksgericht Kulm sei anzuweisen, das Rechts\u00f6ffnungsverfahren unverz\u00fcglich zu sistieren.<\/p>\n<p>Mit Entscheid vom 24. Februar 2026 erteilte die Pr\u00e4sidentin des Bezirksgericht Kulm dem Kanton Aargau f\u00fcr Fr. 4&#039;659.&#8211; nebst Zins zu 5% seit dem 4. Dezember 2025 definitive Rechts\u00f6ffnung. Die \u00fcbrigen Antr\u00e4ge wies sie ab, soweit sie darauf eintrat.<\/p>\n<p>In der Folge schrieb der Instruktionsrichter des Obergerichts des Kantons Aargau das bei ihm h\u00e4ngige Beschwerdeverfahren mit Verf\u00fcgung vom 16. M\u00e4rz 2026 als gegenstandslos geworden ab.<\/p>\n<p>3.<\/p>\n<p>Dagegen erhob der Beschwerdef\u00fchrer am 15. M\u00e4rz 2026 Beschwerde an das Bundesgericht. In dieser und in weiteren Eingaben stellte er zahlreiche superprovisorische Begehren. Unter anderem verlangte er den Ausstand mehrerer vorinstanzlicher Richter, einen Pf\u00e4ndungsstopp, die Feststellung der Nichtigkeit verschiedener Verfahren und eine sorfortige Entsch\u00e4digung. Ferner monierte er die &quot;Verweigerung der Aktenentgegennahme&quot; und erkl\u00e4rte seine &quot;Vollzugsverweigerung&quot;. Schliesslich m\u00f6chte er mittels Staatshaftung auf zwei vorinstanzliche Richter pers\u00f6nlich Regress nehmen.<\/p>\n<p>Die Eingabe des Beschwerdef\u00fchrers beruht augenf\u00e4llig auf querulatorischer und rechtsmissbr\u00e4uchlicher Prozessf\u00fchrung und ist als solche unzul\u00e4ssig (Art. 42 Abs. 7 BGG). Auf die Beschwerde ist demnach im vereinfachten Verfahren durch den Abteilungspr\u00e4sidenten nicht einzutreten (Art. 108 Abs. 1 lit. c BGG). Die Begr\u00fcndung dieses Entscheids beschr\u00e4nkt sich dabei auf eine kurze Angabe des Unzul\u00e4ssigkeitsgrundes (Art. 108 Abs. 3 BGG).<\/p>\n<p>4.<\/p>\n<p>Das Gesuch des Beschwerdef\u00fchrers um unentgeltliche Rechtspflege f\u00fcr das bundesgerichtliche Verfahren ist wegen Aussichtslosigkeit abzuweisen (Art. 64 Abs. 1 BGG).<\/p>\n<p>Der Beschwerdef\u00fchrer wird bei diesem Verfahrensausgang kostenpflichtig (Art. 66 Abs. 1 BGG).<\/p>\n<p>Der Beschwerdegegner hat keinen Anspruch auf eine Parteientsch\u00e4digung (Art. 68 Abs. 3 BGG).<\/p>\n<p>Demnach erkennt der Pr\u00e4sident:<\/p>\n<p>1.<\/p>\n<p>Auf die Beschwerde wird nicht eingetreten.<\/p>\n<p>2.<\/p>\n<p>Das Gesuch des Beschwerdef\u00fchrers um unentgeltliche Rechtspflege f\u00fcr das bundesgerichtliche Verfahren wird abgewiesen.<\/p>\n<p>3.<\/p>\n<p>Die Gerichtskosten von Fr. 800.&#8211; werden dem Beschwerdef\u00fchrer auferlegt.<\/p>\n<p>4.<\/p>\n<p>Es wird keine Parteientsch\u00e4digung zugesprochen.<\/p>\n<p>5.<\/p>\n<p>Dieses Urteil wird den Parteien und dem Obergericht des Kantons Aargau, Zivilgericht, 4. Kammer, schriftlich mitgeteilt.<\/p>\n<p>Lausanne, 18. M\u00e4rz 2026<\/p>\n<p>Im Namen der I. zivilrechtlichen Abteilung<\/p>\n<p>des Schweizerischen Bundesgerichts<\/p>\n<p>Der Pr\u00e4sident: Hurni<\/p>\n<p>Der Gerichtsschreiber: Tanner<\/p>\n<\/div>\n<hr class=\"kji-sep\" \/>\n<p class=\"kji-source-links\"><strong>Sources officielles :<\/strong> <a class=\"kji-source-link\" href=\"https:\/\/search.bger.ch\/ext\/eurospider\/live\/fr\/php\/aza\/http\/index.php?lang=fr&#038;type=highlight_simple_query&#038;page=10&#038;from_date=&#038;to_date=&#038;sort=relevance&#038;insertion_date=&#038;top_subcollection_aza=all&#038;query_words=tribunal+federal&#038;rank=98&#038;azaclir=aza&#038;highlight_docid=aza%3A%2F%2F18-03-2026-4D_39-2026&#038;number_of_ranks=167925\" target=\"_blank\" rel=\"noopener noreferrer\">consulter la page source<\/a><\/p>\n<p class=\"kji-license-note\"><em>Source officielle Tribunal federal suisse. Contenu HTML public, PDF non garanti en version gratuite.<\/em><\/p>\n<\/div>\n","protected":false},"excerpt":{"rendered":"<p>Bundesgericht Tribunal f\u00e9d\u00e9ral Tribunale federale Tribunal federal 4D_39\/2026 Urteil vom 18. M\u00e4rz 2026 I. zivilrechtliche Abteilung Besetzung Bundesrichter Hurni, Pr\u00e4sident, Gerichtsschreiber Tanner. Verfahrensbeteiligte A.________, Beschwerdef\u00fchrer, gegen Bezirksgericht Kulm, Bezirksgeb\u00e4ude, Zentrumsplatz 1, 5726 Unterkulm, Beschwerdegegner. Gegenstand Rechtsverz\u00f6gerung und Rechtsverweigerung, Beschwerde gegen die Verf\u00fcgung des Obergerichts des Kantons Aargau, Zivilgericht, 4. Kammer, vom 16. M\u00e4rz 2026 (ZSU.2026.79)&#8230;.<\/p>\n","protected":false},"featured_media":0,"template":"","meta":{"_crdt_document":""},"kji_country":[9676],"kji_court":[9677],"kji_chamber":[],"kji_year":[7610],"kji_subject":[7646],"kji_keyword":[9799,9679,9680,7636],"kji_language":[7685],"class_list":["post-563419","kji_decision","type-kji_decision","status-publish","hentry","kji_country-suisse","kji_court-tribunal-federal-suisse","kji_year-7610","kji_subject-divers","kji_keyword-bundesgericht","kji_keyword-federal","kji_keyword-suisse","kji_keyword-tribunal","kji_language-italien"],"yoast_head":"<!-- This site is optimized with the Yoast SEO Premium plugin v27.5 (Yoast SEO v27.5) - https:\/\/yoast.com\/product\/yoast-seo-premium-wordpress\/ -->\n<title>Tribunal f\u00e9d\u00e9ral suisse, 18 mars 2026, n\u00b0 4D 39-2026 - Ma\u00eetre Hassan Kohen, avocat en droit p\u00e9nal \u00e0 Paris<\/title>\n<meta name=\"robots\" content=\"index, follow, max-snippet:-1, max-image-preview:large, max-video-preview:-1\" \/>\n<link rel=\"canonical\" href=\"https:\/\/kohenavocats.com\/zh-hans\/jurisprudences\/tribunal-federal-suisse-18-mars-2026-n-4d-39-2026\/\" \/>\n<meta property=\"og:locale\" content=\"zh_CN\" \/>\n<meta property=\"og:type\" content=\"article\" \/>\n<meta property=\"og:title\" content=\"Tribunal f\u00e9d\u00e9ral suisse, 18 mars 2026, n\u00b0 4D 39-2026\" \/>\n<meta property=\"og:description\" content=\"Bundesgericht Tribunal f\u00e9d\u00e9ral Tribunale federale Tribunal federal 4D_39\/2026 Urteil vom 18. M\u00e4rz 2026 I. zivilrechtliche Abteilung Besetzung Bundesrichter Hurni, Pr\u00e4sident, Gerichtsschreiber Tanner. Verfahrensbeteiligte A.________, Beschwerdef\u00fchrer, gegen Bezirksgericht Kulm, Bezirksgeb\u00e4ude, Zentrumsplatz 1, 5726 Unterkulm, Beschwerdegegner. Gegenstand Rechtsverz\u00f6gerung und Rechtsverweigerung, Beschwerde gegen die Verf\u00fcgung des Obergerichts des Kantons Aargau, Zivilgericht, 4. Kammer, vom 16. M\u00e4rz 2026 (ZSU.2026.79)....\" \/>\n<meta property=\"og:url\" content=\"https:\/\/kohenavocats.com\/zh-hans\/jurisprudences\/tribunal-federal-suisse-18-mars-2026-n-4d-39-2026\/\" \/>\n<meta property=\"og:site_name\" content=\"Ma\u00eetre Hassan Kohen, avocat en droit p\u00e9nal \u00e0 Paris\" \/>\n<meta name=\"twitter:card\" content=\"summary_large_image\" \/>\n<meta name=\"twitter:label1\" content=\"\u9884\u8ba1\u9605\u8bfb\u65f6\u95f4\" \/>\n\t<meta name=\"twitter:data1\" content=\"3 \u5206\" \/>\n<script type=\"application\/ld+json\" class=\"yoast-schema-graph\">{\"@context\":\"https:\\\/\\\/schema.org\",\"@graph\":[{\"@type\":\"WebPage\",\"@id\":\"https:\\\/\\\/kohenavocats.com\\\/zh-hans\\\/jurisprudences\\\/tribunal-federal-suisse-18-mars-2026-n-4d-39-2026\\\/\",\"url\":\"https:\\\/\\\/kohenavocats.com\\\/zh-hans\\\/jurisprudences\\\/tribunal-federal-suisse-18-mars-2026-n-4d-39-2026\\\/\",\"name\":\"Tribunal f\u00e9d\u00e9ral suisse, 18 mars 2026, n\u00b0 4D 39-2026 - Ma\u00eetre Hassan Kohen, avocat en droit p\u00e9nal \u00e0 Paris\",\"isPartOf\":{\"@id\":\"https:\\\/\\\/kohenavocats.com\\\/zh-hans\\\/#website\"},\"datePublished\":\"2026-04-14T23:38:44+00:00\",\"breadcrumb\":{\"@id\":\"https:\\\/\\\/kohenavocats.com\\\/zh-hans\\\/jurisprudences\\\/tribunal-federal-suisse-18-mars-2026-n-4d-39-2026\\\/#breadcrumb\"},\"inLanguage\":\"zh-Hans\",\"potentialAction\":[{\"@type\":\"ReadAction\",\"target\":[\"https:\\\/\\\/kohenavocats.com\\\/zh-hans\\\/jurisprudences\\\/tribunal-federal-suisse-18-mars-2026-n-4d-39-2026\\\/\"]}]},{\"@type\":\"BreadcrumbList\",\"@id\":\"https:\\\/\\\/kohenavocats.com\\\/zh-hans\\\/jurisprudences\\\/tribunal-federal-suisse-18-mars-2026-n-4d-39-2026\\\/#breadcrumb\",\"itemListElement\":[{\"@type\":\"ListItem\",\"position\":1,\"name\":\"Home\",\"item\":\"https:\\\/\\\/kohenavocats.com\\\/zh-hans\\\/\"},{\"@type\":\"ListItem\",\"position\":2,\"name\":\"Jurisprudences\",\"item\":\"https:\\\/\\\/kohenavocats.com\\\/zh-hans\\\/jurisprudences\\\/\"},{\"@type\":\"ListItem\",\"position\":3,\"name\":\"Tribunal f\u00e9d\u00e9ral suisse, 18 mars 2026, n\u00b0 4D 39-2026\"}]},{\"@type\":\"WebSite\",\"@id\":\"https:\\\/\\\/kohenavocats.com\\\/zh-hans\\\/#website\",\"url\":\"https:\\\/\\\/kohenavocats.com\\\/zh-hans\\\/\",\"name\":\"Kohen Avocats\",\"description\":\"Ma\u00eetre Hassan Kohen, avocat p\u00e9naliste \u00e0 Paris, intervient exclusivement en droit p\u00e9nal pour la d\u00e9fense des particuliers, notamment en mati\u00e8re d\u2019accusations de viol. Il assure un accompagnement rigoureux d\u00e8s la garde \u00e0 vue jusqu\u2019\u00e0 la Cour d\u2019assises, veillant au strict respect des garanties proc\u00e9durales.\",\"publisher\":{\"@id\":\"https:\\\/\\\/kohenavocats.com\\\/zh-hans\\\/#organization\"},\"potentialAction\":[{\"@type\":\"SearchAction\",\"target\":{\"@type\":\"EntryPoint\",\"urlTemplate\":\"https:\\\/\\\/kohenavocats.com\\\/zh-hans\\\/?s={search_term_string}\"},\"query-input\":{\"@type\":\"PropertyValueSpecification\",\"valueRequired\":true,\"valueName\":\"search_term_string\"}}],\"inLanguage\":\"zh-Hans\"},{\"@type\":\"Organization\",\"@id\":\"https:\\\/\\\/kohenavocats.com\\\/zh-hans\\\/#organization\",\"name\":\"Kohen Avocats\",\"url\":\"https:\\\/\\\/kohenavocats.com\\\/zh-hans\\\/\",\"logo\":{\"@type\":\"ImageObject\",\"inLanguage\":\"zh-Hans\",\"@id\":\"https:\\\/\\\/kohenavocats.com\\\/zh-hans\\\/#\\\/schema\\\/logo\\\/image\\\/\",\"url\":\"https:\\\/\\\/kohenavocats.com\\\/wp-content\\\/uploads\\\/2026\\\/01\\\/Logo-2-1.webp\",\"contentUrl\":\"https:\\\/\\\/kohenavocats.com\\\/wp-content\\\/uploads\\\/2026\\\/01\\\/Logo-2-1.webp\",\"width\":2114,\"height\":1253,\"caption\":\"Kohen Avocats\"},\"image\":{\"@id\":\"https:\\\/\\\/kohenavocats.com\\\/zh-hans\\\/#\\\/schema\\\/logo\\\/image\\\/\"}}]}<\/script>\n<!-- \/ Yoast SEO Premium plugin. -->","yoast_head_json":{"title":"Tribunal f\u00e9d\u00e9ral suisse, 18 mars 2026, n\u00b0 4D 39-2026 - Ma\u00eetre Hassan Kohen, avocat en droit p\u00e9nal \u00e0 Paris","robots":{"index":"index","follow":"follow","max-snippet":"max-snippet:-1","max-image-preview":"max-image-preview:large","max-video-preview":"max-video-preview:-1"},"canonical":"https:\/\/kohenavocats.com\/zh-hans\/jurisprudences\/tribunal-federal-suisse-18-mars-2026-n-4d-39-2026\/","og_locale":"zh_CN","og_type":"article","og_title":"Tribunal f\u00e9d\u00e9ral suisse, 18 mars 2026, n\u00b0 4D 39-2026","og_description":"Bundesgericht Tribunal f\u00e9d\u00e9ral Tribunale federale Tribunal federal 4D_39\/2026 Urteil vom 18. M\u00e4rz 2026 I. zivilrechtliche Abteilung Besetzung Bundesrichter Hurni, Pr\u00e4sident, Gerichtsschreiber Tanner. Verfahrensbeteiligte A.________, Beschwerdef\u00fchrer, gegen Bezirksgericht Kulm, Bezirksgeb\u00e4ude, Zentrumsplatz 1, 5726 Unterkulm, Beschwerdegegner. Gegenstand Rechtsverz\u00f6gerung und Rechtsverweigerung, Beschwerde gegen die Verf\u00fcgung des Obergerichts des Kantons Aargau, Zivilgericht, 4. Kammer, vom 16. M\u00e4rz 2026 (ZSU.2026.79)....","og_url":"https:\/\/kohenavocats.com\/zh-hans\/jurisprudences\/tribunal-federal-suisse-18-mars-2026-n-4d-39-2026\/","og_site_name":"Ma\u00eetre Hassan Kohen, avocat en droit p\u00e9nal \u00e0 Paris","twitter_card":"summary_large_image","twitter_misc":{"\u9884\u8ba1\u9605\u8bfb\u65f6\u95f4":"3 \u5206"},"schema":{"@context":"https:\/\/schema.org","@graph":[{"@type":"WebPage","@id":"https:\/\/kohenavocats.com\/zh-hans\/jurisprudences\/tribunal-federal-suisse-18-mars-2026-n-4d-39-2026\/","url":"https:\/\/kohenavocats.com\/zh-hans\/jurisprudences\/tribunal-federal-suisse-18-mars-2026-n-4d-39-2026\/","name":"Tribunal f\u00e9d\u00e9ral suisse, 18 mars 2026, n\u00b0 4D 39-2026 - Ma\u00eetre Hassan Kohen, avocat en droit p\u00e9nal \u00e0 Paris","isPartOf":{"@id":"https:\/\/kohenavocats.com\/zh-hans\/#website"},"datePublished":"2026-04-14T23:38:44+00:00","breadcrumb":{"@id":"https:\/\/kohenavocats.com\/zh-hans\/jurisprudences\/tribunal-federal-suisse-18-mars-2026-n-4d-39-2026\/#breadcrumb"},"inLanguage":"zh-Hans","potentialAction":[{"@type":"ReadAction","target":["https:\/\/kohenavocats.com\/zh-hans\/jurisprudences\/tribunal-federal-suisse-18-mars-2026-n-4d-39-2026\/"]}]},{"@type":"BreadcrumbList","@id":"https:\/\/kohenavocats.com\/zh-hans\/jurisprudences\/tribunal-federal-suisse-18-mars-2026-n-4d-39-2026\/#breadcrumb","itemListElement":[{"@type":"ListItem","position":1,"name":"Home","item":"https:\/\/kohenavocats.com\/zh-hans\/"},{"@type":"ListItem","position":2,"name":"Jurisprudences","item":"https:\/\/kohenavocats.com\/zh-hans\/jurisprudences\/"},{"@type":"ListItem","position":3,"name":"Tribunal f\u00e9d\u00e9ral suisse, 18 mars 2026, n\u00b0 4D 39-2026"}]},{"@type":"WebSite","@id":"https:\/\/kohenavocats.com\/zh-hans\/#website","url":"https:\/\/kohenavocats.com\/zh-hans\/","name":"Kohen Avocats","description":"Ma\u00eetre Hassan Kohen, avocat p\u00e9naliste \u00e0 Paris, intervient exclusivement en droit p\u00e9nal pour la d\u00e9fense des particuliers, notamment en mati\u00e8re d\u2019accusations de viol. Il assure un accompagnement rigoureux d\u00e8s la garde \u00e0 vue jusqu\u2019\u00e0 la Cour d\u2019assises, veillant au strict respect des garanties proc\u00e9durales.","publisher":{"@id":"https:\/\/kohenavocats.com\/zh-hans\/#organization"},"potentialAction":[{"@type":"SearchAction","target":{"@type":"EntryPoint","urlTemplate":"https:\/\/kohenavocats.com\/zh-hans\/?s={search_term_string}"},"query-input":{"@type":"PropertyValueSpecification","valueRequired":true,"valueName":"search_term_string"}}],"inLanguage":"zh-Hans"},{"@type":"Organization","@id":"https:\/\/kohenavocats.com\/zh-hans\/#organization","name":"Kohen Avocats","url":"https:\/\/kohenavocats.com\/zh-hans\/","logo":{"@type":"ImageObject","inLanguage":"zh-Hans","@id":"https:\/\/kohenavocats.com\/zh-hans\/#\/schema\/logo\/image\/","url":"https:\/\/kohenavocats.com\/wp-content\/uploads\/2026\/01\/Logo-2-1.webp","contentUrl":"https:\/\/kohenavocats.com\/wp-content\/uploads\/2026\/01\/Logo-2-1.webp","width":2114,"height":1253,"caption":"Kohen Avocats"},"image":{"@id":"https:\/\/kohenavocats.com\/zh-hans\/#\/schema\/logo\/image\/"}}]}},"jetpack_likes_enabled":false,"jetpack_sharing_enabled":true,"_links":{"self":[{"href":"https:\/\/kohenavocats.com\/zh-hans\/wp-json\/wp\/v2\/kji_decision\/563419","targetHints":{"allow":["GET"]}}],"collection":[{"href":"https:\/\/kohenavocats.com\/zh-hans\/wp-json\/wp\/v2\/kji_decision"}],"about":[{"href":"https:\/\/kohenavocats.com\/zh-hans\/wp-json\/wp\/v2\/types\/kji_decision"}],"wp:attachment":[{"href":"https:\/\/kohenavocats.com\/zh-hans\/wp-json\/wp\/v2\/media?parent=563419"}],"wp:term":[{"taxonomy":"kji_country","embeddable":true,"href":"https:\/\/kohenavocats.com\/zh-hans\/wp-json\/wp\/v2\/kji_country?post=563419"},{"taxonomy":"kji_court","embeddable":true,"href":"https:\/\/kohenavocats.com\/zh-hans\/wp-json\/wp\/v2\/kji_court?post=563419"},{"taxonomy":"kji_chamber","embeddable":true,"href":"https:\/\/kohenavocats.com\/zh-hans\/wp-json\/wp\/v2\/kji_chamber?post=563419"},{"taxonomy":"kji_year","embeddable":true,"href":"https:\/\/kohenavocats.com\/zh-hans\/wp-json\/wp\/v2\/kji_year?post=563419"},{"taxonomy":"kji_subject","embeddable":true,"href":"https:\/\/kohenavocats.com\/zh-hans\/wp-json\/wp\/v2\/kji_subject?post=563419"},{"taxonomy":"kji_keyword","embeddable":true,"href":"https:\/\/kohenavocats.com\/zh-hans\/wp-json\/wp\/v2\/kji_keyword?post=563419"},{"taxonomy":"kji_language","embeddable":true,"href":"https:\/\/kohenavocats.com\/zh-hans\/wp-json\/wp\/v2\/kji_language?post=563419"}],"curies":[{"name":"wp","href":"https:\/\/api.w.org\/{rel}","templated":true}]}}