{"id":563616,"date":"2026-04-15T02:11:42","date_gmt":"2026-04-15T00:11:42","guid":{"rendered":"https:\/\/kohenavocats.com\/jurisprudences\/bgh-5-strafsenat-beschluss-vom-24-02-2026-5-str-623-25\/"},"modified":"2026-04-15T02:11:42","modified_gmt":"2026-04-15T00:11:42","slug":"bgh-5-strafsenat-beschluss-vom-24-02-2026-5-str-623-25","status":"publish","type":"kji_decision","link":"https:\/\/kohenavocats.com\/zh-hans\/jurisprudences\/bgh-5-strafsenat-beschluss-vom-24-02-2026-5-str-623-25\/","title":{"rendered":"BGH 5. Strafsenat, Beschluss vom 24.02.2026, 5 StR 623\/25"},"content":{"rendered":"<div class=\"kji-decision\">\n<div class=\"kji-full-text\">\n<h3>Tenor<\/h3>\n<div>\n<dl class=\"RspDL\">\n<dt><\/dt>\n<dd>\n<p>1. Auf die Revision des Angeklagten wird das Urteil des Landgerichts Hamburg vom 26. Juni 2025<\/p>\n<\/dd>\n<\/dl>\n<dl class=\"RspDL\">\n<dt><\/dt>\n<dd>\n<\/dd>\n<\/dl>\n<dl class=\"RspDL\">\n<dt><\/dt>\n<dd>\n<p style=\"margin-left:18pt\">a) im Schuldspruch dahin ge\u00e4ndert, dass schuldig sind<\/p>\n<\/dd>\n<\/dl>\n<dl class=\"RspDL\">\n<dt><\/dt>\n<dd>\n<p style=\"margin-left:18pt\">\n<\/dd>\n<\/dl>\n<dl class=\"RspDL\">\n<dt><\/dt>\n<dd>\n<p style=\"margin-left:36pt\">aa) der Angeklagte des schweren Bandendiebstahls, des schweren Wohnungseinbruchdiebstahls und des Diebstahls in sechs F\u00e4llen,<\/p>\n<\/dd>\n<\/dl>\n<dl class=\"RspDL\">\n<dt><\/dt>\n<dd>\n<p style=\"margin-left:36pt\">\n<\/dd>\n<\/dl>\n<dl class=\"RspDL\">\n<dt><\/dt>\n<dd>\n<p style=\"margin-left:36pt\">bb) der Nichtrevident M.\u00a0\u00a0\u00a0\u00a0\u00a0des schweren Bandendiebstahls, des schweren Wohnungseinbruchdiebstahls und des Diebstahls in f\u00fcnf F\u00e4llen,<\/p>\n<\/dd>\n<\/dl>\n<dl class=\"RspDL\">\n<dt><\/dt>\n<dd>\n<p style=\"margin-left:18pt\">\n<\/dd>\n<\/dl>\n<dl class=\"RspDL\">\n<dt><\/dt>\n<dd>\n<p style=\"margin-left:18pt\">b) im Strafausspruch &#8211; auch betreffend den Nichtrevidenten M.\u00a0\u00a0\u00a0\u00a0\u00a0&#8211; aufgehoben.<\/p>\n<\/dd>\n<\/dl>\n<dl class=\"RspDL\">\n<dt><\/dt>\n<dd>\n<\/dd>\n<\/dl>\n<dl class=\"RspDL\">\n<dt><\/dt>\n<dd>\n<p>2. Die weitergehende Revision wird verworfen.<\/p>\n<\/dd>\n<\/dl>\n<dl class=\"RspDL\">\n<dt><\/dt>\n<dd>\n<\/dd>\n<\/dl>\n<dl class=\"RspDL\">\n<dt><\/dt>\n<dd>\n<p>3. Im Umfang der Aufhebung wird die Sache zu neuer Verhandlung und Entscheidung, auch \u00fcber die Kosten des Rechtsmittels, an eine andere Strafkammer des Landgerichts zur\u00fcckverwiesen.<\/p>\n<\/dd>\n<\/dl><\/div>\n<h3>Gr\u00fcnde<\/h3>\n<div>\n<dl class=\"RspDL\">\n<dt>\n               <a name=\"rd_1\">1<\/a>\n            <\/dt>\n<dd>\n<p>Das Landgericht hat den Angeklagten wegen schweren Bandendiebstahls, schweren Wohnungseinbruchdiebstahls und Diebstahls in sieben F\u00e4llen unter Einbeziehung von Strafen aus einem fr\u00fcheren Erkenntnis zu einer Gesamtfreiheitsstrafe von drei Jahren und f\u00fcnf Monaten verurteilt. Zudem hat es gegen ihn als Gesamtschuldner die Einziehung des Wertes von Tatertr\u00e4gen in H\u00f6he von 3.902 Euro angeordnet. Die auf die Verletzung formellen und materiellen Rechts gest\u00fctzte Revision des Angeklagten f\u00fchrt &#8211; auch den Nichtrevidenten M.\u00a0\u00a0\u00a0\u00a0\u00a0betreffend (\u00a7 357 Satz 1 StPO) &#8211; zu der aus der Beschlussformel ersichtlichen \u00c4nderung des Schuldspruchs und zur Aufhebung des Strafausspruchs. Im \u00dcbrigen ist das Rechtsmittel unbegr\u00fcndet im Sinne des \u00a7 349 Abs. 2 StPO.<\/p>\n<\/dd>\n<\/dl>\n<dl class=\"RspDL\">\n<dt><\/dt>\n<dd>\n<\/dd>\n<\/dl>\n<dl class=\"RspDL\">\n<dt>\n               <a name=\"rd_2\">2<\/a>\n            <\/dt>\n<dd>\n<p>1. Der Generalbundesanwalt hat zu Recht die konkurrenzrechtliche Bewertung der F\u00e4lle II.7 und 8 der Urteilsgr\u00fcnde als selbst\u00e4ndige Diebstahlstaten beanstandet. Er hat folgendes ausgef\u00fchrt:<\/p>\n<\/dd>\n<\/dl>\n<dl class=\"RspDL\">\n<dt><\/dt>\n<dd>\n<\/dd>\n<\/dl>\n<dl class=\"RspDL\">\n<dt><\/dt>\n<dd>\n<p style=\"margin-left:18pt\">\u201eNach den Feststellungen begaben sich &#8230; A.\u00a0\u00a0\u00a0\u00a0\u00a0und M.\u00a0\u00a0\u00a0\u00a0\u00a0am 12. September 2024 in das \u201eB.\u00a0\u00a0\u00a0\u00a0\u00a0\u00a0\u00a0\u00a0\u00a0\u00a0\u00a0\u201c in H.\u00a0\u00a0\u00a0\u00a0\u00a0\u00a0, um dort Spindaufbr\u00fcche zu begehen. In Umsetzung ihres Tatentschlusses brachen sie zwischen 14.16 Uhr und 14.26 Uhr mittels eines Hebelwerkzeugs die Spinde der Gesch\u00e4digten F.\u00a0\u00a0\u00a0\u00a0und O.\u00a0\u00a0\u00a0\u00a0\u00a0\u00a0\u00a0\u00a0\u00a0\u00a0\u00a0\u00a0\u00a0auf und nahmen die darin vorgefundenen Wertg\u00fcter an sich, um diese f\u00fcr sich zu behalten.<\/p>\n<\/dd>\n<\/dl>\n<dl class=\"RspDL\">\n<dt><\/dt>\n<dd>\n<p style=\"margin-left:18pt\">\n<\/dd>\n<\/dl>\n<dl class=\"RspDL\">\n<dt><\/dt>\n<dd>\n<p style=\"margin-left:18pt\">Die festgestellten Handlungen der Angeklagten sind bei der gebotenen nat\u00fcrlichen Betrachtungsweise rechtlich als nur eine Diebstahlstat im Sinne von \u00a7 52 StGB anzusehen; denn aufgrund des unmittelbaren r\u00e4umlichen, zeitlichen und motivationalen Zusammenhangs erweist sich das gesamte Verhalten der Angeklagten als ein einheitliches Tun, das die einzelnen Tathandlungen zu einer nat\u00fcrlichen Handlungseinheit verbindet (vgl. Senat, Beschluss vom 28. Januar 2025 &#8211; 5 StR 565\/24, Rn. 4).\u201c<\/p>\n<\/dd>\n<\/dl>\n<dl class=\"RspDL\">\n<dt><\/dt>\n<dd>\n<\/dd>\n<\/dl>\n<dl class=\"RspDL\">\n<dt>\n               <a name=\"rd_3\">3<\/a>\n            <\/dt>\n<dd>\n<p>Der Senat schlie\u00dft sich dem an und \u00e4ndert den Schuldspruch betreffend den Angeklagten und den Nichtrevidenten (vgl. \u00a7 357 Satz 1 StPO) in entsprechender Anwendung von \u00a7 354 Abs. 1 StPO. Die im Fall II.8 der Urteilsgr\u00fcnde verh\u00e4ngten Strafen entfallen.<\/p>\n<\/dd>\n<\/dl>\n<dl class=\"RspDL\">\n<dt><\/dt>\n<dd>\n<\/dd>\n<\/dl>\n<dl class=\"RspDL\">\n<dt>\n               <a name=\"rd_4\">4<\/a>\n            <\/dt>\n<dd>\n<p>2. Das Urteil weist in der Strafzumessung einen Rechtsfehler zulasten des Angeklagten und des Nichtrevidenten M.\u00a0\u00a0\u00a0\u00a0\u00a0\u00a0auf. Das Landgericht hat bei der Bestimmung der Einzelstrafen jeweils \u201eauch die gemeinschaftliche Begehungsweise strafsch\u00e4rfend\u201c ber\u00fccksichtigt. Damit hat es dem Angeklagten und dem Nichtrevidenten zur Last gelegt, die Taten mitt\u00e4terschaftlich begangen zu haben (\u00a7 25 Abs. 2 StGB), und somit gegen das Doppelverwertungsverbot des \u00a7 46 Abs. 3 StGB versto\u00dfen. Die Strafen m\u00fcssen daher aufgehoben werden; infolgedessen f\u00e4llt die Gesamtstrafe weg. Die Aufhebung des Strafausspruchs war nach \u00a7 357 Satz 1 StPO auf den Nichtrevidenten M.\u00a0\u00a0\u00a0\u00a0\u00a0\u00a0zu erstrecken.<\/p>\n<\/dd>\n<\/dl>\n<dl class=\"RspDL\">\n<dt><\/dt>\n<dd>\n<\/dd>\n<\/dl>\n<dl class=\"RspDL\">\n<dt>\n               <a name=\"rd_5\">5<\/a>\n            <\/dt>\n<dd>\n<p>Die Feststellungen k\u00f6nnen bestehen bleiben (\u00a7 353 Abs. 2 StPO); erg\u00e4nzende k\u00f6nnen getroffen werden, soweit sie den bisherigen nicht widersprechen.<\/p>\n<\/dd>\n<\/dl>\n<dl class=\"RspDL\">\n<dt><\/dt>\n<dd>\n<\/dd>\n<\/dl>\n<dl class=\"RspDL\">\n<dt><\/dt>\n<dd>\n<table class=\"Rsp\">\n<tr>\n<td colspan=\"1\" rowspan=\"1\" valign=\"top\">\n<p style=\"text-align:left\">Gericke\u00a0\u00a0\u00a0\u00a0<\/p>\n<\/td>\n<td colspan=\"1\" rowspan=\"1\" valign=\"top\">\n<p style=\"text-align:left\">\u00a0\u00a0\u00a0\u00a0\u00a0\u00a0\u00a0\u00a0<\/p>\n<\/td>\n<td colspan=\"1\" rowspan=\"1\" valign=\"top\">\n<p style=\"text-align:left\">K\u00f6hler\u00a0\u00a0\u00a0\u00a0<\/p>\n<\/td>\n<td colspan=\"1\" rowspan=\"1\" valign=\"top\">\n<p style=\"text-align:left\">\u00a0\u00a0\u00a0\u00a0\u00a0\u00a0\u00a0\u00a0<\/p>\n<\/td>\n<td colspan=\"1\" rowspan=\"1\" valign=\"top\">\n<p style=\"text-align:left\">Resch\u00a0<\/p>\n<\/td>\n<\/tr>\n<tr>\n<td colspan=\"1\" rowspan=\"1\" valign=\"top\">\n<p style=\"text-align:left\">\u00a0\u00a0\u00a0\u00a0\u00a0\u00a0\u00a0\u00a0<\/p>\n<\/td>\n<td colspan=\"1\" rowspan=\"1\" valign=\"top\">\n<p style=\"text-align:left\">von\u00a0H\u00e4fen\u00a0\u00a0\u00a0\u00a0<\/p>\n<\/td>\n<td colspan=\"1\" rowspan=\"1\" valign=\"top\">\n<p style=\"text-align:left\">\u00a0\u00a0\u00a0\u00a0\u00a0\u00a0\u00a0\u00a0<\/p>\n<\/td>\n<td colspan=\"1\" rowspan=\"1\" valign=\"top\">\n<p style=\"text-align:left\">Werner\u00a0\u00a0\u00a0\u00a0<\/p>\n<\/td>\n<td colspan=\"1\" rowspan=\"1\" valign=\"top\">\n<p style=\"text-align:left\">\u00a0\u00a0\u00a0\u00a0\u00a0\u00a0\u00a0\u00a0<\/p>\n<\/td>\n<\/tr>\n<\/table>\n<\/dd>\n<\/dl>\n<dl class=\"RspDL\">\n<dt><\/dt>\n<dd>\n<\/dd>\n<\/dl><\/div>\n<\/div>\n<hr class=\"kji-sep\" \/>\n<p class=\"kji-source-links\"><strong>Sources officielles :<\/strong> <a class=\"kji-source-link\" href=\"http:\/\/www.rechtsprechung-im-internet.de\/jportal\/?quelle=jlink&#038;docid=jb-KORE645072026&#038;psml=bsjrsprod.psml&#038;max=true\" target=\"_blank\" rel=\"noopener noreferrer\">consulter la page source<\/a> &middot; <a class=\"kji-pdf-link\" href=\"https:\/\/www.rechtsprechung-im-internet.de\/jportal\/portal\/page\/bsjrsprod.psml\/screen\/JWPDFScreen\/filename\/BGH_5_StR_623-25_KORE645072026.pdf\" target=\"_blank\" rel=\"noopener noreferrer\">PDF officiel<\/a><\/p>\n<p class=\"kji-license-note\"><em>Rechtsprechung im Internet (BMJV\/BfJ) : les decisions sont mises a disposition gratuitement en HTML, PDF et XML pour libre utilisation et re-utilisation.<\/em><\/p>\n<\/div>\n","protected":false},"excerpt":{"rendered":"<p>Tenor 1. Auf die Revision des Angeklagten wird das Urteil des Landgerichts Hamburg vom 26. Juni 2025 a) im Schuldspruch dahin ge\u00e4ndert, dass schuldig sind aa) der Angeklagte des schweren Bandendiebstahls, des schweren Wohnungseinbruchdiebstahls und des Diebstahls in sechs F\u00e4llen, bb) der Nichtrevident M. des schweren Bandendiebstahls, des schweren Wohnungseinbruchdiebstahls und des Diebstahls in f\u00fcnf F\u00e4llen, b) im Strafausspruch -&#8230;<\/p>\n","protected":false},"featured_media":0,"template":"","meta":{"_crdt_document":""},"kji_country":[7802],"kji_court":[7803],"kji_chamber":[8711],"kji_year":[7610],"kji_subject":[7632],"kji_keyword":[7808,8712,7809],"kji_language":[7805],"class_list":["post-563616","kji_decision","type-kji_decision","status-publish","hentry","kji_country-allemagne","kji_court-bundesgerichtshof","kji_chamber-5-strafsenat","kji_year-7610","kji_subject-penal","kji_keyword-beschluss","kji_keyword-strafsenat","kji_keyword-tenor","kji_language-allemand"],"yoast_head":"<!-- This site is optimized with the Yoast SEO Premium plugin v27.5 (Yoast SEO v27.5) - https:\/\/yoast.com\/product\/yoast-seo-premium-wordpress\/ -->\n<title>BGH 5. Strafsenat, Beschluss vom 24.02.2026, 5 StR 623\/25 - Ma\u00eetre Hassan Kohen, avocat en droit p\u00e9nal \u00e0 Paris<\/title>\n<meta name=\"robots\" content=\"index, follow, max-snippet:-1, max-image-preview:large, max-video-preview:-1\" \/>\n<link rel=\"canonical\" href=\"https:\/\/kohenavocats.com\/zh-hans\/jurisprudences\/bgh-5-strafsenat-beschluss-vom-24-02-2026-5-str-623-25\/\" \/>\n<meta property=\"og:locale\" content=\"zh_CN\" \/>\n<meta property=\"og:type\" content=\"article\" \/>\n<meta property=\"og:title\" content=\"BGH 5. Strafsenat, Beschluss vom 24.02.2026, 5 StR 623\/25\" \/>\n<meta property=\"og:description\" content=\"Tenor 1. Auf die Revision des Angeklagten wird das Urteil des Landgerichts Hamburg vom 26. Juni 2025 a) im Schuldspruch dahin ge\u00e4ndert, dass schuldig sind aa) der Angeklagte des schweren Bandendiebstahls, des schweren Wohnungseinbruchdiebstahls und des Diebstahls in sechs F\u00e4llen, bb) der Nichtrevident M. des schweren Bandendiebstahls, des schweren Wohnungseinbruchdiebstahls und des Diebstahls in f\u00fcnf F\u00e4llen, b) im Strafausspruch -...\" \/>\n<meta property=\"og:url\" content=\"https:\/\/kohenavocats.com\/zh-hans\/jurisprudences\/bgh-5-strafsenat-beschluss-vom-24-02-2026-5-str-623-25\/\" \/>\n<meta property=\"og:site_name\" content=\"Ma\u00eetre Hassan Kohen, avocat en droit p\u00e9nal \u00e0 Paris\" \/>\n<meta name=\"twitter:card\" content=\"summary_large_image\" \/>\n<meta name=\"twitter:label1\" content=\"\u9884\u8ba1\u9605\u8bfb\u65f6\u95f4\" \/>\n\t<meta name=\"twitter:data1\" content=\"3 \u5206\" \/>\n<script type=\"application\/ld+json\" class=\"yoast-schema-graph\">{\"@context\":\"https:\\\/\\\/schema.org\",\"@graph\":[{\"@type\":\"WebPage\",\"@id\":\"https:\\\/\\\/kohenavocats.com\\\/zh-hans\\\/jurisprudences\\\/bgh-5-strafsenat-beschluss-vom-24-02-2026-5-str-623-25\\\/\",\"url\":\"https:\\\/\\\/kohenavocats.com\\\/zh-hans\\\/jurisprudences\\\/bgh-5-strafsenat-beschluss-vom-24-02-2026-5-str-623-25\\\/\",\"name\":\"BGH 5. Strafsenat, Beschluss vom 24.02.2026, 5 StR 623\\\/25 - Ma\u00eetre Hassan Kohen, avocat en droit p\u00e9nal \u00e0 Paris\",\"isPartOf\":{\"@id\":\"https:\\\/\\\/kohenavocats.com\\\/zh-hans\\\/#website\"},\"datePublished\":\"2026-04-15T00:11:42+00:00\",\"breadcrumb\":{\"@id\":\"https:\\\/\\\/kohenavocats.com\\\/zh-hans\\\/jurisprudences\\\/bgh-5-strafsenat-beschluss-vom-24-02-2026-5-str-623-25\\\/#breadcrumb\"},\"inLanguage\":\"zh-Hans\",\"potentialAction\":[{\"@type\":\"ReadAction\",\"target\":[\"https:\\\/\\\/kohenavocats.com\\\/zh-hans\\\/jurisprudences\\\/bgh-5-strafsenat-beschluss-vom-24-02-2026-5-str-623-25\\\/\"]}]},{\"@type\":\"BreadcrumbList\",\"@id\":\"https:\\\/\\\/kohenavocats.com\\\/zh-hans\\\/jurisprudences\\\/bgh-5-strafsenat-beschluss-vom-24-02-2026-5-str-623-25\\\/#breadcrumb\",\"itemListElement\":[{\"@type\":\"ListItem\",\"position\":1,\"name\":\"Home\",\"item\":\"https:\\\/\\\/kohenavocats.com\\\/zh-hans\\\/\"},{\"@type\":\"ListItem\",\"position\":2,\"name\":\"Jurisprudences\",\"item\":\"https:\\\/\\\/kohenavocats.com\\\/zh-hans\\\/jurisprudences\\\/\"},{\"@type\":\"ListItem\",\"position\":3,\"name\":\"BGH 5. Strafsenat, Beschluss vom 24.02.2026, 5 StR 623\\\/25\"}]},{\"@type\":\"WebSite\",\"@id\":\"https:\\\/\\\/kohenavocats.com\\\/zh-hans\\\/#website\",\"url\":\"https:\\\/\\\/kohenavocats.com\\\/zh-hans\\\/\",\"name\":\"Kohen Avocats\",\"description\":\"Ma\u00eetre Hassan Kohen, avocat p\u00e9naliste \u00e0 Paris, intervient exclusivement en droit p\u00e9nal pour la d\u00e9fense des particuliers, notamment en mati\u00e8re d\u2019accusations de viol. Il assure un accompagnement rigoureux d\u00e8s la garde \u00e0 vue jusqu\u2019\u00e0 la Cour d\u2019assises, veillant au strict respect des garanties proc\u00e9durales.\",\"publisher\":{\"@id\":\"https:\\\/\\\/kohenavocats.com\\\/zh-hans\\\/#organization\"},\"potentialAction\":[{\"@type\":\"SearchAction\",\"target\":{\"@type\":\"EntryPoint\",\"urlTemplate\":\"https:\\\/\\\/kohenavocats.com\\\/zh-hans\\\/?s={search_term_string}\"},\"query-input\":{\"@type\":\"PropertyValueSpecification\",\"valueRequired\":true,\"valueName\":\"search_term_string\"}}],\"inLanguage\":\"zh-Hans\"},{\"@type\":\"Organization\",\"@id\":\"https:\\\/\\\/kohenavocats.com\\\/zh-hans\\\/#organization\",\"name\":\"Kohen Avocats\",\"url\":\"https:\\\/\\\/kohenavocats.com\\\/zh-hans\\\/\",\"logo\":{\"@type\":\"ImageObject\",\"inLanguage\":\"zh-Hans\",\"@id\":\"https:\\\/\\\/kohenavocats.com\\\/zh-hans\\\/#\\\/schema\\\/logo\\\/image\\\/\",\"url\":\"https:\\\/\\\/kohenavocats.com\\\/wp-content\\\/uploads\\\/2026\\\/01\\\/Logo-2-1.webp\",\"contentUrl\":\"https:\\\/\\\/kohenavocats.com\\\/wp-content\\\/uploads\\\/2026\\\/01\\\/Logo-2-1.webp\",\"width\":2114,\"height\":1253,\"caption\":\"Kohen Avocats\"},\"image\":{\"@id\":\"https:\\\/\\\/kohenavocats.com\\\/zh-hans\\\/#\\\/schema\\\/logo\\\/image\\\/\"}}]}<\/script>\n<!-- \/ Yoast SEO Premium plugin. -->","yoast_head_json":{"title":"BGH 5. Strafsenat, Beschluss vom 24.02.2026, 5 StR 623\/25 - Ma\u00eetre Hassan Kohen, avocat en droit p\u00e9nal \u00e0 Paris","robots":{"index":"index","follow":"follow","max-snippet":"max-snippet:-1","max-image-preview":"max-image-preview:large","max-video-preview":"max-video-preview:-1"},"canonical":"https:\/\/kohenavocats.com\/zh-hans\/jurisprudences\/bgh-5-strafsenat-beschluss-vom-24-02-2026-5-str-623-25\/","og_locale":"zh_CN","og_type":"article","og_title":"BGH 5. Strafsenat, Beschluss vom 24.02.2026, 5 StR 623\/25","og_description":"Tenor 1. Auf die Revision des Angeklagten wird das Urteil des Landgerichts Hamburg vom 26. Juni 2025 a) im Schuldspruch dahin ge\u00e4ndert, dass schuldig sind aa) der Angeklagte des schweren Bandendiebstahls, des schweren Wohnungseinbruchdiebstahls und des Diebstahls in sechs F\u00e4llen, bb) der Nichtrevident M. des schweren Bandendiebstahls, des schweren Wohnungseinbruchdiebstahls und des Diebstahls in f\u00fcnf F\u00e4llen, b) im Strafausspruch -...","og_url":"https:\/\/kohenavocats.com\/zh-hans\/jurisprudences\/bgh-5-strafsenat-beschluss-vom-24-02-2026-5-str-623-25\/","og_site_name":"Ma\u00eetre Hassan Kohen, avocat en droit p\u00e9nal \u00e0 Paris","twitter_card":"summary_large_image","twitter_misc":{"\u9884\u8ba1\u9605\u8bfb\u65f6\u95f4":"3 \u5206"},"schema":{"@context":"https:\/\/schema.org","@graph":[{"@type":"WebPage","@id":"https:\/\/kohenavocats.com\/zh-hans\/jurisprudences\/bgh-5-strafsenat-beschluss-vom-24-02-2026-5-str-623-25\/","url":"https:\/\/kohenavocats.com\/zh-hans\/jurisprudences\/bgh-5-strafsenat-beschluss-vom-24-02-2026-5-str-623-25\/","name":"BGH 5. Strafsenat, Beschluss vom 24.02.2026, 5 StR 623\/25 - Ma\u00eetre Hassan Kohen, avocat en droit p\u00e9nal \u00e0 Paris","isPartOf":{"@id":"https:\/\/kohenavocats.com\/zh-hans\/#website"},"datePublished":"2026-04-15T00:11:42+00:00","breadcrumb":{"@id":"https:\/\/kohenavocats.com\/zh-hans\/jurisprudences\/bgh-5-strafsenat-beschluss-vom-24-02-2026-5-str-623-25\/#breadcrumb"},"inLanguage":"zh-Hans","potentialAction":[{"@type":"ReadAction","target":["https:\/\/kohenavocats.com\/zh-hans\/jurisprudences\/bgh-5-strafsenat-beschluss-vom-24-02-2026-5-str-623-25\/"]}]},{"@type":"BreadcrumbList","@id":"https:\/\/kohenavocats.com\/zh-hans\/jurisprudences\/bgh-5-strafsenat-beschluss-vom-24-02-2026-5-str-623-25\/#breadcrumb","itemListElement":[{"@type":"ListItem","position":1,"name":"Home","item":"https:\/\/kohenavocats.com\/zh-hans\/"},{"@type":"ListItem","position":2,"name":"Jurisprudences","item":"https:\/\/kohenavocats.com\/zh-hans\/jurisprudences\/"},{"@type":"ListItem","position":3,"name":"BGH 5. Strafsenat, Beschluss vom 24.02.2026, 5 StR 623\/25"}]},{"@type":"WebSite","@id":"https:\/\/kohenavocats.com\/zh-hans\/#website","url":"https:\/\/kohenavocats.com\/zh-hans\/","name":"Kohen Avocats","description":"Ma\u00eetre Hassan Kohen, avocat p\u00e9naliste \u00e0 Paris, intervient exclusivement en droit p\u00e9nal pour la d\u00e9fense des particuliers, notamment en mati\u00e8re d\u2019accusations de viol. Il assure un accompagnement rigoureux d\u00e8s la garde \u00e0 vue jusqu\u2019\u00e0 la Cour d\u2019assises, veillant au strict respect des garanties proc\u00e9durales.","publisher":{"@id":"https:\/\/kohenavocats.com\/zh-hans\/#organization"},"potentialAction":[{"@type":"SearchAction","target":{"@type":"EntryPoint","urlTemplate":"https:\/\/kohenavocats.com\/zh-hans\/?s={search_term_string}"},"query-input":{"@type":"PropertyValueSpecification","valueRequired":true,"valueName":"search_term_string"}}],"inLanguage":"zh-Hans"},{"@type":"Organization","@id":"https:\/\/kohenavocats.com\/zh-hans\/#organization","name":"Kohen Avocats","url":"https:\/\/kohenavocats.com\/zh-hans\/","logo":{"@type":"ImageObject","inLanguage":"zh-Hans","@id":"https:\/\/kohenavocats.com\/zh-hans\/#\/schema\/logo\/image\/","url":"https:\/\/kohenavocats.com\/wp-content\/uploads\/2026\/01\/Logo-2-1.webp","contentUrl":"https:\/\/kohenavocats.com\/wp-content\/uploads\/2026\/01\/Logo-2-1.webp","width":2114,"height":1253,"caption":"Kohen Avocats"},"image":{"@id":"https:\/\/kohenavocats.com\/zh-hans\/#\/schema\/logo\/image\/"}}]}},"jetpack_likes_enabled":false,"jetpack_sharing_enabled":true,"_links":{"self":[{"href":"https:\/\/kohenavocats.com\/zh-hans\/wp-json\/wp\/v2\/kji_decision\/563616","targetHints":{"allow":["GET"]}}],"collection":[{"href":"https:\/\/kohenavocats.com\/zh-hans\/wp-json\/wp\/v2\/kji_decision"}],"about":[{"href":"https:\/\/kohenavocats.com\/zh-hans\/wp-json\/wp\/v2\/types\/kji_decision"}],"wp:attachment":[{"href":"https:\/\/kohenavocats.com\/zh-hans\/wp-json\/wp\/v2\/media?parent=563616"}],"wp:term":[{"taxonomy":"kji_country","embeddable":true,"href":"https:\/\/kohenavocats.com\/zh-hans\/wp-json\/wp\/v2\/kji_country?post=563616"},{"taxonomy":"kji_court","embeddable":true,"href":"https:\/\/kohenavocats.com\/zh-hans\/wp-json\/wp\/v2\/kji_court?post=563616"},{"taxonomy":"kji_chamber","embeddable":true,"href":"https:\/\/kohenavocats.com\/zh-hans\/wp-json\/wp\/v2\/kji_chamber?post=563616"},{"taxonomy":"kji_year","embeddable":true,"href":"https:\/\/kohenavocats.com\/zh-hans\/wp-json\/wp\/v2\/kji_year?post=563616"},{"taxonomy":"kji_subject","embeddable":true,"href":"https:\/\/kohenavocats.com\/zh-hans\/wp-json\/wp\/v2\/kji_subject?post=563616"},{"taxonomy":"kji_keyword","embeddable":true,"href":"https:\/\/kohenavocats.com\/zh-hans\/wp-json\/wp\/v2\/kji_keyword?post=563616"},{"taxonomy":"kji_language","embeddable":true,"href":"https:\/\/kohenavocats.com\/zh-hans\/wp-json\/wp\/v2\/kji_language?post=563616"}],"curies":[{"name":"wp","href":"https:\/\/api.w.org\/{rel}","templated":true}]}}