{"id":563920,"date":"2026-04-15T02:57:02","date_gmt":"2026-04-15T00:57:02","guid":{"rendered":"https:\/\/kohenavocats.com\/jurisprudences\/tribunal-federal-suisse-12-mars-2026-n-4a-484-2024\/"},"modified":"2026-04-15T02:57:02","modified_gmt":"2026-04-15T00:57:02","slug":"tribunal-federal-suisse-12-mars-2026-n-4a-484-2024","status":"publish","type":"kji_decision","link":"https:\/\/kohenavocats.com\/zh-hans\/jurisprudences\/tribunal-federal-suisse-12-mars-2026-n-4a-484-2024\/","title":{"rendered":"Tribunal f\u00e9d\u00e9ral suisse, 12 mars 2026, n\u00b0 4A 484-2024"},"content":{"rendered":"<div class=\"kji-decision\">\n<div class=\"kji-full-text\">\n<p>Bundesgericht<\/p>\n<p>Tribunal f\u00e9d\u00e9ral<\/p>\n<p>Tribunale federale<\/p>\n<p>Tribunal federal<\/p>\n<p>4A_484\/2024<\/p>\n<p>Ordonnance du 12 mars 2026<\/p>\n<p>Ire Cour de droit civil<\/p>\n<p>Composition<\/p>\n<p>Mme la Juge f\u00e9d\u00e9rale May Canellas,<\/p>\n<p>en qualit\u00e9 de juge instructrice.<\/p>\n<p>Greffier : M. Douzals.<\/p>\n<p>Participants \u00e0 la proc\u00e9dure<\/p>\n<p>A.________ SA en liquidation,<\/p>\n<p>repr\u00e9sent\u00e9e par Mes Rapha\u00ebl Tinguely et Galaad A. Loup, avocats,<\/p>\n<p>recourante,<\/p>\n<p>contre<\/p>\n<p>B.________,<\/p>\n<p>repr\u00e9sent\u00e9 par Me Eric Bersier, avocat,<\/p>\n<p>intim\u00e9.<\/p>\n<p>Objet<\/p>\n<p>mainlev\u00e9e provisoire; cause ray\u00e9e du r\u00f4le par suite de faillite,<\/p>\n<p>recours en mati\u00e8re civile contre l&#039;arr\u00eat rendu le 8 ao\u00fbt 2024 par la IIe Cour d&#039;appel civil du Tribunal cantonal de l&#039;\u00c9tat de Fribourg (102 2024 64).<\/p>\n<p>Consid\u00e9rant en fait et en droit :<\/p>\n<p>1.<\/p>\n<p>Par d\u00e9cision du 21 mars 2024, le Pr\u00e9sident du Tribunal civil de la Gruy\u00e8re a prononc\u00e9 la mainlev\u00e9e provisoire de l&#039;opposition qu&#039;avait form\u00e9e A.________ SA (ci-apr\u00e8s: la poursuivie, la recourante ou la faillie) au commandement de payer n o xxx de l&#039;Office des poursuites de la Gruy\u00e8re que lui avait fait notifier B.________ (ci-apr\u00e8s: le poursuivant ou l&#039;intim\u00e9).<\/p>\n<p>Par arr\u00eat du 8 ao\u00fbt 2024, la II e Cour d&#039;appel civil du Tribunal cantonal de l&#039;\u00c9tat de Fribourg a rejet\u00e9, dans la mesure de sa recevabilit\u00e9, le recours cantonal d\u00e9pos\u00e9 par la poursuivie \u00e0 l&#039;encontre de ladite d\u00e9cision.<\/p>\n<p>2.<\/p>\n<p>Le 13 septembre 2024, la poursuivie a form\u00e9, avec requ\u00eate d&#039;effet suspensif, un recours aupr\u00e8s du Tribunal f\u00e9d\u00e9ral contre ledit arr\u00eat.<\/p>\n<p>Invit\u00e9s \u00e0 se d\u00e9terminer, l&#039;intim\u00e9 a, en substance, conclu \u00e0 l&#039;admission de la requ\u00eate d&#039;effet suspensif et au rejet du recours, tandis que la cour cantonale a indiqu\u00e9 qu&#039;elle n&#039;avait pas d&#039;observations \u00e0 formuler sur ladite requ\u00eate et ne s&#039;est pas d\u00e9termin\u00e9e sur le fond du recours.<\/p>\n<p>Par ordonnance pr\u00e9sidentielle du 7 novembre 2024, l&#039;effet suspensif a \u00e9t\u00e9 octroy\u00e9 au recours.<\/p>\n<p>3.<\/p>\n<p>Par courrier du 16 d\u00e9cembre 2024, la recourante a indiqu\u00e9 \u00e0 la Cour de c\u00e9ans qu&#039;elle avait \u00e9t\u00e9 d\u00e9clar\u00e9e en faillite le 12 d\u00e9cembre 2024.<\/p>\n<p>Par ordonnance du 7 janvier 2025, la Juge instructrice a constat\u00e9 d&#039;office le prononc\u00e9 de faillite de la recourante au 12 d\u00e9cembre 2024 et notamment ordonn\u00e9 la suspension de la proc\u00e9dure de recours pendante devant le Tribunal f\u00e9d\u00e9ral.<\/p>\n<p>Sur demande de la Juge instructrice, l&#039;office des faillites a, par courrier du 9 f\u00e9vrier 2026, notamment inform\u00e9 la Cour de c\u00e9ans que la cr\u00e9ance de 136&#039;528 fr. 90 produite par le poursuivant avait \u00e9t\u00e9 admise et colloqu\u00e9e en 3 e classe \u00e0 l&#039;\u00e9tat de collocation.<\/p>\n<p>Invit\u00e9s \u00e0 se d\u00e9terminer sur ledit courrier et sur le fait que le Tribunal f\u00e9d\u00e9ral envisage de rayer la cause du r\u00f4le, d\u00e8s lors que le recours semble \u00eatre sans objet (art. 206 al. 1 LP), la recourante et l&#039;intim\u00e9 s&#039;en sont remis \u00e0 justice.<\/p>\n<p>4.<\/p>\n<p>Au vu de la faillite de la recourante poursuivie, le recours est sans objet (art. 206 al. 1 LP; ATF 121 III 382 consid. 2; arr\u00eat 4D_71\/2023 du 28 f\u00e9vrier 2024 consid. 2.1) et la cause sera donc ray\u00e9e du r\u00f4le (art. 32 al. 2 LTF).<\/p>\n<p>Au regard du sort de la proc\u00e9dure, la recourante faillie doit supporter des frais judiciaires r\u00e9duits et indemniser l&#039;intim\u00e9, d\u00e8s lors que celui-ci a \u00e9t\u00e9 invit\u00e9 \u00e0 se d\u00e9terminer sur la requ\u00eate d&#039;effet suspensif et sur le recours et s&#039;est d\u00e9termin\u00e9 (art. 71 LTF et 72 PCF; art. 66 al. 1 et art. 68 al. 1 et 2 LTF).<\/p>\n<p>par ces motifs, la Juge instructrice ordonne :<\/p>\n<p>1.<\/p>\n<p>Le recours est sans objet et la cause 4A_484\/2024 est ray\u00e9e du r\u00f4le.<\/p>\n<p>2.<\/p>\n<p>Les frais judiciaires, arr\u00eat\u00e9s \u00e0 1&#039;000 fr., sont mis \u00e0 la charge de la faillie.<\/p>\n<p>3.<\/p>\n<p>La faillie versera \u00e0 l&#039;intim\u00e9 une indemnit\u00e9 de 7&#039;000 fr. \u00e0 titre de d\u00e9pens.<\/p>\n<p>4.<\/p>\n<p>La pr\u00e9sente ordonnance est communiqu\u00e9e aux parties, \u00e0 l&#039;Office cantonal des faillites de l&#039;\u00c9tat de Fribourg et \u00e0 la II e Cour d&#039;appel civil du Tribunal cantonal de l&#039;\u00c9tat de Fribourg.<\/p>\n<p>Lausanne, le 12 mars 2026<\/p>\n<p>Au nom de la Ire Cour de droit civil<\/p>\n<p>du Tribunal f\u00e9d\u00e9ral suisse<\/p>\n<p>La Juge instructrice : May Canellas<\/p>\n<p>Le Greffier : Douzals<\/p>\n<\/div>\n<hr class=\"kji-sep\" \/>\n<p class=\"kji-source-links\"><strong>Sources officielles :<\/strong> <a class=\"kji-source-link\" href=\"https:\/\/search.bger.ch\/ext\/eurospider\/live\/fr\/php\/aza\/http\/index.php?lang=fr&#038;type=highlight_simple_query&#038;page=9&#038;from_date=&#038;to_date=&#038;sort=relevance&#038;insertion_date=&#038;top_subcollection_aza=all&#038;query_words=droit+civil&#038;rank=85&#038;azaclir=aza&#038;highlight_docid=aza%3A%2F%2F12-03-2026-4A_484-2024&#038;number_of_ranks=19664\" target=\"_blank\" rel=\"noopener noreferrer\">consulter la page source<\/a><\/p>\n<p class=\"kji-license-note\"><em>Source officielle Tribunal federal suisse. Contenu HTML public, PDF non garanti en version gratuite.<\/em><\/p>\n<\/div>\n","protected":false},"excerpt":{"rendered":"<p>Bundesgericht Tribunal f\u00e9d\u00e9ral Tribunale federale Tribunal federal 4A_484\/2024 Ordonnance du 12 mars 2026 Ire Cour de droit civil Composition Mme la Juge f\u00e9d\u00e9rale May Canellas, en qualit\u00e9 de juge instructrice. Greffier : M. Douzals. Participants \u00e0 la proc\u00e9dure A.________ SA en liquidation, repr\u00e9sent\u00e9e par Mes Rapha\u00ebl Tinguely et Galaad A. Loup, avocats, recourante, contre B.________,&#8230;<\/p>\n","protected":false},"featured_media":0,"template":"","meta":{"_crdt_document":""},"kji_country":[9676],"kji_court":[9677],"kji_chamber":[9798],"kji_year":[7610],"kji_subject":[7724],"kji_keyword":[9799,9679,9680,7636],"kji_language":[7733],"class_list":["post-563920","kji_decision","type-kji_decision","status-publish","hentry","kji_country-suisse","kji_court-tribunal-federal-suisse","kji_chamber-cour-de-droit-civil","kji_year-7610","kji_subject-civil","kji_keyword-bundesgericht","kji_keyword-federal","kji_keyword-suisse","kji_keyword-tribunal","kji_language-francais"],"yoast_head":"<!-- This site is optimized with the Yoast SEO Premium plugin v27.5 (Yoast SEO v27.5) - https:\/\/yoast.com\/product\/yoast-seo-premium-wordpress\/ -->\n<title>Tribunal f\u00e9d\u00e9ral suisse, 12 mars 2026, n\u00b0 4A 484-2024 - Ma\u00eetre Hassan Kohen, avocat en droit p\u00e9nal \u00e0 Paris<\/title>\n<meta name=\"robots\" content=\"index, follow, max-snippet:-1, max-image-preview:large, max-video-preview:-1\" \/>\n<link rel=\"canonical\" href=\"https:\/\/kohenavocats.com\/zh-hans\/jurisprudences\/tribunal-federal-suisse-12-mars-2026-n-4a-484-2024\/\" \/>\n<meta property=\"og:locale\" content=\"zh_CN\" \/>\n<meta property=\"og:type\" content=\"article\" \/>\n<meta property=\"og:title\" content=\"Tribunal f\u00e9d\u00e9ral suisse, 12 mars 2026, n\u00b0 4A 484-2024\" \/>\n<meta property=\"og:description\" content=\"Bundesgericht Tribunal f\u00e9d\u00e9ral Tribunale federale Tribunal federal 4A_484\/2024 Ordonnance du 12 mars 2026 Ire Cour de droit civil Composition Mme la Juge f\u00e9d\u00e9rale May Canellas, en qualit\u00e9 de juge instructrice. Greffier : M. Douzals. Participants \u00e0 la proc\u00e9dure A.________ SA en liquidation, repr\u00e9sent\u00e9e par Mes Rapha\u00ebl Tinguely et Galaad A. Loup, avocats, recourante, contre B.________,...\" \/>\n<meta property=\"og:url\" content=\"https:\/\/kohenavocats.com\/zh-hans\/jurisprudences\/tribunal-federal-suisse-12-mars-2026-n-4a-484-2024\/\" \/>\n<meta property=\"og:site_name\" content=\"Ma\u00eetre Hassan Kohen, avocat en droit p\u00e9nal \u00e0 Paris\" \/>\n<meta name=\"twitter:card\" content=\"summary_large_image\" \/>\n<meta name=\"twitter:label1\" content=\"\u9884\u8ba1\u9605\u8bfb\u65f6\u95f4\" \/>\n\t<meta name=\"twitter:data1\" content=\"4 \u5206\" \/>\n<script type=\"application\/ld+json\" class=\"yoast-schema-graph\">{\"@context\":\"https:\\\/\\\/schema.org\",\"@graph\":[{\"@type\":\"WebPage\",\"@id\":\"https:\\\/\\\/kohenavocats.com\\\/zh-hans\\\/jurisprudences\\\/tribunal-federal-suisse-12-mars-2026-n-4a-484-2024\\\/\",\"url\":\"https:\\\/\\\/kohenavocats.com\\\/zh-hans\\\/jurisprudences\\\/tribunal-federal-suisse-12-mars-2026-n-4a-484-2024\\\/\",\"name\":\"Tribunal f\u00e9d\u00e9ral suisse, 12 mars 2026, n\u00b0 4A 484-2024 - Ma\u00eetre Hassan Kohen, avocat en droit p\u00e9nal \u00e0 Paris\",\"isPartOf\":{\"@id\":\"https:\\\/\\\/kohenavocats.com\\\/zh-hans\\\/#website\"},\"datePublished\":\"2026-04-15T00:57:02+00:00\",\"breadcrumb\":{\"@id\":\"https:\\\/\\\/kohenavocats.com\\\/zh-hans\\\/jurisprudences\\\/tribunal-federal-suisse-12-mars-2026-n-4a-484-2024\\\/#breadcrumb\"},\"inLanguage\":\"zh-Hans\",\"potentialAction\":[{\"@type\":\"ReadAction\",\"target\":[\"https:\\\/\\\/kohenavocats.com\\\/zh-hans\\\/jurisprudences\\\/tribunal-federal-suisse-12-mars-2026-n-4a-484-2024\\\/\"]}]},{\"@type\":\"BreadcrumbList\",\"@id\":\"https:\\\/\\\/kohenavocats.com\\\/zh-hans\\\/jurisprudences\\\/tribunal-federal-suisse-12-mars-2026-n-4a-484-2024\\\/#breadcrumb\",\"itemListElement\":[{\"@type\":\"ListItem\",\"position\":1,\"name\":\"Home\",\"item\":\"https:\\\/\\\/kohenavocats.com\\\/zh-hans\\\/\"},{\"@type\":\"ListItem\",\"position\":2,\"name\":\"Jurisprudences\",\"item\":\"https:\\\/\\\/kohenavocats.com\\\/zh-hans\\\/jurisprudences\\\/\"},{\"@type\":\"ListItem\",\"position\":3,\"name\":\"Tribunal f\u00e9d\u00e9ral suisse, 12 mars 2026, n\u00b0 4A 484-2024\"}]},{\"@type\":\"WebSite\",\"@id\":\"https:\\\/\\\/kohenavocats.com\\\/zh-hans\\\/#website\",\"url\":\"https:\\\/\\\/kohenavocats.com\\\/zh-hans\\\/\",\"name\":\"Kohen Avocats\",\"description\":\"Ma\u00eetre Hassan Kohen, avocat p\u00e9naliste \u00e0 Paris, intervient exclusivement en droit p\u00e9nal pour la d\u00e9fense des particuliers, notamment en mati\u00e8re d\u2019accusations de viol. Il assure un accompagnement rigoureux d\u00e8s la garde \u00e0 vue jusqu\u2019\u00e0 la Cour d\u2019assises, veillant au strict respect des garanties proc\u00e9durales.\",\"publisher\":{\"@id\":\"https:\\\/\\\/kohenavocats.com\\\/zh-hans\\\/#organization\"},\"potentialAction\":[{\"@type\":\"SearchAction\",\"target\":{\"@type\":\"EntryPoint\",\"urlTemplate\":\"https:\\\/\\\/kohenavocats.com\\\/zh-hans\\\/?s={search_term_string}\"},\"query-input\":{\"@type\":\"PropertyValueSpecification\",\"valueRequired\":true,\"valueName\":\"search_term_string\"}}],\"inLanguage\":\"zh-Hans\"},{\"@type\":\"Organization\",\"@id\":\"https:\\\/\\\/kohenavocats.com\\\/zh-hans\\\/#organization\",\"name\":\"Kohen Avocats\",\"url\":\"https:\\\/\\\/kohenavocats.com\\\/zh-hans\\\/\",\"logo\":{\"@type\":\"ImageObject\",\"inLanguage\":\"zh-Hans\",\"@id\":\"https:\\\/\\\/kohenavocats.com\\\/zh-hans\\\/#\\\/schema\\\/logo\\\/image\\\/\",\"url\":\"https:\\\/\\\/kohenavocats.com\\\/wp-content\\\/uploads\\\/2026\\\/01\\\/Logo-2-1.webp\",\"contentUrl\":\"https:\\\/\\\/kohenavocats.com\\\/wp-content\\\/uploads\\\/2026\\\/01\\\/Logo-2-1.webp\",\"width\":2114,\"height\":1253,\"caption\":\"Kohen Avocats\"},\"image\":{\"@id\":\"https:\\\/\\\/kohenavocats.com\\\/zh-hans\\\/#\\\/schema\\\/logo\\\/image\\\/\"}}]}<\/script>\n<!-- \/ Yoast SEO Premium plugin. -->","yoast_head_json":{"title":"Tribunal f\u00e9d\u00e9ral suisse, 12 mars 2026, n\u00b0 4A 484-2024 - Ma\u00eetre Hassan Kohen, avocat en droit p\u00e9nal \u00e0 Paris","robots":{"index":"index","follow":"follow","max-snippet":"max-snippet:-1","max-image-preview":"max-image-preview:large","max-video-preview":"max-video-preview:-1"},"canonical":"https:\/\/kohenavocats.com\/zh-hans\/jurisprudences\/tribunal-federal-suisse-12-mars-2026-n-4a-484-2024\/","og_locale":"zh_CN","og_type":"article","og_title":"Tribunal f\u00e9d\u00e9ral suisse, 12 mars 2026, n\u00b0 4A 484-2024","og_description":"Bundesgericht Tribunal f\u00e9d\u00e9ral Tribunale federale Tribunal federal 4A_484\/2024 Ordonnance du 12 mars 2026 Ire Cour de droit civil Composition Mme la Juge f\u00e9d\u00e9rale May Canellas, en qualit\u00e9 de juge instructrice. Greffier : M. Douzals. Participants \u00e0 la proc\u00e9dure A.________ SA en liquidation, repr\u00e9sent\u00e9e par Mes Rapha\u00ebl Tinguely et Galaad A. Loup, avocats, recourante, contre B.________,...","og_url":"https:\/\/kohenavocats.com\/zh-hans\/jurisprudences\/tribunal-federal-suisse-12-mars-2026-n-4a-484-2024\/","og_site_name":"Ma\u00eetre Hassan Kohen, avocat en droit p\u00e9nal \u00e0 Paris","twitter_card":"summary_large_image","twitter_misc":{"\u9884\u8ba1\u9605\u8bfb\u65f6\u95f4":"4 \u5206"},"schema":{"@context":"https:\/\/schema.org","@graph":[{"@type":"WebPage","@id":"https:\/\/kohenavocats.com\/zh-hans\/jurisprudences\/tribunal-federal-suisse-12-mars-2026-n-4a-484-2024\/","url":"https:\/\/kohenavocats.com\/zh-hans\/jurisprudences\/tribunal-federal-suisse-12-mars-2026-n-4a-484-2024\/","name":"Tribunal f\u00e9d\u00e9ral suisse, 12 mars 2026, n\u00b0 4A 484-2024 - Ma\u00eetre Hassan Kohen, avocat en droit p\u00e9nal \u00e0 Paris","isPartOf":{"@id":"https:\/\/kohenavocats.com\/zh-hans\/#website"},"datePublished":"2026-04-15T00:57:02+00:00","breadcrumb":{"@id":"https:\/\/kohenavocats.com\/zh-hans\/jurisprudences\/tribunal-federal-suisse-12-mars-2026-n-4a-484-2024\/#breadcrumb"},"inLanguage":"zh-Hans","potentialAction":[{"@type":"ReadAction","target":["https:\/\/kohenavocats.com\/zh-hans\/jurisprudences\/tribunal-federal-suisse-12-mars-2026-n-4a-484-2024\/"]}]},{"@type":"BreadcrumbList","@id":"https:\/\/kohenavocats.com\/zh-hans\/jurisprudences\/tribunal-federal-suisse-12-mars-2026-n-4a-484-2024\/#breadcrumb","itemListElement":[{"@type":"ListItem","position":1,"name":"Home","item":"https:\/\/kohenavocats.com\/zh-hans\/"},{"@type":"ListItem","position":2,"name":"Jurisprudences","item":"https:\/\/kohenavocats.com\/zh-hans\/jurisprudences\/"},{"@type":"ListItem","position":3,"name":"Tribunal f\u00e9d\u00e9ral suisse, 12 mars 2026, n\u00b0 4A 484-2024"}]},{"@type":"WebSite","@id":"https:\/\/kohenavocats.com\/zh-hans\/#website","url":"https:\/\/kohenavocats.com\/zh-hans\/","name":"Kohen Avocats","description":"Ma\u00eetre Hassan Kohen, avocat p\u00e9naliste \u00e0 Paris, intervient exclusivement en droit p\u00e9nal pour la d\u00e9fense des particuliers, notamment en mati\u00e8re d\u2019accusations de viol. Il assure un accompagnement rigoureux d\u00e8s la garde \u00e0 vue jusqu\u2019\u00e0 la Cour d\u2019assises, veillant au strict respect des garanties proc\u00e9durales.","publisher":{"@id":"https:\/\/kohenavocats.com\/zh-hans\/#organization"},"potentialAction":[{"@type":"SearchAction","target":{"@type":"EntryPoint","urlTemplate":"https:\/\/kohenavocats.com\/zh-hans\/?s={search_term_string}"},"query-input":{"@type":"PropertyValueSpecification","valueRequired":true,"valueName":"search_term_string"}}],"inLanguage":"zh-Hans"},{"@type":"Organization","@id":"https:\/\/kohenavocats.com\/zh-hans\/#organization","name":"Kohen Avocats","url":"https:\/\/kohenavocats.com\/zh-hans\/","logo":{"@type":"ImageObject","inLanguage":"zh-Hans","@id":"https:\/\/kohenavocats.com\/zh-hans\/#\/schema\/logo\/image\/","url":"https:\/\/kohenavocats.com\/wp-content\/uploads\/2026\/01\/Logo-2-1.webp","contentUrl":"https:\/\/kohenavocats.com\/wp-content\/uploads\/2026\/01\/Logo-2-1.webp","width":2114,"height":1253,"caption":"Kohen Avocats"},"image":{"@id":"https:\/\/kohenavocats.com\/zh-hans\/#\/schema\/logo\/image\/"}}]}},"jetpack_likes_enabled":false,"jetpack_sharing_enabled":true,"_links":{"self":[{"href":"https:\/\/kohenavocats.com\/zh-hans\/wp-json\/wp\/v2\/kji_decision\/563920","targetHints":{"allow":["GET"]}}],"collection":[{"href":"https:\/\/kohenavocats.com\/zh-hans\/wp-json\/wp\/v2\/kji_decision"}],"about":[{"href":"https:\/\/kohenavocats.com\/zh-hans\/wp-json\/wp\/v2\/types\/kji_decision"}],"wp:attachment":[{"href":"https:\/\/kohenavocats.com\/zh-hans\/wp-json\/wp\/v2\/media?parent=563920"}],"wp:term":[{"taxonomy":"kji_country","embeddable":true,"href":"https:\/\/kohenavocats.com\/zh-hans\/wp-json\/wp\/v2\/kji_country?post=563920"},{"taxonomy":"kji_court","embeddable":true,"href":"https:\/\/kohenavocats.com\/zh-hans\/wp-json\/wp\/v2\/kji_court?post=563920"},{"taxonomy":"kji_chamber","embeddable":true,"href":"https:\/\/kohenavocats.com\/zh-hans\/wp-json\/wp\/v2\/kji_chamber?post=563920"},{"taxonomy":"kji_year","embeddable":true,"href":"https:\/\/kohenavocats.com\/zh-hans\/wp-json\/wp\/v2\/kji_year?post=563920"},{"taxonomy":"kji_subject","embeddable":true,"href":"https:\/\/kohenavocats.com\/zh-hans\/wp-json\/wp\/v2\/kji_subject?post=563920"},{"taxonomy":"kji_keyword","embeddable":true,"href":"https:\/\/kohenavocats.com\/zh-hans\/wp-json\/wp\/v2\/kji_keyword?post=563920"},{"taxonomy":"kji_language","embeddable":true,"href":"https:\/\/kohenavocats.com\/zh-hans\/wp-json\/wp\/v2\/kji_language?post=563920"}],"curies":[{"name":"wp","href":"https:\/\/api.w.org\/{rel}","templated":true}]}}