{"id":563986,"date":"2026-04-15T03:08:50","date_gmt":"2026-04-15T01:08:50","guid":{"rendered":"https:\/\/kohenavocats.com\/jurisprudences\/tribunal-federal-suisse-4-mars-2026-n-5a-864-2025\/"},"modified":"2026-04-15T03:08:50","modified_gmt":"2026-04-15T01:08:50","slug":"tribunal-federal-suisse-4-mars-2026-n-5a-864-2025","status":"publish","type":"kji_decision","link":"https:\/\/kohenavocats.com\/zh-hans\/jurisprudences\/tribunal-federal-suisse-4-mars-2026-n-5a-864-2025\/","title":{"rendered":"Tribunal f\u00e9d\u00e9ral suisse, 4 mars 2026, n\u00b0 5A 864-2025"},"content":{"rendered":"<div class=\"kji-decision\">\n<div class=\"kji-full-text\">\n<p>Bundesgericht<\/p>\n<p>Tribunal f\u00e9d\u00e9ral<\/p>\n<p>Tribunale federale<\/p>\n<p>Tribunal federal<\/p>\n<p>5A_864\/2025<\/p>\n<p>Arr\u00eat du 4 mars 2026<\/p>\n<p>IIe Cour de droit civil<\/p>\n<p>Composition<\/p>\n<p>MM. les Juges f\u00e9d\u00e9raux Bovey, Pr\u00e9sident,<\/p>\n<p>Herrmann et Hartmann.<\/p>\n<p>Greffi\u00e8re : Mme Hildbrand.<\/p>\n<p>Participants \u00e0 la proc\u00e9dure<\/p>\n<p>A.A.________,<\/p>\n<p>recourante,<\/p>\n<p>contre<\/p>\n<p>Autorit\u00e9 de protection de l&#039;enfant et de l&#039;adulte du Jura bernois,<\/p>\n<p>rue de la Pr\u00e9fecture 2A, case postale 63, 2608 Courtelary,<\/p>\n<p>1. B.A.________,<\/p>\n<p>2. C.A.________,<\/p>\n<p>Objet<\/p>\n<p>curatelle d&#039;assistance \u00e9ducative (art. 308 al. 1 CC),<\/p>\n<p>recours contre la d\u00e9cision de la Cour supr\u00eame du canton<\/p>\n<p>de Berne, Tribunal de la protection de l&#039;enfant et de l&#039;adulte, du 8 septembre 2025 (KES 25 476, KES 25 545).<\/p>\n<p>Faits :<\/p>\n<p>A.<\/p>\n<p>Par d\u00e9cision du 28 mai 2025, l&#039;Autorit\u00e9 de protection de l&#039;enfant et de l&#039;adulte du Jura bernois (ci-apr\u00e8s: APEA) a notamment institu\u00e9 une curatelle d&#039;assistance \u00e9ducative au sens de l&#039;art. 308 al. 1 CC avec effet au 2 juin 2025 en faveur de A.A.________, n\u00e9e le 20 mars 2009, a pr\u00e9cis\u00e9 les contours du mandat de curatelle et a nomm\u00e9 D.________, assistante sociale du Service social U.________ en qualit\u00e9 de curatrice professionnelle.<\/p>\n<p>B.<\/p>\n<p>B.a. Le 6 juin 2025, A.A.________ a interjet\u00e9 recours contre cette d\u00e9cision. Le 26 juin suivant, les parents de A.A.________ ont \u00e9galement interjet\u00e9 recours. Les causes ont \u00e9t\u00e9 jointes.<\/p>\n<p>B.b. Par d\u00e9cision du 8 septembre 2025, le Tribunal de la protection de l&#039;enfant et de l&#039;adulte de la Cour supr\u00eame du canton de Berne (ci-apr\u00e8s: Cour supr\u00eame) a rejet\u00e9 le recours form\u00e9 par A.A.________ dans la mesure de sa recevabilit\u00e9 et rejet\u00e9 le recours form\u00e9 par ses parents.<\/p>\n<p>C.<\/p>\n<p>Par acte du 8 octobre 2025, A.A.________ forme un recours en mati\u00e8re civile au Tribunal f\u00e9d\u00e9ral contre cette d\u00e9cision. Elle conclut principalement \u00e0 son annulation et au renvoi de la cause \u00e0 l&#039;autorit\u00e9 cantonale pour nouveau jugement et, subsidiairement, \u00e0 ce que la d\u00e9cision attaqu\u00e9e soit annul\u00e9e au m\u00eame titre que la curatelle \u00e9ducative et que le signalement des Services psychiatriques universitaires de V.________ du 1er mai 2025 soit d\u00e9clar\u00e9 mensonger et irrecevable.<\/p>\n<p>Des d\u00e9terminations n&#039;ont pas \u00e9t\u00e9 requises.<\/p>\n<p>Consid\u00e9rant en droit :<\/p>\n<p>1.<\/p>\n<p>Le recours a \u00e9t\u00e9 d\u00e9pos\u00e9 en temps utile (art. 100 al. 1 LTF) \u00e0 l&#039;encontre d&#039;une d\u00e9cision finale (art. 90 LTF) confirmant l&#039;instauration d&#039;une curatelle d&#039;assistance \u00e9ducative (art. 308 CC), soit une d\u00e9cision prise en mati\u00e8re de protection de l&#039;enfant (art. 72 al. 2 let. b ch. 6 LTF), dans une affaire non p\u00e9cuniaire, par une autorit\u00e9 cantonale de derni\u00e8re instance ayant statu\u00e9 sur recours (art. 75 al. 1 et 2 LTF). Il y a donc en principe lieu d&#039;entrer en mati\u00e8re sur le recours en mati\u00e8re civile.<\/p>\n<p>2.<\/p>\n<p>Le pr\u00e9sent recours est interjet\u00e9 par une enfant mineure non repr\u00e9sent\u00e9e qui a toutefois particip\u00e9 \u00e0 la proc\u00e9dure devant la juridiction pr\u00e9c\u00e9dente et a un int\u00e9r\u00eat digne de protection \u00e0 l&#039;annulation ou la modification de la d\u00e9cision attaqu\u00e9e (art. 76 al. 1 LTF).<\/p>\n<p>2.1. D&#039;apr\u00e8s la jurisprudence, lorsque les droits de la personnalit\u00e9 de l&#039;enfant sont affect\u00e9s, celui-ci peut proc\u00e9der seul en justice, \u00e0 condition d&#039;\u00eatre capable de discernement (ATF 120 Ia 369 consid. 1a; arr\u00eats 5A_823\/2022 du 17 mai 2023 consid. 3.2.1; 5A_169\/2014 du 14 juillet 2014 consid. 1.2.3; 5C.51\/2005 du 2 septembre 2005 consid. 2.2).<\/p>\n<p>Est capable de discernement au sens du droit civil celui qui a la facult\u00e9 d&#039;agir raisonnablement (art. 16 CC). Cette notion comporte deux \u00e9l\u00e9ments: un \u00e9l\u00e9ment intellectuel, la capacit\u00e9 d&#039;appr\u00e9cier le sens, l&#039;opportunit\u00e9 et les effets d&#039;un acte d\u00e9termin\u00e9, et un \u00e9l\u00e9ment volontaire ou caract\u00e9riel, la facult\u00e9 d&#039;agir en fonction de cette compr\u00e9hension raisonnable, selon sa libre volont\u00e9 (ATF 134 II 235 consid. 4.3.2; 124 III 5 consid. 1a; 117 II 231 consid. 2a et les r\u00e9f\u00e9rences). La capacit\u00e9 de discernement est relative: elle ne doit pas \u00eatre appr\u00e9ci\u00e9e dans l&#039;abstrait, mais concr\u00e8tement, par rapport \u00e0 un acte d\u00e9termin\u00e9, en fonction de sa nature et de son importance, les facult\u00e9s requises devant exister au moment de l&#039;acte (ATF 134 II 235 consid. 4.3.2; 118 Ia 236 consid. 2b; arr\u00eat 5A_823\/2022 pr\u00e9cit\u00e9 loc. cit. et la r\u00e9f\u00e9rence).<\/p>\n<p>La preuve de la capacit\u00e9 de discernement pouvant se r\u00e9v\u00e9ler difficile \u00e0 apporter, la pratique consid\u00e8re que celle-ci doit en principe \u00eatre pr\u00e9sum\u00e9e, sur la base de l&#039;exp\u00e9rience g\u00e9n\u00e9rale de la vie (ATF 134 II 235 consid. 4.3.3; 124 III 5 consid. 1b; 117 II 231 consid. 2b). Cette pr\u00e9somption n&#039;existe toutefois que s&#039;il n&#039;y a pas de raison g\u00e9n\u00e9rale de mettre en doute la capacit\u00e9 de discernement de la personne concern\u00e9e. En revanche, lorsqu&#039;une personne est atteinte de d\u00e9ficience mentale ou de troubles psychiques, l&#039;incapacit\u00e9 de discernement est pr\u00e9sum\u00e9e, car cette personne doit g\u00e9n\u00e9ralement \u00eatre consid\u00e9r\u00e9e, d&#039;apr\u00e8s l&#039;exp\u00e9rience g\u00e9n\u00e9rale de la vie, comme \u00e9tant selon une vraisemblance pr\u00e9pond\u00e9rante, d\u00e9pourvue, en principe, de discernement (ATF 134 II 235 consid. 4.3.3 et les r\u00e9f\u00e9rences). Toute atteinte \u00e0 la sant\u00e9 mentale ne permet pas de pr\u00e9sumer l&#039;incapacit\u00e9 de discernement. Il faut que cette atteinte cr\u00e9e une d\u00e9gradation durable et importante des facult\u00e9s de l&#039;esprit (arr\u00eat 5A_823\/2022 pr\u00e9cit\u00e9 loc. cit. et les r\u00e9f\u00e9rences).<\/p>\n<p>2.2. En l&#039;occurrence, bien que la recourante soit \u00e2g\u00e9e de seize ans, sa capacit\u00e9 de discernement s&#039;agissant de l&#039;instauration d&#039;une curatelle d&#039;assistance \u00e9ducative en sa faveur n&#039;est pas \u00e9vidente. En effet, il convient de rappeler qu&#039;il ressort du signalement \u00e9tabli le 1 er mai 2025 par les Drs E.________, F.________ et G.________ des Services psychiatriques universitaires de Berne (ci-apr\u00e8s: SPU), auquel la Cour supr\u00eame renvoie, que dite mesure a \u00e9t\u00e9 instaur\u00e9e alors que la recourante avait d\u00e9j\u00e0 fait l&#039;objet de plusieurs hospitalisations au Centre d&#039;urgence de psychiatrie pour enfants et adolescents de Berne en raison de multiples tentatives de suicide, que le diagnostic de suspicion initial \u00e9tait un \u00e9pisode d\u00e9pressif mod\u00e9r\u00e9 \u00e0 s\u00e9v\u00e8re, que la situation restait tr\u00e8s critique et instable nonobstant un suivi par le Service ambulatoire d&#039;intervention de crise \u00e0 W.________ et que la situation familiale et le comportement de ses parents, qui ne fournissaient pas \u00e0 la recourante le soutien dont elle avait besoin et refusaient de se conformer \u00e0 la proc\u00e9dure d&#039;urgence convenue, mena\u00e7aient gravement la vie de cette derni\u00e8re. La question de savoir si la capacit\u00e9 de discernement de la recourante en lien avec la question ici litigieuse est donn\u00e9e peut toutefois demeur\u00e9e ouverte compte tenu de l&#039;issue de la proc\u00e9dure.<\/p>\n<p>3.<\/p>\n<p>3.1. Le recours en mati\u00e8re civile peut \u00eatre interjet\u00e9 pour violation du droit, tel qu&#039;il est d\u00e9limit\u00e9 par les art. 95 et 96 LTF. Le Tribunal f\u00e9d\u00e9ral applique le droit d&#039;office (art. 106 al. 1 LTF). Il n&#039;est donc limit\u00e9 ni par les arguments soulev\u00e9s dans le recours, ni par la motivation retenue par l&#039;autorit\u00e9 pr\u00e9c\u00e9dente; il peut admettre un recours pour un autre motif que ceux qui ont \u00e9t\u00e9 invoqu\u00e9s et il peut rejeter un recours en adoptant une argumentation diff\u00e9rente de celle de l&#039;autorit\u00e9 pr\u00e9c\u00e9dente (ATF 145 IV 228 consid. 2.1; 144 III 462 consid. 3.2.3). Cela \u00e9tant, eu \u00e9gard \u00e0 l&#039;exigence de motivation contenue \u00e0 l&#039;art. 42 al. 2 LTF, il n&#039;examine en principe que les griefs soulev\u00e9s (ATF 148 V 366 consid. 3.1; 142 III 364 consid. 2.4). Le recourant doit par cons\u00e9quent discuter les motifs de la d\u00e9cision entreprise et indiquer pr\u00e9cis\u00e9ment en quoi l&#039;autorit\u00e9 pr\u00e9c\u00e9dente a m\u00e9connu le droit (ATF 142 I 99 consid. 1.7.1; 142 III 364 consid. 2.4). Le Tribunal f\u00e9d\u00e9ral ne conna\u00eet par ailleurs de la violation de droits fondamentaux que si un tel grief a \u00e9t\u00e9 express\u00e9ment invoqu\u00e9 et motiv\u00e9 de fa\u00e7on claire et d\u00e9taill\u00e9e (&quot;principe d&#039;all\u00e9gation&quot;, art. 106 al. 2 LTF; ATF 148 V 366 consid. 3.3; 147 I 73 consid. 2.1; 146 III 303 consid. 2).<\/p>\n<p>3.2. Le Tribunal f\u00e9d\u00e9ral statue sur la base des faits \u00e9tablis par l&#039;autorit\u00e9 pr\u00e9c\u00e9dente (art. 105 al. 1 LTF). Rel\u00e8vent de ces faits tant les constatations relatives aux circonstances touchant l&#039;objet du litige que celles concernant le d\u00e9roulement de la proc\u00e9dure conduite devant l&#039;autorit\u00e9 pr\u00e9c\u00e9dente et en premi\u00e8re instance, c&#039;est-\u00e0-dire les constatations ayant trait aux faits proc\u00e9duraux (ATF 140 III 16 consid. 1.3.1 et les r\u00e9f\u00e9rences cit\u00e9es). Le Tribunal f\u00e9d\u00e9ral ne peut s&#039;\u00e9carter de ces constatations que si elles ont \u00e9t\u00e9 \u00e9tablies de fa\u00e7on manifestement inexacte, c&#039;est-\u00e0-dire arbitraire au sens de l&#039;art. 9 Cst. (ATF 147 I 73 consid. 2.2; 144 II 246 consid. 6.7; 143 I 310 consid. 2.2 et la r\u00e9f\u00e9rence), ou en violation du droit au sens de l&#039;art. 95 LTF (art. 105 al. 2 LTF), et si la correction du vice est susceptible d&#039;influer sur le sort de la cause (art. 97 al. 1 LTF; ATF 146 IV 88 consid. 1.3.1). Le recourant qui soutient que les faits ont \u00e9t\u00e9 \u00e9tablis d&#039;une mani\u00e8re manifestement inexacte doit satisfaire au principe d&#039;all\u00e9gation susmentionn\u00e9 (art. 106 al. 2 LTF, cf. supra consid. 3.1); il ne peut se borner \u00e0 contredire les constatations litigieuses par ses propres all\u00e9gations ou par l&#039;expos\u00e9 de sa propre appr\u00e9ciation des preuves; il doit indiquer de fa\u00e7on pr\u00e9cise en quoi ces constatations sont arbitraires (ATF 147 I 73 consid. 2.2; 146 IV 88 consid. 1.3.1; 133 II 249 consid. 1.4.3). Une critique des faits, y compris des faits de proc\u00e9dure (ATF 140 III 16 consid. 1.3.1), qui ne satisfait pas \u00e0 cette exigence est irrecevable (ATF 145 IV 154 consid. 1.1; 141 IV 249 consid. 1.3.1).<\/p>\n<p>En mati\u00e8re d&#039;appr\u00e9ciation des preuves et d&#039;\u00e9tablissement des faits, il n&#039;y a arbitraire que lorsque l&#039;autorit\u00e9 ne prend pas en compte, sans aucune raison s\u00e9rieuse, un \u00e9l\u00e9ment de preuve propre \u00e0 modifier la d\u00e9cision, lorsqu&#039;elle se trompe manifestement sur son sens et sa port\u00e9e, ou encore lorsque, en se fondant sur les \u00e9l\u00e9ments recueillis, elle en tire des conclusions insoutenables (ATF 147 V 35 consid. 4.2; 143 IV 500 consid. 1.1 et la r\u00e9f\u00e9rence).<\/p>\n<p>4.<\/p>\n<p>Dans ce qu&#039;elle qualifie d&#039;expos\u00e9 sommaire des faits, la recourante pr\u00e9sente en r\u00e9alit\u00e9 sa propre appr\u00e9ciation de la situation assortie de plusieurs critiques s&#039;agissant des faits retenus par la Cour supr\u00eame. Faute d&#039;un grief d\u00fbment motiv\u00e9 d&#039;arbitraire dans l&#039;\u00e9tablissement des faits (cf. supra consid. 3.2), on s&#039;en tiendra donc aux faits tels qu&#039;ils ont \u00e9t\u00e9 retenus par l&#039;autorit\u00e9 pr\u00e9c\u00e9dente.<\/p>\n<p>5.<\/p>\n<p>La recourante soul\u00e8ve un grief de violation de son droit d&#039;\u00eatre entendue (art. 29 al. 2 Cst.) et soutient que les preuves auraient \u00e9t\u00e9 mal appr\u00e9ci\u00e9es.<\/p>\n<p>Elle se plaint \u00e0 cet \u00e9gard de la mani\u00e8re dont les \u00e9l\u00e9ments qu&#039;elle a produits ont \u00e9t\u00e9 appr\u00e9ci\u00e9s sans m\u00eame exposer la teneur desdits &quot;\u00e9l\u00e9ments&quot;. Une telle critique ne satisfait pas aux r\u00e9quisits accrus de motivation de l&#039;art. 106 al. 2 LTF, de sorte qu&#039;elle est irrecevable. Elle reproche \u00e9galement \u00e0 la Cour supr\u00eame de ne pas avoir ordonn\u00e9 une expertise ind\u00e9pendante et de s&#039;\u00eatre fond\u00e9e sur le seul rapport de H.________ (intervention ambulatoire de crise du Service psychologique pour enfants et adolescents de W.________), ce qui serait selon elle constitutif d&#039;arbitraire dans l&#039;appr\u00e9ciation des preuves. La recourante fait \u00e9tat d&#039;erreurs factuelles, d&#039;inventions et d&#039;interpr\u00e9tations subjectives dans le rapport de H.________. Il convient de pr\u00e9ciser ici que l&#039;APEA, puis la Cour supr\u00eame, ne se sont pas fond\u00e9es sur un rapport de H.________ pour \u00e9tablir les faits mais bien sur la teneur du signalement fait par le SPU. Autant que l&#039;on puisse consid\u00e9rer qu&#039;il s&#039;agit l\u00e0 d&#039;un rapport d&#039;expertise &#8211; \u00e9tant rappel\u00e9 qu&#039;il a \u00e9t\u00e9 \u00e9tabli par un m\u00e9decin responsable et deux psychologues d&#039;un service psychiatrique -, la recourante ne pr\u00e9cise toutefois pas la nature des erreurs et lacunes qu&#039;elle aurait constat\u00e9es sauf \u00e0 illustrer son propos par des exemples qui rel\u00e8vent uniquement de sa propre appr\u00e9ciation des faits de la cause. A d\u00e9faut de d\u00e9montrer en quoi les conclusions du &quot;rapport&quot; qu&#039;elle critique rendraient celui-ci lacunaire, erron\u00e9 ou d\u00e9pass\u00e9 (parmi plusieurs, cf. ATF 141 IV 369 consid. 6.1; 138 III 193 consid. 4.3.1), ce grief est \u00e9galement irrecevable.<\/p>\n<p>6.<\/p>\n<p>La recourante se plaint encore d&#039;une violation des art. 95 let. a LTF et 308 al. 1 CC, soutenant en particulier que les principes de subsidiarit\u00e9 et proportionnalit\u00e9 d\u00e9coulant de cette derni\u00e8re disposition auraient \u00e9t\u00e9 mal appliqu\u00e9s.<\/p>\n<p>6.1. Selon l&#039;art. 308 al. 1 CC, lorsque les circonstances l&#039;exigent, l&#039;autorit\u00e9 de protection de l&#039;enfant nomme un curateur qui assiste les p\u00e8re et m\u00e8re de ses conseils et de son appui dans la prise en charge de l&#039;enfant. Elle peut conf\u00e9rer au curateur certains pouvoirs, tels que celui de repr\u00e9senter l&#039;enfant pour \u00e9tablir sa filiation paternelle et pour faire valoir sa cr\u00e9ance alimentaire et d&#039;autres droits, ainsi que la surveillance des relations personnelles (al. 2). L&#039;autorit\u00e9 parentale peut \u00eatre limit\u00e9e en cons\u00e9quence (al. 3).<\/p>\n<p>L&#039;institution d&#039;une curatelle au sens de l&#039;art. 308 CC suppose d&#039;abord, comme toute mesure de protection de l&#039;enfant (cf. art. 307 al. 1 CC), que le d\u00e9veloppement de celui-ci soit menac\u00e9. Il faut ensuite, conform\u00e9ment au principe de subsidiarit\u00e9, que ce danger ne puisse \u00eatre pr\u00e9venu par les p\u00e8re et m\u00e8re eux-m\u00eames, ni par une mesure moins incisive. La mesure ordonn\u00e9e doit en outre respecter le principe de proportionnalit\u00e9. Ce principe est en effet la pierre angulaire du syst\u00e8me de protection civile de l&#039;enfant, la mesure ordonn\u00e9e devant notamment \u00eatre apte \u00e0 atteindre le but de protection vis\u00e9 et n\u00e9cessaire \u00e0 cette fin (principe de la proportionnalit\u00e9 au sens \u00e9troit; arr\u00eats 5A_332\/2025 du 26 septembre 2025 consid. 4.2.1; 5A_359\/2024 du 14 octobre 2024 consid. 7.2; 5A_415\/2020 du 18 mars 2021 consid. 6.1; 5A_983\/2019 du 13 novembre 2020 consid. 9.1 et les r\u00e9f\u00e9rences). Parmi les pouvoirs que le juge peut conf\u00e9rer au curateur en application de l&#039;art. 308 al. 2 CC figure celui de mettre en place et de veiller, \u00e0 la place des parents inactifs ou r\u00e9calcitrants, \u00e0 ce qu&#039;un examen et\/ou un traitement m\u00e9dical soient effectu\u00e9s (arr\u00eats 5A_767\/2024 du 21 mai 2025 consid. 6.1; 5A_603\/2022 du 28 avril 2023 consid. 3.3.1 et les r\u00e9f\u00e9rences).<\/p>\n<p>6.2. Pour toute motivation, la recourante se contente de soutenir que les droits parentaux ont \u00e9t\u00e9 restreints sans n\u00e9cessit\u00e9 d\u00e9montr\u00e9e, qu&#039;aucune situation de mise en danger actuelle n&#039;avait \u00e9t\u00e9 \u00e9tablie, que la situation familiale se serait am\u00e9lior\u00e9e depuis plusieurs mois et que ses parents s&#039;impliquaient activement dans son accompagnement. Or, autant la mise en danger de la recourante que l&#039;absence de soutien familial ont \u00e9t\u00e9 mises en \u00e9vidence de fa\u00e7on circonstanci\u00e9e dans le signalement du SPU reproduit en grande partie dans la d\u00e9cision du 28 mai 2025 de l&#039;APEA \u00e0 laquelle la Cour supr\u00eame renvoie sur ce point. Par son argumentation, la recourante fait valoir une version des faits diam\u00e9tralement oppos\u00e9e \u00e0 celle retenue par la Cour supr\u00eame sans en d\u00e9montrer l&#039;arbitraire. Un tel proc\u00e9d\u00e9 ne satisfait pas aux exigences de motivation de l&#039;art. 106 al. 2 LTF, de sorte qu&#039;il est irrecevable. Fond\u00e9 sur des \u00e9l\u00e9ments de fait non \u00e9tablis, le grief de violation de l&#039;art. 308 al. 1 CC est infond\u00e9.<\/p>\n<p>7.<\/p>\n<p>La recourante se plaint encore d&#039;une violation des art. 30 al. 1 Cst. et 6 \u00a7 1 CEDH au motif que la Cour supr\u00eame aurait &quot;accord\u00e9 une confiance absolue au rapport contest\u00e9, sans aucune confrontation ni examen des \u00e9l\u00e9ments contraires&quot;, ce qui serait r\u00e9v\u00e9lateur d&#039;un manque d&#039;impartialit\u00e9. La motivation de ce grief ne satisfait toutefois pas non plus aux r\u00e9quisits accrus de motivation de l&#039;art. 106 al. 2 LTF dans la mesure o\u00f9 la recourante ne pr\u00e9cise aucunement ce qu&#039;elle entend par &quot;\u00e9l\u00e9ments contraires&quot; et qu&#039;elle n&#039;est parvenue \u00e0 d\u00e9montrer aucun arbitraire s&#039;agissant des \u00e9l\u00e9ments factuels figurant dans le signalement du SPU repris par la Cour supr\u00eame (cf. supra consid. 5). Le grief est irrecevable.<\/p>\n<p>8.<\/p>\n<p>Les consid\u00e9rants qui pr\u00e9c\u00e8dent conduisent au rejet du recours dans la faible mesure de sa recevabilit\u00e9. Compte tenu des circonstances, il est statu\u00e9 sans frais (art. 66 al. 1 LTF). Il n&#039;y a pas lieu d&#039;allouer de d\u00e9pens (art. 68 al. 3 LTF).<\/p>\n<p>Par ces motifs, le Tribunal f\u00e9d\u00e9ral prononce :<\/p>\n<p>1.<\/p>\n<p>Le recours est rejet\u00e9 dans la mesure o\u00f9 il est recevable.<\/p>\n<p>2.<\/p>\n<p>Il n&#039;est pas per\u00e7u de frais judiciaires.<\/p>\n<p>3.<\/p>\n<p>Le pr\u00e9sent arr\u00eat est communiqu\u00e9 \u00e0 la recourante, \u00e0 l&#039;Autorit\u00e9 de protection de l&#039;enfant et de l&#039;adulte du Jura bernois, \u00e0 B.A.________, \u00e0 C.A.________, au Tribunal de la protection de l&#039;enfant et de l&#039;adulte de la Cour supr\u00eame du canton de Berne et \u00e0 D.________, curatrice.<\/p>\n<p>Lausanne, le 4 mars 2026<\/p>\n<p>Au nom de la IIe Cour de droit civil<\/p>\n<p>du Tribunal f\u00e9d\u00e9ral suisse<\/p>\n<p>Le Pr\u00e9sident : Bovey<\/p>\n<p>La Greffi\u00e8re : Hildbrand<\/p>\n<\/div>\n<hr class=\"kji-sep\" \/>\n<p class=\"kji-source-links\"><strong>Sources officielles :<\/strong> <a class=\"kji-source-link\" href=\"https:\/\/search.bger.ch\/ext\/eurospider\/live\/fr\/php\/aza\/http\/index.php?lang=fr&#038;type=highlight_simple_query&#038;page=10&#038;from_date=&#038;to_date=&#038;sort=relevance&#038;insertion_date=&#038;top_subcollection_aza=all&#038;query_words=droit+civil&#038;rank=92&#038;azaclir=aza&#038;highlight_docid=aza%3A%2F%2F04-03-2026-5A_864-2025&#038;number_of_ranks=19664\" target=\"_blank\" rel=\"noopener noreferrer\">consulter la page source<\/a><\/p>\n<p class=\"kji-license-note\"><em>Source officielle Tribunal federal suisse. Contenu HTML public, PDF non garanti en version gratuite.<\/em><\/p>\n<\/div>\n","protected":false},"excerpt":{"rendered":"<p>Bundesgericht Tribunal f\u00e9d\u00e9ral Tribunale federale Tribunal federal 5A_864\/2025 Arr\u00eat du 4 mars 2026 IIe Cour de droit civil Composition MM. les Juges f\u00e9d\u00e9raux Bovey, Pr\u00e9sident, Herrmann et Hartmann. Greffi\u00e8re : Mme Hildbrand. Participants \u00e0 la proc\u00e9dure A.A.________, recourante, contre Autorit\u00e9 de protection de l&#8217;enfant et de l&#8217;adulte du Jura bernois, rue de la Pr\u00e9fecture 2A,&#8230;<\/p>\n","protected":false},"featured_media":0,"template":"","meta":{"_crdt_document":""},"kji_country":[9676],"kji_court":[9677],"kji_chamber":[9798],"kji_year":[7610],"kji_subject":[7724],"kji_keyword":[9799,9679,9680,7636],"kji_language":[7733],"class_list":["post-563986","kji_decision","type-kji_decision","status-publish","hentry","kji_country-suisse","kji_court-tribunal-federal-suisse","kji_chamber-cour-de-droit-civil","kji_year-7610","kji_subject-civil","kji_keyword-bundesgericht","kji_keyword-federal","kji_keyword-suisse","kji_keyword-tribunal","kji_language-francais"],"yoast_head":"<!-- This site is optimized with the Yoast SEO Premium plugin v27.5 (Yoast SEO v27.5) - https:\/\/yoast.com\/product\/yoast-seo-premium-wordpress\/ -->\n<title>Tribunal f\u00e9d\u00e9ral suisse, 4 mars 2026, n\u00b0 5A 864-2025 - Ma\u00eetre Hassan Kohen, avocat en droit p\u00e9nal \u00e0 Paris<\/title>\n<meta name=\"robots\" content=\"index, follow, max-snippet:-1, max-image-preview:large, max-video-preview:-1\" \/>\n<link rel=\"canonical\" href=\"https:\/\/kohenavocats.com\/zh-hans\/jurisprudences\/tribunal-federal-suisse-4-mars-2026-n-5a-864-2025\/\" \/>\n<meta property=\"og:locale\" content=\"zh_CN\" \/>\n<meta property=\"og:type\" content=\"article\" \/>\n<meta property=\"og:title\" content=\"Tribunal f\u00e9d\u00e9ral suisse, 4 mars 2026, n\u00b0 5A 864-2025\" \/>\n<meta property=\"og:description\" content=\"Bundesgericht Tribunal f\u00e9d\u00e9ral Tribunale federale Tribunal federal 5A_864\/2025 Arr\u00eat du 4 mars 2026 IIe Cour de droit civil Composition MM. les Juges f\u00e9d\u00e9raux Bovey, Pr\u00e9sident, Herrmann et Hartmann. Greffi\u00e8re : Mme Hildbrand. Participants \u00e0 la proc\u00e9dure A.A.________, recourante, contre Autorit\u00e9 de protection de l&#039;enfant et de l&#039;adulte du Jura bernois, rue de la Pr\u00e9fecture 2A,...\" \/>\n<meta property=\"og:url\" content=\"https:\/\/kohenavocats.com\/zh-hans\/jurisprudences\/tribunal-federal-suisse-4-mars-2026-n-5a-864-2025\/\" \/>\n<meta property=\"og:site_name\" content=\"Ma\u00eetre Hassan Kohen, avocat en droit p\u00e9nal \u00e0 Paris\" \/>\n<meta name=\"twitter:card\" content=\"summary_large_image\" \/>\n<meta name=\"twitter:label1\" content=\"\u9884\u8ba1\u9605\u8bfb\u65f6\u95f4\" \/>\n\t<meta name=\"twitter:data1\" content=\"14 \u5206\" \/>\n<script type=\"application\/ld+json\" class=\"yoast-schema-graph\">{\"@context\":\"https:\\\/\\\/schema.org\",\"@graph\":[{\"@type\":\"WebPage\",\"@id\":\"https:\\\/\\\/kohenavocats.com\\\/zh-hans\\\/jurisprudences\\\/tribunal-federal-suisse-4-mars-2026-n-5a-864-2025\\\/\",\"url\":\"https:\\\/\\\/kohenavocats.com\\\/zh-hans\\\/jurisprudences\\\/tribunal-federal-suisse-4-mars-2026-n-5a-864-2025\\\/\",\"name\":\"Tribunal f\u00e9d\u00e9ral suisse, 4 mars 2026, n\u00b0 5A 864-2025 - Ma\u00eetre Hassan Kohen, avocat en droit p\u00e9nal \u00e0 Paris\",\"isPartOf\":{\"@id\":\"https:\\\/\\\/kohenavocats.com\\\/zh-hans\\\/#website\"},\"datePublished\":\"2026-04-15T01:08:50+00:00\",\"breadcrumb\":{\"@id\":\"https:\\\/\\\/kohenavocats.com\\\/zh-hans\\\/jurisprudences\\\/tribunal-federal-suisse-4-mars-2026-n-5a-864-2025\\\/#breadcrumb\"},\"inLanguage\":\"zh-Hans\",\"potentialAction\":[{\"@type\":\"ReadAction\",\"target\":[\"https:\\\/\\\/kohenavocats.com\\\/zh-hans\\\/jurisprudences\\\/tribunal-federal-suisse-4-mars-2026-n-5a-864-2025\\\/\"]}]},{\"@type\":\"BreadcrumbList\",\"@id\":\"https:\\\/\\\/kohenavocats.com\\\/zh-hans\\\/jurisprudences\\\/tribunal-federal-suisse-4-mars-2026-n-5a-864-2025\\\/#breadcrumb\",\"itemListElement\":[{\"@type\":\"ListItem\",\"position\":1,\"name\":\"Home\",\"item\":\"https:\\\/\\\/kohenavocats.com\\\/zh-hans\\\/\"},{\"@type\":\"ListItem\",\"position\":2,\"name\":\"Jurisprudences\",\"item\":\"https:\\\/\\\/kohenavocats.com\\\/zh-hans\\\/jurisprudences\\\/\"},{\"@type\":\"ListItem\",\"position\":3,\"name\":\"Tribunal f\u00e9d\u00e9ral suisse, 4 mars 2026, n\u00b0 5A 864-2025\"}]},{\"@type\":\"WebSite\",\"@id\":\"https:\\\/\\\/kohenavocats.com\\\/zh-hans\\\/#website\",\"url\":\"https:\\\/\\\/kohenavocats.com\\\/zh-hans\\\/\",\"name\":\"Kohen Avocats\",\"description\":\"Ma\u00eetre Hassan Kohen, avocat p\u00e9naliste \u00e0 Paris, intervient exclusivement en droit p\u00e9nal pour la d\u00e9fense des particuliers, notamment en mati\u00e8re d\u2019accusations de viol. Il assure un accompagnement rigoureux d\u00e8s la garde \u00e0 vue jusqu\u2019\u00e0 la Cour d\u2019assises, veillant au strict respect des garanties proc\u00e9durales.\",\"publisher\":{\"@id\":\"https:\\\/\\\/kohenavocats.com\\\/zh-hans\\\/#organization\"},\"potentialAction\":[{\"@type\":\"SearchAction\",\"target\":{\"@type\":\"EntryPoint\",\"urlTemplate\":\"https:\\\/\\\/kohenavocats.com\\\/zh-hans\\\/?s={search_term_string}\"},\"query-input\":{\"@type\":\"PropertyValueSpecification\",\"valueRequired\":true,\"valueName\":\"search_term_string\"}}],\"inLanguage\":\"zh-Hans\"},{\"@type\":\"Organization\",\"@id\":\"https:\\\/\\\/kohenavocats.com\\\/zh-hans\\\/#organization\",\"name\":\"Kohen Avocats\",\"url\":\"https:\\\/\\\/kohenavocats.com\\\/zh-hans\\\/\",\"logo\":{\"@type\":\"ImageObject\",\"inLanguage\":\"zh-Hans\",\"@id\":\"https:\\\/\\\/kohenavocats.com\\\/zh-hans\\\/#\\\/schema\\\/logo\\\/image\\\/\",\"url\":\"https:\\\/\\\/kohenavocats.com\\\/wp-content\\\/uploads\\\/2026\\\/01\\\/Logo-2-1.webp\",\"contentUrl\":\"https:\\\/\\\/kohenavocats.com\\\/wp-content\\\/uploads\\\/2026\\\/01\\\/Logo-2-1.webp\",\"width\":2114,\"height\":1253,\"caption\":\"Kohen Avocats\"},\"image\":{\"@id\":\"https:\\\/\\\/kohenavocats.com\\\/zh-hans\\\/#\\\/schema\\\/logo\\\/image\\\/\"}}]}<\/script>\n<!-- \/ Yoast SEO Premium plugin. -->","yoast_head_json":{"title":"Tribunal f\u00e9d\u00e9ral suisse, 4 mars 2026, n\u00b0 5A 864-2025 - Ma\u00eetre Hassan Kohen, avocat en droit p\u00e9nal \u00e0 Paris","robots":{"index":"index","follow":"follow","max-snippet":"max-snippet:-1","max-image-preview":"max-image-preview:large","max-video-preview":"max-video-preview:-1"},"canonical":"https:\/\/kohenavocats.com\/zh-hans\/jurisprudences\/tribunal-federal-suisse-4-mars-2026-n-5a-864-2025\/","og_locale":"zh_CN","og_type":"article","og_title":"Tribunal f\u00e9d\u00e9ral suisse, 4 mars 2026, n\u00b0 5A 864-2025","og_description":"Bundesgericht Tribunal f\u00e9d\u00e9ral Tribunale federale Tribunal federal 5A_864\/2025 Arr\u00eat du 4 mars 2026 IIe Cour de droit civil Composition MM. les Juges f\u00e9d\u00e9raux Bovey, Pr\u00e9sident, Herrmann et Hartmann. Greffi\u00e8re : Mme Hildbrand. Participants \u00e0 la proc\u00e9dure A.A.________, recourante, contre Autorit\u00e9 de protection de l'enfant et de l'adulte du Jura bernois, rue de la Pr\u00e9fecture 2A,...","og_url":"https:\/\/kohenavocats.com\/zh-hans\/jurisprudences\/tribunal-federal-suisse-4-mars-2026-n-5a-864-2025\/","og_site_name":"Ma\u00eetre Hassan Kohen, avocat en droit p\u00e9nal \u00e0 Paris","twitter_card":"summary_large_image","twitter_misc":{"\u9884\u8ba1\u9605\u8bfb\u65f6\u95f4":"14 \u5206"},"schema":{"@context":"https:\/\/schema.org","@graph":[{"@type":"WebPage","@id":"https:\/\/kohenavocats.com\/zh-hans\/jurisprudences\/tribunal-federal-suisse-4-mars-2026-n-5a-864-2025\/","url":"https:\/\/kohenavocats.com\/zh-hans\/jurisprudences\/tribunal-federal-suisse-4-mars-2026-n-5a-864-2025\/","name":"Tribunal f\u00e9d\u00e9ral suisse, 4 mars 2026, n\u00b0 5A 864-2025 - Ma\u00eetre Hassan Kohen, avocat en droit p\u00e9nal \u00e0 Paris","isPartOf":{"@id":"https:\/\/kohenavocats.com\/zh-hans\/#website"},"datePublished":"2026-04-15T01:08:50+00:00","breadcrumb":{"@id":"https:\/\/kohenavocats.com\/zh-hans\/jurisprudences\/tribunal-federal-suisse-4-mars-2026-n-5a-864-2025\/#breadcrumb"},"inLanguage":"zh-Hans","potentialAction":[{"@type":"ReadAction","target":["https:\/\/kohenavocats.com\/zh-hans\/jurisprudences\/tribunal-federal-suisse-4-mars-2026-n-5a-864-2025\/"]}]},{"@type":"BreadcrumbList","@id":"https:\/\/kohenavocats.com\/zh-hans\/jurisprudences\/tribunal-federal-suisse-4-mars-2026-n-5a-864-2025\/#breadcrumb","itemListElement":[{"@type":"ListItem","position":1,"name":"Home","item":"https:\/\/kohenavocats.com\/zh-hans\/"},{"@type":"ListItem","position":2,"name":"Jurisprudences","item":"https:\/\/kohenavocats.com\/zh-hans\/jurisprudences\/"},{"@type":"ListItem","position":3,"name":"Tribunal f\u00e9d\u00e9ral suisse, 4 mars 2026, n\u00b0 5A 864-2025"}]},{"@type":"WebSite","@id":"https:\/\/kohenavocats.com\/zh-hans\/#website","url":"https:\/\/kohenavocats.com\/zh-hans\/","name":"Kohen Avocats","description":"Ma\u00eetre Hassan Kohen, avocat p\u00e9naliste \u00e0 Paris, intervient exclusivement en droit p\u00e9nal pour la d\u00e9fense des particuliers, notamment en mati\u00e8re d\u2019accusations de viol. Il assure un accompagnement rigoureux d\u00e8s la garde \u00e0 vue jusqu\u2019\u00e0 la Cour d\u2019assises, veillant au strict respect des garanties proc\u00e9durales.","publisher":{"@id":"https:\/\/kohenavocats.com\/zh-hans\/#organization"},"potentialAction":[{"@type":"SearchAction","target":{"@type":"EntryPoint","urlTemplate":"https:\/\/kohenavocats.com\/zh-hans\/?s={search_term_string}"},"query-input":{"@type":"PropertyValueSpecification","valueRequired":true,"valueName":"search_term_string"}}],"inLanguage":"zh-Hans"},{"@type":"Organization","@id":"https:\/\/kohenavocats.com\/zh-hans\/#organization","name":"Kohen Avocats","url":"https:\/\/kohenavocats.com\/zh-hans\/","logo":{"@type":"ImageObject","inLanguage":"zh-Hans","@id":"https:\/\/kohenavocats.com\/zh-hans\/#\/schema\/logo\/image\/","url":"https:\/\/kohenavocats.com\/wp-content\/uploads\/2026\/01\/Logo-2-1.webp","contentUrl":"https:\/\/kohenavocats.com\/wp-content\/uploads\/2026\/01\/Logo-2-1.webp","width":2114,"height":1253,"caption":"Kohen Avocats"},"image":{"@id":"https:\/\/kohenavocats.com\/zh-hans\/#\/schema\/logo\/image\/"}}]}},"jetpack_likes_enabled":false,"jetpack_sharing_enabled":true,"_links":{"self":[{"href":"https:\/\/kohenavocats.com\/zh-hans\/wp-json\/wp\/v2\/kji_decision\/563986","targetHints":{"allow":["GET"]}}],"collection":[{"href":"https:\/\/kohenavocats.com\/zh-hans\/wp-json\/wp\/v2\/kji_decision"}],"about":[{"href":"https:\/\/kohenavocats.com\/zh-hans\/wp-json\/wp\/v2\/types\/kji_decision"}],"wp:attachment":[{"href":"https:\/\/kohenavocats.com\/zh-hans\/wp-json\/wp\/v2\/media?parent=563986"}],"wp:term":[{"taxonomy":"kji_country","embeddable":true,"href":"https:\/\/kohenavocats.com\/zh-hans\/wp-json\/wp\/v2\/kji_country?post=563986"},{"taxonomy":"kji_court","embeddable":true,"href":"https:\/\/kohenavocats.com\/zh-hans\/wp-json\/wp\/v2\/kji_court?post=563986"},{"taxonomy":"kji_chamber","embeddable":true,"href":"https:\/\/kohenavocats.com\/zh-hans\/wp-json\/wp\/v2\/kji_chamber?post=563986"},{"taxonomy":"kji_year","embeddable":true,"href":"https:\/\/kohenavocats.com\/zh-hans\/wp-json\/wp\/v2\/kji_year?post=563986"},{"taxonomy":"kji_subject","embeddable":true,"href":"https:\/\/kohenavocats.com\/zh-hans\/wp-json\/wp\/v2\/kji_subject?post=563986"},{"taxonomy":"kji_keyword","embeddable":true,"href":"https:\/\/kohenavocats.com\/zh-hans\/wp-json\/wp\/v2\/kji_keyword?post=563986"},{"taxonomy":"kji_language","embeddable":true,"href":"https:\/\/kohenavocats.com\/zh-hans\/wp-json\/wp\/v2\/kji_language?post=563986"}],"curies":[{"name":"wp","href":"https:\/\/api.w.org\/{rel}","templated":true}]}}