{"id":564752,"date":"2026-04-15T04:55:50","date_gmt":"2026-04-15T02:55:50","guid":{"rendered":"https:\/\/kohenavocats.com\/jurisprudences\/eclinlrbdha20268607-rechtbank-den-haag-10-04-2026-nl26-8593-en-nl26-8591\/"},"modified":"2026-04-15T04:55:50","modified_gmt":"2026-04-15T02:55:50","slug":"eclinlrbdha20268607-rechtbank-den-haag-10-04-2026-nl26-8593-en-nl26-8591","status":"publish","type":"kji_decision","link":"https:\/\/kohenavocats.com\/zh-hans\/jurisprudences\/eclinlrbdha20268607-rechtbank-den-haag-10-04-2026-nl26-8593-en-nl26-8591\/","title":{"rendered":"ECLI:NL:RBDHA:2026:8607 Rechtbank Den Haag , 10-04-2026 \/ NL26.8593 en NL26.8591"},"content":{"rendered":"<div class=\"kji-decision\">\n<div class=\"kji-full-text\">\n<p><strong>Inhoudsindicatie.<\/strong> bnt, asiel<\/p>\n<p>RECHTBANK DEN HAAG<\/p>\n<p>Zittingsplaats Groningen<\/p>\n<p>Bestuursrecht<\/p>\n<p>zaaknummers: NL26.8593 en NL26.8591<\/p>\n<h3>uitspraak van de enkelvoudige kamer in de zaken tussen<\/h3>\n<h3>[naam],<\/h3>\n<p>V-nummer: [nummer],<\/p>\n<h3>[naam],<\/h3>\n<p>V-nummer: [nummer],<\/p>\n<p>Mede namens de minderjarige kinderen,<\/p>\n<h3>[naam], geboren op [geboortedatum],<br \/>\n[naam], geboren op [geboortedatum],<\/h3>\n<p>gezamenlijk: eisers,<\/p>\n<p>(gemachtigde: mr. D. de Vries),<\/p>\n<p>en<\/p>\n<h3>de minister van Asiel en Migratie, de minister.<\/h3>\n<h3>Inleiding<\/h3>\n<p>1. Deze uitspraak gaat over het beroep dat eisers hebben ingediend, omdat de minister niet op tijd zou hebben beslist op de asielaanvragen van 4 augustus 2024.<\/p>\n<p>De rechtbank doet uitspraak zonder zitting.<\/p>\n<h3>Beoordeling door de rechtbank<\/h3>\n<p>Is het beroep ontvankelijk en kennelijk gegrond?<\/p>\n<p>2. De rechtbank stelt vast dat de beslistermijn om op de aanvragen te beslissen is verstreken.Eisers hebben de minister, na het verstrijken van de termijn, gevraagd om alsnog binnen twee weken te beslissen. Dat heeft de minister niet gedaan en eisers hebben vervolgens beroep ingesteld.<\/p>\n<p>3. Het beroep is ontvankelijk en kennelijk gegrond.<\/p>\n<h3>Welke beslistermijn legt de rechtbank de minister op?<\/h3>\n<p>4. De minister moet alsnog een besluit nemen op de aanvragen. De Afdeling bestuursrechtspraak van de Raad van State (Afdeling) heeft geoordeeld dat bij het bepalen van een nieuwe beslistermijn rekening moet worden gehouden met het \u20188+8 wekenmodel\u2019.<\/p>\n<p>De rechtbank oordeelt dat in de gevallen zoals deze, waarin met het opleggen van een beslistermijn volgens het \u20188+8 wekenmodel\u2019 de bovengrens van 21 maanden wordt overschreden een kortere beslistermijn passend is. Dit betekent dat de minister binnen een termijn van acht weken na het verstrijken van de termijn van 21 maanden een besluit moet nemen. Dat is op 29 juni 2026. De rechtbank overweegt dat de minister binnen deze termijn op zorgvuldig wijze een besluit kan nemen. Daarbij overweegt de rechtbank dat deze termijn niet onnodig lang en niet onrealistisch kort is.<\/p>\n<p>Legt de rechtbank de minister een dwangsom op?<\/p>\n<p>5. De rechtbank legt alleen een rechterlijk dwangsom op.<\/p>\n<p>6. De rechtbank bepaalt dat de minister een dwangsom van \u20ac 100,- per dag moet betalen als hij de door de rechtbank opgelegde beslistermijn overschrijdt. Hierbij geldt een maximum van \u20ac 15.000,-.<\/p>\n<h3>Conclusie en gevolgen<\/h3>\n<p>7. Het beroep is kennelijk gegrond. Dat betekent dat eisers gelijk krijgen en de minister uiterlijk op 29 juni 2026 alsnog een besluit moet nemen. Doet de minister dat niet, dan is hij aan eisers een dwangsom verschuldigd.<\/p>\n<p>8. De minister moet de door eisers gemaakte proceskosten vergoeden. Deze kosten stelt de rechtbank vast op \u20ac 467,-.<\/p>\n<h3>Beslissing<\/h3>\n<p>De rechtbank:<\/p>\n<p>verklaart het beroep gegrond;<\/p>\n<p>vernietigt het, met een besluit gelijk te stellen, niet tijdig nemen van een besluit;<\/p>\n<p>draagt de minister op om uiterlijk op 29 juni 2026 alsnog een besluit op de aanvragen bekend te maken;<\/p>\n<p>bepaalt dat de minister aan eisers een dwangsom van \u20ac 100,- moet betalen voor elke dag waarmee hij de hiervoor genoemde termijn overschrijdt, met een maximum van \u20ac 15.000,-;<\/p>\n<p>veroordeelt de minister in de proceskosten van eisers tot een bedrag van \u20ac 467,-.<\/p>\n<p>Deze uitspraak is gedaan door mr. R. Tesfai, rechter, in aanwezigheid van<\/p>\n<p>A.S. van der Veen, griffier, en openbaar gemaakt door middel van geanonimiseerde publicatie op rechtspraak.nl.<\/p>\n<p>Deze uitspraak is bekendgemaakt op:<\/p>\n<p>Bent u het niet eens met deze uitspraak?<\/p>\n<p>Als u het niet eens bent met deze uitspraak, kunt u een brief sturen naar de rechtbank waarin u uitlegt waarom u het er niet mee eens bent. Dit heet een verzetschrift. U moet dit verzetschrift indienen binnen 6 weken na de dag waarop deze uitspraak is verzonden. U ziet deze datum hierboven. Als u graag een zitting wilt waarin u uw verzetschrift kunt toelichten, kunt u dit in uw verzetschrift vermelden.<\/p>\n<h3>Voetnoten<\/h3>\n<ol>\n<li>Artikel 8:54 van de Algemene wet bestuursrecht (Awb).<\/li>\n<li>Artikel 42 van de Vreemdelingenwet 2000 (Vw).<\/li>\n<li>Artikel 6:12, tweede lid aanhef en onder a, van de Awb.<\/li>\n<li>Artikel 6:12, tweede lid aanhef en onder b, van de Awb.<\/li>\n<li>Artikel 8:72, vierde lid, aanhef en onder b, van de Awb.<\/li>\n<li>ECLI:NL:RVS:2020:1560.<\/li>\n<li>Artikel 31, vijfde lid, van de Procedurerichtlijn.<\/li>\n<li>ECLI:NL:RVS:2022:3352 en ECLI:NL:RVS:2022:3353.<\/li>\n<li>Artikel 8:55d, tweede lid, van de Awb.<\/li>\n<li>Op grond van het Besluit proceskosten bestuursrecht voor de door de gemachtigde verleende rechtsbijstand, waarbij 1 punt is gerekend voor het indienen van het beroepschrift met een waarde per punt van \u20ac 934,- en een wegingsfactor van 0,5.<\/li>\n<\/ol>\n<\/div>\n<hr class=\"kji-sep\" \/>\n<p class=\"kji-source-links\"><strong>Sources officielles :<\/strong> <a class=\"kji-source-link\" href=\"http:\/\/deeplink.rechtspraak.nl\/uitspraak?id=ECLI:NL:RBDHA:2026:8607\" target=\"_blank\" rel=\"noopener noreferrer\">consulter la page source<\/a><\/p>\n<p class=\"kji-license-note\"><em>Rechtspraak.nl open data, Creative Commons Zero. Volume cible 1.8M decisions.<\/em><\/p>\n<\/div>\n","protected":false},"excerpt":{"rendered":"<p>bnt, asiel<\/p>\n","protected":false},"featured_media":0,"template":"","meta":{"_crdt_document":""},"kji_country":[7669],"kji_court":[7670],"kji_chamber":[],"kji_year":[7610],"kji_subject":[7646],"kji_keyword":[7827,7674,7675],"kji_language":[7671],"class_list":["post-564752","kji_decision","type-kji_decision","status-publish","hentry","kji_country-pays-bas","kji_court-rechtbank-den-haag","kji_year-7610","kji_subject-divers","kji_keyword-asiel","kji_keyword-rbdha","kji_keyword-rechtbank","kji_language-nl"],"yoast_head":"<!-- This site is optimized with the Yoast SEO Premium plugin v27.5 (Yoast SEO v27.5) - https:\/\/yoast.com\/product\/yoast-seo-premium-wordpress\/ -->\n<title>ECLI:NL:RBDHA:2026:8607 Rechtbank Den Haag , 10-04-2026 \/ NL26.8593 en NL26.8591 - Ma\u00eetre Hassan Kohen, avocat en droit p\u00e9nal \u00e0 Paris<\/title>\n<meta name=\"robots\" content=\"index, follow, max-snippet:-1, max-image-preview:large, max-video-preview:-1\" \/>\n<link rel=\"canonical\" href=\"https:\/\/kohenavocats.com\/zh-hans\/jurisprudences\/eclinlrbdha20268607-rechtbank-den-haag-10-04-2026-nl26-8593-en-nl26-8591\/\" \/>\n<meta property=\"og:locale\" content=\"zh_CN\" \/>\n<meta property=\"og:type\" content=\"article\" \/>\n<meta property=\"og:title\" content=\"ECLI:NL:RBDHA:2026:8607 Rechtbank Den Haag , 10-04-2026 \/ NL26.8593 en NL26.8591\" \/>\n<meta property=\"og:description\" content=\"bnt, asiel\" \/>\n<meta property=\"og:url\" content=\"https:\/\/kohenavocats.com\/zh-hans\/jurisprudences\/eclinlrbdha20268607-rechtbank-den-haag-10-04-2026-nl26-8593-en-nl26-8591\/\" \/>\n<meta property=\"og:site_name\" content=\"Ma\u00eetre Hassan Kohen, avocat en droit p\u00e9nal \u00e0 Paris\" \/>\n<meta name=\"twitter:card\" content=\"summary_large_image\" \/>\n<meta name=\"twitter:label1\" content=\"\u9884\u8ba1\u9605\u8bfb\u65f6\u95f4\" \/>\n\t<meta name=\"twitter:data1\" content=\"3 \u5206\" \/>\n<script type=\"application\/ld+json\" class=\"yoast-schema-graph\">{\"@context\":\"https:\\\/\\\/schema.org\",\"@graph\":[{\"@type\":\"WebPage\",\"@id\":\"https:\\\/\\\/kohenavocats.com\\\/zh-hans\\\/jurisprudences\\\/eclinlrbdha20268607-rechtbank-den-haag-10-04-2026-nl26-8593-en-nl26-8591\\\/\",\"url\":\"https:\\\/\\\/kohenavocats.com\\\/zh-hans\\\/jurisprudences\\\/eclinlrbdha20268607-rechtbank-den-haag-10-04-2026-nl26-8593-en-nl26-8591\\\/\",\"name\":\"ECLI:NL:RBDHA:2026:8607 Rechtbank Den Haag , 10-04-2026 \\\/ NL26.8593 en NL26.8591 - Ma\u00eetre Hassan Kohen, avocat en droit p\u00e9nal \u00e0 Paris\",\"isPartOf\":{\"@id\":\"https:\\\/\\\/kohenavocats.com\\\/zh-hans\\\/#website\"},\"datePublished\":\"2026-04-15T02:55:50+00:00\",\"breadcrumb\":{\"@id\":\"https:\\\/\\\/kohenavocats.com\\\/zh-hans\\\/jurisprudences\\\/eclinlrbdha20268607-rechtbank-den-haag-10-04-2026-nl26-8593-en-nl26-8591\\\/#breadcrumb\"},\"inLanguage\":\"zh-Hans\",\"potentialAction\":[{\"@type\":\"ReadAction\",\"target\":[\"https:\\\/\\\/kohenavocats.com\\\/zh-hans\\\/jurisprudences\\\/eclinlrbdha20268607-rechtbank-den-haag-10-04-2026-nl26-8593-en-nl26-8591\\\/\"]}]},{\"@type\":\"BreadcrumbList\",\"@id\":\"https:\\\/\\\/kohenavocats.com\\\/zh-hans\\\/jurisprudences\\\/eclinlrbdha20268607-rechtbank-den-haag-10-04-2026-nl26-8593-en-nl26-8591\\\/#breadcrumb\",\"itemListElement\":[{\"@type\":\"ListItem\",\"position\":1,\"name\":\"Home\",\"item\":\"https:\\\/\\\/kohenavocats.com\\\/zh-hans\\\/\"},{\"@type\":\"ListItem\",\"position\":2,\"name\":\"Jurisprudences\",\"item\":\"https:\\\/\\\/kohenavocats.com\\\/zh-hans\\\/jurisprudences\\\/\"},{\"@type\":\"ListItem\",\"position\":3,\"name\":\"ECLI:NL:RBDHA:2026:8607 Rechtbank Den Haag , 10-04-2026 \\\/ NL26.8593 en NL26.8591\"}]},{\"@type\":\"WebSite\",\"@id\":\"https:\\\/\\\/kohenavocats.com\\\/zh-hans\\\/#website\",\"url\":\"https:\\\/\\\/kohenavocats.com\\\/zh-hans\\\/\",\"name\":\"Kohen Avocats\",\"description\":\"Ma\u00eetre Hassan Kohen, avocat p\u00e9naliste \u00e0 Paris, intervient exclusivement en droit p\u00e9nal pour la d\u00e9fense des particuliers, notamment en mati\u00e8re d\u2019accusations de viol. Il assure un accompagnement rigoureux d\u00e8s la garde \u00e0 vue jusqu\u2019\u00e0 la Cour d\u2019assises, veillant au strict respect des garanties proc\u00e9durales.\",\"publisher\":{\"@id\":\"https:\\\/\\\/kohenavocats.com\\\/zh-hans\\\/#organization\"},\"potentialAction\":[{\"@type\":\"SearchAction\",\"target\":{\"@type\":\"EntryPoint\",\"urlTemplate\":\"https:\\\/\\\/kohenavocats.com\\\/zh-hans\\\/?s={search_term_string}\"},\"query-input\":{\"@type\":\"PropertyValueSpecification\",\"valueRequired\":true,\"valueName\":\"search_term_string\"}}],\"inLanguage\":\"zh-Hans\"},{\"@type\":\"Organization\",\"@id\":\"https:\\\/\\\/kohenavocats.com\\\/zh-hans\\\/#organization\",\"name\":\"Kohen Avocats\",\"url\":\"https:\\\/\\\/kohenavocats.com\\\/zh-hans\\\/\",\"logo\":{\"@type\":\"ImageObject\",\"inLanguage\":\"zh-Hans\",\"@id\":\"https:\\\/\\\/kohenavocats.com\\\/zh-hans\\\/#\\\/schema\\\/logo\\\/image\\\/\",\"url\":\"https:\\\/\\\/kohenavocats.com\\\/wp-content\\\/uploads\\\/2026\\\/01\\\/Logo-2-1.webp\",\"contentUrl\":\"https:\\\/\\\/kohenavocats.com\\\/wp-content\\\/uploads\\\/2026\\\/01\\\/Logo-2-1.webp\",\"width\":2114,\"height\":1253,\"caption\":\"Kohen Avocats\"},\"image\":{\"@id\":\"https:\\\/\\\/kohenavocats.com\\\/zh-hans\\\/#\\\/schema\\\/logo\\\/image\\\/\"}}]}<\/script>\n<!-- \/ Yoast SEO Premium plugin. -->","yoast_head_json":{"title":"ECLI:NL:RBDHA:2026:8607 Rechtbank Den Haag , 10-04-2026 \/ NL26.8593 en NL26.8591 - Ma\u00eetre Hassan Kohen, avocat en droit p\u00e9nal \u00e0 Paris","robots":{"index":"index","follow":"follow","max-snippet":"max-snippet:-1","max-image-preview":"max-image-preview:large","max-video-preview":"max-video-preview:-1"},"canonical":"https:\/\/kohenavocats.com\/zh-hans\/jurisprudences\/eclinlrbdha20268607-rechtbank-den-haag-10-04-2026-nl26-8593-en-nl26-8591\/","og_locale":"zh_CN","og_type":"article","og_title":"ECLI:NL:RBDHA:2026:8607 Rechtbank Den Haag , 10-04-2026 \/ NL26.8593 en NL26.8591","og_description":"bnt, asiel","og_url":"https:\/\/kohenavocats.com\/zh-hans\/jurisprudences\/eclinlrbdha20268607-rechtbank-den-haag-10-04-2026-nl26-8593-en-nl26-8591\/","og_site_name":"Ma\u00eetre Hassan Kohen, avocat en droit p\u00e9nal \u00e0 Paris","twitter_card":"summary_large_image","twitter_misc":{"\u9884\u8ba1\u9605\u8bfb\u65f6\u95f4":"3 \u5206"},"schema":{"@context":"https:\/\/schema.org","@graph":[{"@type":"WebPage","@id":"https:\/\/kohenavocats.com\/zh-hans\/jurisprudences\/eclinlrbdha20268607-rechtbank-den-haag-10-04-2026-nl26-8593-en-nl26-8591\/","url":"https:\/\/kohenavocats.com\/zh-hans\/jurisprudences\/eclinlrbdha20268607-rechtbank-den-haag-10-04-2026-nl26-8593-en-nl26-8591\/","name":"ECLI:NL:RBDHA:2026:8607 Rechtbank Den Haag , 10-04-2026 \/ NL26.8593 en NL26.8591 - Ma\u00eetre Hassan Kohen, avocat en droit p\u00e9nal \u00e0 Paris","isPartOf":{"@id":"https:\/\/kohenavocats.com\/zh-hans\/#website"},"datePublished":"2026-04-15T02:55:50+00:00","breadcrumb":{"@id":"https:\/\/kohenavocats.com\/zh-hans\/jurisprudences\/eclinlrbdha20268607-rechtbank-den-haag-10-04-2026-nl26-8593-en-nl26-8591\/#breadcrumb"},"inLanguage":"zh-Hans","potentialAction":[{"@type":"ReadAction","target":["https:\/\/kohenavocats.com\/zh-hans\/jurisprudences\/eclinlrbdha20268607-rechtbank-den-haag-10-04-2026-nl26-8593-en-nl26-8591\/"]}]},{"@type":"BreadcrumbList","@id":"https:\/\/kohenavocats.com\/zh-hans\/jurisprudences\/eclinlrbdha20268607-rechtbank-den-haag-10-04-2026-nl26-8593-en-nl26-8591\/#breadcrumb","itemListElement":[{"@type":"ListItem","position":1,"name":"Home","item":"https:\/\/kohenavocats.com\/zh-hans\/"},{"@type":"ListItem","position":2,"name":"Jurisprudences","item":"https:\/\/kohenavocats.com\/zh-hans\/jurisprudences\/"},{"@type":"ListItem","position":3,"name":"ECLI:NL:RBDHA:2026:8607 Rechtbank Den Haag , 10-04-2026 \/ NL26.8593 en NL26.8591"}]},{"@type":"WebSite","@id":"https:\/\/kohenavocats.com\/zh-hans\/#website","url":"https:\/\/kohenavocats.com\/zh-hans\/","name":"Kohen Avocats","description":"Ma\u00eetre Hassan Kohen, avocat p\u00e9naliste \u00e0 Paris, intervient exclusivement en droit p\u00e9nal pour la d\u00e9fense des particuliers, notamment en mati\u00e8re d\u2019accusations de viol. Il assure un accompagnement rigoureux d\u00e8s la garde \u00e0 vue jusqu\u2019\u00e0 la Cour d\u2019assises, veillant au strict respect des garanties proc\u00e9durales.","publisher":{"@id":"https:\/\/kohenavocats.com\/zh-hans\/#organization"},"potentialAction":[{"@type":"SearchAction","target":{"@type":"EntryPoint","urlTemplate":"https:\/\/kohenavocats.com\/zh-hans\/?s={search_term_string}"},"query-input":{"@type":"PropertyValueSpecification","valueRequired":true,"valueName":"search_term_string"}}],"inLanguage":"zh-Hans"},{"@type":"Organization","@id":"https:\/\/kohenavocats.com\/zh-hans\/#organization","name":"Kohen Avocats","url":"https:\/\/kohenavocats.com\/zh-hans\/","logo":{"@type":"ImageObject","inLanguage":"zh-Hans","@id":"https:\/\/kohenavocats.com\/zh-hans\/#\/schema\/logo\/image\/","url":"https:\/\/kohenavocats.com\/wp-content\/uploads\/2026\/01\/Logo-2-1.webp","contentUrl":"https:\/\/kohenavocats.com\/wp-content\/uploads\/2026\/01\/Logo-2-1.webp","width":2114,"height":1253,"caption":"Kohen Avocats"},"image":{"@id":"https:\/\/kohenavocats.com\/zh-hans\/#\/schema\/logo\/image\/"}}]}},"jetpack_likes_enabled":false,"jetpack_sharing_enabled":true,"_links":{"self":[{"href":"https:\/\/kohenavocats.com\/zh-hans\/wp-json\/wp\/v2\/kji_decision\/564752","targetHints":{"allow":["GET"]}}],"collection":[{"href":"https:\/\/kohenavocats.com\/zh-hans\/wp-json\/wp\/v2\/kji_decision"}],"about":[{"href":"https:\/\/kohenavocats.com\/zh-hans\/wp-json\/wp\/v2\/types\/kji_decision"}],"wp:attachment":[{"href":"https:\/\/kohenavocats.com\/zh-hans\/wp-json\/wp\/v2\/media?parent=564752"}],"wp:term":[{"taxonomy":"kji_country","embeddable":true,"href":"https:\/\/kohenavocats.com\/zh-hans\/wp-json\/wp\/v2\/kji_country?post=564752"},{"taxonomy":"kji_court","embeddable":true,"href":"https:\/\/kohenavocats.com\/zh-hans\/wp-json\/wp\/v2\/kji_court?post=564752"},{"taxonomy":"kji_chamber","embeddable":true,"href":"https:\/\/kohenavocats.com\/zh-hans\/wp-json\/wp\/v2\/kji_chamber?post=564752"},{"taxonomy":"kji_year","embeddable":true,"href":"https:\/\/kohenavocats.com\/zh-hans\/wp-json\/wp\/v2\/kji_year?post=564752"},{"taxonomy":"kji_subject","embeddable":true,"href":"https:\/\/kohenavocats.com\/zh-hans\/wp-json\/wp\/v2\/kji_subject?post=564752"},{"taxonomy":"kji_keyword","embeddable":true,"href":"https:\/\/kohenavocats.com\/zh-hans\/wp-json\/wp\/v2\/kji_keyword?post=564752"},{"taxonomy":"kji_language","embeddable":true,"href":"https:\/\/kohenavocats.com\/zh-hans\/wp-json\/wp\/v2\/kji_language?post=564752"}],"curies":[{"name":"wp","href":"https:\/\/api.w.org\/{rel}","templated":true}]}}