{"id":565804,"date":"2026-04-15T07:18:39","date_gmt":"2026-04-15T05:18:39","guid":{"rendered":"https:\/\/kohenavocats.com\/jurisprudences\/tribunal-federal-suisse-2-fevrier-2026-n-5a-38-2026\/"},"modified":"2026-04-15T07:18:39","modified_gmt":"2026-04-15T05:18:39","slug":"tribunal-federal-suisse-2-fevrier-2026-n-5a-38-2026","status":"publish","type":"kji_decision","link":"https:\/\/kohenavocats.com\/zh-hans\/jurisprudences\/tribunal-federal-suisse-2-fevrier-2026-n-5a-38-2026\/","title":{"rendered":"Tribunal f\u00e9d\u00e9ral suisse, 2 f\u00e9vrier 2026, n\u00b0 5A 38-2026"},"content":{"rendered":"<div class=\"kji-decision\">\n<div class=\"kji-full-text\">\n<p>Bundesgericht<\/p>\n<p>Tribunal f\u00e9d\u00e9ral<\/p>\n<p>Tribunale federale<\/p>\n<p>Tribunal federal<\/p>\n<p>5A_38\/2026<\/p>\n<p>Arr\u00eat du 2 f\u00e9vrier 2026<\/p>\n<p>IIe Cour de droit civil<\/p>\n<p>Composition<\/p>\n<p>M. le Juge f\u00e9d\u00e9ral Bovey, Pr\u00e9sident.<\/p>\n<p>Greffier : M. Braconi.<\/p>\n<p>Participants \u00e0 la proc\u00e9dure<\/p>\n<p>A.________,<\/p>\n<p>recourant,<\/p>\n<p>contre<\/p>\n<p>B.________ SA,<\/p>\n<p>intim\u00e9e,<\/p>\n<p>Objet<\/p>\n<p>faillite sans poursuite pr\u00e9alable, restitution\/prolongation de d\u00e9lai,<\/p>\n<p>requ\u00eate de restitution\/prolongation de d\u00e9lai concernant l&#039;arr\u00eat de la Cour des poursuites et faillites du Tribunal cantonal du canton de Vaud du 21 novembre 2025 (FW25.020740-250926 n\u00b0 171).<\/p>\n<p>Vu :<\/p>\n<p>le jugement de la Pr\u00e9sidente du Tribunal civil de l&#039;arrondissement de La Riviera-Pays-d&#039;Enhaut, rendu sous forme de dispositif le 26 juin 2025 et dont les motifs ont \u00e9t\u00e9 notifi\u00e9s le 4 ao\u00fbt 2025, pronon\u00e7ant la faillite sans poursuite pr\u00e9alable de A.________, avec effet d\u00e8s le (&#8230;) juin 2025 \u00e0 (&#8230;);<\/p>\n<p>l&#039;arr\u00eat de la Cour des poursuites et faillites du Tribunal cantonal vaudois du 21 novembre 2025 rejetant le recours du pr\u00e9nomm\u00e9 et confirmant le jugement de faillite;<\/p>\n<p>la &quot; demande de restitution\/prolongation de d\u00e9lai &quot; form\u00e9e par l&#039;int\u00e9ress\u00e9 le 17 janvier 2026, confirm\u00e9e le 29 janvier 2026;<\/p>\n<p>le courrier du Pr\u00e9sident de la Cour de c\u00e9ans du 27 janvier 2026;<\/p>\n<p>consid\u00e9rant :<\/p>\n<p>que, en tant que d\u00e9lai l\u00e9gal (art. 100 al. 1 LTF), le d\u00e9lai pour former un recours (en mati\u00e8re civile) contre l&#039;arr\u00eat cantonal confirmant l&#039;ouverture de la faillite du requ\u00e9rant ne peut \u00eatre prolong\u00e9 (art. 47 al. 1 LTF);<\/p>\n<p>que l&#039;art. 47 al. 2 LTF, invoqu\u00e9 par le requ\u00e9rant, n&#039;est pas applicable \u00e0 de tels d\u00e9lais, mais uniquement aux d\u00e9lais judiciaires, \u00e0 savoir ceux qui sont &quot;fix\u00e9s par le juge&quot; ( cf. FR\u00c9SARD, in : Commentaire de la LTF, 3e \u00e9d., 2022, n os 9 ss ad art. 47 LTF et les citations);<\/p>\n<p>que, partant, la requ\u00eate de prolongation de d\u00e9lai est rejet\u00e9e;<\/p>\n<p>que la requ\u00eate de restitution de d\u00e9lai n&#039;est pas accompagn\u00e9e de l&#039;acte omis, c&#039;est-\u00e0-dire le d\u00e9p\u00f4t du m\u00e9moire de recours au Tribunal f\u00e9d\u00e9ral (arr\u00eat 5A_39\/2025 du 22 janvier 2025 consid. 3.2 et les r\u00e9f\u00e9rences) &#8211; ce dont le requ\u00e9rant a \u00e9t\u00e9 express\u00e9ment avis\u00e9 par le Pr\u00e9sident de la Cour de c\u00e9ans -, de sorte qu&#039;elle est d&#039;embl\u00e9e irrecevable;<\/p>\n<p>que, au demeurant, les explications (floues) de l&#039;int\u00e9ress\u00e9 au sujet de l&#039;inobservation du d\u00e9lai de recours ne sont nullement \u00e9tablies;<\/p>\n<p>que, de jurisprudence constante, les &quot; probl\u00e8mes administratifs &quot; \u00e9voqu\u00e9s ne sauraient justifier une restitution de d\u00e9lai, d&#039;autant que le requ\u00e9rant devait s&#039;attendre \u00e0 recevoir une communication de l&#039;autorit\u00e9 cantonale et devait prendre les dispositions n\u00e9cessaires \u00e0 cet effet ( cf. FR\u00c9SARD, op. cit., n os 13 et 17 ad art. 50 LTF, avec les arr\u00eats cit\u00e9s);<\/p>\n<p>que, en conclusion, la requ\u00eate de restitution de d\u00e9lai doit \u00eatre d\u00e9clar\u00e9e irrecevable par voie de proc\u00e9dure simplifi\u00e9e (art. 108 al. 1 let. a LTF; arr\u00eat 5A_39\/2025 pr\u00e9cit\u00e9 consid. 4);<\/p>\n<p>que les requ\u00eates de suspension et d&#039;effet suspensif n&#039;ont plus d&#039;objet, \u00e9tant relev\u00e9 qu&#039;elles eussent \u00e9t\u00e9 d\u00e9clar\u00e9es irrecevables, \u00e0 d\u00e9faut d&#039;un recours effectivement pendant devant le Tribunal f\u00e9d\u00e9ral (ordonnance 5A_39\/2026 du 15 janvier 2026 consid. 3.1 et les citations);<\/p>\n<p>que les frais judiciaires incombent au requ\u00e9rant (art. 66 al.1 LTF);<\/p>\n<p>par ces motifs, le Pr\u00e9sident prononce :<\/p>\n<p>1.<\/p>\n<p>La requ\u00eate de prolongation de d\u00e9lai est rejet\u00e9e.<\/p>\n<p>2.<\/p>\n<p>La requ\u00eate de restitution de d\u00e9lai est irrecevable.<\/p>\n<p>3.<\/p>\n<p>Les frais judiciaires, arr\u00eat\u00e9s \u00e0 500 fr., sont mis \u00e0 la charge du requ\u00e9rant.<\/p>\n<p>4.<\/p>\n<p>Le pr\u00e9sent arr\u00eat est communiqu\u00e9 aux parties, \u00e0 l&#039;C.________, \u00e0 l&#039;Office des poursuites du district de la Riviera-Pays-d&#039;Enhaut, au D.________, au Registre foncier (Office de l&#039;Est vaudois) et \u00e0 la Cour des poursuites et faillites du Tribunal cantonal du canton de Vaud.<\/p>\n<p>Lausanne, le 2 f\u00e9vrier 2026<\/p>\n<p>Au nom de la IIe Cour de droit civil<\/p>\n<p>du Tribunal f\u00e9d\u00e9ral suisse<\/p>\n<p>Le Pr\u00e9sident : Bovey<\/p>\n<p>Le Greffier : Braconi<\/p>\n<\/div>\n<hr class=\"kji-sep\" \/>\n<p class=\"kji-source-links\"><strong>Sources officielles :<\/strong> <a class=\"kji-source-link\" href=\"https:\/\/search.bger.ch\/ext\/eurospider\/live\/fr\/php\/aza\/http\/index.php?lang=fr&#038;type=highlight_simple_query&#038;page=1&#038;from_date=&#038;to_date=&#038;sort=relevance&#038;insertion_date=&#038;top_subcollection_aza=all&#038;query_words=poursuite&#038;rank=4&#038;azaclir=aza&#038;highlight_docid=aza%3A%2F%2F02-02-2026-5A_38-2026&#038;number_of_ranks=9677\" target=\"_blank\" rel=\"noopener noreferrer\">consulter la page source<\/a><\/p>\n<p class=\"kji-license-note\"><em>Source officielle Tribunal federal suisse. Contenu HTML public, PDF non garanti en version gratuite.<\/em><\/p>\n<\/div>\n","protected":false},"excerpt":{"rendered":"<p>Bundesgericht Tribunal f\u00e9d\u00e9ral Tribunale federale Tribunal federal 5A_38\/2026 Arr\u00eat du 2 f\u00e9vrier 2026 IIe Cour de droit civil Composition M. le Juge f\u00e9d\u00e9ral Bovey, Pr\u00e9sident. Greffier : M. Braconi. Participants \u00e0 la proc\u00e9dure A.________, recourant, contre B.________ SA, intim\u00e9e, Objet faillite sans poursuite pr\u00e9alable, restitution\/prolongation de d\u00e9lai, requ\u00eate de restitution\/prolongation de d\u00e9lai concernant l&#8217;arr\u00eat de&#8230;<\/p>\n","protected":false},"featured_media":0,"template":"","meta":{"_crdt_document":""},"kji_country":[9676],"kji_court":[9677],"kji_chamber":[9798],"kji_year":[7610],"kji_subject":[7724],"kji_keyword":[9799,9679,8457,9680,7636],"kji_language":[7733],"class_list":["post-565804","kji_decision","type-kji_decision","status-publish","hentry","kji_country-suisse","kji_court-tribunal-federal-suisse","kji_chamber-cour-de-droit-civil","kji_year-7610","kji_subject-civil","kji_keyword-bundesgericht","kji_keyword-federal","kji_keyword-fevrier","kji_keyword-suisse","kji_keyword-tribunal","kji_language-francais"],"yoast_head":"<!-- This site is optimized with the Yoast SEO Premium plugin v27.5 (Yoast SEO v27.5) - https:\/\/yoast.com\/product\/yoast-seo-premium-wordpress\/ -->\n<title>Tribunal f\u00e9d\u00e9ral suisse, 2 f\u00e9vrier 2026, n\u00b0 5A 38-2026 - Ma\u00eetre Hassan Kohen, avocat en droit p\u00e9nal \u00e0 Paris<\/title>\n<meta name=\"robots\" content=\"index, follow, max-snippet:-1, max-image-preview:large, max-video-preview:-1\" \/>\n<link rel=\"canonical\" href=\"https:\/\/kohenavocats.com\/zh-hans\/jurisprudences\/tribunal-federal-suisse-2-fevrier-2026-n-5a-38-2026\/\" \/>\n<meta property=\"og:locale\" content=\"zh_CN\" \/>\n<meta property=\"og:type\" content=\"article\" \/>\n<meta property=\"og:title\" content=\"Tribunal f\u00e9d\u00e9ral suisse, 2 f\u00e9vrier 2026, n\u00b0 5A 38-2026\" \/>\n<meta property=\"og:description\" content=\"Bundesgericht Tribunal f\u00e9d\u00e9ral Tribunale federale Tribunal federal 5A_38\/2026 Arr\u00eat du 2 f\u00e9vrier 2026 IIe Cour de droit civil Composition M. le Juge f\u00e9d\u00e9ral Bovey, Pr\u00e9sident. Greffier : M. Braconi. Participants \u00e0 la proc\u00e9dure A.________, recourant, contre B.________ SA, intim\u00e9e, Objet faillite sans poursuite pr\u00e9alable, restitution\/prolongation de d\u00e9lai, requ\u00eate de restitution\/prolongation de d\u00e9lai concernant l&#039;arr\u00eat de...\" \/>\n<meta property=\"og:url\" content=\"https:\/\/kohenavocats.com\/zh-hans\/jurisprudences\/tribunal-federal-suisse-2-fevrier-2026-n-5a-38-2026\/\" \/>\n<meta property=\"og:site_name\" content=\"Ma\u00eetre Hassan Kohen, avocat en droit p\u00e9nal \u00e0 Paris\" \/>\n<meta name=\"twitter:card\" content=\"summary_large_image\" \/>\n<meta name=\"twitter:label1\" content=\"\u9884\u8ba1\u9605\u8bfb\u65f6\u95f4\" \/>\n\t<meta name=\"twitter:data1\" content=\"3 \u5206\" \/>\n<script type=\"application\/ld+json\" class=\"yoast-schema-graph\">{\"@context\":\"https:\\\/\\\/schema.org\",\"@graph\":[{\"@type\":\"WebPage\",\"@id\":\"https:\\\/\\\/kohenavocats.com\\\/zh-hans\\\/jurisprudences\\\/tribunal-federal-suisse-2-fevrier-2026-n-5a-38-2026\\\/\",\"url\":\"https:\\\/\\\/kohenavocats.com\\\/zh-hans\\\/jurisprudences\\\/tribunal-federal-suisse-2-fevrier-2026-n-5a-38-2026\\\/\",\"name\":\"Tribunal f\u00e9d\u00e9ral suisse, 2 f\u00e9vrier 2026, n\u00b0 5A 38-2026 - Ma\u00eetre Hassan Kohen, avocat en droit p\u00e9nal \u00e0 Paris\",\"isPartOf\":{\"@id\":\"https:\\\/\\\/kohenavocats.com\\\/zh-hans\\\/#website\"},\"datePublished\":\"2026-04-15T05:18:39+00:00\",\"breadcrumb\":{\"@id\":\"https:\\\/\\\/kohenavocats.com\\\/zh-hans\\\/jurisprudences\\\/tribunal-federal-suisse-2-fevrier-2026-n-5a-38-2026\\\/#breadcrumb\"},\"inLanguage\":\"zh-Hans\",\"potentialAction\":[{\"@type\":\"ReadAction\",\"target\":[\"https:\\\/\\\/kohenavocats.com\\\/zh-hans\\\/jurisprudences\\\/tribunal-federal-suisse-2-fevrier-2026-n-5a-38-2026\\\/\"]}]},{\"@type\":\"BreadcrumbList\",\"@id\":\"https:\\\/\\\/kohenavocats.com\\\/zh-hans\\\/jurisprudences\\\/tribunal-federal-suisse-2-fevrier-2026-n-5a-38-2026\\\/#breadcrumb\",\"itemListElement\":[{\"@type\":\"ListItem\",\"position\":1,\"name\":\"Home\",\"item\":\"https:\\\/\\\/kohenavocats.com\\\/zh-hans\\\/\"},{\"@type\":\"ListItem\",\"position\":2,\"name\":\"Jurisprudences\",\"item\":\"https:\\\/\\\/kohenavocats.com\\\/zh-hans\\\/jurisprudences\\\/\"},{\"@type\":\"ListItem\",\"position\":3,\"name\":\"Tribunal f\u00e9d\u00e9ral suisse, 2 f\u00e9vrier 2026, n\u00b0 5A 38-2026\"}]},{\"@type\":\"WebSite\",\"@id\":\"https:\\\/\\\/kohenavocats.com\\\/zh-hans\\\/#website\",\"url\":\"https:\\\/\\\/kohenavocats.com\\\/zh-hans\\\/\",\"name\":\"Kohen Avocats\",\"description\":\"Ma\u00eetre Hassan Kohen, avocat p\u00e9naliste \u00e0 Paris, intervient exclusivement en droit p\u00e9nal pour la d\u00e9fense des particuliers, notamment en mati\u00e8re d\u2019accusations de viol. Il assure un accompagnement rigoureux d\u00e8s la garde \u00e0 vue jusqu\u2019\u00e0 la Cour d\u2019assises, veillant au strict respect des garanties proc\u00e9durales.\",\"publisher\":{\"@id\":\"https:\\\/\\\/kohenavocats.com\\\/zh-hans\\\/#organization\"},\"potentialAction\":[{\"@type\":\"SearchAction\",\"target\":{\"@type\":\"EntryPoint\",\"urlTemplate\":\"https:\\\/\\\/kohenavocats.com\\\/zh-hans\\\/?s={search_term_string}\"},\"query-input\":{\"@type\":\"PropertyValueSpecification\",\"valueRequired\":true,\"valueName\":\"search_term_string\"}}],\"inLanguage\":\"zh-Hans\"},{\"@type\":\"Organization\",\"@id\":\"https:\\\/\\\/kohenavocats.com\\\/zh-hans\\\/#organization\",\"name\":\"Kohen Avocats\",\"url\":\"https:\\\/\\\/kohenavocats.com\\\/zh-hans\\\/\",\"logo\":{\"@type\":\"ImageObject\",\"inLanguage\":\"zh-Hans\",\"@id\":\"https:\\\/\\\/kohenavocats.com\\\/zh-hans\\\/#\\\/schema\\\/logo\\\/image\\\/\",\"url\":\"https:\\\/\\\/kohenavocats.com\\\/wp-content\\\/uploads\\\/2026\\\/01\\\/Logo-2-1.webp\",\"contentUrl\":\"https:\\\/\\\/kohenavocats.com\\\/wp-content\\\/uploads\\\/2026\\\/01\\\/Logo-2-1.webp\",\"width\":2114,\"height\":1253,\"caption\":\"Kohen Avocats\"},\"image\":{\"@id\":\"https:\\\/\\\/kohenavocats.com\\\/zh-hans\\\/#\\\/schema\\\/logo\\\/image\\\/\"}}]}<\/script>\n<!-- \/ Yoast SEO Premium plugin. -->","yoast_head_json":{"title":"Tribunal f\u00e9d\u00e9ral suisse, 2 f\u00e9vrier 2026, n\u00b0 5A 38-2026 - Ma\u00eetre Hassan Kohen, avocat en droit p\u00e9nal \u00e0 Paris","robots":{"index":"index","follow":"follow","max-snippet":"max-snippet:-1","max-image-preview":"max-image-preview:large","max-video-preview":"max-video-preview:-1"},"canonical":"https:\/\/kohenavocats.com\/zh-hans\/jurisprudences\/tribunal-federal-suisse-2-fevrier-2026-n-5a-38-2026\/","og_locale":"zh_CN","og_type":"article","og_title":"Tribunal f\u00e9d\u00e9ral suisse, 2 f\u00e9vrier 2026, n\u00b0 5A 38-2026","og_description":"Bundesgericht Tribunal f\u00e9d\u00e9ral Tribunale federale Tribunal federal 5A_38\/2026 Arr\u00eat du 2 f\u00e9vrier 2026 IIe Cour de droit civil Composition M. le Juge f\u00e9d\u00e9ral Bovey, Pr\u00e9sident. Greffier : M. Braconi. Participants \u00e0 la proc\u00e9dure A.________, recourant, contre B.________ SA, intim\u00e9e, Objet faillite sans poursuite pr\u00e9alable, restitution\/prolongation de d\u00e9lai, requ\u00eate de restitution\/prolongation de d\u00e9lai concernant l'arr\u00eat de...","og_url":"https:\/\/kohenavocats.com\/zh-hans\/jurisprudences\/tribunal-federal-suisse-2-fevrier-2026-n-5a-38-2026\/","og_site_name":"Ma\u00eetre Hassan Kohen, avocat en droit p\u00e9nal \u00e0 Paris","twitter_card":"summary_large_image","twitter_misc":{"\u9884\u8ba1\u9605\u8bfb\u65f6\u95f4":"3 \u5206"},"schema":{"@context":"https:\/\/schema.org","@graph":[{"@type":"WebPage","@id":"https:\/\/kohenavocats.com\/zh-hans\/jurisprudences\/tribunal-federal-suisse-2-fevrier-2026-n-5a-38-2026\/","url":"https:\/\/kohenavocats.com\/zh-hans\/jurisprudences\/tribunal-federal-suisse-2-fevrier-2026-n-5a-38-2026\/","name":"Tribunal f\u00e9d\u00e9ral suisse, 2 f\u00e9vrier 2026, n\u00b0 5A 38-2026 - Ma\u00eetre Hassan Kohen, avocat en droit p\u00e9nal \u00e0 Paris","isPartOf":{"@id":"https:\/\/kohenavocats.com\/zh-hans\/#website"},"datePublished":"2026-04-15T05:18:39+00:00","breadcrumb":{"@id":"https:\/\/kohenavocats.com\/zh-hans\/jurisprudences\/tribunal-federal-suisse-2-fevrier-2026-n-5a-38-2026\/#breadcrumb"},"inLanguage":"zh-Hans","potentialAction":[{"@type":"ReadAction","target":["https:\/\/kohenavocats.com\/zh-hans\/jurisprudences\/tribunal-federal-suisse-2-fevrier-2026-n-5a-38-2026\/"]}]},{"@type":"BreadcrumbList","@id":"https:\/\/kohenavocats.com\/zh-hans\/jurisprudences\/tribunal-federal-suisse-2-fevrier-2026-n-5a-38-2026\/#breadcrumb","itemListElement":[{"@type":"ListItem","position":1,"name":"Home","item":"https:\/\/kohenavocats.com\/zh-hans\/"},{"@type":"ListItem","position":2,"name":"Jurisprudences","item":"https:\/\/kohenavocats.com\/zh-hans\/jurisprudences\/"},{"@type":"ListItem","position":3,"name":"Tribunal f\u00e9d\u00e9ral suisse, 2 f\u00e9vrier 2026, n\u00b0 5A 38-2026"}]},{"@type":"WebSite","@id":"https:\/\/kohenavocats.com\/zh-hans\/#website","url":"https:\/\/kohenavocats.com\/zh-hans\/","name":"Kohen Avocats","description":"Ma\u00eetre Hassan Kohen, avocat p\u00e9naliste \u00e0 Paris, intervient exclusivement en droit p\u00e9nal pour la d\u00e9fense des particuliers, notamment en mati\u00e8re d\u2019accusations de viol. Il assure un accompagnement rigoureux d\u00e8s la garde \u00e0 vue jusqu\u2019\u00e0 la Cour d\u2019assises, veillant au strict respect des garanties proc\u00e9durales.","publisher":{"@id":"https:\/\/kohenavocats.com\/zh-hans\/#organization"},"potentialAction":[{"@type":"SearchAction","target":{"@type":"EntryPoint","urlTemplate":"https:\/\/kohenavocats.com\/zh-hans\/?s={search_term_string}"},"query-input":{"@type":"PropertyValueSpecification","valueRequired":true,"valueName":"search_term_string"}}],"inLanguage":"zh-Hans"},{"@type":"Organization","@id":"https:\/\/kohenavocats.com\/zh-hans\/#organization","name":"Kohen Avocats","url":"https:\/\/kohenavocats.com\/zh-hans\/","logo":{"@type":"ImageObject","inLanguage":"zh-Hans","@id":"https:\/\/kohenavocats.com\/zh-hans\/#\/schema\/logo\/image\/","url":"https:\/\/kohenavocats.com\/wp-content\/uploads\/2026\/01\/Logo-2-1.webp","contentUrl":"https:\/\/kohenavocats.com\/wp-content\/uploads\/2026\/01\/Logo-2-1.webp","width":2114,"height":1253,"caption":"Kohen Avocats"},"image":{"@id":"https:\/\/kohenavocats.com\/zh-hans\/#\/schema\/logo\/image\/"}}]}},"jetpack_likes_enabled":false,"jetpack_sharing_enabled":true,"_links":{"self":[{"href":"https:\/\/kohenavocats.com\/zh-hans\/wp-json\/wp\/v2\/kji_decision\/565804","targetHints":{"allow":["GET"]}}],"collection":[{"href":"https:\/\/kohenavocats.com\/zh-hans\/wp-json\/wp\/v2\/kji_decision"}],"about":[{"href":"https:\/\/kohenavocats.com\/zh-hans\/wp-json\/wp\/v2\/types\/kji_decision"}],"wp:attachment":[{"href":"https:\/\/kohenavocats.com\/zh-hans\/wp-json\/wp\/v2\/media?parent=565804"}],"wp:term":[{"taxonomy":"kji_country","embeddable":true,"href":"https:\/\/kohenavocats.com\/zh-hans\/wp-json\/wp\/v2\/kji_country?post=565804"},{"taxonomy":"kji_court","embeddable":true,"href":"https:\/\/kohenavocats.com\/zh-hans\/wp-json\/wp\/v2\/kji_court?post=565804"},{"taxonomy":"kji_chamber","embeddable":true,"href":"https:\/\/kohenavocats.com\/zh-hans\/wp-json\/wp\/v2\/kji_chamber?post=565804"},{"taxonomy":"kji_year","embeddable":true,"href":"https:\/\/kohenavocats.com\/zh-hans\/wp-json\/wp\/v2\/kji_year?post=565804"},{"taxonomy":"kji_subject","embeddable":true,"href":"https:\/\/kohenavocats.com\/zh-hans\/wp-json\/wp\/v2\/kji_subject?post=565804"},{"taxonomy":"kji_keyword","embeddable":true,"href":"https:\/\/kohenavocats.com\/zh-hans\/wp-json\/wp\/v2\/kji_keyword?post=565804"},{"taxonomy":"kji_language","embeddable":true,"href":"https:\/\/kohenavocats.com\/zh-hans\/wp-json\/wp\/v2\/kji_language?post=565804"}],"curies":[{"name":"wp","href":"https:\/\/api.w.org\/{rel}","templated":true}]}}