{"id":566151,"date":"2026-04-15T08:12:39","date_gmt":"2026-04-15T06:12:39","guid":{"rendered":"https:\/\/kohenavocats.com\/jurisprudences\/cour-superieure-de-justice-25-fevrier-2026-n-2022-00978\/"},"modified":"2026-04-15T08:12:42","modified_gmt":"2026-04-15T06:12:42","slug":"cour-superieure-de-justice-25-fevrier-2026-n-2022-00978","status":"publish","type":"kji_decision","link":"https:\/\/kohenavocats.com\/zh-hans\/jurisprudences\/cour-superieure-de-justice-25-fevrier-2026-n-2022-00978\/","title":{"rendered":"Cour sup\u00e9rieure de justice, 25 f\u00e9vrier 2026, n\u00b0 2022-00978"},"content":{"rendered":"<div class=\"kji-decision\">\n<div class=\"kji-full-text\">\n<p>Arr\u00eat N\u00b047\/26-I\u2013CIV Arr\u00eat civil Audience publique duvingt-cinq f\u00e9vrierdeux millevingt-six Num\u00e9roCAL-2022-00978du r\u00f4le Composition: Chantal GLOD, pr\u00e9sident de chambre, Fran\u00e7oise SCHANEN, premier conseiller, Antoine SCHAUS, conseiller, Sheila WIRTGEN, greffier. E n t r e : PERSONNE1.), demeurant \u00e0 L-ADRESSE1.), appelant aux termes d\u2019un exploit de l\u2019huissier de justiceGeoffrey GALL\u00c9de Luxembourg du 27 juin 2022, comparant par Ma\u00eetre SibelDEMIR, avocat \u00e0 la Cour, demeurant \u00e0 Luxembourg, e t PERSONNE2.), demeurant \u00e0 L-ADRESSE2.), intim\u00e9e aux fins du susdit exploitGALL\u00c9, comparantpar Ma\u00eetre Monique WIRION, avocat \u00e0 la Cour, demeurant \u00e0 Luxembourg. &#8212;&#8212;&#8212;&#8212;&#8212;&#8212;&#8212;&#8212;&#8212;&#8212;<\/p>\n<p>2 L A C O U R D \u2019 A P P E L Vu l\u2019arr\u00eat de la Cour d\u2019appel du20 d\u00e9cembre 2023ayant: -re\u00e7u l\u2019appel en la forme, avanttout autre progr\u00e8s en cause, -nomm\u00e9 expert,PERSONNE3.),SOCIETE1.), L-ADRESSE3.), avec la mission de concilier les parties si faire ce peut, sinon d\u2019\u00e9valuer dans un rapport \u00e9crit, motiv\u00e9 et d\u00e9taill\u00e9 l\u2019immeuble sis \u00e0 L-ADRESSE4.), -dit que l\u2019\u00e9valuation prendra en compte la valeur du susdit immeuble sur le march\u00e9 immobilier \u00e0 la date du partage, le 16 avril 2015, compte tenu \u00e9galement de l\u2019\u00e9tat dudit immeuble \u00e0 cette date, -dit quePERSONNE1.)est tenu de verser pour le 1 er f\u00e9vrier 2024 au plus tard une provision de 1.000 euros \u00e0 l\u2019expert \u00e0 valoir sur la r\u00e9mun\u00e9ration de celui-ci et d\u2019en justifier au greffe de la Cour sous peine de poursuite de l&#039;instance selon les dispositions de l\u2019article 468 du Nouveau Code de proc\u00e9dure civile, -dit que l\u2019expert devra en toutes circonstances informer la Cour de la date de ses op\u00e9rations, de l&#039;\u00e9tat desdites op\u00e9rations et des difficult\u00e9s qu&#039;il pourra rencontrer, -dit que si ses frais et honoraires devaient consid\u00e9rablement d\u00e9passer le montant de la provision, il devra en avertir la Cour et ne continuer ses op\u00e9rations qu&#039;apr\u00e8s versement d&#039;une provision suppl\u00e9mentaire, -dit que l\u2019expert devra d\u00e9poser son rapport au greffe de la Cour le 1 er avril 2024 au plus tard, -charg\u00e9 Madame le conseillerPERSONNE0.)de surveiller l\u2019ex\u00e9cution de la mesure d\u2019instruction ordonn\u00e9e, -dit que l\u2019instruction de l\u2019affaire sera poursuivie sous la surveillance du magistrat de la mise en \u00e9tat, -dit qu\u2019en cas d\u2019emp\u00eachement du magistrat d\u00e9sign\u00e9, il sera proc\u00e9d\u00e9 \u00e0 son remplacement par simple ordonnance de Madame la pr\u00e9sidente de chambre, -r\u00e9serv\u00e9 le surplus. Il y a lieu de renvoyer \u00e0 l\u2019arr\u00eat pr\u00e9cit\u00e9 en ce qui concerne lesfaits et r\u00e9troactes de la proc\u00e9dure. Vu le rapport d\u2019expertiseduSOCIETE1.)d\u00e9pos\u00e9 le 15 novembre 2024 qui a retenu \u00e0 la date du 16 avril 2015 une valeur globale de l\u2019immeuble sis\u00e0L- ADRESSE2.), de 940.000 euros.<\/p>\n<p>3 Suite au rapport d\u2019expertise,PERSONNE2.)demande la confirmation du jugement du4 mai 2022et la condamnation dePERSONNE1.)\u00e0 lui payer une indemnit\u00e9 de proc\u00e9dure de 5.000 euros pour l\u2019instance d\u2019appel sur base de l\u2019article 240 du Nouveau Code de proc\u00e9dure civile. Dans ses conclusions d\u00e9pos\u00e9es le 29 septembre 2025,PERSONNE1.) indique qu\u2019il\u00abprend note des valeurs reprises par l\u2019expert pour d\u00e9terminer la valeur au jour du partage, soit le 16 avril 2015\u00bbet\u00abque sur cette base, il n\u2019entend plus maintenir sa demande en r\u00e9formation du jugement du 27 juin 2022 et qu\u2019il renonce partant \u00e0 l\u2019ensemble de ses demandes\u00bb. Suite \u00e0 ces conclusions,PERSONNE2.)n\u2019a plus pris position. CommePERSONNE1.)accepte les valeurs reprises par l\u2019expert pour calculer la valeur de l\u2019immeuble au 16 avril 2015 et ne maintient plus sa demande en r\u00e9formation du jugement du4 mai 2022,il y a lieu de d\u00e9clarer non fond\u00e9 l\u2019appel dePERSONNE1.)introduit par exploit d\u2019huissier du 27 juin 2022 et de confirmer le jugement n\u00b0 2022TALCH8\/00076 du 4 mai 2022 dans toute sa teneur. Accessoires PERSONNE1.)demande d\u2019\u00eatre d\u00e9charg\u00e9 du paiement de l\u2019indemnit\u00e9 de proc\u00e9dure de 1.000 euros pour la premi\u00e8re instance et il demande la condamnation dePERSONNE2.)\u00e0 lui payer une indemnit\u00e9 de proc\u00e9dure de 1.000 euros sur base de l\u2019article 240 du Nouveau Code de proc\u00e9dure civile. Au vu de l\u2019issue du litige,et notamment au vu de la renonciation de PERSONNE1.)\u00e0son appel,il y a lieu de d\u00e9clarer non fond\u00e9es les demandes dePERSONNE1.)au titre des indemnit\u00e9s de proc\u00e9dure. PERSONNE2.)demande la condamnation dePERSONNE1.)\u00e0 lui payer une indemnit\u00e9 de proc\u00e9dure de 5.000 euros sur base de l\u2019article 240 du Nouveau Code de proc\u00e9dure civile. Elle justifie cette demande par l\u2019attitude proc\u00e9durale dePERSONNE1.)qui se serait litt\u00e9ralement acharn\u00e9 contre elle et aurait intent\u00e9la pr\u00e9sente proc\u00e9dureuniquement pour lui faire peur. PERSONNE1.)aurait voulu faire undealconsistant \u00e0 cequ\u2019ellerenonce\u00e0 sa demande en paiement des pensions alimentaires auxquelles PERSONNE1.)a \u00e9t\u00e9 condamn\u00e9 et de son c\u00f4t\u00e9, en contrepartie d\u2019une renonciation\u00e0 la pr\u00e9sente affaire. L\u2019appelantaurait en outre laiss\u00e9 trainer l\u2019affaire,n\u2019enr\u00f4lant m\u00eame pas son appel. La Cour constate quePERSONNE1.)a mis environ seize mois entre l\u2019obtention du rapportd\u2019expertiseet la prise de d\u00e9cision de mettre fin au pr\u00e9sent litige et qu\u2019il a fait laisser trainer la proc\u00e9dure en ne d\u00e9posant pas ses conclusionsdans le temps imparti. Au vu del\u2019issue du litige etdel\u2019attitude dePERSONNE1.)durant la proc\u00e9dure,il appara\u00eet injuste de laisser \u00e0 charge dePERSONNE2.) l\u2019enti\u00e8ret\u00e9 des frais de sa repr\u00e9sentation en justice,de sorte qu\u2019il y a lieu de<\/p>\n<p>4 d\u00e9clarer fond\u00e9e la demande dePERSONNE2.)\u00e0 concurrence de 2.500 euros. Il y a partant lieu de condamnerPERSONNE1.)\u00e0 payer \u00e0PERSONNE2.) une indemnit\u00e9 de proc\u00e9dure de 2.500 euros sur base de l\u2019article 240 du Nouveau Code de proc\u00e9dure civile. Au vu de l\u2019issue du litige,il y a lieu de condamnerPERSONNE1.)aux frais et d\u00e9pens de l\u2019instance d\u2019appel. P A R C E S M O T I F S laCour d\u2019appel, premi\u00e8re chambre, si\u00e9geant en mati\u00e8re civile, statuant contradictoirement, statuant en continuation de l\u2019arr\u00eat N\u00b0271\/23 du 20 d\u00e9cembre 2023, dit recevable mais non fond\u00e9 l\u2019appel dePERSONNE1.), confirme le jugement n\u00b0 2022TALCH08\/00076 du 4 mai 2022, dit recevables,mais non fond\u00e9eslesdemandesdePERSONNE1.)en relation avec les indemnit\u00e9sde proc\u00e9duresur base de l\u2019article 240 du Nouveau Code de proc\u00e9dure civile, condamnePERSONNE1.)\u00e0 payer \u00e0PERSONNE2.)une indemnit\u00e9 de proc\u00e9dure de 2.500 euros sur base de l\u2019article 240 du Nouveau Code de proc\u00e9dure civile, condamnePERSONNE1.)aux frais et d\u00e9pensde l\u2019instanceet en ordonne la distraction au profit de Ma\u00eetre Monique WIRION, avocat \u00e0 la Cour, qui la demande affirmant en avoir fait l\u2019avance.<\/p>\n<\/div>\n<hr class=\"kji-sep\" \/>\n<p class=\"kji-source-links\"><strong>Sources officielles :<\/strong> <a class=\"kji-source-link\" href=\"https:\/\/data.public.lu\/fr\/datasets\/cour-superieure-de-justice-1e-chambre\/\" target=\"_blank\" rel=\"noopener noreferrer\">consulter la page source<\/a> &middot; <a class=\"kji-pdf-link\" href=\"https:\/\/download.data.public.lu\/resources\/cour-superieure-de-justice-1e-chambre\/20260309-000025\/20260225-cach01-cal-2022-00978-pseudonymise-accessible.pdf\" target=\"_blank\" rel=\"noopener noreferrer\">PDF officiel<\/a><\/p>\n<p class=\"kji-license-note\"><em>Licence CC BY-ND 4.0 (Administration judiciaire, data.public.lu). Republication autorisee avec attribution, sans modification editoriale du texte integral.<\/em><\/p>\n<\/div>\n","protected":false},"excerpt":{"rendered":"<p>Arr\u00eat N\u00b047\/26-I\u2013CIV Arr\u00eat civil Audience publique duvingt-cinq f\u00e9vrierdeux millevingt-six Num\u00e9roCAL-2022-00978du r\u00f4le Composition: Chantal GLOD, pr\u00e9sident de chambre, Fran\u00e7oise SCHANEN, premier conseiller, Antoine SCHAUS, conseiller, Sheila WIRTGEN, greffier. E n t r e : PERSONNE1.), demeurant \u00e0 L-ADRESSE1.), appelant aux termes d\u2019un exploit de l\u2019huissier de\u2026<\/p>\n","protected":false},"featured_media":0,"template":"","meta":{"_crdt_document":""},"kji_country":[8418],"kji_court":[12305],"kji_chamber":[12306],"kji_year":[7610],"kji_subject":[7724],"kji_keyword":[8683,8457,12308,9055,12307],"kji_language":[7733],"class_list":["post-566151","kji_decision","type-kji_decision","status-publish","hentry","kji_country-luxembourg","kji_court-cour-superieure-de-justice","kji_chamber-1e-chambre","kji_year-7610","kji_subject-civil","kji_keyword-arret","kji_keyword-fevrier","kji_keyword-i-civ","kji_keyword-justice","kji_keyword-superieure","kji_language-francais"],"yoast_head":"<!-- This site is optimized with the Yoast SEO Premium plugin v27.5 (Yoast SEO v27.5) - https:\/\/yoast.com\/product\/yoast-seo-premium-wordpress\/ -->\n<title>Cour sup\u00e9rieure de justice, 25 f\u00e9vrier 2026, n\u00b0 2022-00978 - Ma\u00eetre Hassan Kohen, avocat en droit p\u00e9nal \u00e0 Paris<\/title>\n<meta name=\"robots\" content=\"index, follow, max-snippet:-1, max-image-preview:large, max-video-preview:-1\" \/>\n<link rel=\"canonical\" href=\"https:\/\/kohenavocats.com\/zh-hans\/jurisprudences\/cour-superieure-de-justice-25-fevrier-2026-n-2022-00978\/\" \/>\n<meta property=\"og:locale\" content=\"zh_CN\" \/>\n<meta property=\"og:type\" content=\"article\" \/>\n<meta property=\"og:title\" content=\"Cour sup\u00e9rieure de justice, 25 f\u00e9vrier 2026, n\u00b0 2022-00978\" \/>\n<meta property=\"og:description\" content=\"Arr\u00eat N\u00b047\/26-I\u2013CIV Arr\u00eat civil Audience publique duvingt-cinq f\u00e9vrierdeux millevingt-six Num\u00e9roCAL-2022-00978du r\u00f4le Composition: Chantal GLOD, pr\u00e9sident de chambre, Fran\u00e7oise SCHANEN, premier conseiller, Antoine SCHAUS, conseiller, Sheila WIRTGEN, greffier. E n t r e : PERSONNE1.), demeurant \u00e0 L-ADRESSE1.), appelant aux termes d\u2019un exploit de l\u2019huissier de\u2026\" \/>\n<meta property=\"og:url\" content=\"https:\/\/kohenavocats.com\/zh-hans\/jurisprudences\/cour-superieure-de-justice-25-fevrier-2026-n-2022-00978\/\" \/>\n<meta property=\"og:site_name\" content=\"Ma\u00eetre Hassan Kohen, avocat en droit p\u00e9nal \u00e0 Paris\" \/>\n<meta property=\"article:modified_time\" content=\"2026-04-15T06:12:42+00:00\" \/>\n<meta name=\"twitter:card\" content=\"summary_large_image\" \/>\n<meta name=\"twitter:label1\" content=\"\u9884\u8ba1\u9605\u8bfb\u65f6\u95f4\" \/>\n\t<meta name=\"twitter:data1\" content=\"6 \u5206\" \/>\n<script type=\"application\/ld+json\" class=\"yoast-schema-graph\">{\"@context\":\"https:\\\/\\\/schema.org\",\"@graph\":[{\"@type\":\"WebPage\",\"@id\":\"https:\\\/\\\/kohenavocats.com\\\/zh-hans\\\/jurisprudences\\\/cour-superieure-de-justice-25-fevrier-2026-n-2022-00978\\\/\",\"url\":\"https:\\\/\\\/kohenavocats.com\\\/zh-hans\\\/jurisprudences\\\/cour-superieure-de-justice-25-fevrier-2026-n-2022-00978\\\/\",\"name\":\"Cour sup\u00e9rieure de justice, 25 f\u00e9vrier 2026, n\u00b0 2022-00978 - Ma\u00eetre Hassan Kohen, avocat en droit p\u00e9nal \u00e0 Paris\",\"isPartOf\":{\"@id\":\"https:\\\/\\\/kohenavocats.com\\\/zh-hans\\\/#website\"},\"datePublished\":\"2026-04-15T06:12:39+00:00\",\"dateModified\":\"2026-04-15T06:12:42+00:00\",\"breadcrumb\":{\"@id\":\"https:\\\/\\\/kohenavocats.com\\\/zh-hans\\\/jurisprudences\\\/cour-superieure-de-justice-25-fevrier-2026-n-2022-00978\\\/#breadcrumb\"},\"inLanguage\":\"zh-Hans\",\"potentialAction\":[{\"@type\":\"ReadAction\",\"target\":[\"https:\\\/\\\/kohenavocats.com\\\/zh-hans\\\/jurisprudences\\\/cour-superieure-de-justice-25-fevrier-2026-n-2022-00978\\\/\"]}]},{\"@type\":\"BreadcrumbList\",\"@id\":\"https:\\\/\\\/kohenavocats.com\\\/zh-hans\\\/jurisprudences\\\/cour-superieure-de-justice-25-fevrier-2026-n-2022-00978\\\/#breadcrumb\",\"itemListElement\":[{\"@type\":\"ListItem\",\"position\":1,\"name\":\"Home\",\"item\":\"https:\\\/\\\/kohenavocats.com\\\/zh-hans\\\/\"},{\"@type\":\"ListItem\",\"position\":2,\"name\":\"Jurisprudences\",\"item\":\"https:\\\/\\\/kohenavocats.com\\\/zh-hans\\\/jurisprudences\\\/\"},{\"@type\":\"ListItem\",\"position\":3,\"name\":\"Cour sup\u00e9rieure de justice, 25 f\u00e9vrier 2026, n\u00b0 2022-00978\"}]},{\"@type\":\"WebSite\",\"@id\":\"https:\\\/\\\/kohenavocats.com\\\/zh-hans\\\/#website\",\"url\":\"https:\\\/\\\/kohenavocats.com\\\/zh-hans\\\/\",\"name\":\"Kohen Avocats\",\"description\":\"Ma\u00eetre Hassan Kohen, avocat p\u00e9naliste \u00e0 Paris, intervient exclusivement en droit p\u00e9nal pour la d\u00e9fense des particuliers, notamment en mati\u00e8re d\u2019accusations de viol. Il assure un accompagnement rigoureux d\u00e8s la garde \u00e0 vue jusqu\u2019\u00e0 la Cour d\u2019assises, veillant au strict respect des garanties proc\u00e9durales.\",\"publisher\":{\"@id\":\"https:\\\/\\\/kohenavocats.com\\\/zh-hans\\\/#organization\"},\"potentialAction\":[{\"@type\":\"SearchAction\",\"target\":{\"@type\":\"EntryPoint\",\"urlTemplate\":\"https:\\\/\\\/kohenavocats.com\\\/zh-hans\\\/?s={search_term_string}\"},\"query-input\":{\"@type\":\"PropertyValueSpecification\",\"valueRequired\":true,\"valueName\":\"search_term_string\"}}],\"inLanguage\":\"zh-Hans\"},{\"@type\":\"Organization\",\"@id\":\"https:\\\/\\\/kohenavocats.com\\\/zh-hans\\\/#organization\",\"name\":\"Kohen Avocats\",\"url\":\"https:\\\/\\\/kohenavocats.com\\\/zh-hans\\\/\",\"logo\":{\"@type\":\"ImageObject\",\"inLanguage\":\"zh-Hans\",\"@id\":\"https:\\\/\\\/kohenavocats.com\\\/zh-hans\\\/#\\\/schema\\\/logo\\\/image\\\/\",\"url\":\"https:\\\/\\\/kohenavocats.com\\\/wp-content\\\/uploads\\\/2026\\\/01\\\/Logo-2-1.webp\",\"contentUrl\":\"https:\\\/\\\/kohenavocats.com\\\/wp-content\\\/uploads\\\/2026\\\/01\\\/Logo-2-1.webp\",\"width\":2114,\"height\":1253,\"caption\":\"Kohen Avocats\"},\"image\":{\"@id\":\"https:\\\/\\\/kohenavocats.com\\\/zh-hans\\\/#\\\/schema\\\/logo\\\/image\\\/\"}}]}<\/script>\n<!-- \/ Yoast SEO Premium plugin. -->","yoast_head_json":{"title":"Cour sup\u00e9rieure de justice, 25 f\u00e9vrier 2026, n\u00b0 2022-00978 - Ma\u00eetre Hassan Kohen, avocat en droit p\u00e9nal \u00e0 Paris","robots":{"index":"index","follow":"follow","max-snippet":"max-snippet:-1","max-image-preview":"max-image-preview:large","max-video-preview":"max-video-preview:-1"},"canonical":"https:\/\/kohenavocats.com\/zh-hans\/jurisprudences\/cour-superieure-de-justice-25-fevrier-2026-n-2022-00978\/","og_locale":"zh_CN","og_type":"article","og_title":"Cour sup\u00e9rieure de justice, 25 f\u00e9vrier 2026, n\u00b0 2022-00978","og_description":"Arr\u00eat N\u00b047\/26-I\u2013CIV Arr\u00eat civil Audience publique duvingt-cinq f\u00e9vrierdeux millevingt-six Num\u00e9roCAL-2022-00978du r\u00f4le Composition: Chantal GLOD, pr\u00e9sident de chambre, Fran\u00e7oise SCHANEN, premier conseiller, Antoine SCHAUS, conseiller, Sheila WIRTGEN, greffier. E n t r e : PERSONNE1.), demeurant \u00e0 L-ADRESSE1.), appelant aux termes d\u2019un exploit de l\u2019huissier de\u2026","og_url":"https:\/\/kohenavocats.com\/zh-hans\/jurisprudences\/cour-superieure-de-justice-25-fevrier-2026-n-2022-00978\/","og_site_name":"Ma\u00eetre Hassan Kohen, avocat en droit p\u00e9nal \u00e0 Paris","article_modified_time":"2026-04-15T06:12:42+00:00","twitter_card":"summary_large_image","twitter_misc":{"\u9884\u8ba1\u9605\u8bfb\u65f6\u95f4":"6 \u5206"},"schema":{"@context":"https:\/\/schema.org","@graph":[{"@type":"WebPage","@id":"https:\/\/kohenavocats.com\/zh-hans\/jurisprudences\/cour-superieure-de-justice-25-fevrier-2026-n-2022-00978\/","url":"https:\/\/kohenavocats.com\/zh-hans\/jurisprudences\/cour-superieure-de-justice-25-fevrier-2026-n-2022-00978\/","name":"Cour sup\u00e9rieure de justice, 25 f\u00e9vrier 2026, n\u00b0 2022-00978 - Ma\u00eetre Hassan Kohen, avocat en droit p\u00e9nal \u00e0 Paris","isPartOf":{"@id":"https:\/\/kohenavocats.com\/zh-hans\/#website"},"datePublished":"2026-04-15T06:12:39+00:00","dateModified":"2026-04-15T06:12:42+00:00","breadcrumb":{"@id":"https:\/\/kohenavocats.com\/zh-hans\/jurisprudences\/cour-superieure-de-justice-25-fevrier-2026-n-2022-00978\/#breadcrumb"},"inLanguage":"zh-Hans","potentialAction":[{"@type":"ReadAction","target":["https:\/\/kohenavocats.com\/zh-hans\/jurisprudences\/cour-superieure-de-justice-25-fevrier-2026-n-2022-00978\/"]}]},{"@type":"BreadcrumbList","@id":"https:\/\/kohenavocats.com\/zh-hans\/jurisprudences\/cour-superieure-de-justice-25-fevrier-2026-n-2022-00978\/#breadcrumb","itemListElement":[{"@type":"ListItem","position":1,"name":"Home","item":"https:\/\/kohenavocats.com\/zh-hans\/"},{"@type":"ListItem","position":2,"name":"Jurisprudences","item":"https:\/\/kohenavocats.com\/zh-hans\/jurisprudences\/"},{"@type":"ListItem","position":3,"name":"Cour sup\u00e9rieure de justice, 25 f\u00e9vrier 2026, n\u00b0 2022-00978"}]},{"@type":"WebSite","@id":"https:\/\/kohenavocats.com\/zh-hans\/#website","url":"https:\/\/kohenavocats.com\/zh-hans\/","name":"Kohen Avocats","description":"Ma\u00eetre Hassan Kohen, avocat p\u00e9naliste \u00e0 Paris, intervient exclusivement en droit p\u00e9nal pour la d\u00e9fense des particuliers, notamment en mati\u00e8re d\u2019accusations de viol. Il assure un accompagnement rigoureux d\u00e8s la garde \u00e0 vue jusqu\u2019\u00e0 la Cour d\u2019assises, veillant au strict respect des garanties proc\u00e9durales.","publisher":{"@id":"https:\/\/kohenavocats.com\/zh-hans\/#organization"},"potentialAction":[{"@type":"SearchAction","target":{"@type":"EntryPoint","urlTemplate":"https:\/\/kohenavocats.com\/zh-hans\/?s={search_term_string}"},"query-input":{"@type":"PropertyValueSpecification","valueRequired":true,"valueName":"search_term_string"}}],"inLanguage":"zh-Hans"},{"@type":"Organization","@id":"https:\/\/kohenavocats.com\/zh-hans\/#organization","name":"Kohen Avocats","url":"https:\/\/kohenavocats.com\/zh-hans\/","logo":{"@type":"ImageObject","inLanguage":"zh-Hans","@id":"https:\/\/kohenavocats.com\/zh-hans\/#\/schema\/logo\/image\/","url":"https:\/\/kohenavocats.com\/wp-content\/uploads\/2026\/01\/Logo-2-1.webp","contentUrl":"https:\/\/kohenavocats.com\/wp-content\/uploads\/2026\/01\/Logo-2-1.webp","width":2114,"height":1253,"caption":"Kohen Avocats"},"image":{"@id":"https:\/\/kohenavocats.com\/zh-hans\/#\/schema\/logo\/image\/"}}]}},"jetpack_likes_enabled":false,"jetpack_sharing_enabled":true,"_links":{"self":[{"href":"https:\/\/kohenavocats.com\/zh-hans\/wp-json\/wp\/v2\/kji_decision\/566151","targetHints":{"allow":["GET"]}}],"collection":[{"href":"https:\/\/kohenavocats.com\/zh-hans\/wp-json\/wp\/v2\/kji_decision"}],"about":[{"href":"https:\/\/kohenavocats.com\/zh-hans\/wp-json\/wp\/v2\/types\/kji_decision"}],"wp:attachment":[{"href":"https:\/\/kohenavocats.com\/zh-hans\/wp-json\/wp\/v2\/media?parent=566151"}],"wp:term":[{"taxonomy":"kji_country","embeddable":true,"href":"https:\/\/kohenavocats.com\/zh-hans\/wp-json\/wp\/v2\/kji_country?post=566151"},{"taxonomy":"kji_court","embeddable":true,"href":"https:\/\/kohenavocats.com\/zh-hans\/wp-json\/wp\/v2\/kji_court?post=566151"},{"taxonomy":"kji_chamber","embeddable":true,"href":"https:\/\/kohenavocats.com\/zh-hans\/wp-json\/wp\/v2\/kji_chamber?post=566151"},{"taxonomy":"kji_year","embeddable":true,"href":"https:\/\/kohenavocats.com\/zh-hans\/wp-json\/wp\/v2\/kji_year?post=566151"},{"taxonomy":"kji_subject","embeddable":true,"href":"https:\/\/kohenavocats.com\/zh-hans\/wp-json\/wp\/v2\/kji_subject?post=566151"},{"taxonomy":"kji_keyword","embeddable":true,"href":"https:\/\/kohenavocats.com\/zh-hans\/wp-json\/wp\/v2\/kji_keyword?post=566151"},{"taxonomy":"kji_language","embeddable":true,"href":"https:\/\/kohenavocats.com\/zh-hans\/wp-json\/wp\/v2\/kji_language?post=566151"}],"curies":[{"name":"wp","href":"https:\/\/api.w.org\/{rel}","templated":true}]}}