{"id":566850,"date":"2026-04-15T09:45:25","date_gmt":"2026-04-15T07:45:25","guid":{"rendered":"https:\/\/kohenavocats.com\/jurisprudences\/tribunal-federal-suisse-5-janvier-2026-n-5a-1044-2025\/"},"modified":"2026-04-15T09:45:25","modified_gmt":"2026-04-15T07:45:25","slug":"tribunal-federal-suisse-5-janvier-2026-n-5a-1044-2025","status":"publish","type":"kji_decision","link":"https:\/\/kohenavocats.com\/zh-hans\/jurisprudences\/tribunal-federal-suisse-5-janvier-2026-n-5a-1044-2025\/","title":{"rendered":"Tribunal f\u00e9d\u00e9ral suisse, 5 janvier 2026, n\u00b0 5A 1044-2025"},"content":{"rendered":"<div class=\"kji-decision\">\n<div class=\"kji-full-text\">\n<p>Bundesgericht<\/p>\n<p>Tribunal f\u00e9d\u00e9ral<\/p>\n<p>Tribunale federale<\/p>\n<p>Tribunal federal<\/p>\n<p>5A_1044\/2025<\/p>\n<p>Arr\u00eat du 5 janvier 2026<\/p>\n<p>IIe Cour de droit civil<\/p>\n<p>Composition<\/p>\n<p>M. le Juge f\u00e9d\u00e9ral Bovey, Pr\u00e9sident.<\/p>\n<p>Greffi\u00e8re : Mme Hildbrand.<\/p>\n<p>Participants \u00e0 la proc\u00e9dure<\/p>\n<p>A.________,<\/p>\n<p>recourante,<\/p>\n<p>contre<\/p>\n<p>B.________,<\/p>\n<p>intim\u00e9.<\/p>\n<p>Objet<\/p>\n<p>mesures provisionnelles (protection de la personnalit\u00e9; irrecevabilit\u00e9 manifeste de l&#039;appel),<\/p>\n<p>recours contre l&#039;arr\u00eat du Tribunal cantonal du canton du Valais, Cour civile II, du 26 novembre 2025 (C1 25 250).<\/p>\n<p>Consid\u00e9rant en fait et en droit :<\/p>\n<p>1.<\/p>\n<p>Par arr\u00eat du 26 novembre 2025, la Cour civile II du Tribunal cantonal du canton du Valais (ci-apr\u00e8s: Cour civile) a d\u00e9clar\u00e9 irrecevable l&#039;appel form\u00e9 par A.________ contre la d\u00e9cision de mesures provisionnelles du 14 novembre 2025 de la juge du district de Sion (ci-apr\u00e8s: juge de district) rejetant sa requ\u00eate en protection de la personnalit\u00e9 dirig\u00e9e contre B.________.<\/p>\n<p>2.<\/p>\n<p>Par acte du 1 er d\u00e9cembre 2025 et ses compl\u00e9ments des 4, 9, 11, 15, 18 et 22 d\u00e9cembre 2025, A.________ d\u00e9clare former un recours contre l&#039;arr\u00eat du 26 novembre 2025.<\/p>\n<p>3.<\/p>\n<p>L&#039;\u00e9criture de la recourante est trait\u00e9e comme un recours en mati\u00e8re civile au sens de l&#039;art. 72 al. 1 LTF. Il est superflu de discuter les autres conditions de recevabilit\u00e9, ce proc\u00e9d\u00e9 \u00e9tant vou\u00e9 \u00e0 l&#039;\u00e9chec.<\/p>\n<p>4.<\/p>\n<p>4.1. La d\u00e9cision attaqu\u00e9e porte sur des mesures provisionnelles au sens de l&#039;art. 98 LTF, si bien que le recourant ne peut d\u00e9noncer que la violation de ses droits constitutionnels. Le Tribunal f\u00e9d\u00e9ral n&#039;examine de tels griefs que s&#039;ils ont \u00e9t\u00e9 invoqu\u00e9s et motiv\u00e9s par le recourant (&quot;principe d&#039;all\u00e9gation&quot;; art. 106 al. 2 LTF), c&#039;est-\u00e0-dire s&#039;ils ont \u00e9t\u00e9 express\u00e9ment soulev\u00e9s et expos\u00e9s de mani\u00e8re claire et d\u00e9taill\u00e9e (ATF 146 IV 114 consid. 2.1; 144 II 313 consid. 5.1). Partant, le recourant ne peut se borner \u00e0 critiquer la d\u00e9cision attaqu\u00e9e comme il le ferait en proc\u00e9dure d&#039;appel, o\u00f9 l&#039;autorit\u00e9 de recours jouit d&#039;une libre cognition, notamment en se contentant d&#039;opposer sa th\u00e8se \u00e0 celle de l&#039;autorit\u00e9 pr\u00e9c\u00e9dente; les critiques de nature appellatoire sont irrecevables (ATF 142 III 364 consid. 2.4).<\/p>\n<p>4.2. Le Tribunal f\u00e9d\u00e9ral statue sur la base des faits \u00e9tablis par l&#039;autorit\u00e9 pr\u00e9c\u00e9dente (art. 105 al. 1 LTF). Dans l&#039;hypoth\u00e8se d&#039;un recours soumis \u00e0 l&#039;art. 98 LTF, le recourant qui entend invoquer que les faits ont \u00e9t\u00e9 \u00e9tablis de mani\u00e8re manifestement inexacte ne peut obtenir la rectification ou le compl\u00e8tement des constatations de fait de l&#039;arr\u00eat cantonal que s&#039;il d\u00e9montre la violation de droits constitutionnels, conform\u00e9ment au principe d&#039;all\u00e9gation susmentionn\u00e9 (cf. supra consid. 4.1). Le recourant ne peut se limiter \u00e0 contredire les constatations litigieuses par ses propres all\u00e9gations ou par l&#039;expos\u00e9 de sa propre appr\u00e9ciation des preuves; il doit indiquer de fa\u00e7on pr\u00e9cise en quoi ces constatations sont arbitraires au sens de l&#039;art. 9 Cst. (ATF 147 I 73 consid. 2.2; 133 II 249 consid. 1.4.3). Une critique des faits qui ne satisfait pas \u00e0 cette exigence est irrecevable (art. 106 al. 2 LTF; ATF 145 IV 154 consid. 1.1; 140 III 264 consid. 2.3).<\/p>\n<p>5.<\/p>\n<p>La Cour civile a rappel\u00e9 que la juge de district avait rejet\u00e9 la requ\u00eate de mesures urgentes en protection de la personnalit\u00e9 form\u00e9e par la recourante au motif qu&#039;aucun \u00e9l\u00e9ment au dossier ne permettait de rendre vraisemblable que l&#039;intim\u00e9 \u00e9tait \u00e0 l&#039;origine de la cr\u00e9ation des comptes qui s&#039;\u00e9taient abonn\u00e9s notamment aux pages TikTok et Instagram de la recourante et &quot;likeraient&quot; ses publications, respectivement lui enverraient des messages. La juge de district avait ajout\u00e9 qu&#039;en tout \u00e9tat de cause, les messages en question ne comportaient aucune menace et n&#039;apparaissaient pas de nature \u00e0 repr\u00e9senter un risque pour la s\u00e9curit\u00e9 physique ou psychique de la recourante, consid\u00e9rant ainsi que cette derni\u00e8re avait \u00e9chou\u00e9 \u00e0 rendre vraisemblable le fait que l&#039;atteinte subie risquait de lui causer un pr\u00e9judice difficilement r\u00e9parable n\u00e9cessitant des mesures de protection imm\u00e9diate (art. 261 al. 1 let. b CPC). La premi\u00e8re juge avait \u00e9galement relev\u00e9 que les violences conjugales dont la recourante avait \u00e9t\u00e9 victime de la part de l&#039;intim\u00e9 (et pour lesquelles ce dernier avait \u00e9t\u00e9 condamn\u00e9 p\u00e9nalement), s&#039;\u00e9taient d\u00e9roul\u00e9es du temps de Ia vie commune, voire au plus tard au mois de juin 2024, sans qu&#039;elle ne fasse \u00e9tat depuis lors d&#039;aucune atteinte \u00e0 sa personnalit\u00e9 de Ia part de l&#039;intim\u00e9, outre celle en lien avec son activit\u00e9 sur les r\u00e9seaux sociaux.<\/p>\n<p>La Cour civile a retenu que la recourante laissait intacte cette motivation, se bornant \u00e0 r\u00e9p\u00e9ter que l&#039;intim\u00e9, avec l&#039;aide de trois complices, se livrerait \u00e0 son \u00e9gard \u00e0 un &quot;harc\u00e8lement obsessionnel incessant&quot; au moyen de &quot;profils fant\u00f4mes&quot; sur les r\u00e9seaux sociaux, produisant \u00e0 cet \u00e9gard de nombreuses captures d&#039;\u00e9cran suppos\u00e9es en attester. Elle rappelait \u00e9galement avoir \u00e9t\u00e9 victime de violences conjugales de sa part par le pass\u00e9 et disait craindre pour sa vie et celle de sa fille. Ce faisant, elle se limitait \u00e0 exposer, de mani\u00e8re g\u00e9n\u00e9rale et peu \u00e9tay\u00e9e, des \u00e9l\u00e9ments dont il avait d\u00e9j\u00e0 \u00e9t\u00e9 tenu compte dans Ia d\u00e9cision querell\u00e9e, sans critiquer ni remettre en cause les motifs pr\u00e9cis pour lesquels la premi\u00e8re juge avait rejet\u00e9 les mesures sollicit\u00e9es. Faute de s&#039;en prendre utilement au raisonnement de l&#039;autorit\u00e9 pr\u00e9c\u00e9dente, les \u00e9critures de la recourante, qui ne contenaient aucun grief susceptible de remettre en cause la conclusion \u00e0 laquelle \u00e9tait parvenue la premi\u00e8re juge, apparaissaient insuffisantes au regard des exigences de motivation, de sorte que l&#039;appel \u00e9tait manifestement irrecevable.<\/p>\n<p>6.<\/p>\n<p>Devant la Cour de c\u00e9ans, la recourante r\u00e9it\u00e8re les m\u00eames critiques que devant la Cour civile. Elle se contente ainsi de refaire l&#039;historique de sa relation avec l&#039;intim\u00e9 dont la chronologie ne laisserait selon elle aucun doute quant au fait qu&#039;il serait \u00e0 l&#039;origine du harc\u00e8lement en ligne qu&#039;elle subirait. Ce faisant, elle ne soul\u00e8ve pas le moindre grief contre le motif d&#039;irrecevabilit\u00e9 retenu par l&#039;autorit\u00e9 pr\u00e9c\u00e9dente; en particulier, elle ne soutient pas que celle-ci aurait appliqu\u00e9 arbitrairement l&#039;art. 311 al. 1 CPC (art. 106 al. 2 LTF, en relation avec l&#039;art. 9 Cst.). Il suit de ce qui pr\u00e9c\u00e8de que le recours, d\u00e9nu\u00e9 de toute motivation topique et conforme aux exigences l\u00e9gales, est irrecevable.<\/p>\n<p>7.<\/p>\n<p>En d\u00e9finitive, le recours est irrecevable faute de motivation suffisante (cf. supra consid. 4), ce qu&#039;il convient de constater par voie de proc\u00e9dure simplifi\u00e9e (art. 108 al. 1 let. b LTF). La recourante, qui succombe, supportera d\u00e8s lors les frais judiciaires (art. 66 al. 1 LTF).<\/p>\n<p>par ces motifs, le Pr\u00e9sident prononce :<\/p>\n<p>1.<\/p>\n<p>Le recours est irrecevable.<\/p>\n<p>2.<\/p>\n<p>Les frais judiciaires, arr\u00eat\u00e9s \u00e0 500 fr., sont mis \u00e0 la charge de la recourante.<\/p>\n<p>3.<\/p>\n<p>Le pr\u00e9sent arr\u00eat est communiqu\u00e9 aux parties et \u00e0 la Cour civile II du Tribunal cantonal du canton du Valais.<\/p>\n<p>Lausanne, le 5 janvier 2026<\/p>\n<p>Au nom de la IIe Cour de droit civil<\/p>\n<p>du Tribunal f\u00e9d\u00e9ral suisse<\/p>\n<p>Le Pr\u00e9sident : Bovey<\/p>\n<p>La Greffi\u00e8re : Hildbrand<\/p>\n<\/div>\n<hr class=\"kji-sep\" \/>\n<p class=\"kji-source-links\"><strong>Sources officielles :<\/strong> <a class=\"kji-source-link\" href=\"https:\/\/search.bger.ch\/ext\/eurospider\/live\/fr\/php\/aza\/http\/index.php?lang=fr&#038;type=highlight_simple_query&#038;page=9&#038;from_date=&#038;to_date=&#038;sort=relevance&#038;insertion_date=&#038;top_subcollection_aza=all&#038;query_words=intime&#038;rank=81&#038;azaclir=aza&#038;highlight_docid=aza%3A%2F%2F05-01-2026-5A_1044-2025&#038;number_of_ranks=23370\" target=\"_blank\" rel=\"noopener noreferrer\">consulter la page source<\/a><\/p>\n<p class=\"kji-license-note\"><em>Source officielle Tribunal federal suisse. Contenu HTML public, PDF non garanti en version gratuite.<\/em><\/p>\n<\/div>\n","protected":false},"excerpt":{"rendered":"<p>Bundesgericht Tribunal f\u00e9d\u00e9ral Tribunale federale Tribunal federal 5A_1044\/2025 Arr\u00eat du 5 janvier 2026 IIe Cour de droit civil Composition M. le Juge f\u00e9d\u00e9ral Bovey, Pr\u00e9sident. Greffi\u00e8re : Mme Hildbrand. Participants \u00e0 la proc\u00e9dure A.________, recourante, contre B.________, intim\u00e9. Objet mesures provisionnelles (protection de la personnalit\u00e9; irrecevabilit\u00e9 manifeste de l&#8217;appel), recours contre l&#8217;arr\u00eat du Tribunal cantonal&#8230;<\/p>\n","protected":false},"featured_media":0,"template":"","meta":{"_crdt_document":""},"kji_country":[9676],"kji_court":[9677],"kji_chamber":[9798],"kji_year":[7610],"kji_subject":[7724],"kji_keyword":[9799,9679,8460,9680,7636],"kji_language":[7733],"class_list":["post-566850","kji_decision","type-kji_decision","status-publish","hentry","kji_country-suisse","kji_court-tribunal-federal-suisse","kji_chamber-cour-de-droit-civil","kji_year-7610","kji_subject-civil","kji_keyword-bundesgericht","kji_keyword-federal","kji_keyword-janvier","kji_keyword-suisse","kji_keyword-tribunal","kji_language-francais"],"yoast_head":"<!-- This site is optimized with the Yoast SEO Premium plugin v27.4 (Yoast SEO v27.4) - https:\/\/yoast.com\/product\/yoast-seo-premium-wordpress\/ -->\n<title>Tribunal f\u00e9d\u00e9ral suisse, 5 janvier 2026, n\u00b0 5A 1044-2025 - Ma\u00eetre Hassan Kohen, avocat en droit p\u00e9nal \u00e0 Paris<\/title>\n<meta name=\"robots\" content=\"index, follow, max-snippet:-1, max-image-preview:large, max-video-preview:-1\" \/>\n<link rel=\"canonical\" href=\"https:\/\/kohenavocats.com\/zh-hans\/jurisprudences\/tribunal-federal-suisse-5-janvier-2026-n-5a-1044-2025\/\" \/>\n<meta property=\"og:locale\" content=\"zh_CN\" \/>\n<meta property=\"og:type\" content=\"article\" \/>\n<meta property=\"og:title\" content=\"Tribunal f\u00e9d\u00e9ral suisse, 5 janvier 2026, n\u00b0 5A 1044-2025\" \/>\n<meta property=\"og:description\" content=\"Bundesgericht Tribunal f\u00e9d\u00e9ral Tribunale federale Tribunal federal 5A_1044\/2025 Arr\u00eat du 5 janvier 2026 IIe Cour de droit civil Composition M. le Juge f\u00e9d\u00e9ral Bovey, Pr\u00e9sident. Greffi\u00e8re : Mme Hildbrand. Participants \u00e0 la proc\u00e9dure A.________, recourante, contre B.________, intim\u00e9. Objet mesures provisionnelles (protection de la personnalit\u00e9; irrecevabilit\u00e9 manifeste de l&#039;appel), recours contre l&#039;arr\u00eat du Tribunal cantonal...\" \/>\n<meta property=\"og:url\" content=\"https:\/\/kohenavocats.com\/zh-hans\/jurisprudences\/tribunal-federal-suisse-5-janvier-2026-n-5a-1044-2025\/\" \/>\n<meta property=\"og:site_name\" content=\"Ma\u00eetre Hassan Kohen, avocat en droit p\u00e9nal \u00e0 Paris\" \/>\n<meta name=\"twitter:card\" content=\"summary_large_image\" \/>\n<meta name=\"twitter:label1\" content=\"\u9884\u8ba1\u9605\u8bfb\u65f6\u95f4\" \/>\n\t<meta name=\"twitter:data1\" content=\"6 \u5206\" \/>\n<script type=\"application\/ld+json\" class=\"yoast-schema-graph\">{\"@context\":\"https:\\\/\\\/schema.org\",\"@graph\":[{\"@type\":\"WebPage\",\"@id\":\"https:\\\/\\\/kohenavocats.com\\\/zh-hans\\\/jurisprudences\\\/tribunal-federal-suisse-5-janvier-2026-n-5a-1044-2025\\\/\",\"url\":\"https:\\\/\\\/kohenavocats.com\\\/zh-hans\\\/jurisprudences\\\/tribunal-federal-suisse-5-janvier-2026-n-5a-1044-2025\\\/\",\"name\":\"Tribunal f\u00e9d\u00e9ral suisse, 5 janvier 2026, n\u00b0 5A 1044-2025 - Ma\u00eetre Hassan Kohen, avocat en droit p\u00e9nal \u00e0 Paris\",\"isPartOf\":{\"@id\":\"https:\\\/\\\/kohenavocats.com\\\/zh-hans\\\/#website\"},\"datePublished\":\"2026-04-15T07:45:25+00:00\",\"breadcrumb\":{\"@id\":\"https:\\\/\\\/kohenavocats.com\\\/zh-hans\\\/jurisprudences\\\/tribunal-federal-suisse-5-janvier-2026-n-5a-1044-2025\\\/#breadcrumb\"},\"inLanguage\":\"zh-Hans\",\"potentialAction\":[{\"@type\":\"ReadAction\",\"target\":[\"https:\\\/\\\/kohenavocats.com\\\/zh-hans\\\/jurisprudences\\\/tribunal-federal-suisse-5-janvier-2026-n-5a-1044-2025\\\/\"]}]},{\"@type\":\"BreadcrumbList\",\"@id\":\"https:\\\/\\\/kohenavocats.com\\\/zh-hans\\\/jurisprudences\\\/tribunal-federal-suisse-5-janvier-2026-n-5a-1044-2025\\\/#breadcrumb\",\"itemListElement\":[{\"@type\":\"ListItem\",\"position\":1,\"name\":\"Home\",\"item\":\"https:\\\/\\\/kohenavocats.com\\\/zh-hans\\\/\"},{\"@type\":\"ListItem\",\"position\":2,\"name\":\"Jurisprudences\",\"item\":\"https:\\\/\\\/kohenavocats.com\\\/zh-hans\\\/jurisprudences\\\/\"},{\"@type\":\"ListItem\",\"position\":3,\"name\":\"Tribunal f\u00e9d\u00e9ral suisse, 5 janvier 2026, n\u00b0 5A 1044-2025\"}]},{\"@type\":\"WebSite\",\"@id\":\"https:\\\/\\\/kohenavocats.com\\\/zh-hans\\\/#website\",\"url\":\"https:\\\/\\\/kohenavocats.com\\\/zh-hans\\\/\",\"name\":\"Kohen Avocats\",\"description\":\"Ma\u00eetre Hassan Kohen, avocat p\u00e9naliste \u00e0 Paris, intervient exclusivement en droit p\u00e9nal pour la d\u00e9fense des particuliers, notamment en mati\u00e8re d\u2019accusations de viol. Il assure un accompagnement rigoureux d\u00e8s la garde \u00e0 vue jusqu\u2019\u00e0 la Cour d\u2019assises, veillant au strict respect des garanties proc\u00e9durales.\",\"publisher\":{\"@id\":\"https:\\\/\\\/kohenavocats.com\\\/zh-hans\\\/#organization\"},\"potentialAction\":[{\"@type\":\"SearchAction\",\"target\":{\"@type\":\"EntryPoint\",\"urlTemplate\":\"https:\\\/\\\/kohenavocats.com\\\/zh-hans\\\/?s={search_term_string}\"},\"query-input\":{\"@type\":\"PropertyValueSpecification\",\"valueRequired\":true,\"valueName\":\"search_term_string\"}}],\"inLanguage\":\"zh-Hans\"},{\"@type\":\"Organization\",\"@id\":\"https:\\\/\\\/kohenavocats.com\\\/zh-hans\\\/#organization\",\"name\":\"Kohen Avocats\",\"url\":\"https:\\\/\\\/kohenavocats.com\\\/zh-hans\\\/\",\"logo\":{\"@type\":\"ImageObject\",\"inLanguage\":\"zh-Hans\",\"@id\":\"https:\\\/\\\/kohenavocats.com\\\/zh-hans\\\/#\\\/schema\\\/logo\\\/image\\\/\",\"url\":\"https:\\\/\\\/kohenavocats.com\\\/wp-content\\\/uploads\\\/2026\\\/01\\\/Logo-2-1.webp\",\"contentUrl\":\"https:\\\/\\\/kohenavocats.com\\\/wp-content\\\/uploads\\\/2026\\\/01\\\/Logo-2-1.webp\",\"width\":2114,\"height\":1253,\"caption\":\"Kohen Avocats\"},\"image\":{\"@id\":\"https:\\\/\\\/kohenavocats.com\\\/zh-hans\\\/#\\\/schema\\\/logo\\\/image\\\/\"}}]}<\/script>\n<!-- \/ Yoast SEO Premium plugin. -->","yoast_head_json":{"title":"Tribunal f\u00e9d\u00e9ral suisse, 5 janvier 2026, n\u00b0 5A 1044-2025 - Ma\u00eetre Hassan Kohen, avocat en droit p\u00e9nal \u00e0 Paris","robots":{"index":"index","follow":"follow","max-snippet":"max-snippet:-1","max-image-preview":"max-image-preview:large","max-video-preview":"max-video-preview:-1"},"canonical":"https:\/\/kohenavocats.com\/zh-hans\/jurisprudences\/tribunal-federal-suisse-5-janvier-2026-n-5a-1044-2025\/","og_locale":"zh_CN","og_type":"article","og_title":"Tribunal f\u00e9d\u00e9ral suisse, 5 janvier 2026, n\u00b0 5A 1044-2025","og_description":"Bundesgericht Tribunal f\u00e9d\u00e9ral Tribunale federale Tribunal federal 5A_1044\/2025 Arr\u00eat du 5 janvier 2026 IIe Cour de droit civil Composition M. le Juge f\u00e9d\u00e9ral Bovey, Pr\u00e9sident. Greffi\u00e8re : Mme Hildbrand. Participants \u00e0 la proc\u00e9dure A.________, recourante, contre B.________, intim\u00e9. Objet mesures provisionnelles (protection de la personnalit\u00e9; irrecevabilit\u00e9 manifeste de l'appel), recours contre l'arr\u00eat du Tribunal cantonal...","og_url":"https:\/\/kohenavocats.com\/zh-hans\/jurisprudences\/tribunal-federal-suisse-5-janvier-2026-n-5a-1044-2025\/","og_site_name":"Ma\u00eetre Hassan Kohen, avocat en droit p\u00e9nal \u00e0 Paris","twitter_card":"summary_large_image","twitter_misc":{"\u9884\u8ba1\u9605\u8bfb\u65f6\u95f4":"6 \u5206"},"schema":{"@context":"https:\/\/schema.org","@graph":[{"@type":"WebPage","@id":"https:\/\/kohenavocats.com\/zh-hans\/jurisprudences\/tribunal-federal-suisse-5-janvier-2026-n-5a-1044-2025\/","url":"https:\/\/kohenavocats.com\/zh-hans\/jurisprudences\/tribunal-federal-suisse-5-janvier-2026-n-5a-1044-2025\/","name":"Tribunal f\u00e9d\u00e9ral suisse, 5 janvier 2026, n\u00b0 5A 1044-2025 - Ma\u00eetre Hassan Kohen, avocat en droit p\u00e9nal \u00e0 Paris","isPartOf":{"@id":"https:\/\/kohenavocats.com\/zh-hans\/#website"},"datePublished":"2026-04-15T07:45:25+00:00","breadcrumb":{"@id":"https:\/\/kohenavocats.com\/zh-hans\/jurisprudences\/tribunal-federal-suisse-5-janvier-2026-n-5a-1044-2025\/#breadcrumb"},"inLanguage":"zh-Hans","potentialAction":[{"@type":"ReadAction","target":["https:\/\/kohenavocats.com\/zh-hans\/jurisprudences\/tribunal-federal-suisse-5-janvier-2026-n-5a-1044-2025\/"]}]},{"@type":"BreadcrumbList","@id":"https:\/\/kohenavocats.com\/zh-hans\/jurisprudences\/tribunal-federal-suisse-5-janvier-2026-n-5a-1044-2025\/#breadcrumb","itemListElement":[{"@type":"ListItem","position":1,"name":"Home","item":"https:\/\/kohenavocats.com\/zh-hans\/"},{"@type":"ListItem","position":2,"name":"Jurisprudences","item":"https:\/\/kohenavocats.com\/zh-hans\/jurisprudences\/"},{"@type":"ListItem","position":3,"name":"Tribunal f\u00e9d\u00e9ral suisse, 5 janvier 2026, n\u00b0 5A 1044-2025"}]},{"@type":"WebSite","@id":"https:\/\/kohenavocats.com\/zh-hans\/#website","url":"https:\/\/kohenavocats.com\/zh-hans\/","name":"Kohen Avocats","description":"Ma\u00eetre Hassan Kohen, avocat p\u00e9naliste \u00e0 Paris, intervient exclusivement en droit p\u00e9nal pour la d\u00e9fense des particuliers, notamment en mati\u00e8re d\u2019accusations de viol. Il assure un accompagnement rigoureux d\u00e8s la garde \u00e0 vue jusqu\u2019\u00e0 la Cour d\u2019assises, veillant au strict respect des garanties proc\u00e9durales.","publisher":{"@id":"https:\/\/kohenavocats.com\/zh-hans\/#organization"},"potentialAction":[{"@type":"SearchAction","target":{"@type":"EntryPoint","urlTemplate":"https:\/\/kohenavocats.com\/zh-hans\/?s={search_term_string}"},"query-input":{"@type":"PropertyValueSpecification","valueRequired":true,"valueName":"search_term_string"}}],"inLanguage":"zh-Hans"},{"@type":"Organization","@id":"https:\/\/kohenavocats.com\/zh-hans\/#organization","name":"Kohen Avocats","url":"https:\/\/kohenavocats.com\/zh-hans\/","logo":{"@type":"ImageObject","inLanguage":"zh-Hans","@id":"https:\/\/kohenavocats.com\/zh-hans\/#\/schema\/logo\/image\/","url":"https:\/\/kohenavocats.com\/wp-content\/uploads\/2026\/01\/Logo-2-1.webp","contentUrl":"https:\/\/kohenavocats.com\/wp-content\/uploads\/2026\/01\/Logo-2-1.webp","width":2114,"height":1253,"caption":"Kohen Avocats"},"image":{"@id":"https:\/\/kohenavocats.com\/zh-hans\/#\/schema\/logo\/image\/"}}]}},"jetpack_likes_enabled":false,"jetpack_sharing_enabled":true,"_links":{"self":[{"href":"https:\/\/kohenavocats.com\/zh-hans\/wp-json\/wp\/v2\/kji_decision\/566850","targetHints":{"allow":["GET"]}}],"collection":[{"href":"https:\/\/kohenavocats.com\/zh-hans\/wp-json\/wp\/v2\/kji_decision"}],"about":[{"href":"https:\/\/kohenavocats.com\/zh-hans\/wp-json\/wp\/v2\/types\/kji_decision"}],"wp:attachment":[{"href":"https:\/\/kohenavocats.com\/zh-hans\/wp-json\/wp\/v2\/media?parent=566850"}],"wp:term":[{"taxonomy":"kji_country","embeddable":true,"href":"https:\/\/kohenavocats.com\/zh-hans\/wp-json\/wp\/v2\/kji_country?post=566850"},{"taxonomy":"kji_court","embeddable":true,"href":"https:\/\/kohenavocats.com\/zh-hans\/wp-json\/wp\/v2\/kji_court?post=566850"},{"taxonomy":"kji_chamber","embeddable":true,"href":"https:\/\/kohenavocats.com\/zh-hans\/wp-json\/wp\/v2\/kji_chamber?post=566850"},{"taxonomy":"kji_year","embeddable":true,"href":"https:\/\/kohenavocats.com\/zh-hans\/wp-json\/wp\/v2\/kji_year?post=566850"},{"taxonomy":"kji_subject","embeddable":true,"href":"https:\/\/kohenavocats.com\/zh-hans\/wp-json\/wp\/v2\/kji_subject?post=566850"},{"taxonomy":"kji_keyword","embeddable":true,"href":"https:\/\/kohenavocats.com\/zh-hans\/wp-json\/wp\/v2\/kji_keyword?post=566850"},{"taxonomy":"kji_language","embeddable":true,"href":"https:\/\/kohenavocats.com\/zh-hans\/wp-json\/wp\/v2\/kji_language?post=566850"}],"curies":[{"name":"wp","href":"https:\/\/api.w.org\/{rel}","templated":true}]}}