{"id":566851,"date":"2026-04-15T09:45:28","date_gmt":"2026-04-15T07:45:28","guid":{"rendered":"https:\/\/kohenavocats.com\/jurisprudences\/ordinanza-n-261-du-05-01-2026-sezioni-unite-civile\/"},"modified":"2026-04-15T09:45:28","modified_gmt":"2026-04-15T07:45:28","slug":"ordinanza-n-261-du-05-01-2026-sezioni-unite-civile","status":"publish","type":"kji_decision","link":"https:\/\/kohenavocats.com\/zh-hans\/jurisprudences\/ordinanza-n-261-du-05-01-2026-sezioni-unite-civile\/","title":{"rendered":"Ordinanza n. 261 du 05\/01\/2026 &#8211; Sezioni Unite \/ Civile"},"content":{"rendered":"<div class=\"kji-decision\">\n<div class=\"kji-full-text\">\n<p>Oggetto<\/p>\n<p>Consumatore &#8211; Azione contrattuale &#8211; Competenza giurisdizionale ex art. 18, par. 1, Reg. UE n. 1215 del 2012 &#8211; Foro alternativo del luogo di esecuzione dell\u2019obbligazione dedotta in giudizio &#8211; Utilizzabilit\u00e0 &#8211; Questione pregiudiziale.<\/p>\n<p>Presidente: P. D\u2019Ascola<\/p>\n<p> Relatore: E. Vincenti<\/p>\n<p> L\u2019esito in sintesi<br \/>\n Le Sezioni unite civili &#8211; nell\u2019ambito di un giudizio promosso, dinanzi al giudice italiano, dagli acquirenti (residenti in Irlanda) di un pacchetto turistico, al fine di ottenere, dalla societ\u00e0 venditrice ed organizzatrice dello stesso (avente sede in Inghilterra), il risarcimento dei danni subiti nel corso di una crociera, iniziata e terminata nel medesimo porto italiano &#8211; hanno sottoposto alla Corte di giustizia dell\u2019Unione europea domanda di pronuncia pregiudiziale, ai sensi dell\u2019art. 267, par. 3, TFUE, sulla questione:<\/p>\n<p>\u00abse il consumatore &#8211; al quale l\u2019art. 18, paragrafo 1, del Reg. UE n. 1215\/2012 consente di convenire in giudizio l\u2019altra parte del contratto davanti alle autorit\u00e0 giurisdizionali dello Stato membro in cui tale parte \u00e8 domiciliata o, indipendentemente dal domicilio di tale parte, davanti alle autorit\u00e0 giurisdizionali dello Stato membro in cui \u00e8 domiciliato lo stesso consumatore &#8211; possa convenire la controparte contrattuale in un foro alternativo rispetto agli anzidetti fori e, segnatamente, nel foro speciale in materia contrattuale, ossia del luogo di esecuzione dell\u2019obbligazione dedotta in giudizio, che nel caso della prestazione di servizi, \u00e8 il luogo, situato in uno Stato membro, in cui i servizi sono stati o avrebbero dovuto essere prestati in base al contratto (art. 7, paragrafo 1, n. 1, lett. b), secondo alinea, del Reg. UE n. 1215\/2012)\u00bb.<\/p>\n<\/div>\n<hr class=\"kji-sep\" \/>\n<p class=\"kji-source-links\"><strong>Sources officielles :<\/strong> <a class=\"kji-source-link\" href=\"https:\/\/www.cortedicassazione.it\/it\/civile_dettaglio.page?contentId=SZC48361\" target=\"_blank\" rel=\"noopener noreferrer\">consulter la page source<\/a> &middot; <a class=\"kji-pdf-link\" href=\"https:\/\/www.cortedicassazione.it\/resources\/cms\/documents\/261_1_2026_civ_oscuramento_noindex.pdf\" target=\"_blank\" rel=\"noopener noreferrer\">PDF officiel<\/a><\/p>\n<p class=\"kji-license-note\"><em>Corte Suprema di Cassazione, note legali verifiees live le 2026-04-12 : reproduction avec mention de source autorisee, mais utilisation commerciale des contenus expressement interdite. Source active en metadata_only uniquement.<\/em><\/p>\n<\/div>\n","protected":false},"excerpt":{"rendered":"<p>Oggetto Consumatore &#8211; Azione contrattuale &#8211; Competenza giurisdizionale ex art. 18, par. 1, Reg. UE n. 1215 del 2012 &#8211; Foro alternativo del luogo di esecuzione dell\u2019obbligazione dedotta in giudizio &#8211; Utilizzabilit\u00e0 &#8211; Questione pregiudiziale. Presidente: P. D\u2019Ascola Relatore: E. Vincenti L\u2019esito in sintesi Le Sezioni unite civili &#8211; nell\u2019ambito di un giudizio promosso, dinanzi al giudice italiano, dagli acquirenti&#8230;<\/p>\n","protected":false},"featured_media":0,"template":"","meta":{"_crdt_document":""},"kji_country":[7681],"kji_court":[7682],"kji_chamber":[8270],"kji_year":[7610],"kji_subject":[7724],"kji_keyword":[7727,7690,7725,8272,8273],"kji_language":[7685],"class_list":["post-566851","kji_decision","type-kji_decision","status-publish","hentry","kji_country-italie","kji_court-corte-suprema-di-cassazione","kji_chamber-sezioni-unite","kji_year-7610","kji_subject-civil","kji_keyword-civile","kji_keyword-oggetto","kji_keyword-ordinanza","kji_keyword-sezioni","kji_keyword-unite","kji_language-italien"],"yoast_head":"<!-- This site is optimized with the Yoast SEO Premium plugin v27.5 (Yoast SEO v27.5) - https:\/\/yoast.com\/product\/yoast-seo-premium-wordpress\/ -->\n<title>Ordinanza n. 261 du 05\/01\/2026 - Sezioni Unite \/ Civile - Ma\u00eetre Hassan Kohen, avocat en droit p\u00e9nal \u00e0 Paris<\/title>\n<meta name=\"robots\" content=\"index, follow, max-snippet:-1, max-image-preview:large, max-video-preview:-1\" \/>\n<link rel=\"canonical\" href=\"https:\/\/kohenavocats.com\/zh-hans\/jurisprudences\/ordinanza-n-261-du-05-01-2026-sezioni-unite-civile\/\" \/>\n<meta property=\"og:locale\" content=\"zh_CN\" \/>\n<meta property=\"og:type\" content=\"article\" \/>\n<meta property=\"og:title\" content=\"Ordinanza n. 261 du 05\/01\/2026 - Sezioni Unite \/ Civile\" \/>\n<meta property=\"og:description\" content=\"Oggetto Consumatore - Azione contrattuale - Competenza giurisdizionale ex art. 18, par. 1, Reg. UE n. 1215 del 2012 - Foro alternativo del luogo di esecuzione dell\u2019obbligazione dedotta in giudizio - Utilizzabilit\u00e0 - Questione pregiudiziale. Presidente: P. D\u2019Ascola Relatore: E. Vincenti L\u2019esito in sintesi Le Sezioni unite civili - nell\u2019ambito di un giudizio promosso, dinanzi al giudice italiano, dagli acquirenti...\" \/>\n<meta property=\"og:url\" content=\"https:\/\/kohenavocats.com\/zh-hans\/jurisprudences\/ordinanza-n-261-du-05-01-2026-sezioni-unite-civile\/\" \/>\n<meta property=\"og:site_name\" content=\"Ma\u00eetre Hassan Kohen, avocat en droit p\u00e9nal \u00e0 Paris\" \/>\n<meta name=\"twitter:card\" content=\"summary_large_image\" \/>\n<meta name=\"twitter:label1\" content=\"\u9884\u8ba1\u9605\u8bfb\u65f6\u95f4\" \/>\n\t<meta name=\"twitter:data1\" content=\"1 \u5206\" \/>\n<script type=\"application\/ld+json\" class=\"yoast-schema-graph\">{\"@context\":\"https:\\\/\\\/schema.org\",\"@graph\":[{\"@type\":\"WebPage\",\"@id\":\"https:\\\/\\\/kohenavocats.com\\\/zh-hans\\\/jurisprudences\\\/ordinanza-n-261-du-05-01-2026-sezioni-unite-civile\\\/\",\"url\":\"https:\\\/\\\/kohenavocats.com\\\/zh-hans\\\/jurisprudences\\\/ordinanza-n-261-du-05-01-2026-sezioni-unite-civile\\\/\",\"name\":\"Ordinanza n. 261 du 05\\\/01\\\/2026 - Sezioni Unite \\\/ Civile - Ma\u00eetre Hassan Kohen, avocat en droit p\u00e9nal \u00e0 Paris\",\"isPartOf\":{\"@id\":\"https:\\\/\\\/kohenavocats.com\\\/zh-hans\\\/#website\"},\"datePublished\":\"2026-04-15T07:45:28+00:00\",\"breadcrumb\":{\"@id\":\"https:\\\/\\\/kohenavocats.com\\\/zh-hans\\\/jurisprudences\\\/ordinanza-n-261-du-05-01-2026-sezioni-unite-civile\\\/#breadcrumb\"},\"inLanguage\":\"zh-Hans\",\"potentialAction\":[{\"@type\":\"ReadAction\",\"target\":[\"https:\\\/\\\/kohenavocats.com\\\/zh-hans\\\/jurisprudences\\\/ordinanza-n-261-du-05-01-2026-sezioni-unite-civile\\\/\"]}]},{\"@type\":\"BreadcrumbList\",\"@id\":\"https:\\\/\\\/kohenavocats.com\\\/zh-hans\\\/jurisprudences\\\/ordinanza-n-261-du-05-01-2026-sezioni-unite-civile\\\/#breadcrumb\",\"itemListElement\":[{\"@type\":\"ListItem\",\"position\":1,\"name\":\"Home\",\"item\":\"https:\\\/\\\/kohenavocats.com\\\/zh-hans\\\/\"},{\"@type\":\"ListItem\",\"position\":2,\"name\":\"Jurisprudences\",\"item\":\"https:\\\/\\\/kohenavocats.com\\\/zh-hans\\\/jurisprudences\\\/\"},{\"@type\":\"ListItem\",\"position\":3,\"name\":\"Ordinanza n. 261 du 05\\\/01\\\/2026 &#8211; Sezioni Unite \\\/ Civile\"}]},{\"@type\":\"WebSite\",\"@id\":\"https:\\\/\\\/kohenavocats.com\\\/zh-hans\\\/#website\",\"url\":\"https:\\\/\\\/kohenavocats.com\\\/zh-hans\\\/\",\"name\":\"Kohen Avocats\",\"description\":\"Ma\u00eetre Hassan Kohen, avocat p\u00e9naliste \u00e0 Paris, intervient exclusivement en droit p\u00e9nal pour la d\u00e9fense des particuliers, notamment en mati\u00e8re d\u2019accusations de viol. Il assure un accompagnement rigoureux d\u00e8s la garde \u00e0 vue jusqu\u2019\u00e0 la Cour d\u2019assises, veillant au strict respect des garanties proc\u00e9durales.\",\"publisher\":{\"@id\":\"https:\\\/\\\/kohenavocats.com\\\/zh-hans\\\/#organization\"},\"potentialAction\":[{\"@type\":\"SearchAction\",\"target\":{\"@type\":\"EntryPoint\",\"urlTemplate\":\"https:\\\/\\\/kohenavocats.com\\\/zh-hans\\\/?s={search_term_string}\"},\"query-input\":{\"@type\":\"PropertyValueSpecification\",\"valueRequired\":true,\"valueName\":\"search_term_string\"}}],\"inLanguage\":\"zh-Hans\"},{\"@type\":\"Organization\",\"@id\":\"https:\\\/\\\/kohenavocats.com\\\/zh-hans\\\/#organization\",\"name\":\"Kohen Avocats\",\"url\":\"https:\\\/\\\/kohenavocats.com\\\/zh-hans\\\/\",\"logo\":{\"@type\":\"ImageObject\",\"inLanguage\":\"zh-Hans\",\"@id\":\"https:\\\/\\\/kohenavocats.com\\\/zh-hans\\\/#\\\/schema\\\/logo\\\/image\\\/\",\"url\":\"https:\\\/\\\/kohenavocats.com\\\/wp-content\\\/uploads\\\/2026\\\/01\\\/Logo-2-1.webp\",\"contentUrl\":\"https:\\\/\\\/kohenavocats.com\\\/wp-content\\\/uploads\\\/2026\\\/01\\\/Logo-2-1.webp\",\"width\":2114,\"height\":1253,\"caption\":\"Kohen Avocats\"},\"image\":{\"@id\":\"https:\\\/\\\/kohenavocats.com\\\/zh-hans\\\/#\\\/schema\\\/logo\\\/image\\\/\"}}]}<\/script>\n<!-- \/ Yoast SEO Premium plugin. -->","yoast_head_json":{"title":"Ordinanza n. 261 du 05\/01\/2026 - Sezioni Unite \/ Civile - Ma\u00eetre Hassan Kohen, avocat en droit p\u00e9nal \u00e0 Paris","robots":{"index":"index","follow":"follow","max-snippet":"max-snippet:-1","max-image-preview":"max-image-preview:large","max-video-preview":"max-video-preview:-1"},"canonical":"https:\/\/kohenavocats.com\/zh-hans\/jurisprudences\/ordinanza-n-261-du-05-01-2026-sezioni-unite-civile\/","og_locale":"zh_CN","og_type":"article","og_title":"Ordinanza n. 261 du 05\/01\/2026 - Sezioni Unite \/ Civile","og_description":"Oggetto Consumatore - Azione contrattuale - Competenza giurisdizionale ex art. 18, par. 1, Reg. UE n. 1215 del 2012 - Foro alternativo del luogo di esecuzione dell\u2019obbligazione dedotta in giudizio - Utilizzabilit\u00e0 - Questione pregiudiziale. Presidente: P. D\u2019Ascola Relatore: E. Vincenti L\u2019esito in sintesi Le Sezioni unite civili - nell\u2019ambito di un giudizio promosso, dinanzi al giudice italiano, dagli acquirenti...","og_url":"https:\/\/kohenavocats.com\/zh-hans\/jurisprudences\/ordinanza-n-261-du-05-01-2026-sezioni-unite-civile\/","og_site_name":"Ma\u00eetre Hassan Kohen, avocat en droit p\u00e9nal \u00e0 Paris","twitter_card":"summary_large_image","twitter_misc":{"\u9884\u8ba1\u9605\u8bfb\u65f6\u95f4":"1 \u5206"},"schema":{"@context":"https:\/\/schema.org","@graph":[{"@type":"WebPage","@id":"https:\/\/kohenavocats.com\/zh-hans\/jurisprudences\/ordinanza-n-261-du-05-01-2026-sezioni-unite-civile\/","url":"https:\/\/kohenavocats.com\/zh-hans\/jurisprudences\/ordinanza-n-261-du-05-01-2026-sezioni-unite-civile\/","name":"Ordinanza n. 261 du 05\/01\/2026 - Sezioni Unite \/ Civile - Ma\u00eetre Hassan Kohen, avocat en droit p\u00e9nal \u00e0 Paris","isPartOf":{"@id":"https:\/\/kohenavocats.com\/zh-hans\/#website"},"datePublished":"2026-04-15T07:45:28+00:00","breadcrumb":{"@id":"https:\/\/kohenavocats.com\/zh-hans\/jurisprudences\/ordinanza-n-261-du-05-01-2026-sezioni-unite-civile\/#breadcrumb"},"inLanguage":"zh-Hans","potentialAction":[{"@type":"ReadAction","target":["https:\/\/kohenavocats.com\/zh-hans\/jurisprudences\/ordinanza-n-261-du-05-01-2026-sezioni-unite-civile\/"]}]},{"@type":"BreadcrumbList","@id":"https:\/\/kohenavocats.com\/zh-hans\/jurisprudences\/ordinanza-n-261-du-05-01-2026-sezioni-unite-civile\/#breadcrumb","itemListElement":[{"@type":"ListItem","position":1,"name":"Home","item":"https:\/\/kohenavocats.com\/zh-hans\/"},{"@type":"ListItem","position":2,"name":"Jurisprudences","item":"https:\/\/kohenavocats.com\/zh-hans\/jurisprudences\/"},{"@type":"ListItem","position":3,"name":"Ordinanza n. 261 du 05\/01\/2026 &#8211; Sezioni Unite \/ Civile"}]},{"@type":"WebSite","@id":"https:\/\/kohenavocats.com\/zh-hans\/#website","url":"https:\/\/kohenavocats.com\/zh-hans\/","name":"Kohen Avocats","description":"Ma\u00eetre Hassan Kohen, avocat p\u00e9naliste \u00e0 Paris, intervient exclusivement en droit p\u00e9nal pour la d\u00e9fense des particuliers, notamment en mati\u00e8re d\u2019accusations de viol. Il assure un accompagnement rigoureux d\u00e8s la garde \u00e0 vue jusqu\u2019\u00e0 la Cour d\u2019assises, veillant au strict respect des garanties proc\u00e9durales.","publisher":{"@id":"https:\/\/kohenavocats.com\/zh-hans\/#organization"},"potentialAction":[{"@type":"SearchAction","target":{"@type":"EntryPoint","urlTemplate":"https:\/\/kohenavocats.com\/zh-hans\/?s={search_term_string}"},"query-input":{"@type":"PropertyValueSpecification","valueRequired":true,"valueName":"search_term_string"}}],"inLanguage":"zh-Hans"},{"@type":"Organization","@id":"https:\/\/kohenavocats.com\/zh-hans\/#organization","name":"Kohen Avocats","url":"https:\/\/kohenavocats.com\/zh-hans\/","logo":{"@type":"ImageObject","inLanguage":"zh-Hans","@id":"https:\/\/kohenavocats.com\/zh-hans\/#\/schema\/logo\/image\/","url":"https:\/\/kohenavocats.com\/wp-content\/uploads\/2026\/01\/Logo-2-1.webp","contentUrl":"https:\/\/kohenavocats.com\/wp-content\/uploads\/2026\/01\/Logo-2-1.webp","width":2114,"height":1253,"caption":"Kohen Avocats"},"image":{"@id":"https:\/\/kohenavocats.com\/zh-hans\/#\/schema\/logo\/image\/"}}]}},"jetpack_likes_enabled":false,"jetpack_sharing_enabled":true,"_links":{"self":[{"href":"https:\/\/kohenavocats.com\/zh-hans\/wp-json\/wp\/v2\/kji_decision\/566851","targetHints":{"allow":["GET"]}}],"collection":[{"href":"https:\/\/kohenavocats.com\/zh-hans\/wp-json\/wp\/v2\/kji_decision"}],"about":[{"href":"https:\/\/kohenavocats.com\/zh-hans\/wp-json\/wp\/v2\/types\/kji_decision"}],"wp:attachment":[{"href":"https:\/\/kohenavocats.com\/zh-hans\/wp-json\/wp\/v2\/media?parent=566851"}],"wp:term":[{"taxonomy":"kji_country","embeddable":true,"href":"https:\/\/kohenavocats.com\/zh-hans\/wp-json\/wp\/v2\/kji_country?post=566851"},{"taxonomy":"kji_court","embeddable":true,"href":"https:\/\/kohenavocats.com\/zh-hans\/wp-json\/wp\/v2\/kji_court?post=566851"},{"taxonomy":"kji_chamber","embeddable":true,"href":"https:\/\/kohenavocats.com\/zh-hans\/wp-json\/wp\/v2\/kji_chamber?post=566851"},{"taxonomy":"kji_year","embeddable":true,"href":"https:\/\/kohenavocats.com\/zh-hans\/wp-json\/wp\/v2\/kji_year?post=566851"},{"taxonomy":"kji_subject","embeddable":true,"href":"https:\/\/kohenavocats.com\/zh-hans\/wp-json\/wp\/v2\/kji_subject?post=566851"},{"taxonomy":"kji_keyword","embeddable":true,"href":"https:\/\/kohenavocats.com\/zh-hans\/wp-json\/wp\/v2\/kji_keyword?post=566851"},{"taxonomy":"kji_language","embeddable":true,"href":"https:\/\/kohenavocats.com\/zh-hans\/wp-json\/wp\/v2\/kji_language?post=566851"}],"curies":[{"name":"wp","href":"https:\/\/api.w.org\/{rel}","templated":true}]}}